{"id":15423896,"date":"2024-04-11T11:49:42","date_gmt":"2024-04-11T09:49:42","guid":{"rendered":"https:\/\/myallmeeting.com\/?page_id=15423896"},"modified":"2024-07-16T09:27:51","modified_gmt":"2024-07-16T07:27:51","slug":"carrefour-destinations","status":"publish","type":"page","link":"https:\/\/myallmeeting.com\/fr\/carrefour-destinations\/","title":{"rendered":"Votre destination"},"content":{"rendered":"<!-- START OF : Composant : block-periscope-theme-section-composant-23-slider-destinations.php -->\n<!-- possibilit\u00e9 d'avoir un fond beige ou blanc bg-beige ou bg-white -->\n<div id=\"\" class=\"slider-destinations py-4 pt-lg-6 pb-lg-12 px-lg-2 bg-beige mb-7 mb-lg-11\" data-component=\"23-slider-destinations\">\n\t<div class=\"container-fluid\">\n\t\t<div class=\"row\">\n\t\t\t<div class=\"offset-2 col-8\">\n\t\t\t\t<h2 class=\"unna fs-24 fs-lg-28 fs-xl-32 fs-xxl-36 fs-italic mb-4 mb-lg-6 text-center lh-xs ls-0\">Mer ou montagne pour votre prochain \u00e9v\u00e9nement ?<\/h2>\n\t\t\t<\/div>\n\t\t<\/div>\n\t<\/div>\n\t\t<div class=\"splide\">\n\t\t<div class=\"splide__track\">\n\t\t\t<div class=\"splide__list\">\n\t\t\t\t\t\t\t\t\t<div class=\"splide__slide\">\n\t\t\t\t\t\t<a href=\"https:\/\/myallmeeting.com\/fr\/destination\/athenes-la-capitale-grecque-qui-vous-offre-soleil-histoire-et-modernite\/\" class=\"card-destination text-decoration-none link-primary text-end lh-xs d-flex flex-column align-items-end h-100\">\n\t\t\t\t\t\t\t<span class=\"card-destination__img d-block ratio ratio-16x9 overflow-hidden\">\n\t\t\t\t\t\t\t\t<img decoding=\"async\" src=\"https:\/\/myallmeeting.com\/wp-content\/uploads\/2022\/06\/MAM-baner-1920x570-2024-12-09T140449.161.png\" alt=\"\" width=\"616\" height=\"387\" loading=\"lazy\" \/>\t\t\t\t\t\t\t\n\t\t\t\t\t\t\t<\/span>\n\t\t\t\t\t\t\t\t\t\t\t\t\t\t<span class=\"card-destination__content flex-grow-1 d-block bg-white position-relative\">\n\t\t\t\t\t\t\t\t\t\t\t\t\t\t\t\t\t\t\t\t\t\t\t\t<span class=\"d-block unna fs-17 fs-lg-23 fs-xl-30 fs-xxl-36 mb-1\">Ath\u00e8nes : la capitale grecque qui vous offre soleil, histoire et modernit\u00e9<\/span>\n\t\t\t\t\t\t\t\t\t\t\t\t\t\t\t\t\t\t\t\t\t\t\t\t<span class=\"d-block fs-10 fs-lg-11 fs-xl-12 fs-xxl-14 text-black\">Une ville pleine de tr\u00e9sors historiques et architecturaux \u00e0 d\u00e9couvrir pour votre prochain \u00e9v\u00e8nement<\/span>\n\t\t\t\t\t\t\t\t\t\t\t\t\t\t\t<\/span>\n\t\t\t\t\t\t\t\t\t\t\t\t\t\t<span class=\"btn btn-primary btn-hover-translate-right d-inline-flex justify-content-center justify-content-lg-start gap-2 gap-lg-1 z-1\">\n\t\t\t\t\t\t\t\t<span>\n\t\t\t\t\t\t\t\t\tD\u00e9couvrir\t\t\t\t\t\t\t\t<\/span>\n\t\t\t\t\t\t\t\t<svg width=\"15\" height=\"20\" aria-hidden=\"true\">\n\t\t\t\t\t\t\t\t\t<use xlink:href=\"https:\/\/myallmeeting.com\/wp-content\/themes\/accor\/assets\/images\/sprite.svg#btn-arrow-white\"><\/use>\n\t\t\t\t\t\t\t\t<\/svg>\n\t\t\t\t\t\t\t<\/span>\n\t\t\t\t\t\t<\/a>\n\t\t\t\t\t<\/div>\n\t\t\t\t\t\t\t\t\t<div class=\"splide__slide\">\n\t\t\t\t\t\t<a href=\"https:\/\/myallmeeting.com\/fr\/destination\/florence-un-musee-en-plein-air-pour-vos-evenements\/\" class=\"card-destination text-decoration-none link-primary text-end lh-xs d-flex flex-column align-items-end h-100\">\n\t\t\t\t\t\t\t<span class=\"card-destination__img d-block ratio ratio-16x9 overflow-hidden\">\n\t\t\t\t\t\t\t\t<img decoding=\"async\" src=\"https:\/\/myallmeeting.com\/wp-content\/uploads\/2022\/06\/MAM-baner-1920x570-2024-12-09T124726.219.png\" alt=\"\" width=\"616\" height=\"387\" loading=\"lazy\" \/>\t\t\t\t\t\t\t\n\t\t\t\t\t\t\t<\/span>\n\t\t\t\t\t\t\t\t\t\t\t\t\t\t<span class=\"card-destination__content flex-grow-1 d-block bg-white position-relative\">\n\t\t\t\t\t\t\t\t\t\t\t\t\t\t\t\t\t\t\t\t\t\t\t\t<span class=\"d-block unna fs-17 fs-lg-23 fs-xl-30 fs-xxl-36 mb-1\">Florence : un mus\u00e9e en plein air pour vos \u00e9v\u00e8nements<\/span>\n\t\t\t\t\t\t\t\t\t\t\t\t\t\t\t\t\t\t\t\t\t\t\t\t<span class=\"d-block fs-10 fs-lg-11 fs-xl-12 fs-xxl-14 text-black\">Venez d\u00e9couvrir, pour votre prochain \u00e9v\u00e8nement, le charme de Florence <\/span>\n\t\t\t\t\t\t\t\t\t\t\t\t\t\t\t<\/span>\n\t\t\t\t\t\t\t\t\t\t\t\t\t\t<span class=\"btn btn-primary btn-hover-translate-right d-inline-flex justify-content-center justify-content-lg-start gap-2 gap-lg-1 z-1\">\n\t\t\t\t\t\t\t\t<span>\n\t\t\t\t\t\t\t\t\tD\u00e9couvrir\t\t\t\t\t\t\t\t<\/span>\n\t\t\t\t\t\t\t\t<svg width=\"15\" height=\"20\" aria-hidden=\"true\">\n\t\t\t\t\t\t\t\t\t<use xlink:href=\"https:\/\/myallmeeting.com\/wp-content\/themes\/accor\/assets\/images\/sprite.svg#btn-arrow-white\"><\/use>\n\t\t\t\t\t\t\t\t<\/svg>\n\t\t\t\t\t\t\t<\/span>\n\t\t\t\t\t\t<\/a>\n\t\t\t\t\t<\/div>\n\t\t\t\t\t\t\t\t\t<div class=\"splide__slide\">\n\t\t\t\t\t\t<a href=\"https:\/\/myallmeeting.com\/fr\/destination\/iles-grecques-un-seminaire-au-paradis-pres-de-chez-vous\/\" class=\"card-destination text-decoration-none link-primary text-end lh-xs d-flex flex-column align-items-end h-100\">\n\t\t\t\t\t\t\t<span class=\"card-destination__img d-block ratio ratio-16x9 overflow-hidden\">\n\t\t\t\t\t\t\t\t<img decoding=\"async\" src=\"https:\/\/myallmeeting.com\/wp-content\/uploads\/2022\/06\/MAM-baner-1920x570-2024-12-09T145049.156.png\" alt=\"\" width=\"616\" height=\"387\" loading=\"lazy\" \/>\t\t\t\t\t\t\t\n\t\t\t\t\t\t\t<\/span>\n\t\t\t\t\t\t\t\t\t\t\t\t\t\t<span class=\"card-destination__content flex-grow-1 d-block bg-white position-relative\">\n\t\t\t\t\t\t\t\t\t\t\t\t\t\t\t\t\t\t\t\t\t\t\t\t<span class=\"d-block unna fs-17 fs-lg-23 fs-xl-30 fs-xxl-36 mb-1\">\u00celes grecques : un s\u00e9minaire au paradis (pr\u00e8s de chez vous !)<\/span>\n\t\t\t\t\t\t\t\t\t\t\t\t\t\t\t\t\t\t\t\t\t\t\t\t<span class=\"d-block fs-10 fs-lg-11 fs-xl-12 fs-xxl-14 text-black\">Venez d\u00e9couvrir la Gr\u00e8ce gr\u00e2ce \u00e0 nos h\u00f4tels r\u00e9partis sur ces \u00eeles idylliques<\/span>\n\t\t\t\t\t\t\t\t\t\t\t\t\t\t\t<\/span>\n\t\t\t\t\t\t\t\t\t\t\t\t\t\t<span class=\"btn btn-primary btn-hover-translate-right d-inline-flex justify-content-center justify-content-lg-start gap-2 gap-lg-1 z-1\">\n\t\t\t\t\t\t\t\t<span>\n\t\t\t\t\t\t\t\t\tD\u00e9couvrir\t\t\t\t\t\t\t\t<\/span>\n\t\t\t\t\t\t\t\t<svg width=\"15\" height=\"20\" aria-hidden=\"true\">\n\t\t\t\t\t\t\t\t\t<use xlink:href=\"https:\/\/myallmeeting.com\/wp-content\/themes\/accor\/assets\/images\/sprite.svg#btn-arrow-white\"><\/use>\n\t\t\t\t\t\t\t\t<\/svg>\n\t\t\t\t\t\t\t<\/span>\n\t\t\t\t\t\t<\/a>\n\t\t\t\t\t<\/div>\n\t\t\t\t\t\t\t\t\t\t\t\t<div class=\"splide__slide\">\n\t\t\t\t\t<a href=\"#listingexhaustifdestinations\"  target=\"_self\" class=\"card-destination text-decoration-none link-primary text-end lh-xs d-flex flex-column align-items-end h-100\">\n\t\t\t\t\t\t\t\t\t\t\t\t\t\t\t\t\t\t<span class=\"card-destination__content flex-grow-1 d-block bg-white position-relative\">\n\t\t\t\t\t\t\t<span class=\"d-block unna fs-32 fs-lg-48 me-3 me-lg-0\">Voir toutes les destinations <\/span>\n\t\t\t\t\t\t<\/span>\n\t\t\t\t\t\t\t\t\t\t\t\t\t\t\t\t\t\t<span class=\"btn btn-primary btn-hover-translate-right d-inline-flex justify-content-center justify-content-lg-start gap-2 gap-lg-1 z-1\">\n\t\t\t\t\t\t\t<span>\n\t\t\t\t\t\t\t\tD\u00e9couvrir\t\t\t\t\t\t\t<\/span>\n\t\t\t\t\t\t\t<svg width=\"15\" height=\"20\" aria-hidden=\"true\">\n\t\t\t\t\t\t\t\t<use xlink:href=\"https:\/\/myallmeeting.com\/wp-content\/themes\/accor\/assets\/images\/sprite.svg#btn-arrow-white\"><\/use>\n\t\t\t\t\t\t\t<\/svg>\n\t\t\t\t\t\t<\/span>\n\t\t\t\t\t\t\t\t\t\t\t<\/a>\n\t\t\t\t<\/div>\n\t\t\t\t\t\t\t<\/div>\n\t\t<\/div>\n\t\t<div class=\"splide__arrows d-none d-lg-block\">\n\t\t\t<button class=\"splide__arrow splide__arrow--prev px-lg-3 py-lg-4 px-xl-4 py-xl-5 px-xxl-5 py-xxl-7 position-absolute l-0 bg-white border-0\">\n\t\t\t\t<svg width=\"14\" height=\"27\" aria-hidden=\"true\">\n\t\t\t\t\t<use xlink:href=\"https:\/\/myallmeeting.com\/wp-content\/themes\/accor\/assets\/images\/sprite.svg#slider-prev-white\"><\/use>\n\t\t\t\t<\/svg>\n\t\t\t<\/button>\n\t\t\t<button class=\"splide__arrow splide__arrow--next px-lg-3 py-lg-4 px-xl-4 py-xl-5 px-xxl-5 py-xxl-7 position-absolute r-0 bg-white border-0\">\n\t\t\t\t<svg width=\"14\" height=\"27\" aria-hidden=\"true\">\n\t\t\t\t\t<use xlink:href=\"https:\/\/myallmeeting.com\/wp-content\/themes\/accor\/assets\/images\/sprite.svg#slider-prev-white\"><\/use>\n\t\t\t\t<\/svg>\n\t\t\t<\/button>\n\t\t<\/div>\n\t<\/div>\n\t<\/div>\n\n<!-- END OF : Composant : block-periscope-theme-section-composant-23-slider-destinations.php -->\n\n\n<!-- START OF : Composant : block-periscope-theme-section-composant-23-slider-destinations.php -->\n<!-- possibilit\u00e9 d'avoir un fond beige ou blanc bg-beige ou bg-white -->\n<div id=\"\" class=\"slider-destinations py-4 pt-lg-6 pb-lg-12 px-lg-2 bg-white mb-7 mb-lg-11\" data-component=\"23-slider-destinations\">\n\t<div class=\"container-fluid\">\n\t\t<div class=\"row\">\n\t\t\t<div class=\"offset-2 col-8\">\n\t\t\t\t<h2 class=\"unna fs-24 fs-lg-28 fs-xl-32 fs-xxl-36 fs-italic mb-4 mb-lg-6 text-center lh-xs ls-0\">Cap sur les grandes villes d\u2019Europe !<\/h2>\n\t\t\t<\/div>\n\t\t<\/div>\n\t<\/div>\n\t\t<div class=\"splide\">\n\t\t<div class=\"splide__track\">\n\t\t\t<div class=\"splide__list\">\n\t\t\t\t\t\t\t\t\t<div class=\"splide__slide\">\n\t\t\t\t\t\t<a href=\"https:\/\/myallmeeting.com\/fr\/destination\/lille-chaleureuse-et-surprenante-pour-un-seminaire-convivial\/\" class=\"card-destination text-decoration-none link-primary text-end lh-xs d-flex flex-column align-items-end h-100\">\n\t\t\t\t\t\t\t<span class=\"card-destination__img d-block ratio ratio-16x9 overflow-hidden\">\n\t\t\t\t\t\t\t\t<img decoding=\"async\" src=\"https:\/\/myallmeeting.com\/wp-content\/uploads\/2018\/08\/MAM-baner-1920x570-52.png\" alt=\"\" width=\"616\" height=\"387\" loading=\"lazy\" \/>\t\t\t\t\t\t\t\n\t\t\t\t\t\t\t<\/span>\n\t\t\t\t\t\t\t\t\t\t\t\t\t\t<span class=\"card-destination__content flex-grow-1 d-block bg-white position-relative\">\n\t\t\t\t\t\t\t\t\t\t\t\t\t\t\t\t\t\t\t\t\t\t\t\t<span class=\"d-block unna fs-17 fs-lg-23 fs-xl-30 fs-xxl-36 mb-1\">Lille : chaleureuse et surprenante pour un s\u00e9minaire convivial<\/span>\n\t\t\t\t\t\t\t\t\t\t\t\t\t\t\t\t\t\t\t\t\t\t\t\t<span class=\"d-block fs-10 fs-lg-11 fs-xl-12 fs-xxl-14 text-black\">Son sens de l\u2019accueil n\u2019est pas une l\u00e9gende ! Cit\u00e9 historique exceptionnelle et \u00e9clectique, la capitale des Flandres a su s\u00e9duire et se r\u00e9inventer avec un esprit d\u2019entreprise chevill\u00e9e au corps. \n<\/span>\n\t\t\t\t\t\t\t\t\t\t\t\t\t\t\t<\/span>\n\t\t\t\t\t\t\t\t\t\t\t\t\t\t<span class=\"btn btn-primary btn-hover-translate-right d-inline-flex justify-content-center justify-content-lg-start gap-2 gap-lg-1 z-1\">\n\t\t\t\t\t\t\t\t<span>\n\t\t\t\t\t\t\t\t\tD\u00e9couvrir\t\t\t\t\t\t\t\t<\/span>\n\t\t\t\t\t\t\t\t<svg width=\"15\" height=\"20\" aria-hidden=\"true\">\n\t\t\t\t\t\t\t\t\t<use xlink:href=\"https:\/\/myallmeeting.com\/wp-content\/themes\/accor\/assets\/images\/sprite.svg#btn-arrow-white\"><\/use>\n\t\t\t\t\t\t\t\t<\/svg>\n\t\t\t\t\t\t\t<\/span>\n\t\t\t\t\t\t<\/a>\n\t\t\t\t\t<\/div>\n\t\t\t\t\t\t\t\t\t<div class=\"splide__slide\">\n\t\t\t\t\t\t<a href=\"https:\/\/myallmeeting.com\/fr\/destination\/londres-ideal-pour-lorganisation-dun-seminaire-a-theme\/\" class=\"card-destination text-decoration-none link-primary text-end lh-xs d-flex flex-column align-items-end h-100\">\n\t\t\t\t\t\t\t<span class=\"card-destination__img d-block ratio ratio-16x9 overflow-hidden\">\n\t\t\t\t\t\t\t\t<img decoding=\"async\" src=\"https:\/\/myallmeeting.com\/wp-content\/uploads\/2020\/10\/MAM-baner-1920x570-46.png\" alt=\"\" width=\"616\" height=\"387\" loading=\"lazy\" \/>\t\t\t\t\t\t\t\n\t\t\t\t\t\t\t<\/span>\n\t\t\t\t\t\t\t\t\t\t\t\t\t\t<span class=\"card-destination__content flex-grow-1 d-block bg-white position-relative\">\n\t\t\t\t\t\t\t\t\t\t\t\t\t\t\t\t\t\t\t\t\t\t\t\t<span class=\"d-block unna fs-17 fs-lg-23 fs-xl-30 fs-xxl-36 mb-1\">Londres : id\u00e9al pour l&rsquo;organisation d&rsquo;un s\u00e9minaire \u00e0 th\u00e8me<\/span>\n\t\t\t\t\t\t\t\t\t\t\t\t\t\t\t\t\t\t\t\t\t\t\t\t<span class=\"d-block fs-10 fs-lg-11 fs-xl-12 fs-xxl-14 text-black\">Hyper \u00e9tendue, verte (40% d\u2019espaces verts !), cosmopolite, vivante, royale\u2026 So British ! Londres est la ville des superlatifs ! \n<\/span>\n\t\t\t\t\t\t\t\t\t\t\t\t\t\t\t<\/span>\n\t\t\t\t\t\t\t\t\t\t\t\t\t\t<span class=\"btn btn-primary btn-hover-translate-right d-inline-flex justify-content-center justify-content-lg-start gap-2 gap-lg-1 z-1\">\n\t\t\t\t\t\t\t\t<span>\n\t\t\t\t\t\t\t\t\tD\u00e9couvrir\t\t\t\t\t\t\t\t<\/span>\n\t\t\t\t\t\t\t\t<svg width=\"15\" height=\"20\" aria-hidden=\"true\">\n\t\t\t\t\t\t\t\t\t<use xlink:href=\"https:\/\/myallmeeting.com\/wp-content\/themes\/accor\/assets\/images\/sprite.svg#btn-arrow-white\"><\/use>\n\t\t\t\t\t\t\t\t<\/svg>\n\t\t\t\t\t\t\t<\/span>\n\t\t\t\t\t\t<\/a>\n\t\t\t\t\t<\/div>\n\t\t\t\t\t\t\t\t\t<div class=\"splide__slide\">\n\t\t\t\t\t\t<a href=\"https:\/\/myallmeeting.com\/fr\/destination\/lisbonne-bien-plus-quun-seminaire-au-soleil\/\" class=\"card-destination text-decoration-none link-primary text-end lh-xs d-flex flex-column align-items-end h-100\">\n\t\t\t\t\t\t\t<span class=\"card-destination__img d-block ratio ratio-16x9 overflow-hidden\">\n\t\t\t\t\t\t\t\t<img decoding=\"async\" src=\"https:\/\/myallmeeting.com\/wp-content\/uploads\/2021\/03\/MAM-baner-1920x570-9.png\" alt=\"\" width=\"616\" height=\"387\" loading=\"lazy\" \/>\t\t\t\t\t\t\t\n\t\t\t\t\t\t\t<\/span>\n\t\t\t\t\t\t\t\t\t\t\t\t\t\t<span class=\"card-destination__content flex-grow-1 d-block bg-white position-relative\">\n\t\t\t\t\t\t\t\t\t\t\t\t\t\t\t\t\t\t\t\t\t\t\t\t<span class=\"d-block unna fs-17 fs-lg-23 fs-xl-30 fs-xxl-36 mb-1\">Lisbonne : bien plus qu\u2019un s\u00e9minaire au soleil !<\/span>\n\t\t\t\t\t\t\t\t\t\t\t\t\t\t\t\t\t\t\t\t\t\t\t\t<span class=\"d-block fs-10 fs-lg-11 fs-xl-12 fs-xxl-14 text-black\">Venez d\u00e9couvrir la capitale du Portugal pour un \u00e9v\u00e8nement d\u2019entreprise au soleil<\/span>\n\t\t\t\t\t\t\t\t\t\t\t\t\t\t\t<\/span>\n\t\t\t\t\t\t\t\t\t\t\t\t\t\t<span class=\"btn btn-primary btn-hover-translate-right d-inline-flex justify-content-center justify-content-lg-start gap-2 gap-lg-1 z-1\">\n\t\t\t\t\t\t\t\t<span>\n\t\t\t\t\t\t\t\t\tD\u00e9couvrir\t\t\t\t\t\t\t\t<\/span>\n\t\t\t\t\t\t\t\t<svg width=\"15\" height=\"20\" aria-hidden=\"true\">\n\t\t\t\t\t\t\t\t\t<use xlink:href=\"https:\/\/myallmeeting.com\/wp-content\/themes\/accor\/assets\/images\/sprite.svg#btn-arrow-white\"><\/use>\n\t\t\t\t\t\t\t\t<\/svg>\n\t\t\t\t\t\t\t<\/span>\n\t\t\t\t\t\t<\/a>\n\t\t\t\t\t<\/div>\n\t\t\t\t\t\t\t\t\t\t\t\t<div class=\"splide__slide\">\n\t\t\t\t\t<a href=\"#listingexhaustifdestinations\"  target=\"_self\" class=\"card-destination text-decoration-none link-primary text-end lh-xs d-flex flex-column align-items-end h-100\">\n\t\t\t\t\t\t\t\t\t\t\t\t\t\t\t\t\t\t<span class=\"card-destination__content flex-grow-1 d-block bg-white position-relative\">\n\t\t\t\t\t\t\t<span class=\"d-block unna fs-32 fs-lg-48 me-3 me-lg-0\">Voir toutes les destinations <\/span>\n\t\t\t\t\t\t<\/span>\n\t\t\t\t\t\t\t\t\t\t\t\t\t\t\t\t\t\t<span class=\"btn btn-primary btn-hover-translate-right d-inline-flex justify-content-center justify-content-lg-start gap-2 gap-lg-1 z-1\">\n\t\t\t\t\t\t\t<span>\n\t\t\t\t\t\t\t\tD\u00e9crouvrir\t\t\t\t\t\t\t<\/span>\n\t\t\t\t\t\t\t<svg width=\"15\" height=\"20\" aria-hidden=\"true\">\n\t\t\t\t\t\t\t\t<use xlink:href=\"https:\/\/myallmeeting.com\/wp-content\/themes\/accor\/assets\/images\/sprite.svg#btn-arrow-white\"><\/use>\n\t\t\t\t\t\t\t<\/svg>\n\t\t\t\t\t\t<\/span>\n\t\t\t\t\t\t\t\t\t\t\t<\/a>\n\t\t\t\t<\/div>\n\t\t\t\t\t\t\t<\/div>\n\t\t<\/div>\n\t\t<div class=\"splide__arrows d-none d-lg-block\">\n\t\t\t<button class=\"splide__arrow splide__arrow--prev px-lg-3 py-lg-4 px-xl-4 py-xl-5 px-xxl-5 py-xxl-7 position-absolute l-0 bg-white border-0\">\n\t\t\t\t<svg width=\"14\" height=\"27\" aria-hidden=\"true\">\n\t\t\t\t\t<use xlink:href=\"https:\/\/myallmeeting.com\/wp-content\/themes\/accor\/assets\/images\/sprite.svg#slider-prev-white\"><\/use>\n\t\t\t\t<\/svg>\n\t\t\t<\/button>\n\t\t\t<button class=\"splide__arrow splide__arrow--next px-lg-3 py-lg-4 px-xl-4 py-xl-5 px-xxl-5 py-xxl-7 position-absolute r-0 bg-white border-0\">\n\t\t\t\t<svg width=\"14\" height=\"27\" aria-hidden=\"true\">\n\t\t\t\t\t<use xlink:href=\"https:\/\/myallmeeting.com\/wp-content\/themes\/accor\/assets\/images\/sprite.svg#slider-prev-white\"><\/use>\n\t\t\t\t<\/svg>\n\t\t\t<\/button>\n\t\t<\/div>\n\t<\/div>\n\t<\/div>\n\n<!-- END OF : Composant : block-periscope-theme-section-composant-23-slider-destinations.php -->\n\n\n<!-- START OF : Composant : block-periscope-theme-section-composant-23-slider-destinations.php -->\n<!-- possibilit\u00e9 d'avoir un fond beige ou blanc bg-beige ou bg-white -->\n<div id=\"\" class=\"slider-destinations py-4 pt-lg-6 pb-lg-12 px-lg-2 bg-beige mb-7 mb-lg-11\" data-component=\"23-slider-destinations\">\n\t<div class=\"container-fluid\">\n\t\t<div class=\"row\">\n\t\t\t<div class=\"offset-2 col-8\">\n\t\t\t\t<h2 class=\"unna fs-24 fs-lg-28 fs-xl-32 fs-xxl-36 fs-italic mb-4 mb-lg-6 text-center lh-xs ls-0\">Red\u00e9couvrez le charme des plus belles villes fran\u00e7aises !<\/h2>\n\t\t\t<\/div>\n\t\t<\/div>\n\t<\/div>\n\t\t<div class=\"splide\">\n\t\t<div class=\"splide__track\">\n\t\t\t<div class=\"splide__list\">\n\t\t\t\t\t\t\t\t\t<div class=\"splide__slide\">\n\t\t\t\t\t\t<a href=\"https:\/\/myallmeeting.com\/fr\/destination\/annecy-un-nouveau-souffle-pour-vos-equipes\/\" class=\"card-destination text-decoration-none link-primary text-end lh-xs d-flex flex-column align-items-end h-100\">\n\t\t\t\t\t\t\t<span class=\"card-destination__img d-block ratio ratio-16x9 overflow-hidden\">\n\t\t\t\t\t\t\t\t<img decoding=\"async\" src=\"https:\/\/myallmeeting.com\/wp-content\/uploads\/2023\/02\/MAM-baner-1920x570-2024-12-09T121849.147.png\" alt=\"\" width=\"616\" height=\"387\" loading=\"lazy\" \/>\t\t\t\t\t\t\t\n\t\t\t\t\t\t\t<\/span>\n\t\t\t\t\t\t\t\t\t\t\t\t\t\t<span class=\"card-destination__content flex-grow-1 d-block bg-white position-relative\">\n\t\t\t\t\t\t\t\t\t\t\t\t\t\t\t\t\t\t\t\t\t\t\t\t<span class=\"d-block unna fs-17 fs-lg-23 fs-xl-30 fs-xxl-36 mb-1\">Annecy : un nouveau souffle pour vos \u00e9quipes !<\/span>\n\t\t\t\t\t\t\t\t\t\t\t\t\t\t\t\t\t\t\t\t\t\t\t\t<span class=\"d-block fs-10 fs-lg-11 fs-xl-12 fs-xxl-14 text-black\">Insufflez un vent d\u2019air frais \u00e0 votre prochain \u00e9v\u00e9nement en venant d\u00e9couvrir la Venise des Alpes.<\/span>\n\t\t\t\t\t\t\t\t\t\t\t\t\t\t\t<\/span>\n\t\t\t\t\t\t\t\t\t\t\t\t\t\t<span class=\"btn btn-primary btn-hover-translate-right d-inline-flex justify-content-center justify-content-lg-start gap-2 gap-lg-1 z-1\">\n\t\t\t\t\t\t\t\t<span>\n\t\t\t\t\t\t\t\t\tD\u00e9couvrir\t\t\t\t\t\t\t\t<\/span>\n\t\t\t\t\t\t\t\t<svg width=\"15\" height=\"20\" aria-hidden=\"true\">\n\t\t\t\t\t\t\t\t\t<use xlink:href=\"https:\/\/myallmeeting.com\/wp-content\/themes\/accor\/assets\/images\/sprite.svg#btn-arrow-white\"><\/use>\n\t\t\t\t\t\t\t\t<\/svg>\n\t\t\t\t\t\t\t<\/span>\n\t\t\t\t\t\t<\/a>\n\t\t\t\t\t<\/div>\n\t\t\t\t\t\t\t\t\t<div class=\"splide__slide\">\n\t\t\t\t\t\t<a href=\"https:\/\/myallmeeting.com\/fr\/destination\/cannes-un-festival-pour-votre-prochain-seminaire\/\" class=\"card-destination text-decoration-none link-primary text-end lh-xs d-flex flex-column align-items-end h-100\">\n\t\t\t\t\t\t\t<span class=\"card-destination__img d-block ratio ratio-16x9 overflow-hidden\">\n\t\t\t\t\t\t\t\t<img decoding=\"async\" src=\"https:\/\/myallmeeting.com\/wp-content\/uploads\/2019\/04\/MAM-baner-1920x570-2024-12-13T142837.646.png\" alt=\"\" width=\"616\" height=\"387\" loading=\"lazy\" \/>\t\t\t\t\t\t\t\n\t\t\t\t\t\t\t<\/span>\n\t\t\t\t\t\t\t\t\t\t\t\t\t\t<span class=\"card-destination__content flex-grow-1 d-block bg-white position-relative\">\n\t\t\t\t\t\t\t\t\t\t\t\t\t\t\t\t\t\t\t\t\t\t\t\t<span class=\"d-block unna fs-17 fs-lg-23 fs-xl-30 fs-xxl-36 mb-1\">Cannes, un festival pour votre prochain s\u00e9minaire !<\/span>\n\t\t\t\t\t\t\t\t\t\t\t\t\t\t\t\t\t\t\t\t\t\t\t\t<span class=\"d-block fs-10 fs-lg-11 fs-xl-12 fs-xxl-14 text-black\">D\u00e9roulez le tapis rouge \u00e0 vos collaborateurs \u00e0 l&#039;occasion de votre \u00e9v\u00e8nement professionnel<\/span>\n\t\t\t\t\t\t\t\t\t\t\t\t\t\t\t<\/span>\n\t\t\t\t\t\t\t\t\t\t\t\t\t\t<span class=\"btn btn-primary btn-hover-translate-right d-inline-flex justify-content-center justify-content-lg-start gap-2 gap-lg-1 z-1\">\n\t\t\t\t\t\t\t\t<span>\n\t\t\t\t\t\t\t\t\tD\u00e9couvrir\t\t\t\t\t\t\t\t<\/span>\n\t\t\t\t\t\t\t\t<svg width=\"15\" height=\"20\" aria-hidden=\"true\">\n\t\t\t\t\t\t\t\t\t<use xlink:href=\"https:\/\/myallmeeting.com\/wp-content\/themes\/accor\/assets\/images\/sprite.svg#btn-arrow-white\"><\/use>\n\t\t\t\t\t\t\t\t<\/svg>\n\t\t\t\t\t\t\t<\/span>\n\t\t\t\t\t\t<\/a>\n\t\t\t\t\t<\/div>\n\t\t\t\t\t\t\t\t\t<div class=\"splide__slide\">\n\t\t\t\t\t\t<a href=\"https:\/\/myallmeeting.com\/fr\/destination\/grenoble-seminaire-avec-vue\/\" class=\"card-destination text-decoration-none link-primary text-end lh-xs d-flex flex-column align-items-end h-100\">\n\t\t\t\t\t\t\t<span class=\"card-destination__img d-block ratio ratio-16x9 overflow-hidden\">\n\t\t\t\t\t\t\t\t<img decoding=\"async\" src=\"https:\/\/myallmeeting.com\/wp-content\/uploads\/2020\/03\/MAM-baner-1920x570-2024-12-10T101559.874.png\" alt=\"\" width=\"616\" height=\"387\" loading=\"lazy\" \/>\t\t\t\t\t\t\t\n\t\t\t\t\t\t\t<\/span>\n\t\t\t\t\t\t\t\t\t\t\t\t\t\t<span class=\"card-destination__content flex-grow-1 d-block bg-white position-relative\">\n\t\t\t\t\t\t\t\t\t\t\t\t\t\t\t\t\t\t\t\t\t\t\t\t<span class=\"d-block unna fs-17 fs-lg-23 fs-xl-30 fs-xxl-36 mb-1\">Grenoble : s\u00e9minaire avec vue<\/span>\n\t\t\t\t\t\t\t\t\t\t\t\t\t\t\t\t\t\t\t\t\t\t\t\t<span class=\"d-block fs-10 fs-lg-11 fs-xl-12 fs-xxl-14 text-black\">Venez d\u00e9couvrir, pour votre prochain \u00e9v\u00e9nement, le patrimoine culturel riche et l\u2019histoire de Grenoble<\/span>\n\t\t\t\t\t\t\t\t\t\t\t\t\t\t\t<\/span>\n\t\t\t\t\t\t\t\t\t\t\t\t\t\t<span class=\"btn btn-primary btn-hover-translate-right d-inline-flex justify-content-center justify-content-lg-start gap-2 gap-lg-1 z-1\">\n\t\t\t\t\t\t\t\t<span>\n\t\t\t\t\t\t\t\t\tD\u00e9couvrir\t\t\t\t\t\t\t\t<\/span>\n\t\t\t\t\t\t\t\t<svg width=\"15\" height=\"20\" aria-hidden=\"true\">\n\t\t\t\t\t\t\t\t\t<use xlink:href=\"https:\/\/myallmeeting.com\/wp-content\/themes\/accor\/assets\/images\/sprite.svg#btn-arrow-white\"><\/use>\n\t\t\t\t\t\t\t\t<\/svg>\n\t\t\t\t\t\t\t<\/span>\n\t\t\t\t\t\t<\/a>\n\t\t\t\t\t<\/div>\n\t\t\t\t\t\t\t\t\t\t\t\t<div class=\"splide__slide\">\n\t\t\t\t\t<a href=\"#listingexhaustifdestinations\"  target=\"_self\" class=\"card-destination text-decoration-none link-primary text-end lh-xs d-flex flex-column align-items-end h-100\">\n\t\t\t\t\t\t\t\t\t\t\t\t\t\t\t\t\t\t<span class=\"card-destination__content flex-grow-1 d-block bg-white position-relative\">\n\t\t\t\t\t\t\t<span class=\"d-block unna fs-32 fs-lg-48 me-3 me-lg-0\">Voir toutes les destinations <\/span>\n\t\t\t\t\t\t<\/span>\n\t\t\t\t\t\t\t\t\t\t\t\t\t\t\t\t\t\t<span class=\"btn btn-primary btn-hover-translate-right d-inline-flex justify-content-center justify-content-lg-start gap-2 gap-lg-1 z-1\">\n\t\t\t\t\t\t\t<span>\n\t\t\t\t\t\t\t\tD\u00e9couvrir\t\t\t\t\t\t\t<\/span>\n\t\t\t\t\t\t\t<svg width=\"15\" height=\"20\" aria-hidden=\"true\">\n\t\t\t\t\t\t\t\t<use xlink:href=\"https:\/\/myallmeeting.com\/wp-content\/themes\/accor\/assets\/images\/sprite.svg#btn-arrow-white\"><\/use>\n\t\t\t\t\t\t\t<\/svg>\n\t\t\t\t\t\t<\/span>\n\t\t\t\t\t\t\t\t\t\t\t<\/a>\n\t\t\t\t<\/div>\n\t\t\t\t\t\t\t<\/div>\n\t\t<\/div>\n\t\t<div class=\"splide__arrows d-none d-lg-block\">\n\t\t\t<button class=\"splide__arrow splide__arrow--prev px-lg-3 py-lg-4 px-xl-4 py-xl-5 px-xxl-5 py-xxl-7 position-absolute l-0 bg-white border-0\">\n\t\t\t\t<svg width=\"14\" height=\"27\" aria-hidden=\"true\">\n\t\t\t\t\t<use xlink:href=\"https:\/\/myallmeeting.com\/wp-content\/themes\/accor\/assets\/images\/sprite.svg#slider-prev-white\"><\/use>\n\t\t\t\t<\/svg>\n\t\t\t<\/button>\n\t\t\t<button class=\"splide__arrow splide__arrow--next px-lg-3 py-lg-4 px-xl-4 py-xl-5 px-xxl-5 py-xxl-7 position-absolute r-0 bg-white border-0\">\n\t\t\t\t<svg width=\"14\" height=\"27\" aria-hidden=\"true\">\n\t\t\t\t\t<use xlink:href=\"https:\/\/myallmeeting.com\/wp-content\/themes\/accor\/assets\/images\/sprite.svg#slider-prev-white\"><\/use>\n\t\t\t\t<\/svg>\n\t\t\t<\/button>\n\t\t<\/div>\n\t<\/div>\n\t<\/div>\n\n<!-- END OF : Composant : block-periscope-theme-section-composant-23-slider-destinations.php -->\n\n\n<!-- START OF : Composant : block-periscope-theme-section-composant-39-listing-exhaustif-destinations.php -->\n<div id=\"listingexhaustifdestinations\" class=\"listing-exhaustif-destinations overflow-hidden pt-4 pb-7 pt-lg-6 pb-lg-7 px-lg-2 mb-7 mb-lg-11 position-relative\" data-component=\"39-listing-exhaustif-destinations\">\n\t<div class=\"container-fluid\">\n\t\t<div class=\"row\">\n\t\t\t<div class=\"offset-2 col-8\">\n\t\t\t\t<div class=\"unna fs-24 fs-lg-28 fs-xl-32 fs-xxl-36 mb-4 mb-lg-6 text-center lh-xs\">Toutes nos destinations<\/div>\n\t\t\t<\/div>\n\t\t<\/div>\n\t<\/div>\n\t\t<div class=\"splide visible pt-3 pt-lg-0\" style=\"--bg-height: 200px\">\n\t\t<div class=\"splide__track\">\n\t\t\t<div class=\"splide__list d-lg-flex\">\n\t\t\t\t\t\t\t\t\t<div class=\"splide__slide col-lg-4 col-xl-4 mb-lg-6\">\n\t\t\t\t\t\t<a href=\"https:\/\/myallmeeting.com\/fr\/destination\/aix-en-provence-atmosphere-detendue-pour-seminaire-convivial-garanti\/\" class=\"card-listing-exhaustif-destinations text-decoration-none link-primary text-end lh-xs d-flex flex-column align-items-end h-100\">\n\t\t\t\t\t\t\t\t\t\t\t\t\t\t<span class=\"card-listing-exhaustif-destinations__img d-block ratio ratio-16x9 overflow-hidden\">\n\t\t\t\t\t\t\t\t<img decoding=\"async\" src=\"https:\/\/myallmeeting.com\/wp-content\/uploads\/2019\/09\/MAM-baner-1920x570-43-616x387.png\" alt=\"\" width=\"616\" height=\"387\" loading=\"lazy\" \/>\t\t\t\t\t\t\t\n\t\t\t\t\t\t\t<\/span>\n\t\t\t\t\t\t\t\t\t\t\t\t\t\t\t\t\t\t\t\t\t<span class=\"card-listing-exhaustif-destinations__content flex-grow-1 d-block bg-white position-relative\">\n\t\t\t\t\t\t\t\t\t\t\t\t\t\t\t\t\t\t\t\t\t\t\t\t<span class=\"d-block unna fs-24 fs-lg-28 fs-xl-32 fs-xxl-36 mb-1\">Aix-en-Provence : atmosph\u00e8re d\u00e9tendue pour s\u00e9minaire convivial garanti<\/span>\n\t\t\t\t\t\t\t\t\t\t\t\t\t\t\t\t\t\t\t\t\t\t\t\t<span class=\"d-block fs-10 fs-lg-11 fs-xl-12 fs-xxl-14 text-black\">Laissez-vous transporter par la douceur de vivre de cette magnifique ville qui offre un climat doux toute l\u2019ann\u00e9e dans l\u2019une des plus belles r\u00e9gions de France.\n<\/span>\n\t\t\t\t\t\t\t\t\t\t\t\t\t\t\t<\/span>\n\t\t\t\t\t\t\t\t\t\t\t\t\t\t<span class=\"btn btn-primary btn-hover-translate-right d-inline-flex justify-content-center justify-content-lg-start gap-2 gap-lg-1 z-1\">\n\t\t\t\t\t\t\t\t<span>\n\t\t\t\t\t\t\t\t\tD\u00e9couvrir\t\t\t\t\t\t\t\t<\/span>\n\t\t\t\t\t\t\t\t<svg width=\"15\" height=\"20\" aria-hidden=\"true\">\n\t\t\t\t\t\t\t\t\t<use xlink:href=\"https:\/\/myallmeeting.com\/wp-content\/themes\/accor\/assets\/images\/sprite.svg#btn-arrow-white\"><\/use>\n\t\t\t\t\t\t\t\t<\/svg>\n\t\t\t\t\t\t\t<\/span>\n\t\t\t\t\t\t<\/a>\n\t\t\t\t\t<\/div>\n\t\t\t\t\t\t\t\t\t<div class=\"splide__slide col-lg-4 col-xl-4 mb-lg-6\">\n\t\t\t\t\t\t<a href=\"https:\/\/myallmeeting.com\/fr\/destination\/athenes-la-capitale-grecque-qui-vous-offre-soleil-histoire-et-modernite\/\" class=\"card-listing-exhaustif-destinations text-decoration-none link-primary text-end lh-xs d-flex flex-column align-items-end h-100\">\n\t\t\t\t\t\t\t\t\t\t\t\t\t\t<span class=\"card-listing-exhaustif-destinations__img d-block ratio ratio-16x9 overflow-hidden\">\n\t\t\t\t\t\t\t\t<img decoding=\"async\" src=\"https:\/\/myallmeeting.com\/wp-content\/uploads\/2022\/06\/MAM-baner-1920x570-2024-12-09T140449.161-616x387.png\" alt=\"\" width=\"616\" height=\"387\" loading=\"lazy\" \/>\t\t\t\t\t\t\t\n\t\t\t\t\t\t\t<\/span>\n\t\t\t\t\t\t\t\t\t\t\t\t\t\t\t\t\t\t\t\t\t<span class=\"card-listing-exhaustif-destinations__content flex-grow-1 d-block bg-white position-relative\">\n\t\t\t\t\t\t\t\t\t\t\t\t\t\t\t\t\t\t\t\t\t\t\t\t<span class=\"d-block unna fs-24 fs-lg-28 fs-xl-32 fs-xxl-36 mb-1\">Ath\u00e8nes : la capitale grecque qui vous offre soleil, histoire et modernit\u00e9<\/span>\n\t\t\t\t\t\t\t\t\t\t\t\t\t\t\t\t\t\t\t\t\t\t\t\t<span class=\"d-block fs-10 fs-lg-11 fs-xl-12 fs-xxl-14 text-black\">Une ville pleine de tr\u00e9sors historiques et architecturaux \u00e0 d\u00e9couvrir pour votre prochain \u00e9v\u00e8nement<\/span>\n\t\t\t\t\t\t\t\t\t\t\t\t\t\t\t<\/span>\n\t\t\t\t\t\t\t\t\t\t\t\t\t\t<span class=\"btn btn-primary btn-hover-translate-right d-inline-flex justify-content-center justify-content-lg-start gap-2 gap-lg-1 z-1\">\n\t\t\t\t\t\t\t\t<span>\n\t\t\t\t\t\t\t\t\tD\u00e9couvrir\t\t\t\t\t\t\t\t<\/span>\n\t\t\t\t\t\t\t\t<svg width=\"15\" height=\"20\" aria-hidden=\"true\">\n\t\t\t\t\t\t\t\t\t<use xlink:href=\"https:\/\/myallmeeting.com\/wp-content\/themes\/accor\/assets\/images\/sprite.svg#btn-arrow-white\"><\/use>\n\t\t\t\t\t\t\t\t<\/svg>\n\t\t\t\t\t\t\t<\/span>\n\t\t\t\t\t\t<\/a>\n\t\t\t\t\t<\/div>\n\t\t\t\t\t\t\t\t\t<div class=\"splide__slide col-lg-4 col-xl-4 mb-lg-6\">\n\t\t\t\t\t\t<a href=\"https:\/\/myallmeeting.com\/fr\/destination\/barcelone-un-seminaire-tonique-entre-culture-et-nature\/\" class=\"card-listing-exhaustif-destinations text-decoration-none link-primary text-end lh-xs d-flex flex-column align-items-end h-100\">\n\t\t\t\t\t\t\t\t\t\t\t\t\t\t<span class=\"card-listing-exhaustif-destinations__img d-block ratio ratio-16x9 overflow-hidden\">\n\t\t\t\t\t\t\t\t<img decoding=\"async\" src=\"https:\/\/myallmeeting.com\/wp-content\/uploads\/2020\/10\/iStock-148543868-616x387.jpg\" alt=\"\" width=\"616\" height=\"387\" loading=\"lazy\" \/>\t\t\t\t\t\t\t\n\t\t\t\t\t\t\t<\/span>\n\t\t\t\t\t\t\t\t\t\t\t\t\t\t\t\t\t\t\t\t\t<span class=\"card-listing-exhaustif-destinations__content flex-grow-1 d-block bg-white position-relative\">\n\t\t\t\t\t\t\t\t\t\t\t\t\t\t\t\t<span class=\"d-block fs-10 fs-lg-12 fw-semibold mb-2 text-uppercase\">Surtitre de test<\/span>\n\t\t\t\t\t\t\t\t\t\t\t\t\t\t\t\t\t\t\t\t\t\t\t\t<span class=\"d-block unna fs-24 fs-lg-28 fs-xl-32 fs-xxl-36 mb-1\">Barcelone : un s\u00e9minaire tonique entre culture et nature<\/span>\n\t\t\t\t\t\t\t\t\t\t\t\t\t\t\t\t\t\t\t\t\t\t\t\t<span class=\"d-block fs-10 fs-lg-11 fs-xl-12 fs-xxl-14 text-black\">D\u00e9couvrez la ville \u00ab qui ne dort jamais \u00bb, o\u00f9 vous avez l\u2019embarras du choix pour des incentives de jour comme de nuit !<\/span>\n\t\t\t\t\t\t\t\t\t\t\t\t\t\t\t<\/span>\n\t\t\t\t\t\t\t\t\t\t\t\t\t\t<span class=\"btn btn-primary btn-hover-translate-right d-inline-flex justify-content-center justify-content-lg-start gap-2 gap-lg-1 z-1\">\n\t\t\t\t\t\t\t\t<span>\n\t\t\t\t\t\t\t\t\tD\u00e9couvrir\t\t\t\t\t\t\t\t<\/span>\n\t\t\t\t\t\t\t\t<svg width=\"15\" height=\"20\" aria-hidden=\"true\">\n\t\t\t\t\t\t\t\t\t<use xlink:href=\"https:\/\/myallmeeting.com\/wp-content\/themes\/accor\/assets\/images\/sprite.svg#btn-arrow-white\"><\/use>\n\t\t\t\t\t\t\t\t<\/svg>\n\t\t\t\t\t\t\t<\/span>\n\t\t\t\t\t\t<\/a>\n\t\t\t\t\t<\/div>\n\t\t\t\t\t\t\t\t\t\t\t\t\t<div class=\"splide__slide col-lg-4 col-xl-4 mb-lg-6\">\n\t\t\t\t\t\t<a href=\"https:\/\/myallmeeting.com\/fr\/destination\/orleans-haut-lieu-de-lhistoire-de-france-pour-un-seminaire-de-qualite\/\" class=\"card-listing-exhaustif-destinations text-decoration-none link-primary text-end lh-xs d-flex flex-column align-items-end h-100\">\n\t\t\t\t\t\t\t\t\t\t\t\t\t\t<span class=\"card-listing-exhaustif-destinations__img d-block ratio ratio-16x9 overflow-hidden\">\n\t\t\t\t\t\t\t\t<img decoding=\"async\" src=\"https:\/\/myallmeeting.com\/wp-content\/uploads\/2023\/08\/Desti-orleans-2-616x387.jpg\" alt=\"Visuel Destination Orl\u00e9ans\" width=\"616\" height=\"387\" loading=\"lazy\" \/>\t\t\t\t\t\t\t\n\t\t\t\t\t\t\t<\/span>\n\t\t\t\t\t\t\t\t\t\t\t\t\t\t\t\t\t\t\t\t\t<span class=\"card-listing-exhaustif-destinations__content flex-grow-1 d-block bg-white position-relative\">\n\t\t\t\t\t\t\t\t\t\t\t\t\t\t\t\t\t\t\t\t\t\t\t\t<span class=\"d-block unna fs-24 fs-lg-28 fs-xl-32 fs-xxl-36 mb-1\">Orl\u00e9ans : haut-lieu de l\u2019Histoire de France pour un s\u00e9minaire de qualit\u00e9<\/span>\n\t\t\t\t\t\t\t\t\t\t\t\t\t\t\t\t\t\t\t\t\t\t\t\t<span class=\"d-block fs-10 fs-lg-11 fs-xl-12 fs-xxl-14 text-black\">Venez d\u00e9couvrir la ville d\u2019Orl\u00e9ans pour vos prochains \u00e9v\u00e8nements professionnels. \u00c0 une heure de Paris.<\/span>\n\t\t\t\t\t\t\t\t\t\t\t\t\t\t\t<\/span>\n\t\t\t\t\t\t\t\t\t\t\t\t\t\t<span class=\"btn btn-primary btn-hover-translate-right d-inline-flex justify-content-center justify-content-lg-start gap-2 gap-lg-1 z-1\">\n\t\t\t\t\t\t\t\t<span>\n\t\t\t\t\t\t\t\t\tD\u00e9couvrir\t\t\t\t\t\t\t\t<\/span>\n\t\t\t\t\t\t\t\t<svg width=\"15\" height=\"20\" aria-hidden=\"true\">\n\t\t\t\t\t\t\t\t\t<use xlink:href=\"https:\/\/myallmeeting.com\/wp-content\/themes\/accor\/assets\/images\/sprite.svg#btn-arrow-white\"><\/use>\n\t\t\t\t\t\t\t\t<\/svg>\n\t\t\t\t\t\t\t<\/span>\n\t\t\t\t\t\t<\/a>\n\t\t\t\t\t<\/div>\n\t\t\t\t\t\t\t\t\t\t<div class=\"splide__slide col-lg-4 col-xl-4 mb-lg-6\">\n\t\t\t\t\t\t<a href=\"https:\/\/myallmeeting.com\/fr\/destination\/annecy-un-nouveau-souffle-pour-vos-equipes\/\" class=\"card-listing-exhaustif-destinations text-decoration-none link-primary text-end lh-xs d-flex flex-column align-items-end h-100\">\n\t\t\t\t\t\t\t\t\t\t\t\t\t\t<span class=\"card-listing-exhaustif-destinations__img d-block ratio ratio-16x9 overflow-hidden\">\n\t\t\t\t\t\t\t\t<img decoding=\"async\" src=\"https:\/\/myallmeeting.com\/wp-content\/uploads\/2023\/02\/MAM-baner-1920x570-2024-12-09T121849.147-616x387.png\" alt=\"\" width=\"616\" height=\"387\" loading=\"lazy\" \/>\t\t\t\t\t\t\t\n\t\t\t\t\t\t\t<\/span>\n\t\t\t\t\t\t\t\t\t\t\t\t\t\t\t\t\t\t\t\t\t<span class=\"card-listing-exhaustif-destinations__content flex-grow-1 d-block bg-white position-relative\">\n\t\t\t\t\t\t\t\t\t\t\t\t\t\t\t\t\t\t\t\t\t\t\t\t<span class=\"d-block unna fs-24 fs-lg-28 fs-xl-32 fs-xxl-36 mb-1\">Annecy : un nouveau souffle pour vos \u00e9quipes !<\/span>\n\t\t\t\t\t\t\t\t\t\t\t\t\t\t\t\t\t\t\t\t\t\t\t\t<span class=\"d-block fs-10 fs-lg-11 fs-xl-12 fs-xxl-14 text-black\">Insufflez un vent d\u2019air frais \u00e0 votre prochain \u00e9v\u00e9nement en venant d\u00e9couvrir la Venise des Alpes.<\/span>\n\t\t\t\t\t\t\t\t\t\t\t\t\t\t\t<\/span>\n\t\t\t\t\t\t\t\t\t\t\t\t\t\t<span class=\"btn btn-primary btn-hover-translate-right d-inline-flex justify-content-center justify-content-lg-start gap-2 gap-lg-1 z-1\">\n\t\t\t\t\t\t\t\t<span>\n\t\t\t\t\t\t\t\t\tD\u00e9couvrir\t\t\t\t\t\t\t\t<\/span>\n\t\t\t\t\t\t\t\t<svg width=\"15\" height=\"20\" aria-hidden=\"true\">\n\t\t\t\t\t\t\t\t\t<use xlink:href=\"https:\/\/myallmeeting.com\/wp-content\/themes\/accor\/assets\/images\/sprite.svg#btn-arrow-white\"><\/use>\n\t\t\t\t\t\t\t\t<\/svg>\n\t\t\t\t\t\t\t<\/span>\n\t\t\t\t\t\t<\/a>\n\t\t\t\t\t<\/div>\n\t\t\t\t\t\t\t\t\t\t<div class=\"splide__slide col-lg-4 col-xl-4 mb-lg-6\">\n\t\t\t\t\t\t<a href=\"https:\/\/myallmeeting.com\/fr\/destination\/florence-un-musee-en-plein-air-pour-vos-evenements\/\" class=\"card-listing-exhaustif-destinations text-decoration-none link-primary text-end lh-xs d-flex flex-column align-items-end h-100\">\n\t\t\t\t\t\t\t\t\t\t\t\t\t\t<span class=\"card-listing-exhaustif-destinations__img d-block ratio ratio-16x9 overflow-hidden\">\n\t\t\t\t\t\t\t\t<img decoding=\"async\" src=\"https:\/\/myallmeeting.com\/wp-content\/uploads\/2022\/06\/MAM-baner-1920x570-2024-12-09T124726.219-616x387.png\" alt=\"\" width=\"616\" height=\"387\" loading=\"lazy\" \/>\t\t\t\t\t\t\t\n\t\t\t\t\t\t\t<\/span>\n\t\t\t\t\t\t\t\t\t\t\t\t\t\t\t\t\t\t\t\t\t<span class=\"card-listing-exhaustif-destinations__content flex-grow-1 d-block bg-white position-relative\">\n\t\t\t\t\t\t\t\t\t\t\t\t\t\t\t\t\t\t\t\t\t\t\t\t<span class=\"d-block unna fs-24 fs-lg-28 fs-xl-32 fs-xxl-36 mb-1\">Florence : un mus\u00e9e en plein air pour vos \u00e9v\u00e8nements<\/span>\n\t\t\t\t\t\t\t\t\t\t\t\t\t\t\t\t\t\t\t\t\t\t\t\t<span class=\"d-block fs-10 fs-lg-11 fs-xl-12 fs-xxl-14 text-black\">Venez d\u00e9couvrir, pour votre prochain \u00e9v\u00e8nement, le charme de Florence <\/span>\n\t\t\t\t\t\t\t\t\t\t\t\t\t\t\t<\/span>\n\t\t\t\t\t\t\t\t\t\t\t\t\t\t<span class=\"btn btn-primary btn-hover-translate-right d-inline-flex justify-content-center justify-content-lg-start gap-2 gap-lg-1 z-1\">\n\t\t\t\t\t\t\t\t<span>\n\t\t\t\t\t\t\t\t\tD\u00e9couvrir\t\t\t\t\t\t\t\t<\/span>\n\t\t\t\t\t\t\t\t<svg width=\"15\" height=\"20\" aria-hidden=\"true\">\n\t\t\t\t\t\t\t\t\t<use xlink:href=\"https:\/\/myallmeeting.com\/wp-content\/themes\/accor\/assets\/images\/sprite.svg#btn-arrow-white\"><\/use>\n\t\t\t\t\t\t\t\t<\/svg>\n\t\t\t\t\t\t\t<\/span>\n\t\t\t\t\t\t<\/a>\n\t\t\t\t\t<\/div>\n\t\t\t\t\t\t\t\t\t\t<div class=\"splide__slide col-lg-4 col-xl-4 mb-lg-6\">\n\t\t\t\t\t\t<a href=\"https:\/\/myallmeeting.com\/fr\/destination\/seville-la-capitale-de-landalousie-tres-en-vogue-pour-vos-evenements\/\" class=\"card-listing-exhaustif-destinations text-decoration-none link-primary text-end lh-xs d-flex flex-column align-items-end h-100\">\n\t\t\t\t\t\t\t\t\t\t\t\t\t\t<span class=\"card-listing-exhaustif-destinations__img d-block ratio ratio-16x9 overflow-hidden\">\n\t\t\t\t\t\t\t\t<img decoding=\"async\" src=\"https:\/\/myallmeeting.com\/wp-content\/uploads\/2022\/06\/MAM-baner-1920x570-53-616x387.png\" alt=\"\" width=\"616\" height=\"387\" loading=\"lazy\" \/>\t\t\t\t\t\t\t\n\t\t\t\t\t\t\t<\/span>\n\t\t\t\t\t\t\t\t\t\t\t\t\t\t\t\t\t\t\t\t\t<span class=\"card-listing-exhaustif-destinations__content flex-grow-1 d-block bg-white position-relative\">\n\t\t\t\t\t\t\t\t\t\t\t\t\t\t\t\t\t\t\t\t\t\t\t\t<span class=\"d-block unna fs-24 fs-lg-28 fs-xl-32 fs-xxl-36 mb-1\">S\u00e9ville : la capitale de l&rsquo;Andalousie tr\u00e8s en vogue pour vos \u00e9v\u00e8nements<\/span>\n\t\t\t\t\t\t\t\t\t\t\t\t\t\t\t\t\t\t\t\t\t\t\t\t<span class=\"d-block fs-10 fs-lg-11 fs-xl-12 fs-xxl-14 text-black\">Bienvenue dans la ville espagnole au parfum d&#039;orange o\u00f9 d\u00e9guster les meilleurs poissons frits sur les rives du fleuve Guadalquivir et danser le plus beau flamenco. La capitale de l&#039;Andalousie, tr\u00e8s en vogue, est \u00e9galement en plein essor pour les \u00e9v\u00e8nements et les congr\u00e8s.\n<\/span>\n\t\t\t\t\t\t\t\t\t\t\t\t\t\t\t<\/span>\n\t\t\t\t\t\t\t\t\t\t\t\t\t\t<span class=\"btn btn-primary btn-hover-translate-right d-inline-flex justify-content-center justify-content-lg-start gap-2 gap-lg-1 z-1\">\n\t\t\t\t\t\t\t\t<span>\n\t\t\t\t\t\t\t\t\tD\u00e9couvrir\t\t\t\t\t\t\t\t<\/span>\n\t\t\t\t\t\t\t\t<svg width=\"15\" height=\"20\" aria-hidden=\"true\">\n\t\t\t\t\t\t\t\t\t<use xlink:href=\"https:\/\/myallmeeting.com\/wp-content\/themes\/accor\/assets\/images\/sprite.svg#btn-arrow-white\"><\/use>\n\t\t\t\t\t\t\t\t<\/svg>\n\t\t\t\t\t\t\t<\/span>\n\t\t\t\t\t\t<\/a>\n\t\t\t\t\t<\/div>\n\t\t\t\t\t\t\t\t\t\t<div class=\"splide__slide col-lg-4 col-xl-4 mb-lg-6\">\n\t\t\t\t\t\t<a href=\"https:\/\/myallmeeting.com\/fr\/destination\/malte-un-seminaire-riche-et-ensoleille-avec-la-perle-de-la-mediterranee\/\" class=\"card-listing-exhaustif-destinations text-decoration-none link-primary text-end lh-xs d-flex flex-column align-items-end h-100\">\n\t\t\t\t\t\t\t\t\t\t\t\t\t\t<span class=\"card-listing-exhaustif-destinations__img d-block ratio ratio-16x9 overflow-hidden\">\n\t\t\t\t\t\t\t\t<img decoding=\"async\" src=\"https:\/\/myallmeeting.com\/wp-content\/uploads\/2022\/06\/MAM-baner-1920x570-2024-12-09T143025.213-616x387.png\" alt=\"\" width=\"616\" height=\"387\" loading=\"lazy\" \/>\t\t\t\t\t\t\t\n\t\t\t\t\t\t\t<\/span>\n\t\t\t\t\t\t\t\t\t\t\t\t\t\t\t\t\t\t\t\t\t<span class=\"card-listing-exhaustif-destinations__content flex-grow-1 d-block bg-white position-relative\">\n\t\t\t\t\t\t\t\t\t\t\t\t\t\t\t\t\t\t\t\t\t\t\t\t<span class=\"d-block unna fs-24 fs-lg-28 fs-xl-32 fs-xxl-36 mb-1\">Malte : un s\u00e9minaire riche et ensoleill\u00e9 avec la Perle de la M\u00e9diterran\u00e9e<\/span>\n\t\t\t\t\t\t\t\t\t\t\t\t\t\t\t\t\t\t\t\t\t\t\t\t<span class=\"d-block fs-10 fs-lg-11 fs-xl-12 fs-xxl-14 text-black\">Venez d\u00e9couvrir l\u2019ile de Malte pour un \u00e9v\u00e8nement original<\/span>\n\t\t\t\t\t\t\t\t\t\t\t\t\t\t\t<\/span>\n\t\t\t\t\t\t\t\t\t\t\t\t\t\t<span class=\"btn btn-primary btn-hover-translate-right d-inline-flex justify-content-center justify-content-lg-start gap-2 gap-lg-1 z-1\">\n\t\t\t\t\t\t\t\t<span>\n\t\t\t\t\t\t\t\t\tD\u00e9couvrir\t\t\t\t\t\t\t\t<\/span>\n\t\t\t\t\t\t\t\t<svg width=\"15\" height=\"20\" aria-hidden=\"true\">\n\t\t\t\t\t\t\t\t\t<use xlink:href=\"https:\/\/myallmeeting.com\/wp-content\/themes\/accor\/assets\/images\/sprite.svg#btn-arrow-white\"><\/use>\n\t\t\t\t\t\t\t\t<\/svg>\n\t\t\t\t\t\t\t<\/span>\n\t\t\t\t\t\t<\/a>\n\t\t\t\t\t<\/div>\n\t\t\t\t\t\t\t\t\t\t<div class=\"splide__slide col-lg-4 col-xl-4 mb-lg-6\">\n\t\t\t\t\t\t<a href=\"https:\/\/myallmeeting.com\/fr\/destination\/iles-grecques-un-seminaire-au-paradis-pres-de-chez-vous\/\" class=\"card-listing-exhaustif-destinations text-decoration-none link-primary text-end lh-xs d-flex flex-column align-items-end h-100\">\n\t\t\t\t\t\t\t\t\t\t\t\t\t\t<span class=\"card-listing-exhaustif-destinations__img d-block ratio ratio-16x9 overflow-hidden\">\n\t\t\t\t\t\t\t\t<img decoding=\"async\" src=\"https:\/\/myallmeeting.com\/wp-content\/uploads\/2022\/06\/MAM-baner-1920x570-2024-12-09T145049.156-616x387.png\" alt=\"\" width=\"616\" height=\"387\" loading=\"lazy\" \/>\t\t\t\t\t\t\t\n\t\t\t\t\t\t\t<\/span>\n\t\t\t\t\t\t\t\t\t\t\t\t\t\t\t\t\t\t\t\t\t<span class=\"card-listing-exhaustif-destinations__content flex-grow-1 d-block bg-white position-relative\">\n\t\t\t\t\t\t\t\t\t\t\t\t\t\t\t\t\t\t\t\t\t\t\t\t<span class=\"d-block unna fs-24 fs-lg-28 fs-xl-32 fs-xxl-36 mb-1\">\u00celes grecques : un s\u00e9minaire au paradis (pr\u00e8s de chez vous !)<\/span>\n\t\t\t\t\t\t\t\t\t\t\t\t\t\t\t\t\t\t\t\t\t\t\t\t<span class=\"d-block fs-10 fs-lg-11 fs-xl-12 fs-xxl-14 text-black\">Venez d\u00e9couvrir la Gr\u00e8ce gr\u00e2ce \u00e0 nos h\u00f4tels r\u00e9partis sur ces \u00eeles idylliques<\/span>\n\t\t\t\t\t\t\t\t\t\t\t\t\t\t\t<\/span>\n\t\t\t\t\t\t\t\t\t\t\t\t\t\t<span class=\"btn btn-primary btn-hover-translate-right d-inline-flex justify-content-center justify-content-lg-start gap-2 gap-lg-1 z-1\">\n\t\t\t\t\t\t\t\t<span>\n\t\t\t\t\t\t\t\t\tD\u00e9couvrir\t\t\t\t\t\t\t\t<\/span>\n\t\t\t\t\t\t\t\t<svg width=\"15\" height=\"20\" aria-hidden=\"true\">\n\t\t\t\t\t\t\t\t\t<use xlink:href=\"https:\/\/myallmeeting.com\/wp-content\/themes\/accor\/assets\/images\/sprite.svg#btn-arrow-white\"><\/use>\n\t\t\t\t\t\t\t\t<\/svg>\n\t\t\t\t\t\t\t<\/span>\n\t\t\t\t\t\t<\/a>\n\t\t\t\t\t<\/div>\n\t\t\t\t\t\t\t\t\t\t<div class=\"splide__slide col-lg-4 col-xl-4 mb-lg-6\">\n\t\t\t\t\t\t<a href=\"https:\/\/myallmeeting.com\/fr\/destination\/porto-un-seminaire-depaysant-sous-le-soleil-portugais\/\" class=\"card-listing-exhaustif-destinations text-decoration-none link-primary text-end lh-xs d-flex flex-column align-items-end h-100\">\n\t\t\t\t\t\t\t\t\t\t\t\t\t\t<span class=\"card-listing-exhaustif-destinations__img d-block ratio ratio-16x9 overflow-hidden\">\n\t\t\t\t\t\t\t\t<img decoding=\"async\" src=\"https:\/\/myallmeeting.com\/wp-content\/uploads\/2022\/06\/MAM-baner-1920x570-50-616x387.png\" alt=\"\" width=\"616\" height=\"387\" loading=\"lazy\" \/>\t\t\t\t\t\t\t\n\t\t\t\t\t\t\t<\/span>\n\t\t\t\t\t\t\t\t\t\t\t\t\t\t\t\t\t\t\t\t\t<span class=\"card-listing-exhaustif-destinations__content flex-grow-1 d-block bg-white position-relative\">\n\t\t\t\t\t\t\t\t\t\t\t\t\t\t\t\t\t\t\t\t\t\t\t\t<span class=\"d-block unna fs-24 fs-lg-28 fs-xl-32 fs-xxl-36 mb-1\">Porto : un s\u00e9minaire d\u00e9paysant sous le soleil portugais<\/span>\n\t\t\t\t\t\t\t\t\t\t\t\t\t\t\t\t\t\t\t\t\t\t\t\t<span class=\"d-block fs-10 fs-lg-11 fs-xl-12 fs-xxl-14 text-black\">Bienvenue dans la ville des ponts, des \u00e9glises, des tuiles, des p\u00e2tisseries et des bars \u00e0 vin. Celle que l&#039;on surnomme \u00ab la capitale du nord \u00bb du Portugal vous offre un vaste \u00e9ventail d&#039;options pour organiser tous types d&#039;\u00e9v\u00e8nements sans oublier ses c\u00e9l\u00e8bres vins de Porto ! \n<\/span>\n\t\t\t\t\t\t\t\t\t\t\t\t\t\t\t<\/span>\n\t\t\t\t\t\t\t\t\t\t\t\t\t\t<span class=\"btn btn-primary btn-hover-translate-right d-inline-flex justify-content-center justify-content-lg-start gap-2 gap-lg-1 z-1\">\n\t\t\t\t\t\t\t\t<span>\n\t\t\t\t\t\t\t\t\tD\u00e9couvrir\t\t\t\t\t\t\t\t<\/span>\n\t\t\t\t\t\t\t\t<svg width=\"15\" height=\"20\" aria-hidden=\"true\">\n\t\t\t\t\t\t\t\t\t<use xlink:href=\"https:\/\/myallmeeting.com\/wp-content\/themes\/accor\/assets\/images\/sprite.svg#btn-arrow-white\"><\/use>\n\t\t\t\t\t\t\t\t<\/svg>\n\t\t\t\t\t\t\t<\/span>\n\t\t\t\t\t\t<\/a>\n\t\t\t\t\t<\/div>\n\t\t\t\t\t\t\t\t\t\t<div class=\"splide__slide col-lg-4 col-xl-4 mb-lg-6\">\n\t\t\t\t\t\t<a href=\"https:\/\/myallmeeting.com\/fr\/destination\/la-montagne-oxygenez-vos-evenements-professionnels-en-montagne\/\" class=\"card-listing-exhaustif-destinations text-decoration-none link-primary text-end lh-xs d-flex flex-column align-items-end h-100\">\n\t\t\t\t\t\t\t\t\t\t\t\t\t\t<span class=\"card-listing-exhaustif-destinations__img d-block ratio ratio-16x9 overflow-hidden\">\n\t\t\t\t\t\t\t\t<img decoding=\"async\" src=\"https:\/\/myallmeeting.com\/wp-content\/uploads\/2022\/05\/MAM-baner-1920x570-58-616x387.png\" alt=\"\" width=\"616\" height=\"387\" loading=\"lazy\" \/>\t\t\t\t\t\t\t\n\t\t\t\t\t\t\t<\/span>\n\t\t\t\t\t\t\t\t\t\t\t\t\t\t\t\t\t\t\t\t\t<span class=\"card-listing-exhaustif-destinations__content flex-grow-1 d-block bg-white position-relative\">\n\t\t\t\t\t\t\t\t\t\t\t\t\t\t\t\t\t\t\t\t\t\t\t\t<span class=\"d-block unna fs-24 fs-lg-28 fs-xl-32 fs-xxl-36 mb-1\">La Montagne : Oxyg\u00e9nez vos \u00e9v\u00e8nements professionnels en montagne<\/span>\n\t\t\t\t\t\t\t\t\t\t\t\t\t\t\t\t\t\t\t\t\t\t\t\t<span class=\"d-block fs-10 fs-lg-11 fs-xl-12 fs-xxl-14 text-black\">Et si vous partiez au grand air pour votre prochain \u00e9v\u00e8nement en choisissant un h\u00f4tel \u00e0 la montagne ? Accor vous propose quelques-unes de ses meilleures destinations pour un bon bol d\u2019air frais.<\/span>\n\t\t\t\t\t\t\t\t\t\t\t\t\t\t\t<\/span>\n\t\t\t\t\t\t\t\t\t\t\t\t\t\t<span class=\"btn btn-primary btn-hover-translate-right d-inline-flex justify-content-center justify-content-lg-start gap-2 gap-lg-1 z-1\">\n\t\t\t\t\t\t\t\t<span>\n\t\t\t\t\t\t\t\t\tD\u00e9couvrir\t\t\t\t\t\t\t\t<\/span>\n\t\t\t\t\t\t\t\t<svg width=\"15\" height=\"20\" aria-hidden=\"true\">\n\t\t\t\t\t\t\t\t\t<use xlink:href=\"https:\/\/myallmeeting.com\/wp-content\/themes\/accor\/assets\/images\/sprite.svg#btn-arrow-white\"><\/use>\n\t\t\t\t\t\t\t\t<\/svg>\n\t\t\t\t\t\t\t<\/span>\n\t\t\t\t\t\t<\/a>\n\t\t\t\t\t<\/div>\n\t\t\t\t\t\t\t\t\t\t<div class=\"splide__slide col-lg-4 col-xl-4 mb-lg-6\">\n\t\t\t\t\t\t<a href=\"https:\/\/myallmeeting.com\/fr\/destination\/milan-un-seminaire-elegant-dans-la-capitale-de-la-mode\/\" class=\"card-listing-exhaustif-destinations text-decoration-none link-primary text-end lh-xs d-flex flex-column align-items-end h-100\">\n\t\t\t\t\t\t\t\t\t\t\t\t\t\t<span class=\"card-listing-exhaustif-destinations__img d-block ratio ratio-16x9 overflow-hidden\">\n\t\t\t\t\t\t\t\t<img decoding=\"async\" src=\"https:\/\/myallmeeting.com\/wp-content\/uploads\/2022\/02\/MAM-baner-1920x570-49-616x387.png\" alt=\"\" width=\"616\" height=\"387\" loading=\"lazy\" \/>\t\t\t\t\t\t\t\n\t\t\t\t\t\t\t<\/span>\n\t\t\t\t\t\t\t\t\t\t\t\t\t\t\t\t\t\t\t\t\t<span class=\"card-listing-exhaustif-destinations__content flex-grow-1 d-block bg-white position-relative\">\n\t\t\t\t\t\t\t\t\t\t\t\t\t\t\t\t\t\t\t\t\t\t\t\t<span class=\"d-block unna fs-24 fs-lg-28 fs-xl-32 fs-xxl-36 mb-1\">Milan : un s\u00e9minaire \u00e9l\u00e9gant dans la capitale de la mode<\/span>\n\t\t\t\t\t\t\t\t\t\t\t\t\t\t\t\t\t\t\t\t\t\t\t\t<span class=\"d-block fs-10 fs-lg-11 fs-xl-12 fs-xxl-14 text-black\">Capitale de la mode, centre \u00e9conomique et p\u00f4le touristique majeur, Milan a mille et une facettes que nous vous invitons \u00e0 d\u00e9couvrir lors de votre prochain s\u00e9minaire.\n<\/span>\n\t\t\t\t\t\t\t\t\t\t\t\t\t\t\t<\/span>\n\t\t\t\t\t\t\t\t\t\t\t\t\t\t<span class=\"btn btn-primary btn-hover-translate-right d-inline-flex justify-content-center justify-content-lg-start gap-2 gap-lg-1 z-1\">\n\t\t\t\t\t\t\t\t<span>\n\t\t\t\t\t\t\t\t\tD\u00e9couvrir\t\t\t\t\t\t\t\t<\/span>\n\t\t\t\t\t\t\t\t<svg width=\"15\" height=\"20\" aria-hidden=\"true\">\n\t\t\t\t\t\t\t\t\t<use xlink:href=\"https:\/\/myallmeeting.com\/wp-content\/themes\/accor\/assets\/images\/sprite.svg#btn-arrow-white\"><\/use>\n\t\t\t\t\t\t\t\t<\/svg>\n\t\t\t\t\t\t\t<\/span>\n\t\t\t\t\t\t<\/a>\n\t\t\t\t\t<\/div>\n\t\t\t\t\t\t\t\t\t\t<div class=\"splide__slide col-lg-4 col-xl-4 mb-lg-6\">\n\t\t\t\t\t\t<a href=\"https:\/\/myallmeeting.com\/fr\/destination\/madrid-pour-un-evenement-en-capitale\/\" class=\"card-listing-exhaustif-destinations text-decoration-none link-primary text-end lh-xs d-flex flex-column align-items-end h-100\">\n\t\t\t\t\t\t\t\t\t\t\t\t\t\t<span class=\"card-listing-exhaustif-destinations__img d-block ratio ratio-16x9 overflow-hidden\">\n\t\t\t\t\t\t\t\t<img decoding=\"async\" src=\"https:\/\/myallmeeting.com\/wp-content\/uploads\/2022\/02\/MAM-baner-1920x570-48-616x387.png\" alt=\"\" width=\"616\" height=\"387\" loading=\"lazy\" \/>\t\t\t\t\t\t\t\n\t\t\t\t\t\t\t<\/span>\n\t\t\t\t\t\t\t\t\t\t\t\t\t\t\t\t\t\t\t\t\t<span class=\"card-listing-exhaustif-destinations__content flex-grow-1 d-block bg-white position-relative\">\n\t\t\t\t\t\t\t\t\t\t\t\t\t\t\t\t\t\t\t\t\t\t\t\t<span class=\"d-block unna fs-24 fs-lg-28 fs-xl-32 fs-xxl-36 mb-1\">Madrid : Pour un \u00e9v\u00e8nement en capitale<\/span>\n\t\t\t\t\t\t\t\t\t\t\t\t\t\t\t\t\t\t\t\t\t\t\t\t<span class=\"d-block fs-10 fs-lg-11 fs-xl-12 fs-xxl-14 text-black\">Bienvenido a Madrid ! Patrimoine culturel, loisirs de jour comme de nuit\u2026 la 1\u00e8re ville d\u2019Espagne voit la vie en grand et vous accueille pour un s\u00e9minaire inspirant. Au programme : authenticit\u00e9 et convivialit\u00e9 !\n<\/span>\n\t\t\t\t\t\t\t\t\t\t\t\t\t\t\t<\/span>\n\t\t\t\t\t\t\t\t\t\t\t\t\t\t<span class=\"btn btn-primary btn-hover-translate-right d-inline-flex justify-content-center justify-content-lg-start gap-2 gap-lg-1 z-1\">\n\t\t\t\t\t\t\t\t<span>\n\t\t\t\t\t\t\t\t\tD\u00e9couvrir\t\t\t\t\t\t\t\t<\/span>\n\t\t\t\t\t\t\t\t<svg width=\"15\" height=\"20\" aria-hidden=\"true\">\n\t\t\t\t\t\t\t\t\t<use xlink:href=\"https:\/\/myallmeeting.com\/wp-content\/themes\/accor\/assets\/images\/sprite.svg#btn-arrow-white\"><\/use>\n\t\t\t\t\t\t\t\t<\/svg>\n\t\t\t\t\t\t\t<\/span>\n\t\t\t\t\t\t<\/a>\n\t\t\t\t\t<\/div>\n\t\t\t\t\t\t\t\t\t\t<div class=\"splide__slide col-lg-4 col-xl-4 mb-lg-6\">\n\t\t\t\t\t\t<a href=\"https:\/\/myallmeeting.com\/fr\/destination\/rome-seminaire-inoubliable-dans-la-ville-eternelle\/\" class=\"card-listing-exhaustif-destinations text-decoration-none link-primary text-end lh-xs d-flex flex-column align-items-end h-100\">\n\t\t\t\t\t\t\t\t\t\t\t\t\t\t<span class=\"card-listing-exhaustif-destinations__img d-block ratio ratio-16x9 overflow-hidden\">\n\t\t\t\t\t\t\t\t<img decoding=\"async\" src=\"https:\/\/myallmeeting.com\/wp-content\/uploads\/2022\/01\/MAM-baner-1920x570-2024-12-10T142447.170-616x387.png\" alt=\"\" width=\"616\" height=\"387\" loading=\"lazy\" \/>\t\t\t\t\t\t\t\n\t\t\t\t\t\t\t<\/span>\n\t\t\t\t\t\t\t\t\t\t\t\t\t\t\t\t\t\t\t\t\t<span class=\"card-listing-exhaustif-destinations__content flex-grow-1 d-block bg-white position-relative\">\n\t\t\t\t\t\t\t\t\t\t\t\t\t\t\t\t\t\t\t\t\t\t\t\t<span class=\"d-block unna fs-24 fs-lg-28 fs-xl-32 fs-xxl-36 mb-1\">Rome : S\u00e9minaire inoubliable dans la ville \u00e9ternelle<\/span>\n\t\t\t\t\t\t\t\t\t\t\t\t\t\t\t\t\t\t\t\t\t\t\t\t<span class=\"d-block fs-10 fs-lg-11 fs-xl-12 fs-xxl-14 text-black\">Venez d\u00e9couvrir Rome, mus\u00e9e \u00e0 ciel ouvert avec ses vestiges du monde antique pour votre prochain \u00e9v\u00e8nement<\/span>\n\t\t\t\t\t\t\t\t\t\t\t\t\t\t\t<\/span>\n\t\t\t\t\t\t\t\t\t\t\t\t\t\t<span class=\"btn btn-primary btn-hover-translate-right d-inline-flex justify-content-center justify-content-lg-start gap-2 gap-lg-1 z-1\">\n\t\t\t\t\t\t\t\t<span>\n\t\t\t\t\t\t\t\t\tD\u00e9couvrir\t\t\t\t\t\t\t\t<\/span>\n\t\t\t\t\t\t\t\t<svg width=\"15\" height=\"20\" aria-hidden=\"true\">\n\t\t\t\t\t\t\t\t\t<use xlink:href=\"https:\/\/myallmeeting.com\/wp-content\/themes\/accor\/assets\/images\/sprite.svg#btn-arrow-white\"><\/use>\n\t\t\t\t\t\t\t\t<\/svg>\n\t\t\t\t\t\t\t<\/span>\n\t\t\t\t\t\t<\/a>\n\t\t\t\t\t<\/div>\n\t\t\t\t\t\t\t\t\t\t<div class=\"splide__slide col-lg-4 col-xl-4 mb-lg-6\">\n\t\t\t\t\t\t<a href=\"https:\/\/myallmeeting.com\/fr\/destination\/rouen-le-must-pour-un-seminaire-culturel\/\" class=\"card-listing-exhaustif-destinations text-decoration-none link-primary text-end lh-xs d-flex flex-column align-items-end h-100\">\n\t\t\t\t\t\t\t\t\t\t\t\t\t\t<span class=\"card-listing-exhaustif-destinations__img d-block ratio ratio-16x9 overflow-hidden\">\n\t\t\t\t\t\t\t\t<img decoding=\"async\" src=\"https:\/\/myallmeeting.com\/wp-content\/uploads\/2021\/11\/MAM-baner-1920x570-2024-12-13T125411.906-616x387.png\" alt=\"\" width=\"616\" height=\"387\" loading=\"lazy\" \/>\t\t\t\t\t\t\t\n\t\t\t\t\t\t\t<\/span>\n\t\t\t\t\t\t\t\t\t\t\t\t\t\t\t\t\t\t\t\t\t<span class=\"card-listing-exhaustif-destinations__content flex-grow-1 d-block bg-white position-relative\">\n\t\t\t\t\t\t\t\t\t\t\t\t\t\t\t\t\t\t\t\t\t\t\t\t<span class=\"d-block unna fs-24 fs-lg-28 fs-xl-32 fs-xxl-36 mb-1\">Rouen : le must pour un s\u00e9minaire culturel !<\/span>\n\t\t\t\t\t\t\t\t\t\t\t\t\t\t\t\t\t\t\t\t\t\t\t\t<span class=\"d-block fs-10 fs-lg-11 fs-xl-12 fs-xxl-14 text-black\">D\u00e9couvrez Rouen, capitale historique de la Normandie pour votre prochain \u00e9v\u00e8nement<\/span>\n\t\t\t\t\t\t\t\t\t\t\t\t\t\t\t<\/span>\n\t\t\t\t\t\t\t\t\t\t\t\t\t\t<span class=\"btn btn-primary btn-hover-translate-right d-inline-flex justify-content-center justify-content-lg-start gap-2 gap-lg-1 z-1\">\n\t\t\t\t\t\t\t\t<span>\n\t\t\t\t\t\t\t\t\tD\u00e9couvrir\t\t\t\t\t\t\t\t<\/span>\n\t\t\t\t\t\t\t\t<svg width=\"15\" height=\"20\" aria-hidden=\"true\">\n\t\t\t\t\t\t\t\t\t<use xlink:href=\"https:\/\/myallmeeting.com\/wp-content\/themes\/accor\/assets\/images\/sprite.svg#btn-arrow-white\"><\/use>\n\t\t\t\t\t\t\t\t<\/svg>\n\t\t\t\t\t\t\t<\/span>\n\t\t\t\t\t\t<\/a>\n\t\t\t\t\t<\/div>\n\t\t\t\t\t\t\t\t\t\t<div class=\"splide__slide col-lg-4 col-xl-4 mb-lg-6\">\n\t\t\t\t\t\t<a href=\"https:\/\/myallmeeting.com\/fr\/destination\/monaco-un-seminaire-solaire\/\" class=\"card-listing-exhaustif-destinations text-decoration-none link-primary text-end lh-xs d-flex flex-column align-items-end h-100\">\n\t\t\t\t\t\t\t\t\t\t\t\t\t\t<span class=\"card-listing-exhaustif-destinations__img d-block ratio ratio-16x9 overflow-hidden\">\n\t\t\t\t\t\t\t\t<img decoding=\"async\" src=\"https:\/\/myallmeeting.com\/wp-content\/uploads\/2021\/09\/MAM-baner-1920x570-2024-12-09T150810.146-616x387.png\" alt=\"\" width=\"616\" height=\"387\" loading=\"lazy\" \/>\t\t\t\t\t\t\t\n\t\t\t\t\t\t\t<\/span>\n\t\t\t\t\t\t\t\t\t\t\t\t\t\t\t\t\t\t\t\t\t<span class=\"card-listing-exhaustif-destinations__content flex-grow-1 d-block bg-white position-relative\">\n\t\t\t\t\t\t\t\t\t\t\t\t\t\t\t\t\t\t\t\t\t\t\t\t<span class=\"d-block unna fs-24 fs-lg-28 fs-xl-32 fs-xxl-36 mb-1\">Monaco : un s\u00e9minaire solaire !<\/span>\n\t\t\t\t\t\t\t\t\t\t\t\t\t\t\t\t\t\t\t\t\t\t\t\t<span class=\"d-block fs-10 fs-lg-11 fs-xl-12 fs-xxl-14 text-black\">Venez d\u00e9couvrir la principaut\u00e9 mon\u00e9gasque pour votre prochain \u00e9v\u00e8nement professionnel. <\/span>\n\t\t\t\t\t\t\t\t\t\t\t\t\t\t\t<\/span>\n\t\t\t\t\t\t\t\t\t\t\t\t\t\t<span class=\"btn btn-primary btn-hover-translate-right d-inline-flex justify-content-center justify-content-lg-start gap-2 gap-lg-1 z-1\">\n\t\t\t\t\t\t\t\t<span>\n\t\t\t\t\t\t\t\t\tD\u00e9couvrir\t\t\t\t\t\t\t\t<\/span>\n\t\t\t\t\t\t\t\t<svg width=\"15\" height=\"20\" aria-hidden=\"true\">\n\t\t\t\t\t\t\t\t\t<use xlink:href=\"https:\/\/myallmeeting.com\/wp-content\/themes\/accor\/assets\/images\/sprite.svg#btn-arrow-white\"><\/use>\n\t\t\t\t\t\t\t\t<\/svg>\n\t\t\t\t\t\t\t<\/span>\n\t\t\t\t\t\t<\/a>\n\t\t\t\t\t<\/div>\n\t\t\t\t\t\t\t\t\t\t<div class=\"splide__slide col-lg-4 col-xl-4 mb-lg-6\">\n\t\t\t\t\t\t<a href=\"https:\/\/myallmeeting.com\/fr\/destination\/lisbonne-bien-plus-quun-seminaire-au-soleil\/\" class=\"card-listing-exhaustif-destinations text-decoration-none link-primary text-end lh-xs d-flex flex-column align-items-end h-100\">\n\t\t\t\t\t\t\t\t\t\t\t\t\t\t<span class=\"card-listing-exhaustif-destinations__img d-block ratio ratio-16x9 overflow-hidden\">\n\t\t\t\t\t\t\t\t<img decoding=\"async\" src=\"https:\/\/myallmeeting.com\/wp-content\/uploads\/2021\/03\/MAM-baner-1920x570-9-616x387.png\" alt=\"\" width=\"616\" height=\"387\" loading=\"lazy\" \/>\t\t\t\t\t\t\t\n\t\t\t\t\t\t\t<\/span>\n\t\t\t\t\t\t\t\t\t\t\t\t\t\t\t\t\t\t\t\t\t<span class=\"card-listing-exhaustif-destinations__content flex-grow-1 d-block bg-white position-relative\">\n\t\t\t\t\t\t\t\t\t\t\t\t\t\t\t\t\t\t\t\t\t\t\t\t<span class=\"d-block unna fs-24 fs-lg-28 fs-xl-32 fs-xxl-36 mb-1\">Lisbonne : bien plus qu\u2019un s\u00e9minaire au soleil !<\/span>\n\t\t\t\t\t\t\t\t\t\t\t\t\t\t\t\t\t\t\t\t\t\t\t\t<span class=\"d-block fs-10 fs-lg-11 fs-xl-12 fs-xxl-14 text-black\">Venez d\u00e9couvrir la capitale du Portugal pour un \u00e9v\u00e8nement d\u2019entreprise au soleil<\/span>\n\t\t\t\t\t\t\t\t\t\t\t\t\t\t\t<\/span>\n\t\t\t\t\t\t\t\t\t\t\t\t\t\t<span class=\"btn btn-primary btn-hover-translate-right d-inline-flex justify-content-center justify-content-lg-start gap-2 gap-lg-1 z-1\">\n\t\t\t\t\t\t\t\t<span>\n\t\t\t\t\t\t\t\t\tD\u00e9couvrir\t\t\t\t\t\t\t\t<\/span>\n\t\t\t\t\t\t\t\t<svg width=\"15\" height=\"20\" aria-hidden=\"true\">\n\t\t\t\t\t\t\t\t\t<use xlink:href=\"https:\/\/myallmeeting.com\/wp-content\/themes\/accor\/assets\/images\/sprite.svg#btn-arrow-white\"><\/use>\n\t\t\t\t\t\t\t\t<\/svg>\n\t\t\t\t\t\t\t<\/span>\n\t\t\t\t\t\t<\/a>\n\t\t\t\t\t<\/div>\n\t\t\t\t\t\t\t\t\t\t<div class=\"splide__slide col-lg-4 col-xl-4 mb-lg-6\">\n\t\t\t\t\t\t<a href=\"https:\/\/myallmeeting.com\/fr\/destination\/berlin-leclectisme-au-coeur-de-votre-seminaire\/\" class=\"card-listing-exhaustif-destinations text-decoration-none link-primary text-end lh-xs d-flex flex-column align-items-end h-100\">\n\t\t\t\t\t\t\t\t\t\t\t\t\t\t<span class=\"card-listing-exhaustif-destinations__img d-block ratio ratio-16x9 overflow-hidden\">\n\t\t\t\t\t\t\t\t<img decoding=\"async\" src=\"https:\/\/myallmeeting.com\/wp-content\/uploads\/2020\/10\/MAM-baner-1920x570-45-616x387.png\" alt=\"\" width=\"616\" height=\"387\" loading=\"lazy\" \/>\t\t\t\t\t\t\t\n\t\t\t\t\t\t\t<\/span>\n\t\t\t\t\t\t\t\t\t\t\t\t\t\t\t\t\t\t\t\t\t<span class=\"card-listing-exhaustif-destinations__content flex-grow-1 d-block bg-white position-relative\">\n\t\t\t\t\t\t\t\t\t\t\t\t\t\t\t\t\t\t\t\t\t\t\t\t<span class=\"d-block unna fs-24 fs-lg-28 fs-xl-32 fs-xxl-36 mb-1\">Berlin : l&rsquo;\u00e9clectisme au coeur de votre s\u00e9minaire<\/span>\n\t\t\t\t\t\t\t\t\t\t\t\t\t\t\t\t\t\t\t\t\t\t\t\t<span class=\"d-block fs-10 fs-lg-11 fs-xl-12 fs-xxl-14 text-black\">S\u2019il est une ville o\u00f9 l\u2019on peut r\u00e9unir des collaborateurs aux \u00e2ges vari\u00e9s, c\u2019est bien Berlin !  Son ambiance ravira autant les passionn\u00e9s d\u2019histoire que les amateurs de bars et d\u2019atmosph\u00e8re branch\u00e9e.\n<\/span>\n\t\t\t\t\t\t\t\t\t\t\t\t\t\t\t<\/span>\n\t\t\t\t\t\t\t\t\t\t\t\t\t\t<span class=\"btn btn-primary btn-hover-translate-right d-inline-flex justify-content-center justify-content-lg-start gap-2 gap-lg-1 z-1\">\n\t\t\t\t\t\t\t\t<span>\n\t\t\t\t\t\t\t\t\tD\u00e9couvrir\t\t\t\t\t\t\t\t<\/span>\n\t\t\t\t\t\t\t\t<svg width=\"15\" height=\"20\" aria-hidden=\"true\">\n\t\t\t\t\t\t\t\t\t<use xlink:href=\"https:\/\/myallmeeting.com\/wp-content\/themes\/accor\/assets\/images\/sprite.svg#btn-arrow-white\"><\/use>\n\t\t\t\t\t\t\t\t<\/svg>\n\t\t\t\t\t\t\t<\/span>\n\t\t\t\t\t\t<\/a>\n\t\t\t\t\t<\/div>\n\t\t\t\t\t\t\t\t\t\t<div class=\"splide__slide col-lg-4 col-xl-4 mb-lg-6\">\n\t\t\t\t\t\t<a href=\"https:\/\/myallmeeting.com\/fr\/destination\/londres-ideal-pour-lorganisation-dun-seminaire-a-theme\/\" class=\"card-listing-exhaustif-destinations text-decoration-none link-primary text-end lh-xs d-flex flex-column align-items-end h-100\">\n\t\t\t\t\t\t\t\t\t\t\t\t\t\t<span class=\"card-listing-exhaustif-destinations__img d-block ratio ratio-16x9 overflow-hidden\">\n\t\t\t\t\t\t\t\t<img decoding=\"async\" src=\"https:\/\/myallmeeting.com\/wp-content\/uploads\/2020\/10\/MAM-baner-1920x570-46-616x387.png\" alt=\"\" width=\"616\" height=\"387\" loading=\"lazy\" \/>\t\t\t\t\t\t\t\n\t\t\t\t\t\t\t<\/span>\n\t\t\t\t\t\t\t\t\t\t\t\t\t\t\t\t\t\t\t\t\t<span class=\"card-listing-exhaustif-destinations__content flex-grow-1 d-block bg-white position-relative\">\n\t\t\t\t\t\t\t\t\t\t\t\t\t\t\t\t\t\t\t\t\t\t\t\t<span class=\"d-block unna fs-24 fs-lg-28 fs-xl-32 fs-xxl-36 mb-1\">Londres : id\u00e9al pour l&rsquo;organisation d&rsquo;un s\u00e9minaire \u00e0 th\u00e8me<\/span>\n\t\t\t\t\t\t\t\t\t\t\t\t\t\t\t\t\t\t\t\t\t\t\t\t<span class=\"d-block fs-10 fs-lg-11 fs-xl-12 fs-xxl-14 text-black\">Hyper \u00e9tendue, verte (40% d\u2019espaces verts !), cosmopolite, vivante, royale\u2026 So British ! Londres est la ville des superlatifs ! \n<\/span>\n\t\t\t\t\t\t\t\t\t\t\t\t\t\t\t<\/span>\n\t\t\t\t\t\t\t\t\t\t\t\t\t\t<span class=\"btn btn-primary btn-hover-translate-right d-inline-flex justify-content-center justify-content-lg-start gap-2 gap-lg-1 z-1\">\n\t\t\t\t\t\t\t\t<span>\n\t\t\t\t\t\t\t\t\tD\u00e9couvrir\t\t\t\t\t\t\t\t<\/span>\n\t\t\t\t\t\t\t\t<svg width=\"15\" height=\"20\" aria-hidden=\"true\">\n\t\t\t\t\t\t\t\t\t<use xlink:href=\"https:\/\/myallmeeting.com\/wp-content\/themes\/accor\/assets\/images\/sprite.svg#btn-arrow-white\"><\/use>\n\t\t\t\t\t\t\t\t<\/svg>\n\t\t\t\t\t\t\t<\/span>\n\t\t\t\t\t\t<\/a>\n\t\t\t\t\t<\/div>\n\t\t\t\t\t\t\t\t\t\t<div class=\"splide__slide col-lg-4 col-xl-4 mb-lg-6\">\n\t\t\t\t\t\t<a href=\"https:\/\/myallmeeting.com\/fr\/destination\/grenoble-seminaire-avec-vue\/\" class=\"card-listing-exhaustif-destinations text-decoration-none link-primary text-end lh-xs d-flex flex-column align-items-end h-100\">\n\t\t\t\t\t\t\t\t\t\t\t\t\t\t<span class=\"card-listing-exhaustif-destinations__img d-block ratio ratio-16x9 overflow-hidden\">\n\t\t\t\t\t\t\t\t<img decoding=\"async\" src=\"https:\/\/myallmeeting.com\/wp-content\/uploads\/2020\/03\/MAM-baner-1920x570-2024-12-10T101559.874-616x387.png\" alt=\"\" width=\"616\" height=\"387\" loading=\"lazy\" \/>\t\t\t\t\t\t\t\n\t\t\t\t\t\t\t<\/span>\n\t\t\t\t\t\t\t\t\t\t\t\t\t\t\t\t\t\t\t\t\t<span class=\"card-listing-exhaustif-destinations__content flex-grow-1 d-block bg-white position-relative\">\n\t\t\t\t\t\t\t\t\t\t\t\t\t\t\t\t\t\t\t\t\t\t\t\t<span class=\"d-block unna fs-24 fs-lg-28 fs-xl-32 fs-xxl-36 mb-1\">Grenoble : s\u00e9minaire avec vue<\/span>\n\t\t\t\t\t\t\t\t\t\t\t\t\t\t\t\t\t\t\t\t\t\t\t\t<span class=\"d-block fs-10 fs-lg-11 fs-xl-12 fs-xxl-14 text-black\">Venez d\u00e9couvrir, pour votre prochain \u00e9v\u00e9nement, le patrimoine culturel riche et l\u2019histoire de Grenoble<\/span>\n\t\t\t\t\t\t\t\t\t\t\t\t\t\t\t<\/span>\n\t\t\t\t\t\t\t\t\t\t\t\t\t\t<span class=\"btn btn-primary btn-hover-translate-right d-inline-flex justify-content-center justify-content-lg-start gap-2 gap-lg-1 z-1\">\n\t\t\t\t\t\t\t\t<span>\n\t\t\t\t\t\t\t\t\tD\u00e9couvrir\t\t\t\t\t\t\t\t<\/span>\n\t\t\t\t\t\t\t\t<svg width=\"15\" height=\"20\" aria-hidden=\"true\">\n\t\t\t\t\t\t\t\t\t<use xlink:href=\"https:\/\/myallmeeting.com\/wp-content\/themes\/accor\/assets\/images\/sprite.svg#btn-arrow-white\"><\/use>\n\t\t\t\t\t\t\t\t<\/svg>\n\t\t\t\t\t\t\t<\/span>\n\t\t\t\t\t\t<\/a>\n\t\t\t\t\t<\/div>\n\t\t\t\t\t\t\t\t\t\t<div class=\"splide__slide col-lg-4 col-xl-4 mb-lg-6\">\n\t\t\t\t\t\t<a href=\"https:\/\/myallmeeting.com\/fr\/destination\/metz-site-strategique-pour-evenement-marquant\/\" class=\"card-listing-exhaustif-destinations text-decoration-none link-primary text-end lh-xs d-flex flex-column align-items-end h-100\">\n\t\t\t\t\t\t\t\t\t\t\t\t\t\t<span class=\"card-listing-exhaustif-destinations__img d-block ratio ratio-16x9 overflow-hidden\">\n\t\t\t\t\t\t\t\t<img decoding=\"async\" src=\"https:\/\/myallmeeting.com\/wp-content\/uploads\/2019\/09\/MAM-baner-1920x570-2024-12-10T102657.428-616x387.png\" alt=\"\" width=\"616\" height=\"387\" loading=\"lazy\" \/>\t\t\t\t\t\t\t\n\t\t\t\t\t\t\t<\/span>\n\t\t\t\t\t\t\t\t\t\t\t\t\t\t\t\t\t\t\t\t\t<span class=\"card-listing-exhaustif-destinations__content flex-grow-1 d-block bg-white position-relative\">\n\t\t\t\t\t\t\t\t\t\t\t\t\t\t\t\t\t\t\t\t\t\t\t\t<span class=\"d-block unna fs-24 fs-lg-28 fs-xl-32 fs-xxl-36 mb-1\">Metz : site strat\u00e9gique pour \u00e9v\u00e9nement marquant<\/span>\n\t\t\t\t\t\t\t\t\t\t\t\t\t\t\t\t\t\t\t\t\t\t\t\t<span class=\"d-block fs-10 fs-lg-11 fs-xl-12 fs-xxl-14 text-black\">Pour votre \u00e9v\u00e8nement professionnel, venez d\u00e9couvrir cette ville au croisement de la Moselle et de la Seille. <\/span>\n\t\t\t\t\t\t\t\t\t\t\t\t\t\t\t<\/span>\n\t\t\t\t\t\t\t\t\t\t\t\t\t\t<span class=\"btn btn-primary btn-hover-translate-right d-inline-flex justify-content-center justify-content-lg-start gap-2 gap-lg-1 z-1\">\n\t\t\t\t\t\t\t\t<span>\n\t\t\t\t\t\t\t\t\tD\u00e9couvrir\t\t\t\t\t\t\t\t<\/span>\n\t\t\t\t\t\t\t\t<svg width=\"15\" height=\"20\" aria-hidden=\"true\">\n\t\t\t\t\t\t\t\t\t<use xlink:href=\"https:\/\/myallmeeting.com\/wp-content\/themes\/accor\/assets\/images\/sprite.svg#btn-arrow-white\"><\/use>\n\t\t\t\t\t\t\t\t<\/svg>\n\t\t\t\t\t\t\t<\/span>\n\t\t\t\t\t\t<\/a>\n\t\t\t\t\t<\/div>\n\t\t\t\t\t\t\t\t\t\t<div class=\"splide__slide col-lg-4 col-xl-4 mb-lg-6\">\n\t\t\t\t\t\t<a href=\"https:\/\/myallmeeting.com\/fr\/destination\/nancy-cadre-art-nouveau-pour-seminaire-somptueux\/\" class=\"card-listing-exhaustif-destinations text-decoration-none link-primary text-end lh-xs d-flex flex-column align-items-end h-100\">\n\t\t\t\t\t\t\t\t\t\t\t\t\t\t<span class=\"card-listing-exhaustif-destinations__img d-block ratio ratio-16x9 overflow-hidden\">\n\t\t\t\t\t\t\t\t<img decoding=\"async\" src=\"https:\/\/myallmeeting.com\/wp-content\/uploads\/2019\/05\/MAM-baner-1920x570-2024-12-13T140851.623-616x387.png\" alt=\"\" width=\"616\" height=\"387\" loading=\"lazy\" \/>\t\t\t\t\t\t\t\n\t\t\t\t\t\t\t<\/span>\n\t\t\t\t\t\t\t\t\t\t\t\t\t\t\t\t\t\t\t\t\t<span class=\"card-listing-exhaustif-destinations__content flex-grow-1 d-block bg-white position-relative\">\n\t\t\t\t\t\t\t\t\t\t\t\t\t\t\t\t\t\t\t\t\t\t\t\t<span class=\"d-block unna fs-24 fs-lg-28 fs-xl-32 fs-xxl-36 mb-1\">Nancy : cadre Art nouveau pour s\u00e9minaire somptueux<\/span>\n\t\t\t\t\t\t\t\t\t\t\t\t\t\t\t\t\t\t\t\t\t\t\t\t<span class=\"d-block fs-10 fs-lg-11 fs-xl-12 fs-xxl-14 text-black\">Venez visiter Nancy, berceau de l\u2019Art nouveau fran\u00e7ais, pour votre prochain \u00e9v\u00e8nement professionnel<\/span>\n\t\t\t\t\t\t\t\t\t\t\t\t\t\t\t<\/span>\n\t\t\t\t\t\t\t\t\t\t\t\t\t\t<span class=\"btn btn-primary btn-hover-translate-right d-inline-flex justify-content-center justify-content-lg-start gap-2 gap-lg-1 z-1\">\n\t\t\t\t\t\t\t\t<span>\n\t\t\t\t\t\t\t\t\tD\u00e9couvrir\t\t\t\t\t\t\t\t<\/span>\n\t\t\t\t\t\t\t\t<svg width=\"15\" height=\"20\" aria-hidden=\"true\">\n\t\t\t\t\t\t\t\t\t<use xlink:href=\"https:\/\/myallmeeting.com\/wp-content\/themes\/accor\/assets\/images\/sprite.svg#btn-arrow-white\"><\/use>\n\t\t\t\t\t\t\t\t<\/svg>\n\t\t\t\t\t\t\t<\/span>\n\t\t\t\t\t\t<\/a>\n\t\t\t\t\t<\/div>\n\t\t\t\t\t\t\t\t\t\t<div class=\"splide__slide col-lg-4 col-xl-4 mb-lg-6\">\n\t\t\t\t\t\t<a href=\"https:\/\/myallmeeting.com\/fr\/destination\/rennes-pour-un-evenement-100-authentique\/\" class=\"card-listing-exhaustif-destinations text-decoration-none link-primary text-end lh-xs d-flex flex-column align-items-end h-100\">\n\t\t\t\t\t\t\t\t\t\t\t\t\t\t<span class=\"card-listing-exhaustif-destinations__img d-block ratio ratio-16x9 overflow-hidden\">\n\t\t\t\t\t\t\t\t<img decoding=\"async\" src=\"https:\/\/myallmeeting.com\/wp-content\/uploads\/2019\/04\/MAM-baner-1920x570-2024-12-10T103855.486-616x387.png\" alt=\"\" width=\"616\" height=\"387\" loading=\"lazy\" \/>\t\t\t\t\t\t\t\n\t\t\t\t\t\t\t<\/span>\n\t\t\t\t\t\t\t\t\t\t\t\t\t\t\t\t\t\t\t\t\t<span class=\"card-listing-exhaustif-destinations__content flex-grow-1 d-block bg-white position-relative\">\n\t\t\t\t\t\t\t\t\t\t\t\t\t\t\t\t\t\t\t\t\t\t\t\t<span class=\"d-block unna fs-24 fs-lg-28 fs-xl-32 fs-xxl-36 mb-1\">Rennes : pour un \u00e9v\u00e9nement 100 % authentique<\/span>\n\t\t\t\t\t\t\t\t\t\t\t\t\t\t\t\t\t\t\t\t\t\t\t\t<span class=\"d-block fs-10 fs-lg-11 fs-xl-12 fs-xxl-14 text-black\">Venez d\u00e9couvrir Rennes, ancienne capitale des ducs de Bretagne pour votre \u00e9v\u00e8nement professionnel.<\/span>\n\t\t\t\t\t\t\t\t\t\t\t\t\t\t\t<\/span>\n\t\t\t\t\t\t\t\t\t\t\t\t\t\t<span class=\"btn btn-primary btn-hover-translate-right d-inline-flex justify-content-center justify-content-lg-start gap-2 gap-lg-1 z-1\">\n\t\t\t\t\t\t\t\t<span>\n\t\t\t\t\t\t\t\t\tD\u00e9couvrir\t\t\t\t\t\t\t\t<\/span>\n\t\t\t\t\t\t\t\t<svg width=\"15\" height=\"20\" aria-hidden=\"true\">\n\t\t\t\t\t\t\t\t\t<use xlink:href=\"https:\/\/myallmeeting.com\/wp-content\/themes\/accor\/assets\/images\/sprite.svg#btn-arrow-white\"><\/use>\n\t\t\t\t\t\t\t\t<\/svg>\n\t\t\t\t\t\t\t<\/span>\n\t\t\t\t\t\t<\/a>\n\t\t\t\t\t<\/div>\n\t\t\t\t\t\t\t\t\t\t<div class=\"splide__slide col-lg-4 col-xl-4 mb-lg-6\">\n\t\t\t\t\t\t<a href=\"https:\/\/myallmeeting.com\/fr\/destination\/cannes-un-festival-pour-votre-prochain-seminaire\/\" class=\"card-listing-exhaustif-destinations text-decoration-none link-primary text-end lh-xs d-flex flex-column align-items-end h-100\">\n\t\t\t\t\t\t\t\t\t\t\t\t\t\t<span class=\"card-listing-exhaustif-destinations__img d-block ratio ratio-16x9 overflow-hidden\">\n\t\t\t\t\t\t\t\t<img decoding=\"async\" src=\"https:\/\/myallmeeting.com\/wp-content\/uploads\/2019\/04\/MAM-baner-1920x570-2024-12-13T142837.646-616x387.png\" alt=\"\" width=\"616\" height=\"387\" loading=\"lazy\" \/>\t\t\t\t\t\t\t\n\t\t\t\t\t\t\t<\/span>\n\t\t\t\t\t\t\t\t\t\t\t\t\t\t\t\t\t\t\t\t\t<span class=\"card-listing-exhaustif-destinations__content flex-grow-1 d-block bg-white position-relative\">\n\t\t\t\t\t\t\t\t\t\t\t\t\t\t\t\t\t\t\t\t\t\t\t\t<span class=\"d-block unna fs-24 fs-lg-28 fs-xl-32 fs-xxl-36 mb-1\">Cannes, un festival pour votre prochain s\u00e9minaire !<\/span>\n\t\t\t\t\t\t\t\t\t\t\t\t\t\t\t\t\t\t\t\t\t\t\t\t<span class=\"d-block fs-10 fs-lg-11 fs-xl-12 fs-xxl-14 text-black\">D\u00e9roulez le tapis rouge \u00e0 vos collaborateurs \u00e0 l&#039;occasion de votre \u00e9v\u00e8nement professionnel<\/span>\n\t\t\t\t\t\t\t\t\t\t\t\t\t\t\t<\/span>\n\t\t\t\t\t\t\t\t\t\t\t\t\t\t<span class=\"btn btn-primary btn-hover-translate-right d-inline-flex justify-content-center justify-content-lg-start gap-2 gap-lg-1 z-1\">\n\t\t\t\t\t\t\t\t<span>\n\t\t\t\t\t\t\t\t\tD\u00e9couvrir\t\t\t\t\t\t\t\t<\/span>\n\t\t\t\t\t\t\t\t<svg width=\"15\" height=\"20\" aria-hidden=\"true\">\n\t\t\t\t\t\t\t\t\t<use xlink:href=\"https:\/\/myallmeeting.com\/wp-content\/themes\/accor\/assets\/images\/sprite.svg#btn-arrow-white\"><\/use>\n\t\t\t\t\t\t\t\t<\/svg>\n\t\t\t\t\t\t\t<\/span>\n\t\t\t\t\t\t<\/a>\n\t\t\t\t\t<\/div>\n\t\t\t\t\t\t\t\t\t\t<div class=\"splide__slide col-lg-4 col-xl-4 mb-lg-6\">\n\t\t\t\t\t\t<a href=\"https:\/\/myallmeeting.com\/fr\/destination\/cote-basque-terre-de-caractere-pour-seminaire-exigeant\/\" class=\"card-listing-exhaustif-destinations text-decoration-none link-primary text-end lh-xs d-flex flex-column align-items-end h-100\">\n\t\t\t\t\t\t\t\t\t\t\t\t\t\t<span class=\"card-listing-exhaustif-destinations__img d-block ratio ratio-16x9 overflow-hidden\">\n\t\t\t\t\t\t\t\t<img decoding=\"async\" src=\"https:\/\/myallmeeting.com\/wp-content\/uploads\/2019\/02\/MAM-baner-1920x570-2024-12-10T110452.969-616x387.png\" alt=\"\" width=\"616\" height=\"387\" loading=\"lazy\" \/>\t\t\t\t\t\t\t\n\t\t\t\t\t\t\t<\/span>\n\t\t\t\t\t\t\t\t\t\t\t\t\t\t\t\t\t\t\t\t\t<span class=\"card-listing-exhaustif-destinations__content flex-grow-1 d-block bg-white position-relative\">\n\t\t\t\t\t\t\t\t\t\t\t\t\t\t\t\t\t\t\t\t\t\t\t\t<span class=\"d-block unna fs-24 fs-lg-28 fs-xl-32 fs-xxl-36 mb-1\">C\u00f4te Basque : terre de caract\u00e8re pour s\u00e9minaire exigeant<\/span>\n\t\t\t\t\t\t\t\t\t\t\t\t\t\t\t\t\t\t\t\t\t\t\t\t<span class=\"d-block fs-10 fs-lg-11 fs-xl-12 fs-xxl-14 text-black\">Venez d\u00e9couvrir les paysages de carte postale du Pays basque fran\u00e7ais, entre terre et mer<\/span>\n\t\t\t\t\t\t\t\t\t\t\t\t\t\t\t<\/span>\n\t\t\t\t\t\t\t\t\t\t\t\t\t\t<span class=\"btn btn-primary btn-hover-translate-right d-inline-flex justify-content-center justify-content-lg-start gap-2 gap-lg-1 z-1\">\n\t\t\t\t\t\t\t\t<span>\n\t\t\t\t\t\t\t\t\tD\u00e9couvrir\t\t\t\t\t\t\t\t<\/span>\n\t\t\t\t\t\t\t\t<svg width=\"15\" height=\"20\" aria-hidden=\"true\">\n\t\t\t\t\t\t\t\t\t<use xlink:href=\"https:\/\/myallmeeting.com\/wp-content\/themes\/accor\/assets\/images\/sprite.svg#btn-arrow-white\"><\/use>\n\t\t\t\t\t\t\t\t<\/svg>\n\t\t\t\t\t\t\t<\/span>\n\t\t\t\t\t\t<\/a>\n\t\t\t\t\t<\/div>\n\t\t\t\t\t\t\t\t\t\t<div class=\"splide__slide col-lg-4 col-xl-4 mb-lg-6\">\n\t\t\t\t\t\t<a href=\"https:\/\/myallmeeting.com\/fr\/destination\/cote-normande-un-seminaire-au-grand-air\/\" class=\"card-listing-exhaustif-destinations text-decoration-none link-primary text-end lh-xs d-flex flex-column align-items-end h-100\">\n\t\t\t\t\t\t\t\t\t\t\t\t\t\t<span class=\"card-listing-exhaustif-destinations__img d-block ratio ratio-16x9 overflow-hidden\">\n\t\t\t\t\t\t\t\t<img decoding=\"async\" src=\"https:\/\/myallmeeting.com\/wp-content\/uploads\/2018\/10\/MAM-baner-1920x570-2024-12-13T145136.942-616x387.png\" alt=\"\" width=\"616\" height=\"387\" loading=\"lazy\" \/>\t\t\t\t\t\t\t\n\t\t\t\t\t\t\t<\/span>\n\t\t\t\t\t\t\t\t\t\t\t\t\t\t\t\t\t\t\t\t\t<span class=\"card-listing-exhaustif-destinations__content flex-grow-1 d-block bg-white position-relative\">\n\t\t\t\t\t\t\t\t\t\t\t\t\t\t\t\t\t\t\t\t\t\t\t\t<span class=\"d-block unna fs-24 fs-lg-28 fs-xl-32 fs-xxl-36 mb-1\">C\u00f4te Normande : un s\u00e9minaire au grand air<\/span>\n\t\t\t\t\t\t\t\t\t\t\t\t\t\t\t\t\t\t\t\t\t\t\t\t<span class=\"d-block fs-10 fs-lg-11 fs-xl-12 fs-xxl-14 text-black\">Pour votre prochain \u00e9v\u00e9nement professionnel, venez d\u00e9couvrir la Normandie, un th\u00e9\u00e2tre d\u2019exception qui invite \u00e0 la s\u00e9r\u00e9nit\u00e9 ou un incentive revigorant.<\/span>\n\t\t\t\t\t\t\t\t\t\t\t\t\t\t\t<\/span>\n\t\t\t\t\t\t\t\t\t\t\t\t\t\t<span class=\"btn btn-primary btn-hover-translate-right d-inline-flex justify-content-center justify-content-lg-start gap-2 gap-lg-1 z-1\">\n\t\t\t\t\t\t\t\t<span>\n\t\t\t\t\t\t\t\t\tD\u00e9couvrir\t\t\t\t\t\t\t\t<\/span>\n\t\t\t\t\t\t\t\t<svg width=\"15\" height=\"20\" aria-hidden=\"true\">\n\t\t\t\t\t\t\t\t\t<use xlink:href=\"https:\/\/myallmeeting.com\/wp-content\/themes\/accor\/assets\/images\/sprite.svg#btn-arrow-white\"><\/use>\n\t\t\t\t\t\t\t\t<\/svg>\n\t\t\t\t\t\t\t<\/span>\n\t\t\t\t\t\t<\/a>\n\t\t\t\t\t<\/div>\n\t\t\t\t\t\t\t\t\t\t<div class=\"splide__slide col-lg-4 col-xl-4 mb-lg-6\">\n\t\t\t\t\t\t<a href=\"https:\/\/myallmeeting.com\/fr\/destination\/tours-les-atouts-dune-grande-ville-pour-un-seminaire-en-province\/\" class=\"card-listing-exhaustif-destinations text-decoration-none link-primary text-end lh-xs d-flex flex-column align-items-end h-100\">\n\t\t\t\t\t\t\t\t\t\t\t\t\t\t<span class=\"card-listing-exhaustif-destinations__img d-block ratio ratio-16x9 overflow-hidden\">\n\t\t\t\t\t\t\t\t<img decoding=\"async\" src=\"https:\/\/myallmeeting.com\/wp-content\/uploads\/2018\/09\/MAM-baner-1920x570-2024-12-13T151100.943-616x387.png\" alt=\"\" width=\"616\" height=\"387\" loading=\"lazy\" \/>\t\t\t\t\t\t\t\n\t\t\t\t\t\t\t<\/span>\n\t\t\t\t\t\t\t\t\t\t\t\t\t\t\t\t\t\t\t\t\t<span class=\"card-listing-exhaustif-destinations__content flex-grow-1 d-block bg-white position-relative\">\n\t\t\t\t\t\t\t\t\t\t\t\t\t\t\t\t\t\t\t\t\t\t\t\t<span class=\"d-block unna fs-24 fs-lg-28 fs-xl-32 fs-xxl-36 mb-1\">Tours : les atouts d\u2019une grande ville pour un s\u00e9minaire en province<\/span>\n\t\t\t\t\t\t\t\t\t\t\t\t\t\t\t\t\t\t\t\t\t\t\t\t<span class=\"d-block fs-10 fs-lg-11 fs-xl-12 fs-xxl-14 text-black\">Pour votre prochain \u00e9v\u00e8nement professionnel, venez d\u00e9couvrir une ville agr\u00e9able telle que Tours<\/span>\n\t\t\t\t\t\t\t\t\t\t\t\t\t\t\t<\/span>\n\t\t\t\t\t\t\t\t\t\t\t\t\t\t<span class=\"btn btn-primary btn-hover-translate-right d-inline-flex justify-content-center justify-content-lg-start gap-2 gap-lg-1 z-1\">\n\t\t\t\t\t\t\t\t<span>\n\t\t\t\t\t\t\t\t\tD\u00e9couvrir\t\t\t\t\t\t\t\t<\/span>\n\t\t\t\t\t\t\t\t<svg width=\"15\" height=\"20\" aria-hidden=\"true\">\n\t\t\t\t\t\t\t\t\t<use xlink:href=\"https:\/\/myallmeeting.com\/wp-content\/themes\/accor\/assets\/images\/sprite.svg#btn-arrow-white\"><\/use>\n\t\t\t\t\t\t\t\t<\/svg>\n\t\t\t\t\t\t\t<\/span>\n\t\t\t\t\t\t<\/a>\n\t\t\t\t\t<\/div>\n\t\t\t\t\t\t\t\t\t\t<div class=\"splide__slide col-lg-4 col-xl-4 mb-lg-6\">\n\t\t\t\t\t\t<a href=\"https:\/\/myallmeeting.com\/fr\/destination\/montpellier-douceur-de-vivre-pour-des-evenements-professionnels-xxl\/\" class=\"card-listing-exhaustif-destinations text-decoration-none link-primary text-end lh-xs d-flex flex-column align-items-end h-100\">\n\t\t\t\t\t\t\t\t\t\t\t\t\t\t<span class=\"card-listing-exhaustif-destinations__img d-block ratio ratio-16x9 overflow-hidden\">\n\t\t\t\t\t\t\t\t<img decoding=\"async\" src=\"https:\/\/myallmeeting.com\/wp-content\/uploads\/2018\/08\/MAM-baner-1920x570-2024-12-10T144022.445-616x387.png\" alt=\"\" width=\"616\" height=\"387\" loading=\"lazy\" \/>\t\t\t\t\t\t\t\n\t\t\t\t\t\t\t<\/span>\n\t\t\t\t\t\t\t\t\t\t\t\t\t\t\t\t\t\t\t\t\t<span class=\"card-listing-exhaustif-destinations__content flex-grow-1 d-block bg-white position-relative\">\n\t\t\t\t\t\t\t\t\t\t\t\t\t\t\t\t\t\t\t\t\t\t\t\t<span class=\"d-block unna fs-24 fs-lg-28 fs-xl-32 fs-xxl-36 mb-1\">Montpellier : douceur de vivre pour des \u00e9v\u00e9nements professionnels XXL<\/span>\n\t\t\t\t\t\t\t\t\t\t\t\t\t\t\t\t\t\t\t\t\t\t\t\t<span class=\"d-block fs-10 fs-lg-11 fs-xl-12 fs-xxl-14 text-black\">Venez d\u00e9couvrir Montpellier, ville de tr\u00e9sors patrimoniaux et contemporains<\/span>\n\t\t\t\t\t\t\t\t\t\t\t\t\t\t\t<\/span>\n\t\t\t\t\t\t\t\t\t\t\t\t\t\t<span class=\"btn btn-primary btn-hover-translate-right d-inline-flex justify-content-center justify-content-lg-start gap-2 gap-lg-1 z-1\">\n\t\t\t\t\t\t\t\t<span>\n\t\t\t\t\t\t\t\t\tD\u00e9couvrir\t\t\t\t\t\t\t\t<\/span>\n\t\t\t\t\t\t\t\t<svg width=\"15\" height=\"20\" aria-hidden=\"true\">\n\t\t\t\t\t\t\t\t\t<use xlink:href=\"https:\/\/myallmeeting.com\/wp-content\/themes\/accor\/assets\/images\/sprite.svg#btn-arrow-white\"><\/use>\n\t\t\t\t\t\t\t\t<\/svg>\n\t\t\t\t\t\t\t<\/span>\n\t\t\t\t\t\t<\/a>\n\t\t\t\t\t<\/div>\n\t\t\t\t\t\t\t\t\t\t<div class=\"splide__slide col-lg-4 col-xl-4 mb-lg-6\">\n\t\t\t\t\t\t<a href=\"https:\/\/myallmeeting.com\/fr\/destination\/strasbourg-capitale-europeenne-des-evenements-professionnels\/\" class=\"card-listing-exhaustif-destinations text-decoration-none link-primary text-end lh-xs d-flex flex-column align-items-end h-100\">\n\t\t\t\t\t\t\t\t\t\t\t\t\t\t<span class=\"card-listing-exhaustif-destinations__img d-block ratio ratio-16x9 overflow-hidden\">\n\t\t\t\t\t\t\t\t<img decoding=\"async\" src=\"https:\/\/myallmeeting.com\/wp-content\/uploads\/2018\/08\/MAM-baner-1920x570-2024-12-13T153842.910-616x387.png\" alt=\"\" width=\"616\" height=\"387\" loading=\"lazy\" \/>\t\t\t\t\t\t\t\n\t\t\t\t\t\t\t<\/span>\n\t\t\t\t\t\t\t\t\t\t\t\t\t\t\t\t\t\t\t\t\t<span class=\"card-listing-exhaustif-destinations__content flex-grow-1 d-block bg-white position-relative\">\n\t\t\t\t\t\t\t\t\t\t\t\t\t\t\t\t\t\t\t\t\t\t\t\t<span class=\"d-block unna fs-24 fs-lg-28 fs-xl-32 fs-xxl-36 mb-1\">Strasbourg, capitale europ\u00e9enne des \u00e9v\u00e9nements professionnels<\/span>\n\t\t\t\t\t\t\t\t\t\t\t\t\t\t\t\t\t\t\t\t\t\t\t\t<span class=\"d-block fs-10 fs-lg-11 fs-xl-12 fs-xxl-14 text-black\">Venez d\u00e9couvrir Strasbourg, ville charmante et carrefour europ\u00e9en, pour vos prochains \u00e9v\u00e8nements professionnels<\/span>\n\t\t\t\t\t\t\t\t\t\t\t\t\t\t\t<\/span>\n\t\t\t\t\t\t\t\t\t\t\t\t\t\t<span class=\"btn btn-primary btn-hover-translate-right d-inline-flex justify-content-center justify-content-lg-start gap-2 gap-lg-1 z-1\">\n\t\t\t\t\t\t\t\t<span>\n\t\t\t\t\t\t\t\t\tD\u00e9couvrir\t\t\t\t\t\t\t\t<\/span>\n\t\t\t\t\t\t\t\t<svg width=\"15\" height=\"20\" aria-hidden=\"true\">\n\t\t\t\t\t\t\t\t\t<use xlink:href=\"https:\/\/myallmeeting.com\/wp-content\/themes\/accor\/assets\/images\/sprite.svg#btn-arrow-white\"><\/use>\n\t\t\t\t\t\t\t\t<\/svg>\n\t\t\t\t\t\t\t<\/span>\n\t\t\t\t\t\t<\/a>\n\t\t\t\t\t<\/div>\n\t\t\t\t\t\t\t\t\t\t<div class=\"splide__slide col-lg-4 col-xl-4 mb-lg-6\">\n\t\t\t\t\t\t<a href=\"https:\/\/myallmeeting.com\/fr\/destination\/lille-chaleureuse-et-surprenante-pour-un-seminaire-convivial\/\" class=\"card-listing-exhaustif-destinations text-decoration-none link-primary text-end lh-xs d-flex flex-column align-items-end h-100\">\n\t\t\t\t\t\t\t\t\t\t\t\t\t\t<span class=\"card-listing-exhaustif-destinations__img d-block ratio ratio-16x9 overflow-hidden\">\n\t\t\t\t\t\t\t\t<img decoding=\"async\" src=\"https:\/\/myallmeeting.com\/wp-content\/uploads\/2018\/08\/MAM-baner-1920x570-52-616x387.png\" alt=\"\" width=\"616\" height=\"387\" loading=\"lazy\" \/>\t\t\t\t\t\t\t\n\t\t\t\t\t\t\t<\/span>\n\t\t\t\t\t\t\t\t\t\t\t\t\t\t\t\t\t\t\t\t\t<span class=\"card-listing-exhaustif-destinations__content flex-grow-1 d-block bg-white position-relative\">\n\t\t\t\t\t\t\t\t\t\t\t\t\t\t\t\t\t\t\t\t\t\t\t\t<span class=\"d-block unna fs-24 fs-lg-28 fs-xl-32 fs-xxl-36 mb-1\">Lille : chaleureuse et surprenante pour un s\u00e9minaire convivial<\/span>\n\t\t\t\t\t\t\t\t\t\t\t\t\t\t\t\t\t\t\t\t\t\t\t\t<span class=\"d-block fs-10 fs-lg-11 fs-xl-12 fs-xxl-14 text-black\">Son sens de l\u2019accueil n\u2019est pas une l\u00e9gende ! Cit\u00e9 historique exceptionnelle et \u00e9clectique, la capitale des Flandres a su s\u00e9duire et se r\u00e9inventer avec un esprit d\u2019entreprise chevill\u00e9e au corps. \n<\/span>\n\t\t\t\t\t\t\t\t\t\t\t\t\t\t\t<\/span>\n\t\t\t\t\t\t\t\t\t\t\t\t\t\t<span class=\"btn btn-primary btn-hover-translate-right d-inline-flex justify-content-center justify-content-lg-start gap-2 gap-lg-1 z-1\">\n\t\t\t\t\t\t\t\t<span>\n\t\t\t\t\t\t\t\t\tD\u00e9couvrir\t\t\t\t\t\t\t\t<\/span>\n\t\t\t\t\t\t\t\t<svg width=\"15\" height=\"20\" aria-hidden=\"true\">\n\t\t\t\t\t\t\t\t\t<use xlink:href=\"https:\/\/myallmeeting.com\/wp-content\/themes\/accor\/assets\/images\/sprite.svg#btn-arrow-white\"><\/use>\n\t\t\t\t\t\t\t\t<\/svg>\n\t\t\t\t\t\t\t<\/span>\n\t\t\t\t\t\t<\/a>\n\t\t\t\t\t<\/div>\n\t\t\t\t\t\t\t\t\t\t<div class=\"splide__slide col-lg-4 col-xl-4 mb-lg-6\">\n\t\t\t\t\t\t<a href=\"https:\/\/myallmeeting.com\/fr\/destination\/toulouse-ideale-pour-des-incentives-hauts-en-couleur\/\" class=\"card-listing-exhaustif-destinations text-decoration-none link-primary text-end lh-xs d-flex flex-column align-items-end h-100\">\n\t\t\t\t\t\t\t\t\t\t\t\t\t\t<span class=\"card-listing-exhaustif-destinations__img d-block ratio ratio-16x9 overflow-hidden\">\n\t\t\t\t\t\t\t\t<img decoding=\"async\" src=\"https:\/\/myallmeeting.com\/wp-content\/uploads\/2018\/07\/MAM-baner-1920x570-51-616x387.png\" alt=\"\" width=\"616\" height=\"387\" loading=\"lazy\" \/>\t\t\t\t\t\t\t\n\t\t\t\t\t\t\t<\/span>\n\t\t\t\t\t\t\t\t\t\t\t\t\t\t\t\t\t\t\t\t\t<span class=\"card-listing-exhaustif-destinations__content flex-grow-1 d-block bg-white position-relative\">\n\t\t\t\t\t\t\t\t\t\t\t\t\t\t\t\t\t\t\t\t\t\t\t\t<span class=\"d-block unna fs-24 fs-lg-28 fs-xl-32 fs-xxl-36 mb-1\">Toulouse : id\u00e9ale pour des incentives hauts en couleur<\/span>\n\t\t\t\t\t\t\t\t\t\t\t\t\t\t\t\t\t\t\t\t\t\t\t\t<span class=\"d-block fs-10 fs-lg-11 fs-xl-12 fs-xxl-14 text-black\">La \u00ab ville rose \u00bb conjugue une histoire deux fois mill\u00e9naire et un dynamisme \u00e0 la pointe de la modernit\u00e9. Le cocktail id\u00e9al pour organiser un \u00e9v\u00e9nement de caract\u00e8re.\n<\/span>\n\t\t\t\t\t\t\t\t\t\t\t\t\t\t\t<\/span>\n\t\t\t\t\t\t\t\t\t\t\t\t\t\t<span class=\"btn btn-primary btn-hover-translate-right d-inline-flex justify-content-center justify-content-lg-start gap-2 gap-lg-1 z-1\">\n\t\t\t\t\t\t\t\t<span>\n\t\t\t\t\t\t\t\t\tD\u00e9couvrir\t\t\t\t\t\t\t\t<\/span>\n\t\t\t\t\t\t\t\t<svg width=\"15\" height=\"20\" aria-hidden=\"true\">\n\t\t\t\t\t\t\t\t\t<use xlink:href=\"https:\/\/myallmeeting.com\/wp-content\/themes\/accor\/assets\/images\/sprite.svg#btn-arrow-white\"><\/use>\n\t\t\t\t\t\t\t\t<\/svg>\n\t\t\t\t\t\t\t<\/span>\n\t\t\t\t\t\t<\/a>\n\t\t\t\t\t<\/div>\n\t\t\t\t\t\t\t\t\t\t<div class=\"splide__slide col-lg-4 col-xl-4 mb-lg-6\">\n\t\t\t\t\t\t<a href=\"https:\/\/myallmeeting.com\/fr\/destination\/nice-votre-seminaire-ensoleille-sur-la-cote-dazur\/\" class=\"card-listing-exhaustif-destinations text-decoration-none link-primary text-end lh-xs d-flex flex-column align-items-end h-100\">\n\t\t\t\t\t\t\t\t\t\t\t\t\t\t<span class=\"card-listing-exhaustif-destinations__img d-block ratio ratio-16x9 overflow-hidden\">\n\t\t\t\t\t\t\t\t<img decoding=\"async\" src=\"https:\/\/myallmeeting.com\/wp-content\/uploads\/2018\/07\/MAM-baner-1920x570-2024-12-13T155401.959-616x387.png\" alt=\"\" width=\"616\" height=\"387\" loading=\"lazy\" \/>\t\t\t\t\t\t\t\n\t\t\t\t\t\t\t<\/span>\n\t\t\t\t\t\t\t\t\t\t\t\t\t\t\t\t\t\t\t\t\t<span class=\"card-listing-exhaustif-destinations__content flex-grow-1 d-block bg-white position-relative\">\n\t\t\t\t\t\t\t\t\t\t\t\t\t\t\t\t\t\t\t\t\t\t\t\t<span class=\"d-block unna fs-24 fs-lg-28 fs-xl-32 fs-xxl-36 mb-1\">Nice : votre s\u00e9minaire ensoleill\u00e9 sur la C\u00f4te d\u2019Azur<\/span>\n\t\t\t\t\t\t\t\t\t\t\t\t\t\t\t\t\t\t\t\t\t\t\t\t<span class=\"d-block fs-10 fs-lg-11 fs-xl-12 fs-xxl-14 text-black\">Venez visiter Nice, une ville tableau, qui b\u00e9n\u00e9ficie d\u2019un climat tr\u00e8s doux toute l\u2019ann\u00e9e et o\u00f9 r\u00e8gne la dolce vita des villes m\u00e9diterran\u00e9ennes<\/span>\n\t\t\t\t\t\t\t\t\t\t\t\t\t\t\t<\/span>\n\t\t\t\t\t\t\t\t\t\t\t\t\t\t<span class=\"btn btn-primary btn-hover-translate-right d-inline-flex justify-content-center justify-content-lg-start gap-2 gap-lg-1 z-1\">\n\t\t\t\t\t\t\t\t<span>\n\t\t\t\t\t\t\t\t\tD\u00e9couvrir\t\t\t\t\t\t\t\t<\/span>\n\t\t\t\t\t\t\t\t<svg width=\"15\" height=\"20\" aria-hidden=\"true\">\n\t\t\t\t\t\t\t\t\t<use xlink:href=\"https:\/\/myallmeeting.com\/wp-content\/themes\/accor\/assets\/images\/sprite.svg#btn-arrow-white\"><\/use>\n\t\t\t\t\t\t\t\t<\/svg>\n\t\t\t\t\t\t\t<\/span>\n\t\t\t\t\t\t<\/a>\n\t\t\t\t\t<\/div>\n\t\t\t\t\t\t\t\t\t\t<div class=\"splide__slide col-lg-4 col-xl-4 mb-lg-6\">\n\t\t\t\t\t\t<a href=\"https:\/\/myallmeeting.com\/fr\/destination\/nantes-ville-inspirante-pour-seminaire-creatif\/\" class=\"card-listing-exhaustif-destinations text-decoration-none link-primary text-end lh-xs d-flex flex-column align-items-end h-100\">\n\t\t\t\t\t\t\t\t\t\t\t\t\t\t<span class=\"card-listing-exhaustif-destinations__img d-block ratio ratio-16x9 overflow-hidden\">\n\t\t\t\t\t\t\t\t<img decoding=\"async\" src=\"https:\/\/myallmeeting.com\/wp-content\/uploads\/2018\/06\/MAM-baner-1920x570-2024-12-11T171909.319-616x387.png\" alt=\"\" width=\"616\" height=\"387\" loading=\"lazy\" \/>\t\t\t\t\t\t\t\n\t\t\t\t\t\t\t<\/span>\n\t\t\t\t\t\t\t\t\t\t\t\t\t\t\t\t\t\t\t\t\t<span class=\"card-listing-exhaustif-destinations__content flex-grow-1 d-block bg-white position-relative\">\n\t\t\t\t\t\t\t\t\t\t\t\t\t\t\t\t\t\t\t\t\t\t\t\t<span class=\"d-block unna fs-24 fs-lg-28 fs-xl-32 fs-xxl-36 mb-1\">Nantes : ville inspirante pour s\u00e9minaire cr\u00e9atif<\/span>\n\t\t\t\t\t\t\t\t\t\t\t\t\t\t\t\t\t\t\t\t\t\t\t\t<span class=\"d-block fs-10 fs-lg-11 fs-xl-12 fs-xxl-14 text-black\">Venez d\u00e9couvrir une ville dynamique et ouverte \u00e0 l\u2019international pour votre prochain \u00e9v\u00e8nement professionnel<\/span>\n\t\t\t\t\t\t\t\t\t\t\t\t\t\t\t<\/span>\n\t\t\t\t\t\t\t\t\t\t\t\t\t\t<span class=\"btn btn-primary btn-hover-translate-right d-inline-flex justify-content-center justify-content-lg-start gap-2 gap-lg-1 z-1\">\n\t\t\t\t\t\t\t\t<span>\n\t\t\t\t\t\t\t\t\tD\u00e9couvrir\t\t\t\t\t\t\t\t<\/span>\n\t\t\t\t\t\t\t\t<svg width=\"15\" height=\"20\" aria-hidden=\"true\">\n\t\t\t\t\t\t\t\t\t<use xlink:href=\"https:\/\/myallmeeting.com\/wp-content\/themes\/accor\/assets\/images\/sprite.svg#btn-arrow-white\"><\/use>\n\t\t\t\t\t\t\t\t<\/svg>\n\t\t\t\t\t\t\t<\/span>\n\t\t\t\t\t\t<\/a>\n\t\t\t\t\t<\/div>\n\t\t\t\t\t\t\t\t\t\t<div class=\"splide__slide col-lg-4 col-xl-4 mb-lg-6\">\n\t\t\t\t\t\t<a href=\"https:\/\/myallmeeting.com\/fr\/destination\/bordeaux-un-seminaire-entre-mer-vignes-et-ville\/\" class=\"card-listing-exhaustif-destinations text-decoration-none link-primary text-end lh-xs d-flex flex-column align-items-end h-100\">\n\t\t\t\t\t\t\t\t\t\t\t\t\t\t<span class=\"card-listing-exhaustif-destinations__img d-block ratio ratio-16x9 overflow-hidden\">\n\t\t\t\t\t\t\t\t<img decoding=\"async\" src=\"https:\/\/myallmeeting.com\/wp-content\/uploads\/2018\/05\/MAM-baner-1920x570-2024-12-13T161042.089-616x387.png\" alt=\"\" width=\"616\" height=\"387\" loading=\"lazy\" \/>\t\t\t\t\t\t\t\n\t\t\t\t\t\t\t<\/span>\n\t\t\t\t\t\t\t\t\t\t\t\t\t\t\t\t\t\t\t\t\t<span class=\"card-listing-exhaustif-destinations__content flex-grow-1 d-block bg-white position-relative\">\n\t\t\t\t\t\t\t\t\t\t\t\t\t\t\t\t\t\t\t\t\t\t\t\t<span class=\"d-block unna fs-24 fs-lg-28 fs-xl-32 fs-xxl-36 mb-1\">Bordeaux : un s\u00e9minaire entre mer, vignes et ville<\/span>\n\t\t\t\t\t\t\t\t\t\t\t\t\t\t\t\t\t\t\t\t\t\t\t\t<span class=\"d-block fs-10 fs-lg-11 fs-xl-12 fs-xxl-14 text-black\">Pourquoi ne pas profiter d\u2019une ville dynamique comme Bordeaux pour votre prochain \u00e9v\u00e9nement professionnel ?<\/span>\n\t\t\t\t\t\t\t\t\t\t\t\t\t\t\t<\/span>\n\t\t\t\t\t\t\t\t\t\t\t\t\t\t<span class=\"btn btn-primary btn-hover-translate-right d-inline-flex justify-content-center justify-content-lg-start gap-2 gap-lg-1 z-1\">\n\t\t\t\t\t\t\t\t<span>\n\t\t\t\t\t\t\t\t\tD\u00e9couvrir\t\t\t\t\t\t\t\t<\/span>\n\t\t\t\t\t\t\t\t<svg width=\"15\" height=\"20\" aria-hidden=\"true\">\n\t\t\t\t\t\t\t\t\t<use xlink:href=\"https:\/\/myallmeeting.com\/wp-content\/themes\/accor\/assets\/images\/sprite.svg#btn-arrow-white\"><\/use>\n\t\t\t\t\t\t\t\t<\/svg>\n\t\t\t\t\t\t\t<\/span>\n\t\t\t\t\t\t<\/a>\n\t\t\t\t\t<\/div>\n\t\t\t\t\t\t\t\t\t\t<div class=\"splide__slide col-lg-4 col-xl-4 mb-lg-6\">\n\t\t\t\t\t\t<a href=\"https:\/\/myallmeeting.com\/fr\/destination\/paris-un-ecrin-de-lumiere-pour-un-evenement-professionnel-inoubliable\/\" class=\"card-listing-exhaustif-destinations text-decoration-none link-primary text-end lh-xs d-flex flex-column align-items-end h-100\">\n\t\t\t\t\t\t\t\t\t\t\t\t\t\t<span class=\"card-listing-exhaustif-destinations__img d-block ratio ratio-16x9 overflow-hidden\">\n\t\t\t\t\t\t\t\t<img decoding=\"async\" src=\"https:\/\/myallmeeting.com\/wp-content\/uploads\/2018\/04\/MAM-baner-1920x570-2024-12-10T112107.710-616x387.png\" alt=\"\" width=\"616\" height=\"387\" loading=\"lazy\" \/>\t\t\t\t\t\t\t\n\t\t\t\t\t\t\t<\/span>\n\t\t\t\t\t\t\t\t\t\t\t\t\t\t\t\t\t\t\t\t\t<span class=\"card-listing-exhaustif-destinations__content flex-grow-1 d-block bg-white position-relative\">\n\t\t\t\t\t\t\t\t\t\t\t\t\t\t\t\t\t\t\t\t\t\t\t\t<span class=\"d-block unna fs-24 fs-lg-28 fs-xl-32 fs-xxl-36 mb-1\">Paris : un \u00e9crin de lumi\u00e8re pour un \u00e9v\u00e9nement professionnel inoubliable<\/span>\n\t\t\t\t\t\t\t\t\t\t\t\t\t\t\t\t\t\t\t\t\t\t\t\t<span class=\"d-block fs-10 fs-lg-11 fs-xl-12 fs-xxl-14 text-black\">Venez visiter la Ville Lumi\u00e8re, la ville des JO 2024, la ville de l\u2019amour mais surtout, un lieu id\u00e9al pour votre \u00e9v\u00e8nement professionnel.<\/span>\n\t\t\t\t\t\t\t\t\t\t\t\t\t\t\t<\/span>\n\t\t\t\t\t\t\t\t\t\t\t\t\t\t<span class=\"btn btn-primary btn-hover-translate-right d-inline-flex justify-content-center justify-content-lg-start gap-2 gap-lg-1 z-1\">\n\t\t\t\t\t\t\t\t<span>\n\t\t\t\t\t\t\t\t\tD\u00e9couvrir\t\t\t\t\t\t\t\t<\/span>\n\t\t\t\t\t\t\t\t<svg width=\"15\" height=\"20\" aria-hidden=\"true\">\n\t\t\t\t\t\t\t\t\t<use xlink:href=\"https:\/\/myallmeeting.com\/wp-content\/themes\/accor\/assets\/images\/sprite.svg#btn-arrow-white\"><\/use>\n\t\t\t\t\t\t\t\t<\/svg>\n\t\t\t\t\t\t\t<\/span>\n\t\t\t\t\t\t<\/a>\n\t\t\t\t\t<\/div>\n\t\t\t\t\t\t\t\t\t\t<div class=\"splide__slide col-lg-4 col-xl-4 mb-lg-6\">\n\t\t\t\t\t\t<a href=\"https:\/\/myallmeeting.com\/fr\/destination\/roissy-decollage-imminent-pour-une-reunion-de-haut-vol\/\" class=\"card-listing-exhaustif-destinations text-decoration-none link-primary text-end lh-xs d-flex flex-column align-items-end h-100\">\n\t\t\t\t\t\t\t\t\t\t\t\t\t\t<span class=\"card-listing-exhaustif-destinations__img d-block ratio ratio-16x9 overflow-hidden\">\n\t\t\t\t\t\t\t\t<img decoding=\"async\" src=\"https:\/\/myallmeeting.com\/wp-content\/uploads\/2018\/04\/MAM-baner-1920x570-2024-12-13T163455.881-616x387.png\" alt=\"\" width=\"616\" height=\"387\" loading=\"lazy\" \/>\t\t\t\t\t\t\t\n\t\t\t\t\t\t\t<\/span>\n\t\t\t\t\t\t\t\t\t\t\t\t\t\t\t\t\t\t\t\t\t<span class=\"card-listing-exhaustif-destinations__content flex-grow-1 d-block bg-white position-relative\">\n\t\t\t\t\t\t\t\t\t\t\t\t\t\t\t\t\t\t\t\t\t\t\t\t<span class=\"d-block unna fs-24 fs-lg-28 fs-xl-32 fs-xxl-36 mb-1\">Roissy : d\u00e9collage imminent pour une r\u00e9union de haut vol<\/span>\n\t\t\t\t\t\t\t\t\t\t\t\t\t\t\t\t\t\t\t\t\t\t\t\t<span class=\"d-block fs-10 fs-lg-11 fs-xl-12 fs-xxl-14 text-black\">D\u00e9couvrez Roissy, un petit village devenu l\u2019un des plus gros hubs a\u00e9roportuaires du monde<\/span>\n\t\t\t\t\t\t\t\t\t\t\t\t\t\t\t<\/span>\n\t\t\t\t\t\t\t\t\t\t\t\t\t\t<span class=\"btn btn-primary btn-hover-translate-right d-inline-flex justify-content-center justify-content-lg-start gap-2 gap-lg-1 z-1\">\n\t\t\t\t\t\t\t\t<span>\n\t\t\t\t\t\t\t\t\tD\u00e9couvrir\t\t\t\t\t\t\t\t<\/span>\n\t\t\t\t\t\t\t\t<svg width=\"15\" height=\"20\" aria-hidden=\"true\">\n\t\t\t\t\t\t\t\t\t<use xlink:href=\"https:\/\/myallmeeting.com\/wp-content\/themes\/accor\/assets\/images\/sprite.svg#btn-arrow-white\"><\/use>\n\t\t\t\t\t\t\t\t<\/svg>\n\t\t\t\t\t\t\t<\/span>\n\t\t\t\t\t\t<\/a>\n\t\t\t\t\t<\/div>\n\t\t\t\t\t\t\t\t\t\t<div class=\"splide__slide col-lg-4 col-xl-4 mb-lg-6\">\n\t\t\t\t\t\t<a href=\"https:\/\/myallmeeting.com\/fr\/destination\/lyon-le-carrefour-ideal-pour-vos-evenements-dentreprises\/\" class=\"card-listing-exhaustif-destinations text-decoration-none link-primary text-end lh-xs d-flex flex-column align-items-end h-100\">\n\t\t\t\t\t\t\t\t\t\t\t\t\t\t<span class=\"card-listing-exhaustif-destinations__img d-block ratio ratio-16x9 overflow-hidden\">\n\t\t\t\t\t\t\t\t<img decoding=\"async\" src=\"https:\/\/myallmeeting.com\/wp-content\/uploads\/2018\/04\/MAM-baner-1920x570-2024-12-10T114257.803-616x387.png\" alt=\"\" width=\"616\" height=\"387\" loading=\"lazy\" \/>\t\t\t\t\t\t\t\n\t\t\t\t\t\t\t<\/span>\n\t\t\t\t\t\t\t\t\t\t\t\t\t\t\t\t\t\t\t\t\t<span class=\"card-listing-exhaustif-destinations__content flex-grow-1 d-block bg-white position-relative\">\n\t\t\t\t\t\t\t\t\t\t\t\t\t\t\t\t\t\t\t\t\t\t\t\t<span class=\"d-block unna fs-24 fs-lg-28 fs-xl-32 fs-xxl-36 mb-1\">Lyon : le carrefour id\u00e9al pour vos \u00e9v\u00e9nements d\u2019entreprises<\/span>\n\t\t\t\t\t\t\t\t\t\t\t\t\t\t\t\t\t\t\t\t\t\t\t\t<span class=\"d-block fs-10 fs-lg-11 fs-xl-12 fs-xxl-14 text-black\">D\u00e9couvrez les atouts de Lyon, une ville incontournable pour vos \u00e9v\u00e8nements<\/span>\n\t\t\t\t\t\t\t\t\t\t\t\t\t\t\t<\/span>\n\t\t\t\t\t\t\t\t\t\t\t\t\t\t<span class=\"btn btn-primary btn-hover-translate-right d-inline-flex justify-content-center justify-content-lg-start gap-2 gap-lg-1 z-1\">\n\t\t\t\t\t\t\t\t<span>\n\t\t\t\t\t\t\t\t\tD\u00e9couvrir\t\t\t\t\t\t\t\t<\/span>\n\t\t\t\t\t\t\t\t<svg width=\"15\" height=\"20\" aria-hidden=\"true\">\n\t\t\t\t\t\t\t\t\t<use xlink:href=\"https:\/\/myallmeeting.com\/wp-content\/themes\/accor\/assets\/images\/sprite.svg#btn-arrow-white\"><\/use>\n\t\t\t\t\t\t\t\t<\/svg>\n\t\t\t\t\t\t\t<\/span>\n\t\t\t\t\t\t<\/a>\n\t\t\t\t\t<\/div>\n\t\t\t\t\t\t\t\t\t\t<div class=\"splide__slide col-lg-4 col-xl-4 mb-lg-6\">\n\t\t\t\t\t\t<a href=\"https:\/\/myallmeeting.com\/fr\/destination\/marseille-la-meilleure-destination-pour-une-reunion-au-bord-de-mer\/\" class=\"card-listing-exhaustif-destinations text-decoration-none link-primary text-end lh-xs d-flex flex-column align-items-end h-100\">\n\t\t\t\t\t\t\t\t\t\t\t\t\t\t<span class=\"card-listing-exhaustif-destinations__img d-block ratio ratio-16x9 overflow-hidden\">\n\t\t\t\t\t\t\t\t<img decoding=\"async\" src=\"https:\/\/myallmeeting.com\/wp-content\/uploads\/2018\/04\/MAM-baner-1920x570-44-616x387.png\" alt=\"\" width=\"616\" height=\"387\" loading=\"lazy\" \/>\t\t\t\t\t\t\t\n\t\t\t\t\t\t\t<\/span>\n\t\t\t\t\t\t\t\t\t\t\t\t\t\t\t\t\t\t\t\t\t<span class=\"card-listing-exhaustif-destinations__content flex-grow-1 d-block bg-white position-relative\">\n\t\t\t\t\t\t\t\t\t\t\t\t\t\t\t\t\t\t\t\t\t\t\t\t<span class=\"d-block unna fs-24 fs-lg-28 fs-xl-32 fs-xxl-36 mb-1\">Marseille : la meilleure destination pour une r\u00e9union au bord de mer<\/span>\n\t\t\t\t\t\t\t\t\t\t\t\t\t\t\t\t\t\t\t\t\t\t\t\t<span class=\"d-block fs-10 fs-lg-11 fs-xl-12 fs-xxl-14 text-black\">Ses calanques, son ensoleillement, le Vieux-Port\u2026 Marseille offre un des plus beaux d\u00e9cors en France pour organiser une r\u00e9union d\u2019entreprise.\n<\/span>\n\t\t\t\t\t\t\t\t\t\t\t\t\t\t\t<\/span>\n\t\t\t\t\t\t\t\t\t\t\t\t\t\t<span class=\"btn btn-primary btn-hover-translate-right d-inline-flex justify-content-center justify-content-lg-start gap-2 gap-lg-1 z-1\">\n\t\t\t\t\t\t\t\t<span>\n\t\t\t\t\t\t\t\t\tD\u00e9couvrir\t\t\t\t\t\t\t\t<\/span>\n\t\t\t\t\t\t\t\t<svg width=\"15\" height=\"20\" aria-hidden=\"true\">\n\t\t\t\t\t\t\t\t\t<use xlink:href=\"https:\/\/myallmeeting.com\/wp-content\/themes\/accor\/assets\/images\/sprite.svg#btn-arrow-white\"><\/use>\n\t\t\t\t\t\t\t\t<\/svg>\n\t\t\t\t\t\t\t<\/span>\n\t\t\t\t\t\t<\/a>\n\t\t\t\t\t<\/div>\n\t\t\t\t\t\t\t\t\t\t\t\t<\/div>\n\t\t<\/div>\n\t<\/div>\n\t\t\t<div class=\"text-center position-absolute l-0 b-0 w-100 d-none d-lg-block\">\n\t\t<a href=\"#\" class=\"listing-exhaustif-destinations__more fs-lg-14 fw-medium lh-1 link-secondary underline-hover d-inline-flex align-items-center gap-1 py-2 px-4 px-lg-9\">\n\t\t\t<svg width=\"15\" height=\"15\" aria-hidden=\"true\">\n\t\t\t\t<use xlink:href=\"https:\/\/myallmeeting.com\/wp-content\/themes\/accor\/assets\/images\/sprite.svg#link-plus-secondary\"><\/use>\n\t\t\t<\/svg>\n\t\t\t<span>Voir toutes les destinations<\/span>\n\t\t<\/a>\n\t<\/div>\n\t<\/div>\n<!-- END OF : Composant : block-periscope-theme-section-composant-39-listing-exhaustif-destinations.php -->\n\n\n<!-- START OF : Composant : block-periscope-theme-section-composant-05-moteur.php -->\n\n\n<input type=\"hidden\" id=\"search-engine.search_url\" value=\"https:\/\/myallmeeting.com\/fr\/votre-projet\/#search-engine\" \/>\n<input type=\"hidden\" id=\"search-engine.anchor\" value=\"search-engine\" \/>\n<input type=\"hidden\" id=\"search-engine.gmaps_token\" value=\"AIzaSyDB40FZ7x-OURCjwxt35ll3WogU24K_hyE\" \/>\n<input type=\"hidden\" id=\"search-engine.language_code\" value=\"fr,en\" \/>\n<input type=\"hidden\" id=\"search-engine.language_code_2\" value=\"fr\" \/>\n<input type=\"hidden\" id=\"search-engine.filter_ids\" value=\"B0M9,B1R5,B4C3,B2Q4,B825,B3F7,B580,B6A5,B9U8,2192,B6F6,B2L7,B664,8565,B0P4,0450,6189,6514,0449,0456,7325,1103,2948,0652,2947,1055,0341,6238,1098,0802,2949,1810,1541,7363,1623,1621,1508,1281,8866,8954,8996,9057,9131,9336,9441,9547,9627,9680,7563,8017,8018,8274,8321,8329,8331,8342,8350,8657,5391,5396,5432,5560,5563,5622,6154,6455,6495,6515,6995,7060,3720,3737,3656,5341,3667,5347,5374,5389,5390,3383,3385,3390,7942,3280,3303,3320,3372,3374,0527,3376,3377,2898,2924,2939,2940,3127,2004,2109,2122,8189,A0D3,7327,A9A2,B2W9,A1B8,9400,9417,8582,8215,B0I0,7019,1215,1292,0446,1978,1213,0402,2945,5060,7076,0343,1952,5654,3133,2731,5275,0452,3546,0382,0433,0392,1834,4987,3013,0906,0669,1143,0565,0935,0412,0785,0419,1783,1139,7229,6513,8505,0389,1177,5650,0423,0418,0383,0393,0394,0911,0431,0444,0965,9013,0440,1536,0436,0403,0438,2190,9734,6188,1245,0363,0549,1788,0375,1627,1985,0376,1122,6357,0977,A072,1614,1572,0370,1585,3004,2951,3448,7360,0345,1233,1148\" \/>\n<input type=\"hidden\" id=\"search-engine.display_mode\" value=\"pre-filtered-block\" \/>\n\n<input type=\"hidden\" id=\"search-engine.aid\" value=\"\" \/>\n<input type=\"hidden\" id=\"search-engine.address\" value=\"\" \/>\n<input type=\"hidden\" id=\"search-engine.distance\" value=\"\" \/>\n<input type=\"hidden\" id=\"search-engine.nb_persons\" value=\"\" \/>\n<input type=\"hidden\" id=\"search-engine.nb_meeting\" value=\"\" \/>\n<input type=\"hidden\" id=\"search-engine.nb_rooms\" value=\"\" \/>\n<input type=\"hidden\" id=\"search-engine.date\" value=\"\" \/>\n<input type=\"hidden\" id=\"search-engine.duration\" value=\"\" \/>\n\n<div id=\"search\" class=\"eventsearch\" data-component=\"05-moteur-recherche-event\">\n\t<div class=\"container\">\n\t\t<div class=\"row\">\n\t\t\t<div class=\"px-0 ms-auto me-auto\" style=\"max-width:1546px\">\n\t\t\t\t<div class=\"bg-transparent mb-0 rounded-5 py-2 px-0 px-sm-3 p-lg-4\">\n\t\t\t\t\t<div id=\"search-engine\" class =\"pre-filtered-block\"><\/div>\n\t\t\t\t<\/div>\n\t\t\t<\/div>\n\t\t<\/div>\n\t<\/div>\n<\/div>\n<!--<div>PHP processing Time: 0.037303924560547<\/div>!-->\n<!-- END OF : Composant : block-periscope-theme-section-composant-05-moteur.php -->\n\n\n<!-- START OF : Composant : block-periscope-theme-section-composant-14-carte-resultats.php -->\n<input type=\"hidden\" id=\"map.data-map-key\" value=\"AIzaSyDB40FZ7x-OURCjwxt35ll3WogU24K_hyE\">\n<input type=\"hidden\" id=\"map.data-map-language\" value=\"fr,en\">\n<div id=\"search-map-results\" data-load-mode=\"asynchronous\"><\/div>\n<div class=\"modal fade\" id=\"hotel-popin\">\n\t<div class=\"modal-dialog\">\n\t\t<div class=\"modal-inner\">\n\t\t\t<div class=\"modal-header\">\n\t\t\t\t<button type=\"button\" class=\"close\" data-bs-dismiss=\"modal\">\n\t\t\t\t\t<svg width=\"16\" height=\"16\" aria-hidden=\"true\">\n\t\t\t\t\t\t<use xlink:href=\"https:\/\/myallmeeting.com\/wp-content\/themes\/accor\/assets\/images\/sprite.svg#btn-close-white\"><\/use>\n\t\t\t\t\t<\/svg>\n\t\t\t\t\t<span>Fermer<\/span>\n\t\t\t\t<\/button>\n\t\t\t<\/div>\n\t\t\t<div class=\"modal-body\"><\/div>\n\t\t<\/div>\n\t<\/div>\n<\/div>\n<!-- END OF : Composant : block-periscope-theme-section-composant-14-carte-resultats.php -->\n","protected":false},"excerpt":{"rendered":"<p>Trouvez l&rsquo;inspiration pour votre prochain s\u00e9minaire, incentive, \u00e9v\u00e8nement&#8230;<\/p>\n","protected":false},"author":1,"featured_media":16046492,"parent":0,"menu_order":0,"comment_status":"closed","ping_status":"closed","template":"template-carrefour-destinations.php","meta":{"_acf_changed":false,"footnotes":""},"class_list":["post-15423896","page","type-page","status-publish","has-post-thumbnail","hentry"],"acf":[],"yoast_head":"<title>S\u00e9minaire d&#039;entreprise partout en France et en Europe<\/title>\n<meta name=\"description\" content=\"Vous cherchez un lieu d&#039;exception pour votre prochain s\u00e9minaire d&#039;entreprise ? Nous vous accueillons partout en France au sein de nos \u00e9tablissements.\" \/>\n<meta name=\"robots\" content=\"index, follow, max-snippet:-1, max-image-preview:large, max-video-preview:-1\" \/>\n<link rel=\"canonical\" href=\"https:\/\/myallmeeting.com\/fr\/wp-json\/wp\/v2\/pages\/15423896\" \/>\n<meta property=\"og:locale\" content=\"fr_FR\" \/>\n<meta property=\"og:type\" content=\"article\" \/>\n<meta property=\"og:title\" content=\"S\u00e9minaire d&#039;entreprise partout en France et en Europe\" \/>\n<meta property=\"og:description\" content=\"Vous cherchez un lieu d&#039;exception pour votre prochain s\u00e9minaire d&#039;entreprise ? Nous vous accueillons partout en France au sein de nos \u00e9tablissements.\" \/>\n<meta property=\"og:url\" content=\"https:\/\/myallmeeting.com\/fr\/carrefour-destinations\/\" \/>\n<meta property=\"og:site_name\" content=\"Accor MyAllMeeting.com\" \/>\n<meta property=\"article:modified_time\" content=\"2024-07-16T07:27:51+00:00\" \/>\n<meta property=\"og:image\" content=\"https:\/\/myallmeeting.com\/wp-content\/uploads\/2024\/07\/Votre-destination.png\" \/>\n\t<meta property=\"og:image:width\" content=\"1920\" \/>\n\t<meta property=\"og:image:height\" content=\"570\" \/>\n\t<meta property=\"og:image:type\" content=\"image\/png\" \/>\n<meta name=\"twitter:card\" content=\"summary_large_image\" \/>\n<meta name=\"twitter:label1\" content=\"Dur\u00e9e de lecture estim\u00e9e\" \/>\n\t<meta name=\"twitter:data1\" content=\"1 minute\" \/>\n<script type=\"application\/ld+json\" class=\"yoast-schema-graph\">{\"@context\":\"https:\/\/schema.org\",\"@graph\":[{\"@type\":\"WebPage\",\"@id\":\"https:\/\/myallmeeting.com\/fr\/carrefour-destinations\/\",\"url\":\"https:\/\/myallmeeting.com\/fr\/carrefour-destinations\/\",\"name\":\"S\u00e9minaire d'entreprise partout en France et en Europe\",\"isPartOf\":{\"@id\":\"https:\/\/www.myallmeeting.com\/fr\/#website\"},\"primaryImageOfPage\":{\"@id\":\"https:\/\/myallmeeting.com\/fr\/carrefour-destinations\/#primaryimage\"},\"image\":{\"@id\":\"https:\/\/myallmeeting.com\/fr\/carrefour-destinations\/#primaryimage\"},\"thumbnailUrl\":\"https:\/\/myallmeeting.com\/wp-content\/uploads\/2024\/07\/Votre-destination.png\",\"datePublished\":\"2024-04-11T09:49:42+00:00\",\"dateModified\":\"2024-07-16T07:27:51+00:00\",\"description\":\"Vous cherchez un lieu d'exception pour votre prochain s\u00e9minaire d'entreprise ? Nous vous accueillons partout en France au sein de nos \u00e9tablissements.\",\"breadcrumb\":{\"@id\":\"https:\/\/myallmeeting.com\/fr\/carrefour-destinations\/#breadcrumb\"},\"inLanguage\":\"fr-FR\",\"potentialAction\":[{\"@type\":\"ReadAction\",\"target\":[\"https:\/\/myallmeeting.com\/fr\/carrefour-destinations\/\"]}]},{\"@type\":\"ImageObject\",\"inLanguage\":\"fr-FR\",\"@id\":\"https:\/\/myallmeeting.com\/fr\/carrefour-destinations\/#primaryimage\",\"url\":\"https:\/\/myallmeeting.com\/wp-content\/uploads\/2024\/07\/Votre-destination.png\",\"contentUrl\":\"https:\/\/myallmeeting.com\/wp-content\/uploads\/2024\/07\/Votre-destination.png\",\"width\":1920,\"height\":570},{\"@type\":\"BreadcrumbList\",\"@id\":\"https:\/\/myallmeeting.com\/fr\/carrefour-destinations\/#breadcrumb\",\"itemListElement\":[{\"@type\":\"ListItem\",\"position\":1,\"name\":\"Accueil\",\"item\":\"https:\/\/myallmeeting.com\/fr\/\"},{\"@type\":\"ListItem\",\"position\":2,\"name\":\"Votre destination\"}]},{\"@type\":\"WebSite\",\"@id\":\"https:\/\/www.myallmeeting.com\/fr\/#website\",\"url\":\"https:\/\/www.myallmeeting.com\/fr\/\",\"name\":\"Accor MyAllMeeting.com\",\"description\":\"Les Meilleurs lieux pour vos Ev\u00e9nements Professionnels\",\"publisher\":{\"@id\":\"https:\/\/www.myallmeeting.com\/fr\/#organization\"},\"potentialAction\":[{\"@type\":\"SearchAction\",\"target\":{\"@type\":\"EntryPoint\",\"urlTemplate\":\"https:\/\/www.myallmeeting.com\/fr\/?s={search_term_string}\"},\"query-input\":{\"@type\":\"PropertyValueSpecification\",\"valueRequired\":true,\"valueName\":\"search_term_string\"}}],\"inLanguage\":\"fr-FR\"},{\"@type\":\"Organization\",\"@id\":\"https:\/\/www.myallmeeting.com\/fr\/#organization\",\"name\":\"ACCOR\",\"url\":\"https:\/\/www.myallmeeting.com\/fr\/\",\"logo\":{\"@type\":\"ImageObject\",\"inLanguage\":\"fr-FR\",\"@id\":\"https:\/\/www.myallmeeting.com\/fr\/#\/schema\/logo\/image\/\",\"url\":\"\",\"contentUrl\":\"\",\"caption\":\"ACCOR\"},\"image\":{\"@id\":\"https:\/\/www.myallmeeting.com\/fr\/#\/schema\/logo\/image\/\"}}]}<\/script>","yoast_head_json":{"title":"S\u00e9minaire d'entreprise partout en France et en Europe","description":"Vous cherchez un lieu d'exception pour votre prochain s\u00e9minaire d'entreprise ? Nous vous accueillons partout en France au sein de nos \u00e9tablissements.","robots":{"index":"index","follow":"follow","max-snippet":"max-snippet:-1","max-image-preview":"max-image-preview:large","max-video-preview":"max-video-preview:-1"},"canonical":"https:\/\/myallmeeting.com\/fr\/wp-json\/wp\/v2\/pages\/15423896","og_locale":"fr_FR","og_type":"article","og_title":"S\u00e9minaire d'entreprise partout en France et en Europe","og_description":"Vous cherchez un lieu d'exception pour votre prochain s\u00e9minaire d'entreprise ? Nous vous accueillons partout en France au sein de nos \u00e9tablissements.","og_url":"https:\/\/myallmeeting.com\/fr\/carrefour-destinations\/","og_site_name":"Accor MyAllMeeting.com","article_modified_time":"2024-07-16T07:27:51+00:00","og_image":[{"width":1920,"height":570,"url":"https:\/\/myallmeeting.com\/wp-content\/uploads\/2024\/07\/Votre-destination.png","type":"image\/png"}],"twitter_card":"summary_large_image","twitter_misc":{"Dur\u00e9e de lecture estim\u00e9e":"1 minute"},"schema":{"@context":"https:\/\/schema.org","@graph":[{"@type":"WebPage","@id":"https:\/\/myallmeeting.com\/fr\/carrefour-destinations\/","url":"https:\/\/myallmeeting.com\/fr\/carrefour-destinations\/","name":"S\u00e9minaire d'entreprise partout en France et en Europe","isPartOf":{"@id":"https:\/\/www.myallmeeting.com\/fr\/#website"},"primaryImageOfPage":{"@id":"https:\/\/myallmeeting.com\/fr\/carrefour-destinations\/#primaryimage"},"image":{"@id":"https:\/\/myallmeeting.com\/fr\/carrefour-destinations\/#primaryimage"},"thumbnailUrl":"https:\/\/myallmeeting.com\/wp-content\/uploads\/2024\/07\/Votre-destination.png","datePublished":"2024-04-11T09:49:42+00:00","dateModified":"2024-07-16T07:27:51+00:00","description":"Vous cherchez un lieu d'exception pour votre prochain s\u00e9minaire d'entreprise ? Nous vous accueillons partout en France au sein de nos \u00e9tablissements.","breadcrumb":{"@id":"https:\/\/myallmeeting.com\/fr\/carrefour-destinations\/#breadcrumb"},"inLanguage":"fr-FR","potentialAction":[{"@type":"ReadAction","target":["https:\/\/myallmeeting.com\/fr\/carrefour-destinations\/"]}]},{"@type":"ImageObject","inLanguage":"fr-FR","@id":"https:\/\/myallmeeting.com\/fr\/carrefour-destinations\/#primaryimage","url":"https:\/\/myallmeeting.com\/wp-content\/uploads\/2024\/07\/Votre-destination.png","contentUrl":"https:\/\/myallmeeting.com\/wp-content\/uploads\/2024\/07\/Votre-destination.png","width":1920,"height":570},{"@type":"BreadcrumbList","@id":"https:\/\/myallmeeting.com\/fr\/carrefour-destinations\/#breadcrumb","itemListElement":[{"@type":"ListItem","position":1,"name":"Accueil","item":"https:\/\/myallmeeting.com\/fr\/"},{"@type":"ListItem","position":2,"name":"Votre destination"}]},{"@type":"WebSite","@id":"https:\/\/www.myallmeeting.com\/fr\/#website","url":"https:\/\/www.myallmeeting.com\/fr\/","name":"Accor MyAllMeeting.com","description":"Les Meilleurs lieux pour vos Ev\u00e9nements Professionnels","publisher":{"@id":"https:\/\/www.myallmeeting.com\/fr\/#organization"},"potentialAction":[{"@type":"SearchAction","target":{"@type":"EntryPoint","urlTemplate":"https:\/\/www.myallmeeting.com\/fr\/?s={search_term_string}"},"query-input":{"@type":"PropertyValueSpecification","valueRequired":true,"valueName":"search_term_string"}}],"inLanguage":"fr-FR"},{"@type":"Organization","@id":"https:\/\/www.myallmeeting.com\/fr\/#organization","name":"ACCOR","url":"https:\/\/www.myallmeeting.com\/fr\/","logo":{"@type":"ImageObject","inLanguage":"fr-FR","@id":"https:\/\/www.myallmeeting.com\/fr\/#\/schema\/logo\/image\/","url":"","contentUrl":"","caption":"ACCOR"},"image":{"@id":"https:\/\/www.myallmeeting.com\/fr\/#\/schema\/logo\/image\/"}}]}},"_links":{"self":[{"href":"https:\/\/myallmeeting.com\/fr\/wp-json\/wp\/v2\/pages\/15423896","targetHints":{"allow":["GET"]}}],"collection":[{"href":"https:\/\/myallmeeting.com\/fr\/wp-json\/wp\/v2\/pages"}],"about":[{"href":"https:\/\/myallmeeting.com\/fr\/wp-json\/wp\/v2\/types\/page"}],"author":[{"embeddable":true,"href":"https:\/\/myallmeeting.com\/fr\/wp-json\/wp\/v2\/users\/1"}],"replies":[{"embeddable":true,"href":"https:\/\/myallmeeting.com\/fr\/wp-json\/wp\/v2\/comments?post=15423896"}],"version-history":[{"count":0,"href":"https:\/\/myallmeeting.com\/fr\/wp-json\/wp\/v2\/pages\/15423896\/revisions"}],"wp:featuredmedia":[{"embeddable":true,"href":"https:\/\/myallmeeting.com\/fr\/wp-json\/wp\/v2\/media\/16046492"}],"wp:attachment":[{"href":"https:\/\/myallmeeting.com\/fr\/wp-json\/wp\/v2\/media?parent=15423896"}],"curies":[{"name":"wp","href":"https:\/\/api.w.org\/{rel}","templated":true}]}}