{"id":15227053,"date":"2018-04-23T10:03:23","date_gmt":"2018-04-23T08:03:23","guid":{"rendered":"https:\/\/myallmeeting.com\/fr\/destination\/lyon-le-carrefour-ideal-pour-vos-evenements-dentreprises\/"},"modified":"2024-12-10T11:50:30","modified_gmt":"2024-12-10T10:50:30","slug":"lyon-le-carrefour-ideal-pour-vos-evenements-dentreprises","status":"publish","type":"desti","link":"https:\/\/myallmeeting.com\/fr\/destination\/lyon-le-carrefour-ideal-pour-vos-evenements-dentreprises\/","title":{"rendered":"Lyon : le carrefour id\u00e9al pour vos \u00e9v\u00e9nements d\u2019entreprises"},"content":{"rendered":"<!-- START OF : Composant : block-periscope-theme-section-composant-25-texte-cta-2-images.php -->\n<div class=\"tcta2ia bg-white fs-wysiwyg mb-lg-12\" data-component=\"25-texte-cta-2-images\">\n\t<div class=\"tcta2ia__top\">\n\t\t<div class=\"container-fluid\" style=\"--bs-gutter-x: 0\">\n\t\t\t<div class=\"row\" style=\"--bs-gutter-x: 0\">\n\t\t\t\t<div class=\"col-lg-8\">\n\t\t\t\t\t\t\t\t\t\t<div class=\"bloc-mise-en-avant__top__left\">\n\t\t\t\t\t\t<img decoding=\"async\" src=\"https:\/\/myallmeeting.com\/wp-content\/uploads\/2018\/04\/aja_p_6837-59__original-1268x846.jpeg\" class=\"pe-2 pe-lg-0\" width=\"1268\" height=\"846\" alt=\"\" loading=\"lazy\" \/>\n\t\t\t\t\t<\/div>\n\t\t\t\t\t\t\t\t\t\t<div class=\"tcta2ia__bottom d-none d-lg-block pb-12 pt-lg-9 pb-lg-0 pe-lg-10\">\n\t\t\t\t\t\t\t\t\t\t\t\t<h2 class=\"fs-20 fs-lg-32 fw-semibold\">Accessibilit\u00e9<\/h2>\n\t\t\t\t\t\t\t\t\t\t\t\t\t\t\t\t\t\t<div class=\"fs-wysiwyg\"><p>Jamais d\u00e9mentie depuis l\u2019Antiquit\u00e9 \u00e0 l\u2019\u00e9poque o\u00f9 Lugdunum \u00e9tait la capitale des Gaules, Lyon b\u00e9n\u00e9ficie d\u2019une excellente localisation.<\/p>\n<p>\u00c0 deux heures de Paris, Gen\u00e8ve ou Turin, la ville est desservie par l\u2019a\u00e9roport international Saint-Exup\u00e9ry, trois gares de TGV et cinq autoroutes. Un acc\u00e8s exceptionnel qui fait de Lyon un carrefour id\u00e9al pour organiser un \u00e9v\u00e9nement professionnel \u00e0 l\u2019\u00e9chelle nationale.<\/p>\n<\/div>\n\t\t\t\t\t\t\t\t\t\t\t\t<div class=\"d-flex flex-column flex-lg-row align-items-center gap-5 gap-lg-8 justify-content-between\">\n\t\t\t\t\t\t\t<div class=\"fs-20 fs-lg-26 fw-semibold lh-xs\"><\/div>\n\t\t\t\t\t\t\t\t\t\t\t\t\t<\/div>\n\t\t\t\t\t<\/div>\n\t\t\t\t<\/div>\n\t\t\t\t<div class=\"col-lg-4\">\n\t\t\t\t\t<div class=\"tcta2ia__top__right t-0 r-0 bg-primary text-white pt-4 pb-4 px-2 pt-lg-8 pb-lg-16 px-lg-11 pb-xl-30\">\n\t\t\t\t\t\t\t\t\t\t\t\t\t\t\t\t\t\t<h2 class=\"unna fs-36 fs-lg-51 fs-xl-75 fs-italic fw-normal text-secondary\">Lyon : le carrefour id\u00e9al pour vos \u00e9v\u00e9nements d\u2019entreprises<\/h2>\n\t\t\t\t\t\t\t\t\t\t\t\t\t\t\t\t\t\t<h3 class=\"text-white fs-18 fs-lg-20 fs-xl-28 text-original-case\">Lyon, 2e p\u00f4le \u00e9conomique et 2e ville de congr\u00e8s en France apr\u00e8s Paris, accueille chaque ann\u00e9e une quarantaine de macro-\u00e9v\u00e9nements et une centaine de salons<\/h3>\n\t\t\t\t\t\t\t\t\t\t\t\t\t\t\t\t\t\t<div class=\"fs-wysiwyg mb-4 fs-lg-16 fs-xl-20\"><p>Des organismes tels que l\u2019Institut Aspen, la Fondation Scientifique de Lyon et du Sud-Est ou la Fondation M\u00e9rieux, contribuent eux aussi \u00e0 faire de Lyon un lieu de pr\u00e9dilection pour l\u2019organisation d\u2019\u00e9v\u00e9nements professionnels majeurs. Et le quartier de Lyon-Part-Dieu est le second plus grand quartier d\u2019affaires apr\u00e8s La D\u00e9fense en \u00cele-de-France. Le tout au sein d\u2019une ville historique fond\u00e9e en 43 av. J-C sur la colline de Fourvi\u00e8re, class\u00e9e au patrimoine mondial de l\u2019Unesco. Et c\u00e9l\u00e8bre pour \u00eatre le berceau du \u00ab pape de la gastronomie fran\u00e7aise \u00bb, Paul Bocuse, ainsi que pour ses fameux \u00ab bouchons \u00bb o\u00f9 l\u2019on peut d\u00e9guster le classique tablier de sapeur, des quenelles ou encore un gourmand gratin de cardons.<\/p>\n<\/div>\n\t\t\t\t\t\t\t\t\t\t\t\t\t\t\t\t\t\t\t\t\t\t\t\t<p class=\"m-0\"><img decoding=\"async\" src=\"https:\/\/myallmeeting.com\/wp-content\/uploads\/2018\/04\/aja_p_7011-35__original-633x398.jpeg\" class=\"position-relative l-0\" width=\"633\" height=\"398\" alt=\"\" loading=\"lazy\" \/><\/p>\n\t\t\t\t\t\t\t\t\t\t\t<\/div>\n\t\t\t\t<\/div>\n\t\t\t<\/div>\n\t\t<\/div>\n\t<\/div>\n\t<div class=\"tcta2ia__bottom d-lg-none pb-12 py-lg-9 pe-lg-10\">\n\t\t\t\t<div class=\"h2 fs-20 fs-lg-32 fw-semibold\">Accessibilit\u00e9<\/div>\n\t\t\t\t\t\t<div class=\"fs-wysiwyg\"><p>Jamais d\u00e9mentie depuis l\u2019Antiquit\u00e9 \u00e0 l\u2019\u00e9poque o\u00f9 Lugdunum \u00e9tait la capitale des Gaules, Lyon b\u00e9n\u00e9ficie d\u2019une excellente localisation.<\/p>\n<p>\u00c0 deux heures de Paris, Gen\u00e8ve ou Turin, la ville est desservie par l\u2019a\u00e9roport international Saint-Exup\u00e9ry, trois gares de TGV et cinq autoroutes. Un acc\u00e8s exceptionnel qui fait de Lyon un carrefour id\u00e9al pour organiser un \u00e9v\u00e9nement professionnel \u00e0 l\u2019\u00e9chelle nationale.<\/p>\n<\/div>\n\t\t\t\t<div class=\"d-flex flex-column flex-lg-row align-items-center gap-5 gap-lg-8 justify-content-between\">\n\t\t\t<div class=\"fs-20 fs-lg-26 fw-semibold lh-xs\"><\/div>\n\t\t\t\t\t<\/div>\n\t<\/div>\n<\/div>\n<!-- END OF : Composant : block-periscope-theme-section-composant-25-texte-cta-2-images.php -->\n\n\n<!-- START OF : Composant : block-periscope-theme-section-composant-26-textes-slider-cta.php -->\n<div class=\"t3icta bg-white pb-12 mb-9 fs-wysiwyg\" data-component=\"26-textes-3-images-cta\">\n\t<div class=\"t3icta__top position-relative\">\n\t\t<div class=\"container-fluid\" style=\"--bs-gutter-x: 0\">\n\t\t\t<div class=\"row\" style=\"--bs-gutter-x: 0\">\n\t\t\t\t\t\t\t\t<div class=\"col-lg-6\">\n\t\t\t\t\t<div class=\"t3icta__slider\">\n\t\t\t\t\t\t<div class=\"splide\">\n\t\t\t\t\t\t\t<div class=\"splide__track\">\n\t\t\t\t\t\t\t\t<div class=\"splide__list\">\n\t\t\t\t\t\t\t\t\t\t\t\t\t\t\t\t\t\t\t<div class=\"splide__slide\">\n\t\t\t\t\t\t\t\t\t\t\t<img decoding=\"async\" src=\"https:\/\/myallmeeting.com\/wp-content\/uploads\/2018\/04\/aja_p_6837-60__original-953x600.jpeg\" width=\"953\" height=\"600\" alt=\"\" loading=\"lazy\" \/>\n\t\t\t\t\t\t\t\t\t\t<\/div>\n\t\t\t\t\t\t\t\t\t\t\t\t\t\t\t\t\t\n\t\t\t\t\t\t\t\t<\/div>\n\t\t\t\t\t\t\t<\/div>\n\t\t\t\t\t\t\t<div class=\"splide__arrows d-none d-lg-block\">\n\t\t\t\t\t\t\t\t<button class=\"splide__arrow splide__arrow--prev px-lg-3 py-lg-4 px-xl-4 py-xl-5 px-xxl-5 py-xxl-7 position-absolute l-0 bg-white border-0\">\n\t\t\t\t\t\t\t\t\t<svg width=\"14\" height=\"27\" aria-hidden=\"true\">\n\t\t\t\t\t\t\t\t\t\t<use xlink:href=\"https:\/\/myallmeeting.com\/wp-content\/themes\/accor\/assets\/images\/sprite.svg#slider-prev\"><\/use>\n\t\t\t\t\t\t\t\t\t<\/svg>\n\t\t\t\t\t\t\t\t<\/button>\n\t\t\t\t\t\t\t\t<button class=\"splide__arrow splide__arrow--next px-lg-3 py-lg-4 px-xl-4 py-xl-5 px-xxl-5 py-xxl-7 position-absolute r-0 bg-white border-0\">\n\t\t\t\t\t\t\t\t\t<svg width=\"14\" height=\"27\" aria-hidden=\"true\">\n\t\t\t\t\t\t\t\t\t\t<use xlink:href=\"https:\/\/myallmeeting.com\/wp-content\/themes\/accor\/assets\/images\/sprite.svg#slider-prev\"><\/use>\n\t\t\t\t\t\t\t\t\t<\/svg>\n\t\t\t\t\t\t\t\t<\/button>\n\t\t\t\t\t\t\t<\/div>\n\t\t\t\t\t\t<\/div>\n\t\t\t\t\t<\/div>\n\t\t\t\t<\/div>\n\t\t\t\t\t\t\t\t<div class=\"col-lg-6\">\n\t\t\t\t\t<div class=\"t3icta__top_right mb-lg-14 px-2 py-9 px-lg-11 py-lg-0\">\n\t\t\t\t\t\t\t\n\t\t\t\t\t\t<h2 class=\"fs-20 fs-lg-23 fs-xl-27 fs-xxl-30 fw-semibold\">Le r\u00e9seau Accor \u00e0 Lyon<\/h2>\n\t\t\t\t\t\t\t\t\t\t\t\t\t\n\t\t\t\t\t\t<div class=\"fs-wysiwyg\">\n\t\t\t\t\t\t\t<p>Entre Lyon et sa proche banlieue, le r\u00e9seau Accor dispose de 47 h\u00f4tels. Une gamme vari\u00e9e de marques \u00e9conomiques avec 11 ibis, 5 ibis Styles, 1 greet, 6 ibis Budget et 3 HotelF1\u00a0; premium avec 1 Pullman, luxe avec le Sofitel Lyon Bellecour et les MGallery Royal Lyon et Carlton Lyon, mais aussi lifestyle avec nos adresses sign\u00e9es Ennysmore avec le Mama Shelter Lyon.<\/p>\n<p>Des h\u00f4tels qui mettent \u00e0 votre disposition des prestations compl\u00e8tes pour l\u2019accueil et la r\u00e9ussite de tous types d\u2019\u00e9v\u00e9nements\u00a0: r\u00e9union, s\u00e9minaire, lancement de produit, journ\u00e9e d\u2019\u00e9tudes, workshop, h\u00e9bergement de vos groupes professionnels\u2026<\/p>\n\t\t\t\t\t\t<\/div>\n\t\t\t\t\t\t\t\t\t\t\t<\/div>\n\t\t\t\t<\/div>\n\t\t\t<\/div>\n\t\t<\/div>\n\t<\/div>\n\t<div class=\"t3icta__bottom bg-beige\">\n\t\t<div class=\"container-fluid\" style=\"--bs-gutter-x: 0\">\n\t\t\t<div class=\"row\" style=\"--bs-gutter-x: 0\">\n\t\t\t\t<div class=\"col-lg-5 offset-lg-1\">\n\t\t\t\t\t<div class=\"t3icta__bottom__left\">\n\t\t\t\t\t\t\t\t\t\t\t\t<img decoding=\"async\" src=\"https:\/\/myallmeeting.com\/wp-content\/uploads\/2018\/04\/aja_p_1471-02__original-633x398.jpeg\" class=\"w-100 d-lg-none\" width=\"633\" height=\"398\" alt=\"\" loading=\"lazy\" \/> <!-- Ce sont les 2 m\u00eames images : ID 0 -->\n\t\t\t\t\t\t\t\t\t\t\t\t<div class=\"px-2 py-9 px-lg-0 py-lg-0\">\n\t\t\t\t\t\t\t\t\n\t\t\t\t\t\t\t<h2 class=\"fs-20 fs-lg-23 fs-xl-27 fs-xxl-30 fw-semibold\">Id\u00e9es d\u2019incentives \u00e0 Lyon<\/h2>\n\t\t\t\t\t\t\t\t\t\t\t\t\t\t\t\n\t\t\t\t\t\t\t<div class=\"fs-wysiwyg mb-lg-15\">\n\t\t\t\t\t\t\t\t<p>Que diriez-vous de voir la ville sous un tout autre angle en descendant la Sa\u00f4ne en kayak\u00a0? Un moment sportif mais surtout amusant \u00e0 partager avec vos coll\u00e8gues. Organis\u00e9e sous forme de descente classique, suivez les conseils des guides sp\u00e9cialis\u00e9s et offrez-vous une balade sur la plus grande rivi\u00e8re de Lyon. D\u00e9couvrez \u00e9galement les monuments historiques de la ville remplis d\u2019histoires. \u00c0 la fin de cette balade, le kayak n\u2019aura plus de secrets pour vous.<\/p>\n<p>Vous pouvez \u00e9galement profiter des beaux jours pour organiser un tournoi de p\u00e9tanque dans divers lieux insolites comme le boulodrome, les parcs et places publiques. Choisissez le lieu que vous pr\u00e9f\u00e9rez et partager un moment d\u00e9tente et de rigolade avec vos coll\u00e8gues.<\/p>\n\t\t\t\t\t\t\t<\/div>\n\t\t\t\t\t\t\t\t\t\t\t\t\t<\/div>\n\t\t\t\t\t\t\t\t\t\t\t\t<div class=\"t3icta__bottom__img1 d-none d-lg-block text-end ms-lg-auto\">\n\t\t\t\t\t\t\t<img decoding=\"async\" src=\"https:\/\/myallmeeting.com\/wp-content\/uploads\/2018\/04\/aja_p_1471-02__original-633x398.jpeg\" width=\"633\" height=\"398\" alt=\"\" loading=\"lazy\" \/> <!-- Ce sont les 2 m\u00eames images : ID 1 -->\n\t\t\t\t\t\t<\/div>\n\t\t\t\t\t\t\t\t\t\t\t<\/div>\n\t\t\t\t<\/div>\n\t\t\t\t<div class=\"col-lg-5\">\n\t\t\t\t\t<div class=\"ps-lg-10\">\n\t\t\t\t\t\t\t\t\t\t\t\t<img decoding=\"async\" src=\"https:\/\/myallmeeting.com\/wp-content\/uploads\/2018\/04\/aja_p_0790-27__original-633x398.jpeg\" class=\"t3icta__bottom__img0 position-relative d-none d-lg-block mb-15\" width=\"633\" height=\"398\" alt=\"\" loading=\"lazy\" \/> <!-- Ce sont les 2 m\u00eames images : ID 0 -->\n\t\t\t\t\t\t\t\t\t\t\t\t<div class=\"px-2 px-lg-0 mb-9\">\n\t\t\t\t\t\t\t\t\n\t\t\t\t\t\t\t<h2 class=\"fs-20 fs-lg-23 fs-xl-27 fs-xxl-30 fw-semibold\">Une culture gastronomique<\/h2>\n\t\t\t\t\t\t\t\t\t\t\t\t\t\t\t\t\t\t\t\t\t<div class=\"fs-wysiwyg\">\n\t\t\t\t\t\t\t\t<p>Pour les plus gourmands, vous aurez le choix d\u2019organiser une randonn\u00e9e d\u00e9gustation au c\u0153ur du massif des Monts d\u2019Or accompagn\u00e9 d\u2019un guide. Laissez-vous surprendre avec cette activit\u00e9 alliant \u00e0 la fois nature et gastronomie. Prenez un grand bol d\u2019air et d\u2019oxyg\u00e8ne avec cette activit\u00e9 en pleine nature et laissez-vous charmer par les sp\u00e9cialit\u00e9s du terroir lyonnais (rosette, saucisse de Lyon, vins locaux, etc.). Un moment id\u00e9al \u00e0 partager avec vos collaborateurs dans un milieu calme, naturel et pr\u00e9serv\u00e9.<\/p>\n\t\t\t\t\t\t\t<\/div>\n\t\t\t\t\t\t\t\t\t\t\t\t\t<\/div>\n\t\t\t\t\t\t\t\t\t\t\t\t<div class=\"t3icta__bottom__img1 d-lg-none mx-auto\">\n\t\t\t\t\t\t\t<img decoding=\"async\" src=\"https:\/\/myallmeeting.com\/wp-content\/uploads\/2018\/04\/aja_p_0790-27__original-633x398.jpeg\" width=\"633\" height=\"398\" alt=\"\" loading=\"lazy\" \/> <!-- Ce sont les 2 m\u00eames images : ID 1 -->\n\t\t\t\t\t\t<\/div>\n\t\t\t\t\t\t\t\t\t\t\t<\/div>\n\t\t\t\t<\/div>\n\t\t\t<\/div>\n\t\t<\/div>\n\t<\/div>\n\t<\/div>\n<!-- END OF : Composant : block-periscope-theme-section-composant-26-textes-slider-cta.php -->\n","protected":false},"excerpt":{"rendered":"<p>D\u00e9couvrez les atouts de Lyon, une ville incontournable pour vos \u00e9v\u00e8nements<\/p>\n","protected":false},"featured_media":17046060,"menu_order":0,"template":"","ville":[],"periscope_lieu_tax":[],"class_list":["post-15227053","desti","type-desti","status-publish","has-post-thumbnail","hentry"],"acf":[],"yoast_head":"<title>Lyon : le carrefour id\u00e9al pour vos \u00e9v\u00e9nements d\u2019entreprises - Accor MyAllMeeting.com<\/title>\n<meta name=\"robots\" content=\"index, follow, max-snippet:-1, max-image-preview:large, max-video-preview:-1\" \/>\n<link rel=\"canonical\" href=\"https:\/\/myallmeeting.com\/fr\/wp-json\/wp\/v2\/desti\/15227053\" \/>\n<meta property=\"og:locale\" content=\"fr_FR\" \/>\n<meta property=\"og:type\" content=\"article\" \/>\n<meta property=\"og:title\" content=\"Lyon : le carrefour id\u00e9al pour vos \u00e9v\u00e9nements d\u2019entreprises - Accor MyAllMeeting.com\" \/>\n<meta property=\"og:description\" content=\"D\u00e9couvrez les atouts de Lyon, une ville incontournable pour vos \u00e9v\u00e8nements\" \/>\n<meta property=\"og:url\" content=\"https:\/\/myallmeeting.com\/fr\/destination\/lyon-le-carrefour-ideal-pour-vos-evenements-dentreprises\/\" \/>\n<meta property=\"og:site_name\" content=\"Accor MyAllMeeting.com\" \/>\n<meta property=\"article:modified_time\" content=\"2024-12-10T10:50:30+00:00\" \/>\n<meta property=\"og:image\" content=\"http:\/\/myallmeeting.com\/wp-content\/uploads\/2018\/04\/MAM-baner-1920x570-2024-12-10T114257.803-1024x304.png\" \/>\n\t<meta property=\"og:image:width\" content=\"1024\" \/>\n\t<meta property=\"og:image:height\" content=\"304\" \/>\n\t<meta property=\"og:image:type\" content=\"image\/png\" \/>\n<meta name=\"twitter:card\" content=\"summary_large_image\" \/>\n<meta name=\"twitter:label1\" content=\"Dur\u00e9e de lecture estim\u00e9e\" \/>\n\t<meta name=\"twitter:data1\" content=\"4 minutes\" \/>\n<script type=\"application\/ld+json\" class=\"yoast-schema-graph\">{\"@context\":\"https:\/\/schema.org\",\"@graph\":[{\"@type\":\"WebPage\",\"@id\":\"https:\/\/myallmeeting.com\/fr\/destination\/lyon-le-carrefour-ideal-pour-vos-evenements-dentreprises\/\",\"url\":\"https:\/\/myallmeeting.com\/fr\/destination\/lyon-le-carrefour-ideal-pour-vos-evenements-dentreprises\/\",\"name\":\"Lyon : le carrefour id\u00e9al pour vos \u00e9v\u00e9nements d\u2019entreprises - Accor MyAllMeeting.com\",\"isPartOf\":{\"@id\":\"https:\/\/www.myallmeeting.com\/fr\/#website\"},\"primaryImageOfPage\":{\"@id\":\"https:\/\/myallmeeting.com\/fr\/destination\/lyon-le-carrefour-ideal-pour-vos-evenements-dentreprises\/#primaryimage\"},\"image\":{\"@id\":\"https:\/\/myallmeeting.com\/fr\/destination\/lyon-le-carrefour-ideal-pour-vos-evenements-dentreprises\/#primaryimage\"},\"thumbnailUrl\":\"https:\/\/myallmeeting.com\/wp-content\/uploads\/2018\/04\/MAM-baner-1920x570-2024-12-10T114257.803.png\",\"datePublished\":\"2018-04-23T08:03:23+00:00\",\"dateModified\":\"2024-12-10T10:50:30+00:00\",\"breadcrumb\":{\"@id\":\"https:\/\/myallmeeting.com\/fr\/destination\/lyon-le-carrefour-ideal-pour-vos-evenements-dentreprises\/#breadcrumb\"},\"inLanguage\":\"fr-FR\",\"potentialAction\":[{\"@type\":\"ReadAction\",\"target\":[\"https:\/\/myallmeeting.com\/fr\/destination\/lyon-le-carrefour-ideal-pour-vos-evenements-dentreprises\/\"]}]},{\"@type\":\"ImageObject\",\"inLanguage\":\"fr-FR\",\"@id\":\"https:\/\/myallmeeting.com\/fr\/destination\/lyon-le-carrefour-ideal-pour-vos-evenements-dentreprises\/#primaryimage\",\"url\":\"https:\/\/myallmeeting.com\/wp-content\/uploads\/2018\/04\/MAM-baner-1920x570-2024-12-10T114257.803.png\",\"contentUrl\":\"https:\/\/myallmeeting.com\/wp-content\/uploads\/2018\/04\/MAM-baner-1920x570-2024-12-10T114257.803.png\",\"width\":1920,\"height\":570},{\"@type\":\"BreadcrumbList\",\"@id\":\"https:\/\/myallmeeting.com\/fr\/destination\/lyon-le-carrefour-ideal-pour-vos-evenements-dentreprises\/#breadcrumb\",\"itemListElement\":[{\"@type\":\"ListItem\",\"position\":1,\"name\":\"Accueil\",\"item\":\"https:\/\/myallmeeting.com\/fr\/\"},{\"@type\":\"ListItem\",\"position\":2,\"name\":\"Destination\",\"item\":\"https:\/\/myallmeeting.com\/fr\/destination\/\"},{\"@type\":\"ListItem\",\"position\":3,\"name\":\"Lyon : le carrefour id\u00e9al pour vos \u00e9v\u00e9nements d\u2019entreprises\"}]},{\"@type\":\"WebSite\",\"@id\":\"https:\/\/www.myallmeeting.com\/fr\/#website\",\"url\":\"https:\/\/www.myallmeeting.com\/fr\/\",\"name\":\"Accor MyAllMeeting.com\",\"description\":\"Les Meilleurs lieux pour vos Ev\u00e9nements Professionnels\",\"publisher\":{\"@id\":\"https:\/\/www.myallmeeting.com\/fr\/#organization\"},\"potentialAction\":[{\"@type\":\"SearchAction\",\"target\":{\"@type\":\"EntryPoint\",\"urlTemplate\":\"https:\/\/www.myallmeeting.com\/fr\/?s={search_term_string}\"},\"query-input\":{\"@type\":\"PropertyValueSpecification\",\"valueRequired\":true,\"valueName\":\"search_term_string\"}}],\"inLanguage\":\"fr-FR\"},{\"@type\":\"Organization\",\"@id\":\"https:\/\/www.myallmeeting.com\/fr\/#organization\",\"name\":\"ACCOR\",\"url\":\"https:\/\/www.myallmeeting.com\/fr\/\",\"logo\":{\"@type\":\"ImageObject\",\"inLanguage\":\"fr-FR\",\"@id\":\"https:\/\/www.myallmeeting.com\/fr\/#\/schema\/logo\/image\/\",\"url\":\"\",\"contentUrl\":\"\",\"caption\":\"ACCOR\"},\"image\":{\"@id\":\"https:\/\/www.myallmeeting.com\/fr\/#\/schema\/logo\/image\/\"}}]}<\/script>","yoast_head_json":{"title":"Lyon : le carrefour id\u00e9al pour vos \u00e9v\u00e9nements d\u2019entreprises - Accor MyAllMeeting.com","robots":{"index":"index","follow":"follow","max-snippet":"max-snippet:-1","max-image-preview":"max-image-preview:large","max-video-preview":"max-video-preview:-1"},"canonical":"https:\/\/myallmeeting.com\/fr\/wp-json\/wp\/v2\/desti\/15227053","og_locale":"fr_FR","og_type":"article","og_title":"Lyon : le carrefour id\u00e9al pour vos \u00e9v\u00e9nements d\u2019entreprises - Accor MyAllMeeting.com","og_description":"D\u00e9couvrez les atouts de Lyon, une ville incontournable pour vos \u00e9v\u00e8nements","og_url":"https:\/\/myallmeeting.com\/fr\/destination\/lyon-le-carrefour-ideal-pour-vos-evenements-dentreprises\/","og_site_name":"Accor MyAllMeeting.com","article_modified_time":"2024-12-10T10:50:30+00:00","og_image":[{"width":1024,"height":304,"url":"http:\/\/myallmeeting.com\/wp-content\/uploads\/2018\/04\/MAM-baner-1920x570-2024-12-10T114257.803-1024x304.png","type":"image\/png"}],"twitter_card":"summary_large_image","twitter_misc":{"Dur\u00e9e de lecture estim\u00e9e":"4 minutes"},"schema":{"@context":"https:\/\/schema.org","@graph":[{"@type":"WebPage","@id":"https:\/\/myallmeeting.com\/fr\/destination\/lyon-le-carrefour-ideal-pour-vos-evenements-dentreprises\/","url":"https:\/\/myallmeeting.com\/fr\/destination\/lyon-le-carrefour-ideal-pour-vos-evenements-dentreprises\/","name":"Lyon : le carrefour id\u00e9al pour vos \u00e9v\u00e9nements d\u2019entreprises - Accor MyAllMeeting.com","isPartOf":{"@id":"https:\/\/www.myallmeeting.com\/fr\/#website"},"primaryImageOfPage":{"@id":"https:\/\/myallmeeting.com\/fr\/destination\/lyon-le-carrefour-ideal-pour-vos-evenements-dentreprises\/#primaryimage"},"image":{"@id":"https:\/\/myallmeeting.com\/fr\/destination\/lyon-le-carrefour-ideal-pour-vos-evenements-dentreprises\/#primaryimage"},"thumbnailUrl":"https:\/\/myallmeeting.com\/wp-content\/uploads\/2018\/04\/MAM-baner-1920x570-2024-12-10T114257.803.png","datePublished":"2018-04-23T08:03:23+00:00","dateModified":"2024-12-10T10:50:30+00:00","breadcrumb":{"@id":"https:\/\/myallmeeting.com\/fr\/destination\/lyon-le-carrefour-ideal-pour-vos-evenements-dentreprises\/#breadcrumb"},"inLanguage":"fr-FR","potentialAction":[{"@type":"ReadAction","target":["https:\/\/myallmeeting.com\/fr\/destination\/lyon-le-carrefour-ideal-pour-vos-evenements-dentreprises\/"]}]},{"@type":"ImageObject","inLanguage":"fr-FR","@id":"https:\/\/myallmeeting.com\/fr\/destination\/lyon-le-carrefour-ideal-pour-vos-evenements-dentreprises\/#primaryimage","url":"https:\/\/myallmeeting.com\/wp-content\/uploads\/2018\/04\/MAM-baner-1920x570-2024-12-10T114257.803.png","contentUrl":"https:\/\/myallmeeting.com\/wp-content\/uploads\/2018\/04\/MAM-baner-1920x570-2024-12-10T114257.803.png","width":1920,"height":570},{"@type":"BreadcrumbList","@id":"https:\/\/myallmeeting.com\/fr\/destination\/lyon-le-carrefour-ideal-pour-vos-evenements-dentreprises\/#breadcrumb","itemListElement":[{"@type":"ListItem","position":1,"name":"Accueil","item":"https:\/\/myallmeeting.com\/fr\/"},{"@type":"ListItem","position":2,"name":"Destination","item":"https:\/\/myallmeeting.com\/fr\/destination\/"},{"@type":"ListItem","position":3,"name":"Lyon : le carrefour id\u00e9al pour vos \u00e9v\u00e9nements d\u2019entreprises"}]},{"@type":"WebSite","@id":"https:\/\/www.myallmeeting.com\/fr\/#website","url":"https:\/\/www.myallmeeting.com\/fr\/","name":"Accor MyAllMeeting.com","description":"Les Meilleurs lieux pour vos Ev\u00e9nements Professionnels","publisher":{"@id":"https:\/\/www.myallmeeting.com\/fr\/#organization"},"potentialAction":[{"@type":"SearchAction","target":{"@type":"EntryPoint","urlTemplate":"https:\/\/www.myallmeeting.com\/fr\/?s={search_term_string}"},"query-input":{"@type":"PropertyValueSpecification","valueRequired":true,"valueName":"search_term_string"}}],"inLanguage":"fr-FR"},{"@type":"Organization","@id":"https:\/\/www.myallmeeting.com\/fr\/#organization","name":"ACCOR","url":"https:\/\/www.myallmeeting.com\/fr\/","logo":{"@type":"ImageObject","inLanguage":"fr-FR","@id":"https:\/\/www.myallmeeting.com\/fr\/#\/schema\/logo\/image\/","url":"","contentUrl":"","caption":"ACCOR"},"image":{"@id":"https:\/\/www.myallmeeting.com\/fr\/#\/schema\/logo\/image\/"}}]}},"_links":{"self":[{"href":"https:\/\/myallmeeting.com\/fr\/wp-json\/wp\/v2\/desti\/15227053","targetHints":{"allow":["GET"]}}],"collection":[{"href":"https:\/\/myallmeeting.com\/fr\/wp-json\/wp\/v2\/desti"}],"about":[{"href":"https:\/\/myallmeeting.com\/fr\/wp-json\/wp\/v2\/types\/desti"}],"wp:featuredmedia":[{"embeddable":true,"href":"https:\/\/myallmeeting.com\/fr\/wp-json\/wp\/v2\/media\/17046060"}],"wp:attachment":[{"href":"https:\/\/myallmeeting.com\/fr\/wp-json\/wp\/v2\/media?parent=15227053"}],"wp:term":[{"taxonomy":"ville","embeddable":true,"href":"https:\/\/myallmeeting.com\/fr\/wp-json\/wp\/v2\/ville?post=15227053"},{"taxonomy":"periscope_lieu_tax","embeddable":true,"href":"https:\/\/myallmeeting.com\/fr\/wp-json\/wp\/v2\/periscope_lieu_tax?post=15227053"}],"curies":[{"name":"wp","href":"https:\/\/api.w.org\/{rel}","templated":true}]}}