{"id":15227051,"date":"2018-04-23T11:25:03","date_gmt":"2018-04-23T09:25:03","guid":{"rendered":"https:\/\/myallmeeting.com\/fr\/destination\/paris-un-ecrin-de-lumiere-pour-un-evenement-professionnel-inoubliable\/"},"modified":"2024-12-10T11:28:27","modified_gmt":"2024-12-10T10:28:27","slug":"paris-un-ecrin-de-lumiere-pour-un-evenement-professionnel-inoubliable","status":"publish","type":"desti","link":"https:\/\/myallmeeting.com\/fr\/destination\/paris-un-ecrin-de-lumiere-pour-un-evenement-professionnel-inoubliable\/","title":{"rendered":"Paris : un \u00e9crin de lumi\u00e8re pour un \u00e9v\u00e9nement professionnel inoubliable"},"content":{"rendered":"<!-- START OF : Composant : block-periscope-theme-section-composant-25-texte-cta-2-images.php -->\n<div class=\"tcta2ia bg-white fs-wysiwyg mb-lg-12\" data-component=\"25-texte-cta-2-images\">\n\t<div class=\"tcta2ia__top\">\n\t\t<div class=\"container-fluid\" style=\"--bs-gutter-x: 0\">\n\t\t\t<div class=\"row\" style=\"--bs-gutter-x: 0\">\n\t\t\t\t<div class=\"col-lg-8\">\n\t\t\t\t\t\t\t\t\t\t<div class=\"bloc-mise-en-avant__top__left\">\n\t\t\t\t\t\t<img decoding=\"async\" src=\"https:\/\/myallmeeting.com\/wp-content\/uploads\/2018\/04\/aja_p_6802-48__original-1268x846.jpeg\" class=\"pe-2 pe-lg-0\" width=\"1268\" height=\"846\" alt=\"\" loading=\"lazy\" \/>\n\t\t\t\t\t<\/div>\n\t\t\t\t\t\t\t\t\t\t<div class=\"tcta2ia__bottom d-none d-lg-block pb-12 pt-lg-9 pb-lg-0 pe-lg-10\">\n\t\t\t\t\t\t\t\t\t\t\t\t<h2 class=\"fs-20 fs-lg-32 fw-semibold\">Accessibilit\u00e9<\/h2>\n\t\t\t\t\t\t\t\t\t\t\t\t\t\t\t\t\t\t<div class=\"fs-wysiwyg\"><p>Situ\u00e9e au carrefour des \u00e9changes europ\u00e9ens et mondiaux, l\u2019\u00cele-de-France est la premi\u00e8re r\u00e9gion \u00e9conomique fran\u00e7aise et l\u2019une des premi\u00e8res au niveau europ\u00e9en. Compos\u00e9e de 8 d\u00e9partements, elle accueille plus de 12 millions d\u2019habitants. Gr\u00e2ce \u00e0 la densit\u00e9 de ses r\u00e9seaux ferroviaire, routier et a\u00e9rien, Paris s\u2019impose comme la premi\u00e8re destination pour l\u2019organisation de n\u2019importe quel type d\u2019\u00e9v\u00e9nement professionnel\u00a0: convention, s\u00e9minaire, congr\u00e8s, etc.<\/p>\n<\/div>\n\t\t\t\t\t\t\t\t\t\t\t\t<div class=\"d-flex flex-column flex-lg-row align-items-center gap-5 gap-lg-8 justify-content-between\">\n\t\t\t\t\t\t\t<div class=\"fs-20 fs-lg-26 fw-semibold lh-xs\"><\/div>\n\t\t\t\t\t\t\t\t\t\t\t\t\t<\/div>\n\t\t\t\t\t<\/div>\n\t\t\t\t<\/div>\n\t\t\t\t<div class=\"col-lg-4\">\n\t\t\t\t\t<div class=\"tcta2ia__top__right t-0 r-0 bg-primary text-white pt-4 pb-4 px-2 pt-lg-8 pb-lg-16 px-lg-11 pb-xl-30\">\n\t\t\t\t\t\t\t\t\t\t\t\t\t\t\t\t\t\t<h2 class=\"unna fs-36 fs-lg-51 fs-xl-75 fs-italic fw-normal text-secondary\">Paris : un \u00e9crin de lumi\u00e8re pour un \u00e9v\u00e9nement professionnel inoubliable<\/h2>\n\t\t\t\t\t\t\t\t\t\t\t\t\t\t\t\t\t\t<h3 class=\"text-white fs-18 fs-lg-20 fs-xl-28 text-original-case\">Paris, Ville Lumi\u00e8re, fait partie du top 10 des villes les plus visit\u00e9es au monde depuis de nombreuses ann\u00e9es. <\/h3>\n\t\t\t\t\t\t\t\t\t\t\t\t\t\t\t\t\t\t<div class=\"fs-wysiwyg mb-4 fs-lg-16 fs-xl-20\"><p>Malgr\u00e9 la pollution, les gr\u00e8ves et\u2026 le caract\u00e8re peu avenant des Parisiens, la capitale ne perd rien de sa superbe et de son attractivit\u00e9. Ville d\u2019Histoire, de culture ou encore de sport, avec l\u2019accueil des JO 2024 dont Accor est partenaire officiel, le tr\u00f4ne de la Dame de fer reste le phare de l\u2019Hexagone.<\/p>\n<\/div>\n\t\t\t\t\t\t\t\t\t\t\t\t\t\t\t\t\t\t\t\t\t\t\t\t<p class=\"m-0\"><img decoding=\"async\" src=\"https:\/\/myallmeeting.com\/wp-content\/uploads\/2018\/04\/aja_p_6837-78__original-633x398.jpeg\" class=\"position-relative l-0\" width=\"633\" height=\"398\" alt=\"\" loading=\"lazy\" \/><\/p>\n\t\t\t\t\t\t\t\t\t\t\t<\/div>\n\t\t\t\t<\/div>\n\t\t\t<\/div>\n\t\t<\/div>\n\t<\/div>\n\t<div class=\"tcta2ia__bottom d-lg-none pb-12 py-lg-9 pe-lg-10\">\n\t\t\t\t<div class=\"h2 fs-20 fs-lg-32 fw-semibold\">Accessibilit\u00e9<\/div>\n\t\t\t\t\t\t<div class=\"fs-wysiwyg\"><p>Situ\u00e9e au carrefour des \u00e9changes europ\u00e9ens et mondiaux, l\u2019\u00cele-de-France est la premi\u00e8re r\u00e9gion \u00e9conomique fran\u00e7aise et l\u2019une des premi\u00e8res au niveau europ\u00e9en. Compos\u00e9e de 8 d\u00e9partements, elle accueille plus de 12 millions d\u2019habitants. Gr\u00e2ce \u00e0 la densit\u00e9 de ses r\u00e9seaux ferroviaire, routier et a\u00e9rien, Paris s\u2019impose comme la premi\u00e8re destination pour l\u2019organisation de n\u2019importe quel type d\u2019\u00e9v\u00e9nement professionnel\u00a0: convention, s\u00e9minaire, congr\u00e8s, etc.<\/p>\n<\/div>\n\t\t\t\t<div class=\"d-flex flex-column flex-lg-row align-items-center gap-5 gap-lg-8 justify-content-between\">\n\t\t\t<div class=\"fs-20 fs-lg-26 fw-semibold lh-xs\"><\/div>\n\t\t\t\t\t<\/div>\n\t<\/div>\n<\/div>\n<!-- END OF : Composant : block-periscope-theme-section-composant-25-texte-cta-2-images.php -->\n\n\n<!-- START OF : Composant : block-periscope-theme-section-composant-26-textes-slider-cta.php -->\n<div class=\"t3icta bg-white pb-12 mb-9 fs-wysiwyg\" data-component=\"26-textes-3-images-cta\">\n\t<div class=\"t3icta__top position-relative\">\n\t\t<div class=\"container-fluid\" style=\"--bs-gutter-x: 0\">\n\t\t\t<div class=\"row\" style=\"--bs-gutter-x: 0\">\n\t\t\t\t\t\t\t\t<div class=\"col-lg-6\">\n\t\t\t\t\t<div class=\"t3icta__slider\">\n\t\t\t\t\t\t<div class=\"splide\">\n\t\t\t\t\t\t\t<div class=\"splide__track\">\n\t\t\t\t\t\t\t\t<div class=\"splide__list\">\n\t\t\t\t\t\t\t\t\t\t\t\t\t\t\t\t\t\t\t<div class=\"splide__slide\">\n\t\t\t\t\t\t\t\t\t\t\t<img decoding=\"async\" src=\"https:\/\/myallmeeting.com\/wp-content\/uploads\/2018\/04\/aja_p_7046-31__original-953x600.jpeg\" width=\"953\" height=\"600\" alt=\"\" loading=\"lazy\" \/>\n\t\t\t\t\t\t\t\t\t\t<\/div>\n\t\t\t\t\t\t\t\t\t\t\t\t\t\t\t\t\t\n\t\t\t\t\t\t\t\t<\/div>\n\t\t\t\t\t\t\t<\/div>\n\t\t\t\t\t\t\t<div class=\"splide__arrows d-none d-lg-block\">\n\t\t\t\t\t\t\t\t<button class=\"splide__arrow splide__arrow--prev px-lg-3 py-lg-4 px-xl-4 py-xl-5 px-xxl-5 py-xxl-7 position-absolute l-0 bg-white border-0\">\n\t\t\t\t\t\t\t\t\t<svg width=\"14\" height=\"27\" aria-hidden=\"true\">\n\t\t\t\t\t\t\t\t\t\t<use xlink:href=\"https:\/\/myallmeeting.com\/wp-content\/themes\/accor\/assets\/images\/sprite.svg#slider-prev\"><\/use>\n\t\t\t\t\t\t\t\t\t<\/svg>\n\t\t\t\t\t\t\t\t<\/button>\n\t\t\t\t\t\t\t\t<button class=\"splide__arrow splide__arrow--next px-lg-3 py-lg-4 px-xl-4 py-xl-5 px-xxl-5 py-xxl-7 position-absolute r-0 bg-white border-0\">\n\t\t\t\t\t\t\t\t\t<svg width=\"14\" height=\"27\" aria-hidden=\"true\">\n\t\t\t\t\t\t\t\t\t\t<use xlink:href=\"https:\/\/myallmeeting.com\/wp-content\/themes\/accor\/assets\/images\/sprite.svg#slider-prev\"><\/use>\n\t\t\t\t\t\t\t\t\t<\/svg>\n\t\t\t\t\t\t\t\t<\/button>\n\t\t\t\t\t\t\t<\/div>\n\t\t\t\t\t\t<\/div>\n\t\t\t\t\t<\/div>\n\t\t\t\t<\/div>\n\t\t\t\t\t\t\t\t<div class=\"col-lg-6\">\n\t\t\t\t\t<div class=\"t3icta__top_right mb-lg-14 px-2 py-9 px-lg-11 py-lg-0\">\n\t\t\t\t\t\t\t\n\t\t\t\t\t\t<h2 class=\"fs-20 fs-lg-23 fs-xl-27 fs-xxl-30 fw-semibold\">Le r\u00e9seau Accor \u00e0 Paris<\/h2>\n\t\t\t\t\t\t\t\t\t\t\t\t\t\n\t\t\t\t\t\t<div class=\"fs-wysiwyg\">\n\t\t\t\t\t\t\t<p>Accor vous propose 291 h\u00f4tels \u00e0 Paris pour satisfaire toutes vos envies lors de votre prochain \u00e9v\u00e8nement. R\u00e9partis dans la capitale, ces \u00e9tablissements sont de tous types\u00a0: 12 h\u00f4tels dans la cat\u00e9gorie <em>Luxury <\/em>avec 1 Raffles, 4 Sofitel et 7 MGallery\u00a0; 8 h\u00f4tels <em>lifestyle <\/em>by Ennismore avec 1 25hours Hotel, 1 Delano, 2 JO&amp;JOE, 3 Mama Shelter et 1 SO\/ ; 4 h\u00f4tels Pullman dans la cat\u00e9gorie <em>Premium\u00a0<\/em>; 118 h\u00f4tels <em>Midscale <\/em>avec 1 Handwritten Collection, 25 Novotel, 51 Mercure, 4 Tribe et 37 Adagio\u00a0; 149 h\u00f4tels <em>Economy <\/em>avec 60 ibis, 47 ibis Styles, 4 greet, 31 ibis Budget et 7 HotelF1.<\/p>\n\t\t\t\t\t\t<\/div>\n\t\t\t\t\t\t\t\t\t\t\t<\/div>\n\t\t\t\t<\/div>\n\t\t\t<\/div>\n\t\t<\/div>\n\t<\/div>\n\t<div class=\"t3icta__bottom bg-beige\">\n\t\t<div class=\"container-fluid\" style=\"--bs-gutter-x: 0\">\n\t\t\t<div class=\"row\" style=\"--bs-gutter-x: 0\">\n\t\t\t\t<div class=\"col-lg-5 offset-lg-1\">\n\t\t\t\t\t<div class=\"t3icta__bottom__left\">\n\t\t\t\t\t\t\t\t\t\t\t\t<img decoding=\"async\" src=\"https:\/\/myallmeeting.com\/wp-content\/uploads\/2018\/04\/aja_p_6771-74__original-1-633x398.jpeg\" class=\"w-100 d-lg-none\" width=\"633\" height=\"398\" alt=\"\" loading=\"lazy\" \/> <!-- Ce sont les 2 m\u00eames images : ID 0 -->\n\t\t\t\t\t\t\t\t\t\t\t\t<div class=\"px-2 py-9 px-lg-0 py-lg-0\">\n\t\t\t\t\t\t\t\t\n\t\t\t\t\t\t\t<h2 class=\"fs-20 fs-lg-23 fs-xl-27 fs-xxl-30 fw-semibold\">Id\u00e9es d\u2019incentives \u00e0 Paris<\/h2>\n\t\t\t\t\t\t\t\t\t\t\t\t\t\t\t\n\t\t\t\t\t\t\t<div class=\"fs-wysiwyg mb-lg-15\">\n\t\t\t\t\t\t\t\t<p>Les activit\u00e9s <em>incentives\u00a0<\/em>ne manquent pas \u00e0 Paris. Avec plus de 150 mus\u00e9es et de nombreux lieux charg\u00e9s d\u2019histoire qui ouvrent souvent leurs portes aux \u00e9v\u00e9nements d\u2019entreprise pour des visites priv\u00e9es, notre ch\u00e8re Ville Lumi\u00e8re est avant tout un centre culturel unique.<\/p>\n<p>Pour les plus courageux et aventuriers, vous aurez l\u2019occasion de revisiter Montmartre \u00e0 travers l\u2019organisation d\u2019un escape game dans les rues autour de la Basilique du Sacr\u00e9-C\u0153ur. Vous disposerez de 2 h pour aider un artiste ayant trouv\u00e9 un carnet datant de la R\u00e9volution fran\u00e7aise \u00e0 d\u00e9chiffrer les codes et l\u2019aider \u00e0 retrouver le tr\u00e9sor cach\u00e9 sous la butte Montmartre.<\/p>\n\t\t\t\t\t\t\t<\/div>\n\t\t\t\t\t\t\t\t\t\t\t\t\t<\/div>\n\t\t\t\t\t\t\t\t\t\t\t\t<div class=\"t3icta__bottom__img1 d-none d-lg-block text-end ms-lg-auto\">\n\t\t\t\t\t\t\t<img decoding=\"async\" src=\"https:\/\/myallmeeting.com\/wp-content\/uploads\/2018\/04\/aja_p_6771-74__original-1-633x398.jpeg\" width=\"633\" height=\"398\" alt=\"\" loading=\"lazy\" \/> <!-- Ce sont les 2 m\u00eames images : ID 1 -->\n\t\t\t\t\t\t<\/div>\n\t\t\t\t\t\t\t\t\t\t\t<\/div>\n\t\t\t\t<\/div>\n\t\t\t\t<div class=\"col-lg-5\">\n\t\t\t\t\t<div class=\"ps-lg-10\">\n\t\t\t\t\t\t\t\t\t\t\t\t<img decoding=\"async\" src=\"https:\/\/myallmeeting.com\/wp-content\/uploads\/2018\/04\/aja_p_6837-92__original-633x398.jpeg\" class=\"t3icta__bottom__img0 position-relative d-none d-lg-block mb-15\" width=\"633\" height=\"398\" alt=\"\" loading=\"lazy\" \/> <!-- Ce sont les 2 m\u00eames images : ID 0 -->\n\t\t\t\t\t\t\t\t\t\t\t\t<div class=\"px-2 px-lg-0 mb-9\">\n\t\t\t\t\t\t\t\t\n\t\t\t\t\t\t\t<h2 class=\"fs-20 fs-lg-23 fs-xl-27 fs-xxl-30 fw-semibold\">Ses restaurants et sa gastronomie. <\/h2>\n\t\t\t\t\t\t\t\t\t\t\t\t\t\t\t\t\t\t\t\t\t<div class=\"fs-wysiwyg\">\n\t\t\t\t\t\t\t\t<p>Offrez-vous une soir\u00e9e inoubliable en privatisant une soir\u00e9e cocktail ou d\u00eener sur un bateau et en admirant avec vos coll\u00e8gues la ville et ses monuments \u00e0 la tomb\u00e9e de la nuit depuis une vue imprenable sur la Seine.<\/p>\n<p>Paris est le lieu parfait pour vos prochains team building, la ville ne dort jamais, de nombreuses activit\u00e9s y sont propos\u00e9es. Il est possible de tout organiser.<\/p>\n\t\t\t\t\t\t\t<\/div>\n\t\t\t\t\t\t\t\t\t\t\t\t\t<\/div>\n\t\t\t\t\t\t\t\t\t\t\t\t<div class=\"t3icta__bottom__img1 d-lg-none mx-auto\">\n\t\t\t\t\t\t\t<img decoding=\"async\" src=\"https:\/\/myallmeeting.com\/wp-content\/uploads\/2018\/04\/aja_p_6837-92__original-633x398.jpeg\" width=\"633\" height=\"398\" alt=\"\" loading=\"lazy\" \/> <!-- Ce sont les 2 m\u00eames images : ID 1 -->\n\t\t\t\t\t\t<\/div>\n\t\t\t\t\t\t\t\t\t\t\t<\/div>\n\t\t\t\t<\/div>\n\t\t\t<\/div>\n\t\t<\/div>\n\t<\/div>\n\t<\/div>\n<!-- END OF : Composant : block-periscope-theme-section-composant-26-textes-slider-cta.php -->\n","protected":false},"excerpt":{"rendered":"<p>Venez visiter la Ville Lumi\u00e8re, la ville des JO 2024, la ville de l\u2019amour mais surtout, un lieu id\u00e9al pour votre \u00e9v\u00e8nement professionnel.<\/p>\n","protected":false},"featured_media":17044324,"menu_order":0,"template":"","ville":[],"periscope_lieu_tax":[],"class_list":["post-15227051","desti","type-desti","status-publish","has-post-thumbnail","hentry"],"acf":[],"yoast_head":"<title>Paris : un \u00e9crin de lumi\u00e8re pour un \u00e9v\u00e9nement professionnel inoubliable - Accor MyAllMeeting.com<\/title>\n<meta name=\"robots\" content=\"index, follow, max-snippet:-1, max-image-preview:large, max-video-preview:-1\" \/>\n<link rel=\"canonical\" href=\"https:\/\/myallmeeting.com\/fr\/wp-json\/wp\/v2\/desti\/15227051\" \/>\n<meta property=\"og:locale\" content=\"fr_FR\" \/>\n<meta property=\"og:type\" content=\"article\" \/>\n<meta property=\"og:title\" content=\"Paris : un \u00e9crin de lumi\u00e8re pour un \u00e9v\u00e9nement professionnel inoubliable - Accor MyAllMeeting.com\" \/>\n<meta property=\"og:description\" content=\"Venez visiter la Ville Lumi\u00e8re, la ville des JO 2024, la ville de l\u2019amour mais surtout, un lieu id\u00e9al pour votre \u00e9v\u00e8nement professionnel.\" \/>\n<meta property=\"og:url\" content=\"https:\/\/myallmeeting.com\/fr\/destination\/paris-un-ecrin-de-lumiere-pour-un-evenement-professionnel-inoubliable\/\" \/>\n<meta property=\"og:site_name\" content=\"Accor MyAllMeeting.com\" \/>\n<meta property=\"article:modified_time\" content=\"2024-12-10T10:28:27+00:00\" \/>\n<meta property=\"og:image\" content=\"https:\/\/myallmeeting.com\/wp-content\/uploads\/2018\/04\/MAM-baner-1920x570-2024-12-10T112107.710-1024x304.png\" \/>\n\t<meta property=\"og:image:width\" content=\"1024\" \/>\n\t<meta property=\"og:image:height\" content=\"304\" \/>\n\t<meta property=\"og:image:type\" content=\"image\/png\" \/>\n<meta name=\"twitter:card\" content=\"summary_large_image\" \/>\n<meta name=\"twitter:label1\" content=\"Dur\u00e9e de lecture estim\u00e9e\" \/>\n\t<meta name=\"twitter:data1\" content=\"4 minutes\" \/>\n<script type=\"application\/ld+json\" class=\"yoast-schema-graph\">{\"@context\":\"https:\/\/schema.org\",\"@graph\":[{\"@type\":\"WebPage\",\"@id\":\"https:\/\/myallmeeting.com\/fr\/destination\/paris-un-ecrin-de-lumiere-pour-un-evenement-professionnel-inoubliable\/\",\"url\":\"https:\/\/myallmeeting.com\/fr\/destination\/paris-un-ecrin-de-lumiere-pour-un-evenement-professionnel-inoubliable\/\",\"name\":\"Paris : un \u00e9crin de lumi\u00e8re pour un \u00e9v\u00e9nement professionnel inoubliable - Accor MyAllMeeting.com\",\"isPartOf\":{\"@id\":\"https:\/\/www.myallmeeting.com\/fr\/#website\"},\"primaryImageOfPage\":{\"@id\":\"https:\/\/myallmeeting.com\/fr\/destination\/paris-un-ecrin-de-lumiere-pour-un-evenement-professionnel-inoubliable\/#primaryimage\"},\"image\":{\"@id\":\"https:\/\/myallmeeting.com\/fr\/destination\/paris-un-ecrin-de-lumiere-pour-un-evenement-professionnel-inoubliable\/#primaryimage\"},\"thumbnailUrl\":\"https:\/\/myallmeeting.com\/wp-content\/uploads\/2018\/04\/MAM-baner-1920x570-2024-12-10T112107.710.png\",\"datePublished\":\"2018-04-23T09:25:03+00:00\",\"dateModified\":\"2024-12-10T10:28:27+00:00\",\"breadcrumb\":{\"@id\":\"https:\/\/myallmeeting.com\/fr\/destination\/paris-un-ecrin-de-lumiere-pour-un-evenement-professionnel-inoubliable\/#breadcrumb\"},\"inLanguage\":\"fr-FR\",\"potentialAction\":[{\"@type\":\"ReadAction\",\"target\":[\"https:\/\/myallmeeting.com\/fr\/destination\/paris-un-ecrin-de-lumiere-pour-un-evenement-professionnel-inoubliable\/\"]}]},{\"@type\":\"ImageObject\",\"inLanguage\":\"fr-FR\",\"@id\":\"https:\/\/myallmeeting.com\/fr\/destination\/paris-un-ecrin-de-lumiere-pour-un-evenement-professionnel-inoubliable\/#primaryimage\",\"url\":\"https:\/\/myallmeeting.com\/wp-content\/uploads\/2018\/04\/MAM-baner-1920x570-2024-12-10T112107.710.png\",\"contentUrl\":\"https:\/\/myallmeeting.com\/wp-content\/uploads\/2018\/04\/MAM-baner-1920x570-2024-12-10T112107.710.png\",\"width\":1920,\"height\":570},{\"@type\":\"BreadcrumbList\",\"@id\":\"https:\/\/myallmeeting.com\/fr\/destination\/paris-un-ecrin-de-lumiere-pour-un-evenement-professionnel-inoubliable\/#breadcrumb\",\"itemListElement\":[{\"@type\":\"ListItem\",\"position\":1,\"name\":\"Accueil\",\"item\":\"https:\/\/myallmeeting.com\/fr\/\"},{\"@type\":\"ListItem\",\"position\":2,\"name\":\"Destination\",\"item\":\"https:\/\/myallmeeting.com\/fr\/destination\/\"},{\"@type\":\"ListItem\",\"position\":3,\"name\":\"Paris : un \u00e9crin de lumi\u00e8re pour un \u00e9v\u00e9nement professionnel inoubliable\"}]},{\"@type\":\"WebSite\",\"@id\":\"https:\/\/www.myallmeeting.com\/fr\/#website\",\"url\":\"https:\/\/www.myallmeeting.com\/fr\/\",\"name\":\"Accor MyAllMeeting.com\",\"description\":\"Les Meilleurs lieux pour vos Ev\u00e9nements Professionnels\",\"publisher\":{\"@id\":\"https:\/\/www.myallmeeting.com\/fr\/#organization\"},\"potentialAction\":[{\"@type\":\"SearchAction\",\"target\":{\"@type\":\"EntryPoint\",\"urlTemplate\":\"https:\/\/www.myallmeeting.com\/fr\/?s={search_term_string}\"},\"query-input\":{\"@type\":\"PropertyValueSpecification\",\"valueRequired\":true,\"valueName\":\"search_term_string\"}}],\"inLanguage\":\"fr-FR\"},{\"@type\":\"Organization\",\"@id\":\"https:\/\/www.myallmeeting.com\/fr\/#organization\",\"name\":\"ACCOR\",\"url\":\"https:\/\/www.myallmeeting.com\/fr\/\",\"logo\":{\"@type\":\"ImageObject\",\"inLanguage\":\"fr-FR\",\"@id\":\"https:\/\/www.myallmeeting.com\/fr\/#\/schema\/logo\/image\/\",\"url\":\"\",\"contentUrl\":\"\",\"caption\":\"ACCOR\"},\"image\":{\"@id\":\"https:\/\/www.myallmeeting.com\/fr\/#\/schema\/logo\/image\/\"}}]}<\/script>","yoast_head_json":{"title":"Paris : un \u00e9crin de lumi\u00e8re pour un \u00e9v\u00e9nement professionnel inoubliable - Accor MyAllMeeting.com","robots":{"index":"index","follow":"follow","max-snippet":"max-snippet:-1","max-image-preview":"max-image-preview:large","max-video-preview":"max-video-preview:-1"},"canonical":"https:\/\/myallmeeting.com\/fr\/wp-json\/wp\/v2\/desti\/15227051","og_locale":"fr_FR","og_type":"article","og_title":"Paris : un \u00e9crin de lumi\u00e8re pour un \u00e9v\u00e9nement professionnel inoubliable - Accor MyAllMeeting.com","og_description":"Venez visiter la Ville Lumi\u00e8re, la ville des JO 2024, la ville de l\u2019amour mais surtout, un lieu id\u00e9al pour votre \u00e9v\u00e8nement professionnel.","og_url":"https:\/\/myallmeeting.com\/fr\/destination\/paris-un-ecrin-de-lumiere-pour-un-evenement-professionnel-inoubliable\/","og_site_name":"Accor MyAllMeeting.com","article_modified_time":"2024-12-10T10:28:27+00:00","og_image":[{"width":1024,"height":304,"url":"https:\/\/myallmeeting.com\/wp-content\/uploads\/2018\/04\/MAM-baner-1920x570-2024-12-10T112107.710-1024x304.png","type":"image\/png"}],"twitter_card":"summary_large_image","twitter_misc":{"Dur\u00e9e de lecture estim\u00e9e":"4 minutes"},"schema":{"@context":"https:\/\/schema.org","@graph":[{"@type":"WebPage","@id":"https:\/\/myallmeeting.com\/fr\/destination\/paris-un-ecrin-de-lumiere-pour-un-evenement-professionnel-inoubliable\/","url":"https:\/\/myallmeeting.com\/fr\/destination\/paris-un-ecrin-de-lumiere-pour-un-evenement-professionnel-inoubliable\/","name":"Paris : un \u00e9crin de lumi\u00e8re pour un \u00e9v\u00e9nement professionnel inoubliable - Accor MyAllMeeting.com","isPartOf":{"@id":"https:\/\/www.myallmeeting.com\/fr\/#website"},"primaryImageOfPage":{"@id":"https:\/\/myallmeeting.com\/fr\/destination\/paris-un-ecrin-de-lumiere-pour-un-evenement-professionnel-inoubliable\/#primaryimage"},"image":{"@id":"https:\/\/myallmeeting.com\/fr\/destination\/paris-un-ecrin-de-lumiere-pour-un-evenement-professionnel-inoubliable\/#primaryimage"},"thumbnailUrl":"https:\/\/myallmeeting.com\/wp-content\/uploads\/2018\/04\/MAM-baner-1920x570-2024-12-10T112107.710.png","datePublished":"2018-04-23T09:25:03+00:00","dateModified":"2024-12-10T10:28:27+00:00","breadcrumb":{"@id":"https:\/\/myallmeeting.com\/fr\/destination\/paris-un-ecrin-de-lumiere-pour-un-evenement-professionnel-inoubliable\/#breadcrumb"},"inLanguage":"fr-FR","potentialAction":[{"@type":"ReadAction","target":["https:\/\/myallmeeting.com\/fr\/destination\/paris-un-ecrin-de-lumiere-pour-un-evenement-professionnel-inoubliable\/"]}]},{"@type":"ImageObject","inLanguage":"fr-FR","@id":"https:\/\/myallmeeting.com\/fr\/destination\/paris-un-ecrin-de-lumiere-pour-un-evenement-professionnel-inoubliable\/#primaryimage","url":"https:\/\/myallmeeting.com\/wp-content\/uploads\/2018\/04\/MAM-baner-1920x570-2024-12-10T112107.710.png","contentUrl":"https:\/\/myallmeeting.com\/wp-content\/uploads\/2018\/04\/MAM-baner-1920x570-2024-12-10T112107.710.png","width":1920,"height":570},{"@type":"BreadcrumbList","@id":"https:\/\/myallmeeting.com\/fr\/destination\/paris-un-ecrin-de-lumiere-pour-un-evenement-professionnel-inoubliable\/#breadcrumb","itemListElement":[{"@type":"ListItem","position":1,"name":"Accueil","item":"https:\/\/myallmeeting.com\/fr\/"},{"@type":"ListItem","position":2,"name":"Destination","item":"https:\/\/myallmeeting.com\/fr\/destination\/"},{"@type":"ListItem","position":3,"name":"Paris : un \u00e9crin de lumi\u00e8re pour un \u00e9v\u00e9nement professionnel inoubliable"}]},{"@type":"WebSite","@id":"https:\/\/www.myallmeeting.com\/fr\/#website","url":"https:\/\/www.myallmeeting.com\/fr\/","name":"Accor MyAllMeeting.com","description":"Les Meilleurs lieux pour vos Ev\u00e9nements Professionnels","publisher":{"@id":"https:\/\/www.myallmeeting.com\/fr\/#organization"},"potentialAction":[{"@type":"SearchAction","target":{"@type":"EntryPoint","urlTemplate":"https:\/\/www.myallmeeting.com\/fr\/?s={search_term_string}"},"query-input":{"@type":"PropertyValueSpecification","valueRequired":true,"valueName":"search_term_string"}}],"inLanguage":"fr-FR"},{"@type":"Organization","@id":"https:\/\/www.myallmeeting.com\/fr\/#organization","name":"ACCOR","url":"https:\/\/www.myallmeeting.com\/fr\/","logo":{"@type":"ImageObject","inLanguage":"fr-FR","@id":"https:\/\/www.myallmeeting.com\/fr\/#\/schema\/logo\/image\/","url":"","contentUrl":"","caption":"ACCOR"},"image":{"@id":"https:\/\/www.myallmeeting.com\/fr\/#\/schema\/logo\/image\/"}}]}},"_links":{"self":[{"href":"https:\/\/myallmeeting.com\/fr\/wp-json\/wp\/v2\/desti\/15227051","targetHints":{"allow":["GET"]}}],"collection":[{"href":"https:\/\/myallmeeting.com\/fr\/wp-json\/wp\/v2\/desti"}],"about":[{"href":"https:\/\/myallmeeting.com\/fr\/wp-json\/wp\/v2\/types\/desti"}],"wp:featuredmedia":[{"embeddable":true,"href":"https:\/\/myallmeeting.com\/fr\/wp-json\/wp\/v2\/media\/17044324"}],"wp:attachment":[{"href":"https:\/\/myallmeeting.com\/fr\/wp-json\/wp\/v2\/media?parent=15227051"}],"wp:term":[{"taxonomy":"ville","embeddable":true,"href":"https:\/\/myallmeeting.com\/fr\/wp-json\/wp\/v2\/ville?post=15227051"},{"taxonomy":"periscope_lieu_tax","embeddable":true,"href":"https:\/\/myallmeeting.com\/fr\/wp-json\/wp\/v2\/periscope_lieu_tax?post=15227051"}],"curies":[{"name":"wp","href":"https:\/\/api.w.org\/{rel}","templated":true}]}}