{"id":15227050,"date":"2018-05-22T17:08:51","date_gmt":"2018-05-22T15:08:51","guid":{"rendered":"https:\/\/myallmeeting.com\/fr\/destination\/bordeaux-un-seminaire-entre-mer-vignes-et-ville\/"},"modified":"2024-12-13T16:21:19","modified_gmt":"2024-12-13T15:21:19","slug":"bordeaux-un-seminaire-entre-mer-vignes-et-ville","status":"publish","type":"desti","link":"https:\/\/myallmeeting.com\/fr\/destination\/bordeaux-un-seminaire-entre-mer-vignes-et-ville\/","title":{"rendered":"Bordeaux : un s\u00e9minaire entre mer, vignes et ville"},"content":{"rendered":"<!-- START OF : Composant : block-periscope-theme-section-composant-25-texte-cta-2-images.php -->\n<div class=\"tcta2ia bg-white fs-wysiwyg mb-lg-12\" data-component=\"25-texte-cta-2-images\">\n\t<div class=\"tcta2ia__top\">\n\t\t<div class=\"container-fluid\" style=\"--bs-gutter-x: 0\">\n\t\t\t<div class=\"row\" style=\"--bs-gutter-x: 0\">\n\t\t\t\t<div class=\"col-lg-8\">\n\t\t\t\t\t\t\t\t\t\t<div class=\"bloc-mise-en-avant__top__left\">\n\t\t\t\t\t\t<img decoding=\"async\" src=\"https:\/\/myallmeeting.com\/wp-content\/uploads\/2018\/05\/aja_p_4893-28__original-1268x846.jpeg\" class=\"pe-2 pe-lg-0\" width=\"1268\" height=\"846\" alt=\"\" loading=\"lazy\" \/>\n\t\t\t\t\t<\/div>\n\t\t\t\t\t\t\t\t\t\t<div class=\"tcta2ia__bottom d-none d-lg-block pb-12 pt-lg-9 pb-lg-0 pe-lg-10\">\n\t\t\t\t\t\t\t\t\t\t\t\t<h2 class=\"fs-20 fs-lg-32 fw-semibold\">Une ville anim\u00e9e <\/h2>\n\t\t\t\t\t\t\t\t\t\t\t\t\t\t\t\t\t\t<div class=\"fs-wysiwyg\"><p>Cit\u00e9 du Vin, mus\u00e9e de la Mer et de la Marine, parc des expositions \u2013 dont la capacit\u00e9 d\u2019accueil peut atteindre les 6 000 personnes ! \u2013, nombreux ch\u00e2teaux et propri\u00e9t\u00e9s viticoles alentours\u2026 une large palette d\u2019ambiances et de d\u00e9cors vous est propos\u00e9e ! Vous trouverez sans difficult\u00e9 le cadre qui saura le mieux s\u2019adapter \u00e0 votre \u00e9v\u00e9nement et dans lequel vos \u00e9quipes sauront cr\u00e9er l\u2019ambiance qui leur ressemble.<\/p>\n<\/div>\n\t\t\t\t\t\t\t\t\t\t\t\t<div class=\"d-flex flex-column flex-lg-row align-items-center gap-5 gap-lg-8 justify-content-between\">\n\t\t\t\t\t\t\t<div class=\"fs-20 fs-lg-26 fw-semibold lh-xs\"><\/div>\n\t\t\t\t\t\t\t\t\t\t\t\t\t<\/div>\n\t\t\t\t\t<\/div>\n\t\t\t\t<\/div>\n\t\t\t\t<div class=\"col-lg-4\">\n\t\t\t\t\t<div class=\"tcta2ia__top__right t-0 r-0 bg-primary text-white pt-4 pb-4 px-2 pt-lg-8 pb-lg-16 px-lg-11 pb-xl-30\">\n\t\t\t\t\t\t\t\t\t\t\t\t\t\t\t\t\t\t<h2 class=\"unna fs-36 fs-lg-51 fs-xl-75 fs-italic fw-normal text-secondary\">Bordeaux : un s\u00e9minaire entre mer, vignes et ville<\/h2>\n\t\t\t\t\t\t\t\t\t\t\t\t\t\t\t\t\t\t<h3 class=\"text-white fs-18 fs-lg-20 fs-xl-28 text-original-case\">Vous cherchez votre destination pour votre prochain \u00e9v\u00e9nement ? Ne r\u00e9fl\u00e9chissez plus, Bordeaux est la ville parfaite !<\/h3>\n\t\t\t\t\t\t\t\t\t\t\t\t\t\t\t\t\t\t<div class=\"fs-wysiwyg mb-4 fs-lg-16 fs-xl-20\"><p>Avec son centre-ville \u00e0 l\u2019architecture exceptionnelle, sa lumi\u00e8re incomparable et sa proximit\u00e9 de l\u2019oc\u00e9an, Bordeaux exerce une forte attractivit\u00e9, qui se traduit par un dynamisme entra\u00eenant et une vie culturelle foisonnante. Ces atouts, coupl\u00e9s \u00e0 un parc h\u00f4telier r\u00e9nov\u00e9 et \u00e0 une offre vari\u00e9e de lieux d\u2019exception, font de la ville l\u2019une des destinations fran\u00e7aises les plus pris\u00e9es pour l\u2019organisation d\u2019\u00e9v\u00e9nements professionnels.<\/p>\n<\/div>\n\t\t\t\t\t\t\t\t\t\t\t\t\t\t\t\t\t\t\t\t\t\t\t\t<p class=\"m-0\"><img decoding=\"async\" src=\"https:\/\/myallmeeting.com\/wp-content\/uploads\/2018\/05\/aja_p_6478-50__original-633x398.jpeg\" class=\"position-relative l-0\" width=\"633\" height=\"398\" alt=\"\" loading=\"lazy\" \/><\/p>\n\t\t\t\t\t\t\t\t\t\t\t<\/div>\n\t\t\t\t<\/div>\n\t\t\t<\/div>\n\t\t<\/div>\n\t<\/div>\n\t<div class=\"tcta2ia__bottom d-lg-none pb-12 py-lg-9 pe-lg-10\">\n\t\t\t\t<div class=\"h2 fs-20 fs-lg-32 fw-semibold\">Une ville anim\u00e9e <\/div>\n\t\t\t\t\t\t<div class=\"fs-wysiwyg\"><p>Cit\u00e9 du Vin, mus\u00e9e de la Mer et de la Marine, parc des expositions \u2013 dont la capacit\u00e9 d\u2019accueil peut atteindre les 6 000 personnes ! \u2013, nombreux ch\u00e2teaux et propri\u00e9t\u00e9s viticoles alentours\u2026 une large palette d\u2019ambiances et de d\u00e9cors vous est propos\u00e9e ! Vous trouverez sans difficult\u00e9 le cadre qui saura le mieux s\u2019adapter \u00e0 votre \u00e9v\u00e9nement et dans lequel vos \u00e9quipes sauront cr\u00e9er l\u2019ambiance qui leur ressemble.<\/p>\n<\/div>\n\t\t\t\t<div class=\"d-flex flex-column flex-lg-row align-items-center gap-5 gap-lg-8 justify-content-between\">\n\t\t\t<div class=\"fs-20 fs-lg-26 fw-semibold lh-xs\"><\/div>\n\t\t\t\t\t<\/div>\n\t<\/div>\n<\/div>\n<!-- END OF : Composant : block-periscope-theme-section-composant-25-texte-cta-2-images.php -->\n\n\n<!-- START OF : Composant : block-periscope-theme-section-composant-26-textes-slider-cta.php -->\n<div class=\"t3icta bg-white pb-12 mb-9 fs-wysiwyg\" data-component=\"26-textes-3-images-cta\">\n\t<div class=\"t3icta__top position-relative\">\n\t\t<div class=\"container-fluid\" style=\"--bs-gutter-x: 0\">\n\t\t\t<div class=\"row\" style=\"--bs-gutter-x: 0\">\n\t\t\t\t\t\t\t\t<div class=\"col-lg-6\">\n\t\t\t\t\t<div class=\"t3icta__slider\">\n\t\t\t\t\t\t<div class=\"splide\">\n\t\t\t\t\t\t\t<div class=\"splide__track\">\n\t\t\t\t\t\t\t\t<div class=\"splide__list\">\n\t\t\t\t\t\t\t\t\t\t\t\t\t\t\t\t\t\t\t<div class=\"splide__slide\">\n\t\t\t\t\t\t\t\t\t\t\t<img decoding=\"async\" src=\"https:\/\/myallmeeting.com\/wp-content\/uploads\/2018\/05\/aja_p_6175-01__original-953x600.jpeg\" width=\"953\" height=\"600\" alt=\"\" loading=\"lazy\" \/>\n\t\t\t\t\t\t\t\t\t\t<\/div>\n\t\t\t\t\t\t\t\t\t\t\t\t\t\t\t\t\t\n\t\t\t\t\t\t\t\t<\/div>\n\t\t\t\t\t\t\t<\/div>\n\t\t\t\t\t\t\t<div class=\"splide__arrows d-none d-lg-block\">\n\t\t\t\t\t\t\t\t<button class=\"splide__arrow splide__arrow--prev px-lg-3 py-lg-4 px-xl-4 py-xl-5 px-xxl-5 py-xxl-7 position-absolute l-0 bg-white border-0\">\n\t\t\t\t\t\t\t\t\t<svg width=\"14\" height=\"27\" aria-hidden=\"true\">\n\t\t\t\t\t\t\t\t\t\t<use xlink:href=\"https:\/\/myallmeeting.com\/wp-content\/themes\/accor\/assets\/images\/sprite.svg#slider-prev\"><\/use>\n\t\t\t\t\t\t\t\t\t<\/svg>\n\t\t\t\t\t\t\t\t<\/button>\n\t\t\t\t\t\t\t\t<button class=\"splide__arrow splide__arrow--next px-lg-3 py-lg-4 px-xl-4 py-xl-5 px-xxl-5 py-xxl-7 position-absolute r-0 bg-white border-0\">\n\t\t\t\t\t\t\t\t\t<svg width=\"14\" height=\"27\" aria-hidden=\"true\">\n\t\t\t\t\t\t\t\t\t\t<use xlink:href=\"https:\/\/myallmeeting.com\/wp-content\/themes\/accor\/assets\/images\/sprite.svg#slider-prev\"><\/use>\n\t\t\t\t\t\t\t\t\t<\/svg>\n\t\t\t\t\t\t\t\t<\/button>\n\t\t\t\t\t\t\t<\/div>\n\t\t\t\t\t\t<\/div>\n\t\t\t\t\t<\/div>\n\t\t\t\t<\/div>\n\t\t\t\t\t\t\t\t<div class=\"col-lg-6\">\n\t\t\t\t\t<div class=\"t3icta__top_right mb-lg-14 px-2 py-9 px-lg-11 py-lg-0\">\n\t\t\t\t\t\t\t\n\t\t\t\t\t\t<h2 class=\"fs-20 fs-lg-23 fs-xl-27 fs-xxl-30 fw-semibold\">Accessibilit\u00e9<\/h2>\n\t\t\t\t\t\t\t\t\t\t\t\t\t\n\t\t\t\t\t\t<div class=\"fs-wysiwyg\">\n\t\t\t\t\t\t\t<p>Avion, train, bus et m\u00eame bateau\u2026 tous les moyens de transport sont possibles pour se rendre \u00e0 Bordeaux. <strong>L\u2019a\u00e9roport<\/strong>, situ\u00e9 \u00e0 seulement 12 km \u00e0 l\u2019ouest de Bordeaux, accueille chaque ann\u00e9e plus de 6 millions de passagers. La <strong>gare Saint-Jean<\/strong>, la plus grande de la r\u00e9gion Nouvelle-Aquitaine, met la ville \u00e0 seulement deux heures de Paris. Et enfin la route, avec notamment <strong>quatre autoroutes : <\/strong>la A10 depuis Paris, la A62 qui relie Toulouse, Montauban et Agen, la A63 pour faire une excursion \u00e0 Bayonne, Dax ou en Espagne et enfin la A89 depuis le Sud-Est et l\u2019Est via Lyon, Clermont-Ferrand et P\u00e9rigueux.<\/p>\n\t\t\t\t\t\t<\/div>\n\t\t\t\t\t\t\t\t\t\t\t<\/div>\n\t\t\t\t<\/div>\n\t\t\t<\/div>\n\t\t<\/div>\n\t<\/div>\n\t<div class=\"t3icta__bottom bg-beige\">\n\t\t<div class=\"container-fluid\" style=\"--bs-gutter-x: 0\">\n\t\t\t<div class=\"row\" style=\"--bs-gutter-x: 0\">\n\t\t\t\t<div class=\"col-lg-5 offset-lg-1\">\n\t\t\t\t\t<div class=\"t3icta__bottom__left\">\n\t\t\t\t\t\t\t\t\t\t\t\t<img decoding=\"async\" src=\"https:\/\/myallmeeting.com\/wp-content\/uploads\/2018\/05\/aja_p_6175-12__original-633x398.jpeg\" class=\"w-100 d-lg-none\" width=\"633\" height=\"398\" alt=\"\" loading=\"lazy\" \/> <!-- Ce sont les 2 m\u00eames images : ID 0 -->\n\t\t\t\t\t\t\t\t\t\t\t\t<div class=\"px-2 py-9 px-lg-0 py-lg-0\">\n\t\t\t\t\t\t\t\t\n\t\t\t\t\t\t\t<h2 class=\"fs-20 fs-lg-23 fs-xl-27 fs-xxl-30 fw-semibold\">Le r\u00e9seau Accor \u00e0 Bordeaux <\/h2>\n\t\t\t\t\t\t\t\t\t\t\t\t\t\t\t\n\t\t\t\t\t\t\t<div class=\"fs-wysiwyg mb-lg-15\">\n\t\t\t\t\t\t\t\t<p>Si vous souhaitez organiser votre prochain \u00e9v\u00e8nement dans un h\u00f4tel de cette ville class\u00e9e au <strong>Patrimoine mondial de l\u2019Unesco en 2007<\/strong>, le r\u00e9seau Accor offre un large choix de <strong>38 h\u00f4tels<\/strong>. Du plus \u00e9conomique (hotelF1, greet et la famille ibis) au haut de gamme avec Pullman, en passant par nos h\u00f4tels <em>midscale<\/em> (Novotel, Mercure, Adagio) et les h\u00f4tels <em>lifestyle <\/em>Mondrian et Mama Shelter. Des h\u00f4tels id\u00e9alement situ\u00e9s au c\u0153ur de Bordeaux ou \u00e0 proximit\u00e9 de la gare et de l\u2019a\u00e9roport pour plus de confort et de simplicit\u00e9.<\/p>\n\t\t\t\t\t\t\t<\/div>\n\t\t\t\t\t\t\t\t\t\t\t\t\t<\/div>\n\t\t\t\t\t\t\t\t\t\t\t\t<div class=\"t3icta__bottom__img1 d-none d-lg-block text-end ms-lg-auto\">\n\t\t\t\t\t\t\t<img decoding=\"async\" src=\"https:\/\/myallmeeting.com\/wp-content\/uploads\/2018\/05\/aja_p_6175-12__original-633x398.jpeg\" width=\"633\" height=\"398\" alt=\"\" loading=\"lazy\" \/> <!-- Ce sont les 2 m\u00eames images : ID 1 -->\n\t\t\t\t\t\t<\/div>\n\t\t\t\t\t\t\t\t\t\t\t<\/div>\n\t\t\t\t<\/div>\n\t\t\t\t<div class=\"col-lg-5\">\n\t\t\t\t\t<div class=\"ps-lg-10\">\n\t\t\t\t\t\t\t\t\t\t\t\t<img decoding=\"async\" src=\"https:\/\/myallmeeting.com\/wp-content\/uploads\/2018\/05\/aja_p_6175-07__original-633x398.jpeg\" class=\"t3icta__bottom__img0 position-relative d-none d-lg-block mb-15\" width=\"633\" height=\"398\" alt=\"\" loading=\"lazy\" \/> <!-- Ce sont les 2 m\u00eames images : ID 0 -->\n\t\t\t\t\t\t\t\t\t\t\t\t<div class=\"px-2 px-lg-0 mb-9\">\n\t\t\t\t\t\t\t\t\n\t\t\t\t\t\t\t<h2 class=\"fs-20 fs-lg-23 fs-xl-27 fs-xxl-30 fw-semibold\">Id\u00e9es d\u2019incentives \u00e0 Bordeaux<\/h2>\n\t\t\t\t\t\t\t\t\t\t\t\t\t\t\t\t\t\t\t\t\t<div class=\"fs-wysiwyg\">\n\t\t\t\t\t\t\t\t<p>Avec son patrimoine vinicole in\u00e9galable, la ville de Bordeaux est un choix id\u00e9al pour vos id\u00e9es d\u2019activit\u00e9s et de\u00a0 team building. Un atelier d\u00e9gustation peut facilement \u00eatre organis\u00e9, dans la ville m\u00eame &#8211; sous forme de rallye &#8211; ou au sein d\u2019un domaine viticole.\u00a0 La visite des quartiers de Bordeaux ou de ses ch\u00e2teaux constituent \u00e9galement des id\u00e9es int\u00e9ressantes pour booster vos \u00e9quipes.<\/p>\n<p>Vous pourrez \u00e9galement organiser une randonn\u00e9e en cano\u00eb kayak pour les plus courageux. Accompagn\u00e9s d\u2019un moniteur, vous aurez rendez-vous sur le lac d\u2019Hourtin et d\u00e9couvrirez les sentiers et les rives de ce lac. Un moment parfait pour partager une activit\u00e9 conviviale et de d\u00e9tente. Enfin, la c\u00e9l\u00e8bre pinasse vous attend ! \u00c9vadez-vous le temps de quelques heures. \u00c0 moins d\u2019une heure de Bordeaux, d\u00e9couvrez le bassin d\u2019Arcachon et ses alentours, avec au programme la visite des cabanes tchanqu\u00e9es perch\u00e9es sur pilotis, la visite des parcs \u00e0 hu\u00eetres, des villages de p\u00eacheurs du Cap Ferret\u2026 le tout agr\u00e9ment\u00e9 d\u2019une d\u00e9licieuse d\u00e9gustation d\u2019hu\u00eetres \u00e0 bord du bateau !<\/p>\n\t\t\t\t\t\t\t<\/div>\n\t\t\t\t\t\t\t\t\t\t\t\t\t<\/div>\n\t\t\t\t\t\t\t\t\t\t\t\t<div class=\"t3icta__bottom__img1 d-lg-none mx-auto\">\n\t\t\t\t\t\t\t<img decoding=\"async\" src=\"https:\/\/myallmeeting.com\/wp-content\/uploads\/2018\/05\/aja_p_6175-07__original-633x398.jpeg\" width=\"633\" height=\"398\" alt=\"\" loading=\"lazy\" \/> <!-- Ce sont les 2 m\u00eames images : ID 1 -->\n\t\t\t\t\t\t<\/div>\n\t\t\t\t\t\t\t\t\t\t\t<\/div>\n\t\t\t\t<\/div>\n\t\t\t<\/div>\n\t\t<\/div>\n\t<\/div>\n\t<\/div>\n<!-- END OF : Composant : block-periscope-theme-section-composant-26-textes-slider-cta.php -->\n","protected":false},"excerpt":{"rendered":"<p>Pourquoi ne pas profiter d\u2019une ville dynamique comme Bordeaux pour votre prochain \u00e9v\u00e9nement professionnel ?<\/p>\n","protected":false},"featured_media":17141178,"menu_order":0,"template":"","ville":[],"periscope_lieu_tax":[],"class_list":["post-15227050","desti","type-desti","status-publish","has-post-thumbnail","hentry"],"acf":[],"yoast_head":"<title>Bordeaux : un s\u00e9minaire entre mer, vignes et ville - Accor MyAllMeeting.com<\/title>\n<meta name=\"robots\" content=\"index, follow, max-snippet:-1, max-image-preview:large, max-video-preview:-1\" \/>\n<link rel=\"canonical\" href=\"https:\/\/myallmeeting.com\/fr\/wp-json\/wp\/v2\/desti\/15227050\" \/>\n<meta property=\"og:locale\" content=\"fr_FR\" \/>\n<meta property=\"og:type\" content=\"article\" \/>\n<meta property=\"og:title\" content=\"Bordeaux : un s\u00e9minaire entre mer, vignes et ville - Accor MyAllMeeting.com\" \/>\n<meta property=\"og:description\" content=\"Pourquoi ne pas profiter d\u2019une ville dynamique comme Bordeaux pour votre prochain \u00e9v\u00e9nement professionnel ?\" \/>\n<meta property=\"og:url\" content=\"https:\/\/myallmeeting.com\/fr\/destination\/bordeaux-un-seminaire-entre-mer-vignes-et-ville\/\" \/>\n<meta property=\"og:site_name\" content=\"Accor MyAllMeeting.com\" \/>\n<meta property=\"article:modified_time\" content=\"2024-12-13T15:21:19+00:00\" \/>\n<meta property=\"og:image\" content=\"http:\/\/myallmeeting.com\/wp-content\/uploads\/2018\/05\/MAM-baner-1920x570-2024-12-13T161042.089.png\" \/>\n\t<meta property=\"og:image:width\" content=\"1920\" \/>\n\t<meta property=\"og:image:height\" content=\"570\" \/>\n\t<meta property=\"og:image:type\" content=\"image\/png\" \/>\n<meta name=\"twitter:card\" content=\"summary_large_image\" \/>\n<meta name=\"twitter:label1\" content=\"Dur\u00e9e de lecture estim\u00e9e\" \/>\n\t<meta name=\"twitter:data1\" content=\"4 minutes\" \/>\n<script type=\"application\/ld+json\" class=\"yoast-schema-graph\">{\"@context\":\"https:\/\/schema.org\",\"@graph\":[{\"@type\":\"WebPage\",\"@id\":\"https:\/\/myallmeeting.com\/fr\/destination\/bordeaux-un-seminaire-entre-mer-vignes-et-ville\/\",\"url\":\"https:\/\/myallmeeting.com\/fr\/destination\/bordeaux-un-seminaire-entre-mer-vignes-et-ville\/\",\"name\":\"Bordeaux : un s\u00e9minaire entre mer, vignes et ville - Accor MyAllMeeting.com\",\"isPartOf\":{\"@id\":\"https:\/\/www.myallmeeting.com\/fr\/#website\"},\"primaryImageOfPage\":{\"@id\":\"https:\/\/myallmeeting.com\/fr\/destination\/bordeaux-un-seminaire-entre-mer-vignes-et-ville\/#primaryimage\"},\"image\":{\"@id\":\"https:\/\/myallmeeting.com\/fr\/destination\/bordeaux-un-seminaire-entre-mer-vignes-et-ville\/#primaryimage\"},\"thumbnailUrl\":\"https:\/\/myallmeeting.com\/wp-content\/uploads\/2018\/05\/MAM-baner-1920x570-2024-12-13T161042.089.png\",\"datePublished\":\"2018-05-22T15:08:51+00:00\",\"dateModified\":\"2024-12-13T15:21:19+00:00\",\"breadcrumb\":{\"@id\":\"https:\/\/myallmeeting.com\/fr\/destination\/bordeaux-un-seminaire-entre-mer-vignes-et-ville\/#breadcrumb\"},\"inLanguage\":\"fr-FR\",\"potentialAction\":[{\"@type\":\"ReadAction\",\"target\":[\"https:\/\/myallmeeting.com\/fr\/destination\/bordeaux-un-seminaire-entre-mer-vignes-et-ville\/\"]}]},{\"@type\":\"ImageObject\",\"inLanguage\":\"fr-FR\",\"@id\":\"https:\/\/myallmeeting.com\/fr\/destination\/bordeaux-un-seminaire-entre-mer-vignes-et-ville\/#primaryimage\",\"url\":\"https:\/\/myallmeeting.com\/wp-content\/uploads\/2018\/05\/MAM-baner-1920x570-2024-12-13T161042.089.png\",\"contentUrl\":\"https:\/\/myallmeeting.com\/wp-content\/uploads\/2018\/05\/MAM-baner-1920x570-2024-12-13T161042.089.png\",\"width\":1920,\"height\":570},{\"@type\":\"BreadcrumbList\",\"@id\":\"https:\/\/myallmeeting.com\/fr\/destination\/bordeaux-un-seminaire-entre-mer-vignes-et-ville\/#breadcrumb\",\"itemListElement\":[{\"@type\":\"ListItem\",\"position\":1,\"name\":\"Accueil\",\"item\":\"https:\/\/myallmeeting.com\/fr\/\"},{\"@type\":\"ListItem\",\"position\":2,\"name\":\"Destination\",\"item\":\"https:\/\/myallmeeting.com\/fr\/destination\/\"},{\"@type\":\"ListItem\",\"position\":3,\"name\":\"Bordeaux : un s\u00e9minaire entre mer, vignes et ville\"}]},{\"@type\":\"WebSite\",\"@id\":\"https:\/\/www.myallmeeting.com\/fr\/#website\",\"url\":\"https:\/\/www.myallmeeting.com\/fr\/\",\"name\":\"Accor MyAllMeeting.com\",\"description\":\"Les Meilleurs lieux pour vos Ev\u00e9nements Professionnels\",\"publisher\":{\"@id\":\"https:\/\/www.myallmeeting.com\/fr\/#organization\"},\"potentialAction\":[{\"@type\":\"SearchAction\",\"target\":{\"@type\":\"EntryPoint\",\"urlTemplate\":\"https:\/\/www.myallmeeting.com\/fr\/?s={search_term_string}\"},\"query-input\":{\"@type\":\"PropertyValueSpecification\",\"valueRequired\":true,\"valueName\":\"search_term_string\"}}],\"inLanguage\":\"fr-FR\"},{\"@type\":\"Organization\",\"@id\":\"https:\/\/www.myallmeeting.com\/fr\/#organization\",\"name\":\"ACCOR\",\"url\":\"https:\/\/www.myallmeeting.com\/fr\/\",\"logo\":{\"@type\":\"ImageObject\",\"inLanguage\":\"fr-FR\",\"@id\":\"https:\/\/www.myallmeeting.com\/fr\/#\/schema\/logo\/image\/\",\"url\":\"\",\"contentUrl\":\"\",\"caption\":\"ACCOR\"},\"image\":{\"@id\":\"https:\/\/www.myallmeeting.com\/fr\/#\/schema\/logo\/image\/\"}}]}<\/script>","yoast_head_json":{"title":"Bordeaux : un s\u00e9minaire entre mer, vignes et ville - Accor MyAllMeeting.com","robots":{"index":"index","follow":"follow","max-snippet":"max-snippet:-1","max-image-preview":"max-image-preview:large","max-video-preview":"max-video-preview:-1"},"canonical":"https:\/\/myallmeeting.com\/fr\/wp-json\/wp\/v2\/desti\/15227050","og_locale":"fr_FR","og_type":"article","og_title":"Bordeaux : un s\u00e9minaire entre mer, vignes et ville - Accor MyAllMeeting.com","og_description":"Pourquoi ne pas profiter d\u2019une ville dynamique comme Bordeaux pour votre prochain \u00e9v\u00e9nement professionnel ?","og_url":"https:\/\/myallmeeting.com\/fr\/destination\/bordeaux-un-seminaire-entre-mer-vignes-et-ville\/","og_site_name":"Accor MyAllMeeting.com","article_modified_time":"2024-12-13T15:21:19+00:00","og_image":[{"width":1920,"height":570,"url":"http:\/\/myallmeeting.com\/wp-content\/uploads\/2018\/05\/MAM-baner-1920x570-2024-12-13T161042.089.png","type":"image\/png"}],"twitter_card":"summary_large_image","twitter_misc":{"Dur\u00e9e de lecture estim\u00e9e":"4 minutes"},"schema":{"@context":"https:\/\/schema.org","@graph":[{"@type":"WebPage","@id":"https:\/\/myallmeeting.com\/fr\/destination\/bordeaux-un-seminaire-entre-mer-vignes-et-ville\/","url":"https:\/\/myallmeeting.com\/fr\/destination\/bordeaux-un-seminaire-entre-mer-vignes-et-ville\/","name":"Bordeaux : un s\u00e9minaire entre mer, vignes et ville - Accor MyAllMeeting.com","isPartOf":{"@id":"https:\/\/www.myallmeeting.com\/fr\/#website"},"primaryImageOfPage":{"@id":"https:\/\/myallmeeting.com\/fr\/destination\/bordeaux-un-seminaire-entre-mer-vignes-et-ville\/#primaryimage"},"image":{"@id":"https:\/\/myallmeeting.com\/fr\/destination\/bordeaux-un-seminaire-entre-mer-vignes-et-ville\/#primaryimage"},"thumbnailUrl":"https:\/\/myallmeeting.com\/wp-content\/uploads\/2018\/05\/MAM-baner-1920x570-2024-12-13T161042.089.png","datePublished":"2018-05-22T15:08:51+00:00","dateModified":"2024-12-13T15:21:19+00:00","breadcrumb":{"@id":"https:\/\/myallmeeting.com\/fr\/destination\/bordeaux-un-seminaire-entre-mer-vignes-et-ville\/#breadcrumb"},"inLanguage":"fr-FR","potentialAction":[{"@type":"ReadAction","target":["https:\/\/myallmeeting.com\/fr\/destination\/bordeaux-un-seminaire-entre-mer-vignes-et-ville\/"]}]},{"@type":"ImageObject","inLanguage":"fr-FR","@id":"https:\/\/myallmeeting.com\/fr\/destination\/bordeaux-un-seminaire-entre-mer-vignes-et-ville\/#primaryimage","url":"https:\/\/myallmeeting.com\/wp-content\/uploads\/2018\/05\/MAM-baner-1920x570-2024-12-13T161042.089.png","contentUrl":"https:\/\/myallmeeting.com\/wp-content\/uploads\/2018\/05\/MAM-baner-1920x570-2024-12-13T161042.089.png","width":1920,"height":570},{"@type":"BreadcrumbList","@id":"https:\/\/myallmeeting.com\/fr\/destination\/bordeaux-un-seminaire-entre-mer-vignes-et-ville\/#breadcrumb","itemListElement":[{"@type":"ListItem","position":1,"name":"Accueil","item":"https:\/\/myallmeeting.com\/fr\/"},{"@type":"ListItem","position":2,"name":"Destination","item":"https:\/\/myallmeeting.com\/fr\/destination\/"},{"@type":"ListItem","position":3,"name":"Bordeaux : un s\u00e9minaire entre mer, vignes et ville"}]},{"@type":"WebSite","@id":"https:\/\/www.myallmeeting.com\/fr\/#website","url":"https:\/\/www.myallmeeting.com\/fr\/","name":"Accor MyAllMeeting.com","description":"Les Meilleurs lieux pour vos Ev\u00e9nements Professionnels","publisher":{"@id":"https:\/\/www.myallmeeting.com\/fr\/#organization"},"potentialAction":[{"@type":"SearchAction","target":{"@type":"EntryPoint","urlTemplate":"https:\/\/www.myallmeeting.com\/fr\/?s={search_term_string}"},"query-input":{"@type":"PropertyValueSpecification","valueRequired":true,"valueName":"search_term_string"}}],"inLanguage":"fr-FR"},{"@type":"Organization","@id":"https:\/\/www.myallmeeting.com\/fr\/#organization","name":"ACCOR","url":"https:\/\/www.myallmeeting.com\/fr\/","logo":{"@type":"ImageObject","inLanguage":"fr-FR","@id":"https:\/\/www.myallmeeting.com\/fr\/#\/schema\/logo\/image\/","url":"","contentUrl":"","caption":"ACCOR"},"image":{"@id":"https:\/\/www.myallmeeting.com\/fr\/#\/schema\/logo\/image\/"}}]}},"_links":{"self":[{"href":"https:\/\/myallmeeting.com\/fr\/wp-json\/wp\/v2\/desti\/15227050","targetHints":{"allow":["GET"]}}],"collection":[{"href":"https:\/\/myallmeeting.com\/fr\/wp-json\/wp\/v2\/desti"}],"about":[{"href":"https:\/\/myallmeeting.com\/fr\/wp-json\/wp\/v2\/types\/desti"}],"wp:featuredmedia":[{"embeddable":true,"href":"https:\/\/myallmeeting.com\/fr\/wp-json\/wp\/v2\/media\/17141178"}],"wp:attachment":[{"href":"https:\/\/myallmeeting.com\/fr\/wp-json\/wp\/v2\/media?parent=15227050"}],"wp:term":[{"taxonomy":"ville","embeddable":true,"href":"https:\/\/myallmeeting.com\/fr\/wp-json\/wp\/v2\/ville?post=15227050"},{"taxonomy":"periscope_lieu_tax","embeddable":true,"href":"https:\/\/myallmeeting.com\/fr\/wp-json\/wp\/v2\/periscope_lieu_tax?post=15227050"}],"curies":[{"name":"wp","href":"https:\/\/api.w.org\/{rel}","templated":true}]}}