{"id":15227049,"date":"2018-06-12T10:09:46","date_gmt":"2018-06-12T08:09:46","guid":{"rendered":"https:\/\/myallmeeting.com\/fr\/destination\/nantes-ville-inspirante-pour-seminaire-creatif\/"},"modified":"2024-12-11T17:22:52","modified_gmt":"2024-12-11T16:22:52","slug":"nantes-ville-inspirante-pour-seminaire-creatif","status":"publish","type":"desti","link":"https:\/\/myallmeeting.com\/fr\/destination\/nantes-ville-inspirante-pour-seminaire-creatif\/","title":{"rendered":"Nantes : ville inspirante pour s\u00e9minaire cr\u00e9atif"},"content":{"rendered":"<!-- START OF : Composant : block-periscope-theme-section-composant-25-texte-cta-2-images.php -->\n<div class=\"tcta2ia bg-white fs-wysiwyg mb-lg-12\" data-component=\"25-texte-cta-2-images\">\n\t<div class=\"tcta2ia__top\">\n\t\t<div class=\"container-fluid\" style=\"--bs-gutter-x: 0\">\n\t\t\t<div class=\"row\" style=\"--bs-gutter-x: 0\">\n\t\t\t\t<div class=\"col-lg-8\">\n\t\t\t\t\t\t\t\t\t\t<div class=\"bloc-mise-en-avant__top__left\">\n\t\t\t\t\t\t<img decoding=\"async\" src=\"https:\/\/myallmeeting.com\/wp-content\/uploads\/2018\/06\/aja_p_6837-70__original-1268x846.jpeg\" class=\"pe-2 pe-lg-0\" width=\"1268\" height=\"846\" alt=\"\" loading=\"lazy\" \/>\n\t\t\t\t\t<\/div>\n\t\t\t\t\t\t\t\t\t\t<div class=\"tcta2ia__bottom d-none d-lg-block pb-12 pt-lg-9 pb-lg-0 pe-lg-10\">\n\t\t\t\t\t\t\t\t\t\t\t\t<h2 class=\"fs-20 fs-lg-32 fw-semibold\">Accessibilit\u00e9<\/h2>\n\t\t\t\t\t\t\t\t\t\t\t\t\t\t\t\t\t\t<div class=\"fs-wysiwyg\"><p>Une ouverture qu\u2019elle doit \u00e0 son <strong>a\u00e9roport Nantes-Atlantique,<\/strong> situ\u00e9 \u00e0 moins de 15 km du centre-ville, et qui assure 109 destinations directes chaque jour, op\u00e9r\u00e9es par 26 compagnies r\u00e9guli\u00e8res. La ville est \u00e9galement \u00e0 <strong>2h de Paris<\/strong> gr\u00e2ce \u00e0 une ligne de <strong>TGV<\/strong> qui assure 15 d\u00e9parts par jour. Et il existe m\u00eame une ligne directe avec l\u2019a\u00e9roport Roissy-Charles-de-Gaulle (3h15). Enfin, par la route, l\u2019A11 relie Nantes \u00e0 Paris en 4h, Bordeaux et Brest en 3h30, Vannes et Rennes en 1h15 et Saint-Nazaire en 45 minutes.<\/p>\n<\/div>\n\t\t\t\t\t\t\t\t\t\t\t\t<div class=\"d-flex flex-column flex-lg-row align-items-center gap-5 gap-lg-8 justify-content-between\">\n\t\t\t\t\t\t\t<div class=\"fs-20 fs-lg-26 fw-semibold lh-xs\"><\/div>\n\t\t\t\t\t\t\t\t\t\t\t\t\t<\/div>\n\t\t\t\t\t<\/div>\n\t\t\t\t<\/div>\n\t\t\t\t<div class=\"col-lg-4\">\n\t\t\t\t\t<div class=\"tcta2ia__top__right t-0 r-0 bg-primary text-white pt-4 pb-4 px-2 pt-lg-8 pb-lg-16 px-lg-11 pb-xl-30\">\n\t\t\t\t\t\t\t\t\t\t\t\t\t\t\t\t\t\t<h2 class=\"unna fs-36 fs-lg-51 fs-xl-75 fs-italic fw-normal text-secondary\">Nantes : ville inspirante pour s\u00e9minaire cr\u00e9atif<\/h2>\n\t\t\t\t\t\t\t\t\t\t\t\t\t\t\t\t\t\t<h3 class=\"text-white fs-18 fs-lg-20 fs-xl-28 text-original-case\">Ville internationale, Nantes est \u00e9galement une m\u00e9tropole ouverte au monde, situ\u00e9e au c\u0153ur du Grand Ouest et aux portes de l\u2019Atlantique<\/h3>\n\t\t\t\t\t\t\t\t\t\t\t\t\t\t\t\t\t\t<div class=\"fs-wysiwyg mb-4 fs-lg-16 fs-xl-20\"><p>\u00ab <em>Nantes : peut-\u00eatre avec Paris la seule ville de France o\u00f9 j\u2019ai l\u2019impression que peut m\u2019arriver quelque chose\u00a0qui en vaut la peine<\/em>\u00a0\u00bb, \u00e9crivait Andr\u00e9 Breton dans Nadja. En effet, la 6<sup>e<\/sup> ville la plus peupl\u00e9e de France est une ville dynamique, cr\u00e9ative et qui pense au bien-\u00eatre de ses habitants. Nantes est \u00e9galement dans le Top 10 des villes fran\u00e7aises les plus pris\u00e9es dans le tourisme d\u2019affaires avec deux grands b\u00e2timents majeurs pour l\u2019organisation d\u2019\u00e9v\u00e9nements professionnels\u00a0: la Cit\u00e9 des Congr\u00e8s et ExpoNantes.<\/p>\n<\/div>\n\t\t\t\t\t\t\t\t\t\t\t\t\t\t\t\t\t\t\t\t\t\t\t\t<p class=\"m-0\"><img decoding=\"async\" src=\"https:\/\/myallmeeting.com\/wp-content\/uploads\/2018\/06\/aja_p_0074-38__original-633x398.jpeg\" class=\"position-relative l-0\" width=\"633\" height=\"398\" alt=\"\" loading=\"lazy\" \/><\/p>\n\t\t\t\t\t\t\t\t\t\t\t<\/div>\n\t\t\t\t<\/div>\n\t\t\t<\/div>\n\t\t<\/div>\n\t<\/div>\n\t<div class=\"tcta2ia__bottom d-lg-none pb-12 py-lg-9 pe-lg-10\">\n\t\t\t\t<div class=\"h2 fs-20 fs-lg-32 fw-semibold\">Accessibilit\u00e9<\/div>\n\t\t\t\t\t\t<div class=\"fs-wysiwyg\"><p>Une ouverture qu\u2019elle doit \u00e0 son <strong>a\u00e9roport Nantes-Atlantique,<\/strong> situ\u00e9 \u00e0 moins de 15 km du centre-ville, et qui assure 109 destinations directes chaque jour, op\u00e9r\u00e9es par 26 compagnies r\u00e9guli\u00e8res. La ville est \u00e9galement \u00e0 <strong>2h de Paris<\/strong> gr\u00e2ce \u00e0 une ligne de <strong>TGV<\/strong> qui assure 15 d\u00e9parts par jour. Et il existe m\u00eame une ligne directe avec l\u2019a\u00e9roport Roissy-Charles-de-Gaulle (3h15). Enfin, par la route, l\u2019A11 relie Nantes \u00e0 Paris en 4h, Bordeaux et Brest en 3h30, Vannes et Rennes en 1h15 et Saint-Nazaire en 45 minutes.<\/p>\n<\/div>\n\t\t\t\t<div class=\"d-flex flex-column flex-lg-row align-items-center gap-5 gap-lg-8 justify-content-between\">\n\t\t\t<div class=\"fs-20 fs-lg-26 fw-semibold lh-xs\"><\/div>\n\t\t\t\t\t<\/div>\n\t<\/div>\n<\/div>\n<!-- END OF : Composant : block-periscope-theme-section-composant-25-texte-cta-2-images.php -->\n\n\n<!-- START OF : Composant : block-periscope-theme-section-composant-26-textes-slider-cta.php -->\n<div class=\"t3icta bg-white pb-12 mb-9 fs-wysiwyg\" data-component=\"26-textes-3-images-cta\">\n\t<div class=\"t3icta__top position-relative\">\n\t\t<div class=\"container-fluid\" style=\"--bs-gutter-x: 0\">\n\t\t\t<div class=\"row\" style=\"--bs-gutter-x: 0\">\n\t\t\t\t\t\t\t\t<div class=\"col-lg-6\">\n\t\t\t\t\t<div class=\"t3icta__slider\">\n\t\t\t\t\t\t<div class=\"splide\">\n\t\t\t\t\t\t\t<div class=\"splide__track\">\n\t\t\t\t\t\t\t\t<div class=\"splide__list\">\n\t\t\t\t\t\t\t\t\t\t\t\t\t\t\t\t\t\t\t<div class=\"splide__slide\">\n\t\t\t\t\t\t\t\t\t\t\t<img decoding=\"async\" src=\"https:\/\/myallmeeting.com\/wp-content\/uploads\/2018\/06\/aja_p_2619-54__original-953x600.jpeg\" width=\"953\" height=\"600\" alt=\"\" loading=\"lazy\" \/>\n\t\t\t\t\t\t\t\t\t\t<\/div>\n\t\t\t\t\t\t\t\t\t\t\t\t\t\t\t\t\t\n\t\t\t\t\t\t\t\t<\/div>\n\t\t\t\t\t\t\t<\/div>\n\t\t\t\t\t\t\t<div class=\"splide__arrows d-none d-lg-block\">\n\t\t\t\t\t\t\t\t<button class=\"splide__arrow splide__arrow--prev px-lg-3 py-lg-4 px-xl-4 py-xl-5 px-xxl-5 py-xxl-7 position-absolute l-0 bg-white border-0\">\n\t\t\t\t\t\t\t\t\t<svg width=\"14\" height=\"27\" aria-hidden=\"true\">\n\t\t\t\t\t\t\t\t\t\t<use xlink:href=\"https:\/\/myallmeeting.com\/wp-content\/themes\/accor\/assets\/images\/sprite.svg#slider-prev\"><\/use>\n\t\t\t\t\t\t\t\t\t<\/svg>\n\t\t\t\t\t\t\t\t<\/button>\n\t\t\t\t\t\t\t\t<button class=\"splide__arrow splide__arrow--next px-lg-3 py-lg-4 px-xl-4 py-xl-5 px-xxl-5 py-xxl-7 position-absolute r-0 bg-white border-0\">\n\t\t\t\t\t\t\t\t\t<svg width=\"14\" height=\"27\" aria-hidden=\"true\">\n\t\t\t\t\t\t\t\t\t\t<use xlink:href=\"https:\/\/myallmeeting.com\/wp-content\/themes\/accor\/assets\/images\/sprite.svg#slider-prev\"><\/use>\n\t\t\t\t\t\t\t\t\t<\/svg>\n\t\t\t\t\t\t\t\t<\/button>\n\t\t\t\t\t\t\t<\/div>\n\t\t\t\t\t\t<\/div>\n\t\t\t\t\t<\/div>\n\t\t\t\t<\/div>\n\t\t\t\t\t\t\t\t<div class=\"col-lg-6\">\n\t\t\t\t\t<div class=\"t3icta__top_right mb-lg-14 px-2 py-9 px-lg-11 py-lg-0\">\n\t\t\t\t\t\t\t\n\t\t\t\t\t\t<h2 class=\"fs-20 fs-lg-23 fs-xl-27 fs-xxl-30 fw-semibold\">Le r\u00e9seau Accor \u00e0 Nantes<\/h2>\n\t\t\t\t\t\t\t\t\t\t\t\t\t\n\t\t\t\t\t\t<div class=\"fs-wysiwyg\">\n\t\t\t\t\t\t\t<p>Si vous souhaitez organiser un s\u00e9minaire ou une r\u00e9union dans un h\u00f4tel de cette ville privil\u00e9gi\u00e9e pour le tourisme d\u2019affaires, le r\u00e9seau Accor offre un large choix de <strong>25 h\u00f4tels<\/strong> sp\u00e9cialis\u00e9s dans ce type d\u2019\u00e9v\u00e9nements, du plus \u00e9conomique (2 Hotel F1, 5 ibis, 5 ibis budget et 4 ibis Styles) au <em>midscale<\/em> (3 Novotel, 4 Mercure et 2 Adagio). Des h\u00f4tels id\u00e9alement situ\u00e9s au c\u0153ur de la ville des c\u00e9l\u00e8bres biscuits Petit LU ou \u00e0 proximit\u00e9 de la gare et de l\u2019a\u00e9roport pour plus de confort et de simplicit\u00e9.<\/p>\n\t\t\t\t\t\t<\/div>\n\t\t\t\t\t\t\t\t\t\t\t<\/div>\n\t\t\t\t<\/div>\n\t\t\t<\/div>\n\t\t<\/div>\n\t<\/div>\n\t<div class=\"t3icta__bottom bg-beige\">\n\t\t<div class=\"container-fluid\" style=\"--bs-gutter-x: 0\">\n\t\t\t<div class=\"row\" style=\"--bs-gutter-x: 0\">\n\t\t\t\t<div class=\"col-lg-5 offset-lg-1\">\n\t\t\t\t\t<div class=\"t3icta__bottom__left\">\n\t\t\t\t\t\t\t\t\t\t\t\t<img decoding=\"async\" src=\"https:\/\/myallmeeting.com\/wp-content\/uploads\/2018\/06\/aja_p_2619-56__original-633x398.jpeg\" class=\"w-100 d-lg-none\" width=\"633\" height=\"398\" alt=\"\" loading=\"lazy\" \/> <!-- Ce sont les 2 m\u00eames images : ID 0 -->\n\t\t\t\t\t\t\t\t\t\t\t\t<div class=\"px-2 py-9 px-lg-0 py-lg-0\">\n\t\t\t\t\t\t\t\t\n\t\t\t\t\t\t\t<h2 class=\"fs-20 fs-lg-23 fs-xl-27 fs-xxl-30 fw-semibold\">Id\u00e9es d\u2019incentives \u00e0 Nantes<\/h2>\n\t\t\t\t\t\t\t\t\t\t\t\t\t\t\t\n\t\t\t\t\t\t\t<div class=\"fs-wysiwyg mb-lg-15\">\n\t\t\t\t\t\t\t\t<p>\u00c0 Nantes, il est possible de conjuguer travail, culture et tourisme gr\u00e2ce aux nombreux attraits de cette ville pas comme les autres. Dot\u00e9e d\u2019un riche patrimoine historique, vous pourrez visiter <strong>le ch\u00e2teau des ducs de Bretagne<\/strong> : un site patrimonial exceptionnel situ\u00e9 au c\u0153ur du quartier m\u00e9di\u00e9val. Le lieu accueille les \u00e9v\u00e9nements professionels au sein de la cour d\u2019Anne de Bretagne, le temps d\u2019une soir\u00e9e <em>incentive<\/em>. Mais aussi le mus\u00e9e Jules Verne \u2013 Nantais le plus c\u00e9l\u00e8bre au monde \u2013 le mus\u00e9e des Beaux-Arts ou encore la cath\u00e9drale Saint-Pierre et Saint-Paul.<\/p>\n\t\t\t\t\t\t\t<\/div>\n\t\t\t\t\t\t\t\t\t\t\t\t\t<\/div>\n\t\t\t\t\t\t\t\t\t\t\t\t<div class=\"t3icta__bottom__img1 d-none d-lg-block text-end ms-lg-auto\">\n\t\t\t\t\t\t\t<img decoding=\"async\" src=\"https:\/\/myallmeeting.com\/wp-content\/uploads\/2018\/06\/aja_p_2619-56__original-633x398.jpeg\" width=\"633\" height=\"398\" alt=\"\" loading=\"lazy\" \/> <!-- Ce sont les 2 m\u00eames images : ID 1 -->\n\t\t\t\t\t\t<\/div>\n\t\t\t\t\t\t\t\t\t\t\t<\/div>\n\t\t\t\t<\/div>\n\t\t\t\t<div class=\"col-lg-5\">\n\t\t\t\t\t<div class=\"ps-lg-10\">\n\t\t\t\t\t\t\t\t\t\t\t\t<img decoding=\"async\" src=\"https:\/\/myallmeeting.com\/wp-content\/uploads\/2018\/06\/aja_p_0311-04__original-633x398.jpeg\" class=\"t3icta__bottom__img0 position-relative d-none d-lg-block mb-15\" width=\"633\" height=\"398\" alt=\"\" loading=\"lazy\" \/> <!-- Ce sont les 2 m\u00eames images : ID 0 -->\n\t\t\t\t\t\t\t\t\t\t\t\t<div class=\"px-2 px-lg-0 mb-9\">\n\t\t\t\t\t\t\t\t\n\t\t\t\t\t\t\t<h2 class=\"fs-20 fs-lg-23 fs-xl-27 fs-xxl-30 fw-semibold\">Un mus\u00e9e \u00e0 ciel ouvert<\/h2>\n\t\t\t\t\t\t\t\t\t\t\t\t\t\t\t\t\t\t\t\t\t<div class=\"fs-wysiwyg\">\n\t\t\t\t\t\t\t\t<p>Autre possibilit\u00e9, une <strong>croisi\u00e8re<\/strong> privative pour d\u00e9couvrir le fameux <strong>estuaire de Nantes \u2013 Saint-Nazaire<\/strong>. Ce v\u00e9ritable mus\u00e9e \u00e0 ciel ouvert vous invite \u00e0 d\u00e9couvrir une collection de 30 \u0153uvres d\u00e9cal\u00e9es uniques\u00a0: une maison qui semble couler, une \u00ab\u00a0villa chemin\u00e9e\u00a0\u00bb perch\u00e9e \u00e0 15 m\u00e8tres de haut qui semble avoir \u00e9t\u00e9 pos\u00e9e l\u00e0 par un g\u00e9ant ou encore le squelette d\u2019un serpent de 120 m de long.<\/p>\n<p>Et si vous n\u2019\u00eates encore jamais all\u00e9 \u00e0 Nantes, la visite incontournable reste la d\u00e9couverte des<strong> Machines de l\u2019\u00eele<\/strong>, ces animaux m\u00e9caniques g\u00e9ants qui rendent hommage aux mondes invent\u00e9s de Jules Verne et \u00e0 l\u2019univers m\u00e9canique de L\u00e9onard de Vinci. Vous pourrez en profiter pour faire une balade \u00e0 bord du c\u00e9l\u00e8bre \u00e9l\u00e9phant de 48 tonnes et haut de 12 m\u00e8tres, qui offre une vue imprenable sur le site des anciens chantiers navals. Un projet artistique in\u00e9dit qui a re\u00e7u le Thea Award de <strong>l\u2019attraction la plus originale du monde <\/strong>en 2014. Id\u00e9al pour les grands enfants\u2026<\/p>\n\t\t\t\t\t\t\t<\/div>\n\t\t\t\t\t\t\t\t\t\t\t\t\t<\/div>\n\t\t\t\t\t\t\t\t\t\t\t\t<div class=\"t3icta__bottom__img1 d-lg-none mx-auto\">\n\t\t\t\t\t\t\t<img decoding=\"async\" src=\"https:\/\/myallmeeting.com\/wp-content\/uploads\/2018\/06\/aja_p_0311-04__original-633x398.jpeg\" width=\"633\" height=\"398\" alt=\"\" loading=\"lazy\" \/> <!-- Ce sont les 2 m\u00eames images : ID 1 -->\n\t\t\t\t\t\t<\/div>\n\t\t\t\t\t\t\t\t\t\t\t<\/div>\n\t\t\t\t<\/div>\n\t\t\t<\/div>\n\t\t<\/div>\n\t<\/div>\n\t<\/div>\n<!-- END OF : Composant : block-periscope-theme-section-composant-26-textes-slider-cta.php -->\n","protected":false},"excerpt":{"rendered":"<p>Venez d\u00e9couvrir une ville dynamique et ouverte \u00e0 l\u2019international pour votre prochain \u00e9v\u00e8nement professionnel<\/p>\n","protected":false},"featured_media":17081570,"menu_order":0,"template":"","ville":[],"periscope_lieu_tax":[],"class_list":["post-15227049","desti","type-desti","status-publish","has-post-thumbnail","hentry"],"acf":[],"yoast_head":"<title>Nantes : ville inspirante pour s\u00e9minaire cr\u00e9atif - Accor MyAllMeeting.com<\/title>\n<meta name=\"robots\" content=\"index, follow, max-snippet:-1, max-image-preview:large, max-video-preview:-1\" \/>\n<link rel=\"canonical\" href=\"https:\/\/myallmeeting.com\/fr\/wp-json\/wp\/v2\/desti\/15227049\" \/>\n<meta property=\"og:locale\" content=\"fr_FR\" \/>\n<meta property=\"og:type\" content=\"article\" \/>\n<meta property=\"og:title\" content=\"Nantes : ville inspirante pour s\u00e9minaire cr\u00e9atif - Accor MyAllMeeting.com\" \/>\n<meta property=\"og:description\" content=\"Venez d\u00e9couvrir une ville dynamique et ouverte \u00e0 l\u2019international pour votre prochain \u00e9v\u00e8nement professionnel\" \/>\n<meta property=\"og:url\" content=\"https:\/\/myallmeeting.com\/fr\/destination\/nantes-ville-inspirante-pour-seminaire-creatif\/\" \/>\n<meta property=\"og:site_name\" content=\"Accor MyAllMeeting.com\" \/>\n<meta property=\"article:modified_time\" content=\"2024-12-11T16:22:52+00:00\" \/>\n<meta property=\"og:image\" content=\"https:\/\/myallmeeting.com\/wp-content\/uploads\/2018\/06\/MAM-baner-1920x570-2024-12-11T171909.319-1024x304.png\" \/>\n\t<meta property=\"og:image:width\" content=\"1024\" \/>\n\t<meta property=\"og:image:height\" content=\"304\" \/>\n\t<meta property=\"og:image:type\" content=\"image\/png\" \/>\n<meta name=\"twitter:card\" content=\"summary_large_image\" \/>\n<meta name=\"twitter:label1\" content=\"Dur\u00e9e de lecture estim\u00e9e\" \/>\n\t<meta name=\"twitter:data1\" content=\"5 minutes\" \/>\n<script type=\"application\/ld+json\" class=\"yoast-schema-graph\">{\"@context\":\"https:\/\/schema.org\",\"@graph\":[{\"@type\":\"WebPage\",\"@id\":\"https:\/\/myallmeeting.com\/fr\/destination\/nantes-ville-inspirante-pour-seminaire-creatif\/\",\"url\":\"https:\/\/myallmeeting.com\/fr\/destination\/nantes-ville-inspirante-pour-seminaire-creatif\/\",\"name\":\"Nantes : ville inspirante pour s\u00e9minaire cr\u00e9atif - Accor MyAllMeeting.com\",\"isPartOf\":{\"@id\":\"https:\/\/www.myallmeeting.com\/fr\/#website\"},\"primaryImageOfPage\":{\"@id\":\"https:\/\/myallmeeting.com\/fr\/destination\/nantes-ville-inspirante-pour-seminaire-creatif\/#primaryimage\"},\"image\":{\"@id\":\"https:\/\/myallmeeting.com\/fr\/destination\/nantes-ville-inspirante-pour-seminaire-creatif\/#primaryimage\"},\"thumbnailUrl\":\"https:\/\/myallmeeting.com\/wp-content\/uploads\/2018\/06\/MAM-baner-1920x570-2024-12-11T171909.319.png\",\"datePublished\":\"2018-06-12T08:09:46+00:00\",\"dateModified\":\"2024-12-11T16:22:52+00:00\",\"breadcrumb\":{\"@id\":\"https:\/\/myallmeeting.com\/fr\/destination\/nantes-ville-inspirante-pour-seminaire-creatif\/#breadcrumb\"},\"inLanguage\":\"fr-FR\",\"potentialAction\":[{\"@type\":\"ReadAction\",\"target\":[\"https:\/\/myallmeeting.com\/fr\/destination\/nantes-ville-inspirante-pour-seminaire-creatif\/\"]}]},{\"@type\":\"ImageObject\",\"inLanguage\":\"fr-FR\",\"@id\":\"https:\/\/myallmeeting.com\/fr\/destination\/nantes-ville-inspirante-pour-seminaire-creatif\/#primaryimage\",\"url\":\"https:\/\/myallmeeting.com\/wp-content\/uploads\/2018\/06\/MAM-baner-1920x570-2024-12-11T171909.319.png\",\"contentUrl\":\"https:\/\/myallmeeting.com\/wp-content\/uploads\/2018\/06\/MAM-baner-1920x570-2024-12-11T171909.319.png\",\"width\":1920,\"height\":570},{\"@type\":\"BreadcrumbList\",\"@id\":\"https:\/\/myallmeeting.com\/fr\/destination\/nantes-ville-inspirante-pour-seminaire-creatif\/#breadcrumb\",\"itemListElement\":[{\"@type\":\"ListItem\",\"position\":1,\"name\":\"Accueil\",\"item\":\"https:\/\/myallmeeting.com\/fr\/\"},{\"@type\":\"ListItem\",\"position\":2,\"name\":\"Destination\",\"item\":\"https:\/\/myallmeeting.com\/fr\/destination\/\"},{\"@type\":\"ListItem\",\"position\":3,\"name\":\"Nantes : ville inspirante pour s\u00e9minaire cr\u00e9atif\"}]},{\"@type\":\"WebSite\",\"@id\":\"https:\/\/www.myallmeeting.com\/fr\/#website\",\"url\":\"https:\/\/www.myallmeeting.com\/fr\/\",\"name\":\"Accor MyAllMeeting.com\",\"description\":\"Les Meilleurs lieux pour vos Ev\u00e9nements Professionnels\",\"publisher\":{\"@id\":\"https:\/\/www.myallmeeting.com\/fr\/#organization\"},\"potentialAction\":[{\"@type\":\"SearchAction\",\"target\":{\"@type\":\"EntryPoint\",\"urlTemplate\":\"https:\/\/www.myallmeeting.com\/fr\/?s={search_term_string}\"},\"query-input\":{\"@type\":\"PropertyValueSpecification\",\"valueRequired\":true,\"valueName\":\"search_term_string\"}}],\"inLanguage\":\"fr-FR\"},{\"@type\":\"Organization\",\"@id\":\"https:\/\/www.myallmeeting.com\/fr\/#organization\",\"name\":\"ACCOR\",\"url\":\"https:\/\/www.myallmeeting.com\/fr\/\",\"logo\":{\"@type\":\"ImageObject\",\"inLanguage\":\"fr-FR\",\"@id\":\"https:\/\/www.myallmeeting.com\/fr\/#\/schema\/logo\/image\/\",\"url\":\"\",\"contentUrl\":\"\",\"caption\":\"ACCOR\"},\"image\":{\"@id\":\"https:\/\/www.myallmeeting.com\/fr\/#\/schema\/logo\/image\/\"}}]}<\/script>","yoast_head_json":{"title":"Nantes : ville inspirante pour s\u00e9minaire cr\u00e9atif - Accor MyAllMeeting.com","robots":{"index":"index","follow":"follow","max-snippet":"max-snippet:-1","max-image-preview":"max-image-preview:large","max-video-preview":"max-video-preview:-1"},"canonical":"https:\/\/myallmeeting.com\/fr\/wp-json\/wp\/v2\/desti\/15227049","og_locale":"fr_FR","og_type":"article","og_title":"Nantes : ville inspirante pour s\u00e9minaire cr\u00e9atif - Accor MyAllMeeting.com","og_description":"Venez d\u00e9couvrir une ville dynamique et ouverte \u00e0 l\u2019international pour votre prochain \u00e9v\u00e8nement professionnel","og_url":"https:\/\/myallmeeting.com\/fr\/destination\/nantes-ville-inspirante-pour-seminaire-creatif\/","og_site_name":"Accor MyAllMeeting.com","article_modified_time":"2024-12-11T16:22:52+00:00","og_image":[{"width":1024,"height":304,"url":"https:\/\/myallmeeting.com\/wp-content\/uploads\/2018\/06\/MAM-baner-1920x570-2024-12-11T171909.319-1024x304.png","type":"image\/png"}],"twitter_card":"summary_large_image","twitter_misc":{"Dur\u00e9e de lecture estim\u00e9e":"5 minutes"},"schema":{"@context":"https:\/\/schema.org","@graph":[{"@type":"WebPage","@id":"https:\/\/myallmeeting.com\/fr\/destination\/nantes-ville-inspirante-pour-seminaire-creatif\/","url":"https:\/\/myallmeeting.com\/fr\/destination\/nantes-ville-inspirante-pour-seminaire-creatif\/","name":"Nantes : ville inspirante pour s\u00e9minaire cr\u00e9atif - Accor MyAllMeeting.com","isPartOf":{"@id":"https:\/\/www.myallmeeting.com\/fr\/#website"},"primaryImageOfPage":{"@id":"https:\/\/myallmeeting.com\/fr\/destination\/nantes-ville-inspirante-pour-seminaire-creatif\/#primaryimage"},"image":{"@id":"https:\/\/myallmeeting.com\/fr\/destination\/nantes-ville-inspirante-pour-seminaire-creatif\/#primaryimage"},"thumbnailUrl":"https:\/\/myallmeeting.com\/wp-content\/uploads\/2018\/06\/MAM-baner-1920x570-2024-12-11T171909.319.png","datePublished":"2018-06-12T08:09:46+00:00","dateModified":"2024-12-11T16:22:52+00:00","breadcrumb":{"@id":"https:\/\/myallmeeting.com\/fr\/destination\/nantes-ville-inspirante-pour-seminaire-creatif\/#breadcrumb"},"inLanguage":"fr-FR","potentialAction":[{"@type":"ReadAction","target":["https:\/\/myallmeeting.com\/fr\/destination\/nantes-ville-inspirante-pour-seminaire-creatif\/"]}]},{"@type":"ImageObject","inLanguage":"fr-FR","@id":"https:\/\/myallmeeting.com\/fr\/destination\/nantes-ville-inspirante-pour-seminaire-creatif\/#primaryimage","url":"https:\/\/myallmeeting.com\/wp-content\/uploads\/2018\/06\/MAM-baner-1920x570-2024-12-11T171909.319.png","contentUrl":"https:\/\/myallmeeting.com\/wp-content\/uploads\/2018\/06\/MAM-baner-1920x570-2024-12-11T171909.319.png","width":1920,"height":570},{"@type":"BreadcrumbList","@id":"https:\/\/myallmeeting.com\/fr\/destination\/nantes-ville-inspirante-pour-seminaire-creatif\/#breadcrumb","itemListElement":[{"@type":"ListItem","position":1,"name":"Accueil","item":"https:\/\/myallmeeting.com\/fr\/"},{"@type":"ListItem","position":2,"name":"Destination","item":"https:\/\/myallmeeting.com\/fr\/destination\/"},{"@type":"ListItem","position":3,"name":"Nantes : ville inspirante pour s\u00e9minaire cr\u00e9atif"}]},{"@type":"WebSite","@id":"https:\/\/www.myallmeeting.com\/fr\/#website","url":"https:\/\/www.myallmeeting.com\/fr\/","name":"Accor MyAllMeeting.com","description":"Les Meilleurs lieux pour vos Ev\u00e9nements Professionnels","publisher":{"@id":"https:\/\/www.myallmeeting.com\/fr\/#organization"},"potentialAction":[{"@type":"SearchAction","target":{"@type":"EntryPoint","urlTemplate":"https:\/\/www.myallmeeting.com\/fr\/?s={search_term_string}"},"query-input":{"@type":"PropertyValueSpecification","valueRequired":true,"valueName":"search_term_string"}}],"inLanguage":"fr-FR"},{"@type":"Organization","@id":"https:\/\/www.myallmeeting.com\/fr\/#organization","name":"ACCOR","url":"https:\/\/www.myallmeeting.com\/fr\/","logo":{"@type":"ImageObject","inLanguage":"fr-FR","@id":"https:\/\/www.myallmeeting.com\/fr\/#\/schema\/logo\/image\/","url":"","contentUrl":"","caption":"ACCOR"},"image":{"@id":"https:\/\/www.myallmeeting.com\/fr\/#\/schema\/logo\/image\/"}}]}},"_links":{"self":[{"href":"https:\/\/myallmeeting.com\/fr\/wp-json\/wp\/v2\/desti\/15227049","targetHints":{"allow":["GET"]}}],"collection":[{"href":"https:\/\/myallmeeting.com\/fr\/wp-json\/wp\/v2\/desti"}],"about":[{"href":"https:\/\/myallmeeting.com\/fr\/wp-json\/wp\/v2\/types\/desti"}],"wp:featuredmedia":[{"embeddable":true,"href":"https:\/\/myallmeeting.com\/fr\/wp-json\/wp\/v2\/media\/17081570"}],"wp:attachment":[{"href":"https:\/\/myallmeeting.com\/fr\/wp-json\/wp\/v2\/media?parent=15227049"}],"wp:term":[{"taxonomy":"ville","embeddable":true,"href":"https:\/\/myallmeeting.com\/fr\/wp-json\/wp\/v2\/ville?post=15227049"},{"taxonomy":"periscope_lieu_tax","embeddable":true,"href":"https:\/\/myallmeeting.com\/fr\/wp-json\/wp\/v2\/periscope_lieu_tax?post=15227049"}],"curies":[{"name":"wp","href":"https:\/\/api.w.org\/{rel}","templated":true}]}}