{"id":15227048,"date":"2018-07-06T09:17:18","date_gmt":"2018-07-06T07:17:18","guid":{"rendered":"https:\/\/myallmeeting.com\/fr\/destination\/nice-votre-seminaire-ensoleille-sur-la-cote-dazur\/"},"modified":"2024-12-13T16:04:23","modified_gmt":"2024-12-13T15:04:23","slug":"nice-votre-seminaire-ensoleille-sur-la-cote-dazur","status":"publish","type":"desti","link":"https:\/\/myallmeeting.com\/fr\/destination\/nice-votre-seminaire-ensoleille-sur-la-cote-dazur\/","title":{"rendered":"Nice : votre s\u00e9minaire ensoleill\u00e9 sur la C\u00f4te d\u2019Azur"},"content":{"rendered":"<!-- START OF : Composant : block-periscope-theme-section-composant-25-texte-cta-2-images.php -->\n<div class=\"tcta2ia bg-white fs-wysiwyg mb-lg-12\" data-component=\"25-texte-cta-2-images\">\n\t<div class=\"tcta2ia__top\">\n\t\t<div class=\"container-fluid\" style=\"--bs-gutter-x: 0\">\n\t\t\t<div class=\"row\" style=\"--bs-gutter-x: 0\">\n\t\t\t\t<div class=\"col-lg-8\">\n\t\t\t\t\t\t\t\t\t\t<div class=\"bloc-mise-en-avant__top__left\">\n\t\t\t\t\t\t<img decoding=\"async\" src=\"https:\/\/myallmeeting.com\/wp-content\/uploads\/2018\/07\/aja_p_4646-10__original-1268x846.jpeg\" class=\"pe-2 pe-lg-0\" width=\"1268\" height=\"846\" alt=\"\" loading=\"lazy\" \/>\n\t\t\t\t\t<\/div>\n\t\t\t\t\t\t\t\t\t\t<div class=\"tcta2ia__bottom d-none d-lg-block pb-12 pt-lg-9 pb-lg-0 pe-lg-10\">\n\t\t\t\t\t\t\t\t\t\t\t\t<h2 class=\"fs-20 fs-lg-32 fw-semibold\">Accessibilit\u00e9<\/h2>\n\t\t\t\t\t\t\t\t\t\t\t\t\t\t\t\t\t\t<div class=\"fs-wysiwyg\"><p><em>Nissa<\/em> \u2013 en nissart, le nom de l\u2019occitan local \u2013 accueille \u00e9galement le deuxi\u00e8me a\u00e9roport de France avec 9,6 millions de voyageurs. Construit sur la mer, l\u2019a\u00e9roport international Nice-C\u00f4te d\u2019Azur accueille 33 compagnies et dessert 100 destinations dans 73 pays. Une ouverture sur le monde qui en fait la porte d\u2019entr\u00e9e strat\u00e9gique de toute la r\u00e9gion. Et qui a \u00e9galement l\u2019avantage de n\u2019\u00eatre qu\u2019\u00e0 15 minutes du centre-ville et des diff\u00e9rents lieux possibles pour une r\u00e9union de travail. La ville est \u00e9galement reli\u00e9e aux grandes agglom\u00e9rations europ\u00e9ennes gr\u00e2ce \u00e0 un important r\u00e9seau autoroutier et les villes de Monaco, Sainte-Maxime et Cannes sont tr\u00e8s faciles d\u2019acc\u00e8s depuis la gare centrale.<\/p>\n<\/div>\n\t\t\t\t\t\t\t\t\t\t\t\t<div class=\"d-flex flex-column flex-lg-row align-items-center gap-5 gap-lg-8 justify-content-between\">\n\t\t\t\t\t\t\t<div class=\"fs-20 fs-lg-26 fw-semibold lh-xs\"><\/div>\n\t\t\t\t\t\t\t\t\t\t\t\t\t<\/div>\n\t\t\t\t\t<\/div>\n\t\t\t\t<\/div>\n\t\t\t\t<div class=\"col-lg-4\">\n\t\t\t\t\t<div class=\"tcta2ia__top__right t-0 r-0 bg-primary text-white pt-4 pb-4 px-2 pt-lg-8 pb-lg-16 px-lg-11 pb-xl-30\">\n\t\t\t\t\t\t\t\t\t\t\t\t\t\t\t\t\t\t<h2 class=\"unna fs-36 fs-lg-51 fs-xl-75 fs-italic fw-normal text-secondary\">Nice : votre s\u00e9minaire ensoleill\u00e9 sur la C\u00f4te d\u2019Azur<\/h2>\n\t\t\t\t\t\t\t\t\t\t\t\t\t\t\t\t\t\t<h3 class=\"text-white fs-18 fs-lg-20 fs-xl-28 text-original-case\">Une ville tableau, qui b\u00e9n\u00e9ficie d\u2019un climat tr\u00e8s doux toute l\u2019ann\u00e9e et o\u00f9 r\u00e8gne la dolce vita des villes m\u00e9diterran\u00e9ennes<\/h3>\n\t\t\t\t\t\t\t\t\t\t\t\t\t\t\t\t\t\t<div class=\"fs-wysiwyg mb-4 fs-lg-16 fs-xl-20\"><p>De style baroque, Nice a gard\u00e9 le charme de sa p\u00e9riode savoyarde, avec ses nombreux palais, h\u00f4tels particuliers et \u00e9glises. Bien que Nice soit la deuxi\u00e8me ville de la r\u00e9gion Provence-Alpes-C\u00f4te d\u2019Azur derri\u00e8re Marseille<a href=\"https:\/\/myallmeeting.com\/destination\/marseille-meilleure-destination-reunion-bord-de-mer\/\"><\/a>, elle demeure n\u00e9anmoins la capitale \u00e9conomique et culturelle de la r\u00e9gion. Riche de nombreux atouts \u2013 tourisme, commerce, localisation\u2026 \u2013, elle est \u00e9galement la ville de France, apr\u00e8s Paris, dot\u00e9e de la plus grande capacit\u00e9 h\u00f4teli\u00e8re. Elle accueille chaque ann\u00e9e plus de cinq millions de touristes venus d\u00e9ambuler sur la c\u00e9l\u00e8bre Promenade des Anglais et profiter de la vue sur la baie des Anges.<\/p>\n<\/div>\n\t\t\t\t\t\t\t\t\t\t\t\t\t\t\t\t\t\t\t\t\t\t\t\t<p class=\"m-0\"><img decoding=\"async\" src=\"https:\/\/myallmeeting.com\/wp-content\/uploads\/2018\/07\/aja_p_6837-71__original-633x398.jpeg\" class=\"position-relative l-0\" width=\"633\" height=\"398\" alt=\"\" loading=\"lazy\" \/><\/p>\n\t\t\t\t\t\t\t\t\t\t\t<\/div>\n\t\t\t\t<\/div>\n\t\t\t<\/div>\n\t\t<\/div>\n\t<\/div>\n\t<div class=\"tcta2ia__bottom d-lg-none pb-12 py-lg-9 pe-lg-10\">\n\t\t\t\t<div class=\"h2 fs-20 fs-lg-32 fw-semibold\">Accessibilit\u00e9<\/div>\n\t\t\t\t\t\t<div class=\"fs-wysiwyg\"><p><em>Nissa<\/em> \u2013 en nissart, le nom de l\u2019occitan local \u2013 accueille \u00e9galement le deuxi\u00e8me a\u00e9roport de France avec 9,6 millions de voyageurs. Construit sur la mer, l\u2019a\u00e9roport international Nice-C\u00f4te d\u2019Azur accueille 33 compagnies et dessert 100 destinations dans 73 pays. Une ouverture sur le monde qui en fait la porte d\u2019entr\u00e9e strat\u00e9gique de toute la r\u00e9gion. Et qui a \u00e9galement l\u2019avantage de n\u2019\u00eatre qu\u2019\u00e0 15 minutes du centre-ville et des diff\u00e9rents lieux possibles pour une r\u00e9union de travail. La ville est \u00e9galement reli\u00e9e aux grandes agglom\u00e9rations europ\u00e9ennes gr\u00e2ce \u00e0 un important r\u00e9seau autoroutier et les villes de Monaco, Sainte-Maxime et Cannes sont tr\u00e8s faciles d\u2019acc\u00e8s depuis la gare centrale.<\/p>\n<\/div>\n\t\t\t\t<div class=\"d-flex flex-column flex-lg-row align-items-center gap-5 gap-lg-8 justify-content-between\">\n\t\t\t<div class=\"fs-20 fs-lg-26 fw-semibold lh-xs\"><\/div>\n\t\t\t\t\t<\/div>\n\t<\/div>\n<\/div>\n<!-- END OF : Composant : block-periscope-theme-section-composant-25-texte-cta-2-images.php -->\n\n\n<!-- START OF : Composant : block-periscope-theme-section-composant-26-textes-slider-cta.php -->\n<div class=\"t3icta bg-white pb-12 mb-9 fs-wysiwyg\" data-component=\"26-textes-3-images-cta\">\n\t<div class=\"t3icta__top position-relative\">\n\t\t<div class=\"container-fluid\" style=\"--bs-gutter-x: 0\">\n\t\t\t<div class=\"row\" style=\"--bs-gutter-x: 0\">\n\t\t\t\t\t\t\t\t<div class=\"col-lg-6\">\n\t\t\t\t\t<div class=\"t3icta__slider\">\n\t\t\t\t\t\t<div class=\"splide\">\n\t\t\t\t\t\t\t<div class=\"splide__track\">\n\t\t\t\t\t\t\t\t<div class=\"splide__list\">\n\t\t\t\t\t\t\t\t\t\t\t\t\t\t\t\t\t\t\t<div class=\"splide__slide\">\n\t\t\t\t\t\t\t\t\t\t\t<img decoding=\"async\" src=\"https:\/\/myallmeeting.com\/wp-content\/uploads\/2018\/07\/aja_p_5597-43__original-953x600.jpeg\" width=\"953\" height=\"600\" alt=\"\" loading=\"lazy\" \/>\n\t\t\t\t\t\t\t\t\t\t<\/div>\n\t\t\t\t\t\t\t\t\t\t\t\t\t\t\t\t\t\n\t\t\t\t\t\t\t\t<\/div>\n\t\t\t\t\t\t\t<\/div>\n\t\t\t\t\t\t\t<div class=\"splide__arrows d-none d-lg-block\">\n\t\t\t\t\t\t\t\t<button class=\"splide__arrow splide__arrow--prev px-lg-3 py-lg-4 px-xl-4 py-xl-5 px-xxl-5 py-xxl-7 position-absolute l-0 bg-white border-0\">\n\t\t\t\t\t\t\t\t\t<svg width=\"14\" height=\"27\" aria-hidden=\"true\">\n\t\t\t\t\t\t\t\t\t\t<use xlink:href=\"https:\/\/myallmeeting.com\/wp-content\/themes\/accor\/assets\/images\/sprite.svg#slider-prev\"><\/use>\n\t\t\t\t\t\t\t\t\t<\/svg>\n\t\t\t\t\t\t\t\t<\/button>\n\t\t\t\t\t\t\t\t<button class=\"splide__arrow splide__arrow--next px-lg-3 py-lg-4 px-xl-4 py-xl-5 px-xxl-5 py-xxl-7 position-absolute r-0 bg-white border-0\">\n\t\t\t\t\t\t\t\t\t<svg width=\"14\" height=\"27\" aria-hidden=\"true\">\n\t\t\t\t\t\t\t\t\t\t<use xlink:href=\"https:\/\/myallmeeting.com\/wp-content\/themes\/accor\/assets\/images\/sprite.svg#slider-prev\"><\/use>\n\t\t\t\t\t\t\t\t\t<\/svg>\n\t\t\t\t\t\t\t\t<\/button>\n\t\t\t\t\t\t\t<\/div>\n\t\t\t\t\t\t<\/div>\n\t\t\t\t\t<\/div>\n\t\t\t\t<\/div>\n\t\t\t\t\t\t\t\t<div class=\"col-lg-6\">\n\t\t\t\t\t<div class=\"t3icta__top_right mb-lg-14 px-2 py-9 px-lg-11 py-lg-0\">\n\t\t\t\t\t\t\t\n\t\t\t\t\t\t<h2 class=\"fs-20 fs-lg-23 fs-xl-27 fs-xxl-30 fw-semibold\">Le r\u00e9seau Accor \u00e0 Nice<\/h2>\n\t\t\t\t\t\t\t\t\t\t\t\t\t\n\t\t\t\t\t\t<div class=\"fs-wysiwyg\">\n\t\t\t\t\t\t\t<p>Si vous souhaitez organiser votre s\u00e9minaire ou votre convention dans un h\u00f4tel de cette perle de la C\u00f4te d\u2019Azur, le r\u00e9seau Accor offre un large choix de <strong>27 h\u00f4tels<\/strong> sp\u00e9cialis\u00e9s dans ce type d\u2019\u00e9v\u00e9nements, du plus \u00e9conomique (3 ibis Budget, 3 ibis, 5 ibis Styles, 1 greet et 1 HotelF1) \u00e0 des h\u00f4tels milieu de gamme (4 Novotel, 5 Mercure et 4 Adagio). Des h\u00f4tels id\u00e9alement situ\u00e9s au c\u0153ur de Nice ou \u00e0 proximit\u00e9 de la gare et de l\u2019a\u00e9roport pour acc\u00e9der au plus vite au lieu de votre s\u00e9minaire.<\/p>\n\t\t\t\t\t\t<\/div>\n\t\t\t\t\t\t\t\t\t\t\t<\/div>\n\t\t\t\t<\/div>\n\t\t\t<\/div>\n\t\t<\/div>\n\t<\/div>\n\t<div class=\"t3icta__bottom bg-beige\">\n\t\t<div class=\"container-fluid\" style=\"--bs-gutter-x: 0\">\n\t\t\t<div class=\"row\" style=\"--bs-gutter-x: 0\">\n\t\t\t\t<div class=\"col-lg-5 offset-lg-1\">\n\t\t\t\t\t<div class=\"t3icta__bottom__left\">\n\t\t\t\t\t\t\t\t\t\t\t\t<div class=\"px-2 py-9 px-lg-0 py-lg-0\">\n\t\t\t\t\t\t\t\t\n\t\t\t\t\t\t\t<h2 class=\"fs-20 fs-lg-23 fs-xl-27 fs-xxl-30 fw-semibold\">Id\u00e9es d\u2019incentives \u00e0 Nice<\/h2>\n\t\t\t\t\t\t\t\t\t\t\t\t\t\t\t\n\t\t\t\t\t\t\t<div class=\"fs-wysiwyg mb-lg-15\">\n\t\t\t\t\t\t\t\t<p>Gr\u00e2ce \u00e0 la diversit\u00e9 du relief de la r\u00e9gion C\u00f4te d\u2019Azur, de nombreuses activit\u00e9s sportives s\u2019offrent \u00e0 vous, telles que la randonn\u00e9e, le VTT, le canyoning, la sp\u00e9l\u00e9ologie ou encore le golf. C\u00f4t\u00e9 <em>incentives<\/em>, Nice foisonne de propositions culturelles. La ville dispose de 14 mus\u00e9es et galeries dont le mus\u00e9e Matisse situ\u00e9 dans les jardins de la colline de Cimiez o\u00f9 le peintre aimait se promener, le MAMAC, mus\u00e9e d\u2019art moderne et contemporain des ann\u00e9es 50 \u00e0 aujourd\u2019hui, ou encore le mus\u00e9e d\u2019arch\u00e9ologie, qui abrite des trouvailles de la Pr\u00e9histoire au Moyen \u00c2ge.<\/p>\n<p>En r\u00e9sum\u00e9, si vous \u00eates \u00e0 la recherche d\u2019un cadre agr\u00e9able et ensoleill\u00e9, Nice est id\u00e9al pour organiser un s\u00e9minaire.<\/p>\n\t\t\t\t\t\t\t<\/div>\n\t\t\t\t\t\t\t\t\t\t\t\t\t<\/div>\n\t\t\t\t\t\t\t\t\t\t\t<\/div>\n\t\t\t\t<\/div>\n\t\t\t\t<div class=\"col-lg-5\">\n\t\t\t\t\t<div class=\"ps-lg-10\">\n\t\t\t\t\t\t\t\t\t\t\t\t<img decoding=\"async\" src=\"https:\/\/myallmeeting.com\/wp-content\/uploads\/2018\/07\/aja_p_4646-15__original-633x398.jpeg\" class=\"t3icta__bottom__img0 position-relative d-none d-lg-block mb-15\" width=\"633\" height=\"398\" alt=\"\" loading=\"lazy\" \/> <!-- Ce sont les 2 m\u00eames images : ID 0 -->\n\t\t\t\t\t\t\t\t\t\t\t\t<div class=\"px-2 px-lg-0 mb-9\">\n\t\t\t\t\t\t\t\t\t\t\t\t\t\t\t\t\t\t\t\t<\/div>\n\t\t\t\t\t\t\t\t\t\t\t\t<div class=\"t3icta__bottom__img1 d-lg-none mx-auto\">\n\t\t\t\t\t\t\t<img decoding=\"async\" src=\"https:\/\/myallmeeting.com\/wp-content\/uploads\/2018\/07\/aja_p_4646-15__original-633x398.jpeg\" width=\"633\" height=\"398\" alt=\"\" loading=\"lazy\" \/> <!-- Ce sont les 2 m\u00eames images : ID 1 -->\n\t\t\t\t\t\t<\/div>\n\t\t\t\t\t\t\t\t\t\t\t<\/div>\n\t\t\t\t<\/div>\n\t\t\t<\/div>\n\t\t<\/div>\n\t<\/div>\n\t<\/div>\n<!-- END OF : Composant : block-periscope-theme-section-composant-26-textes-slider-cta.php -->\n","protected":false},"excerpt":{"rendered":"<p>Venez visiter Nice, une ville tableau, qui b\u00e9n\u00e9ficie d\u2019un climat tr\u00e8s doux toute l\u2019ann\u00e9e et o\u00f9 r\u00e8gne la dolce vita des villes m\u00e9diterran\u00e9ennes<\/p>\n","protected":false},"featured_media":17141141,"menu_order":0,"template":"","ville":[],"periscope_lieu_tax":[],"class_list":["post-15227048","desti","type-desti","status-publish","has-post-thumbnail","hentry"],"acf":[],"yoast_head":"<title>Nice : votre s\u00e9minaire ensoleill\u00e9 sur la C\u00f4te d\u2019Azur - Accor MyAllMeeting.com<\/title>\n<meta name=\"robots\" content=\"index, follow, max-snippet:-1, max-image-preview:large, max-video-preview:-1\" \/>\n<link rel=\"canonical\" href=\"https:\/\/myallmeeting.com\/fr\/wp-json\/wp\/v2\/desti\/15227048\" \/>\n<meta property=\"og:locale\" content=\"fr_FR\" \/>\n<meta property=\"og:type\" content=\"article\" \/>\n<meta property=\"og:title\" content=\"Nice : votre s\u00e9minaire ensoleill\u00e9 sur la C\u00f4te d\u2019Azur - Accor MyAllMeeting.com\" \/>\n<meta property=\"og:description\" content=\"Venez visiter Nice, une ville tableau, qui b\u00e9n\u00e9ficie d\u2019un climat tr\u00e8s doux toute l\u2019ann\u00e9e et o\u00f9 r\u00e8gne la dolce vita des villes m\u00e9diterran\u00e9ennes\" \/>\n<meta property=\"og:url\" content=\"https:\/\/myallmeeting.com\/fr\/destination\/nice-votre-seminaire-ensoleille-sur-la-cote-dazur\/\" \/>\n<meta property=\"og:site_name\" content=\"Accor MyAllMeeting.com\" \/>\n<meta property=\"article:modified_time\" content=\"2024-12-13T15:04:23+00:00\" \/>\n<meta property=\"og:image\" content=\"https:\/\/myallmeeting.com\/wp-content\/uploads\/2018\/07\/MAM-baner-1920x570-2024-12-13T155401.959.png\" \/>\n\t<meta property=\"og:image:width\" content=\"1920\" \/>\n\t<meta property=\"og:image:height\" content=\"570\" \/>\n\t<meta property=\"og:image:type\" content=\"image\/png\" \/>\n<meta name=\"twitter:card\" content=\"summary_large_image\" \/>\n<meta name=\"twitter:label1\" content=\"Dur\u00e9e de lecture estim\u00e9e\" \/>\n\t<meta name=\"twitter:data1\" content=\"4 minutes\" \/>\n<script type=\"application\/ld+json\" class=\"yoast-schema-graph\">{\"@context\":\"https:\/\/schema.org\",\"@graph\":[{\"@type\":\"WebPage\",\"@id\":\"https:\/\/myallmeeting.com\/fr\/destination\/nice-votre-seminaire-ensoleille-sur-la-cote-dazur\/\",\"url\":\"https:\/\/myallmeeting.com\/fr\/destination\/nice-votre-seminaire-ensoleille-sur-la-cote-dazur\/\",\"name\":\"Nice : votre s\u00e9minaire ensoleill\u00e9 sur la C\u00f4te d\u2019Azur - Accor MyAllMeeting.com\",\"isPartOf\":{\"@id\":\"https:\/\/www.myallmeeting.com\/fr\/#website\"},\"primaryImageOfPage\":{\"@id\":\"https:\/\/myallmeeting.com\/fr\/destination\/nice-votre-seminaire-ensoleille-sur-la-cote-dazur\/#primaryimage\"},\"image\":{\"@id\":\"https:\/\/myallmeeting.com\/fr\/destination\/nice-votre-seminaire-ensoleille-sur-la-cote-dazur\/#primaryimage\"},\"thumbnailUrl\":\"https:\/\/myallmeeting.com\/wp-content\/uploads\/2018\/07\/MAM-baner-1920x570-2024-12-13T155401.959.png\",\"datePublished\":\"2018-07-06T07:17:18+00:00\",\"dateModified\":\"2024-12-13T15:04:23+00:00\",\"breadcrumb\":{\"@id\":\"https:\/\/myallmeeting.com\/fr\/destination\/nice-votre-seminaire-ensoleille-sur-la-cote-dazur\/#breadcrumb\"},\"inLanguage\":\"fr-FR\",\"potentialAction\":[{\"@type\":\"ReadAction\",\"target\":[\"https:\/\/myallmeeting.com\/fr\/destination\/nice-votre-seminaire-ensoleille-sur-la-cote-dazur\/\"]}]},{\"@type\":\"ImageObject\",\"inLanguage\":\"fr-FR\",\"@id\":\"https:\/\/myallmeeting.com\/fr\/destination\/nice-votre-seminaire-ensoleille-sur-la-cote-dazur\/#primaryimage\",\"url\":\"https:\/\/myallmeeting.com\/wp-content\/uploads\/2018\/07\/MAM-baner-1920x570-2024-12-13T155401.959.png\",\"contentUrl\":\"https:\/\/myallmeeting.com\/wp-content\/uploads\/2018\/07\/MAM-baner-1920x570-2024-12-13T155401.959.png\",\"width\":1920,\"height\":570},{\"@type\":\"BreadcrumbList\",\"@id\":\"https:\/\/myallmeeting.com\/fr\/destination\/nice-votre-seminaire-ensoleille-sur-la-cote-dazur\/#breadcrumb\",\"itemListElement\":[{\"@type\":\"ListItem\",\"position\":1,\"name\":\"Accueil\",\"item\":\"https:\/\/myallmeeting.com\/fr\/\"},{\"@type\":\"ListItem\",\"position\":2,\"name\":\"Destination\",\"item\":\"https:\/\/myallmeeting.com\/fr\/destination\/\"},{\"@type\":\"ListItem\",\"position\":3,\"name\":\"Nice : votre s\u00e9minaire ensoleill\u00e9 sur la C\u00f4te d\u2019Azur\"}]},{\"@type\":\"WebSite\",\"@id\":\"https:\/\/www.myallmeeting.com\/fr\/#website\",\"url\":\"https:\/\/www.myallmeeting.com\/fr\/\",\"name\":\"Accor MyAllMeeting.com\",\"description\":\"Les Meilleurs lieux pour vos Ev\u00e9nements Professionnels\",\"publisher\":{\"@id\":\"https:\/\/www.myallmeeting.com\/fr\/#organization\"},\"potentialAction\":[{\"@type\":\"SearchAction\",\"target\":{\"@type\":\"EntryPoint\",\"urlTemplate\":\"https:\/\/www.myallmeeting.com\/fr\/?s={search_term_string}\"},\"query-input\":{\"@type\":\"PropertyValueSpecification\",\"valueRequired\":true,\"valueName\":\"search_term_string\"}}],\"inLanguage\":\"fr-FR\"},{\"@type\":\"Organization\",\"@id\":\"https:\/\/www.myallmeeting.com\/fr\/#organization\",\"name\":\"ACCOR\",\"url\":\"https:\/\/www.myallmeeting.com\/fr\/\",\"logo\":{\"@type\":\"ImageObject\",\"inLanguage\":\"fr-FR\",\"@id\":\"https:\/\/www.myallmeeting.com\/fr\/#\/schema\/logo\/image\/\",\"url\":\"\",\"contentUrl\":\"\",\"caption\":\"ACCOR\"},\"image\":{\"@id\":\"https:\/\/www.myallmeeting.com\/fr\/#\/schema\/logo\/image\/\"}}]}<\/script>","yoast_head_json":{"title":"Nice : votre s\u00e9minaire ensoleill\u00e9 sur la C\u00f4te d\u2019Azur - Accor MyAllMeeting.com","robots":{"index":"index","follow":"follow","max-snippet":"max-snippet:-1","max-image-preview":"max-image-preview:large","max-video-preview":"max-video-preview:-1"},"canonical":"https:\/\/myallmeeting.com\/fr\/wp-json\/wp\/v2\/desti\/15227048","og_locale":"fr_FR","og_type":"article","og_title":"Nice : votre s\u00e9minaire ensoleill\u00e9 sur la C\u00f4te d\u2019Azur - Accor MyAllMeeting.com","og_description":"Venez visiter Nice, une ville tableau, qui b\u00e9n\u00e9ficie d\u2019un climat tr\u00e8s doux toute l\u2019ann\u00e9e et o\u00f9 r\u00e8gne la dolce vita des villes m\u00e9diterran\u00e9ennes","og_url":"https:\/\/myallmeeting.com\/fr\/destination\/nice-votre-seminaire-ensoleille-sur-la-cote-dazur\/","og_site_name":"Accor MyAllMeeting.com","article_modified_time":"2024-12-13T15:04:23+00:00","og_image":[{"width":1920,"height":570,"url":"https:\/\/myallmeeting.com\/wp-content\/uploads\/2018\/07\/MAM-baner-1920x570-2024-12-13T155401.959.png","type":"image\/png"}],"twitter_card":"summary_large_image","twitter_misc":{"Dur\u00e9e de lecture estim\u00e9e":"4 minutes"},"schema":{"@context":"https:\/\/schema.org","@graph":[{"@type":"WebPage","@id":"https:\/\/myallmeeting.com\/fr\/destination\/nice-votre-seminaire-ensoleille-sur-la-cote-dazur\/","url":"https:\/\/myallmeeting.com\/fr\/destination\/nice-votre-seminaire-ensoleille-sur-la-cote-dazur\/","name":"Nice : votre s\u00e9minaire ensoleill\u00e9 sur la C\u00f4te d\u2019Azur - Accor MyAllMeeting.com","isPartOf":{"@id":"https:\/\/www.myallmeeting.com\/fr\/#website"},"primaryImageOfPage":{"@id":"https:\/\/myallmeeting.com\/fr\/destination\/nice-votre-seminaire-ensoleille-sur-la-cote-dazur\/#primaryimage"},"image":{"@id":"https:\/\/myallmeeting.com\/fr\/destination\/nice-votre-seminaire-ensoleille-sur-la-cote-dazur\/#primaryimage"},"thumbnailUrl":"https:\/\/myallmeeting.com\/wp-content\/uploads\/2018\/07\/MAM-baner-1920x570-2024-12-13T155401.959.png","datePublished":"2018-07-06T07:17:18+00:00","dateModified":"2024-12-13T15:04:23+00:00","breadcrumb":{"@id":"https:\/\/myallmeeting.com\/fr\/destination\/nice-votre-seminaire-ensoleille-sur-la-cote-dazur\/#breadcrumb"},"inLanguage":"fr-FR","potentialAction":[{"@type":"ReadAction","target":["https:\/\/myallmeeting.com\/fr\/destination\/nice-votre-seminaire-ensoleille-sur-la-cote-dazur\/"]}]},{"@type":"ImageObject","inLanguage":"fr-FR","@id":"https:\/\/myallmeeting.com\/fr\/destination\/nice-votre-seminaire-ensoleille-sur-la-cote-dazur\/#primaryimage","url":"https:\/\/myallmeeting.com\/wp-content\/uploads\/2018\/07\/MAM-baner-1920x570-2024-12-13T155401.959.png","contentUrl":"https:\/\/myallmeeting.com\/wp-content\/uploads\/2018\/07\/MAM-baner-1920x570-2024-12-13T155401.959.png","width":1920,"height":570},{"@type":"BreadcrumbList","@id":"https:\/\/myallmeeting.com\/fr\/destination\/nice-votre-seminaire-ensoleille-sur-la-cote-dazur\/#breadcrumb","itemListElement":[{"@type":"ListItem","position":1,"name":"Accueil","item":"https:\/\/myallmeeting.com\/fr\/"},{"@type":"ListItem","position":2,"name":"Destination","item":"https:\/\/myallmeeting.com\/fr\/destination\/"},{"@type":"ListItem","position":3,"name":"Nice : votre s\u00e9minaire ensoleill\u00e9 sur la C\u00f4te d\u2019Azur"}]},{"@type":"WebSite","@id":"https:\/\/www.myallmeeting.com\/fr\/#website","url":"https:\/\/www.myallmeeting.com\/fr\/","name":"Accor MyAllMeeting.com","description":"Les Meilleurs lieux pour vos Ev\u00e9nements Professionnels","publisher":{"@id":"https:\/\/www.myallmeeting.com\/fr\/#organization"},"potentialAction":[{"@type":"SearchAction","target":{"@type":"EntryPoint","urlTemplate":"https:\/\/www.myallmeeting.com\/fr\/?s={search_term_string}"},"query-input":{"@type":"PropertyValueSpecification","valueRequired":true,"valueName":"search_term_string"}}],"inLanguage":"fr-FR"},{"@type":"Organization","@id":"https:\/\/www.myallmeeting.com\/fr\/#organization","name":"ACCOR","url":"https:\/\/www.myallmeeting.com\/fr\/","logo":{"@type":"ImageObject","inLanguage":"fr-FR","@id":"https:\/\/www.myallmeeting.com\/fr\/#\/schema\/logo\/image\/","url":"","contentUrl":"","caption":"ACCOR"},"image":{"@id":"https:\/\/www.myallmeeting.com\/fr\/#\/schema\/logo\/image\/"}}]}},"_links":{"self":[{"href":"https:\/\/myallmeeting.com\/fr\/wp-json\/wp\/v2\/desti\/15227048","targetHints":{"allow":["GET"]}}],"collection":[{"href":"https:\/\/myallmeeting.com\/fr\/wp-json\/wp\/v2\/desti"}],"about":[{"href":"https:\/\/myallmeeting.com\/fr\/wp-json\/wp\/v2\/types\/desti"}],"wp:featuredmedia":[{"embeddable":true,"href":"https:\/\/myallmeeting.com\/fr\/wp-json\/wp\/v2\/media\/17141141"}],"wp:attachment":[{"href":"https:\/\/myallmeeting.com\/fr\/wp-json\/wp\/v2\/media?parent=15227048"}],"wp:term":[{"taxonomy":"ville","embeddable":true,"href":"https:\/\/myallmeeting.com\/fr\/wp-json\/wp\/v2\/ville?post=15227048"},{"taxonomy":"periscope_lieu_tax","embeddable":true,"href":"https:\/\/myallmeeting.com\/fr\/wp-json\/wp\/v2\/periscope_lieu_tax?post=15227048"}],"curies":[{"name":"wp","href":"https:\/\/api.w.org\/{rel}","templated":true}]}}