{"id":15227046,"date":"2018-08-06T17:09:59","date_gmt":"2018-08-06T15:09:59","guid":{"rendered":"https:\/\/myallmeeting.com\/fr\/destination\/lille-chaleureuse-et-surprenante-pour-un-seminaire-convivial\/"},"modified":"2024-11-27T17:13:19","modified_gmt":"2024-11-27T16:13:19","slug":"lille-chaleureuse-et-surprenante-pour-un-seminaire-convivial","status":"publish","type":"desti","link":"https:\/\/myallmeeting.com\/fr\/destination\/lille-chaleureuse-et-surprenante-pour-un-seminaire-convivial\/","title":{"rendered":"Lille : chaleureuse et surprenante pour un s\u00e9minaire convivial"},"content":{"rendered":"<!-- START OF : Composant : block-periscope-theme-section-composant-25-texte-cta-2-images.php -->\n<div class=\"tcta2ia bg-white fs-wysiwyg mb-lg-12\" data-component=\"25-texte-cta-2-images\">\n\t<div class=\"tcta2ia__top\">\n\t\t<div class=\"container-fluid\" style=\"--bs-gutter-x: 0\">\n\t\t\t<div class=\"row\" style=\"--bs-gutter-x: 0\">\n\t\t\t\t<div class=\"col-lg-8\">\n\t\t\t\t\t\t\t\t\t\t<div class=\"bloc-mise-en-avant__top__left\">\n\t\t\t\t\t\t<img decoding=\"async\" src=\"https:\/\/myallmeeting.com\/wp-content\/uploads\/2018\/08\/aja_p_3698-16__original-1268x846.jpeg\" class=\"pe-2 pe-lg-0\" width=\"1268\" height=\"846\" alt=\"\" loading=\"lazy\" \/>\n\t\t\t\t\t<\/div>\n\t\t\t\t\t\t\t\t\t\t<div class=\"tcta2ia__bottom d-none d-lg-block pb-12 pt-lg-9 pb-lg-0 pe-lg-10\">\n\t\t\t\t\t\t\t\t\t\t\t\t<h2 class=\"fs-20 fs-lg-32 fw-semibold\">MELcome \u00e0 Lille !<\/h2>\n\t\t\t\t\t\t\t\t\t\t\t\t\t\t\t\t\t\t<div class=\"fs-wysiwyg\"><p><span style=\"font-weight: 400;\">En plein c\u0153ur de l\u2019Europe, la m\u00e9tropole europ\u00e9enne de Lille (MEL) avec son 1,2 million d\u2019habitants est id\u00e9alement situ\u00e9e. Accessible \u00e0 moins de 2 heures des grandes capitales europ\u00e9ennes\u2026 qui dit mieux ? Strasbourg peut-\u00eatre\u2026 C\u00f4t\u00e9 patrimoine, cette ancienne citadelle de Vauban offre le charme insolite de son riche pass\u00e9 m\u00e9di\u00e9val, sa tradition commer\u00e7ante bien ancr\u00e9e et les vestiges de son \u00e9pop\u00e9e industrielle des XIX<\/span><span style=\"font-weight: 400;\">e<\/span><span style=\"font-weight: 400;\">\u00a0et XX<\/span><span style=\"font-weight: 400;\">e\u00a0<\/span><span style=\"font-weight: 400;\">si\u00e8cles. <\/span><\/p>\n<\/div>\n\t\t\t\t\t\t\t\t\t\t\t\t<div class=\"d-flex flex-column flex-lg-row align-items-center gap-5 gap-lg-8 justify-content-between\">\n\t\t\t\t\t\t\t<div class=\"fs-20 fs-lg-26 fw-semibold lh-xs\"><\/div>\n\t\t\t\t\t\t\t\t\t\t\t\t\t<\/div>\n\t\t\t\t\t<\/div>\n\t\t\t\t<\/div>\n\t\t\t\t<div class=\"col-lg-4\">\n\t\t\t\t\t<div class=\"tcta2ia__top__right t-0 r-0 bg-primary text-white pt-4 pb-4 px-2 pt-lg-8 pb-lg-16 px-lg-11 pb-xl-30\">\n\t\t\t\t\t\t\t\t\t\t\t\t\t\t\t\t\t\t<h2 class=\"unna fs-36 fs-lg-51 fs-xl-75 fs-italic fw-normal text-secondary\">Lille : chaleureuse et surprenante pour un s\u00e9minaire convivial<\/h2>\n\t\t\t\t\t\t\t\t\t\t\t\t\t\t\t\t\t\t<h3 class=\"text-white fs-18 fs-lg-20 fs-xl-28 text-original-case\">Son sens de l\u2019accueil n\u2019est pas une l\u00e9gende ! <\/h3>\n\t\t\t\t\t\t\t\t\t\t\t\t\t\t\t\t\t\t<div class=\"fs-wysiwyg mb-4 fs-lg-16 fs-xl-20\"><p><span style=\"font-weight: 400;\">Cit\u00e9 historique exceptionnelle et \u00e9clectique, la capitale des Flandres a su s\u00e9duire et se r\u00e9inventer avec un esprit d\u2019entreprise chevill\u00e9 au corps.<\/span><\/p>\n<\/div>\n\t\t\t\t\t\t\t\t\t\t\t\t\t\t\t\t\t\t\t\t\t\t\t\t<p class=\"m-0\"><img decoding=\"async\" src=\"https:\/\/myallmeeting.com\/wp-content\/uploads\/2018\/08\/aja_p_3698-13__original-633x398.jpeg\" class=\"position-relative l-0\" width=\"633\" height=\"398\" alt=\"\" loading=\"lazy\" \/><\/p>\n\t\t\t\t\t\t\t\t\t\t\t<\/div>\n\t\t\t\t<\/div>\n\t\t\t<\/div>\n\t\t<\/div>\n\t<\/div>\n\t<div class=\"tcta2ia__bottom d-lg-none pb-12 py-lg-9 pe-lg-10\">\n\t\t\t\t<div class=\"h2 fs-20 fs-lg-32 fw-semibold\">MELcome \u00e0 Lille !<\/div>\n\t\t\t\t\t\t<div class=\"fs-wysiwyg\"><p><span style=\"font-weight: 400;\">En plein c\u0153ur de l\u2019Europe, la m\u00e9tropole europ\u00e9enne de Lille (MEL) avec son 1,2 million d\u2019habitants est id\u00e9alement situ\u00e9e. Accessible \u00e0 moins de 2 heures des grandes capitales europ\u00e9ennes\u2026 qui dit mieux ? Strasbourg peut-\u00eatre\u2026 C\u00f4t\u00e9 patrimoine, cette ancienne citadelle de Vauban offre le charme insolite de son riche pass\u00e9 m\u00e9di\u00e9val, sa tradition commer\u00e7ante bien ancr\u00e9e et les vestiges de son \u00e9pop\u00e9e industrielle des XIX<\/span><span style=\"font-weight: 400;\">e<\/span><span style=\"font-weight: 400;\">\u00a0et XX<\/span><span style=\"font-weight: 400;\">e\u00a0<\/span><span style=\"font-weight: 400;\">si\u00e8cles. <\/span><\/p>\n<\/div>\n\t\t\t\t<div class=\"d-flex flex-column flex-lg-row align-items-center gap-5 gap-lg-8 justify-content-between\">\n\t\t\t<div class=\"fs-20 fs-lg-26 fw-semibold lh-xs\"><\/div>\n\t\t\t\t\t<\/div>\n\t<\/div>\n<\/div>\n<!-- END OF : Composant : block-periscope-theme-section-composant-25-texte-cta-2-images.php -->\n\n\n<!-- START OF : Composant : block-periscope-theme-section-composant-26-textes-slider-cta.php -->\n<div class=\"t3icta bg-white pb-12 mb-9 fs-wysiwyg\" data-component=\"26-textes-3-images-cta\">\n\t<div class=\"t3icta__top position-relative\">\n\t\t<div class=\"container-fluid\" style=\"--bs-gutter-x: 0\">\n\t\t\t<div class=\"row\" style=\"--bs-gutter-x: 0\">\n\t\t\t\t\t\t\t\t<div class=\"col-lg-6\">\n\t\t\t\t\t<div class=\"t3icta__slider\">\n\t\t\t\t\t\t<div class=\"splide\">\n\t\t\t\t\t\t\t<div class=\"splide__track\">\n\t\t\t\t\t\t\t\t<div class=\"splide__list\">\n\t\t\t\t\t\t\t\t\t\t\t\t\t\t\t\t\t\t\t<div class=\"splide__slide\">\n\t\t\t\t\t\t\t\t\t\t\t<img decoding=\"async\" src=\"https:\/\/myallmeeting.com\/wp-content\/uploads\/2018\/08\/aja_p_1224-68__original-953x600.jpeg\" width=\"953\" height=\"600\" alt=\"\" loading=\"lazy\" \/>\n\t\t\t\t\t\t\t\t\t\t<\/div>\n\t\t\t\t\t\t\t\t\t\t\t\t\t\t\t\t\t\n\t\t\t\t\t\t\t\t<\/div>\n\t\t\t\t\t\t\t<\/div>\n\t\t\t\t\t\t\t<div class=\"splide__arrows d-none d-lg-block\">\n\t\t\t\t\t\t\t\t<button class=\"splide__arrow splide__arrow--prev px-lg-3 py-lg-4 px-xl-4 py-xl-5 px-xxl-5 py-xxl-7 position-absolute l-0 bg-white border-0\">\n\t\t\t\t\t\t\t\t\t<svg width=\"14\" height=\"27\" aria-hidden=\"true\">\n\t\t\t\t\t\t\t\t\t\t<use xlink:href=\"https:\/\/myallmeeting.com\/wp-content\/themes\/accor\/assets\/images\/sprite.svg#slider-prev\"><\/use>\n\t\t\t\t\t\t\t\t\t<\/svg>\n\t\t\t\t\t\t\t\t<\/button>\n\t\t\t\t\t\t\t\t<button class=\"splide__arrow splide__arrow--next px-lg-3 py-lg-4 px-xl-4 py-xl-5 px-xxl-5 py-xxl-7 position-absolute r-0 bg-white border-0\">\n\t\t\t\t\t\t\t\t\t<svg width=\"14\" height=\"27\" aria-hidden=\"true\">\n\t\t\t\t\t\t\t\t\t\t<use xlink:href=\"https:\/\/myallmeeting.com\/wp-content\/themes\/accor\/assets\/images\/sprite.svg#slider-prev\"><\/use>\n\t\t\t\t\t\t\t\t\t<\/svg>\n\t\t\t\t\t\t\t\t<\/button>\n\t\t\t\t\t\t\t<\/div>\n\t\t\t\t\t\t<\/div>\n\t\t\t\t\t<\/div>\n\t\t\t\t<\/div>\n\t\t\t\t\t\t\t\t<div class=\"col-lg-6\">\n\t\t\t\t\t<div class=\"t3icta__top_right mb-lg-14 px-2 py-9 px-lg-11 py-lg-0\">\n\t\t\t\t\t\t\t\n\t\t\t\t\t\t<h2 class=\"fs-20 fs-lg-23 fs-xl-27 fs-xxl-30 fw-semibold\">Accessibilit\u00e9<\/h2>\n\t\t\t\t\t\t\t\t\t\t\t\t\t\n\t\t\t\t\t\t<div class=\"fs-wysiwyg\">\n\t\t\t\t\t\t\t<p><span style=\"font-weight: 400;\">Quelle que soit votre provenance en Europe, c\u2019est direct\u00a0! <\/span><b>En TGV, trois capitales sont desservies \u00e0 moins de 1 h 20<\/b><span style=\"font-weight: 400;\"> (Paris \u00e0 60 minutes, Bruxelles \u00e0 35 minutes, Londres \u00e0 80 minutes) et les liaisons sont directes avec\u00a0<\/span>Lyon<span style=\"font-weight: 400;\">,\u00a0<\/span>Marseille<span style=\"font-weight: 400;\">, Rennes,\u00a0<\/span>Bordeaux<span style=\"font-weight: 400;\">, Montpellier et Strasbourg. L\u2019a\u00e9roport international assure, quant \u00e0 lui, toutes les destinations fran\u00e7aises et europ\u00e9ennes. Et un r\u00e9seau d\u2019autoroutes tr\u00e8s dense relie Lille \u00e0 7 capitales (Bruxelles, Paris, Londres, Luxembourg, Amsterdam, D\u00fcsseldorf, Francfort).<\/span><\/p>\n\t\t\t\t\t\t<\/div>\n\t\t\t\t\t\t\t\t\t\t\t<\/div>\n\t\t\t\t<\/div>\n\t\t\t<\/div>\n\t\t<\/div>\n\t<\/div>\n\t<div class=\"t3icta__bottom bg-beige\">\n\t\t<div class=\"container-fluid\" style=\"--bs-gutter-x: 0\">\n\t\t\t<div class=\"row\" style=\"--bs-gutter-x: 0\">\n\t\t\t\t<div class=\"col-lg-5 offset-lg-1\">\n\t\t\t\t\t<div class=\"t3icta__bottom__left\">\n\t\t\t\t\t\t\t\t\t\t\t\t<img decoding=\"async\" src=\"https:\/\/myallmeeting.com\/wp-content\/uploads\/2018\/08\/aja_p_6771-66__original-633x398.jpeg\" class=\"w-100 d-lg-none\" width=\"633\" height=\"398\" alt=\"\" loading=\"lazy\" \/> <!-- Ce sont les 2 m\u00eames images : ID 0 -->\n\t\t\t\t\t\t\t\t\t\t\t\t<div class=\"px-2 py-9 px-lg-0 py-lg-0\">\n\t\t\t\t\t\t\t\t\n\t\t\t\t\t\t\t<h2 class=\"fs-20 fs-lg-23 fs-xl-27 fs-xxl-30 fw-semibold\">Le r\u00e9seau Accor \u00e0 Lille<\/h2>\n\t\t\t\t\t\t\t\t\t\t\t\t\t\t\t\n\t\t\t\t\t\t\t<div class=\"fs-wysiwyg mb-lg-15\">\n\t\t\t\t\t\t\t\t<p><span style=\"font-weight: 400;\">Avec 32 h\u00f4tels, de l\u2019Ibis\/Ibis Styles au Novotel en passant par Mercure, les ApartHotels Adagio, greet et Mama Shelter, toutes nos gammes d\u2019h\u00e9bergement situ\u00e9es dans les diff\u00e9rents quartiers de la ville s\u2019adaptent au style et au format souhait\u00e9 de votre \u00e9v\u00e9nement.<\/span><\/p>\n\t\t\t\t\t\t\t<\/div>\n\t\t\t\t\t\t\t\t\t\t\t\t\t<\/div>\n\t\t\t\t\t\t\t\t\t\t\t\t<div class=\"t3icta__bottom__img1 d-none d-lg-block text-end ms-lg-auto\">\n\t\t\t\t\t\t\t<img decoding=\"async\" src=\"https:\/\/myallmeeting.com\/wp-content\/uploads\/2018\/08\/aja_p_6771-66__original-633x398.jpeg\" width=\"633\" height=\"398\" alt=\"\" loading=\"lazy\" \/> <!-- Ce sont les 2 m\u00eames images : ID 1 -->\n\t\t\t\t\t\t<\/div>\n\t\t\t\t\t\t\t\t\t\t\t<\/div>\n\t\t\t\t<\/div>\n\t\t\t\t<div class=\"col-lg-5\">\n\t\t\t\t\t<div class=\"ps-lg-10\">\n\t\t\t\t\t\t\t\t\t\t\t\t<img decoding=\"async\" src=\"https:\/\/myallmeeting.com\/wp-content\/uploads\/2018\/08\/aja_p_0341-54__original-633x398.jpeg\" class=\"t3icta__bottom__img0 position-relative d-none d-lg-block mb-15\" width=\"633\" height=\"398\" alt=\"\" loading=\"lazy\" \/> <!-- Ce sont les 2 m\u00eames images : ID 0 -->\n\t\t\t\t\t\t\t\t\t\t\t\t<div class=\"px-2 px-lg-0 mb-9\">\n\t\t\t\t\t\t\t\t\n\t\t\t\t\t\t\t<h2 class=\"fs-20 fs-lg-23 fs-xl-27 fs-xxl-30 fw-semibold\">Id\u00e9es d\u2019incentives \u00e0 Lille<\/h2>\n\t\t\t\t\t\t\t\t\t\t\t\t\t\t\t\t\t\t\t\t\t<div class=\"fs-wysiwyg\">\n\t\t\t\t\t\t\t\t<p><span style=\"font-weight: 400;\">De quartier en quartier, <\/span><b>le d\u00e9paysement est garanti avec une succession d\u2019ambiances architecturales diff\u00e9rentes<\/b><span style=\"font-weight: 400;\">\u00a0: maisons flamandes, palais m\u00e9di\u00e9val, citadelle du si\u00e8cle de Louis XIV, les \u00ab\u00a0ch\u00e2teaux de l\u2019industrie\u00a0\u00bb, d\u2019anciennes manufactures reconverties qui ont fond\u00e9 l\u2019identit\u00e9 locale\u2026 Et pour avoir de Lille et de ses environs une vue imprenable \u00e0 360\u00b0, rien ne vaut l\u2019ascension du beffroi de l\u2019H\u00f4tel de Ville qui culmine \u00e0 104 m\u00e8tres\u00a0!<\/span><\/p>\n<p><span style=\"font-weight: 400;\">Tout est accessible \u00e0 pied, le mode de circulation pr\u00e9f\u00e9r\u00e9 des Lillois. Mais vous choisirez peut-\u00eatre le\u00a0v\u00e9lo type hollandais\u00a0pour explorer aussi les chemins de halage le long des canaux.<\/span><\/p>\n<p><span style=\"font-weight: 400;\">La bi\u00e8re, produit du terroir par excellence, fournit toutes les occasions de partager des moments conviviaux propices \u00e0 l\u2019\u00e9change\u00a0: visites de brasserie, rallyes d\u00e9couverte de la bi\u00e8re et de son histoire avec \u00e9nigmes et d\u00e9fis dans les rues pav\u00e9es du Vieux-Lille. Des estaminets chaleureux et authentiques vous permettront d\u2019organiser \u00e9galement des d\u00e9gustations de sp\u00e9cialit\u00e9s des Flandres, comme les fromages locaux ou la carbonnade, suivies de jeux typiques pour une ambiance d\u00e9contract\u00e9e\u00a0!<\/span><\/p>\n\t\t\t\t\t\t\t<\/div>\n\t\t\t\t\t\t\t\t\t\t\t\t\t<\/div>\n\t\t\t\t\t\t\t\t\t\t\t\t<div class=\"t3icta__bottom__img1 d-lg-none mx-auto\">\n\t\t\t\t\t\t\t<img decoding=\"async\" src=\"https:\/\/myallmeeting.com\/wp-content\/uploads\/2018\/08\/aja_p_0341-54__original-633x398.jpeg\" width=\"633\" height=\"398\" alt=\"\" loading=\"lazy\" \/> <!-- Ce sont les 2 m\u00eames images : ID 1 -->\n\t\t\t\t\t\t<\/div>\n\t\t\t\t\t\t\t\t\t\t\t<\/div>\n\t\t\t\t<\/div>\n\t\t\t<\/div>\n\t\t<\/div>\n\t<\/div>\n\t<\/div>\n<!-- END OF : Composant : block-periscope-theme-section-composant-26-textes-slider-cta.php -->\n","protected":false},"excerpt":{"rendered":"<p>Son sens de l\u2019accueil n\u2019est pas une l\u00e9gende ! Cit\u00e9 historique exceptionnelle et \u00e9clectique, la capitale des Flandres a su s\u00e9duire et se r\u00e9inventer avec un esprit d\u2019entreprise chevill\u00e9e au corps. <\/p>\n","protected":false},"featured_media":16739379,"menu_order":0,"template":"","ville":[],"periscope_lieu_tax":[],"class_list":["post-15227046","desti","type-desti","status-publish","has-post-thumbnail","hentry"],"acf":[],"yoast_head":"<title>Lille : chaleureuse et surprenante pour un s\u00e9minaire convivial - Accor MyAllMeeting.com<\/title>\n<meta name=\"robots\" content=\"index, follow, max-snippet:-1, max-image-preview:large, max-video-preview:-1\" \/>\n<link rel=\"canonical\" href=\"https:\/\/myallmeeting.com\/fr\/wp-json\/wp\/v2\/desti\/15227046\" \/>\n<meta property=\"og:locale\" content=\"fr_FR\" \/>\n<meta property=\"og:type\" content=\"article\" \/>\n<meta property=\"og:title\" content=\"Lille : chaleureuse et surprenante pour un s\u00e9minaire convivial - Accor MyAllMeeting.com\" \/>\n<meta property=\"og:description\" content=\"Son sens de l\u2019accueil n\u2019est pas une l\u00e9gende ! Cit\u00e9 historique exceptionnelle et \u00e9clectique, la capitale des Flandres a su s\u00e9duire et se r\u00e9inventer avec un esprit d\u2019entreprise chevill\u00e9e au corps.\" \/>\n<meta property=\"og:url\" content=\"https:\/\/myallmeeting.com\/fr\/destination\/lille-chaleureuse-et-surprenante-pour-un-seminaire-convivial\/\" \/>\n<meta property=\"og:site_name\" content=\"Accor MyAllMeeting.com\" \/>\n<meta property=\"article:modified_time\" content=\"2024-11-27T16:13:19+00:00\" \/>\n<meta property=\"og:image\" content=\"http:\/\/myallmeeting.com\/wp-content\/uploads\/2018\/08\/MAM-baner-1920x570-52.png\" \/>\n\t<meta property=\"og:image:width\" content=\"1920\" \/>\n\t<meta property=\"og:image:height\" content=\"570\" \/>\n\t<meta property=\"og:image:type\" content=\"image\/png\" \/>\n<meta name=\"twitter:card\" content=\"summary_large_image\" \/>\n<meta name=\"twitter:label1\" content=\"Dur\u00e9e de lecture estim\u00e9e\" \/>\n\t<meta name=\"twitter:data1\" content=\"4 minutes\" \/>\n<script type=\"application\/ld+json\" class=\"yoast-schema-graph\">{\"@context\":\"https:\/\/schema.org\",\"@graph\":[{\"@type\":\"WebPage\",\"@id\":\"https:\/\/myallmeeting.com\/fr\/destination\/lille-chaleureuse-et-surprenante-pour-un-seminaire-convivial\/\",\"url\":\"https:\/\/myallmeeting.com\/fr\/destination\/lille-chaleureuse-et-surprenante-pour-un-seminaire-convivial\/\",\"name\":\"Lille : chaleureuse et surprenante pour un s\u00e9minaire convivial - Accor MyAllMeeting.com\",\"isPartOf\":{\"@id\":\"https:\/\/www.myallmeeting.com\/fr\/#website\"},\"primaryImageOfPage\":{\"@id\":\"https:\/\/myallmeeting.com\/fr\/destination\/lille-chaleureuse-et-surprenante-pour-un-seminaire-convivial\/#primaryimage\"},\"image\":{\"@id\":\"https:\/\/myallmeeting.com\/fr\/destination\/lille-chaleureuse-et-surprenante-pour-un-seminaire-convivial\/#primaryimage\"},\"thumbnailUrl\":\"https:\/\/myallmeeting.com\/wp-content\/uploads\/2018\/08\/MAM-baner-1920x570-52.png\",\"datePublished\":\"2018-08-06T15:09:59+00:00\",\"dateModified\":\"2024-11-27T16:13:19+00:00\",\"breadcrumb\":{\"@id\":\"https:\/\/myallmeeting.com\/fr\/destination\/lille-chaleureuse-et-surprenante-pour-un-seminaire-convivial\/#breadcrumb\"},\"inLanguage\":\"fr-FR\",\"potentialAction\":[{\"@type\":\"ReadAction\",\"target\":[\"https:\/\/myallmeeting.com\/fr\/destination\/lille-chaleureuse-et-surprenante-pour-un-seminaire-convivial\/\"]}]},{\"@type\":\"ImageObject\",\"inLanguage\":\"fr-FR\",\"@id\":\"https:\/\/myallmeeting.com\/fr\/destination\/lille-chaleureuse-et-surprenante-pour-un-seminaire-convivial\/#primaryimage\",\"url\":\"https:\/\/myallmeeting.com\/wp-content\/uploads\/2018\/08\/MAM-baner-1920x570-52.png\",\"contentUrl\":\"https:\/\/myallmeeting.com\/wp-content\/uploads\/2018\/08\/MAM-baner-1920x570-52.png\",\"width\":1920,\"height\":570},{\"@type\":\"BreadcrumbList\",\"@id\":\"https:\/\/myallmeeting.com\/fr\/destination\/lille-chaleureuse-et-surprenante-pour-un-seminaire-convivial\/#breadcrumb\",\"itemListElement\":[{\"@type\":\"ListItem\",\"position\":1,\"name\":\"Accueil\",\"item\":\"https:\/\/myallmeeting.com\/fr\/\"},{\"@type\":\"ListItem\",\"position\":2,\"name\":\"Destination\",\"item\":\"https:\/\/myallmeeting.com\/fr\/destination\/\"},{\"@type\":\"ListItem\",\"position\":3,\"name\":\"Lille : chaleureuse et surprenante pour un s\u00e9minaire convivial\"}]},{\"@type\":\"WebSite\",\"@id\":\"https:\/\/www.myallmeeting.com\/fr\/#website\",\"url\":\"https:\/\/www.myallmeeting.com\/fr\/\",\"name\":\"Accor MyAllMeeting.com\",\"description\":\"Les Meilleurs lieux pour vos Ev\u00e9nements Professionnels\",\"publisher\":{\"@id\":\"https:\/\/www.myallmeeting.com\/fr\/#organization\"},\"potentialAction\":[{\"@type\":\"SearchAction\",\"target\":{\"@type\":\"EntryPoint\",\"urlTemplate\":\"https:\/\/www.myallmeeting.com\/fr\/?s={search_term_string}\"},\"query-input\":{\"@type\":\"PropertyValueSpecification\",\"valueRequired\":true,\"valueName\":\"search_term_string\"}}],\"inLanguage\":\"fr-FR\"},{\"@type\":\"Organization\",\"@id\":\"https:\/\/www.myallmeeting.com\/fr\/#organization\",\"name\":\"ACCOR\",\"url\":\"https:\/\/www.myallmeeting.com\/fr\/\",\"logo\":{\"@type\":\"ImageObject\",\"inLanguage\":\"fr-FR\",\"@id\":\"https:\/\/www.myallmeeting.com\/fr\/#\/schema\/logo\/image\/\",\"url\":\"\",\"contentUrl\":\"\",\"caption\":\"ACCOR\"},\"image\":{\"@id\":\"https:\/\/www.myallmeeting.com\/fr\/#\/schema\/logo\/image\/\"}}]}<\/script>","yoast_head_json":{"title":"Lille : chaleureuse et surprenante pour un s\u00e9minaire convivial - Accor MyAllMeeting.com","robots":{"index":"index","follow":"follow","max-snippet":"max-snippet:-1","max-image-preview":"max-image-preview:large","max-video-preview":"max-video-preview:-1"},"canonical":"https:\/\/myallmeeting.com\/fr\/wp-json\/wp\/v2\/desti\/15227046","og_locale":"fr_FR","og_type":"article","og_title":"Lille : chaleureuse et surprenante pour un s\u00e9minaire convivial - Accor MyAllMeeting.com","og_description":"Son sens de l\u2019accueil n\u2019est pas une l\u00e9gende ! Cit\u00e9 historique exceptionnelle et \u00e9clectique, la capitale des Flandres a su s\u00e9duire et se r\u00e9inventer avec un esprit d\u2019entreprise chevill\u00e9e au corps.","og_url":"https:\/\/myallmeeting.com\/fr\/destination\/lille-chaleureuse-et-surprenante-pour-un-seminaire-convivial\/","og_site_name":"Accor MyAllMeeting.com","article_modified_time":"2024-11-27T16:13:19+00:00","og_image":[{"width":1920,"height":570,"url":"http:\/\/myallmeeting.com\/wp-content\/uploads\/2018\/08\/MAM-baner-1920x570-52.png","type":"image\/png"}],"twitter_card":"summary_large_image","twitter_misc":{"Dur\u00e9e de lecture estim\u00e9e":"4 minutes"},"schema":{"@context":"https:\/\/schema.org","@graph":[{"@type":"WebPage","@id":"https:\/\/myallmeeting.com\/fr\/destination\/lille-chaleureuse-et-surprenante-pour-un-seminaire-convivial\/","url":"https:\/\/myallmeeting.com\/fr\/destination\/lille-chaleureuse-et-surprenante-pour-un-seminaire-convivial\/","name":"Lille : chaleureuse et surprenante pour un s\u00e9minaire convivial - Accor MyAllMeeting.com","isPartOf":{"@id":"https:\/\/www.myallmeeting.com\/fr\/#website"},"primaryImageOfPage":{"@id":"https:\/\/myallmeeting.com\/fr\/destination\/lille-chaleureuse-et-surprenante-pour-un-seminaire-convivial\/#primaryimage"},"image":{"@id":"https:\/\/myallmeeting.com\/fr\/destination\/lille-chaleureuse-et-surprenante-pour-un-seminaire-convivial\/#primaryimage"},"thumbnailUrl":"https:\/\/myallmeeting.com\/wp-content\/uploads\/2018\/08\/MAM-baner-1920x570-52.png","datePublished":"2018-08-06T15:09:59+00:00","dateModified":"2024-11-27T16:13:19+00:00","breadcrumb":{"@id":"https:\/\/myallmeeting.com\/fr\/destination\/lille-chaleureuse-et-surprenante-pour-un-seminaire-convivial\/#breadcrumb"},"inLanguage":"fr-FR","potentialAction":[{"@type":"ReadAction","target":["https:\/\/myallmeeting.com\/fr\/destination\/lille-chaleureuse-et-surprenante-pour-un-seminaire-convivial\/"]}]},{"@type":"ImageObject","inLanguage":"fr-FR","@id":"https:\/\/myallmeeting.com\/fr\/destination\/lille-chaleureuse-et-surprenante-pour-un-seminaire-convivial\/#primaryimage","url":"https:\/\/myallmeeting.com\/wp-content\/uploads\/2018\/08\/MAM-baner-1920x570-52.png","contentUrl":"https:\/\/myallmeeting.com\/wp-content\/uploads\/2018\/08\/MAM-baner-1920x570-52.png","width":1920,"height":570},{"@type":"BreadcrumbList","@id":"https:\/\/myallmeeting.com\/fr\/destination\/lille-chaleureuse-et-surprenante-pour-un-seminaire-convivial\/#breadcrumb","itemListElement":[{"@type":"ListItem","position":1,"name":"Accueil","item":"https:\/\/myallmeeting.com\/fr\/"},{"@type":"ListItem","position":2,"name":"Destination","item":"https:\/\/myallmeeting.com\/fr\/destination\/"},{"@type":"ListItem","position":3,"name":"Lille : chaleureuse et surprenante pour un s\u00e9minaire convivial"}]},{"@type":"WebSite","@id":"https:\/\/www.myallmeeting.com\/fr\/#website","url":"https:\/\/www.myallmeeting.com\/fr\/","name":"Accor MyAllMeeting.com","description":"Les Meilleurs lieux pour vos Ev\u00e9nements Professionnels","publisher":{"@id":"https:\/\/www.myallmeeting.com\/fr\/#organization"},"potentialAction":[{"@type":"SearchAction","target":{"@type":"EntryPoint","urlTemplate":"https:\/\/www.myallmeeting.com\/fr\/?s={search_term_string}"},"query-input":{"@type":"PropertyValueSpecification","valueRequired":true,"valueName":"search_term_string"}}],"inLanguage":"fr-FR"},{"@type":"Organization","@id":"https:\/\/www.myallmeeting.com\/fr\/#organization","name":"ACCOR","url":"https:\/\/www.myallmeeting.com\/fr\/","logo":{"@type":"ImageObject","inLanguage":"fr-FR","@id":"https:\/\/www.myallmeeting.com\/fr\/#\/schema\/logo\/image\/","url":"","contentUrl":"","caption":"ACCOR"},"image":{"@id":"https:\/\/www.myallmeeting.com\/fr\/#\/schema\/logo\/image\/"}}]}},"_links":{"self":[{"href":"https:\/\/myallmeeting.com\/fr\/wp-json\/wp\/v2\/desti\/15227046","targetHints":{"allow":["GET"]}}],"collection":[{"href":"https:\/\/myallmeeting.com\/fr\/wp-json\/wp\/v2\/desti"}],"about":[{"href":"https:\/\/myallmeeting.com\/fr\/wp-json\/wp\/v2\/types\/desti"}],"wp:featuredmedia":[{"embeddable":true,"href":"https:\/\/myallmeeting.com\/fr\/wp-json\/wp\/v2\/media\/16739379"}],"wp:attachment":[{"href":"https:\/\/myallmeeting.com\/fr\/wp-json\/wp\/v2\/media?parent=15227046"}],"wp:term":[{"taxonomy":"ville","embeddable":true,"href":"https:\/\/myallmeeting.com\/fr\/wp-json\/wp\/v2\/ville?post=15227046"},{"taxonomy":"periscope_lieu_tax","embeddable":true,"href":"https:\/\/myallmeeting.com\/fr\/wp-json\/wp\/v2\/periscope_lieu_tax?post=15227046"}],"curies":[{"name":"wp","href":"https:\/\/api.w.org\/{rel}","templated":true}]}}