{"id":15227044,"date":"2018-08-07T09:01:42","date_gmt":"2018-08-07T07:01:42","guid":{"rendered":"https:\/\/myallmeeting.com\/fr\/destination\/montpellier-douceur-de-vivre-pour-des-evenements-professionnels-xxl\/"},"modified":"2024-12-10T14:47:10","modified_gmt":"2024-12-10T13:47:10","slug":"montpellier-douceur-de-vivre-pour-des-evenements-professionnels-xxl","status":"publish","type":"desti","link":"https:\/\/myallmeeting.com\/fr\/destination\/montpellier-douceur-de-vivre-pour-des-evenements-professionnels-xxl\/","title":{"rendered":"Montpellier : douceur de vivre pour des \u00e9v\u00e9nements professionnels XXL"},"content":{"rendered":"<!-- START OF : Composant : block-periscope-theme-section-composant-25-texte-cta-2-images.php -->\n<div class=\"tcta2ia bg-white fs-wysiwyg mb-lg-12\" data-component=\"25-texte-cta-2-images\">\n\t<div class=\"tcta2ia__top\">\n\t\t<div class=\"container-fluid\" style=\"--bs-gutter-x: 0\">\n\t\t\t<div class=\"row\" style=\"--bs-gutter-x: 0\">\n\t\t\t\t<div class=\"col-lg-8\">\n\t\t\t\t\t\t\t\t\t\t<div class=\"bloc-mise-en-avant__top__left\">\n\t\t\t\t\t\t<img decoding=\"async\" src=\"https:\/\/myallmeeting.com\/wp-content\/uploads\/2018\/08\/aja_p_3684-13__original-1268x846.jpeg\" class=\"pe-2 pe-lg-0\" width=\"1268\" height=\"846\" alt=\"\" loading=\"lazy\" \/>\n\t\t\t\t\t<\/div>\n\t\t\t\t\t\t\t\t\t\t<div class=\"tcta2ia__bottom d-none d-lg-block pb-12 pt-lg-9 pb-lg-0 pe-lg-10\">\n\t\t\t\t\t\t\t\t\t\t\t\t<h2 class=\"fs-20 fs-lg-32 fw-semibold\">Un \u00e9quipement de pointe<\/h2>\n\t\t\t\t\t\t\t\t\t\t\t\t\t\t\t\t\t\t<div class=\"fs-wysiwyg\"><p>Ville de m\u00e9decine, \u00e0 la pointe de la recherche et du num\u00e9rique, Montpellier offre un niveau d\u2019\u00e9quipements \u00e0 m\u00eame d\u2019accueillir des manifestations nationales et internationales de grande ampleur, telles que le Congr\u00e8s national des m\u00e9decins g\u00e9n\u00e9ralistes enseignants, <em>l\u2019Evolution Congress<\/em> ou <em>l\u2019International Congress on Plant Molecular Biology<\/em>. Parmi ses grands \u00e9quipements, on peut citer <strong>le Corum \u2013 Palais des congr\u00e8s \u2013 Op\u00e9ra Berlioz <\/strong>de plus de 3\u00a0000 places, la <strong>Sud France Arena<\/strong> de 7\u00a0500 places en convention et ses 11\u00a0000 m<sup>2<\/sup> de panneaux solaires, ou encore le <strong>Z\u00e9nith Sud<\/strong>, un lieu insolite de 6\u00a0000 places pour tous vos \u00e9v\u00e9nements. Le tout dans un cadre naturel entre mer (11 km), vignes et montagne.<\/p>\n<\/div>\n\t\t\t\t\t\t\t\t\t\t\t\t<div class=\"d-flex flex-column flex-lg-row align-items-center gap-5 gap-lg-8 justify-content-between\">\n\t\t\t\t\t\t\t<div class=\"fs-20 fs-lg-26 fw-semibold lh-xs\"><\/div>\n\t\t\t\t\t\t\t\t\t\t\t\t\t<\/div>\n\t\t\t\t\t<\/div>\n\t\t\t\t<\/div>\n\t\t\t\t<div class=\"col-lg-4\">\n\t\t\t\t\t<div class=\"tcta2ia__top__right t-0 r-0 bg-primary text-white pt-4 pb-4 px-2 pt-lg-8 pb-lg-16 px-lg-11 pb-xl-30\">\n\t\t\t\t\t\t\t\t\t\t\t\t\t\t\t\t\t\t<h2 class=\"unna fs-36 fs-lg-51 fs-xl-75 fs-italic fw-normal text-secondary\">Montpellier : douceur de vivre pour des \u00e9v\u00e9nements professionnels XXL<\/h2>\n\t\t\t\t\t\t\t\t\t\t\t\t\t\t\t\t\t\t<h3 class=\"text-white fs-18 fs-lg-20 fs-xl-28 text-original-case\">Ville de tr\u00e9sors patrimoniaux et contemporains, Montpellier est un carrefour \u00e0 la douceur de vivre m\u00e9diterran\u00e9enne<\/h3>\n\t\t\t\t\t\t\t\t\t\t\t\t\t\t\t\t\t\t<div class=\"fs-wysiwyg mb-4 fs-lg-16 fs-xl-20\"><p>Ses origines m\u00e9di\u00e9vales se retrouvent dans les ruelles du centre-ville avec la place de la Com\u00e9die, la plus ancienne facult\u00e9 de m\u00e9decine occidentale, ou encore la place royale du Peyrou. Montpellier, c\u2019est aussi une m\u00e9tropole moderne, jeune, ouverte sur les sciences, la culture contemporaine et les loisirs. De\u00a0grands architectes\u00a0comme Jean Nouvel, Fran\u00e7ois Font\u00e8s ou encore Ricardo Bofill sont pass\u00e9s par Montpellier et les designers Garouste, Bonetti et derni\u00e8rement <strong>Christian Lacroix<\/strong> ont \u00e9galement apport\u00e9 leur touche \u00e0 la ville en cr\u00e9ant le design de ses tramways.<\/p>\n<\/div>\n\t\t\t\t\t\t\t\t\t\t\t\t\t\t\t\t\t\t\t\t\t\t\t\t<p class=\"m-0\"><img decoding=\"async\" src=\"https:\/\/myallmeeting.com\/wp-content\/uploads\/2018\/08\/aja_p_3701-21__original-633x398.jpeg\" class=\"position-relative l-0\" width=\"633\" height=\"398\" alt=\"\" loading=\"lazy\" \/><\/p>\n\t\t\t\t\t\t\t\t\t\t\t<\/div>\n\t\t\t\t<\/div>\n\t\t\t<\/div>\n\t\t<\/div>\n\t<\/div>\n\t<div class=\"tcta2ia__bottom d-lg-none pb-12 py-lg-9 pe-lg-10\">\n\t\t\t\t<div class=\"h2 fs-20 fs-lg-32 fw-semibold\">Un \u00e9quipement de pointe<\/div>\n\t\t\t\t\t\t<div class=\"fs-wysiwyg\"><p>Ville de m\u00e9decine, \u00e0 la pointe de la recherche et du num\u00e9rique, Montpellier offre un niveau d\u2019\u00e9quipements \u00e0 m\u00eame d\u2019accueillir des manifestations nationales et internationales de grande ampleur, telles que le Congr\u00e8s national des m\u00e9decins g\u00e9n\u00e9ralistes enseignants, <em>l\u2019Evolution Congress<\/em> ou <em>l\u2019International Congress on Plant Molecular Biology<\/em>. Parmi ses grands \u00e9quipements, on peut citer <strong>le Corum \u2013 Palais des congr\u00e8s \u2013 Op\u00e9ra Berlioz <\/strong>de plus de 3\u00a0000 places, la <strong>Sud France Arena<\/strong> de 7\u00a0500 places en convention et ses 11\u00a0000 m<sup>2<\/sup> de panneaux solaires, ou encore le <strong>Z\u00e9nith Sud<\/strong>, un lieu insolite de 6\u00a0000 places pour tous vos \u00e9v\u00e9nements. Le tout dans un cadre naturel entre mer (11 km), vignes et montagne.<\/p>\n<\/div>\n\t\t\t\t<div class=\"d-flex flex-column flex-lg-row align-items-center gap-5 gap-lg-8 justify-content-between\">\n\t\t\t<div class=\"fs-20 fs-lg-26 fw-semibold lh-xs\"><\/div>\n\t\t\t\t\t<\/div>\n\t<\/div>\n<\/div>\n<!-- END OF : Composant : block-periscope-theme-section-composant-25-texte-cta-2-images.php -->\n\n\n<!-- START OF : Composant : block-periscope-theme-section-composant-26-textes-slider-cta.php -->\n<div class=\"t3icta bg-white pb-12 mb-9 fs-wysiwyg\" data-component=\"26-textes-3-images-cta\">\n\t<div class=\"t3icta__top position-relative\">\n\t\t<div class=\"container-fluid\" style=\"--bs-gutter-x: 0\">\n\t\t\t<div class=\"row\" style=\"--bs-gutter-x: 0\">\n\t\t\t\t\t\t\t\t<div class=\"col-lg-6\">\n\t\t\t\t\t<div class=\"t3icta__slider\">\n\t\t\t\t\t\t<div class=\"splide\">\n\t\t\t\t\t\t\t<div class=\"splide__track\">\n\t\t\t\t\t\t\t\t<div class=\"splide__list\">\n\t\t\t\t\t\t\t\t\t\t\t\t\t\t\t\t\t\t\t<div class=\"splide__slide\">\n\t\t\t\t\t\t\t\t\t\t\t<img decoding=\"async\" src=\"https:\/\/myallmeeting.com\/wp-content\/uploads\/2018\/08\/aja_p_6175-32__original-953x600.jpeg\" width=\"953\" height=\"600\" alt=\"\" loading=\"lazy\" \/>\n\t\t\t\t\t\t\t\t\t\t<\/div>\n\t\t\t\t\t\t\t\t\t\t\t\t\t\t\t\t\t\n\t\t\t\t\t\t\t\t<\/div>\n\t\t\t\t\t\t\t<\/div>\n\t\t\t\t\t\t\t<div class=\"splide__arrows d-none d-lg-block\">\n\t\t\t\t\t\t\t\t<button class=\"splide__arrow splide__arrow--prev px-lg-3 py-lg-4 px-xl-4 py-xl-5 px-xxl-5 py-xxl-7 position-absolute l-0 bg-white border-0\">\n\t\t\t\t\t\t\t\t\t<svg width=\"14\" height=\"27\" aria-hidden=\"true\">\n\t\t\t\t\t\t\t\t\t\t<use xlink:href=\"https:\/\/myallmeeting.com\/wp-content\/themes\/accor\/assets\/images\/sprite.svg#slider-prev\"><\/use>\n\t\t\t\t\t\t\t\t\t<\/svg>\n\t\t\t\t\t\t\t\t<\/button>\n\t\t\t\t\t\t\t\t<button class=\"splide__arrow splide__arrow--next px-lg-3 py-lg-4 px-xl-4 py-xl-5 px-xxl-5 py-xxl-7 position-absolute r-0 bg-white border-0\">\n\t\t\t\t\t\t\t\t\t<svg width=\"14\" height=\"27\" aria-hidden=\"true\">\n\t\t\t\t\t\t\t\t\t\t<use xlink:href=\"https:\/\/myallmeeting.com\/wp-content\/themes\/accor\/assets\/images\/sprite.svg#slider-prev\"><\/use>\n\t\t\t\t\t\t\t\t\t<\/svg>\n\t\t\t\t\t\t\t\t<\/button>\n\t\t\t\t\t\t\t<\/div>\n\t\t\t\t\t\t<\/div>\n\t\t\t\t\t<\/div>\n\t\t\t\t<\/div>\n\t\t\t\t\t\t\t\t<div class=\"col-lg-6\">\n\t\t\t\t\t<div class=\"t3icta__top_right mb-lg-14 px-2 py-9 px-lg-11 py-lg-0\">\n\t\t\t\t\t\t\t\n\t\t\t\t\t\t<h2 class=\"fs-20 fs-lg-23 fs-xl-27 fs-xxl-30 fw-semibold\">Accessibilit\u00e9<\/h2>\n\t\t\t\t\t\t\t\t\t\t\t\t\t\n\t\t\t\t\t\t<div class=\"fs-wysiwyg\">\n\t\t\t\t\t\t\t<p>Gr\u00e2ce \u00e0 son a\u00e9roport, situ\u00e9 \u00e0 8 km du centre-ville, Montpellier est facilement accessible en avion par vols directs\u00a0: \u00e0 1 h 10 de Paris, 1 h 15 de B\u00e2le, 1h 45 de Londres et 1 h 55 d\u2019Amsterdam. La ville n\u2019est \u00e9galement qu\u2019\u00e0 3h de l\u2019Italie et de Barcelone si vous souhaitez poursuivre votre d\u00e9placement en mode <em>bleisure<\/em> ! Montpellier est \u00e9galement desservie par les autoroutes A9 et A75 ainsi que par les TGV, Thalys, Talgo et Eurostar qui offrent un acc\u00e8s sans correspondance au c\u0153ur de Montpellier depuis Paris, Marseille, Lyon ou encore Toulouse.<\/p>\n\t\t\t\t\t\t<\/div>\n\t\t\t\t\t\t\t\t\t\t\t<\/div>\n\t\t\t\t<\/div>\n\t\t\t<\/div>\n\t\t<\/div>\n\t<\/div>\n\t<div class=\"t3icta__bottom bg-beige\">\n\t\t<div class=\"container-fluid\" style=\"--bs-gutter-x: 0\">\n\t\t\t<div class=\"row\" style=\"--bs-gutter-x: 0\">\n\t\t\t\t<div class=\"col-lg-5 offset-lg-1\">\n\t\t\t\t\t<div class=\"t3icta__bottom__left\">\n\t\t\t\t\t\t\t\t\t\t\t\t<img decoding=\"async\" src=\"https:\/\/myallmeeting.com\/wp-content\/uploads\/2018\/08\/aja_p_6175-37__original-633x398.jpeg\" class=\"w-100 d-lg-none\" width=\"633\" height=\"398\" alt=\"\" loading=\"lazy\" \/> <!-- Ce sont les 2 m\u00eames images : ID 0 -->\n\t\t\t\t\t\t\t\t\t\t\t\t<div class=\"px-2 py-9 px-lg-0 py-lg-0\">\n\t\t\t\t\t\t\t\t\n\t\t\t\t\t\t\t<h2 class=\"fs-20 fs-lg-23 fs-xl-27 fs-xxl-30 fw-semibold\">Le r\u00e9seau Accor \u00e0 Montpellier<\/h2>\n\t\t\t\t\t\t\t\t\t\t\t\t\t\t\t\n\t\t\t\t\t\t\t<div class=\"fs-wysiwyg mb-lg-15\">\n\t\t\t\t\t\t\t\t<p>Si vous souhaitez organiser votre prochaine r\u00e9union professionnelle dans la capitale du Languedoc-Roussillon, le r\u00e9seau Accor offre un large choix de <strong>18 h\u00f4tels<\/strong> sp\u00e9cialis\u00e9s dans ce type d\u2019\u00e9v\u00e9nements. Du plus \u00e9conomique (3 ibis, 2 ibis Styles, 4 ibis Budget, 1 greet et 1 HotelF1) au haut de gamme avec 1 Pullman, en passant par nos h\u00f4tels <em>midscale<\/em> (2 Novotel, 2 Mercure et 2 Adagio). Des h\u00f4tels id\u00e9alement situ\u00e9s au c\u0153ur de Montpellier ou \u00e0 proximit\u00e9 de la gare et de l\u2019a\u00e9roport pour plus de confort et de simplicit\u00e9.<\/p>\n\t\t\t\t\t\t\t<\/div>\n\t\t\t\t\t\t\t\t\t\t\t\t\t<\/div>\n\t\t\t\t\t\t\t\t\t\t\t\t<div class=\"t3icta__bottom__img1 d-none d-lg-block text-end ms-lg-auto\">\n\t\t\t\t\t\t\t<img decoding=\"async\" src=\"https:\/\/myallmeeting.com\/wp-content\/uploads\/2018\/08\/aja_p_6175-37__original-633x398.jpeg\" width=\"633\" height=\"398\" alt=\"\" loading=\"lazy\" \/> <!-- Ce sont les 2 m\u00eames images : ID 1 -->\n\t\t\t\t\t\t<\/div>\n\t\t\t\t\t\t\t\t\t\t\t<\/div>\n\t\t\t\t<\/div>\n\t\t\t\t<div class=\"col-lg-5\">\n\t\t\t\t\t<div class=\"ps-lg-10\">\n\t\t\t\t\t\t\t\t\t\t\t\t<img decoding=\"async\" src=\"https:\/\/myallmeeting.com\/wp-content\/uploads\/2018\/08\/aja_p_6175-42__original-633x398.jpeg\" class=\"t3icta__bottom__img0 position-relative d-none d-lg-block mb-15\" width=\"633\" height=\"398\" alt=\"\" loading=\"lazy\" \/> <!-- Ce sont les 2 m\u00eames images : ID 0 -->\n\t\t\t\t\t\t\t\t\t\t\t\t<div class=\"px-2 px-lg-0 mb-9\">\n\t\t\t\t\t\t\t\t\n\t\t\t\t\t\t\t<h2 class=\"fs-20 fs-lg-23 fs-xl-27 fs-xxl-30 fw-semibold\">Id\u00e9es d\u2019incentives \u00e0 Montpellier<\/h2>\n\t\t\t\t\t\t\t\t\t\t\t\t\t\t\t\t\t\t\t\t\t<div class=\"fs-wysiwyg\">\n\t\t\t\t\t\t\t\t<p>Par sa localisation centrale dans la r\u00e9gion, Montpellier est propice \u00e0 la d\u00e9couverte de nombreuses villes toutes proches\u00a0: Palavas-les-Flots, la Grande Motte et son magnifique golf, la Camargue, N\u00eemes, Arles ou encore S\u00e8te. Autrement, la ville propose \u00e9galement de nombreuses activit\u00e9s <em>incentives <\/em>en tout genre. Vous pourrez notamment <strong>devenir vigneron<\/strong> le temps d\u2019une journ\u00e9e en participant \u00e0 la cr\u00e9ation d\u2019un vin, son \u00e9tiquette et m\u00eame sa strat\u00e9gie de lancement produit si le travail vous manque trop\u2026 Les amateurs de sensations fortes pourront, quant \u00e0 eux, se lancer dans une <strong>randonn\u00e9e en rappel du c\u00e9l\u00e8bre Pic Saint-Loup<\/strong>\u00a0! Le plus fantastique parcours de l\u2019arri\u00e8re-pays montpelli\u00e9rain o\u00f9 vous pourrez admirer une vue \u00e0 360\u00b0 des Pyr\u00e9n\u00e9es \u00e0 la mer et du Ventoux \u00e0 l\u2019Aigoual, pour un teambuilding en plein air m\u00ealant d\u00e9passement de soi et esprit d\u2019\u00e9quipe.<\/p>\n\t\t\t\t\t\t\t<\/div>\n\t\t\t\t\t\t\t\t\t\t\t\t\t<\/div>\n\t\t\t\t\t\t\t\t\t\t\t\t<div class=\"t3icta__bottom__img1 d-lg-none mx-auto\">\n\t\t\t\t\t\t\t<img decoding=\"async\" src=\"https:\/\/myallmeeting.com\/wp-content\/uploads\/2018\/08\/aja_p_6175-42__original-633x398.jpeg\" width=\"633\" height=\"398\" alt=\"\" loading=\"lazy\" \/> <!-- Ce sont les 2 m\u00eames images : ID 1 -->\n\t\t\t\t\t\t<\/div>\n\t\t\t\t\t\t\t\t\t\t\t<\/div>\n\t\t\t\t<\/div>\n\t\t\t<\/div>\n\t\t<\/div>\n\t<\/div>\n\t<\/div>\n<!-- END OF : Composant : block-periscope-theme-section-composant-26-textes-slider-cta.php -->\n","protected":false},"excerpt":{"rendered":"<p>Venez d\u00e9couvrir Montpellier, ville de tr\u00e9sors patrimoniaux et contemporains<\/p>\n","protected":false},"featured_media":17050987,"menu_order":0,"template":"","ville":[],"periscope_lieu_tax":[],"class_list":["post-15227044","desti","type-desti","status-publish","has-post-thumbnail","hentry"],"acf":[],"yoast_head":"<title>Montpellier : douceur de vivre pour des \u00e9v\u00e9nements professionnels XXL - Accor MyAllMeeting.com<\/title>\n<meta name=\"robots\" content=\"index, follow, max-snippet:-1, max-image-preview:large, max-video-preview:-1\" \/>\n<link rel=\"canonical\" href=\"https:\/\/myallmeeting.com\/fr\/wp-json\/wp\/v2\/desti\/15227044\" \/>\n<meta property=\"og:locale\" content=\"fr_FR\" \/>\n<meta property=\"og:type\" content=\"article\" \/>\n<meta property=\"og:title\" content=\"Montpellier : douceur de vivre pour des \u00e9v\u00e9nements professionnels XXL - Accor MyAllMeeting.com\" \/>\n<meta property=\"og:description\" content=\"Venez d\u00e9couvrir Montpellier, ville de tr\u00e9sors patrimoniaux et contemporains\" \/>\n<meta property=\"og:url\" content=\"https:\/\/myallmeeting.com\/fr\/destination\/montpellier-douceur-de-vivre-pour-des-evenements-professionnels-xxl\/\" \/>\n<meta property=\"og:site_name\" content=\"Accor MyAllMeeting.com\" \/>\n<meta property=\"article:modified_time\" content=\"2024-12-10T13:47:10+00:00\" \/>\n<meta property=\"og:image\" content=\"http:\/\/myallmeeting.com\/wp-content\/uploads\/2018\/08\/MAM-baner-1920x570-2024-12-10T144022.445-1024x304.png\" \/>\n\t<meta property=\"og:image:width\" content=\"1024\" \/>\n\t<meta property=\"og:image:height\" content=\"304\" \/>\n\t<meta property=\"og:image:type\" content=\"image\/png\" \/>\n<meta name=\"twitter:card\" content=\"summary_large_image\" \/>\n<meta name=\"twitter:label1\" content=\"Dur\u00e9e de lecture estim\u00e9e\" \/>\n\t<meta name=\"twitter:data1\" content=\"5 minutes\" \/>\n<script type=\"application\/ld+json\" class=\"yoast-schema-graph\">{\"@context\":\"https:\/\/schema.org\",\"@graph\":[{\"@type\":\"WebPage\",\"@id\":\"https:\/\/myallmeeting.com\/fr\/destination\/montpellier-douceur-de-vivre-pour-des-evenements-professionnels-xxl\/\",\"url\":\"https:\/\/myallmeeting.com\/fr\/destination\/montpellier-douceur-de-vivre-pour-des-evenements-professionnels-xxl\/\",\"name\":\"Montpellier : douceur de vivre pour des \u00e9v\u00e9nements professionnels XXL - Accor MyAllMeeting.com\",\"isPartOf\":{\"@id\":\"https:\/\/www.myallmeeting.com\/fr\/#website\"},\"primaryImageOfPage\":{\"@id\":\"https:\/\/myallmeeting.com\/fr\/destination\/montpellier-douceur-de-vivre-pour-des-evenements-professionnels-xxl\/#primaryimage\"},\"image\":{\"@id\":\"https:\/\/myallmeeting.com\/fr\/destination\/montpellier-douceur-de-vivre-pour-des-evenements-professionnels-xxl\/#primaryimage\"},\"thumbnailUrl\":\"https:\/\/myallmeeting.com\/wp-content\/uploads\/2018\/08\/MAM-baner-1920x570-2024-12-10T144022.445.png\",\"datePublished\":\"2018-08-07T07:01:42+00:00\",\"dateModified\":\"2024-12-10T13:47:10+00:00\",\"breadcrumb\":{\"@id\":\"https:\/\/myallmeeting.com\/fr\/destination\/montpellier-douceur-de-vivre-pour-des-evenements-professionnels-xxl\/#breadcrumb\"},\"inLanguage\":\"fr-FR\",\"potentialAction\":[{\"@type\":\"ReadAction\",\"target\":[\"https:\/\/myallmeeting.com\/fr\/destination\/montpellier-douceur-de-vivre-pour-des-evenements-professionnels-xxl\/\"]}]},{\"@type\":\"ImageObject\",\"inLanguage\":\"fr-FR\",\"@id\":\"https:\/\/myallmeeting.com\/fr\/destination\/montpellier-douceur-de-vivre-pour-des-evenements-professionnels-xxl\/#primaryimage\",\"url\":\"https:\/\/myallmeeting.com\/wp-content\/uploads\/2018\/08\/MAM-baner-1920x570-2024-12-10T144022.445.png\",\"contentUrl\":\"https:\/\/myallmeeting.com\/wp-content\/uploads\/2018\/08\/MAM-baner-1920x570-2024-12-10T144022.445.png\",\"width\":1920,\"height\":570},{\"@type\":\"BreadcrumbList\",\"@id\":\"https:\/\/myallmeeting.com\/fr\/destination\/montpellier-douceur-de-vivre-pour-des-evenements-professionnels-xxl\/#breadcrumb\",\"itemListElement\":[{\"@type\":\"ListItem\",\"position\":1,\"name\":\"Accueil\",\"item\":\"https:\/\/myallmeeting.com\/fr\/\"},{\"@type\":\"ListItem\",\"position\":2,\"name\":\"Destination\",\"item\":\"https:\/\/myallmeeting.com\/fr\/destination\/\"},{\"@type\":\"ListItem\",\"position\":3,\"name\":\"Montpellier : douceur de vivre pour des \u00e9v\u00e9nements professionnels XXL\"}]},{\"@type\":\"WebSite\",\"@id\":\"https:\/\/www.myallmeeting.com\/fr\/#website\",\"url\":\"https:\/\/www.myallmeeting.com\/fr\/\",\"name\":\"Accor MyAllMeeting.com\",\"description\":\"Les Meilleurs lieux pour vos Ev\u00e9nements Professionnels\",\"publisher\":{\"@id\":\"https:\/\/www.myallmeeting.com\/fr\/#organization\"},\"potentialAction\":[{\"@type\":\"SearchAction\",\"target\":{\"@type\":\"EntryPoint\",\"urlTemplate\":\"https:\/\/www.myallmeeting.com\/fr\/?s={search_term_string}\"},\"query-input\":{\"@type\":\"PropertyValueSpecification\",\"valueRequired\":true,\"valueName\":\"search_term_string\"}}],\"inLanguage\":\"fr-FR\"},{\"@type\":\"Organization\",\"@id\":\"https:\/\/www.myallmeeting.com\/fr\/#organization\",\"name\":\"ACCOR\",\"url\":\"https:\/\/www.myallmeeting.com\/fr\/\",\"logo\":{\"@type\":\"ImageObject\",\"inLanguage\":\"fr-FR\",\"@id\":\"https:\/\/www.myallmeeting.com\/fr\/#\/schema\/logo\/image\/\",\"url\":\"\",\"contentUrl\":\"\",\"caption\":\"ACCOR\"},\"image\":{\"@id\":\"https:\/\/www.myallmeeting.com\/fr\/#\/schema\/logo\/image\/\"}}]}<\/script>","yoast_head_json":{"title":"Montpellier : douceur de vivre pour des \u00e9v\u00e9nements professionnels XXL - Accor MyAllMeeting.com","robots":{"index":"index","follow":"follow","max-snippet":"max-snippet:-1","max-image-preview":"max-image-preview:large","max-video-preview":"max-video-preview:-1"},"canonical":"https:\/\/myallmeeting.com\/fr\/wp-json\/wp\/v2\/desti\/15227044","og_locale":"fr_FR","og_type":"article","og_title":"Montpellier : douceur de vivre pour des \u00e9v\u00e9nements professionnels XXL - Accor MyAllMeeting.com","og_description":"Venez d\u00e9couvrir Montpellier, ville de tr\u00e9sors patrimoniaux et contemporains","og_url":"https:\/\/myallmeeting.com\/fr\/destination\/montpellier-douceur-de-vivre-pour-des-evenements-professionnels-xxl\/","og_site_name":"Accor MyAllMeeting.com","article_modified_time":"2024-12-10T13:47:10+00:00","og_image":[{"width":1024,"height":304,"url":"http:\/\/myallmeeting.com\/wp-content\/uploads\/2018\/08\/MAM-baner-1920x570-2024-12-10T144022.445-1024x304.png","type":"image\/png"}],"twitter_card":"summary_large_image","twitter_misc":{"Dur\u00e9e de lecture estim\u00e9e":"5 minutes"},"schema":{"@context":"https:\/\/schema.org","@graph":[{"@type":"WebPage","@id":"https:\/\/myallmeeting.com\/fr\/destination\/montpellier-douceur-de-vivre-pour-des-evenements-professionnels-xxl\/","url":"https:\/\/myallmeeting.com\/fr\/destination\/montpellier-douceur-de-vivre-pour-des-evenements-professionnels-xxl\/","name":"Montpellier : douceur de vivre pour des \u00e9v\u00e9nements professionnels XXL - Accor MyAllMeeting.com","isPartOf":{"@id":"https:\/\/www.myallmeeting.com\/fr\/#website"},"primaryImageOfPage":{"@id":"https:\/\/myallmeeting.com\/fr\/destination\/montpellier-douceur-de-vivre-pour-des-evenements-professionnels-xxl\/#primaryimage"},"image":{"@id":"https:\/\/myallmeeting.com\/fr\/destination\/montpellier-douceur-de-vivre-pour-des-evenements-professionnels-xxl\/#primaryimage"},"thumbnailUrl":"https:\/\/myallmeeting.com\/wp-content\/uploads\/2018\/08\/MAM-baner-1920x570-2024-12-10T144022.445.png","datePublished":"2018-08-07T07:01:42+00:00","dateModified":"2024-12-10T13:47:10+00:00","breadcrumb":{"@id":"https:\/\/myallmeeting.com\/fr\/destination\/montpellier-douceur-de-vivre-pour-des-evenements-professionnels-xxl\/#breadcrumb"},"inLanguage":"fr-FR","potentialAction":[{"@type":"ReadAction","target":["https:\/\/myallmeeting.com\/fr\/destination\/montpellier-douceur-de-vivre-pour-des-evenements-professionnels-xxl\/"]}]},{"@type":"ImageObject","inLanguage":"fr-FR","@id":"https:\/\/myallmeeting.com\/fr\/destination\/montpellier-douceur-de-vivre-pour-des-evenements-professionnels-xxl\/#primaryimage","url":"https:\/\/myallmeeting.com\/wp-content\/uploads\/2018\/08\/MAM-baner-1920x570-2024-12-10T144022.445.png","contentUrl":"https:\/\/myallmeeting.com\/wp-content\/uploads\/2018\/08\/MAM-baner-1920x570-2024-12-10T144022.445.png","width":1920,"height":570},{"@type":"BreadcrumbList","@id":"https:\/\/myallmeeting.com\/fr\/destination\/montpellier-douceur-de-vivre-pour-des-evenements-professionnels-xxl\/#breadcrumb","itemListElement":[{"@type":"ListItem","position":1,"name":"Accueil","item":"https:\/\/myallmeeting.com\/fr\/"},{"@type":"ListItem","position":2,"name":"Destination","item":"https:\/\/myallmeeting.com\/fr\/destination\/"},{"@type":"ListItem","position":3,"name":"Montpellier : douceur de vivre pour des \u00e9v\u00e9nements professionnels XXL"}]},{"@type":"WebSite","@id":"https:\/\/www.myallmeeting.com\/fr\/#website","url":"https:\/\/www.myallmeeting.com\/fr\/","name":"Accor MyAllMeeting.com","description":"Les Meilleurs lieux pour vos Ev\u00e9nements Professionnels","publisher":{"@id":"https:\/\/www.myallmeeting.com\/fr\/#organization"},"potentialAction":[{"@type":"SearchAction","target":{"@type":"EntryPoint","urlTemplate":"https:\/\/www.myallmeeting.com\/fr\/?s={search_term_string}"},"query-input":{"@type":"PropertyValueSpecification","valueRequired":true,"valueName":"search_term_string"}}],"inLanguage":"fr-FR"},{"@type":"Organization","@id":"https:\/\/www.myallmeeting.com\/fr\/#organization","name":"ACCOR","url":"https:\/\/www.myallmeeting.com\/fr\/","logo":{"@type":"ImageObject","inLanguage":"fr-FR","@id":"https:\/\/www.myallmeeting.com\/fr\/#\/schema\/logo\/image\/","url":"","contentUrl":"","caption":"ACCOR"},"image":{"@id":"https:\/\/www.myallmeeting.com\/fr\/#\/schema\/logo\/image\/"}}]}},"_links":{"self":[{"href":"https:\/\/myallmeeting.com\/fr\/wp-json\/wp\/v2\/desti\/15227044","targetHints":{"allow":["GET"]}}],"collection":[{"href":"https:\/\/myallmeeting.com\/fr\/wp-json\/wp\/v2\/desti"}],"about":[{"href":"https:\/\/myallmeeting.com\/fr\/wp-json\/wp\/v2\/types\/desti"}],"wp:featuredmedia":[{"embeddable":true,"href":"https:\/\/myallmeeting.com\/fr\/wp-json\/wp\/v2\/media\/17050987"}],"wp:attachment":[{"href":"https:\/\/myallmeeting.com\/fr\/wp-json\/wp\/v2\/media?parent=15227044"}],"wp:term":[{"taxonomy":"ville","embeddable":true,"href":"https:\/\/myallmeeting.com\/fr\/wp-json\/wp\/v2\/ville?post=15227044"},{"taxonomy":"periscope_lieu_tax","embeddable":true,"href":"https:\/\/myallmeeting.com\/fr\/wp-json\/wp\/v2\/periscope_lieu_tax?post=15227044"}],"curies":[{"name":"wp","href":"https:\/\/api.w.org\/{rel}","templated":true}]}}