{"id":15227042,"date":"2018-10-15T15:00:18","date_gmt":"2018-10-15T13:00:18","guid":{"rendered":"https:\/\/myallmeeting.com\/fr\/destination\/cote-normande-un-seminaire-au-grand-air\/"},"modified":"2024-12-13T15:03:27","modified_gmt":"2024-12-13T14:03:27","slug":"cote-normande-un-seminaire-au-grand-air","status":"publish","type":"desti","link":"https:\/\/myallmeeting.com\/fr\/destination\/cote-normande-un-seminaire-au-grand-air\/","title":{"rendered":"C\u00f4te Normande : un s\u00e9minaire au grand air"},"content":{"rendered":"<!-- START OF : Composant : block-periscope-theme-section-composant-25-texte-cta-2-images.php -->\n<div class=\"tcta2ia bg-white fs-wysiwyg mb-lg-12\" data-component=\"25-texte-cta-2-images\">\n\t<div class=\"tcta2ia__top\">\n\t\t<div class=\"container-fluid\" style=\"--bs-gutter-x: 0\">\n\t\t\t<div class=\"row\" style=\"--bs-gutter-x: 0\">\n\t\t\t\t<div class=\"col-lg-8\">\n\t\t\t\t\t\t\t\t\t\t<div class=\"bloc-mise-en-avant__top__left\">\n\t\t\t\t\t\t<img decoding=\"async\" src=\"https:\/\/myallmeeting.com\/wp-content\/uploads\/2018\/10\/aja_p_3472-68__original-1268x846.jpeg\" class=\"pe-2 pe-lg-0\" width=\"1268\" height=\"846\" alt=\"\" loading=\"lazy\" \/>\n\t\t\t\t\t<\/div>\n\t\t\t\t\t\t\t\t\t\t<div class=\"tcta2ia__bottom d-none d-lg-block pb-12 pt-lg-9 pb-lg-0 pe-lg-10\">\n\t\t\t\t\t\t\t\t\t\t\t\t<h2 class=\"fs-20 fs-lg-32 fw-semibold\">Accessibilit\u00e9 <\/h2>\n\t\t\t\t\t\t\t\t\t\t\t\t\t\t\t\t\t\t<div class=\"fs-wysiwyg\"><p>Si vous souhaitez vous rendre dans cette magnifique r\u00e9gion pour votre prochain s\u00e9minaire, rien de plus simple. Le Calvados est travers\u00e9 par la A13 qui relie Caen et Paris en passant par\u00a0Deauville \/ Trouville. Et des trains en partance de la gare Saint-Lazare \u00e0 Paris desservent toutes ces villes en quelques heures, plusieurs fois par jour.<\/p>\n<\/div>\n\t\t\t\t\t\t\t\t\t\t\t\t<div class=\"d-flex flex-column flex-lg-row align-items-center gap-5 gap-lg-8 justify-content-between\">\n\t\t\t\t\t\t\t<div class=\"fs-20 fs-lg-26 fw-semibold lh-xs\"><\/div>\n\t\t\t\t\t\t\t\t\t\t\t\t\t<\/div>\n\t\t\t\t\t<\/div>\n\t\t\t\t<\/div>\n\t\t\t\t<div class=\"col-lg-4\">\n\t\t\t\t\t<div class=\"tcta2ia__top__right t-0 r-0 bg-primary text-white pt-4 pb-4 px-2 pt-lg-8 pb-lg-16 px-lg-11 pb-xl-30\">\n\t\t\t\t\t\t\t\t\t\t\t\t\t\t\t\t\t\t<h2 class=\"unna fs-36 fs-lg-51 fs-xl-75 fs-italic fw-normal text-secondary\">C\u00f4te Normande : un s\u00e9minaire au grand air<\/h2>\n\t\t\t\t\t\t\t\t\t\t\t\t\t\t\t\t\t\t<h3 class=\"text-white fs-18 fs-lg-20 fs-xl-28 text-original-case\">Pour votre prochain \u00e9v\u00e9nement professionnel, venez d\u00e9couvrir la Normandie, un th\u00e9\u00e2tre d\u2019exception qui invite \u00e0 la s\u00e9r\u00e9nit\u00e9 ou un incentive revigorant.<\/h3>\n\t\t\t\t\t\t\t\t\t\t\t\t\t\t\t\t\t\t<div class=\"fs-wysiwyg mb-4 fs-lg-16 fs-xl-20\"><p>Entre le petit port impressionniste de Honfleur et la plage historique de\u00a0Ouistreham, en passant par Trouville, Deauville et le Cabourg de Proust, la \u00ab C\u00f4te Fleurie\u00a0\u00bb, telle qu\u2019on la surnomme, est une v\u00e9ritable perle du Calvados qui offre un cadre authentique et plein de charme entre mer et campagne.<\/p>\n<p>Outre ses nombreux atouts naturels \u2013 immenses plages de sable fin, falaises des Vaches Noires, grottes \u00ab\u00a0de Gouy\u00a0\u00bb et \u00ab\u00a0aux Moines\u00a0\u00bb \u2026 \u2013 , la Normandie est \u00e9galement l\u2019une des premi\u00e8res r\u00e9gions\u00a0fran\u00e7aises pour l\u2019accueil d\u2019\u00e9v\u00e9nements professionnels de toutes tailles. Sa r\u00e9putation d\u00e9passe m\u00eame les fronti\u00e8res de l\u2019Hexagone.<\/p>\n<\/div>\n\t\t\t\t\t\t\t\t\t\t\t\t\t\t\t\t\t\t\t\t\t\t\t\t<p class=\"m-0\"><img decoding=\"async\" src=\"https:\/\/myallmeeting.com\/wp-content\/uploads\/2018\/10\/aja_p_2058-50__original-633x398.jpeg\" class=\"position-relative l-0\" width=\"633\" height=\"398\" alt=\"\" loading=\"lazy\" \/><\/p>\n\t\t\t\t\t\t\t\t\t\t\t<\/div>\n\t\t\t\t<\/div>\n\t\t\t<\/div>\n\t\t<\/div>\n\t<\/div>\n\t<div class=\"tcta2ia__bottom d-lg-none pb-12 py-lg-9 pe-lg-10\">\n\t\t\t\t<div class=\"h2 fs-20 fs-lg-32 fw-semibold\">Accessibilit\u00e9 <\/div>\n\t\t\t\t\t\t<div class=\"fs-wysiwyg\"><p>Si vous souhaitez vous rendre dans cette magnifique r\u00e9gion pour votre prochain s\u00e9minaire, rien de plus simple. Le Calvados est travers\u00e9 par la A13 qui relie Caen et Paris en passant par\u00a0Deauville \/ Trouville. Et des trains en partance de la gare Saint-Lazare \u00e0 Paris desservent toutes ces villes en quelques heures, plusieurs fois par jour.<\/p>\n<\/div>\n\t\t\t\t<div class=\"d-flex flex-column flex-lg-row align-items-center gap-5 gap-lg-8 justify-content-between\">\n\t\t\t<div class=\"fs-20 fs-lg-26 fw-semibold lh-xs\"><\/div>\n\t\t\t\t\t<\/div>\n\t<\/div>\n<\/div>\n<!-- END OF : Composant : block-periscope-theme-section-composant-25-texte-cta-2-images.php -->\n\n\n<!-- START OF : Composant : block-periscope-theme-section-composant-26-textes-slider-cta.php -->\n<div class=\"t3icta bg-white pb-12 mb-9 fs-wysiwyg\" data-component=\"26-textes-3-images-cta\">\n\t<div class=\"t3icta__top position-relative\">\n\t\t<div class=\"container-fluid\" style=\"--bs-gutter-x: 0\">\n\t\t\t<div class=\"row\" style=\"--bs-gutter-x: 0\">\n\t\t\t\t\t\t\t\t<div class=\"col-lg-6\">\n\t\t\t\t\t<div class=\"t3icta__slider\">\n\t\t\t\t\t\t<div class=\"splide\">\n\t\t\t\t\t\t\t<div class=\"splide__track\">\n\t\t\t\t\t\t\t\t<div class=\"splide__list\">\n\t\t\t\t\t\t\t\t\t\t\t\t\t\t\t\t\t\t\t<div class=\"splide__slide\">\n\t\t\t\t\t\t\t\t\t\t\t<img decoding=\"async\" src=\"https:\/\/myallmeeting.com\/wp-content\/uploads\/2018\/10\/aja_p_2363-36__original-953x600.jpeg\" width=\"953\" height=\"600\" alt=\"\" loading=\"lazy\" \/>\n\t\t\t\t\t\t\t\t\t\t<\/div>\n\t\t\t\t\t\t\t\t\t\t\t\t\t\t\t\t\t\n\t\t\t\t\t\t\t\t<\/div>\n\t\t\t\t\t\t\t<\/div>\n\t\t\t\t\t\t\t<div class=\"splide__arrows d-none d-lg-block\">\n\t\t\t\t\t\t\t\t<button class=\"splide__arrow splide__arrow--prev px-lg-3 py-lg-4 px-xl-4 py-xl-5 px-xxl-5 py-xxl-7 position-absolute l-0 bg-white border-0\">\n\t\t\t\t\t\t\t\t\t<svg width=\"14\" height=\"27\" aria-hidden=\"true\">\n\t\t\t\t\t\t\t\t\t\t<use xlink:href=\"https:\/\/myallmeeting.com\/wp-content\/themes\/accor\/assets\/images\/sprite.svg#slider-prev\"><\/use>\n\t\t\t\t\t\t\t\t\t<\/svg>\n\t\t\t\t\t\t\t\t<\/button>\n\t\t\t\t\t\t\t\t<button class=\"splide__arrow splide__arrow--next px-lg-3 py-lg-4 px-xl-4 py-xl-5 px-xxl-5 py-xxl-7 position-absolute r-0 bg-white border-0\">\n\t\t\t\t\t\t\t\t\t<svg width=\"14\" height=\"27\" aria-hidden=\"true\">\n\t\t\t\t\t\t\t\t\t\t<use xlink:href=\"https:\/\/myallmeeting.com\/wp-content\/themes\/accor\/assets\/images\/sprite.svg#slider-prev\"><\/use>\n\t\t\t\t\t\t\t\t\t<\/svg>\n\t\t\t\t\t\t\t\t<\/button>\n\t\t\t\t\t\t\t<\/div>\n\t\t\t\t\t\t<\/div>\n\t\t\t\t\t<\/div>\n\t\t\t\t<\/div>\n\t\t\t\t\t\t\t\t<div class=\"col-lg-6\">\n\t\t\t\t\t<div class=\"t3icta__top_right mb-lg-14 px-2 py-9 px-lg-11 py-lg-0\">\n\t\t\t\t\t\t\t\n\t\t\t\t\t\t<h2 class=\"fs-20 fs-lg-23 fs-xl-27 fs-xxl-30 fw-semibold\">Le r\u00e9seau Accor en Normandie<\/h2>\n\t\t\t\t\t\t\t\t\t\t\t\t\t\n\t\t\t\t\t\t<div class=\"fs-wysiwyg\">\n\t\t\t\t\t\t\t<p>Pour accueillir votre prochaine r\u00e9union ou s\u00e9minaire h\u00e9berg\u00e9, le r\u00e9seau Accor vous propose une large s\u00e9lection d\u2019h\u00f4tels sp\u00e9cialis\u00e9s dans l\u2019organisation d\u2019\u00e9v\u00e9nements professionnels. De l\u2019ibis Styles au\u00a0MGallery, en passant par la marque Mercure, notre gamme d\u2019h\u00f4tels est en mesure de r\u00e9pondre \u00e0 tous types d\u2019\u00e9v\u00e9nements et de budgets.<\/p>\n<p>Des h\u00f4tels id\u00e9alement situ\u00e9s dans chacune des villes et proches des principales voies d\u2019acc\u00e8s pour plus de confort et de simplicit\u00e9.<\/p>\n\t\t\t\t\t\t<\/div>\n\t\t\t\t\t\t\t\t\t\t\t<\/div>\n\t\t\t\t<\/div>\n\t\t\t<\/div>\n\t\t<\/div>\n\t<\/div>\n\t<div class=\"t3icta__bottom bg-beige\">\n\t\t<div class=\"container-fluid\" style=\"--bs-gutter-x: 0\">\n\t\t\t<div class=\"row\" style=\"--bs-gutter-x: 0\">\n\t\t\t\t<div class=\"col-lg-5 offset-lg-1\">\n\t\t\t\t\t<div class=\"t3icta__bottom__left\">\n\t\t\t\t\t\t\t\t\t\t\t\t<img decoding=\"async\" src=\"https:\/\/myallmeeting.com\/wp-content\/uploads\/2018\/10\/aja_p_6837-49__original-633x398.jpeg\" class=\"w-100 d-lg-none\" width=\"633\" height=\"398\" alt=\"\" loading=\"lazy\" \/> <!-- Ce sont les 2 m\u00eames images : ID 0 -->\n\t\t\t\t\t\t\t\t\t\t\t\t<div class=\"px-2 py-9 px-lg-0 py-lg-0\">\n\t\t\t\t\t\t\t\t\n\t\t\t\t\t\t\t<h2 class=\"fs-20 fs-lg-23 fs-xl-27 fs-xxl-30 fw-semibold\">Id\u00e9es d\u2019incentives<\/h2>\n\t\t\t\t\t\t\t\t\t\t\t\t\t\t\t\n\t\t\t\t\t\t\t<div class=\"fs-wysiwyg mb-lg-15\">\n\t\t\t\t\t\t\t\t<p>Entre les 120 km de c\u00f4tes et les vall\u00e9es verdoyantes du Pays d\u2019Auge, la r\u00e9gion se pr\u00eate \u00e0 de belles balades et des activit\u00e9s en pleine nature qui feront l\u2019unanimit\u00e9.<\/p>\n<p>Que diriez-vous d\u2019une balade \u00e0 v\u00e9lo (ou v\u00e9lo \u00e9lectrique) entre Deauville et Trouville\u00a0? En d\u00e9marrant de votre h\u00f4tel depuis Deauville, traversez la ville et appr\u00e9ciez son allure et son architecture, connue pour \u00eatre l\u2019une des villes fran\u00e7aises les plus c\u00e9l\u00e8bres au monde. Vous rejoindrez ensuite Trouville-sur-Mer en passant par Touques, o\u00f9 vous vous laisserez s\u00e9duire par son port de p\u00eache et son bord de mer.<\/p>\n\t\t\t\t\t\t\t<\/div>\n\t\t\t\t\t\t\t\t\t\t\t\t\t<\/div>\n\t\t\t\t\t\t\t\t\t\t\t\t<div class=\"t3icta__bottom__img1 d-none d-lg-block text-end ms-lg-auto\">\n\t\t\t\t\t\t\t<img decoding=\"async\" src=\"https:\/\/myallmeeting.com\/wp-content\/uploads\/2018\/10\/aja_p_6837-49__original-633x398.jpeg\" width=\"633\" height=\"398\" alt=\"\" loading=\"lazy\" \/> <!-- Ce sont les 2 m\u00eames images : ID 1 -->\n\t\t\t\t\t\t<\/div>\n\t\t\t\t\t\t\t\t\t\t\t<\/div>\n\t\t\t\t<\/div>\n\t\t\t\t<div class=\"col-lg-5\">\n\t\t\t\t\t<div class=\"ps-lg-10\">\n\t\t\t\t\t\t\t\t\t\t\t\t<img decoding=\"async\" src=\"https:\/\/myallmeeting.com\/wp-content\/uploads\/2018\/10\/aja_p_2034-38__original-633x398.jpeg\" class=\"t3icta__bottom__img0 position-relative d-none d-lg-block mb-15\" width=\"633\" height=\"398\" alt=\"\" loading=\"lazy\" \/> <!-- Ce sont les 2 m\u00eames images : ID 0 -->\n\t\t\t\t\t\t\t\t\t\t\t\t<div class=\"px-2 px-lg-0 mb-9\">\n\t\t\t\t\t\t\t\t\n\t\t\t\t\t\t\t<h2 class=\"fs-20 fs-lg-23 fs-xl-27 fs-xxl-30 fw-semibold\">Envie de calme et d\u2019une activit\u00e9 pleinement ressour\u00e7ante ? <\/h2>\n\t\t\t\t\t\t\t\t\t\t\t\t\t\t\t\t\t\t\t\t\t<div class=\"fs-wysiwyg\">\n\t\t\t\t\t\t\t\t<p>Optez pour une activit\u00e9 bien-\u00eatre en bord de plage. Rien de tel qu\u2019une s\u00e9ance de yoga ou de tai-chi sur la plage de Trouville-sur-Mer\u00a0! Laissez-vous porter et accompagner par les conseils d\u2019un professionnel, et boostez vos \u00e9quipes en leur proposant de faire le vide, de r\u00e9duire le stress et d\u2019aller chercher leurs \u00e9nergies positives.<\/p>\n<p><strong>La gastronomie normande<\/strong><\/p>\n<p>Enfin, pour les plus gourmands, la ville normande est \u00e9galement connue pour ses richesses et son go\u00fbt de la gastronomie. Vous aurez l\u2019occasion d\u2019organiser un cours de cuisine \u00e0 Deauville dans une villa privative en plein c\u0153ur de la ville.<\/p>\n<p>Proposez \u00e0 vos \u00e9quipes un cours de deux heures, faites-leur d\u00e9couvrir la richesse et les saveurs artisanales de la r\u00e9gion et pr\u00e9parez un repas complet (entr\u00e9e, plat, dessert) accompagn\u00e9 d\u2019un chef. Vous n\u2019aurez ensuite plus qu\u2019\u00e0 choisir le lieu pour d\u00e9guster votre repas. Plut\u00f4t verri\u00e8re, grande salle ou encore dans les jardins ? \u00c0 vous de choisir !<\/p>\n\t\t\t\t\t\t\t<\/div>\n\t\t\t\t\t\t\t\t\t\t\t\t\t<\/div>\n\t\t\t\t\t\t\t\t\t\t\t\t<div class=\"t3icta__bottom__img1 d-lg-none mx-auto\">\n\t\t\t\t\t\t\t<img decoding=\"async\" src=\"https:\/\/myallmeeting.com\/wp-content\/uploads\/2018\/10\/aja_p_2034-38__original-633x398.jpeg\" width=\"633\" height=\"398\" alt=\"\" loading=\"lazy\" \/> <!-- Ce sont les 2 m\u00eames images : ID 1 -->\n\t\t\t\t\t\t<\/div>\n\t\t\t\t\t\t\t\t\t\t\t<\/div>\n\t\t\t\t<\/div>\n\t\t\t<\/div>\n\t\t<\/div>\n\t<\/div>\n\t<\/div>\n<!-- END OF : Composant : block-periscope-theme-section-composant-26-textes-slider-cta.php -->\n","protected":false},"excerpt":{"rendered":"<p>Pour votre prochain \u00e9v\u00e9nement professionnel, venez d\u00e9couvrir la Normandie, un th\u00e9\u00e2tre d\u2019exception qui invite \u00e0 la s\u00e9r\u00e9nit\u00e9 ou un incentive revigorant.<\/p>\n","protected":false},"featured_media":17139808,"menu_order":0,"template":"","ville":[],"periscope_lieu_tax":[],"class_list":["post-15227042","desti","type-desti","status-publish","has-post-thumbnail","hentry"],"acf":[],"yoast_head":"<title>C\u00f4te Normande : un s\u00e9minaire au grand air - Accor MyAllMeeting.com<\/title>\n<meta name=\"robots\" content=\"index, follow, max-snippet:-1, max-image-preview:large, max-video-preview:-1\" \/>\n<link rel=\"canonical\" href=\"https:\/\/myallmeeting.com\/fr\/wp-json\/wp\/v2\/desti\/15227042\" \/>\n<meta property=\"og:locale\" content=\"fr_FR\" \/>\n<meta property=\"og:type\" content=\"article\" \/>\n<meta property=\"og:title\" content=\"C\u00f4te Normande : un s\u00e9minaire au grand air - Accor MyAllMeeting.com\" \/>\n<meta property=\"og:description\" content=\"Pour votre prochain \u00e9v\u00e9nement professionnel, venez d\u00e9couvrir la Normandie, un th\u00e9\u00e2tre d\u2019exception qui invite \u00e0 la s\u00e9r\u00e9nit\u00e9 ou un incentive revigorant.\" \/>\n<meta property=\"og:url\" content=\"https:\/\/myallmeeting.com\/fr\/destination\/cote-normande-un-seminaire-au-grand-air\/\" \/>\n<meta property=\"og:site_name\" content=\"Accor MyAllMeeting.com\" \/>\n<meta property=\"article:modified_time\" content=\"2024-12-13T14:03:27+00:00\" \/>\n<meta property=\"og:image\" content=\"https:\/\/myallmeeting.com\/wp-content\/uploads\/2018\/10\/MAM-baner-1920x570-2024-12-13T145136.942-1024x304.png\" \/>\n\t<meta property=\"og:image:width\" content=\"1024\" \/>\n\t<meta property=\"og:image:height\" content=\"304\" \/>\n\t<meta property=\"og:image:type\" content=\"image\/png\" \/>\n<meta name=\"twitter:card\" content=\"summary_large_image\" \/>\n<meta name=\"twitter:label1\" content=\"Dur\u00e9e de lecture estim\u00e9e\" \/>\n\t<meta name=\"twitter:data1\" content=\"4 minutes\" \/>\n<script type=\"application\/ld+json\" class=\"yoast-schema-graph\">{\"@context\":\"https:\/\/schema.org\",\"@graph\":[{\"@type\":\"WebPage\",\"@id\":\"https:\/\/myallmeeting.com\/fr\/destination\/cote-normande-un-seminaire-au-grand-air\/\",\"url\":\"https:\/\/myallmeeting.com\/fr\/destination\/cote-normande-un-seminaire-au-grand-air\/\",\"name\":\"C\u00f4te Normande : un s\u00e9minaire au grand air - Accor MyAllMeeting.com\",\"isPartOf\":{\"@id\":\"https:\/\/www.myallmeeting.com\/fr\/#website\"},\"primaryImageOfPage\":{\"@id\":\"https:\/\/myallmeeting.com\/fr\/destination\/cote-normande-un-seminaire-au-grand-air\/#primaryimage\"},\"image\":{\"@id\":\"https:\/\/myallmeeting.com\/fr\/destination\/cote-normande-un-seminaire-au-grand-air\/#primaryimage\"},\"thumbnailUrl\":\"https:\/\/myallmeeting.com\/wp-content\/uploads\/2018\/10\/MAM-baner-1920x570-2024-12-13T145136.942.png\",\"datePublished\":\"2018-10-15T13:00:18+00:00\",\"dateModified\":\"2024-12-13T14:03:27+00:00\",\"breadcrumb\":{\"@id\":\"https:\/\/myallmeeting.com\/fr\/destination\/cote-normande-un-seminaire-au-grand-air\/#breadcrumb\"},\"inLanguage\":\"fr-FR\",\"potentialAction\":[{\"@type\":\"ReadAction\",\"target\":[\"https:\/\/myallmeeting.com\/fr\/destination\/cote-normande-un-seminaire-au-grand-air\/\"]}]},{\"@type\":\"ImageObject\",\"inLanguage\":\"fr-FR\",\"@id\":\"https:\/\/myallmeeting.com\/fr\/destination\/cote-normande-un-seminaire-au-grand-air\/#primaryimage\",\"url\":\"https:\/\/myallmeeting.com\/wp-content\/uploads\/2018\/10\/MAM-baner-1920x570-2024-12-13T145136.942.png\",\"contentUrl\":\"https:\/\/myallmeeting.com\/wp-content\/uploads\/2018\/10\/MAM-baner-1920x570-2024-12-13T145136.942.png\",\"width\":1920,\"height\":570},{\"@type\":\"BreadcrumbList\",\"@id\":\"https:\/\/myallmeeting.com\/fr\/destination\/cote-normande-un-seminaire-au-grand-air\/#breadcrumb\",\"itemListElement\":[{\"@type\":\"ListItem\",\"position\":1,\"name\":\"Accueil\",\"item\":\"https:\/\/myallmeeting.com\/fr\/\"},{\"@type\":\"ListItem\",\"position\":2,\"name\":\"Destination\",\"item\":\"https:\/\/myallmeeting.com\/fr\/destination\/\"},{\"@type\":\"ListItem\",\"position\":3,\"name\":\"C\u00f4te Normande : un s\u00e9minaire au grand air\"}]},{\"@type\":\"WebSite\",\"@id\":\"https:\/\/www.myallmeeting.com\/fr\/#website\",\"url\":\"https:\/\/www.myallmeeting.com\/fr\/\",\"name\":\"Accor MyAllMeeting.com\",\"description\":\"Les Meilleurs lieux pour vos Ev\u00e9nements Professionnels\",\"publisher\":{\"@id\":\"https:\/\/www.myallmeeting.com\/fr\/#organization\"},\"potentialAction\":[{\"@type\":\"SearchAction\",\"target\":{\"@type\":\"EntryPoint\",\"urlTemplate\":\"https:\/\/www.myallmeeting.com\/fr\/?s={search_term_string}\"},\"query-input\":{\"@type\":\"PropertyValueSpecification\",\"valueRequired\":true,\"valueName\":\"search_term_string\"}}],\"inLanguage\":\"fr-FR\"},{\"@type\":\"Organization\",\"@id\":\"https:\/\/www.myallmeeting.com\/fr\/#organization\",\"name\":\"ACCOR\",\"url\":\"https:\/\/www.myallmeeting.com\/fr\/\",\"logo\":{\"@type\":\"ImageObject\",\"inLanguage\":\"fr-FR\",\"@id\":\"https:\/\/www.myallmeeting.com\/fr\/#\/schema\/logo\/image\/\",\"url\":\"\",\"contentUrl\":\"\",\"caption\":\"ACCOR\"},\"image\":{\"@id\":\"https:\/\/www.myallmeeting.com\/fr\/#\/schema\/logo\/image\/\"}}]}<\/script>","yoast_head_json":{"title":"C\u00f4te Normande : un s\u00e9minaire au grand air - Accor MyAllMeeting.com","robots":{"index":"index","follow":"follow","max-snippet":"max-snippet:-1","max-image-preview":"max-image-preview:large","max-video-preview":"max-video-preview:-1"},"canonical":"https:\/\/myallmeeting.com\/fr\/wp-json\/wp\/v2\/desti\/15227042","og_locale":"fr_FR","og_type":"article","og_title":"C\u00f4te Normande : un s\u00e9minaire au grand air - Accor MyAllMeeting.com","og_description":"Pour votre prochain \u00e9v\u00e9nement professionnel, venez d\u00e9couvrir la Normandie, un th\u00e9\u00e2tre d\u2019exception qui invite \u00e0 la s\u00e9r\u00e9nit\u00e9 ou un incentive revigorant.","og_url":"https:\/\/myallmeeting.com\/fr\/destination\/cote-normande-un-seminaire-au-grand-air\/","og_site_name":"Accor MyAllMeeting.com","article_modified_time":"2024-12-13T14:03:27+00:00","og_image":[{"width":1024,"height":304,"url":"https:\/\/myallmeeting.com\/wp-content\/uploads\/2018\/10\/MAM-baner-1920x570-2024-12-13T145136.942-1024x304.png","type":"image\/png"}],"twitter_card":"summary_large_image","twitter_misc":{"Dur\u00e9e de lecture estim\u00e9e":"4 minutes"},"schema":{"@context":"https:\/\/schema.org","@graph":[{"@type":"WebPage","@id":"https:\/\/myallmeeting.com\/fr\/destination\/cote-normande-un-seminaire-au-grand-air\/","url":"https:\/\/myallmeeting.com\/fr\/destination\/cote-normande-un-seminaire-au-grand-air\/","name":"C\u00f4te Normande : un s\u00e9minaire au grand air - Accor MyAllMeeting.com","isPartOf":{"@id":"https:\/\/www.myallmeeting.com\/fr\/#website"},"primaryImageOfPage":{"@id":"https:\/\/myallmeeting.com\/fr\/destination\/cote-normande-un-seminaire-au-grand-air\/#primaryimage"},"image":{"@id":"https:\/\/myallmeeting.com\/fr\/destination\/cote-normande-un-seminaire-au-grand-air\/#primaryimage"},"thumbnailUrl":"https:\/\/myallmeeting.com\/wp-content\/uploads\/2018\/10\/MAM-baner-1920x570-2024-12-13T145136.942.png","datePublished":"2018-10-15T13:00:18+00:00","dateModified":"2024-12-13T14:03:27+00:00","breadcrumb":{"@id":"https:\/\/myallmeeting.com\/fr\/destination\/cote-normande-un-seminaire-au-grand-air\/#breadcrumb"},"inLanguage":"fr-FR","potentialAction":[{"@type":"ReadAction","target":["https:\/\/myallmeeting.com\/fr\/destination\/cote-normande-un-seminaire-au-grand-air\/"]}]},{"@type":"ImageObject","inLanguage":"fr-FR","@id":"https:\/\/myallmeeting.com\/fr\/destination\/cote-normande-un-seminaire-au-grand-air\/#primaryimage","url":"https:\/\/myallmeeting.com\/wp-content\/uploads\/2018\/10\/MAM-baner-1920x570-2024-12-13T145136.942.png","contentUrl":"https:\/\/myallmeeting.com\/wp-content\/uploads\/2018\/10\/MAM-baner-1920x570-2024-12-13T145136.942.png","width":1920,"height":570},{"@type":"BreadcrumbList","@id":"https:\/\/myallmeeting.com\/fr\/destination\/cote-normande-un-seminaire-au-grand-air\/#breadcrumb","itemListElement":[{"@type":"ListItem","position":1,"name":"Accueil","item":"https:\/\/myallmeeting.com\/fr\/"},{"@type":"ListItem","position":2,"name":"Destination","item":"https:\/\/myallmeeting.com\/fr\/destination\/"},{"@type":"ListItem","position":3,"name":"C\u00f4te Normande : un s\u00e9minaire au grand air"}]},{"@type":"WebSite","@id":"https:\/\/www.myallmeeting.com\/fr\/#website","url":"https:\/\/www.myallmeeting.com\/fr\/","name":"Accor MyAllMeeting.com","description":"Les Meilleurs lieux pour vos Ev\u00e9nements Professionnels","publisher":{"@id":"https:\/\/www.myallmeeting.com\/fr\/#organization"},"potentialAction":[{"@type":"SearchAction","target":{"@type":"EntryPoint","urlTemplate":"https:\/\/www.myallmeeting.com\/fr\/?s={search_term_string}"},"query-input":{"@type":"PropertyValueSpecification","valueRequired":true,"valueName":"search_term_string"}}],"inLanguage":"fr-FR"},{"@type":"Organization","@id":"https:\/\/www.myallmeeting.com\/fr\/#organization","name":"ACCOR","url":"https:\/\/www.myallmeeting.com\/fr\/","logo":{"@type":"ImageObject","inLanguage":"fr-FR","@id":"https:\/\/www.myallmeeting.com\/fr\/#\/schema\/logo\/image\/","url":"","contentUrl":"","caption":"ACCOR"},"image":{"@id":"https:\/\/www.myallmeeting.com\/fr\/#\/schema\/logo\/image\/"}}]}},"_links":{"self":[{"href":"https:\/\/myallmeeting.com\/fr\/wp-json\/wp\/v2\/desti\/15227042","targetHints":{"allow":["GET"]}}],"collection":[{"href":"https:\/\/myallmeeting.com\/fr\/wp-json\/wp\/v2\/desti"}],"about":[{"href":"https:\/\/myallmeeting.com\/fr\/wp-json\/wp\/v2\/types\/desti"}],"wp:featuredmedia":[{"embeddable":true,"href":"https:\/\/myallmeeting.com\/fr\/wp-json\/wp\/v2\/media\/17139808"}],"wp:attachment":[{"href":"https:\/\/myallmeeting.com\/fr\/wp-json\/wp\/v2\/media?parent=15227042"}],"wp:term":[{"taxonomy":"ville","embeddable":true,"href":"https:\/\/myallmeeting.com\/fr\/wp-json\/wp\/v2\/ville?post=15227042"},{"taxonomy":"periscope_lieu_tax","embeddable":true,"href":"https:\/\/myallmeeting.com\/fr\/wp-json\/wp\/v2\/periscope_lieu_tax?post=15227042"}],"curies":[{"name":"wp","href":"https:\/\/api.w.org\/{rel}","templated":true}]}}