{"id":15227041,"date":"2019-02-26T12:22:35","date_gmt":"2019-02-26T11:22:35","guid":{"rendered":"https:\/\/myallmeeting.com\/fr\/destination\/cote-basque-terre-de-caractere-pour-seminaire-exigeant\/"},"modified":"2024-12-10T11:14:49","modified_gmt":"2024-12-10T10:14:49","slug":"cote-basque-terre-de-caractere-pour-seminaire-exigeant","status":"publish","type":"desti","link":"https:\/\/myallmeeting.com\/fr\/destination\/cote-basque-terre-de-caractere-pour-seminaire-exigeant\/","title":{"rendered":"C\u00f4te Basque : terre de caract\u00e8re pour s\u00e9minaire exigeant"},"content":{"rendered":"<!-- START OF : Composant : block-periscope-theme-section-composant-25-texte-cta-2-images.php -->\n<div class=\"tcta2ia bg-white fs-wysiwyg mb-lg-12\" data-component=\"25-texte-cta-2-images\">\n\t<div class=\"tcta2ia__top\">\n\t\t<div class=\"container-fluid\" style=\"--bs-gutter-x: 0\">\n\t\t\t<div class=\"row\" style=\"--bs-gutter-x: 0\">\n\t\t\t\t<div class=\"col-lg-8\">\n\t\t\t\t\t\t\t\t\t\t<div class=\"bloc-mise-en-avant__top__left\">\n\t\t\t\t\t\t<img decoding=\"async\" src=\"https:\/\/myallmeeting.com\/wp-content\/uploads\/2019\/02\/aja_p_4666-80__original-1268x846.jpeg\" class=\"pe-2 pe-lg-0\" width=\"1268\" height=\"846\" alt=\"\" loading=\"lazy\" \/>\n\t\t\t\t\t<\/div>\n\t\t\t\t\t\t\t\t\t\t<div class=\"tcta2ia__bottom d-none d-lg-block pb-12 pt-lg-9 pb-lg-0 pe-lg-10\">\n\t\t\t\t\t\t\t\t\t\t\t\t<h2 class=\"fs-20 fs-lg-32 fw-semibold\">Des atouts attrayants<\/h2>\n\t\t\t\t\t\t\t\t\t\t\t\t\t\t\t\t\t\t<div class=\"fs-wysiwyg\"><p>La ville dispose d\u2019\u00e9quipements haut de gamme\u00a0avec ses h\u00f4tels et centres de thalasso, son casino et ses somptueux golfs, dont le plus ancien parcours du continent europ\u00e9en, cr\u00e9\u00e9 en 1888,\u00a0<em>Le Phare<\/em>.<\/p>\n<p>Ce cadre et ce niveau de services ont \u00e9galement permis \u00e0 Biarritz de se positionner comme l\u2019un des principaux centres de congr\u00e8s d\u2019Europe, accueillant chaque ann\u00e9e pr\u00e8s de 65 000 visiteurs.\u00a0La ville dispose de trois centres de congr\u00e8s en centre-ville,\u00a0un parc d\u2019exposition de 8 000 m\u00b2,\u00a0trois auditoriums jusqu\u2019\u00e0\u00a01 400 places et\u00a021 salles de sous-commission.<\/p>\n<\/div>\n\t\t\t\t\t\t\t\t\t\t\t\t<div class=\"d-flex flex-column flex-lg-row align-items-center gap-5 gap-lg-8 justify-content-between\">\n\t\t\t\t\t\t\t<div class=\"fs-20 fs-lg-26 fw-semibold lh-xs\"><\/div>\n\t\t\t\t\t\t\t\t\t\t\t\t\t<\/div>\n\t\t\t\t\t<\/div>\n\t\t\t\t<\/div>\n\t\t\t\t<div class=\"col-lg-4\">\n\t\t\t\t\t<div class=\"tcta2ia__top__right t-0 r-0 bg-primary text-white pt-4 pb-4 px-2 pt-lg-8 pb-lg-16 px-lg-11 pb-xl-30\">\n\t\t\t\t\t\t\t\t\t\t\t\t\t\t\t\t\t\t\t\t\t\t\t\t<h3 class=\"text-white fs-18 fs-lg-20 fs-xl-28 text-original-case\">Situ\u00e9 \u00e0 l\u2019extr\u00eame sud-ouest de l\u2019Hexagone, le Pays basque fran\u00e7ais s\u2019\u00e9tend au sud de l\u2019Adour entre c\u00f4te atlantique, Pyr\u00e9n\u00e9es et B\u00e9arn<\/h3>\n\t\t\t\t\t\t\t\t\t\t\t\t\t\t\t\t\t\t<div class=\"fs-wysiwyg mb-4 fs-lg-16 fs-xl-20\"><p>Dans un cadre de carte postale, entre terre et mer, il regroupe les c\u00e9l\u00e8bres villes portuaires de Bayonne, Hendaye et Biarritz, l\u2019\u00e9l\u00e9gante \u00ab\u00a0plage des empereurs\u00a0\u00bb.<\/p>\n<p>Une r\u00e9gion \u00e0 la culture et aux coutumes tr\u00e8s ancr\u00e9es, qui offre un riche patrimoine et un climat tr\u00e8s doux toute l\u2019ann\u00e9e. Des atouts qui ont fait de la r\u00e9gion une zone tr\u00e8s attractive pour le tourisme baln\u00e9aire, particuli\u00e8rement d\u00e9velopp\u00e9e autour de Biarritz.<\/p>\n<\/div>\n\t\t\t\t\t\t\t\t\t\t\t\t\t\t\t\t\t\t\t\t\t\t\t\t<p class=\"m-0\"><img decoding=\"async\" src=\"https:\/\/myallmeeting.com\/wp-content\/uploads\/2019\/02\/aja_p_4026-32__original-633x398.jpeg\" class=\"position-relative l-0\" width=\"633\" height=\"398\" alt=\"\" loading=\"lazy\" \/><\/p>\n\t\t\t\t\t\t\t\t\t\t\t<\/div>\n\t\t\t\t<\/div>\n\t\t\t<\/div>\n\t\t<\/div>\n\t<\/div>\n\t<div class=\"tcta2ia__bottom d-lg-none pb-12 py-lg-9 pe-lg-10\">\n\t\t\t\t<div class=\"h2 fs-20 fs-lg-32 fw-semibold\">Des atouts attrayants<\/div>\n\t\t\t\t\t\t<div class=\"fs-wysiwyg\"><p>La ville dispose d\u2019\u00e9quipements haut de gamme\u00a0avec ses h\u00f4tels et centres de thalasso, son casino et ses somptueux golfs, dont le plus ancien parcours du continent europ\u00e9en, cr\u00e9\u00e9 en 1888,\u00a0<em>Le Phare<\/em>.<\/p>\n<p>Ce cadre et ce niveau de services ont \u00e9galement permis \u00e0 Biarritz de se positionner comme l\u2019un des principaux centres de congr\u00e8s d\u2019Europe, accueillant chaque ann\u00e9e pr\u00e8s de 65 000 visiteurs.\u00a0La ville dispose de trois centres de congr\u00e8s en centre-ville,\u00a0un parc d\u2019exposition de 8 000 m\u00b2,\u00a0trois auditoriums jusqu\u2019\u00e0\u00a01 400 places et\u00a021 salles de sous-commission.<\/p>\n<\/div>\n\t\t\t\t<div class=\"d-flex flex-column flex-lg-row align-items-center gap-5 gap-lg-8 justify-content-between\">\n\t\t\t<div class=\"fs-20 fs-lg-26 fw-semibold lh-xs\"><\/div>\n\t\t\t\t\t<\/div>\n\t<\/div>\n<\/div>\n<!-- END OF : Composant : block-periscope-theme-section-composant-25-texte-cta-2-images.php -->\n\n\n<!-- START OF : Composant : block-periscope-theme-section-composant-26-textes-slider-cta.php -->\n<div class=\"t3icta bg-white pb-12 mb-9 fs-wysiwyg\" data-component=\"26-textes-3-images-cta\">\n\t<div class=\"t3icta__top position-relative\">\n\t\t<div class=\"container-fluid\" style=\"--bs-gutter-x: 0\">\n\t\t\t<div class=\"row\" style=\"--bs-gutter-x: 0\">\n\t\t\t\t\t\t\t\t<div class=\"col-lg-6\">\n\t\t\t\t\t<div class=\"t3icta__slider\">\n\t\t\t\t\t\t<div class=\"splide\">\n\t\t\t\t\t\t\t<div class=\"splide__track\">\n\t\t\t\t\t\t\t\t<div class=\"splide__list\">\n\t\t\t\t\t\t\t\t\t\t\t\t\t\t\t\t\t\t\t<div class=\"splide__slide\">\n\t\t\t\t\t\t\t\t\t\t\t<img decoding=\"async\" src=\"https:\/\/myallmeeting.com\/wp-content\/uploads\/2019\/02\/aja_p_0785-21__original-953x600.jpeg\" width=\"953\" height=\"600\" alt=\"\" loading=\"lazy\" \/>\n\t\t\t\t\t\t\t\t\t\t<\/div>\n\t\t\t\t\t\t\t\t\t\t\t\t\t\t\t\t\t\n\t\t\t\t\t\t\t\t<\/div>\n\t\t\t\t\t\t\t<\/div>\n\t\t\t\t\t\t\t<div class=\"splide__arrows d-none d-lg-block\">\n\t\t\t\t\t\t\t\t<button class=\"splide__arrow splide__arrow--prev px-lg-3 py-lg-4 px-xl-4 py-xl-5 px-xxl-5 py-xxl-7 position-absolute l-0 bg-white border-0\">\n\t\t\t\t\t\t\t\t\t<svg width=\"14\" height=\"27\" aria-hidden=\"true\">\n\t\t\t\t\t\t\t\t\t\t<use xlink:href=\"https:\/\/myallmeeting.com\/wp-content\/themes\/accor\/assets\/images\/sprite.svg#slider-prev\"><\/use>\n\t\t\t\t\t\t\t\t\t<\/svg>\n\t\t\t\t\t\t\t\t<\/button>\n\t\t\t\t\t\t\t\t<button class=\"splide__arrow splide__arrow--next px-lg-3 py-lg-4 px-xl-4 py-xl-5 px-xxl-5 py-xxl-7 position-absolute r-0 bg-white border-0\">\n\t\t\t\t\t\t\t\t\t<svg width=\"14\" height=\"27\" aria-hidden=\"true\">\n\t\t\t\t\t\t\t\t\t\t<use xlink:href=\"https:\/\/myallmeeting.com\/wp-content\/themes\/accor\/assets\/images\/sprite.svg#slider-prev\"><\/use>\n\t\t\t\t\t\t\t\t\t<\/svg>\n\t\t\t\t\t\t\t\t<\/button>\n\t\t\t\t\t\t\t<\/div>\n\t\t\t\t\t\t<\/div>\n\t\t\t\t\t<\/div>\n\t\t\t\t<\/div>\n\t\t\t\t\t\t\t\t<div class=\"col-lg-6\">\n\t\t\t\t\t<div class=\"t3icta__top_right mb-lg-14 px-2 py-9 px-lg-11 py-lg-0\">\n\t\t\t\t\t\t\t\n\t\t\t\t\t\t<h2 class=\"fs-20 fs-lg-23 fs-xl-27 fs-xxl-30 fw-semibold\">Accessibilit\u00e9<\/h2>\n\t\t\t\t\t\t\t\t\t\t\t\t\t\n\t\t\t\t\t\t<div class=\"fs-wysiwyg\">\n\t\t\t\t\t\t\t<p>Pour rejoindre ce coin de paradis select, le c\u00e9l\u00e8bre lieu de vill\u00e9giature de Napol\u00e9on III et de son \u00e9pouse Eug\u00e9nie est \u00e0 seulement 1h de vol depuis Paris ou Bordeaux et 2h de Lyon<a href=\"https:\/\/myallmeeting.com\/destination\/paris-ecrin-de-lumiere-evenement-professionnel-inoubliable\/\"><\/a><a href=\"https:\/\/myallmeeting.com\/destination\/bordeaux-seminaire-entre-mer-vignes-ville\/\"><\/a><a href=\"https:\/\/myallmeeting.com\/destination\/lyon-carrefour-ideal-vos-evenements-dentreprises\/\"><\/a>. Outre les vols nationaux, l\u2019a\u00e9roport de Biarritz accueille les vols internationaux. La ville est \u00e9galement desservie par des lignes ferroviaires r\u00e9guli\u00e8res et de nombreuses liaisons autorouti\u00e8res.<\/p>\n\t\t\t\t\t\t<\/div>\n\t\t\t\t\t\t\t\t\t\t\t<\/div>\n\t\t\t\t<\/div>\n\t\t\t<\/div>\n\t\t<\/div>\n\t<\/div>\n\t<div class=\"t3icta__bottom bg-beige\">\n\t\t<div class=\"container-fluid\" style=\"--bs-gutter-x: 0\">\n\t\t\t<div class=\"row\" style=\"--bs-gutter-x: 0\">\n\t\t\t\t<div class=\"col-lg-5 offset-lg-1\">\n\t\t\t\t\t<div class=\"t3icta__bottom__left\">\n\t\t\t\t\t\t\t\t\t\t\t\t<img decoding=\"async\" src=\"https:\/\/myallmeeting.com\/wp-content\/uploads\/2019\/02\/aja_p_0994-78__original-633x398.jpeg\" class=\"w-100 d-lg-none\" width=\"633\" height=\"398\" alt=\"\" loading=\"lazy\" \/> <!-- Ce sont les 2 m\u00eames images : ID 0 -->\n\t\t\t\t\t\t\t\t\t\t\t\t<div class=\"px-2 py-9 px-lg-0 py-lg-0\">\n\t\t\t\t\t\t\t\t\n\t\t\t\t\t\t\t<h2 class=\"fs-20 fs-lg-23 fs-xl-27 fs-xxl-30 fw-semibold\">Le r\u00e9seau Accor sur la C\u00f4te basque<\/h2>\n\t\t\t\t\t\t\t\t\t\t\t\t\t\t\t\n\t\t\t\t\t\t\t<div class=\"fs-wysiwyg mb-lg-15\">\n\t\t\t\t\t\t\t\t<p>Pour accueillir votre prochain congr\u00e8s, s\u00e9minaire h\u00e9berg\u00e9 ou simple r\u00e9union d\u2019\u00e9quipe, le r\u00e9seau Accor vous propose une s\u00e9lection de dix adresses sp\u00e9cialis\u00e9es dans l\u2019organisation d\u2019\u00e9v\u00e9nements professionnels \u00e0 Biarritz et dans ses environs.<\/p>\n<p>Du Sofitel Biarritz Le Miramar Thalassa sea &amp; spa \u00e0 l\u2019ibis Styles, en passant par nos adresses Mercure, vous trouverez dans notre gamme d\u2019h\u00f4tels une solution pour tous vos \u00e9v\u00e9nements, quel que soit votre budget. Pour des raisons pratiques et de confort, nos h\u00f4tels sont id\u00e9alement situ\u00e9s dans chacune des villes tout en \u00e9tant proches des principales voies d\u2019acc\u00e8s.<\/p>\n\t\t\t\t\t\t\t<\/div>\n\t\t\t\t\t\t\t\t\t\t\t\t\t<\/div>\n\t\t\t\t\t\t\t\t\t\t\t\t<div class=\"t3icta__bottom__img1 d-none d-lg-block text-end ms-lg-auto\">\n\t\t\t\t\t\t\t<img decoding=\"async\" src=\"https:\/\/myallmeeting.com\/wp-content\/uploads\/2019\/02\/aja_p_0994-78__original-633x398.jpeg\" width=\"633\" height=\"398\" alt=\"\" loading=\"lazy\" \/> <!-- Ce sont les 2 m\u00eames images : ID 1 -->\n\t\t\t\t\t\t<\/div>\n\t\t\t\t\t\t\t\t\t\t\t<\/div>\n\t\t\t\t<\/div>\n\t\t\t\t<div class=\"col-lg-5\">\n\t\t\t\t\t<div class=\"ps-lg-10\">\n\t\t\t\t\t\t\t\t\t\t\t\t<img decoding=\"async\" src=\"https:\/\/myallmeeting.com\/wp-content\/uploads\/2019\/02\/aja_p_0994-77__original-633x398.jpeg\" class=\"t3icta__bottom__img0 position-relative d-none d-lg-block mb-15\" width=\"633\" height=\"398\" alt=\"\" loading=\"lazy\" \/> <!-- Ce sont les 2 m\u00eames images : ID 0 -->\n\t\t\t\t\t\t\t\t\t\t\t\t<div class=\"px-2 px-lg-0 mb-9\">\n\t\t\t\t\t\t\t\t\n\t\t\t\t\t\t\t<h2 class=\"fs-20 fs-lg-23 fs-xl-27 fs-xxl-30 fw-semibold\">Id\u00e9es d\u2019incentives <\/h2>\n\t\t\t\t\t\t\t\t\t\t\t\t\t\t\t\t\t\t\t\t\t<div class=\"fs-wysiwyg\">\n\t\t\t\t\t\t\t\t<p>Les possibilit\u00e9s d\u2019<em>incentives <\/em>et d\u2019activit\u00e9s de team building\u00a0y sont tr\u00e8s diverses et toutes vous permettront de d\u00e9couvrir l\u2019identit\u00e9 forte, les traditions et l\u2019art de vivre de ce terroir.<\/p>\n<p>Parmi celles-ci, vous pourrez par exemple partir \u00e0 la d\u00e9couverte des artisans, des producteurs, de la <strong>gastronomie basque<\/strong> et de toutes ses richesses\u00a0: les fromages de brebis, le c\u00e9l\u00e8bre piment d\u2019Espelette, le vin d\u2019Iroul\u00e9guy, le Patxaran (liqueur de prunelles sauvages), etc.<\/p>\n<p>Si vous avez plut\u00f4t le pied marin et appr\u00e9ciez les bons vins, vous pourrez profiter d\u2019une <strong>croisi\u00e8re \u0153nologique<\/strong> <strong>en voilier<\/strong> au large des c\u00f4tes.<\/p>\n<p>Et pour les plus sportifs, vous initier aux traditions sportives basques, dont la c\u00e9l\u00e8bre <strong>pelote basque<\/strong> et les jeux de force : <strong>soka tira<\/strong> (tir \u00e0 la corde), <strong>zaku Iasterketa<\/strong> (course de sac) et, pour les plus costauds, <strong>l\u2019ingude altxatzea<\/strong> (le lever d\u2019enclume). Tout un programme\u00a0!<\/p>\n\t\t\t\t\t\t\t<\/div>\n\t\t\t\t\t\t\t\t\t\t\t\t\t<\/div>\n\t\t\t\t\t\t\t\t\t\t\t\t<div class=\"t3icta__bottom__img1 d-lg-none mx-auto\">\n\t\t\t\t\t\t\t<img decoding=\"async\" src=\"https:\/\/myallmeeting.com\/wp-content\/uploads\/2019\/02\/aja_p_0994-77__original-633x398.jpeg\" width=\"633\" height=\"398\" alt=\"\" loading=\"lazy\" \/> <!-- Ce sont les 2 m\u00eames images : ID 1 -->\n\t\t\t\t\t\t<\/div>\n\t\t\t\t\t\t\t\t\t\t\t<\/div>\n\t\t\t\t<\/div>\n\t\t\t<\/div>\n\t\t<\/div>\n\t<\/div>\n\t<\/div>\n<!-- END OF : Composant : block-periscope-theme-section-composant-26-textes-slider-cta.php -->\n","protected":false},"excerpt":{"rendered":"<p>Venez d\u00e9couvrir les paysages de carte postale du Pays basque fran\u00e7ais, entre terre et mer<\/p>\n","protected":false},"featured_media":17044281,"menu_order":0,"template":"","ville":[],"periscope_lieu_tax":[],"class_list":["post-15227041","desti","type-desti","status-publish","has-post-thumbnail","hentry"],"acf":[],"yoast_head":"<title>C\u00f4te Basque : terre de caract\u00e8re pour s\u00e9minaire exigeant - Accor MyAllMeeting.com<\/title>\n<meta name=\"robots\" content=\"index, follow, max-snippet:-1, max-image-preview:large, max-video-preview:-1\" \/>\n<link rel=\"canonical\" href=\"https:\/\/myallmeeting.com\/fr\/wp-json\/wp\/v2\/desti\/15227041\" \/>\n<meta property=\"og:locale\" content=\"fr_FR\" \/>\n<meta property=\"og:type\" content=\"article\" \/>\n<meta property=\"og:title\" content=\"C\u00f4te Basque : terre de caract\u00e8re pour s\u00e9minaire exigeant - Accor MyAllMeeting.com\" \/>\n<meta property=\"og:description\" content=\"Venez d\u00e9couvrir les paysages de carte postale du Pays basque fran\u00e7ais, entre terre et mer\" \/>\n<meta property=\"og:url\" content=\"https:\/\/myallmeeting.com\/fr\/destination\/cote-basque-terre-de-caractere-pour-seminaire-exigeant\/\" \/>\n<meta property=\"og:site_name\" content=\"Accor MyAllMeeting.com\" \/>\n<meta property=\"article:modified_time\" content=\"2024-12-10T10:14:49+00:00\" \/>\n<meta property=\"og:image\" content=\"http:\/\/myallmeeting.com\/wp-content\/uploads\/2019\/02\/MAM-baner-1920x570-2024-12-10T110452.969.png\" \/>\n\t<meta property=\"og:image:width\" content=\"1920\" \/>\n\t<meta property=\"og:image:height\" content=\"570\" \/>\n\t<meta property=\"og:image:type\" content=\"image\/png\" \/>\n<meta name=\"twitter:card\" content=\"summary_large_image\" \/>\n<meta name=\"twitter:label1\" content=\"Dur\u00e9e de lecture estim\u00e9e\" \/>\n\t<meta name=\"twitter:data1\" content=\"4 minutes\" \/>\n<script type=\"application\/ld+json\" class=\"yoast-schema-graph\">{\"@context\":\"https:\/\/schema.org\",\"@graph\":[{\"@type\":\"WebPage\",\"@id\":\"https:\/\/myallmeeting.com\/fr\/destination\/cote-basque-terre-de-caractere-pour-seminaire-exigeant\/\",\"url\":\"https:\/\/myallmeeting.com\/fr\/destination\/cote-basque-terre-de-caractere-pour-seminaire-exigeant\/\",\"name\":\"C\u00f4te Basque : terre de caract\u00e8re pour s\u00e9minaire exigeant - Accor MyAllMeeting.com\",\"isPartOf\":{\"@id\":\"https:\/\/www.myallmeeting.com\/fr\/#website\"},\"primaryImageOfPage\":{\"@id\":\"https:\/\/myallmeeting.com\/fr\/destination\/cote-basque-terre-de-caractere-pour-seminaire-exigeant\/#primaryimage\"},\"image\":{\"@id\":\"https:\/\/myallmeeting.com\/fr\/destination\/cote-basque-terre-de-caractere-pour-seminaire-exigeant\/#primaryimage\"},\"thumbnailUrl\":\"https:\/\/myallmeeting.com\/wp-content\/uploads\/2019\/02\/MAM-baner-1920x570-2024-12-10T110452.969.png\",\"datePublished\":\"2019-02-26T11:22:35+00:00\",\"dateModified\":\"2024-12-10T10:14:49+00:00\",\"breadcrumb\":{\"@id\":\"https:\/\/myallmeeting.com\/fr\/destination\/cote-basque-terre-de-caractere-pour-seminaire-exigeant\/#breadcrumb\"},\"inLanguage\":\"fr-FR\",\"potentialAction\":[{\"@type\":\"ReadAction\",\"target\":[\"https:\/\/myallmeeting.com\/fr\/destination\/cote-basque-terre-de-caractere-pour-seminaire-exigeant\/\"]}]},{\"@type\":\"ImageObject\",\"inLanguage\":\"fr-FR\",\"@id\":\"https:\/\/myallmeeting.com\/fr\/destination\/cote-basque-terre-de-caractere-pour-seminaire-exigeant\/#primaryimage\",\"url\":\"https:\/\/myallmeeting.com\/wp-content\/uploads\/2019\/02\/MAM-baner-1920x570-2024-12-10T110452.969.png\",\"contentUrl\":\"https:\/\/myallmeeting.com\/wp-content\/uploads\/2019\/02\/MAM-baner-1920x570-2024-12-10T110452.969.png\",\"width\":1920,\"height\":570},{\"@type\":\"BreadcrumbList\",\"@id\":\"https:\/\/myallmeeting.com\/fr\/destination\/cote-basque-terre-de-caractere-pour-seminaire-exigeant\/#breadcrumb\",\"itemListElement\":[{\"@type\":\"ListItem\",\"position\":1,\"name\":\"Accueil\",\"item\":\"https:\/\/myallmeeting.com\/fr\/\"},{\"@type\":\"ListItem\",\"position\":2,\"name\":\"Destination\",\"item\":\"https:\/\/myallmeeting.com\/fr\/destination\/\"},{\"@type\":\"ListItem\",\"position\":3,\"name\":\"C\u00f4te Basque : terre de caract\u00e8re pour s\u00e9minaire exigeant\"}]},{\"@type\":\"WebSite\",\"@id\":\"https:\/\/www.myallmeeting.com\/fr\/#website\",\"url\":\"https:\/\/www.myallmeeting.com\/fr\/\",\"name\":\"Accor MyAllMeeting.com\",\"description\":\"Les Meilleurs lieux pour vos Ev\u00e9nements Professionnels\",\"publisher\":{\"@id\":\"https:\/\/www.myallmeeting.com\/fr\/#organization\"},\"potentialAction\":[{\"@type\":\"SearchAction\",\"target\":{\"@type\":\"EntryPoint\",\"urlTemplate\":\"https:\/\/www.myallmeeting.com\/fr\/?s={search_term_string}\"},\"query-input\":{\"@type\":\"PropertyValueSpecification\",\"valueRequired\":true,\"valueName\":\"search_term_string\"}}],\"inLanguage\":\"fr-FR\"},{\"@type\":\"Organization\",\"@id\":\"https:\/\/www.myallmeeting.com\/fr\/#organization\",\"name\":\"ACCOR\",\"url\":\"https:\/\/www.myallmeeting.com\/fr\/\",\"logo\":{\"@type\":\"ImageObject\",\"inLanguage\":\"fr-FR\",\"@id\":\"https:\/\/www.myallmeeting.com\/fr\/#\/schema\/logo\/image\/\",\"url\":\"\",\"contentUrl\":\"\",\"caption\":\"ACCOR\"},\"image\":{\"@id\":\"https:\/\/www.myallmeeting.com\/fr\/#\/schema\/logo\/image\/\"}}]}<\/script>","yoast_head_json":{"title":"C\u00f4te Basque : terre de caract\u00e8re pour s\u00e9minaire exigeant - Accor MyAllMeeting.com","robots":{"index":"index","follow":"follow","max-snippet":"max-snippet:-1","max-image-preview":"max-image-preview:large","max-video-preview":"max-video-preview:-1"},"canonical":"https:\/\/myallmeeting.com\/fr\/wp-json\/wp\/v2\/desti\/15227041","og_locale":"fr_FR","og_type":"article","og_title":"C\u00f4te Basque : terre de caract\u00e8re pour s\u00e9minaire exigeant - Accor MyAllMeeting.com","og_description":"Venez d\u00e9couvrir les paysages de carte postale du Pays basque fran\u00e7ais, entre terre et mer","og_url":"https:\/\/myallmeeting.com\/fr\/destination\/cote-basque-terre-de-caractere-pour-seminaire-exigeant\/","og_site_name":"Accor MyAllMeeting.com","article_modified_time":"2024-12-10T10:14:49+00:00","og_image":[{"width":1920,"height":570,"url":"http:\/\/myallmeeting.com\/wp-content\/uploads\/2019\/02\/MAM-baner-1920x570-2024-12-10T110452.969.png","type":"image\/png"}],"twitter_card":"summary_large_image","twitter_misc":{"Dur\u00e9e de lecture estim\u00e9e":"4 minutes"},"schema":{"@context":"https:\/\/schema.org","@graph":[{"@type":"WebPage","@id":"https:\/\/myallmeeting.com\/fr\/destination\/cote-basque-terre-de-caractere-pour-seminaire-exigeant\/","url":"https:\/\/myallmeeting.com\/fr\/destination\/cote-basque-terre-de-caractere-pour-seminaire-exigeant\/","name":"C\u00f4te Basque : terre de caract\u00e8re pour s\u00e9minaire exigeant - Accor MyAllMeeting.com","isPartOf":{"@id":"https:\/\/www.myallmeeting.com\/fr\/#website"},"primaryImageOfPage":{"@id":"https:\/\/myallmeeting.com\/fr\/destination\/cote-basque-terre-de-caractere-pour-seminaire-exigeant\/#primaryimage"},"image":{"@id":"https:\/\/myallmeeting.com\/fr\/destination\/cote-basque-terre-de-caractere-pour-seminaire-exigeant\/#primaryimage"},"thumbnailUrl":"https:\/\/myallmeeting.com\/wp-content\/uploads\/2019\/02\/MAM-baner-1920x570-2024-12-10T110452.969.png","datePublished":"2019-02-26T11:22:35+00:00","dateModified":"2024-12-10T10:14:49+00:00","breadcrumb":{"@id":"https:\/\/myallmeeting.com\/fr\/destination\/cote-basque-terre-de-caractere-pour-seminaire-exigeant\/#breadcrumb"},"inLanguage":"fr-FR","potentialAction":[{"@type":"ReadAction","target":["https:\/\/myallmeeting.com\/fr\/destination\/cote-basque-terre-de-caractere-pour-seminaire-exigeant\/"]}]},{"@type":"ImageObject","inLanguage":"fr-FR","@id":"https:\/\/myallmeeting.com\/fr\/destination\/cote-basque-terre-de-caractere-pour-seminaire-exigeant\/#primaryimage","url":"https:\/\/myallmeeting.com\/wp-content\/uploads\/2019\/02\/MAM-baner-1920x570-2024-12-10T110452.969.png","contentUrl":"https:\/\/myallmeeting.com\/wp-content\/uploads\/2019\/02\/MAM-baner-1920x570-2024-12-10T110452.969.png","width":1920,"height":570},{"@type":"BreadcrumbList","@id":"https:\/\/myallmeeting.com\/fr\/destination\/cote-basque-terre-de-caractere-pour-seminaire-exigeant\/#breadcrumb","itemListElement":[{"@type":"ListItem","position":1,"name":"Accueil","item":"https:\/\/myallmeeting.com\/fr\/"},{"@type":"ListItem","position":2,"name":"Destination","item":"https:\/\/myallmeeting.com\/fr\/destination\/"},{"@type":"ListItem","position":3,"name":"C\u00f4te Basque : terre de caract\u00e8re pour s\u00e9minaire exigeant"}]},{"@type":"WebSite","@id":"https:\/\/www.myallmeeting.com\/fr\/#website","url":"https:\/\/www.myallmeeting.com\/fr\/","name":"Accor MyAllMeeting.com","description":"Les Meilleurs lieux pour vos Ev\u00e9nements Professionnels","publisher":{"@id":"https:\/\/www.myallmeeting.com\/fr\/#organization"},"potentialAction":[{"@type":"SearchAction","target":{"@type":"EntryPoint","urlTemplate":"https:\/\/www.myallmeeting.com\/fr\/?s={search_term_string}"},"query-input":{"@type":"PropertyValueSpecification","valueRequired":true,"valueName":"search_term_string"}}],"inLanguage":"fr-FR"},{"@type":"Organization","@id":"https:\/\/www.myallmeeting.com\/fr\/#organization","name":"ACCOR","url":"https:\/\/www.myallmeeting.com\/fr\/","logo":{"@type":"ImageObject","inLanguage":"fr-FR","@id":"https:\/\/www.myallmeeting.com\/fr\/#\/schema\/logo\/image\/","url":"","contentUrl":"","caption":"ACCOR"},"image":{"@id":"https:\/\/www.myallmeeting.com\/fr\/#\/schema\/logo\/image\/"}}]}},"_links":{"self":[{"href":"https:\/\/myallmeeting.com\/fr\/wp-json\/wp\/v2\/desti\/15227041","targetHints":{"allow":["GET"]}}],"collection":[{"href":"https:\/\/myallmeeting.com\/fr\/wp-json\/wp\/v2\/desti"}],"about":[{"href":"https:\/\/myallmeeting.com\/fr\/wp-json\/wp\/v2\/types\/desti"}],"wp:featuredmedia":[{"embeddable":true,"href":"https:\/\/myallmeeting.com\/fr\/wp-json\/wp\/v2\/media\/17044281"}],"wp:attachment":[{"href":"https:\/\/myallmeeting.com\/fr\/wp-json\/wp\/v2\/media?parent=15227041"}],"wp:term":[{"taxonomy":"ville","embeddable":true,"href":"https:\/\/myallmeeting.com\/fr\/wp-json\/wp\/v2\/ville?post=15227041"},{"taxonomy":"periscope_lieu_tax","embeddable":true,"href":"https:\/\/myallmeeting.com\/fr\/wp-json\/wp\/v2\/periscope_lieu_tax?post=15227041"}],"curies":[{"name":"wp","href":"https:\/\/api.w.org\/{rel}","templated":true}]}}