{"id":15227040,"date":"2019-04-04T10:50:13","date_gmt":"2019-04-04T08:50:13","guid":{"rendered":"https:\/\/myallmeeting.com\/fr\/destination\/cannes-un-festival-pour-votre-prochain-seminaire\/"},"modified":"2024-12-13T14:36:14","modified_gmt":"2024-12-13T13:36:14","slug":"cannes-un-festival-pour-votre-prochain-seminaire","status":"publish","type":"desti","link":"https:\/\/myallmeeting.com\/fr\/destination\/cannes-un-festival-pour-votre-prochain-seminaire\/","title":{"rendered":"Cannes, un festival pour votre prochain s\u00e9minaire !"},"content":{"rendered":"<!-- START OF : Composant : block-periscope-theme-section-composant-25-texte-cta-2-images.php -->\n<div class=\"tcta2ia bg-white fs-wysiwyg mb-lg-12\" data-component=\"25-texte-cta-2-images\">\n\t<div class=\"tcta2ia__top\">\n\t\t<div class=\"container-fluid\" style=\"--bs-gutter-x: 0\">\n\t\t\t<div class=\"row\" style=\"--bs-gutter-x: 0\">\n\t\t\t\t<div class=\"col-lg-8\">\n\t\t\t\t\t\t\t\t\t\t<div class=\"bloc-mise-en-avant__top__left\">\n\t\t\t\t\t\t<img decoding=\"async\" src=\"https:\/\/myallmeeting.com\/wp-content\/uploads\/2019\/04\/aja_p_6124-04__original-1268x846.jpeg\" class=\"pe-2 pe-lg-0\" width=\"1268\" height=\"846\" alt=\"\" loading=\"lazy\" \/>\n\t\t\t\t\t<\/div>\n\t\t\t\t\t\t\t\t\t\t<div class=\"tcta2ia__bottom d-none d-lg-block pb-12 pt-lg-9 pb-lg-0 pe-lg-10\">\n\t\t\t\t\t\t\t\t\t\t\t\t<h2 class=\"fs-20 fs-lg-32 fw-semibold\">Le Palais des Festivals<\/h2>\n\t\t\t\t\t\t\t\t\t\t\t\t\t\t\t\t\t\t<div class=\"fs-wysiwyg\"><p>Pour accueillir ces grands rendez-vous, le magnifique Palais des Festivals, situ\u00e9 en centre-ville et premier centre de congr\u00e8s europ\u00e9en \u00e0 \u00eatre triplement certifi\u00e9 Qualit\u00e9 &#8211; S\u00e9curit\u00e9-Sant\u00e9 et Environnement &#8211; offre un \u00e9crin exceptionnel. \u00c0 cet atout majeur s\u2019ajoute un parc h\u00f4telier de plus de 8 000 chambres et plus de 500 restaurants, qui font de Cannes un centre incontournable pour recevoir ses visiteurs dans un environnement magique.<\/p>\n<\/div>\n\t\t\t\t\t\t\t\t\t\t\t\t<div class=\"d-flex flex-column flex-lg-row align-items-center gap-5 gap-lg-8 justify-content-between\">\n\t\t\t\t\t\t\t<div class=\"fs-20 fs-lg-26 fw-semibold lh-xs\"><\/div>\n\t\t\t\t\t\t\t\t\t\t\t\t\t<\/div>\n\t\t\t\t\t<\/div>\n\t\t\t\t<\/div>\n\t\t\t\t<div class=\"col-lg-4\">\n\t\t\t\t\t<div class=\"tcta2ia__top__right t-0 r-0 bg-primary text-white pt-4 pb-4 px-2 pt-lg-8 pb-lg-16 px-lg-11 pb-xl-30\">\n\t\t\t\t\t\t\t\t\t\t\t\t\t\t\t\t\t\t<h2 class=\"unna fs-36 fs-lg-51 fs-xl-75 fs-italic fw-normal text-secondary\">Cannes, un festival pour votre prochain s\u00e9minaire !<\/h2>\n\t\t\t\t\t\t\t\t\t\t\t\t\t\t\t\t\t\t<h3 class=\"text-white fs-18 fs-lg-20 fs-xl-28 text-original-case\">D\u00e9roulez le tapis rouge \u00e0 vos collaborateurs \u00e0 l&#039;occasion de votre \u00e9v\u00e8nement professionnel<\/h3>\n\t\t\t\t\t\t\t\t\t\t\t\t\t\t\t\t\t\t<div class=\"fs-wysiwyg mb-4 fs-lg-16 fs-xl-20\"><p>La baie de Cannes et ses plages de sable fin, les \u00eeles de L\u00e9rins avec leur fort royal, les palaces de la Croisette et les demeures h\u00e9rit\u00e9es du temps o\u00f9 les familles royales \u00e9lisaient l\u00e0 leur quartier d\u2019hiver\u2026 Cannes, village mondial,\u00a0est une destination mythique dans un cadre de carte postale parfaitement adapt\u00e9e \u00e0 l\u2019organisation d\u2019\u00e9v\u00e8nements nationaux et internationaux. La ville accueille chaque ann\u00e9e plus de 300 000 professionnels autour d\u2019une cinquantaine de grandes manifestations.<\/p>\n<\/div>\n\t\t\t\t\t\t\t\t\t\t\t\t\t\t\t\t\t\t\t\t\t\t\t\t<p class=\"m-0\"><img decoding=\"async\" src=\"https:\/\/myallmeeting.com\/wp-content\/uploads\/2019\/04\/aja_p_6124-03__original-633x398.jpeg\" class=\"position-relative l-0\" width=\"633\" height=\"398\" alt=\"\" loading=\"lazy\" \/><\/p>\n\t\t\t\t\t\t\t\t\t\t\t<\/div>\n\t\t\t\t<\/div>\n\t\t\t<\/div>\n\t\t<\/div>\n\t<\/div>\n\t<div class=\"tcta2ia__bottom d-lg-none pb-12 py-lg-9 pe-lg-10\">\n\t\t\t\t<div class=\"h2 fs-20 fs-lg-32 fw-semibold\">Le Palais des Festivals<\/div>\n\t\t\t\t\t\t<div class=\"fs-wysiwyg\"><p>Pour accueillir ces grands rendez-vous, le magnifique Palais des Festivals, situ\u00e9 en centre-ville et premier centre de congr\u00e8s europ\u00e9en \u00e0 \u00eatre triplement certifi\u00e9 Qualit\u00e9 &#8211; S\u00e9curit\u00e9-Sant\u00e9 et Environnement &#8211; offre un \u00e9crin exceptionnel. \u00c0 cet atout majeur s\u2019ajoute un parc h\u00f4telier de plus de 8 000 chambres et plus de 500 restaurants, qui font de Cannes un centre incontournable pour recevoir ses visiteurs dans un environnement magique.<\/p>\n<\/div>\n\t\t\t\t<div class=\"d-flex flex-column flex-lg-row align-items-center gap-5 gap-lg-8 justify-content-between\">\n\t\t\t<div class=\"fs-20 fs-lg-26 fw-semibold lh-xs\"><\/div>\n\t\t\t\t\t<\/div>\n\t<\/div>\n<\/div>\n<!-- END OF : Composant : block-periscope-theme-section-composant-25-texte-cta-2-images.php -->\n\n\n<!-- START OF : Composant : block-periscope-theme-section-composant-26-textes-slider-cta.php -->\n<div class=\"t3icta bg-white pb-12 mb-9 fs-wysiwyg\" data-component=\"26-textes-3-images-cta\">\n\t<div class=\"t3icta__top position-relative\">\n\t\t<div class=\"container-fluid\" style=\"--bs-gutter-x: 0\">\n\t\t\t<div class=\"row\" style=\"--bs-gutter-x: 0\">\n\t\t\t\t\t\t\t\t<div class=\"col-lg-6\">\n\t\t\t\t\t<div class=\"t3icta__slider\">\n\t\t\t\t\t\t<div class=\"splide\">\n\t\t\t\t\t\t\t<div class=\"splide__track\">\n\t\t\t\t\t\t\t\t<div class=\"splide__list\">\n\t\t\t\t\t\t\t\t\t\t\t\t\t\t\t\t\t\t\t<div class=\"splide__slide\">\n\t\t\t\t\t\t\t\t\t\t\t<img decoding=\"async\" src=\"https:\/\/myallmeeting.com\/wp-content\/uploads\/2019\/04\/aja_p_6175-25__original-953x600.jpeg\" width=\"953\" height=\"600\" alt=\"\" loading=\"lazy\" \/>\n\t\t\t\t\t\t\t\t\t\t<\/div>\n\t\t\t\t\t\t\t\t\t\t\t\t\t\t\t\t\t\n\t\t\t\t\t\t\t\t<\/div>\n\t\t\t\t\t\t\t<\/div>\n\t\t\t\t\t\t\t<div class=\"splide__arrows d-none d-lg-block\">\n\t\t\t\t\t\t\t\t<button class=\"splide__arrow splide__arrow--prev px-lg-3 py-lg-4 px-xl-4 py-xl-5 px-xxl-5 py-xxl-7 position-absolute l-0 bg-white border-0\">\n\t\t\t\t\t\t\t\t\t<svg width=\"14\" height=\"27\" aria-hidden=\"true\">\n\t\t\t\t\t\t\t\t\t\t<use xlink:href=\"https:\/\/myallmeeting.com\/wp-content\/themes\/accor\/assets\/images\/sprite.svg#slider-prev\"><\/use>\n\t\t\t\t\t\t\t\t\t<\/svg>\n\t\t\t\t\t\t\t\t<\/button>\n\t\t\t\t\t\t\t\t<button class=\"splide__arrow splide__arrow--next px-lg-3 py-lg-4 px-xl-4 py-xl-5 px-xxl-5 py-xxl-7 position-absolute r-0 bg-white border-0\">\n\t\t\t\t\t\t\t\t\t<svg width=\"14\" height=\"27\" aria-hidden=\"true\">\n\t\t\t\t\t\t\t\t\t\t<use xlink:href=\"https:\/\/myallmeeting.com\/wp-content\/themes\/accor\/assets\/images\/sprite.svg#slider-prev\"><\/use>\n\t\t\t\t\t\t\t\t\t<\/svg>\n\t\t\t\t\t\t\t\t<\/button>\n\t\t\t\t\t\t\t<\/div>\n\t\t\t\t\t\t<\/div>\n\t\t\t\t\t<\/div>\n\t\t\t\t<\/div>\n\t\t\t\t\t\t\t\t<div class=\"col-lg-6\">\n\t\t\t\t\t<div class=\"t3icta__top_right mb-lg-14 px-2 py-9 px-lg-11 py-lg-0\">\n\t\t\t\t\t\t\t\n\t\t\t\t\t\t<h2 class=\"fs-20 fs-lg-23 fs-xl-27 fs-xxl-30 fw-semibold\">Accessibilit\u00e9<\/h2>\n\t\t\t\t\t\t\t\t\t\t\t\t\t\n\t\t\t\t\t\t<div class=\"fs-wysiwyg\">\n\t\t\t\t\t\t\t<p>Centre n\u00e9vralgique de la r\u00e9gion azur\u00e9enne, \u00e0 mi-chemin entre Monaco et Saint-Tropez, Cannes profite d\u2019une situation g\u00e9ographique exceptionnelle o\u00f9 l\u2019on peut allier dans une m\u00eame journ\u00e9e, mer, montagne (\u00e0 1 h 15 en voiture de la premi\u00e8re station de ski des Alpes du Sud) et campagne. Accessible par l\u2019autoroute et le train, Cannes dispose \u00e9galement de l\u2019a\u00e9roport Cannes-Mandelieu, le 2<sup>e<\/sup> a\u00e9roport d\u2019affaires de France, situ\u00e9 \u00e0 seulement cinq minutes du centre-ville.<\/p>\n\t\t\t\t\t\t<\/div>\n\t\t\t\t\t\t\t\t\t\t\t<\/div>\n\t\t\t\t<\/div>\n\t\t\t<\/div>\n\t\t<\/div>\n\t<\/div>\n\t<div class=\"t3icta__bottom bg-beige\">\n\t\t<div class=\"container-fluid\" style=\"--bs-gutter-x: 0\">\n\t\t\t<div class=\"row\" style=\"--bs-gutter-x: 0\">\n\t\t\t\t<div class=\"col-lg-5 offset-lg-1\">\n\t\t\t\t\t<div class=\"t3icta__bottom__left\">\n\t\t\t\t\t\t\t\t\t\t\t\t<img decoding=\"async\" src=\"https:\/\/myallmeeting.com\/wp-content\/uploads\/2019\/04\/aja_p_6175-15__original-633x398.jpeg\" class=\"w-100 d-lg-none\" width=\"633\" height=\"398\" alt=\"\" loading=\"lazy\" \/> <!-- Ce sont les 2 m\u00eames images : ID 0 -->\n\t\t\t\t\t\t\t\t\t\t\t\t<div class=\"px-2 py-9 px-lg-0 py-lg-0\">\n\t\t\t\t\t\t\t\t\n\t\t\t\t\t\t\t<h2 class=\"fs-20 fs-lg-23 fs-xl-27 fs-xxl-30 fw-semibold\">Le r\u00e9seau Accor \u00e0 Cannes <\/h2>\n\t\t\t\t\t\t\t\t\t\t\t\t\t\t\t\n\t\t\t\t\t\t\t<div class=\"fs-wysiwyg mb-lg-15\">\n\t\t\t\t\t\t\t\t<p>Pour accueillir votre prochain congr\u00e8s, s\u00e9minaire h\u00e9berg\u00e9 ou simple r\u00e9union d\u2019\u00e9quipe, le r\u00e9seau Accor vous propose une s\u00e9lection de <strong>11 adresses<\/strong> sp\u00e9cialis\u00e9es dans l\u2019organisation d\u2019\u00e9v\u00e9nements professionnels \u00e0 Cannes et Mandelieu.<\/p>\n<p>Du Pullman Cannes Mandelieu Royal Casino en bord de mer, \u00e0 l\u2019ibis Styles, en passant par l\u2019H\u00f4tel Croisette Beach Cannes MGallery et nos adresses Novotel et Mercure, vous trouverez dans notre gamme d\u2019h\u00f4tels une solution pour tous vos \u00e9v\u00e9nements, quel que soit votre budget.<\/p>\n\t\t\t\t\t\t\t<\/div>\n\t\t\t\t\t\t\t\t\t\t\t\t\t<\/div>\n\t\t\t\t\t\t\t\t\t\t\t\t<div class=\"t3icta__bottom__img1 d-none d-lg-block text-end ms-lg-auto\">\n\t\t\t\t\t\t\t<img decoding=\"async\" src=\"https:\/\/myallmeeting.com\/wp-content\/uploads\/2019\/04\/aja_p_6175-15__original-633x398.jpeg\" width=\"633\" height=\"398\" alt=\"\" loading=\"lazy\" \/> <!-- Ce sont les 2 m\u00eames images : ID 1 -->\n\t\t\t\t\t\t<\/div>\n\t\t\t\t\t\t\t\t\t\t\t<\/div>\n\t\t\t\t<\/div>\n\t\t\t\t<div class=\"col-lg-5\">\n\t\t\t\t\t<div class=\"ps-lg-10\">\n\t\t\t\t\t\t\t\t\t\t\t\t<img decoding=\"async\" src=\"https:\/\/myallmeeting.com\/wp-content\/uploads\/2019\/04\/aja_p_6837-45__original-633x398.jpeg\" class=\"t3icta__bottom__img0 position-relative d-none d-lg-block mb-15\" width=\"633\" height=\"398\" alt=\"\" loading=\"lazy\" \/> <!-- Ce sont les 2 m\u00eames images : ID 0 -->\n\t\t\t\t\t\t\t\t\t\t\t\t<div class=\"px-2 px-lg-0 mb-9\">\n\t\t\t\t\t\t\t\t\n\t\t\t\t\t\t\t<h2 class=\"fs-20 fs-lg-23 fs-xl-27 fs-xxl-30 fw-semibold\">Id\u00e9es d\u2019incentives<\/h2>\n\t\t\t\t\t\t\t\t\t\t\t\t\t\t\t\t\t\t\t\t\t<div class=\"fs-wysiwyg\">\n\t\t\t\t\t\t\t\t<p>Impossible de se rendre \u00e0 Cannes sans faire une escale sur la magnifique \u00eele Sainte-Marguerite. Un site exceptionnel \u00e0 seulement 15 minutes de bateau o\u00f9 se conjuguent nature, culture et d\u00e9tente. \u00c0 peine d\u00e9barqu\u00e9, vous serez saisi par les senteurs de pins et d\u2019eucalyptus et par la pl\u00e9nitude de ce lieu aux multiples activit\u00e9s\u00a0: son mus\u00e9e de la Mer, le Fort, ou encore ses d\u00e9licieux restaurants les pieds dans l\u2019eau\u2026<\/p>\n<p>Si vous n\u2019avez pas le pied marin, vous pouvez \u00e9galement r\u00e9aliser un rallye \u00e0 bord de Combis Volkswagen. Une mani\u00e8re sympathique de d\u00e9couvrir la C\u00f4te d\u2019Azur en passant par Cannes, Antibes, Valbonne, Auribeau Village et Mandelieu-La Napoule o\u00f9 vous pouvez faire une halte dans notre magnifique Pullman pour d\u00e9guster un d\u00e9licieux cocktail face \u00e0 la mer.<\/p>\n<p>Et si vous avez plut\u00f4t la main verte et l\u2019esprit \u00e9colo, pourquoi ne pas essayer un team building vert\u00a0! L\u2019animation se divise en une course d\u2019orientation suivie d\u2019un \u00e9co-atelier du type\u00a0 \u201cinventer un slogan sur le d\u00e9veloppement durable\u201d, \u201ccourse de trottinettes \u00e9lectriques\u201d ou encore \u201cconstruire une centrale hydro\u00e9lectrique, une \u00e9olienne ou une pompe \u00e0 eau\u201d. Une bonne occasion de m\u00ealer comp\u00e9tences professionnelles et coh\u00e9sion d\u2019\u00e9quipe.<\/p>\n\t\t\t\t\t\t\t<\/div>\n\t\t\t\t\t\t\t\t\t\t\t\t\t<\/div>\n\t\t\t\t\t\t\t\t\t\t\t\t<div class=\"t3icta__bottom__img1 d-lg-none mx-auto\">\n\t\t\t\t\t\t\t<img decoding=\"async\" src=\"https:\/\/myallmeeting.com\/wp-content\/uploads\/2019\/04\/aja_p_6837-45__original-633x398.jpeg\" width=\"633\" height=\"398\" alt=\"\" loading=\"lazy\" \/> <!-- Ce sont les 2 m\u00eames images : ID 1 -->\n\t\t\t\t\t\t<\/div>\n\t\t\t\t\t\t\t\t\t\t\t<\/div>\n\t\t\t\t<\/div>\n\t\t\t<\/div>\n\t\t<\/div>\n\t<\/div>\n\t<\/div>\n<!-- END OF : Composant : block-periscope-theme-section-composant-26-textes-slider-cta.php -->\n","protected":false},"excerpt":{"rendered":"<p>D\u00e9roulez le tapis rouge \u00e0 vos collaborateurs \u00e0 l&rsquo;occasion de votre \u00e9v\u00e8nement professionnel<\/p>\n","protected":false},"featured_media":17138419,"menu_order":0,"template":"","ville":[],"periscope_lieu_tax":[],"class_list":["post-15227040","desti","type-desti","status-publish","has-post-thumbnail","hentry"],"acf":[],"yoast_head":"<title>Cannes, un festival pour votre prochain s\u00e9minaire ! - Accor MyAllMeeting.com<\/title>\n<meta name=\"robots\" content=\"index, follow, max-snippet:-1, max-image-preview:large, max-video-preview:-1\" \/>\n<link rel=\"canonical\" href=\"https:\/\/myallmeeting.com\/fr\/wp-json\/wp\/v2\/desti\/15227040\" \/>\n<meta property=\"og:locale\" content=\"fr_FR\" \/>\n<meta property=\"og:type\" content=\"article\" \/>\n<meta property=\"og:title\" content=\"Cannes, un festival pour votre prochain s\u00e9minaire ! - Accor MyAllMeeting.com\" \/>\n<meta property=\"og:description\" content=\"D\u00e9roulez le tapis rouge \u00e0 vos collaborateurs \u00e0 l&#039;occasion de votre \u00e9v\u00e8nement professionnel\" \/>\n<meta property=\"og:url\" content=\"https:\/\/myallmeeting.com\/fr\/destination\/cannes-un-festival-pour-votre-prochain-seminaire\/\" \/>\n<meta property=\"og:site_name\" content=\"Accor MyAllMeeting.com\" \/>\n<meta property=\"article:modified_time\" content=\"2024-12-13T13:36:14+00:00\" \/>\n<meta property=\"og:image\" content=\"http:\/\/myallmeeting.com\/wp-content\/uploads\/2019\/04\/MAM-baner-1920x570-2024-12-13T142837.646-1024x304.png\" \/>\n\t<meta property=\"og:image:width\" content=\"1024\" \/>\n\t<meta property=\"og:image:height\" content=\"304\" \/>\n\t<meta property=\"og:image:type\" content=\"image\/png\" \/>\n<meta name=\"twitter:card\" content=\"summary_large_image\" \/>\n<meta name=\"twitter:label1\" content=\"Dur\u00e9e de lecture estim\u00e9e\" \/>\n\t<meta name=\"twitter:data1\" content=\"4 minutes\" \/>\n<script type=\"application\/ld+json\" class=\"yoast-schema-graph\">{\"@context\":\"https:\/\/schema.org\",\"@graph\":[{\"@type\":\"WebPage\",\"@id\":\"https:\/\/myallmeeting.com\/fr\/destination\/cannes-un-festival-pour-votre-prochain-seminaire\/\",\"url\":\"https:\/\/myallmeeting.com\/fr\/destination\/cannes-un-festival-pour-votre-prochain-seminaire\/\",\"name\":\"Cannes, un festival pour votre prochain s\u00e9minaire ! - Accor MyAllMeeting.com\",\"isPartOf\":{\"@id\":\"https:\/\/www.myallmeeting.com\/fr\/#website\"},\"primaryImageOfPage\":{\"@id\":\"https:\/\/myallmeeting.com\/fr\/destination\/cannes-un-festival-pour-votre-prochain-seminaire\/#primaryimage\"},\"image\":{\"@id\":\"https:\/\/myallmeeting.com\/fr\/destination\/cannes-un-festival-pour-votre-prochain-seminaire\/#primaryimage\"},\"thumbnailUrl\":\"https:\/\/myallmeeting.com\/wp-content\/uploads\/2019\/04\/MAM-baner-1920x570-2024-12-13T142837.646.png\",\"datePublished\":\"2019-04-04T08:50:13+00:00\",\"dateModified\":\"2024-12-13T13:36:14+00:00\",\"breadcrumb\":{\"@id\":\"https:\/\/myallmeeting.com\/fr\/destination\/cannes-un-festival-pour-votre-prochain-seminaire\/#breadcrumb\"},\"inLanguage\":\"fr-FR\",\"potentialAction\":[{\"@type\":\"ReadAction\",\"target\":[\"https:\/\/myallmeeting.com\/fr\/destination\/cannes-un-festival-pour-votre-prochain-seminaire\/\"]}]},{\"@type\":\"ImageObject\",\"inLanguage\":\"fr-FR\",\"@id\":\"https:\/\/myallmeeting.com\/fr\/destination\/cannes-un-festival-pour-votre-prochain-seminaire\/#primaryimage\",\"url\":\"https:\/\/myallmeeting.com\/wp-content\/uploads\/2019\/04\/MAM-baner-1920x570-2024-12-13T142837.646.png\",\"contentUrl\":\"https:\/\/myallmeeting.com\/wp-content\/uploads\/2019\/04\/MAM-baner-1920x570-2024-12-13T142837.646.png\",\"width\":1920,\"height\":570},{\"@type\":\"BreadcrumbList\",\"@id\":\"https:\/\/myallmeeting.com\/fr\/destination\/cannes-un-festival-pour-votre-prochain-seminaire\/#breadcrumb\",\"itemListElement\":[{\"@type\":\"ListItem\",\"position\":1,\"name\":\"Accueil\",\"item\":\"https:\/\/myallmeeting.com\/fr\/\"},{\"@type\":\"ListItem\",\"position\":2,\"name\":\"Destination\",\"item\":\"https:\/\/myallmeeting.com\/fr\/destination\/\"},{\"@type\":\"ListItem\",\"position\":3,\"name\":\"Cannes, un festival pour votre prochain s\u00e9minaire !\"}]},{\"@type\":\"WebSite\",\"@id\":\"https:\/\/www.myallmeeting.com\/fr\/#website\",\"url\":\"https:\/\/www.myallmeeting.com\/fr\/\",\"name\":\"Accor MyAllMeeting.com\",\"description\":\"Les Meilleurs lieux pour vos Ev\u00e9nements Professionnels\",\"publisher\":{\"@id\":\"https:\/\/www.myallmeeting.com\/fr\/#organization\"},\"potentialAction\":[{\"@type\":\"SearchAction\",\"target\":{\"@type\":\"EntryPoint\",\"urlTemplate\":\"https:\/\/www.myallmeeting.com\/fr\/?s={search_term_string}\"},\"query-input\":{\"@type\":\"PropertyValueSpecification\",\"valueRequired\":true,\"valueName\":\"search_term_string\"}}],\"inLanguage\":\"fr-FR\"},{\"@type\":\"Organization\",\"@id\":\"https:\/\/www.myallmeeting.com\/fr\/#organization\",\"name\":\"ACCOR\",\"url\":\"https:\/\/www.myallmeeting.com\/fr\/\",\"logo\":{\"@type\":\"ImageObject\",\"inLanguage\":\"fr-FR\",\"@id\":\"https:\/\/www.myallmeeting.com\/fr\/#\/schema\/logo\/image\/\",\"url\":\"\",\"contentUrl\":\"\",\"caption\":\"ACCOR\"},\"image\":{\"@id\":\"https:\/\/www.myallmeeting.com\/fr\/#\/schema\/logo\/image\/\"}}]}<\/script>","yoast_head_json":{"title":"Cannes, un festival pour votre prochain s\u00e9minaire ! - Accor MyAllMeeting.com","robots":{"index":"index","follow":"follow","max-snippet":"max-snippet:-1","max-image-preview":"max-image-preview:large","max-video-preview":"max-video-preview:-1"},"canonical":"https:\/\/myallmeeting.com\/fr\/wp-json\/wp\/v2\/desti\/15227040","og_locale":"fr_FR","og_type":"article","og_title":"Cannes, un festival pour votre prochain s\u00e9minaire ! - Accor MyAllMeeting.com","og_description":"D\u00e9roulez le tapis rouge \u00e0 vos collaborateurs \u00e0 l'occasion de votre \u00e9v\u00e8nement professionnel","og_url":"https:\/\/myallmeeting.com\/fr\/destination\/cannes-un-festival-pour-votre-prochain-seminaire\/","og_site_name":"Accor MyAllMeeting.com","article_modified_time":"2024-12-13T13:36:14+00:00","og_image":[{"width":1024,"height":304,"url":"http:\/\/myallmeeting.com\/wp-content\/uploads\/2019\/04\/MAM-baner-1920x570-2024-12-13T142837.646-1024x304.png","type":"image\/png"}],"twitter_card":"summary_large_image","twitter_misc":{"Dur\u00e9e de lecture estim\u00e9e":"4 minutes"},"schema":{"@context":"https:\/\/schema.org","@graph":[{"@type":"WebPage","@id":"https:\/\/myallmeeting.com\/fr\/destination\/cannes-un-festival-pour-votre-prochain-seminaire\/","url":"https:\/\/myallmeeting.com\/fr\/destination\/cannes-un-festival-pour-votre-prochain-seminaire\/","name":"Cannes, un festival pour votre prochain s\u00e9minaire ! - Accor MyAllMeeting.com","isPartOf":{"@id":"https:\/\/www.myallmeeting.com\/fr\/#website"},"primaryImageOfPage":{"@id":"https:\/\/myallmeeting.com\/fr\/destination\/cannes-un-festival-pour-votre-prochain-seminaire\/#primaryimage"},"image":{"@id":"https:\/\/myallmeeting.com\/fr\/destination\/cannes-un-festival-pour-votre-prochain-seminaire\/#primaryimage"},"thumbnailUrl":"https:\/\/myallmeeting.com\/wp-content\/uploads\/2019\/04\/MAM-baner-1920x570-2024-12-13T142837.646.png","datePublished":"2019-04-04T08:50:13+00:00","dateModified":"2024-12-13T13:36:14+00:00","breadcrumb":{"@id":"https:\/\/myallmeeting.com\/fr\/destination\/cannes-un-festival-pour-votre-prochain-seminaire\/#breadcrumb"},"inLanguage":"fr-FR","potentialAction":[{"@type":"ReadAction","target":["https:\/\/myallmeeting.com\/fr\/destination\/cannes-un-festival-pour-votre-prochain-seminaire\/"]}]},{"@type":"ImageObject","inLanguage":"fr-FR","@id":"https:\/\/myallmeeting.com\/fr\/destination\/cannes-un-festival-pour-votre-prochain-seminaire\/#primaryimage","url":"https:\/\/myallmeeting.com\/wp-content\/uploads\/2019\/04\/MAM-baner-1920x570-2024-12-13T142837.646.png","contentUrl":"https:\/\/myallmeeting.com\/wp-content\/uploads\/2019\/04\/MAM-baner-1920x570-2024-12-13T142837.646.png","width":1920,"height":570},{"@type":"BreadcrumbList","@id":"https:\/\/myallmeeting.com\/fr\/destination\/cannes-un-festival-pour-votre-prochain-seminaire\/#breadcrumb","itemListElement":[{"@type":"ListItem","position":1,"name":"Accueil","item":"https:\/\/myallmeeting.com\/fr\/"},{"@type":"ListItem","position":2,"name":"Destination","item":"https:\/\/myallmeeting.com\/fr\/destination\/"},{"@type":"ListItem","position":3,"name":"Cannes, un festival pour votre prochain s\u00e9minaire !"}]},{"@type":"WebSite","@id":"https:\/\/www.myallmeeting.com\/fr\/#website","url":"https:\/\/www.myallmeeting.com\/fr\/","name":"Accor MyAllMeeting.com","description":"Les Meilleurs lieux pour vos Ev\u00e9nements Professionnels","publisher":{"@id":"https:\/\/www.myallmeeting.com\/fr\/#organization"},"potentialAction":[{"@type":"SearchAction","target":{"@type":"EntryPoint","urlTemplate":"https:\/\/www.myallmeeting.com\/fr\/?s={search_term_string}"},"query-input":{"@type":"PropertyValueSpecification","valueRequired":true,"valueName":"search_term_string"}}],"inLanguage":"fr-FR"},{"@type":"Organization","@id":"https:\/\/www.myallmeeting.com\/fr\/#organization","name":"ACCOR","url":"https:\/\/www.myallmeeting.com\/fr\/","logo":{"@type":"ImageObject","inLanguage":"fr-FR","@id":"https:\/\/www.myallmeeting.com\/fr\/#\/schema\/logo\/image\/","url":"","contentUrl":"","caption":"ACCOR"},"image":{"@id":"https:\/\/www.myallmeeting.com\/fr\/#\/schema\/logo\/image\/"}}]}},"_links":{"self":[{"href":"https:\/\/myallmeeting.com\/fr\/wp-json\/wp\/v2\/desti\/15227040","targetHints":{"allow":["GET"]}}],"collection":[{"href":"https:\/\/myallmeeting.com\/fr\/wp-json\/wp\/v2\/desti"}],"about":[{"href":"https:\/\/myallmeeting.com\/fr\/wp-json\/wp\/v2\/types\/desti"}],"wp:featuredmedia":[{"embeddable":true,"href":"https:\/\/myallmeeting.com\/fr\/wp-json\/wp\/v2\/media\/17138419"}],"wp:attachment":[{"href":"https:\/\/myallmeeting.com\/fr\/wp-json\/wp\/v2\/media?parent=15227040"}],"wp:term":[{"taxonomy":"ville","embeddable":true,"href":"https:\/\/myallmeeting.com\/fr\/wp-json\/wp\/v2\/ville?post=15227040"},{"taxonomy":"periscope_lieu_tax","embeddable":true,"href":"https:\/\/myallmeeting.com\/fr\/wp-json\/wp\/v2\/periscope_lieu_tax?post=15227040"}],"curies":[{"name":"wp","href":"https:\/\/api.w.org\/{rel}","templated":true}]}}