{"id":15227038,"date":"2019-05-29T11:49:05","date_gmt":"2019-05-29T09:49:05","guid":{"rendered":"https:\/\/myallmeeting.com\/fr\/destination\/nancy-cadre-art-nouveau-pour-seminaire-somptueux\/"},"modified":"2024-12-13T14:14:58","modified_gmt":"2024-12-13T13:14:58","slug":"nancy-cadre-art-nouveau-pour-seminaire-somptueux","status":"publish","type":"desti","link":"https:\/\/myallmeeting.com\/fr\/destination\/nancy-cadre-art-nouveau-pour-seminaire-somptueux\/","title":{"rendered":"Nancy : cadre Art nouveau pour s\u00e9minaire somptueux"},"content":{"rendered":"<!-- START OF : Composant : block-periscope-theme-section-composant-25-texte-cta-2-images.php -->\n<div class=\"tcta2ia bg-white fs-wysiwyg mb-lg-12\" data-component=\"25-texte-cta-2-images\">\n\t<div class=\"tcta2ia__top\">\n\t\t<div class=\"container-fluid\" style=\"--bs-gutter-x: 0\">\n\t\t\t<div class=\"row\" style=\"--bs-gutter-x: 0\">\n\t\t\t\t<div class=\"col-lg-8\">\n\t\t\t\t\t\t\t\t\t\t<div class=\"bloc-mise-en-avant__top__left\">\n\t\t\t\t\t\t<img decoding=\"async\" src=\"https:\/\/myallmeeting.com\/wp-content\/uploads\/2019\/05\/aja_p_4303-38__original-1268x846.jpeg\" class=\"pe-2 pe-lg-0\" width=\"1268\" height=\"846\" alt=\"\" loading=\"lazy\" \/>\n\t\t\t\t\t<\/div>\n\t\t\t\t\t\t\t\t\t\t<div class=\"tcta2ia__bottom d-none d-lg-block pb-12 pt-lg-9 pb-lg-0 pe-lg-10\">\n\t\t\t\t\t\t\t\t\t\t\t\t<h2 class=\"fs-20 fs-lg-32 fw-semibold\">Deuxi\u00e8me m\u00e9tropole du Grand Est apr\u00e8s Strasbourg<\/h2>\n\t\t\t\t\t\t\t\t\t\t\t\t\t\t\t\t\t\t<div class=\"fs-wysiwyg\"><p>Nancy est une ville dynamique, en plein d\u00e9veloppement, qui affiche l\u2019ambition de devenir une destination fran\u00e7aise de premier choix dans le tourisme d\u2019affaires. Elle a pour cela ouvert en 2014 l\u2019immense <strong>centre de congr\u00e8s Prouv\u00e9<\/strong> \u2013 une r\u00e9habilitation de l\u2019ancien centre de tri postal r\u00e9alis\u00e9 par l\u2019architecte Claude Prouv\u00e9 -, de 20\u00a0000 m\u00b2 en plein centre-ville, \u00e0 une minute de la gare TGV. Un ingr\u00e9dient phare de la strat\u00e9gie de marketing territorial et de rayonnement du Grand Nancy.<\/p>\n<\/div>\n\t\t\t\t\t\t\t\t\t\t\t\t<div class=\"d-flex flex-column flex-lg-row align-items-center gap-5 gap-lg-8 justify-content-between\">\n\t\t\t\t\t\t\t<div class=\"fs-20 fs-lg-26 fw-semibold lh-xs\"><\/div>\n\t\t\t\t\t\t\t\t\t\t\t\t\t<\/div>\n\t\t\t\t\t<\/div>\n\t\t\t\t<\/div>\n\t\t\t\t<div class=\"col-lg-4\">\n\t\t\t\t\t<div class=\"tcta2ia__top__right t-0 r-0 bg-primary text-white pt-4 pb-4 px-2 pt-lg-8 pb-lg-16 px-lg-11 pb-xl-30\">\n\t\t\t\t\t\t\t\t\t\t\t\t\t\t\t\t\t\t<h2 class=\"unna fs-36 fs-lg-51 fs-xl-75 fs-italic fw-normal text-secondary\">Nancy : cadre Art nouveau pour s\u00e9minaire somptueux<\/h2>\n\t\t\t\t\t\t\t\t\t\t\t\t\t\t\t\t\t\t<h3 class=\"text-white fs-18 fs-lg-20 fs-xl-28 text-original-case\">Nancy est un mus\u00e9e \u00e0 ciel ouvert. Berceau de l\u2019Art nouveau fran\u00e7ais, le centre-ville offre un ensemble architectural du XVIIIe si\u00e8cle exceptionnel class\u00e9 au patrimoine mondial de l\u2019Unesco<\/h3>\n\t\t\t\t\t\t\t\t\t\t\t\t\t\t\t\t\t\t<div class=\"fs-wysiwyg mb-4 fs-lg-16 fs-xl-20\"><p>Embl\u00e8me de la ville : la c\u00e9l\u00e8bre <strong>place Stanislas.<\/strong> R\u00e9guli\u00e8rement \u00e9lue plus belle place de France, elle a \u00e9t\u00e9 cr\u00e9\u00e9e en hommage \u00e0 Louis XV par Stanislas Leszczynski, ex-roi de Pologne, devenu par la suite duc de Lorraine et beau-p\u00e8re du monarque fran\u00e7ais. Ce riche patrimoine culturel et historique, associ\u00e9 \u00e0 ses terrasses et ses restaurants, fait de Nancy une ville tr\u00e8s agr\u00e9able pour un voyage d\u2019affaires ou un s\u00e9minaire.<em> \u00a0<\/em><\/p>\n<\/div>\n\t\t\t\t\t\t\t\t\t\t\t\t\t\t\t\t\t\t\t\t\t\t\t\t<p class=\"m-0\"><img decoding=\"async\" src=\"https:\/\/myallmeeting.com\/wp-content\/uploads\/2019\/05\/aja_p_6837-68__original-633x398.jpeg\" class=\"position-relative l-0\" width=\"633\" height=\"398\" alt=\"\" loading=\"lazy\" \/><\/p>\n\t\t\t\t\t\t\t\t\t\t\t<\/div>\n\t\t\t\t<\/div>\n\t\t\t<\/div>\n\t\t<\/div>\n\t<\/div>\n\t<div class=\"tcta2ia__bottom d-lg-none pb-12 py-lg-9 pe-lg-10\">\n\t\t\t\t<div class=\"h2 fs-20 fs-lg-32 fw-semibold\">Deuxi\u00e8me m\u00e9tropole du Grand Est apr\u00e8s Strasbourg<\/div>\n\t\t\t\t\t\t<div class=\"fs-wysiwyg\"><p>Nancy est une ville dynamique, en plein d\u00e9veloppement, qui affiche l\u2019ambition de devenir une destination fran\u00e7aise de premier choix dans le tourisme d\u2019affaires. Elle a pour cela ouvert en 2014 l\u2019immense <strong>centre de congr\u00e8s Prouv\u00e9<\/strong> \u2013 une r\u00e9habilitation de l\u2019ancien centre de tri postal r\u00e9alis\u00e9 par l\u2019architecte Claude Prouv\u00e9 -, de 20\u00a0000 m\u00b2 en plein centre-ville, \u00e0 une minute de la gare TGV. Un ingr\u00e9dient phare de la strat\u00e9gie de marketing territorial et de rayonnement du Grand Nancy.<\/p>\n<\/div>\n\t\t\t\t<div class=\"d-flex flex-column flex-lg-row align-items-center gap-5 gap-lg-8 justify-content-between\">\n\t\t\t<div class=\"fs-20 fs-lg-26 fw-semibold lh-xs\"><\/div>\n\t\t\t\t\t<\/div>\n\t<\/div>\n<\/div>\n<!-- END OF : Composant : block-periscope-theme-section-composant-25-texte-cta-2-images.php -->\n\n\n<!-- START OF : Composant : block-periscope-theme-section-composant-26-textes-slider-cta.php -->\n<div class=\"t3icta bg-white pb-12 mb-9 fs-wysiwyg\" data-component=\"26-textes-3-images-cta\">\n\t<div class=\"t3icta__top position-relative\">\n\t\t<div class=\"container-fluid\" style=\"--bs-gutter-x: 0\">\n\t\t\t<div class=\"row\" style=\"--bs-gutter-x: 0\">\n\t\t\t\t\t\t\t\t<div class=\"col-lg-6\">\n\t\t\t\t\t<div class=\"t3icta__slider\">\n\t\t\t\t\t\t<div class=\"splide\">\n\t\t\t\t\t\t\t<div class=\"splide__track\">\n\t\t\t\t\t\t\t\t<div class=\"splide__list\">\n\t\t\t\t\t\t\t\t\t\t\t\t\t\t\t\t\t\t\t<div class=\"splide__slide\">\n\t\t\t\t\t\t\t\t\t\t\t<img decoding=\"async\" src=\"https:\/\/myallmeeting.com\/wp-content\/uploads\/2019\/05\/aja_p_3637-32__original-953x600.jpeg\" width=\"953\" height=\"600\" alt=\"\" loading=\"lazy\" \/>\n\t\t\t\t\t\t\t\t\t\t<\/div>\n\t\t\t\t\t\t\t\t\t\t\t\t\t\t\t\t\t\n\t\t\t\t\t\t\t\t<\/div>\n\t\t\t\t\t\t\t<\/div>\n\t\t\t\t\t\t\t<div class=\"splide__arrows d-none d-lg-block\">\n\t\t\t\t\t\t\t\t<button class=\"splide__arrow splide__arrow--prev px-lg-3 py-lg-4 px-xl-4 py-xl-5 px-xxl-5 py-xxl-7 position-absolute l-0 bg-white border-0\">\n\t\t\t\t\t\t\t\t\t<svg width=\"14\" height=\"27\" aria-hidden=\"true\">\n\t\t\t\t\t\t\t\t\t\t<use xlink:href=\"https:\/\/myallmeeting.com\/wp-content\/themes\/accor\/assets\/images\/sprite.svg#slider-prev\"><\/use>\n\t\t\t\t\t\t\t\t\t<\/svg>\n\t\t\t\t\t\t\t\t<\/button>\n\t\t\t\t\t\t\t\t<button class=\"splide__arrow splide__arrow--next px-lg-3 py-lg-4 px-xl-4 py-xl-5 px-xxl-5 py-xxl-7 position-absolute r-0 bg-white border-0\">\n\t\t\t\t\t\t\t\t\t<svg width=\"14\" height=\"27\" aria-hidden=\"true\">\n\t\t\t\t\t\t\t\t\t\t<use xlink:href=\"https:\/\/myallmeeting.com\/wp-content\/themes\/accor\/assets\/images\/sprite.svg#slider-prev\"><\/use>\n\t\t\t\t\t\t\t\t\t<\/svg>\n\t\t\t\t\t\t\t\t<\/button>\n\t\t\t\t\t\t\t<\/div>\n\t\t\t\t\t\t<\/div>\n\t\t\t\t\t<\/div>\n\t\t\t\t<\/div>\n\t\t\t\t\t\t\t\t<div class=\"col-lg-6\">\n\t\t\t\t\t<div class=\"t3icta__top_right mb-lg-14 px-2 py-9 px-lg-11 py-lg-0\">\n\t\t\t\t\t\t\t\n\t\t\t\t\t\t<h2 class=\"fs-20 fs-lg-23 fs-xl-27 fs-xxl-30 fw-semibold\">Accessibilit\u00e9<\/h2>\n\t\t\t\t\t\t\t\t\t\t\t\t\t\n\t\t\t\t\t\t<div class=\"fs-wysiwyg\">\n\t\t\t\t\t\t\t<p>Au centre de la nouvelle r\u00e9gion Grand Est, la ville est \u00e0 seulement 1 h 30 de Paris par le <strong>TGV Est<\/strong>. Un r\u00e9seau qui permet aussi des connexions rapides avec Strasbourg, B\u00e2le, Bruxelles, Lille, Nantes ou Bordeaux. La ville est \u00e9galement situ\u00e9e sur deux grands axes europ\u00e9ens, l\u2019autoroute <strong>A31<\/strong>\u00a0en provenance de Bruxelles, Luxembourg, Metz, Dijon et Lyon\u00a0; et l\u2019autoroute <strong>A4<\/strong> et la RN4\u00a0si vous venez de Paris ou de Strasbourg. <strong>L\u2018a\u00e9roport r\u00e9gional de Metz-Nancy-Lorraine<\/strong> est <strong>\u00e0 environ 30 min de Nancy<\/strong> en voiture. Et pour les vols affaires, vous pouvez atterrir directement \u00e0\u00a0l\u2019a\u00e9rop\u00f4le Grand Nancy Tomblaine, situ\u00e9 sur le territoire de la m\u00e9tropole du Grand Nancy.<\/p>\n\t\t\t\t\t\t<\/div>\n\t\t\t\t\t\t\t\t\t\t\t<\/div>\n\t\t\t\t<\/div>\n\t\t\t<\/div>\n\t\t<\/div>\n\t<\/div>\n\t<div class=\"t3icta__bottom bg-beige\">\n\t\t<div class=\"container-fluid\" style=\"--bs-gutter-x: 0\">\n\t\t\t<div class=\"row\" style=\"--bs-gutter-x: 0\">\n\t\t\t\t<div class=\"col-lg-5 offset-lg-1\">\n\t\t\t\t\t<div class=\"t3icta__bottom__left\">\n\t\t\t\t\t\t\t\t\t\t\t\t<img decoding=\"async\" src=\"https:\/\/myallmeeting.com\/wp-content\/uploads\/2019\/05\/aja_p_4303-37__original-633x398.jpeg\" class=\"w-100 d-lg-none\" width=\"633\" height=\"398\" alt=\"\" loading=\"lazy\" \/> <!-- Ce sont les 2 m\u00eames images : ID 0 -->\n\t\t\t\t\t\t\t\t\t\t\t\t<div class=\"px-2 py-9 px-lg-0 py-lg-0\">\n\t\t\t\t\t\t\t\t\n\t\t\t\t\t\t\t<h2 class=\"fs-20 fs-lg-23 fs-xl-27 fs-xxl-30 fw-semibold\">Le r\u00e9seau Accor \u00e0 Nancy<\/h2>\n\t\t\t\t\t\t\t\t\t\t\t\t\t\t\t\n\t\t\t\t\t\t\t<div class=\"fs-wysiwyg mb-lg-15\">\n\t\t\t\t\t\t\t\t<p>Pour accueillir votre prochain congr\u00e8s, s\u00e9minaire h\u00e9berg\u00e9 ou simple r\u00e9union d\u2019\u00e9quipe, le r\u00e9seau Accor vous propose une s\u00e9lection de <strong>16 adresses<\/strong> sp\u00e9cialis\u00e9es dans l\u2019organisation d\u2019\u00e9v\u00e9nements professionnels \u00e0 Nancy et dans sa proche banlieue. Avec en cat\u00e9gorie <em>Midscale\u00a0<\/em>: 2 Novotel, 2 Mercure et 1 Adagio, puis en cat\u00e9gorie <em>Economy\u00a0<\/em>: 3 ibis, 3 ibis Styles, 1 Greet, 3 ibis budget et 1 HotelF1.<\/p>\n\t\t\t\t\t\t\t<\/div>\n\t\t\t\t\t\t\t\t\t\t\t\t\t<\/div>\n\t\t\t\t\t\t\t\t\t\t\t\t<div class=\"t3icta__bottom__img1 d-none d-lg-block text-end ms-lg-auto\">\n\t\t\t\t\t\t\t<img decoding=\"async\" src=\"https:\/\/myallmeeting.com\/wp-content\/uploads\/2019\/05\/aja_p_4303-37__original-633x398.jpeg\" width=\"633\" height=\"398\" alt=\"\" loading=\"lazy\" \/> <!-- Ce sont les 2 m\u00eames images : ID 1 -->\n\t\t\t\t\t\t<\/div>\n\t\t\t\t\t\t\t\t\t\t\t<\/div>\n\t\t\t\t<\/div>\n\t\t\t\t<div class=\"col-lg-5\">\n\t\t\t\t\t<div class=\"ps-lg-10\">\n\t\t\t\t\t\t\t\t\t\t\t\t<img decoding=\"async\" src=\"https:\/\/myallmeeting.com\/wp-content\/uploads\/2019\/05\/aja_p_3637-31__original-633x398.jpeg\" class=\"t3icta__bottom__img0 position-relative d-none d-lg-block mb-15\" width=\"633\" height=\"398\" alt=\"\" loading=\"lazy\" \/> <!-- Ce sont les 2 m\u00eames images : ID 0 -->\n\t\t\t\t\t\t\t\t\t\t\t\t<div class=\"px-2 px-lg-0 mb-9\">\n\t\t\t\t\t\t\t\t\n\t\t\t\t\t\t\t<h2 class=\"fs-20 fs-lg-23 fs-xl-27 fs-xxl-30 fw-semibold\">Id\u00e9es d\u2019incentives<\/h2>\n\t\t\t\t\t\t\t\t\t\t\t\t\t\t\t\t\t\t\t\t\t<div class=\"fs-wysiwyg\">\n\t\t\t\t\t\t\t\t<ul>\n<li><strong>Le mus\u00e9e des Beaux-Arts<\/strong> : install\u00e9 dans un pavillon du XVIIIe\u00a0si\u00e8cle, il est l\u2019un des bijoux culturels de la ville. Le mus\u00e9e pr\u00e9sente les plus grands noms de l\u2019histoire de l\u2019art europ\u00e9en : Le Caravage, Rubens ou encore Delacroix. Ses collections sont particuli\u00e8rement riches pour le XXe si\u00e8cle, avec notamment les verreries de la collection Daum expos\u00e9es dans l\u2019\u00e9crin des anciennes fortifications de Nancy, ou encore l\u2019espace consacr\u00e9 \u00e0 l\u2019architecte Jean Prouv\u00e9.<\/li>\n<li><strong>Le ch\u00e2teau de Lun\u00e9ville<\/strong> : A une trentaine de kilom\u00e8tres de Nancy, \u00e0 Lun\u00e9ville, les groupes peuvent d\u00e9couvrir le ch\u00e2teau, surnomm\u00e9 le petit Versailles lorrain ou ch\u00e2teau des Lumi\u00e8res.<\/li>\n<li><strong>D\u00e9jeuner d\u2019\u00e9quipe \u00e0 l\u2019Excelsior<\/strong>\u00a0: Immersion totale dans l\u2019Art nouveau avec ce fleuron de l\u2019\u00c9cole de Nancy. Cette c\u00e9l\u00e8bre brasserie est n\u00e9e en 1911 \u00e0 l\u2019initiative de Louis Moreau, brasseur de V\u00e9zelise. Le mobilier et les lustres de sa vaste salle ont \u00e9t\u00e9 r\u00e9alis\u00e9s par Louis Majorelle et les dix verri\u00e8res par Jacques Gruber. Une merveille\u00a0!<\/li>\n<\/ul>\n\t\t\t\t\t\t\t<\/div>\n\t\t\t\t\t\t\t\t\t\t\t\t\t<\/div>\n\t\t\t\t\t\t\t\t\t\t\t\t<div class=\"t3icta__bottom__img1 d-lg-none mx-auto\">\n\t\t\t\t\t\t\t<img decoding=\"async\" src=\"https:\/\/myallmeeting.com\/wp-content\/uploads\/2019\/05\/aja_p_3637-31__original-633x398.jpeg\" width=\"633\" height=\"398\" alt=\"\" loading=\"lazy\" \/> <!-- Ce sont les 2 m\u00eames images : ID 1 -->\n\t\t\t\t\t\t<\/div>\n\t\t\t\t\t\t\t\t\t\t\t<\/div>\n\t\t\t\t<\/div>\n\t\t\t<\/div>\n\t\t<\/div>\n\t<\/div>\n\t<\/div>\n<!-- END OF : Composant : block-periscope-theme-section-composant-26-textes-slider-cta.php -->\n","protected":false},"excerpt":{"rendered":"<p>Venez visiter Nancy, berceau de l\u2019Art nouveau fran\u00e7ais, pour votre prochain \u00e9v\u00e8nement professionnel<\/p>\n","protected":false},"featured_media":17138370,"menu_order":0,"template":"","ville":[],"periscope_lieu_tax":[],"class_list":["post-15227038","desti","type-desti","status-publish","has-post-thumbnail","hentry"],"acf":[],"yoast_head":"<title>Nancy : cadre Art nouveau pour s\u00e9minaire somptueux - Accor MyAllMeeting.com<\/title>\n<meta name=\"robots\" content=\"index, follow, max-snippet:-1, max-image-preview:large, max-video-preview:-1\" \/>\n<link rel=\"canonical\" href=\"https:\/\/myallmeeting.com\/fr\/wp-json\/wp\/v2\/desti\/15227038\" \/>\n<meta property=\"og:locale\" content=\"fr_FR\" \/>\n<meta property=\"og:type\" content=\"article\" \/>\n<meta property=\"og:title\" content=\"Nancy : cadre Art nouveau pour s\u00e9minaire somptueux - Accor MyAllMeeting.com\" \/>\n<meta property=\"og:description\" content=\"Venez visiter Nancy, berceau de l\u2019Art nouveau fran\u00e7ais, pour votre prochain \u00e9v\u00e8nement professionnel\" \/>\n<meta property=\"og:url\" content=\"https:\/\/myallmeeting.com\/fr\/destination\/nancy-cadre-art-nouveau-pour-seminaire-somptueux\/\" \/>\n<meta property=\"og:site_name\" content=\"Accor MyAllMeeting.com\" \/>\n<meta property=\"article:modified_time\" content=\"2024-12-13T13:14:58+00:00\" \/>\n<meta property=\"og:image\" content=\"https:\/\/myallmeeting.com\/wp-content\/uploads\/2019\/05\/MAM-baner-1920x570-2024-12-13T140851.623.png\" \/>\n\t<meta property=\"og:image:width\" content=\"1920\" \/>\n\t<meta property=\"og:image:height\" content=\"570\" \/>\n\t<meta property=\"og:image:type\" content=\"image\/png\" \/>\n<meta name=\"twitter:card\" content=\"summary_large_image\" \/>\n<meta name=\"twitter:label1\" content=\"Dur\u00e9e de lecture estim\u00e9e\" \/>\n\t<meta name=\"twitter:data1\" content=\"4 minutes\" \/>\n<script type=\"application\/ld+json\" class=\"yoast-schema-graph\">{\"@context\":\"https:\/\/schema.org\",\"@graph\":[{\"@type\":\"WebPage\",\"@id\":\"https:\/\/myallmeeting.com\/fr\/destination\/nancy-cadre-art-nouveau-pour-seminaire-somptueux\/\",\"url\":\"https:\/\/myallmeeting.com\/fr\/destination\/nancy-cadre-art-nouveau-pour-seminaire-somptueux\/\",\"name\":\"Nancy : cadre Art nouveau pour s\u00e9minaire somptueux - Accor MyAllMeeting.com\",\"isPartOf\":{\"@id\":\"https:\/\/www.myallmeeting.com\/fr\/#website\"},\"primaryImageOfPage\":{\"@id\":\"https:\/\/myallmeeting.com\/fr\/destination\/nancy-cadre-art-nouveau-pour-seminaire-somptueux\/#primaryimage\"},\"image\":{\"@id\":\"https:\/\/myallmeeting.com\/fr\/destination\/nancy-cadre-art-nouveau-pour-seminaire-somptueux\/#primaryimage\"},\"thumbnailUrl\":\"https:\/\/myallmeeting.com\/wp-content\/uploads\/2019\/05\/MAM-baner-1920x570-2024-12-13T140851.623.png\",\"datePublished\":\"2019-05-29T09:49:05+00:00\",\"dateModified\":\"2024-12-13T13:14:58+00:00\",\"breadcrumb\":{\"@id\":\"https:\/\/myallmeeting.com\/fr\/destination\/nancy-cadre-art-nouveau-pour-seminaire-somptueux\/#breadcrumb\"},\"inLanguage\":\"fr-FR\",\"potentialAction\":[{\"@type\":\"ReadAction\",\"target\":[\"https:\/\/myallmeeting.com\/fr\/destination\/nancy-cadre-art-nouveau-pour-seminaire-somptueux\/\"]}]},{\"@type\":\"ImageObject\",\"inLanguage\":\"fr-FR\",\"@id\":\"https:\/\/myallmeeting.com\/fr\/destination\/nancy-cadre-art-nouveau-pour-seminaire-somptueux\/#primaryimage\",\"url\":\"https:\/\/myallmeeting.com\/wp-content\/uploads\/2019\/05\/MAM-baner-1920x570-2024-12-13T140851.623.png\",\"contentUrl\":\"https:\/\/myallmeeting.com\/wp-content\/uploads\/2019\/05\/MAM-baner-1920x570-2024-12-13T140851.623.png\",\"width\":1920,\"height\":570},{\"@type\":\"BreadcrumbList\",\"@id\":\"https:\/\/myallmeeting.com\/fr\/destination\/nancy-cadre-art-nouveau-pour-seminaire-somptueux\/#breadcrumb\",\"itemListElement\":[{\"@type\":\"ListItem\",\"position\":1,\"name\":\"Accueil\",\"item\":\"https:\/\/myallmeeting.com\/fr\/\"},{\"@type\":\"ListItem\",\"position\":2,\"name\":\"Destination\",\"item\":\"https:\/\/myallmeeting.com\/fr\/destination\/\"},{\"@type\":\"ListItem\",\"position\":3,\"name\":\"Nancy : cadre Art nouveau pour s\u00e9minaire somptueux\"}]},{\"@type\":\"WebSite\",\"@id\":\"https:\/\/www.myallmeeting.com\/fr\/#website\",\"url\":\"https:\/\/www.myallmeeting.com\/fr\/\",\"name\":\"Accor MyAllMeeting.com\",\"description\":\"Les Meilleurs lieux pour vos Ev\u00e9nements Professionnels\",\"publisher\":{\"@id\":\"https:\/\/www.myallmeeting.com\/fr\/#organization\"},\"potentialAction\":[{\"@type\":\"SearchAction\",\"target\":{\"@type\":\"EntryPoint\",\"urlTemplate\":\"https:\/\/www.myallmeeting.com\/fr\/?s={search_term_string}\"},\"query-input\":{\"@type\":\"PropertyValueSpecification\",\"valueRequired\":true,\"valueName\":\"search_term_string\"}}],\"inLanguage\":\"fr-FR\"},{\"@type\":\"Organization\",\"@id\":\"https:\/\/www.myallmeeting.com\/fr\/#organization\",\"name\":\"ACCOR\",\"url\":\"https:\/\/www.myallmeeting.com\/fr\/\",\"logo\":{\"@type\":\"ImageObject\",\"inLanguage\":\"fr-FR\",\"@id\":\"https:\/\/www.myallmeeting.com\/fr\/#\/schema\/logo\/image\/\",\"url\":\"\",\"contentUrl\":\"\",\"caption\":\"ACCOR\"},\"image\":{\"@id\":\"https:\/\/www.myallmeeting.com\/fr\/#\/schema\/logo\/image\/\"}}]}<\/script>","yoast_head_json":{"title":"Nancy : cadre Art nouveau pour s\u00e9minaire somptueux - Accor MyAllMeeting.com","robots":{"index":"index","follow":"follow","max-snippet":"max-snippet:-1","max-image-preview":"max-image-preview:large","max-video-preview":"max-video-preview:-1"},"canonical":"https:\/\/myallmeeting.com\/fr\/wp-json\/wp\/v2\/desti\/15227038","og_locale":"fr_FR","og_type":"article","og_title":"Nancy : cadre Art nouveau pour s\u00e9minaire somptueux - Accor MyAllMeeting.com","og_description":"Venez visiter Nancy, berceau de l\u2019Art nouveau fran\u00e7ais, pour votre prochain \u00e9v\u00e8nement professionnel","og_url":"https:\/\/myallmeeting.com\/fr\/destination\/nancy-cadre-art-nouveau-pour-seminaire-somptueux\/","og_site_name":"Accor MyAllMeeting.com","article_modified_time":"2024-12-13T13:14:58+00:00","og_image":[{"width":1920,"height":570,"url":"https:\/\/myallmeeting.com\/wp-content\/uploads\/2019\/05\/MAM-baner-1920x570-2024-12-13T140851.623.png","type":"image\/png"}],"twitter_card":"summary_large_image","twitter_misc":{"Dur\u00e9e de lecture estim\u00e9e":"4 minutes"},"schema":{"@context":"https:\/\/schema.org","@graph":[{"@type":"WebPage","@id":"https:\/\/myallmeeting.com\/fr\/destination\/nancy-cadre-art-nouveau-pour-seminaire-somptueux\/","url":"https:\/\/myallmeeting.com\/fr\/destination\/nancy-cadre-art-nouveau-pour-seminaire-somptueux\/","name":"Nancy : cadre Art nouveau pour s\u00e9minaire somptueux - Accor MyAllMeeting.com","isPartOf":{"@id":"https:\/\/www.myallmeeting.com\/fr\/#website"},"primaryImageOfPage":{"@id":"https:\/\/myallmeeting.com\/fr\/destination\/nancy-cadre-art-nouveau-pour-seminaire-somptueux\/#primaryimage"},"image":{"@id":"https:\/\/myallmeeting.com\/fr\/destination\/nancy-cadre-art-nouveau-pour-seminaire-somptueux\/#primaryimage"},"thumbnailUrl":"https:\/\/myallmeeting.com\/wp-content\/uploads\/2019\/05\/MAM-baner-1920x570-2024-12-13T140851.623.png","datePublished":"2019-05-29T09:49:05+00:00","dateModified":"2024-12-13T13:14:58+00:00","breadcrumb":{"@id":"https:\/\/myallmeeting.com\/fr\/destination\/nancy-cadre-art-nouveau-pour-seminaire-somptueux\/#breadcrumb"},"inLanguage":"fr-FR","potentialAction":[{"@type":"ReadAction","target":["https:\/\/myallmeeting.com\/fr\/destination\/nancy-cadre-art-nouveau-pour-seminaire-somptueux\/"]}]},{"@type":"ImageObject","inLanguage":"fr-FR","@id":"https:\/\/myallmeeting.com\/fr\/destination\/nancy-cadre-art-nouveau-pour-seminaire-somptueux\/#primaryimage","url":"https:\/\/myallmeeting.com\/wp-content\/uploads\/2019\/05\/MAM-baner-1920x570-2024-12-13T140851.623.png","contentUrl":"https:\/\/myallmeeting.com\/wp-content\/uploads\/2019\/05\/MAM-baner-1920x570-2024-12-13T140851.623.png","width":1920,"height":570},{"@type":"BreadcrumbList","@id":"https:\/\/myallmeeting.com\/fr\/destination\/nancy-cadre-art-nouveau-pour-seminaire-somptueux\/#breadcrumb","itemListElement":[{"@type":"ListItem","position":1,"name":"Accueil","item":"https:\/\/myallmeeting.com\/fr\/"},{"@type":"ListItem","position":2,"name":"Destination","item":"https:\/\/myallmeeting.com\/fr\/destination\/"},{"@type":"ListItem","position":3,"name":"Nancy : cadre Art nouveau pour s\u00e9minaire somptueux"}]},{"@type":"WebSite","@id":"https:\/\/www.myallmeeting.com\/fr\/#website","url":"https:\/\/www.myallmeeting.com\/fr\/","name":"Accor MyAllMeeting.com","description":"Les Meilleurs lieux pour vos Ev\u00e9nements Professionnels","publisher":{"@id":"https:\/\/www.myallmeeting.com\/fr\/#organization"},"potentialAction":[{"@type":"SearchAction","target":{"@type":"EntryPoint","urlTemplate":"https:\/\/www.myallmeeting.com\/fr\/?s={search_term_string}"},"query-input":{"@type":"PropertyValueSpecification","valueRequired":true,"valueName":"search_term_string"}}],"inLanguage":"fr-FR"},{"@type":"Organization","@id":"https:\/\/www.myallmeeting.com\/fr\/#organization","name":"ACCOR","url":"https:\/\/www.myallmeeting.com\/fr\/","logo":{"@type":"ImageObject","inLanguage":"fr-FR","@id":"https:\/\/www.myallmeeting.com\/fr\/#\/schema\/logo\/image\/","url":"","contentUrl":"","caption":"ACCOR"},"image":{"@id":"https:\/\/www.myallmeeting.com\/fr\/#\/schema\/logo\/image\/"}}]}},"_links":{"self":[{"href":"https:\/\/myallmeeting.com\/fr\/wp-json\/wp\/v2\/desti\/15227038","targetHints":{"allow":["GET"]}}],"collection":[{"href":"https:\/\/myallmeeting.com\/fr\/wp-json\/wp\/v2\/desti"}],"about":[{"href":"https:\/\/myallmeeting.com\/fr\/wp-json\/wp\/v2\/types\/desti"}],"wp:featuredmedia":[{"embeddable":true,"href":"https:\/\/myallmeeting.com\/fr\/wp-json\/wp\/v2\/media\/17138370"}],"wp:attachment":[{"href":"https:\/\/myallmeeting.com\/fr\/wp-json\/wp\/v2\/media?parent=15227038"}],"wp:term":[{"taxonomy":"ville","embeddable":true,"href":"https:\/\/myallmeeting.com\/fr\/wp-json\/wp\/v2\/ville?post=15227038"},{"taxonomy":"periscope_lieu_tax","embeddable":true,"href":"https:\/\/myallmeeting.com\/fr\/wp-json\/wp\/v2\/periscope_lieu_tax?post=15227038"}],"curies":[{"name":"wp","href":"https:\/\/api.w.org\/{rel}","templated":true}]}}