{"id":15227036,"date":"2019-09-02T18:15:45","date_gmt":"2019-09-02T16:15:45","guid":{"rendered":"https:\/\/myallmeeting.com\/fr\/destination\/metz-site-strategique-pour-evenement-marquant\/"},"modified":"2024-12-10T10:30:52","modified_gmt":"2024-12-10T09:30:52","slug":"metz-site-strategique-pour-evenement-marquant","status":"publish","type":"desti","link":"https:\/\/myallmeeting.com\/fr\/destination\/metz-site-strategique-pour-evenement-marquant\/","title":{"rendered":"Metz : site strat\u00e9gique pour \u00e9v\u00e9nement marquant"},"content":{"rendered":"<!-- START OF : Composant : block-periscope-theme-section-composant-25-texte-cta-2-images.php -->\n<div class=\"tcta2ia bg-white fs-wysiwyg mb-lg-12\" data-component=\"25-texte-cta-2-images\">\n\t<div class=\"tcta2ia__top\">\n\t\t<div class=\"container-fluid\" style=\"--bs-gutter-x: 0\">\n\t\t\t<div class=\"row\" style=\"--bs-gutter-x: 0\">\n\t\t\t\t<div class=\"col-lg-8\">\n\t\t\t\t\t\t\t\t\t\t<div class=\"bloc-mise-en-avant__top__left\">\n\t\t\t\t\t\t<img decoding=\"async\" src=\"https:\/\/myallmeeting.com\/wp-content\/uploads\/2019\/09\/aja_p_6802-60__original-1268x846.jpeg\" class=\"pe-2 pe-lg-0\" width=\"1268\" height=\"846\" alt=\"\" loading=\"lazy\" \/>\n\t\t\t\t\t<\/div>\n\t\t\t\t\t\t\t\t\t\t<div class=\"tcta2ia__bottom d-none d-lg-block pb-12 pt-lg-9 pb-lg-0 pe-lg-10\">\n\t\t\t\t\t\t\t\t\t\t\t\t<h2 class=\"fs-20 fs-lg-32 fw-semibold\">Accessibilit\u00e9<\/h2>\n\t\t\t\t\t\t\t\t\t\t\t\t\t\t\t\t\t\t<div class=\"fs-wysiwyg\"><p>Desservie par deux axes autoroutiers majeurs nord\/sud et est\/ouest, Metz est facilement et rapidement accessible, y compris depuis les grandes m\u00e9tropoles europ\u00e9ennes (45 min de Luxembourg par l\u2019A31 et 2\u00a0h\u00a055 de Francfort par l\u2019A4). Paris est \u00e9galement \u00e0 82 min par le TGV-Est et la ville b\u00e9n\u00e9ficie de l\u2019a\u00e9roport r\u00e9gional Metz-Nancy-Lorraine situ\u00e9 \u00e0 proximit\u00e9 directe de la gare TGV\u00a0; l\u2019a\u00e9roport international de Luxembourg-Findel \u00e0 70\u00a0km est quant \u00e0 lui accessible via l\u2019A31.<\/p>\n<\/div>\n\t\t\t\t\t\t\t\t\t\t\t\t<div class=\"d-flex flex-column flex-lg-row align-items-center gap-5 gap-lg-8 justify-content-between\">\n\t\t\t\t\t\t\t<div class=\"fs-20 fs-lg-26 fw-semibold lh-xs\"><\/div>\n\t\t\t\t\t\t\t\t\t\t\t\t\t<\/div>\n\t\t\t\t\t<\/div>\n\t\t\t\t<\/div>\n\t\t\t\t<div class=\"col-lg-4\">\n\t\t\t\t\t<div class=\"tcta2ia__top__right t-0 r-0 bg-primary text-white pt-4 pb-4 px-2 pt-lg-8 pb-lg-16 px-lg-11 pb-xl-30\">\n\t\t\t\t\t\t\t\t\t\t\t\t\t\t\t\t\t\t<h2 class=\"unna fs-36 fs-lg-51 fs-xl-75 fs-italic fw-normal text-secondary\">Metz : site strat\u00e9gique pour \u00e9v\u00e9nement marquant<\/h2>\n\t\t\t\t\t\t\t\t\t\t\t\t\t\t\t\t\t\t<h3 class=\"text-white fs-18 fs-lg-20 fs-xl-28 text-original-case\">Trois mille ans d\u2019histoire ont forg\u00e9 l\u2019identit\u00e9 de cette cit\u00e9 militaire, situ\u00e9e au confluent de la Moselle et de la Seille. <\/h3>\n\t\t\t\t\t\t\t\t\t\t\t\t\t\t\t\t\t\t<div class=\"fs-wysiwyg mb-4 fs-lg-16 fs-xl-20\"><p>Les tr\u00e9sors d\u2019architecture que rec\u00e8le Metz traversent les \u00e9poques, comme la cath\u00e9drale Saint-\u00c9tienne, l\u2019un des plus grands \u00e9difices religieux gothiques d\u2019Europe, ou le quartier imp\u00e9rial b\u00e2ti en 1903 \u00e0 l\u2019\u00e9poque de l\u2019annexion de la ville par l\u2019Allemagne. Le centre historique enti\u00e8rement pi\u00e9tonnier est aussi fid\u00e8le \u00e0 sa tradition commer\u00e7ante. Ses 500 boutiques sont tr\u00e8s pris\u00e9es par les touristes et les frontaliers qui peuvent aussi se ressourcer au c\u0153ur des 580 ha d\u2019espaces verts ou fl\u00e2ner sur le port de plaisance. Troisi\u00e8me ville la plus peupl\u00e9e du Grand Est, pionni\u00e8re de l\u2019\u00e9cologie urbaine, Metz a, depuis plus d\u2019une d\u00e9cennie, jou\u00e9 la carte de la modernit\u00e9.<\/p>\n<\/div>\n\t\t\t\t\t\t\t\t\t\t\t\t\t\t\t\t\t\t\t\t\t\t\t\t<p class=\"m-0\"><img decoding=\"async\" src=\"https:\/\/myallmeeting.com\/wp-content\/uploads\/2019\/09\/Resize-photosMetz_gettyImages-148619177__original-633x398.jpeg\" class=\"position-relative l-0\" width=\"633\" height=\"398\" alt=\"\" loading=\"lazy\" \/><\/p>\n\t\t\t\t\t\t\t\t\t\t\t<\/div>\n\t\t\t\t<\/div>\n\t\t\t<\/div>\n\t\t<\/div>\n\t<\/div>\n\t<div class=\"tcta2ia__bottom d-lg-none pb-12 py-lg-9 pe-lg-10\">\n\t\t\t\t<div class=\"h2 fs-20 fs-lg-32 fw-semibold\">Accessibilit\u00e9<\/div>\n\t\t\t\t\t\t<div class=\"fs-wysiwyg\"><p>Desservie par deux axes autoroutiers majeurs nord\/sud et est\/ouest, Metz est facilement et rapidement accessible, y compris depuis les grandes m\u00e9tropoles europ\u00e9ennes (45 min de Luxembourg par l\u2019A31 et 2\u00a0h\u00a055 de Francfort par l\u2019A4). Paris est \u00e9galement \u00e0 82 min par le TGV-Est et la ville b\u00e9n\u00e9ficie de l\u2019a\u00e9roport r\u00e9gional Metz-Nancy-Lorraine situ\u00e9 \u00e0 proximit\u00e9 directe de la gare TGV\u00a0; l\u2019a\u00e9roport international de Luxembourg-Findel \u00e0 70\u00a0km est quant \u00e0 lui accessible via l\u2019A31.<\/p>\n<\/div>\n\t\t\t\t<div class=\"d-flex flex-column flex-lg-row align-items-center gap-5 gap-lg-8 justify-content-between\">\n\t\t\t<div class=\"fs-20 fs-lg-26 fw-semibold lh-xs\"><\/div>\n\t\t\t\t\t<\/div>\n\t<\/div>\n<\/div>\n<!-- END OF : Composant : block-periscope-theme-section-composant-25-texte-cta-2-images.php -->\n\n\n<!-- START OF : Composant : block-periscope-theme-section-composant-26-textes-slider-cta.php -->\n<div class=\"t3icta bg-white pb-12 mb-9 fs-wysiwyg\" data-component=\"26-textes-3-images-cta\">\n\t<div class=\"t3icta__top position-relative\">\n\t\t<div class=\"container-fluid\" style=\"--bs-gutter-x: 0\">\n\t\t\t<div class=\"row\" style=\"--bs-gutter-x: 0\">\n\t\t\t\t\t\t\t\t<div class=\"col-lg-6\">\n\t\t\t\t\t<div class=\"t3icta__slider\">\n\t\t\t\t\t\t<div class=\"splide\">\n\t\t\t\t\t\t\t<div class=\"splide__track\">\n\t\t\t\t\t\t\t\t<div class=\"splide__list\">\n\t\t\t\t\t\t\t\t\t\t\t\t\t\t\t\t\t\t\t<div class=\"splide__slide\">\n\t\t\t\t\t\t\t\t\t\t\t<img decoding=\"async\" src=\"https:\/\/myallmeeting.com\/wp-content\/uploads\/2019\/09\/aja_p_3717-60__original-953x600.jpeg\" width=\"953\" height=\"600\" alt=\"\" loading=\"lazy\" \/>\n\t\t\t\t\t\t\t\t\t\t<\/div>\n\t\t\t\t\t\t\t\t\t\t\t\t\t\t\t\t\t\n\t\t\t\t\t\t\t\t<\/div>\n\t\t\t\t\t\t\t<\/div>\n\t\t\t\t\t\t\t<div class=\"splide__arrows d-none d-lg-block\">\n\t\t\t\t\t\t\t\t<button class=\"splide__arrow splide__arrow--prev px-lg-3 py-lg-4 px-xl-4 py-xl-5 px-xxl-5 py-xxl-7 position-absolute l-0 bg-white border-0\">\n\t\t\t\t\t\t\t\t\t<svg width=\"14\" height=\"27\" aria-hidden=\"true\">\n\t\t\t\t\t\t\t\t\t\t<use xlink:href=\"https:\/\/myallmeeting.com\/wp-content\/themes\/accor\/assets\/images\/sprite.svg#slider-prev\"><\/use>\n\t\t\t\t\t\t\t\t\t<\/svg>\n\t\t\t\t\t\t\t\t<\/button>\n\t\t\t\t\t\t\t\t<button class=\"splide__arrow splide__arrow--next px-lg-3 py-lg-4 px-xl-4 py-xl-5 px-xxl-5 py-xxl-7 position-absolute r-0 bg-white border-0\">\n\t\t\t\t\t\t\t\t\t<svg width=\"14\" height=\"27\" aria-hidden=\"true\">\n\t\t\t\t\t\t\t\t\t\t<use xlink:href=\"https:\/\/myallmeeting.com\/wp-content\/themes\/accor\/assets\/images\/sprite.svg#slider-prev\"><\/use>\n\t\t\t\t\t\t\t\t\t<\/svg>\n\t\t\t\t\t\t\t\t<\/button>\n\t\t\t\t\t\t\t<\/div>\n\t\t\t\t\t\t<\/div>\n\t\t\t\t\t<\/div>\n\t\t\t\t<\/div>\n\t\t\t\t\t\t\t\t<div class=\"col-lg-6\">\n\t\t\t\t\t<div class=\"t3icta__top_right mb-lg-14 px-2 py-9 px-lg-11 py-lg-0\">\n\t\t\t\t\t\t\t\n\t\t\t\t\t\t<h2 class=\"fs-20 fs-lg-23 fs-xl-27 fs-xxl-30 fw-semibold\">Le r\u00e9seau Accor \u00e0 Metz<\/h2>\n\t\t\t\t\t\t\t\t\t\t\t\t\t\n\t\t\t\t\t\t<div class=\"fs-wysiwyg\">\n\t\t\t\t\t\t\t<p>Pour accueillir votre prochain congr\u00e8s, s\u00e9minaire h\u00e9berg\u00e9\u00a0ou simple\u00a0r\u00e9union d\u2019\u00e9quipe, le r\u00e9seau Accor vous propose une s\u00e9lection de <strong>12 adresses<\/strong> sp\u00e9cialis\u00e9es dans l\u2019organisation d\u2019\u00e9v\u00e9nements professionnels \u00e0 Metz.<\/p>\n<p>Vous trouverez dans notre gamme d\u2019h\u00f4tels une solution pour tous vos \u00e9v\u00e9nements, quel que soit votre budget. 1 MGallery dans la cat\u00e9gorie <em>Luxury<\/em>, 1 Novotel et 2 Mercure dans la cat\u00e9gorie <em>Midscale <\/em>et dans la cat\u00e9gorie <em>Economy\u00a0<\/em>: 3 ibis, 1 ibis Styles, 2 ibis Budget et 1 HotelF1.<\/p>\n\t\t\t\t\t\t<\/div>\n\t\t\t\t\t\t\t\t\t\t\t<\/div>\n\t\t\t\t<\/div>\n\t\t\t<\/div>\n\t\t<\/div>\n\t<\/div>\n\t<div class=\"t3icta__bottom bg-beige\">\n\t\t<div class=\"container-fluid\" style=\"--bs-gutter-x: 0\">\n\t\t\t<div class=\"row\" style=\"--bs-gutter-x: 0\">\n\t\t\t\t<div class=\"col-lg-5 offset-lg-1\">\n\t\t\t\t\t<div class=\"t3icta__bottom__left\">\n\t\t\t\t\t\t\t\t\t\t\t\t<div class=\"px-2 py-9 px-lg-0 py-lg-0\">\n\t\t\t\t\t\t\t\t\n\t\t\t\t\t\t\t<h2 class=\"fs-20 fs-lg-23 fs-xl-27 fs-xxl-30 fw-semibold\">Id\u00e9es d\u2019incentives \u00e0 Metz<\/h2>\n\t\t\t\t\t\t\t\t\t\t\t\t\t\t\t\n\t\t\t\t\t\t\t<div class=\"fs-wysiwyg mb-lg-15\">\n\t\t\t\t\t\t\t\t<p>D\u00e9couvrir la ville historique est un passage oblig\u00e9. Avec 50\u00a0km de pistes cyclables praticables, le v\u00e9lo s\u2019y pr\u00eate \u00e0 merveille. Des visites en journ\u00e9e ou <em>by night<\/em> sont aussi propos\u00e9es \u00e0 bord de bateaux \u00e0 \u00e9nergie solaire, avec d\u00e9gustation de sp\u00e9cialit\u00e9s\u00a0typiques\u00a0: p\u00e2t\u00e9s, quiches, tartes aux mirabelles et vins de Moselle.<\/p>\n<p>Patrie de Pil\u00e2tre de Rozier qui effectua en 1783 le premier vol \u00e0 bord d\u2019une montgolfi\u00e8re, Metz est aussi magnifique vue d\u2019en haut\u00a0! Un bapt\u00eame de l\u2019air, c\u2019est l\u2019occasion d\u2019un nouveau souffle pour vos \u00e9quipes\u00a0!<\/p>\n\t\t\t\t\t\t\t<\/div>\n\t\t\t\t\t\t\t\t\t\t\t\t\t<\/div>\n\t\t\t\t\t\t\t\t\t\t\t<\/div>\n\t\t\t\t<\/div>\n\t\t\t\t<div class=\"col-lg-5\">\n\t\t\t\t\t<div class=\"ps-lg-10\">\n\t\t\t\t\t\t\t\t\t\t\t\t<img decoding=\"async\" src=\"https:\/\/myallmeeting.com\/wp-content\/uploads\/2019\/09\/aja_p_3631-40__original-633x398.jpeg\" class=\"t3icta__bottom__img0 position-relative d-none d-lg-block mb-15\" width=\"633\" height=\"398\" alt=\"\" loading=\"lazy\" \/> <!-- Ce sont les 2 m\u00eames images : ID 0 -->\n\t\t\t\t\t\t\t\t\t\t\t\t<div class=\"px-2 px-lg-0 mb-9\">\n\t\t\t\t\t\t\t\t\t\t\t\t\t\t\t\t\t\t\t\t<\/div>\n\t\t\t\t\t\t\t\t\t\t\t\t<div class=\"t3icta__bottom__img1 d-lg-none mx-auto\">\n\t\t\t\t\t\t\t<img decoding=\"async\" src=\"https:\/\/myallmeeting.com\/wp-content\/uploads\/2019\/09\/aja_p_3631-40__original-633x398.jpeg\" width=\"633\" height=\"398\" alt=\"\" loading=\"lazy\" \/> <!-- Ce sont les 2 m\u00eames images : ID 1 -->\n\t\t\t\t\t\t<\/div>\n\t\t\t\t\t\t\t\t\t\t\t<\/div>\n\t\t\t\t<\/div>\n\t\t\t<\/div>\n\t\t<\/div>\n\t<\/div>\n\t<\/div>\n<!-- END OF : Composant : block-periscope-theme-section-composant-26-textes-slider-cta.php -->\n","protected":false},"excerpt":{"rendered":"<p>Pour votre \u00e9v\u00e8nement professionnel, venez d\u00e9couvrir cette ville au croisement de la Moselle et de la Seille. <\/p>\n","protected":false},"featured_media":17043914,"menu_order":0,"template":"","ville":[],"periscope_lieu_tax":[],"class_list":["post-15227036","desti","type-desti","status-publish","has-post-thumbnail","hentry"],"acf":[],"yoast_head":"<title>Metz : site strat\u00e9gique pour \u00e9v\u00e9nement marquant - Accor MyAllMeeting.com<\/title>\n<meta name=\"robots\" content=\"index, follow, max-snippet:-1, max-image-preview:large, max-video-preview:-1\" \/>\n<link rel=\"canonical\" href=\"https:\/\/myallmeeting.com\/fr\/wp-json\/wp\/v2\/desti\/15227036\" \/>\n<meta property=\"og:locale\" content=\"fr_FR\" \/>\n<meta property=\"og:type\" content=\"article\" \/>\n<meta property=\"og:title\" content=\"Metz : site strat\u00e9gique pour \u00e9v\u00e9nement marquant - Accor MyAllMeeting.com\" \/>\n<meta property=\"og:description\" content=\"Pour votre \u00e9v\u00e8nement professionnel, venez d\u00e9couvrir cette ville au croisement de la Moselle et de la Seille.\" \/>\n<meta property=\"og:url\" content=\"https:\/\/myallmeeting.com\/fr\/destination\/metz-site-strategique-pour-evenement-marquant\/\" \/>\n<meta property=\"og:site_name\" content=\"Accor MyAllMeeting.com\" \/>\n<meta property=\"article:modified_time\" content=\"2024-12-10T09:30:52+00:00\" \/>\n<meta property=\"og:image\" content=\"http:\/\/myallmeeting.com\/wp-content\/uploads\/2019\/09\/MAM-baner-1920x570-2024-12-10T102657.428-1024x304.png\" \/>\n\t<meta property=\"og:image:width\" content=\"1024\" \/>\n\t<meta property=\"og:image:height\" content=\"304\" \/>\n\t<meta property=\"og:image:type\" content=\"image\/png\" \/>\n<meta name=\"twitter:card\" content=\"summary_large_image\" \/>\n<meta name=\"twitter:label1\" content=\"Dur\u00e9e de lecture estim\u00e9e\" \/>\n\t<meta name=\"twitter:data1\" content=\"3 minutes\" \/>\n<script type=\"application\/ld+json\" class=\"yoast-schema-graph\">{\"@context\":\"https:\/\/schema.org\",\"@graph\":[{\"@type\":\"WebPage\",\"@id\":\"https:\/\/myallmeeting.com\/fr\/destination\/metz-site-strategique-pour-evenement-marquant\/\",\"url\":\"https:\/\/myallmeeting.com\/fr\/destination\/metz-site-strategique-pour-evenement-marquant\/\",\"name\":\"Metz : site strat\u00e9gique pour \u00e9v\u00e9nement marquant - Accor MyAllMeeting.com\",\"isPartOf\":{\"@id\":\"https:\/\/www.myallmeeting.com\/fr\/#website\"},\"primaryImageOfPage\":{\"@id\":\"https:\/\/myallmeeting.com\/fr\/destination\/metz-site-strategique-pour-evenement-marquant\/#primaryimage\"},\"image\":{\"@id\":\"https:\/\/myallmeeting.com\/fr\/destination\/metz-site-strategique-pour-evenement-marquant\/#primaryimage\"},\"thumbnailUrl\":\"https:\/\/myallmeeting.com\/wp-content\/uploads\/2019\/09\/MAM-baner-1920x570-2024-12-10T102657.428.png\",\"datePublished\":\"2019-09-02T16:15:45+00:00\",\"dateModified\":\"2024-12-10T09:30:52+00:00\",\"breadcrumb\":{\"@id\":\"https:\/\/myallmeeting.com\/fr\/destination\/metz-site-strategique-pour-evenement-marquant\/#breadcrumb\"},\"inLanguage\":\"fr-FR\",\"potentialAction\":[{\"@type\":\"ReadAction\",\"target\":[\"https:\/\/myallmeeting.com\/fr\/destination\/metz-site-strategique-pour-evenement-marquant\/\"]}]},{\"@type\":\"ImageObject\",\"inLanguage\":\"fr-FR\",\"@id\":\"https:\/\/myallmeeting.com\/fr\/destination\/metz-site-strategique-pour-evenement-marquant\/#primaryimage\",\"url\":\"https:\/\/myallmeeting.com\/wp-content\/uploads\/2019\/09\/MAM-baner-1920x570-2024-12-10T102657.428.png\",\"contentUrl\":\"https:\/\/myallmeeting.com\/wp-content\/uploads\/2019\/09\/MAM-baner-1920x570-2024-12-10T102657.428.png\",\"width\":1920,\"height\":570},{\"@type\":\"BreadcrumbList\",\"@id\":\"https:\/\/myallmeeting.com\/fr\/destination\/metz-site-strategique-pour-evenement-marquant\/#breadcrumb\",\"itemListElement\":[{\"@type\":\"ListItem\",\"position\":1,\"name\":\"Accueil\",\"item\":\"https:\/\/myallmeeting.com\/fr\/\"},{\"@type\":\"ListItem\",\"position\":2,\"name\":\"Destination\",\"item\":\"https:\/\/myallmeeting.com\/fr\/destination\/\"},{\"@type\":\"ListItem\",\"position\":3,\"name\":\"Metz : site strat\u00e9gique pour \u00e9v\u00e9nement marquant\"}]},{\"@type\":\"WebSite\",\"@id\":\"https:\/\/www.myallmeeting.com\/fr\/#website\",\"url\":\"https:\/\/www.myallmeeting.com\/fr\/\",\"name\":\"Accor MyAllMeeting.com\",\"description\":\"Les Meilleurs lieux pour vos Ev\u00e9nements Professionnels\",\"publisher\":{\"@id\":\"https:\/\/www.myallmeeting.com\/fr\/#organization\"},\"potentialAction\":[{\"@type\":\"SearchAction\",\"target\":{\"@type\":\"EntryPoint\",\"urlTemplate\":\"https:\/\/www.myallmeeting.com\/fr\/?s={search_term_string}\"},\"query-input\":{\"@type\":\"PropertyValueSpecification\",\"valueRequired\":true,\"valueName\":\"search_term_string\"}}],\"inLanguage\":\"fr-FR\"},{\"@type\":\"Organization\",\"@id\":\"https:\/\/www.myallmeeting.com\/fr\/#organization\",\"name\":\"ACCOR\",\"url\":\"https:\/\/www.myallmeeting.com\/fr\/\",\"logo\":{\"@type\":\"ImageObject\",\"inLanguage\":\"fr-FR\",\"@id\":\"https:\/\/www.myallmeeting.com\/fr\/#\/schema\/logo\/image\/\",\"url\":\"\",\"contentUrl\":\"\",\"caption\":\"ACCOR\"},\"image\":{\"@id\":\"https:\/\/www.myallmeeting.com\/fr\/#\/schema\/logo\/image\/\"}}]}<\/script>","yoast_head_json":{"title":"Metz : site strat\u00e9gique pour \u00e9v\u00e9nement marquant - Accor MyAllMeeting.com","robots":{"index":"index","follow":"follow","max-snippet":"max-snippet:-1","max-image-preview":"max-image-preview:large","max-video-preview":"max-video-preview:-1"},"canonical":"https:\/\/myallmeeting.com\/fr\/wp-json\/wp\/v2\/desti\/15227036","og_locale":"fr_FR","og_type":"article","og_title":"Metz : site strat\u00e9gique pour \u00e9v\u00e9nement marquant - Accor MyAllMeeting.com","og_description":"Pour votre \u00e9v\u00e8nement professionnel, venez d\u00e9couvrir cette ville au croisement de la Moselle et de la Seille.","og_url":"https:\/\/myallmeeting.com\/fr\/destination\/metz-site-strategique-pour-evenement-marquant\/","og_site_name":"Accor MyAllMeeting.com","article_modified_time":"2024-12-10T09:30:52+00:00","og_image":[{"width":1024,"height":304,"url":"http:\/\/myallmeeting.com\/wp-content\/uploads\/2019\/09\/MAM-baner-1920x570-2024-12-10T102657.428-1024x304.png","type":"image\/png"}],"twitter_card":"summary_large_image","twitter_misc":{"Dur\u00e9e de lecture estim\u00e9e":"3 minutes"},"schema":{"@context":"https:\/\/schema.org","@graph":[{"@type":"WebPage","@id":"https:\/\/myallmeeting.com\/fr\/destination\/metz-site-strategique-pour-evenement-marquant\/","url":"https:\/\/myallmeeting.com\/fr\/destination\/metz-site-strategique-pour-evenement-marquant\/","name":"Metz : site strat\u00e9gique pour \u00e9v\u00e9nement marquant - Accor MyAllMeeting.com","isPartOf":{"@id":"https:\/\/www.myallmeeting.com\/fr\/#website"},"primaryImageOfPage":{"@id":"https:\/\/myallmeeting.com\/fr\/destination\/metz-site-strategique-pour-evenement-marquant\/#primaryimage"},"image":{"@id":"https:\/\/myallmeeting.com\/fr\/destination\/metz-site-strategique-pour-evenement-marquant\/#primaryimage"},"thumbnailUrl":"https:\/\/myallmeeting.com\/wp-content\/uploads\/2019\/09\/MAM-baner-1920x570-2024-12-10T102657.428.png","datePublished":"2019-09-02T16:15:45+00:00","dateModified":"2024-12-10T09:30:52+00:00","breadcrumb":{"@id":"https:\/\/myallmeeting.com\/fr\/destination\/metz-site-strategique-pour-evenement-marquant\/#breadcrumb"},"inLanguage":"fr-FR","potentialAction":[{"@type":"ReadAction","target":["https:\/\/myallmeeting.com\/fr\/destination\/metz-site-strategique-pour-evenement-marquant\/"]}]},{"@type":"ImageObject","inLanguage":"fr-FR","@id":"https:\/\/myallmeeting.com\/fr\/destination\/metz-site-strategique-pour-evenement-marquant\/#primaryimage","url":"https:\/\/myallmeeting.com\/wp-content\/uploads\/2019\/09\/MAM-baner-1920x570-2024-12-10T102657.428.png","contentUrl":"https:\/\/myallmeeting.com\/wp-content\/uploads\/2019\/09\/MAM-baner-1920x570-2024-12-10T102657.428.png","width":1920,"height":570},{"@type":"BreadcrumbList","@id":"https:\/\/myallmeeting.com\/fr\/destination\/metz-site-strategique-pour-evenement-marquant\/#breadcrumb","itemListElement":[{"@type":"ListItem","position":1,"name":"Accueil","item":"https:\/\/myallmeeting.com\/fr\/"},{"@type":"ListItem","position":2,"name":"Destination","item":"https:\/\/myallmeeting.com\/fr\/destination\/"},{"@type":"ListItem","position":3,"name":"Metz : site strat\u00e9gique pour \u00e9v\u00e9nement marquant"}]},{"@type":"WebSite","@id":"https:\/\/www.myallmeeting.com\/fr\/#website","url":"https:\/\/www.myallmeeting.com\/fr\/","name":"Accor MyAllMeeting.com","description":"Les Meilleurs lieux pour vos Ev\u00e9nements Professionnels","publisher":{"@id":"https:\/\/www.myallmeeting.com\/fr\/#organization"},"potentialAction":[{"@type":"SearchAction","target":{"@type":"EntryPoint","urlTemplate":"https:\/\/www.myallmeeting.com\/fr\/?s={search_term_string}"},"query-input":{"@type":"PropertyValueSpecification","valueRequired":true,"valueName":"search_term_string"}}],"inLanguage":"fr-FR"},{"@type":"Organization","@id":"https:\/\/www.myallmeeting.com\/fr\/#organization","name":"ACCOR","url":"https:\/\/www.myallmeeting.com\/fr\/","logo":{"@type":"ImageObject","inLanguage":"fr-FR","@id":"https:\/\/www.myallmeeting.com\/fr\/#\/schema\/logo\/image\/","url":"","contentUrl":"","caption":"ACCOR"},"image":{"@id":"https:\/\/www.myallmeeting.com\/fr\/#\/schema\/logo\/image\/"}}]}},"_links":{"self":[{"href":"https:\/\/myallmeeting.com\/fr\/wp-json\/wp\/v2\/desti\/15227036","targetHints":{"allow":["GET"]}}],"collection":[{"href":"https:\/\/myallmeeting.com\/fr\/wp-json\/wp\/v2\/desti"}],"about":[{"href":"https:\/\/myallmeeting.com\/fr\/wp-json\/wp\/v2\/types\/desti"}],"wp:featuredmedia":[{"embeddable":true,"href":"https:\/\/myallmeeting.com\/fr\/wp-json\/wp\/v2\/media\/17043914"}],"wp:attachment":[{"href":"https:\/\/myallmeeting.com\/fr\/wp-json\/wp\/v2\/media?parent=15227036"}],"wp:term":[{"taxonomy":"ville","embeddable":true,"href":"https:\/\/myallmeeting.com\/fr\/wp-json\/wp\/v2\/ville?post=15227036"},{"taxonomy":"periscope_lieu_tax","embeddable":true,"href":"https:\/\/myallmeeting.com\/fr\/wp-json\/wp\/v2\/periscope_lieu_tax?post=15227036"}],"curies":[{"name":"wp","href":"https:\/\/api.w.org\/{rel}","templated":true}]}}