{"id":15227035,"date":"2020-03-20T11:13:58","date_gmt":"2020-03-20T10:13:58","guid":{"rendered":"https:\/\/myallmeeting.com\/fr\/destination\/grenoble-seminaire-avec-vue\/"},"modified":"2024-12-10T10:22:30","modified_gmt":"2024-12-10T09:22:30","slug":"grenoble-seminaire-avec-vue","status":"publish","type":"desti","link":"https:\/\/myallmeeting.com\/fr\/destination\/grenoble-seminaire-avec-vue\/","title":{"rendered":"Grenoble : s\u00e9minaire avec vue"},"content":{"rendered":"<!-- START OF : Composant : block-periscope-theme-section-composant-25-texte-cta-2-images.php -->\n<div class=\"tcta2ia bg-white fs-wysiwyg mb-lg-12\" data-component=\"25-texte-cta-2-images\">\n\t<div class=\"tcta2ia__top\">\n\t\t<div class=\"container-fluid\" style=\"--bs-gutter-x: 0\">\n\t\t\t<div class=\"row\" style=\"--bs-gutter-x: 0\">\n\t\t\t\t<div class=\"col-lg-8\">\n\t\t\t\t\t\t\t\t\t\t<div class=\"bloc-mise-en-avant__top__left\">\n\t\t\t\t\t\t<img decoding=\"async\" src=\"https:\/\/myallmeeting.com\/wp-content\/uploads\/2020\/03\/aja_p_7046-27__original-1268x846.jpeg\" class=\"pe-2 pe-lg-0\" width=\"1268\" height=\"846\" alt=\"\" loading=\"lazy\" \/>\n\t\t\t\t\t<\/div>\n\t\t\t\t\t\t\t\t\t\t<div class=\"tcta2ia__bottom d-none d-lg-block pb-12 pt-lg-9 pb-lg-0 pe-lg-10\">\n\t\t\t\t\t\t\t\t\t\t\t\t<h2 class=\"fs-20 fs-lg-32 fw-semibold\">Accessibilit\u00e9<\/h2>\n\t\t\t\t\t\t\t\t\t\t\t\t\t\t\t\t\t\t<div class=\"fs-wysiwyg\"><p>Par les airs ou par la terre\u2026 Tous les chemins m\u00e8nent \u00e0 Grenoble\u00a0! \u00c0 moins de 50 km du centre-ville, l\u2019a\u00e9roport Grenoble-Is\u00e8re propose des liaisons avec une vingtaine de villes europ\u00e9ennes. Un r\u00e9seau routier important permet d\u2019arriver en ville avec une grande facilit\u00e9. Et si vous pr\u00e9f\u00e9rez le train \u2013 pour vous et pour la plan\u00e8te\u00a0! \u2013 la gare, reli\u00e9e au r\u00e9seau TGV, vous m\u00e8ne en plein c\u0153ur de ville.<\/p>\n<\/div>\n\t\t\t\t\t\t\t\t\t\t\t\t<div class=\"d-flex flex-column flex-lg-row align-items-center gap-5 gap-lg-8 justify-content-between\">\n\t\t\t\t\t\t\t<div class=\"fs-20 fs-lg-26 fw-semibold lh-xs\"><\/div>\n\t\t\t\t\t\t\t\t\t\t\t\t\t<\/div>\n\t\t\t\t\t<\/div>\n\t\t\t\t<\/div>\n\t\t\t\t<div class=\"col-lg-4\">\n\t\t\t\t\t<div class=\"tcta2ia__top__right t-0 r-0 bg-primary text-white pt-4 pb-4 px-2 pt-lg-8 pb-lg-16 px-lg-11 pb-xl-30\">\n\t\t\t\t\t\t\t\t\t\t\t\t\t\t\t\t\t\t<h2 class=\"unna fs-36 fs-lg-51 fs-xl-75 fs-italic fw-normal text-secondary\">Grenoble : s\u00e9minaire avec vue<\/h2>\n\t\t\t\t\t\t\t\t\t\t\t\t\t\t\t\t\t\t<h3 class=\"text-white fs-18 fs-lg-20 fs-xl-28 text-original-case\">Cela fait 2000 ans que Grenoble s\u2019\u00e9tend aux pieds du massif du Vercors\u2026 <\/h3>\n\t\t\t\t\t\t\t\t\t\t\t\t\t\t\t\t\t\t<div class=\"fs-wysiwyg mb-4 fs-lg-16 fs-xl-20\"><p>Et pourtant la ville n\u2019a jamais \u00e9t\u00e9 aussi jeune \u2013 elle accueille une population \u00e9tudiante importante \u2013 et dynamique. De sa longue <strong>histoire<\/strong>, elle garde un <strong>patrimoine culturel<\/strong> <strong>riche<\/strong>, qui s\u2019offre aux regards du fl\u00e2neur ou \u00e0 la curiosit\u00e9 de l\u2019amateur de mus\u00e9es. Mais elle est aussi au c\u0153ur d\u2019une r\u00e9gion synonyme de recherche et d\u2019innovation. Cette m\u00e9tropole r\u00e9gionale abrite en effet pas moins de 4 centres de recherches internationaux (dont un synchrotron), 9 organismes de recherche nationaux (CEA, CNRS, Inria, etc.), sans compter les nombreux laboratoires de recherche d\u2019entreprises ou encore h\u00e9berg\u00e9s \u00e0 l\u2019universit\u00e9.<\/p>\n<\/div>\n\t\t\t\t\t\t\t\t\t\t\t\t\t\t\t\t\t\t\t\t\t\t\t\t<p class=\"m-0\"><img decoding=\"async\" src=\"https:\/\/myallmeeting.com\/wp-content\/uploads\/2020\/03\/aja_p_3472-14__original-633x398.jpeg\" class=\"position-relative l-0\" width=\"633\" height=\"398\" alt=\"\" loading=\"lazy\" \/><\/p>\n\t\t\t\t\t\t\t\t\t\t\t<\/div>\n\t\t\t\t<\/div>\n\t\t\t<\/div>\n\t\t<\/div>\n\t<\/div>\n\t<div class=\"tcta2ia__bottom d-lg-none pb-12 py-lg-9 pe-lg-10\">\n\t\t\t\t<div class=\"h2 fs-20 fs-lg-32 fw-semibold\">Accessibilit\u00e9<\/div>\n\t\t\t\t\t\t<div class=\"fs-wysiwyg\"><p>Par les airs ou par la terre\u2026 Tous les chemins m\u00e8nent \u00e0 Grenoble\u00a0! \u00c0 moins de 50 km du centre-ville, l\u2019a\u00e9roport Grenoble-Is\u00e8re propose des liaisons avec une vingtaine de villes europ\u00e9ennes. Un r\u00e9seau routier important permet d\u2019arriver en ville avec une grande facilit\u00e9. Et si vous pr\u00e9f\u00e9rez le train \u2013 pour vous et pour la plan\u00e8te\u00a0! \u2013 la gare, reli\u00e9e au r\u00e9seau TGV, vous m\u00e8ne en plein c\u0153ur de ville.<\/p>\n<\/div>\n\t\t\t\t<div class=\"d-flex flex-column flex-lg-row align-items-center gap-5 gap-lg-8 justify-content-between\">\n\t\t\t<div class=\"fs-20 fs-lg-26 fw-semibold lh-xs\"><\/div>\n\t\t\t\t\t<\/div>\n\t<\/div>\n<\/div>\n<!-- END OF : Composant : block-periscope-theme-section-composant-25-texte-cta-2-images.php -->\n\n\n<!-- START OF : Composant : block-periscope-theme-section-composant-26-textes-slider-cta.php -->\n<div class=\"t3icta bg-white pb-12 mb-9 fs-wysiwyg\" data-component=\"26-textes-3-images-cta\">\n\t<div class=\"t3icta__top position-relative\">\n\t\t<div class=\"container-fluid\" style=\"--bs-gutter-x: 0\">\n\t\t\t<div class=\"row\" style=\"--bs-gutter-x: 0\">\n\t\t\t\t\t\t\t\t<div class=\"col-lg-6\">\n\t\t\t\t\t<div class=\"t3icta__slider\">\n\t\t\t\t\t\t<div class=\"splide\">\n\t\t\t\t\t\t\t<div class=\"splide__track\">\n\t\t\t\t\t\t\t\t<div class=\"splide__list\">\n\t\t\t\t\t\t\t\t\t\t\t\t\t\t\t\t\t\t\t<div class=\"splide__slide\">\n\t\t\t\t\t\t\t\t\t\t\t<img decoding=\"async\" src=\"https:\/\/myallmeeting.com\/wp-content\/uploads\/2020\/03\/aja_p_1193-66__original-953x600.jpeg\" width=\"953\" height=\"600\" alt=\"\" loading=\"lazy\" \/>\n\t\t\t\t\t\t\t\t\t\t<\/div>\n\t\t\t\t\t\t\t\t\t\t\t\t\t\t\t\t\t\n\t\t\t\t\t\t\t\t<\/div>\n\t\t\t\t\t\t\t<\/div>\n\t\t\t\t\t\t\t<div class=\"splide__arrows d-none d-lg-block\">\n\t\t\t\t\t\t\t\t<button class=\"splide__arrow splide__arrow--prev px-lg-3 py-lg-4 px-xl-4 py-xl-5 px-xxl-5 py-xxl-7 position-absolute l-0 bg-white border-0\">\n\t\t\t\t\t\t\t\t\t<svg width=\"14\" height=\"27\" aria-hidden=\"true\">\n\t\t\t\t\t\t\t\t\t\t<use xlink:href=\"https:\/\/myallmeeting.com\/wp-content\/themes\/accor\/assets\/images\/sprite.svg#slider-prev\"><\/use>\n\t\t\t\t\t\t\t\t\t<\/svg>\n\t\t\t\t\t\t\t\t<\/button>\n\t\t\t\t\t\t\t\t<button class=\"splide__arrow splide__arrow--next px-lg-3 py-lg-4 px-xl-4 py-xl-5 px-xxl-5 py-xxl-7 position-absolute r-0 bg-white border-0\">\n\t\t\t\t\t\t\t\t\t<svg width=\"14\" height=\"27\" aria-hidden=\"true\">\n\t\t\t\t\t\t\t\t\t\t<use xlink:href=\"https:\/\/myallmeeting.com\/wp-content\/themes\/accor\/assets\/images\/sprite.svg#slider-prev\"><\/use>\n\t\t\t\t\t\t\t\t\t<\/svg>\n\t\t\t\t\t\t\t\t<\/button>\n\t\t\t\t\t\t\t<\/div>\n\t\t\t\t\t\t<\/div>\n\t\t\t\t\t<\/div>\n\t\t\t\t<\/div>\n\t\t\t\t\t\t\t\t<div class=\"col-lg-6\">\n\t\t\t\t\t<div class=\"t3icta__top_right mb-lg-14 px-2 py-9 px-lg-11 py-lg-0\">\n\t\t\t\t\t\t\t\n\t\t\t\t\t\t<h2 class=\"fs-20 fs-lg-23 fs-xl-27 fs-xxl-30 fw-semibold\">Le r\u00e9seau Accor \u00e0 Grenoble<\/h2>\n\t\t\t\t\t\t\t\t\t\t\t\t\t\n\t\t\t\t\t\t<div class=\"fs-wysiwyg\">\n\t\t\t\t\t\t\t<p>Avec <strong>13 adresses<\/strong>, le r\u00e9seau Accor vous propose une large s\u00e9lection de gammes et de prix. En <em>luxury<\/em>, vous opterez pour le MGallery, mais vous trouverez aussi 1 Novotel, 3 Mercure et 1 Adagio pour la gamme <em>Midscale<\/em>. Enfin 3 ibis, 1 ibis Styles, 1 greet, 1 ibis Budget et 1 HotelF1 sont \u00e9galement pr\u00eats \u00e0 vous accueillir.<\/p>\n\t\t\t\t\t\t<\/div>\n\t\t\t\t\t\t\t\t\t\t\t<\/div>\n\t\t\t\t<\/div>\n\t\t\t<\/div>\n\t\t<\/div>\n\t<\/div>\n\t<div class=\"t3icta__bottom bg-beige\">\n\t\t<div class=\"container-fluid\" style=\"--bs-gutter-x: 0\">\n\t\t\t<div class=\"row\" style=\"--bs-gutter-x: 0\">\n\t\t\t\t<div class=\"col-lg-5 offset-lg-1\">\n\t\t\t\t\t<div class=\"t3icta__bottom__left\">\n\t\t\t\t\t\t\t\t\t\t\t\t<img decoding=\"async\" src=\"https:\/\/myallmeeting.com\/wp-content\/uploads\/2020\/03\/aja_p_2355-03__original-633x398.jpeg\" class=\"w-100 d-lg-none\" width=\"633\" height=\"398\" alt=\"\" loading=\"lazy\" \/> <!-- Ce sont les 2 m\u00eames images : ID 0 -->\n\t\t\t\t\t\t\t\t\t\t\t\t<div class=\"px-2 py-9 px-lg-0 py-lg-0\">\n\t\t\t\t\t\t\t\t\n\t\t\t\t\t\t\t<h2 class=\"fs-20 fs-lg-23 fs-xl-27 fs-xxl-30 fw-semibold\">Id\u00e9es d\u2019incentives \u00e0 Grenoble<\/h2>\n\t\t\t\t\t\t\t\t\t\t\t\t\t\t\t\n\t\t\t\t\t\t\t<div class=\"fs-wysiwyg mb-lg-15\">\n\t\t\t\t\t\t\t\t<p>Impossible d\u2019\u00e9voquer Grenoble sans penser \u00e0 la <strong>randonn\u00e9e<\/strong>, au <strong>ski<\/strong> (de fond ou de piste\u00a0!), au <strong>trail<\/strong>, \u00e0 la <strong>grimpe<\/strong>, au <strong>v\u00e9lo<\/strong> (\u00e9lectrique\u2026 c\u2019est possible aussi\u00a0!), <strong>aux sports d\u2019eau<\/strong> (le fameux lac de Palabru n\u2019est qu\u2019\u00e0 une cinquantaine de kilom\u00e8tres)\u2026 Pour le r\u00e9confort apr\u00e8s une journ\u00e9e d\u2019effort, Grenoble regorge de lieux festifs o\u00f9 prolonger la nuit.<\/p>\n<p>Le grand air vous fait peur\u00a0? Pas de panique\u2026 vous pouvez aussi choisir la p\u00e9nombre et p\u00e9n\u00e9trer les entrailles du Vercors\u00a0! \u00c0 deux pas de Grenoble, les grottes des \u00ab\u00a0cuves de Sassenage\u00a0\u00bb sont une succession de galeries qui vous d\u00e9voilent au fur et \u00e0 mesure de magnifiques concr\u00e9tions aux parois sculpt\u00e9es par l\u2019eau. Un v\u00e9ritable refuge de fra\u00eecheur en plein \u00e9t\u00e9\u00a0!<\/p>\n\t\t\t\t\t\t\t<\/div>\n\t\t\t\t\t\t\t\t\t\t\t\t\t<\/div>\n\t\t\t\t\t\t\t\t\t\t\t\t<div class=\"t3icta__bottom__img1 d-none d-lg-block text-end ms-lg-auto\">\n\t\t\t\t\t\t\t<img decoding=\"async\" src=\"https:\/\/myallmeeting.com\/wp-content\/uploads\/2020\/03\/aja_p_2355-03__original-633x398.jpeg\" width=\"633\" height=\"398\" alt=\"\" loading=\"lazy\" \/> <!-- Ce sont les 2 m\u00eames images : ID 1 -->\n\t\t\t\t\t\t<\/div>\n\t\t\t\t\t\t\t\t\t\t\t<\/div>\n\t\t\t\t<\/div>\n\t\t\t\t<div class=\"col-lg-5\">\n\t\t\t\t\t<div class=\"ps-lg-10\">\n\t\t\t\t\t\t\t\t\t\t\t\t<img decoding=\"async\" src=\"https:\/\/myallmeeting.com\/wp-content\/uploads\/2020\/03\/aja_p_4058-49__original-633x398.jpeg\" class=\"t3icta__bottom__img0 position-relative d-none d-lg-block mb-15\" width=\"633\" height=\"398\" alt=\"\" loading=\"lazy\" \/> <!-- Ce sont les 2 m\u00eames images : ID 0 -->\n\t\t\t\t\t\t\t\t\t\t\t\t<div class=\"px-2 px-lg-0 mb-9\">\n\t\t\t\t\t\t\t\t\n\t\t\t\t\t\t\t<h2 class=\"fs-20 fs-lg-23 fs-xl-27 fs-xxl-30 fw-semibold\">Prenez de la hauteur<\/h2>\n\t\t\t\t\t\t\t\t\t\t\t\t\t\t\t\t\t\t\t\t\t<div class=\"fs-wysiwyg\">\n\t\t\t\t\t\t\t\t<p>Et si, pour faire votre choix parmi tant d\u2019activit\u00e9s, vous avez besoin de r\u00e9fl\u00e9chir un peu, commencez donc par prendre un peu de hauteur\u00a0: le t\u00e9l\u00e9ph\u00e9rique de la Bastille, premier t\u00e9l\u00e9ph\u00e9rique urbain en France, vous emm\u00e8ne sur la terrasse des g\u00e9ologues, le lieu de rendez-vous incontournable des Grenoblois. Vous pouvez aussi vous diriger vers le fort de Saint-Eynard. Outre de nombreuses activit\u00e9s et lieux de restauration, ces deux sites offrent une vue imprenable sur la ville et les montagnes alentour.<\/p>\n\t\t\t\t\t\t\t<\/div>\n\t\t\t\t\t\t\t\t\t\t\t\t\t<\/div>\n\t\t\t\t\t\t\t\t\t\t\t\t<div class=\"t3icta__bottom__img1 d-lg-none mx-auto\">\n\t\t\t\t\t\t\t<img decoding=\"async\" src=\"https:\/\/myallmeeting.com\/wp-content\/uploads\/2020\/03\/aja_p_4058-49__original-633x398.jpeg\" width=\"633\" height=\"398\" alt=\"\" loading=\"lazy\" \/> <!-- Ce sont les 2 m\u00eames images : ID 1 -->\n\t\t\t\t\t\t<\/div>\n\t\t\t\t\t\t\t\t\t\t\t<\/div>\n\t\t\t\t<\/div>\n\t\t\t<\/div>\n\t\t<\/div>\n\t<\/div>\n\t<\/div>\n<!-- END OF : Composant : block-periscope-theme-section-composant-26-textes-slider-cta.php -->\n","protected":false},"excerpt":{"rendered":"<p>Venez d\u00e9couvrir, pour votre prochain \u00e9v\u00e9nement, le patrimoine culturel riche et l\u2019histoire de Grenoble<\/p>\n","protected":false},"featured_media":17043871,"menu_order":0,"template":"","ville":[],"periscope_lieu_tax":[],"class_list":["post-15227035","desti","type-desti","status-publish","has-post-thumbnail","hentry"],"acf":[],"yoast_head":"<title>Grenoble : s\u00e9minaire avec vue - Accor MyAllMeeting.com<\/title>\n<meta name=\"robots\" content=\"index, follow, max-snippet:-1, max-image-preview:large, max-video-preview:-1\" \/>\n<link rel=\"canonical\" href=\"https:\/\/myallmeeting.com\/fr\/wp-json\/wp\/v2\/desti\/15227035\" \/>\n<meta property=\"og:locale\" content=\"fr_FR\" \/>\n<meta property=\"og:type\" content=\"article\" \/>\n<meta property=\"og:title\" content=\"Grenoble : s\u00e9minaire avec vue - Accor MyAllMeeting.com\" \/>\n<meta property=\"og:description\" content=\"Venez d\u00e9couvrir, pour votre prochain \u00e9v\u00e9nement, le patrimoine culturel riche et l\u2019histoire de Grenoble\" \/>\n<meta property=\"og:url\" content=\"https:\/\/myallmeeting.com\/fr\/destination\/grenoble-seminaire-avec-vue\/\" \/>\n<meta property=\"og:site_name\" content=\"Accor MyAllMeeting.com\" \/>\n<meta property=\"article:modified_time\" content=\"2024-12-10T09:22:30+00:00\" \/>\n<meta property=\"og:image\" content=\"http:\/\/myallmeeting.com\/wp-content\/uploads\/2020\/03\/MAM-baner-1920x570-2024-12-10T101559.874.png\" \/>\n\t<meta property=\"og:image:width\" content=\"1920\" \/>\n\t<meta property=\"og:image:height\" content=\"570\" \/>\n\t<meta property=\"og:image:type\" content=\"image\/png\" \/>\n<meta name=\"twitter:card\" content=\"summary_large_image\" \/>\n<meta name=\"twitter:label1\" content=\"Dur\u00e9e de lecture estim\u00e9e\" \/>\n\t<meta name=\"twitter:data1\" content=\"4 minutes\" \/>\n<script type=\"application\/ld+json\" class=\"yoast-schema-graph\">{\"@context\":\"https:\/\/schema.org\",\"@graph\":[{\"@type\":\"WebPage\",\"@id\":\"https:\/\/myallmeeting.com\/fr\/destination\/grenoble-seminaire-avec-vue\/\",\"url\":\"https:\/\/myallmeeting.com\/fr\/destination\/grenoble-seminaire-avec-vue\/\",\"name\":\"Grenoble : s\u00e9minaire avec vue - Accor MyAllMeeting.com\",\"isPartOf\":{\"@id\":\"https:\/\/www.myallmeeting.com\/fr\/#website\"},\"primaryImageOfPage\":{\"@id\":\"https:\/\/myallmeeting.com\/fr\/destination\/grenoble-seminaire-avec-vue\/#primaryimage\"},\"image\":{\"@id\":\"https:\/\/myallmeeting.com\/fr\/destination\/grenoble-seminaire-avec-vue\/#primaryimage\"},\"thumbnailUrl\":\"https:\/\/myallmeeting.com\/wp-content\/uploads\/2020\/03\/MAM-baner-1920x570-2024-12-10T101559.874.png\",\"datePublished\":\"2020-03-20T10:13:58+00:00\",\"dateModified\":\"2024-12-10T09:22:30+00:00\",\"breadcrumb\":{\"@id\":\"https:\/\/myallmeeting.com\/fr\/destination\/grenoble-seminaire-avec-vue\/#breadcrumb\"},\"inLanguage\":\"fr-FR\",\"potentialAction\":[{\"@type\":\"ReadAction\",\"target\":[\"https:\/\/myallmeeting.com\/fr\/destination\/grenoble-seminaire-avec-vue\/\"]}]},{\"@type\":\"ImageObject\",\"inLanguage\":\"fr-FR\",\"@id\":\"https:\/\/myallmeeting.com\/fr\/destination\/grenoble-seminaire-avec-vue\/#primaryimage\",\"url\":\"https:\/\/myallmeeting.com\/wp-content\/uploads\/2020\/03\/MAM-baner-1920x570-2024-12-10T101559.874.png\",\"contentUrl\":\"https:\/\/myallmeeting.com\/wp-content\/uploads\/2020\/03\/MAM-baner-1920x570-2024-12-10T101559.874.png\",\"width\":1920,\"height\":570},{\"@type\":\"BreadcrumbList\",\"@id\":\"https:\/\/myallmeeting.com\/fr\/destination\/grenoble-seminaire-avec-vue\/#breadcrumb\",\"itemListElement\":[{\"@type\":\"ListItem\",\"position\":1,\"name\":\"Accueil\",\"item\":\"https:\/\/myallmeeting.com\/fr\/\"},{\"@type\":\"ListItem\",\"position\":2,\"name\":\"Destination\",\"item\":\"https:\/\/myallmeeting.com\/fr\/destination\/\"},{\"@type\":\"ListItem\",\"position\":3,\"name\":\"Grenoble : s\u00e9minaire avec vue\"}]},{\"@type\":\"WebSite\",\"@id\":\"https:\/\/www.myallmeeting.com\/fr\/#website\",\"url\":\"https:\/\/www.myallmeeting.com\/fr\/\",\"name\":\"Accor MyAllMeeting.com\",\"description\":\"Les Meilleurs lieux pour vos Ev\u00e9nements Professionnels\",\"publisher\":{\"@id\":\"https:\/\/www.myallmeeting.com\/fr\/#organization\"},\"potentialAction\":[{\"@type\":\"SearchAction\",\"target\":{\"@type\":\"EntryPoint\",\"urlTemplate\":\"https:\/\/www.myallmeeting.com\/fr\/?s={search_term_string}\"},\"query-input\":{\"@type\":\"PropertyValueSpecification\",\"valueRequired\":true,\"valueName\":\"search_term_string\"}}],\"inLanguage\":\"fr-FR\"},{\"@type\":\"Organization\",\"@id\":\"https:\/\/www.myallmeeting.com\/fr\/#organization\",\"name\":\"ACCOR\",\"url\":\"https:\/\/www.myallmeeting.com\/fr\/\",\"logo\":{\"@type\":\"ImageObject\",\"inLanguage\":\"fr-FR\",\"@id\":\"https:\/\/www.myallmeeting.com\/fr\/#\/schema\/logo\/image\/\",\"url\":\"\",\"contentUrl\":\"\",\"caption\":\"ACCOR\"},\"image\":{\"@id\":\"https:\/\/www.myallmeeting.com\/fr\/#\/schema\/logo\/image\/\"}}]}<\/script>","yoast_head_json":{"title":"Grenoble : s\u00e9minaire avec vue - Accor MyAllMeeting.com","robots":{"index":"index","follow":"follow","max-snippet":"max-snippet:-1","max-image-preview":"max-image-preview:large","max-video-preview":"max-video-preview:-1"},"canonical":"https:\/\/myallmeeting.com\/fr\/wp-json\/wp\/v2\/desti\/15227035","og_locale":"fr_FR","og_type":"article","og_title":"Grenoble : s\u00e9minaire avec vue - Accor MyAllMeeting.com","og_description":"Venez d\u00e9couvrir, pour votre prochain \u00e9v\u00e9nement, le patrimoine culturel riche et l\u2019histoire de Grenoble","og_url":"https:\/\/myallmeeting.com\/fr\/destination\/grenoble-seminaire-avec-vue\/","og_site_name":"Accor MyAllMeeting.com","article_modified_time":"2024-12-10T09:22:30+00:00","og_image":[{"width":1920,"height":570,"url":"http:\/\/myallmeeting.com\/wp-content\/uploads\/2020\/03\/MAM-baner-1920x570-2024-12-10T101559.874.png","type":"image\/png"}],"twitter_card":"summary_large_image","twitter_misc":{"Dur\u00e9e de lecture estim\u00e9e":"4 minutes"},"schema":{"@context":"https:\/\/schema.org","@graph":[{"@type":"WebPage","@id":"https:\/\/myallmeeting.com\/fr\/destination\/grenoble-seminaire-avec-vue\/","url":"https:\/\/myallmeeting.com\/fr\/destination\/grenoble-seminaire-avec-vue\/","name":"Grenoble : s\u00e9minaire avec vue - Accor MyAllMeeting.com","isPartOf":{"@id":"https:\/\/www.myallmeeting.com\/fr\/#website"},"primaryImageOfPage":{"@id":"https:\/\/myallmeeting.com\/fr\/destination\/grenoble-seminaire-avec-vue\/#primaryimage"},"image":{"@id":"https:\/\/myallmeeting.com\/fr\/destination\/grenoble-seminaire-avec-vue\/#primaryimage"},"thumbnailUrl":"https:\/\/myallmeeting.com\/wp-content\/uploads\/2020\/03\/MAM-baner-1920x570-2024-12-10T101559.874.png","datePublished":"2020-03-20T10:13:58+00:00","dateModified":"2024-12-10T09:22:30+00:00","breadcrumb":{"@id":"https:\/\/myallmeeting.com\/fr\/destination\/grenoble-seminaire-avec-vue\/#breadcrumb"},"inLanguage":"fr-FR","potentialAction":[{"@type":"ReadAction","target":["https:\/\/myallmeeting.com\/fr\/destination\/grenoble-seminaire-avec-vue\/"]}]},{"@type":"ImageObject","inLanguage":"fr-FR","@id":"https:\/\/myallmeeting.com\/fr\/destination\/grenoble-seminaire-avec-vue\/#primaryimage","url":"https:\/\/myallmeeting.com\/wp-content\/uploads\/2020\/03\/MAM-baner-1920x570-2024-12-10T101559.874.png","contentUrl":"https:\/\/myallmeeting.com\/wp-content\/uploads\/2020\/03\/MAM-baner-1920x570-2024-12-10T101559.874.png","width":1920,"height":570},{"@type":"BreadcrumbList","@id":"https:\/\/myallmeeting.com\/fr\/destination\/grenoble-seminaire-avec-vue\/#breadcrumb","itemListElement":[{"@type":"ListItem","position":1,"name":"Accueil","item":"https:\/\/myallmeeting.com\/fr\/"},{"@type":"ListItem","position":2,"name":"Destination","item":"https:\/\/myallmeeting.com\/fr\/destination\/"},{"@type":"ListItem","position":3,"name":"Grenoble : s\u00e9minaire avec vue"}]},{"@type":"WebSite","@id":"https:\/\/www.myallmeeting.com\/fr\/#website","url":"https:\/\/www.myallmeeting.com\/fr\/","name":"Accor MyAllMeeting.com","description":"Les Meilleurs lieux pour vos Ev\u00e9nements Professionnels","publisher":{"@id":"https:\/\/www.myallmeeting.com\/fr\/#organization"},"potentialAction":[{"@type":"SearchAction","target":{"@type":"EntryPoint","urlTemplate":"https:\/\/www.myallmeeting.com\/fr\/?s={search_term_string}"},"query-input":{"@type":"PropertyValueSpecification","valueRequired":true,"valueName":"search_term_string"}}],"inLanguage":"fr-FR"},{"@type":"Organization","@id":"https:\/\/www.myallmeeting.com\/fr\/#organization","name":"ACCOR","url":"https:\/\/www.myallmeeting.com\/fr\/","logo":{"@type":"ImageObject","inLanguage":"fr-FR","@id":"https:\/\/www.myallmeeting.com\/fr\/#\/schema\/logo\/image\/","url":"","contentUrl":"","caption":"ACCOR"},"image":{"@id":"https:\/\/www.myallmeeting.com\/fr\/#\/schema\/logo\/image\/"}}]}},"_links":{"self":[{"href":"https:\/\/myallmeeting.com\/fr\/wp-json\/wp\/v2\/desti\/15227035","targetHints":{"allow":["GET"]}}],"collection":[{"href":"https:\/\/myallmeeting.com\/fr\/wp-json\/wp\/v2\/desti"}],"about":[{"href":"https:\/\/myallmeeting.com\/fr\/wp-json\/wp\/v2\/types\/desti"}],"wp:featuredmedia":[{"embeddable":true,"href":"https:\/\/myallmeeting.com\/fr\/wp-json\/wp\/v2\/media\/17043871"}],"wp:attachment":[{"href":"https:\/\/myallmeeting.com\/fr\/wp-json\/wp\/v2\/media?parent=15227035"}],"wp:term":[{"taxonomy":"ville","embeddable":true,"href":"https:\/\/myallmeeting.com\/fr\/wp-json\/wp\/v2\/ville?post=15227035"},{"taxonomy":"periscope_lieu_tax","embeddable":true,"href":"https:\/\/myallmeeting.com\/fr\/wp-json\/wp\/v2\/periscope_lieu_tax?post=15227035"}],"curies":[{"name":"wp","href":"https:\/\/api.w.org\/{rel}","templated":true}]}}