{"id":15227031,"date":"2021-03-22T11:15:52","date_gmt":"2021-03-22T10:15:52","guid":{"rendered":"https:\/\/myallmeeting.com\/fr\/destination\/lisbonne-bien-plus-quun-seminaire-au-soleil\/"},"modified":"2024-11-12T12:41:27","modified_gmt":"2024-11-12T11:41:27","slug":"lisbonne-bien-plus-quun-seminaire-au-soleil","status":"publish","type":"desti","link":"https:\/\/myallmeeting.com\/fr\/destination\/lisbonne-bien-plus-quun-seminaire-au-soleil\/","title":{"rendered":"Lisbonne : bien plus qu\u2019un s\u00e9minaire au soleil !"},"content":{"rendered":"<!-- START OF : Composant : block-periscope-theme-section-composant-25-texte-cta-2-images.php -->\n<div class=\"tcta2ia bg-white fs-wysiwyg mb-lg-12\" data-component=\"25-texte-cta-2-images\">\n\t<div class=\"tcta2ia__top\">\n\t\t<div class=\"container-fluid\" style=\"--bs-gutter-x: 0\">\n\t\t\t<div class=\"row\" style=\"--bs-gutter-x: 0\">\n\t\t\t\t<div class=\"col-lg-8\">\n\t\t\t\t\t\t\t\t\t\t<div class=\"bloc-mise-en-avant__top__left\">\n\t\t\t\t\t\t<img decoding=\"async\" src=\"https:\/\/myallmeeting.com\/wp-content\/uploads\/2021\/03\/Portugal-Lisbon_Tram_Cathedral__original-1268x846.jpeg\" class=\"pe-2 pe-lg-0\" width=\"1268\" height=\"846\" alt=\"\" loading=\"lazy\" \/>\n\t\t\t\t\t<\/div>\n\t\t\t\t\t\t\t\t\t\t<div class=\"tcta2ia__bottom d-none d-lg-block pb-12 pt-lg-9 pb-lg-0 pe-lg-10\">\n\t\t\t\t\t\t\t\t\t\t\t\t<h2 class=\"fs-20 fs-lg-32 fw-semibold\">Accessibilit\u00e9\u202f<\/h2>\n\t\t\t\t\t\t\t\t\t\t\t\t\t\t\t\t\t\t<div class=\"fs-wysiwyg\"><p><span data-contrast=\"auto\">\u00c0 moins de trois heures de Paris en avion, Lisbonne est desservie par les airs par neuf a\u00e9roports fran\u00e7ais (Paris donc, mais aussi Lyon, Marseille&#8230;), ce qu<\/span><span data-contrast=\"auto\">i en fait une destination particuli\u00e8rement facile d\u2019acc\u00e8s. Et une fois \u00e0 l\u2019a\u00e9roport, la ville est \u00e0 port\u00e9e de main\u202f: nul besoin de transits fastidieux puisque le centre-ville n\u2019est situ\u00e9 qu\u2019\u00e0 7 km et les moyens de transport propos\u00e9s pour s\u2019y rendre sont nombreux\u202f: taxis, m\u00e9tros ou bus\u2026<\/span><span data-ccp-props=\"{}\">\u00a0<\/span><\/p>\n<p><span data-contrast=\"auto\">Et pour les amoureux des rails ou phobiques de l\u2019avion (c\u2019est selon\u202f!), sachez que vous pourrez aussi rejoindre Lisbonne par le train\u202f!<\/span><span data-ccp-props=\"{}\">\u00a0<\/span><\/p>\n<\/div>\n\t\t\t\t\t\t\t\t\t\t\t\t<div class=\"d-flex flex-column flex-lg-row align-items-center gap-5 gap-lg-8 justify-content-between\">\n\t\t\t\t\t\t\t<div class=\"fs-20 fs-lg-26 fw-semibold lh-xs\"><\/div>\n\t\t\t\t\t\t\t\t\t\t\t\t\t<\/div>\n\t\t\t\t\t<\/div>\n\t\t\t\t<\/div>\n\t\t\t\t<div class=\"col-lg-4\">\n\t\t\t\t\t<div class=\"tcta2ia__top__right t-0 r-0 bg-primary text-white pt-4 pb-4 px-2 pt-lg-8 pb-lg-16 px-lg-11 pb-xl-30\">\n\t\t\t\t\t\t\t\t\t\t\t\t\t\t\t\t\t\t<h2 class=\"unna fs-36 fs-lg-51 fs-xl-75 fs-italic fw-normal text-secondary\">Lisbonne : bien plus qu\u2019un s\u00e9minaire au soleil !<\/h2>\n\t\t\t\t\t\t\t\t\t\t\t\t\t\t\t\t\t\t<h3 class=\"text-white fs-18 fs-lg-20 fs-xl-28 text-original-case\">Venez d\u00e9couvrir la capitale du Portugal pour un \u00e9v\u00e8nement d\u2019entreprise au soleil<\/h3>\n\t\t\t\t\t\t\t\t\t\t\t\t\t\t\t\t\t\t<div class=\"fs-wysiwyg mb-4 fs-lg-16 fs-xl-20\"><p><span data-contrast=\"auto\">Gr\u00e2ce \u00e0 un ensoleillement de 260 jours environ par an, Lisbonne attire de nombreux voyageurs en qu\u00eate de chal<\/span><span data-contrast=\"auto\">eur, tout en rayonnant \u00e0 l\u2019international.<\/span><span data-ccp-props=\"{&quot;134233117&quot;:false,&quot;134233118&quot;:false,&quot;201341983&quot;:0,&quot;335551550&quot;:1,&quot;335551620&quot;:1,&quot;335559685&quot;:0,&quot;335559737&quot;:0,&quot;335559738&quot;:0,&quot;335559739&quot;:160,&quot;335559740&quot;:278}\">\u00a0<\/span><\/p>\n<p><span data-contrast=\"auto\">Mais il ne faudrait surtout pas r\u00e9duire la capitale du Portugal \u00e0 sa m\u00e9t\u00e9o cl\u00e9mente. On peut fl\u00e2ner dans ses ruelles escarp\u00e9es, emprunter son <\/span><b><span data-contrast=\"auto\">l\u00e9gendaire tramway color\u00e9<\/span><\/b><span data-contrast=\"auto\"> ou profiter comme il se doit de l\u2019art de vivre portugais. Lisbonne, c\u2019est aussi une culture mill\u00e9naire qui n\u2019h\u00e9site pas \u00e0 se renouveler.<\/span><span data-ccp-props=\"{}\">\u00a0<\/span><\/p>\n<p><span data-contrast=\"auto\">Des <\/span><b><span data-contrast=\"auto\">street-artists<\/span><\/b><span data-contrast=\"auto\"> ont en effet \u00e9lu domicile dans la ville qu\u2019ils redessinent, en prenant soin de ne pas la d\u00e9naturer. Si on ajoute \u00e0 cela d\u2019agr\u00e9ables plages qui bordent la ville, vous comprenez pourquoi Lisbonne est une destination id\u00e9ale pour votre prochain s\u00e9minaire\u202f!<\/span><span data-ccp-props=\"{}\">\u00a0<\/span><\/p>\n<\/div>\n\t\t\t\t\t\t\t\t\t\t\t\t\t\t\t\t\t\t\t\t\t\t\t\t<p class=\"m-0\"><img decoding=\"async\" src=\"https:\/\/myallmeeting.com\/wp-content\/uploads\/2021\/03\/aja_p_0218-34__original-633x398.jpeg\" class=\"position-relative l-0\" width=\"633\" height=\"398\" alt=\"\" loading=\"lazy\" \/><\/p>\n\t\t\t\t\t\t\t\t\t\t\t<\/div>\n\t\t\t\t<\/div>\n\t\t\t<\/div>\n\t\t<\/div>\n\t<\/div>\n\t<div class=\"tcta2ia__bottom d-lg-none pb-12 py-lg-9 pe-lg-10\">\n\t\t\t\t<div class=\"h2 fs-20 fs-lg-32 fw-semibold\">Accessibilit\u00e9\u202f<\/div>\n\t\t\t\t\t\t<div class=\"fs-wysiwyg\"><p><span data-contrast=\"auto\">\u00c0 moins de trois heures de Paris en avion, Lisbonne est desservie par les airs par neuf a\u00e9roports fran\u00e7ais (Paris donc, mais aussi Lyon, Marseille&#8230;), ce qu<\/span><span data-contrast=\"auto\">i en fait une destination particuli\u00e8rement facile d\u2019acc\u00e8s. Et une fois \u00e0 l\u2019a\u00e9roport, la ville est \u00e0 port\u00e9e de main\u202f: nul besoin de transits fastidieux puisque le centre-ville n\u2019est situ\u00e9 qu\u2019\u00e0 7 km et les moyens de transport propos\u00e9s pour s\u2019y rendre sont nombreux\u202f: taxis, m\u00e9tros ou bus\u2026<\/span><span data-ccp-props=\"{}\">\u00a0<\/span><\/p>\n<p><span data-contrast=\"auto\">Et pour les amoureux des rails ou phobiques de l\u2019avion (c\u2019est selon\u202f!), sachez que vous pourrez aussi rejoindre Lisbonne par le train\u202f!<\/span><span data-ccp-props=\"{}\">\u00a0<\/span><\/p>\n<\/div>\n\t\t\t\t<div class=\"d-flex flex-column flex-lg-row align-items-center gap-5 gap-lg-8 justify-content-between\">\n\t\t\t<div class=\"fs-20 fs-lg-26 fw-semibold lh-xs\"><\/div>\n\t\t\t\t\t<\/div>\n\t<\/div>\n<\/div>\n<!-- END OF : Composant : block-periscope-theme-section-composant-25-texte-cta-2-images.php -->\n\n\n<!-- START OF : Composant : block-periscope-theme-section-composant-26-textes-slider-cta.php -->\n<div class=\"t3icta bg-white pb-12 mb-9 fs-wysiwyg\" data-component=\"26-textes-3-images-cta\">\n\t<div class=\"t3icta__top position-relative\">\n\t\t<div class=\"container-fluid\" style=\"--bs-gutter-x: 0\">\n\t\t\t<div class=\"row\" style=\"--bs-gutter-x: 0\">\n\t\t\t\t\t\t\t\t<div class=\"col-lg-6\">\n\t\t\t\t\t<div class=\"t3icta__slider\">\n\t\t\t\t\t\t<div class=\"splide\">\n\t\t\t\t\t\t\t<div class=\"splide__track\">\n\t\t\t\t\t\t\t\t<div class=\"splide__list\">\n\t\t\t\t\t\t\t\t\t\t\t\t\t\t\t\t\t\t\t<div class=\"splide__slide\">\n\t\t\t\t\t\t\t\t\t\t\t<img decoding=\"async\" src=\"https:\/\/myallmeeting.com\/wp-content\/uploads\/2021\/03\/aja_p_6478-52__original-953x600.jpeg\" width=\"953\" height=\"600\" alt=\"\" loading=\"lazy\" \/>\n\t\t\t\t\t\t\t\t\t\t<\/div>\n\t\t\t\t\t\t\t\t\t\t\t\t\t\t\t\t\t\n\t\t\t\t\t\t\t\t<\/div>\n\t\t\t\t\t\t\t<\/div>\n\t\t\t\t\t\t\t<div class=\"splide__arrows d-none d-lg-block\">\n\t\t\t\t\t\t\t\t<button class=\"splide__arrow splide__arrow--prev px-lg-3 py-lg-4 px-xl-4 py-xl-5 px-xxl-5 py-xxl-7 position-absolute l-0 bg-white border-0\">\n\t\t\t\t\t\t\t\t\t<svg width=\"14\" height=\"27\" aria-hidden=\"true\">\n\t\t\t\t\t\t\t\t\t\t<use xlink:href=\"https:\/\/myallmeeting.com\/wp-content\/themes\/accor\/assets\/images\/sprite.svg#slider-prev\"><\/use>\n\t\t\t\t\t\t\t\t\t<\/svg>\n\t\t\t\t\t\t\t\t<\/button>\n\t\t\t\t\t\t\t\t<button class=\"splide__arrow splide__arrow--next px-lg-3 py-lg-4 px-xl-4 py-xl-5 px-xxl-5 py-xxl-7 position-absolute r-0 bg-white border-0\">\n\t\t\t\t\t\t\t\t\t<svg width=\"14\" height=\"27\" aria-hidden=\"true\">\n\t\t\t\t\t\t\t\t\t\t<use xlink:href=\"https:\/\/myallmeeting.com\/wp-content\/themes\/accor\/assets\/images\/sprite.svg#slider-prev\"><\/use>\n\t\t\t\t\t\t\t\t\t<\/svg>\n\t\t\t\t\t\t\t\t<\/button>\n\t\t\t\t\t\t\t<\/div>\n\t\t\t\t\t\t<\/div>\n\t\t\t\t\t<\/div>\n\t\t\t\t<\/div>\n\t\t\t\t\t\t\t\t<div class=\"col-lg-6\">\n\t\t\t\t\t<div class=\"t3icta__top_right mb-lg-14 px-2 py-9 px-lg-11 py-lg-0\">\n\t\t\t\t\t\t\t\n\t\t\t\t\t\t<h2 class=\"fs-20 fs-lg-23 fs-xl-27 fs-xxl-30 fw-semibold\">Le r\u00e9seau Accor \u00e0 Lisbonne<\/h2>\n\t\t\t\t\t\t\t\t\t\t\t\t\t\n\t\t\t\t\t\t<div class=\"fs-wysiwyg\">\n\t\t\t\t\t\t\t<p><span data-contrast=\"auto\" xml:lang=\"FR-FR\" lang=\"FR-FR\" class=\"TextRun SCXW131314990 BCX8\"><span class=\"NormalTextRun SCXW131314990 BCX8\">Vous disposez non moins de <\/span><\/span><span data-contrast=\"auto\" xml:lang=\"FR-FR\" lang=\"FR-FR\" class=\"TextRun SCXW131314990 BCX8\"><span class=\"NormalTextRun SCXW131314990 BCX8\">13 h\u00f4tels<\/span><\/span><span data-contrast=\"auto\" xml:lang=\"FR-FR\" lang=\"FR-FR\" class=\"TextRun SCXW131314990 BCX8\"><span class=\"NormalTextRun SCXW131314990 BCX8\"> du r\u00e9seau Accor \u00e0 Lisbonne. Une large vari\u00e9t\u00e9 de gammes y sont pr\u00e9sentes, du <\/span><\/span><span data-contrast=\"auto\" xml:lang=\"FR-FR\" lang=\"FR-FR\" class=\"TextRun SCXW131314990 BCX8\"><span class=\"NormalTextRun SpellingErrorV2Themed SCXW131314990 BCX8\">Luxury<\/span><span class=\"NormalTextRun SCXW131314990 BCX8\"> <\/span><\/span><span data-contrast=\"auto\" xml:lang=\"FR-FR\" lang=\"FR-FR\" class=\"TextRun SCXW131314990 BCX8\"><span class=\"NormalTextRun SCXW131314990 BCX8\">(1 Sofitel) au <\/span><\/span><span data-contrast=\"auto\" xml:lang=\"FR-FR\" lang=\"FR-FR\" class=\"TextRun SCXW131314990 BCX8\"><span class=\"NormalTextRun SpellingErrorV2Themed SCXW131314990 BCX8\">Midscale<\/span><span class=\"NormalTextRun SCXW131314990 BCX8\"> <\/span><\/span><span data-contrast=\"auto\" xml:lang=\"FR-FR\" lang=\"FR-FR\" class=\"TextRun SCXW131314990 BCX8\"><span class=\"NormalTextRun SCXW131314990 BCX8\">(1 Novotel, 2 Mercure et m\u00eame un Mama Shelter) en passant par l\u2019<\/span><\/span><span data-contrast=\"auto\" xml:lang=\"FR-FR\" lang=\"FR-FR\" class=\"TextRun SCXW131314990 BCX8\"><span class=\"NormalTextRun SCXW131314990 BCX8\">Economy <\/span><\/span><span data-contrast=\"auto\" xml:lang=\"FR-FR\" lang=\"FR-FR\" class=\"TextRun SCXW131314990 BCX8\"><span class=\"NormalTextRun SCXW131314990 BCX8\">(5 ibis &amp; 3 ibis Styles). De quoi satisfaire tous les budgets\u2026 et trouver des capacit\u00e9s MICE adapt\u00e9es \u00e0 vos besoins.\u00a0<\/span><\/span><span class=\"EOP SCXW131314990 BCX8\" data-ccp-props=\"{}\">\u00a0<\/span><\/p>\n\t\t\t\t\t\t<\/div>\n\t\t\t\t\t\t\t\t\t\t\t<\/div>\n\t\t\t\t<\/div>\n\t\t\t<\/div>\n\t\t<\/div>\n\t<\/div>\n\t<div class=\"t3icta__bottom bg-beige\">\n\t\t<div class=\"container-fluid\" style=\"--bs-gutter-x: 0\">\n\t\t\t<div class=\"row\" style=\"--bs-gutter-x: 0\">\n\t\t\t\t<div class=\"col-lg-5 offset-lg-1\">\n\t\t\t\t\t<div class=\"t3icta__bottom__left\">\n\t\t\t\t\t\t\t\t\t\t\t\t<img decoding=\"async\" src=\"https:\/\/myallmeeting.com\/wp-content\/uploads\/2021\/03\/aja_p_0788-49__original-633x398.jpeg\" class=\"w-100 d-lg-none\" width=\"633\" height=\"398\" alt=\"\" loading=\"lazy\" \/> <!-- Ce sont les 2 m\u00eames images : ID 0 -->\n\t\t\t\t\t\t\t\t\t\t\t\t<div class=\"px-2 py-9 px-lg-0 py-lg-0\">\n\t\t\t\t\t\t\t\t\n\t\t\t\t\t\t\t<h2 class=\"fs-20 fs-lg-23 fs-xl-27 fs-xxl-30 fw-semibold\">Id\u00e9e d\u2019incentives<\/h2>\n\t\t\t\t\t\t\t\t\t\t\t\t\t\t\t\n\t\t\t\t\t\t\t<div class=\"fs-wysiwyg mb-lg-15\">\n\t\t\t\t\t\t\t\t<p><span data-contrast=\"auto\">Lisbonne, capitale du Portugal, est la ville id\u00e9ale pour offrir \u00e0 vos \u00e9quipes un <\/span><b><span data-contrast=\"auto\">team building d\u00e9paysant et ensoleill\u00e9<\/span><\/b><span data-contrast=\"auto\">\u202f!<\/span><span data-ccp-props=\"{}\">\u00a0<\/span><\/p>\n<p><span data-contrast=\"auto\">Quoi de mieux qu\u2019un jeu de piste \u00e0 grande \u00e9chelle pour d\u00e9couvrir le centre-ville\u202f? Une <\/span><b><span data-contrast=\"auto\">chasse au tr\u00e9sor ludique<\/span><\/b><span data-contrast=\"auto\"> qui vous conduira \u00e0 explorer dans une belle dynamique des quartiers iconiques tels que\u202fl\u2019Alfama, <\/span><span data-contrast=\"auto\">la \u202fM<\/span><span data-contrast=\"auto\">ouraria\u202fou encore\u202fl\u2019Intendente.<\/span><span data-ccp-props=\"{}\">\u00a0<\/span><\/p>\n<p><span data-contrast=\"auto\">Pour les plus curieux qui souhaitent s\u2019impr\u00e9gner de la culture de la ville, ne passez pas \u00e0 c\u00f4t\u00e9 de la visite de la <\/span><b><span data-contrast=\"auto\">LX Factory,<\/span><\/b><span data-contrast=\"auto\"> ancienne fabrique de textile dans le quartier Alc\u00e2ntara de Lisbonne. Vous y trouverez des artistes, des libraires, des restaurants\u2026 tout ce qui fait la richesse et la culture de Lisbonne jusqu\u2019\u00e0 maintenant.<\/span><span data-ccp-props=\"{}\">\u00a0<\/span><\/p>\n\t\t\t\t\t\t\t<\/div>\n\t\t\t\t\t\t\t\t\t\t\t\t\t<\/div>\n\t\t\t\t\t\t\t\t\t\t\t\t<div class=\"t3icta__bottom__img1 d-none d-lg-block text-end ms-lg-auto\">\n\t\t\t\t\t\t\t<img decoding=\"async\" src=\"https:\/\/myallmeeting.com\/wp-content\/uploads\/2021\/03\/aja_p_0788-49__original-633x398.jpeg\" width=\"633\" height=\"398\" alt=\"\" loading=\"lazy\" \/> <!-- Ce sont les 2 m\u00eames images : ID 1 -->\n\t\t\t\t\t\t<\/div>\n\t\t\t\t\t\t\t\t\t\t\t<\/div>\n\t\t\t\t<\/div>\n\t\t\t\t<div class=\"col-lg-5\">\n\t\t\t\t\t<div class=\"ps-lg-10\">\n\t\t\t\t\t\t\t\t\t\t\t\t<img decoding=\"async\" src=\"https:\/\/myallmeeting.com\/wp-content\/uploads\/2021\/03\/aja_p_0920-50__original-633x398.jpeg\" class=\"t3icta__bottom__img0 position-relative d-none d-lg-block mb-15\" width=\"633\" height=\"398\" alt=\"\" loading=\"lazy\" \/> <!-- Ce sont les 2 m\u00eames images : ID 0 -->\n\t\t\t\t\t\t\t\t\t\t\t\t<div class=\"px-2 px-lg-0 mb-9\">\n\t\t\t\t\t\t\t\t\n\t\t\t\t\t\t\t<h2 class=\"fs-20 fs-lg-23 fs-xl-27 fs-xxl-30 fw-semibold\">Organisez une initiation au coasteering dans la r\u00e9serve d\u2019Arrabida<\/h2>\n\t\t\t\t\t\t\t\t\t\t\t\t\t\t\t\t\t\t\t\t\t<div class=\"fs-wysiwyg\">\n\t\t\t\t\t\t\t\t<p><span data-contrast=\"auto\">Envie de ressouder vos \u00e9quipes mais surtout de leur proposer une activit\u00e9 qu\u2019ils n\u2019ont pas l\u2019habitude de pratiquer\u202f? Vous \u00eates au bon endroit\u202f!\u00a0<\/span><span data-ccp-props=\"{}\">\u00a0<\/span><\/p>\n<p><span data-contrast=\"auto\">Cette activit\u00e9 sportive consiste \u00e0 <\/span><b><span data-contrast=\"auto\">alterner sauts, descentes en rappel, natation et escalade le long de la c\u00f4te<\/span><\/b><span data-contrast=\"auto\">. Proposez ainsi \u00e0 vos coll\u00e8gues de d\u00e9couvrir la c\u00f4te comme ils ne l\u2019ont jamais<\/span><span data-contrast=\"auto\"> vue e<\/span><span data-contrast=\"auto\">t en repoussant leurs limites.<\/span><span data-ccp-props=\"{}\">\u00a0<\/span><\/p>\n\t\t\t\t\t\t\t<\/div>\n\t\t\t\t\t\t\t\t\t\t\t\t\t<\/div>\n\t\t\t\t\t\t\t\t\t\t\t\t<div class=\"t3icta__bottom__img1 d-lg-none mx-auto\">\n\t\t\t\t\t\t\t<img decoding=\"async\" src=\"https:\/\/myallmeeting.com\/wp-content\/uploads\/2021\/03\/aja_p_0920-50__original-633x398.jpeg\" width=\"633\" height=\"398\" alt=\"\" loading=\"lazy\" \/> <!-- Ce sont les 2 m\u00eames images : ID 1 -->\n\t\t\t\t\t\t<\/div>\n\t\t\t\t\t\t\t\t\t\t\t<\/div>\n\t\t\t\t<\/div>\n\t\t\t<\/div>\n\t\t<\/div>\n\t<\/div>\n\t<\/div>\n<!-- END OF : Composant : block-periscope-theme-section-composant-26-textes-slider-cta.php -->\n","protected":false},"excerpt":{"rendered":"<p>Venez d\u00e9couvrir la capitale du Portugal pour un \u00e9v\u00e8nement d\u2019entreprise au soleil<\/p>\n","protected":false},"featured_media":16555741,"menu_order":0,"template":"","ville":[],"periscope_lieu_tax":[],"class_list":["post-15227031","desti","type-desti","status-publish","has-post-thumbnail","hentry"],"acf":[],"yoast_head":"<title>Lisbonne : bien plus qu\u2019un s\u00e9minaire au soleil ! - Accor MyAllMeeting.com<\/title>\n<meta name=\"robots\" content=\"index, follow, max-snippet:-1, max-image-preview:large, max-video-preview:-1\" \/>\n<link rel=\"canonical\" href=\"https:\/\/myallmeeting.com\/fr\/wp-json\/wp\/v2\/desti\/15227031\" \/>\n<meta property=\"og:locale\" content=\"fr_FR\" \/>\n<meta property=\"og:type\" content=\"article\" \/>\n<meta property=\"og:title\" content=\"Lisbonne : bien plus qu\u2019un s\u00e9minaire au soleil ! - Accor MyAllMeeting.com\" \/>\n<meta property=\"og:description\" content=\"Venez d\u00e9couvrir la capitale du Portugal pour un \u00e9v\u00e8nement d\u2019entreprise au soleil\" \/>\n<meta property=\"og:url\" content=\"https:\/\/myallmeeting.com\/fr\/destination\/lisbonne-bien-plus-quun-seminaire-au-soleil\/\" \/>\n<meta property=\"og:site_name\" content=\"Accor MyAllMeeting.com\" \/>\n<meta property=\"article:modified_time\" content=\"2024-11-12T11:41:27+00:00\" \/>\n<meta property=\"og:image\" content=\"http:\/\/myallmeeting.com\/wp-content\/uploads\/2021\/03\/MAM-baner-1920x570-9-1024x304.png\" \/>\n\t<meta property=\"og:image:width\" content=\"1024\" \/>\n\t<meta property=\"og:image:height\" content=\"304\" \/>\n\t<meta property=\"og:image:type\" content=\"image\/png\" \/>\n<meta name=\"twitter:card\" content=\"summary_large_image\" \/>\n<meta name=\"twitter:label1\" content=\"Dur\u00e9e de lecture estim\u00e9e\" \/>\n\t<meta name=\"twitter:data1\" content=\"4 minutes\" \/>\n<script type=\"application\/ld+json\" class=\"yoast-schema-graph\">{\"@context\":\"https:\/\/schema.org\",\"@graph\":[{\"@type\":\"WebPage\",\"@id\":\"https:\/\/myallmeeting.com\/fr\/destination\/lisbonne-bien-plus-quun-seminaire-au-soleil\/\",\"url\":\"https:\/\/myallmeeting.com\/fr\/destination\/lisbonne-bien-plus-quun-seminaire-au-soleil\/\",\"name\":\"Lisbonne : bien plus qu\u2019un s\u00e9minaire au soleil ! - Accor MyAllMeeting.com\",\"isPartOf\":{\"@id\":\"https:\/\/www.myallmeeting.com\/fr\/#website\"},\"primaryImageOfPage\":{\"@id\":\"https:\/\/myallmeeting.com\/fr\/destination\/lisbonne-bien-plus-quun-seminaire-au-soleil\/#primaryimage\"},\"image\":{\"@id\":\"https:\/\/myallmeeting.com\/fr\/destination\/lisbonne-bien-plus-quun-seminaire-au-soleil\/#primaryimage\"},\"thumbnailUrl\":\"https:\/\/myallmeeting.com\/wp-content\/uploads\/2021\/03\/MAM-baner-1920x570-9.png\",\"datePublished\":\"2021-03-22T10:15:52+00:00\",\"dateModified\":\"2024-11-12T11:41:27+00:00\",\"breadcrumb\":{\"@id\":\"https:\/\/myallmeeting.com\/fr\/destination\/lisbonne-bien-plus-quun-seminaire-au-soleil\/#breadcrumb\"},\"inLanguage\":\"fr-FR\",\"potentialAction\":[{\"@type\":\"ReadAction\",\"target\":[\"https:\/\/myallmeeting.com\/fr\/destination\/lisbonne-bien-plus-quun-seminaire-au-soleil\/\"]}]},{\"@type\":\"ImageObject\",\"inLanguage\":\"fr-FR\",\"@id\":\"https:\/\/myallmeeting.com\/fr\/destination\/lisbonne-bien-plus-quun-seminaire-au-soleil\/#primaryimage\",\"url\":\"https:\/\/myallmeeting.com\/wp-content\/uploads\/2021\/03\/MAM-baner-1920x570-9.png\",\"contentUrl\":\"https:\/\/myallmeeting.com\/wp-content\/uploads\/2021\/03\/MAM-baner-1920x570-9.png\",\"width\":1920,\"height\":570},{\"@type\":\"BreadcrumbList\",\"@id\":\"https:\/\/myallmeeting.com\/fr\/destination\/lisbonne-bien-plus-quun-seminaire-au-soleil\/#breadcrumb\",\"itemListElement\":[{\"@type\":\"ListItem\",\"position\":1,\"name\":\"Accueil\",\"item\":\"https:\/\/myallmeeting.com\/fr\/\"},{\"@type\":\"ListItem\",\"position\":2,\"name\":\"Destination\",\"item\":\"https:\/\/myallmeeting.com\/fr\/destination\/\"},{\"@type\":\"ListItem\",\"position\":3,\"name\":\"Lisbonne : bien plus qu\u2019un s\u00e9minaire au soleil !\"}]},{\"@type\":\"WebSite\",\"@id\":\"https:\/\/www.myallmeeting.com\/fr\/#website\",\"url\":\"https:\/\/www.myallmeeting.com\/fr\/\",\"name\":\"Accor MyAllMeeting.com\",\"description\":\"Les Meilleurs lieux pour vos Ev\u00e9nements Professionnels\",\"publisher\":{\"@id\":\"https:\/\/www.myallmeeting.com\/fr\/#organization\"},\"potentialAction\":[{\"@type\":\"SearchAction\",\"target\":{\"@type\":\"EntryPoint\",\"urlTemplate\":\"https:\/\/www.myallmeeting.com\/fr\/?s={search_term_string}\"},\"query-input\":{\"@type\":\"PropertyValueSpecification\",\"valueRequired\":true,\"valueName\":\"search_term_string\"}}],\"inLanguage\":\"fr-FR\"},{\"@type\":\"Organization\",\"@id\":\"https:\/\/www.myallmeeting.com\/fr\/#organization\",\"name\":\"ACCOR\",\"url\":\"https:\/\/www.myallmeeting.com\/fr\/\",\"logo\":{\"@type\":\"ImageObject\",\"inLanguage\":\"fr-FR\",\"@id\":\"https:\/\/www.myallmeeting.com\/fr\/#\/schema\/logo\/image\/\",\"url\":\"\",\"contentUrl\":\"\",\"caption\":\"ACCOR\"},\"image\":{\"@id\":\"https:\/\/www.myallmeeting.com\/fr\/#\/schema\/logo\/image\/\"}}]}<\/script>","yoast_head_json":{"title":"Lisbonne : bien plus qu\u2019un s\u00e9minaire au soleil ! - Accor MyAllMeeting.com","robots":{"index":"index","follow":"follow","max-snippet":"max-snippet:-1","max-image-preview":"max-image-preview:large","max-video-preview":"max-video-preview:-1"},"canonical":"https:\/\/myallmeeting.com\/fr\/wp-json\/wp\/v2\/desti\/15227031","og_locale":"fr_FR","og_type":"article","og_title":"Lisbonne : bien plus qu\u2019un s\u00e9minaire au soleil ! - Accor MyAllMeeting.com","og_description":"Venez d\u00e9couvrir la capitale du Portugal pour un \u00e9v\u00e8nement d\u2019entreprise au soleil","og_url":"https:\/\/myallmeeting.com\/fr\/destination\/lisbonne-bien-plus-quun-seminaire-au-soleil\/","og_site_name":"Accor MyAllMeeting.com","article_modified_time":"2024-11-12T11:41:27+00:00","og_image":[{"width":1024,"height":304,"url":"http:\/\/myallmeeting.com\/wp-content\/uploads\/2021\/03\/MAM-baner-1920x570-9-1024x304.png","type":"image\/png"}],"twitter_card":"summary_large_image","twitter_misc":{"Dur\u00e9e de lecture estim\u00e9e":"4 minutes"},"schema":{"@context":"https:\/\/schema.org","@graph":[{"@type":"WebPage","@id":"https:\/\/myallmeeting.com\/fr\/destination\/lisbonne-bien-plus-quun-seminaire-au-soleil\/","url":"https:\/\/myallmeeting.com\/fr\/destination\/lisbonne-bien-plus-quun-seminaire-au-soleil\/","name":"Lisbonne : bien plus qu\u2019un s\u00e9minaire au soleil ! - Accor MyAllMeeting.com","isPartOf":{"@id":"https:\/\/www.myallmeeting.com\/fr\/#website"},"primaryImageOfPage":{"@id":"https:\/\/myallmeeting.com\/fr\/destination\/lisbonne-bien-plus-quun-seminaire-au-soleil\/#primaryimage"},"image":{"@id":"https:\/\/myallmeeting.com\/fr\/destination\/lisbonne-bien-plus-quun-seminaire-au-soleil\/#primaryimage"},"thumbnailUrl":"https:\/\/myallmeeting.com\/wp-content\/uploads\/2021\/03\/MAM-baner-1920x570-9.png","datePublished":"2021-03-22T10:15:52+00:00","dateModified":"2024-11-12T11:41:27+00:00","breadcrumb":{"@id":"https:\/\/myallmeeting.com\/fr\/destination\/lisbonne-bien-plus-quun-seminaire-au-soleil\/#breadcrumb"},"inLanguage":"fr-FR","potentialAction":[{"@type":"ReadAction","target":["https:\/\/myallmeeting.com\/fr\/destination\/lisbonne-bien-plus-quun-seminaire-au-soleil\/"]}]},{"@type":"ImageObject","inLanguage":"fr-FR","@id":"https:\/\/myallmeeting.com\/fr\/destination\/lisbonne-bien-plus-quun-seminaire-au-soleil\/#primaryimage","url":"https:\/\/myallmeeting.com\/wp-content\/uploads\/2021\/03\/MAM-baner-1920x570-9.png","contentUrl":"https:\/\/myallmeeting.com\/wp-content\/uploads\/2021\/03\/MAM-baner-1920x570-9.png","width":1920,"height":570},{"@type":"BreadcrumbList","@id":"https:\/\/myallmeeting.com\/fr\/destination\/lisbonne-bien-plus-quun-seminaire-au-soleil\/#breadcrumb","itemListElement":[{"@type":"ListItem","position":1,"name":"Accueil","item":"https:\/\/myallmeeting.com\/fr\/"},{"@type":"ListItem","position":2,"name":"Destination","item":"https:\/\/myallmeeting.com\/fr\/destination\/"},{"@type":"ListItem","position":3,"name":"Lisbonne : bien plus qu\u2019un s\u00e9minaire au soleil !"}]},{"@type":"WebSite","@id":"https:\/\/www.myallmeeting.com\/fr\/#website","url":"https:\/\/www.myallmeeting.com\/fr\/","name":"Accor MyAllMeeting.com","description":"Les Meilleurs lieux pour vos Ev\u00e9nements Professionnels","publisher":{"@id":"https:\/\/www.myallmeeting.com\/fr\/#organization"},"potentialAction":[{"@type":"SearchAction","target":{"@type":"EntryPoint","urlTemplate":"https:\/\/www.myallmeeting.com\/fr\/?s={search_term_string}"},"query-input":{"@type":"PropertyValueSpecification","valueRequired":true,"valueName":"search_term_string"}}],"inLanguage":"fr-FR"},{"@type":"Organization","@id":"https:\/\/www.myallmeeting.com\/fr\/#organization","name":"ACCOR","url":"https:\/\/www.myallmeeting.com\/fr\/","logo":{"@type":"ImageObject","inLanguage":"fr-FR","@id":"https:\/\/www.myallmeeting.com\/fr\/#\/schema\/logo\/image\/","url":"","contentUrl":"","caption":"ACCOR"},"image":{"@id":"https:\/\/www.myallmeeting.com\/fr\/#\/schema\/logo\/image\/"}}]}},"_links":{"self":[{"href":"https:\/\/myallmeeting.com\/fr\/wp-json\/wp\/v2\/desti\/15227031","targetHints":{"allow":["GET"]}}],"collection":[{"href":"https:\/\/myallmeeting.com\/fr\/wp-json\/wp\/v2\/desti"}],"about":[{"href":"https:\/\/myallmeeting.com\/fr\/wp-json\/wp\/v2\/types\/desti"}],"wp:featuredmedia":[{"embeddable":true,"href":"https:\/\/myallmeeting.com\/fr\/wp-json\/wp\/v2\/media\/16555741"}],"wp:attachment":[{"href":"https:\/\/myallmeeting.com\/fr\/wp-json\/wp\/v2\/media?parent=15227031"}],"wp:term":[{"taxonomy":"ville","embeddable":true,"href":"https:\/\/myallmeeting.com\/fr\/wp-json\/wp\/v2\/ville?post=15227031"},{"taxonomy":"periscope_lieu_tax","embeddable":true,"href":"https:\/\/myallmeeting.com\/fr\/wp-json\/wp\/v2\/periscope_lieu_tax?post=15227031"}],"curies":[{"name":"wp","href":"https:\/\/api.w.org\/{rel}","templated":true}]}}