{"id":15227030,"date":"2021-09-30T15:19:58","date_gmt":"2021-09-30T13:19:58","guid":{"rendered":"https:\/\/myallmeeting.com\/fr\/destination\/monaco-un-seminaire-solaire\/"},"modified":"2024-12-09T15:14:51","modified_gmt":"2024-12-09T14:14:51","slug":"monaco-un-seminaire-solaire","status":"publish","type":"desti","link":"https:\/\/myallmeeting.com\/fr\/destination\/monaco-un-seminaire-solaire\/","title":{"rendered":"Monaco : un s\u00e9minaire solaire !"},"content":{"rendered":"<!-- START OF : Composant : block-periscope-theme-section-composant-25-texte-cta-2-images.php -->\n<div class=\"tcta2ia bg-white fs-wysiwyg mb-lg-12\" data-component=\"25-texte-cta-2-images\">\n\t<div class=\"tcta2ia__top\">\n\t\t<div class=\"container-fluid\" style=\"--bs-gutter-x: 0\">\n\t\t\t<div class=\"row\" style=\"--bs-gutter-x: 0\">\n\t\t\t\t<div class=\"col-lg-8\">\n\t\t\t\t\t\t\t\t\t\t<div class=\"bloc-mise-en-avant__top__left\">\n\t\t\t\t\t\t<img decoding=\"async\" src=\"https:\/\/myallmeeting.com\/wp-content\/uploads\/2021\/09\/aja_p_6838-75__original-1268x846.jpeg\" class=\"pe-2 pe-lg-0\" width=\"1268\" height=\"846\" alt=\"\" loading=\"lazy\" \/>\n\t\t\t\t\t<\/div>\n\t\t\t\t\t\t\t\t\t\t<div class=\"tcta2ia__bottom d-none d-lg-block pb-12 pt-lg-9 pb-lg-0 pe-lg-10\">\n\t\t\t\t\t\t\t\t\t\t\t\t<h2 class=\"fs-20 fs-lg-32 fw-semibold\">Accessibilit\u00e9 <\/h2>\n\t\t\t\t\t\t\t\t\t\t\t\t\t\t\t\t\t\t<div class=\"fs-wysiwyg\"><p>Gr\u00e2ce \u00e0 sa proximit\u00e9 \u2013 25 km \u2013 avec l\u2019a\u00e9roport de Nice, Monaco est facilement accessible de Paris et d\u2019une trentaine de villes europ\u00e9ennes. Elle b\u00e9n\u00e9ficie \u00e9galement d\u2019une excellente connexion ferroviaire. Enfin, si la Principaut\u00e9 peut compter sur un solide r\u00e9seau de bus, n\u2019oubliez pas qu\u2019elle demeure un terrain de jeu parfait pour fl\u00e2ner et ce, en toute s\u00e9curit\u00e9. La ville est en effet consid\u00e9r\u00e9e comme l\u2019une des plus s\u00fbres au monde\u00a0!<\/p>\n<\/div>\n\t\t\t\t\t\t\t\t\t\t\t\t<div class=\"d-flex flex-column flex-lg-row align-items-center gap-5 gap-lg-8 justify-content-between\">\n\t\t\t\t\t\t\t<div class=\"fs-20 fs-lg-26 fw-semibold lh-xs\"><\/div>\n\t\t\t\t\t\t\t\t\t\t\t\t\t<\/div>\n\t\t\t\t\t<\/div>\n\t\t\t\t<\/div>\n\t\t\t\t<div class=\"col-lg-4\">\n\t\t\t\t\t<div class=\"tcta2ia__top__right t-0 r-0 bg-primary text-white pt-4 pb-4 px-2 pt-lg-8 pb-lg-16 px-lg-11 pb-xl-30\">\n\t\t\t\t\t\t\t\t\t\t\t\t\t\t\t\t\t\t<h2 class=\"unna fs-36 fs-lg-51 fs-xl-75 fs-italic fw-normal text-secondary\">Monaco : un s\u00e9minaire solaire !<\/h2>\n\t\t\t\t\t\t\t\t\t\t\t\t\t\t\t\t\t\t<h3 class=\"text-white fs-18 fs-lg-20 fs-xl-28 text-original-case\">Quoi de mieux qu\u2019un bain de soleil pour travailler en toute s\u00e9r\u00e9nit\u00e9 ? <\/h3>\n\t\t\t\t\t\t\t\t\t\t\t\t\t\t\t\t\t\t<div class=\"fs-wysiwyg mb-4 fs-lg-16 fs-xl-20\"><p>Avec 300 jours de beau temps par an, Monaco est l\u2019une des destinations europ\u00e9ennes les plus pris\u00e9es des accros aux UV.<\/p>\n<p>Mais si cette petite principaut\u00e9 de 202 hectares est entr\u00e9e dans la l\u00e9gende, c\u2019est avant tout pour sa touche glamour. Depuis le mariage du prince Rainier et de Grace Kelly, en 1956, Monaco a cultiv\u00e9 cette identit\u00e9 qui n\u2019a jamais cess\u00e9 de nous faire r\u00eaver. Restaurants \u00e9toil\u00e9s, casino mythique, magasins de luxe, le Rocher ne d\u00e9cevra pas les amateurs de paillettes !<\/p>\n<p>C\u00f4t\u00e9 culture, Monaco est \u00e9galement bien pourvue. Une visite au passionnant Mus\u00e9e oc\u00e9anographique ou encore une soir\u00e9e \u00e0 l\u2019op\u00e9ra de Monte-Carlo sont des musts\u2026<\/p>\n<\/div>\n\t\t\t\t\t\t\t\t\t\t\t\t\t\t\t\t\t\t\t\t\t\t\t\t<p class=\"m-0\"><img decoding=\"async\" src=\"https:\/\/myallmeeting.com\/wp-content\/uploads\/2021\/09\/aja_p_2962-36__original-633x398.jpeg\" class=\"position-relative l-0\" width=\"633\" height=\"398\" alt=\"\" loading=\"lazy\" \/><\/p>\n\t\t\t\t\t\t\t\t\t\t\t<\/div>\n\t\t\t\t<\/div>\n\t\t\t<\/div>\n\t\t<\/div>\n\t<\/div>\n\t<div class=\"tcta2ia__bottom d-lg-none pb-12 py-lg-9 pe-lg-10\">\n\t\t\t\t<div class=\"h2 fs-20 fs-lg-32 fw-semibold\">Accessibilit\u00e9 <\/div>\n\t\t\t\t\t\t<div class=\"fs-wysiwyg\"><p>Gr\u00e2ce \u00e0 sa proximit\u00e9 \u2013 25 km \u2013 avec l\u2019a\u00e9roport de Nice, Monaco est facilement accessible de Paris et d\u2019une trentaine de villes europ\u00e9ennes. Elle b\u00e9n\u00e9ficie \u00e9galement d\u2019une excellente connexion ferroviaire. Enfin, si la Principaut\u00e9 peut compter sur un solide r\u00e9seau de bus, n\u2019oubliez pas qu\u2019elle demeure un terrain de jeu parfait pour fl\u00e2ner et ce, en toute s\u00e9curit\u00e9. La ville est en effet consid\u00e9r\u00e9e comme l\u2019une des plus s\u00fbres au monde\u00a0!<\/p>\n<\/div>\n\t\t\t\t<div class=\"d-flex flex-column flex-lg-row align-items-center gap-5 gap-lg-8 justify-content-between\">\n\t\t\t<div class=\"fs-20 fs-lg-26 fw-semibold lh-xs\"><\/div>\n\t\t\t\t\t<\/div>\n\t<\/div>\n<\/div>\n<!-- END OF : Composant : block-periscope-theme-section-composant-25-texte-cta-2-images.php -->\n\n\n<!-- START OF : Composant : block-periscope-theme-section-composant-26-textes-slider-cta.php -->\n<div class=\"t3icta bg-white pb-12 mb-9 fs-wysiwyg\" data-component=\"26-textes-3-images-cta\">\n\t<div class=\"t3icta__top position-relative\">\n\t\t<div class=\"container-fluid\" style=\"--bs-gutter-x: 0\">\n\t\t\t<div class=\"row\" style=\"--bs-gutter-x: 0\">\n\t\t\t\t\t\t\t\t<div class=\"col-lg-6\">\n\t\t\t\t\t<div class=\"t3icta__slider\">\n\t\t\t\t\t\t<div class=\"splide\">\n\t\t\t\t\t\t\t<div class=\"splide__track\">\n\t\t\t\t\t\t\t\t<div class=\"splide__list\">\n\t\t\t\t\t\t\t\t\t\t\t\t\t\t\t\t\t\t\t<div class=\"splide__slide\">\n\t\t\t\t\t\t\t\t\t\t\t<img decoding=\"async\" src=\"https:\/\/myallmeeting.com\/wp-content\/uploads\/2021\/09\/aja_p_6124-51__original-953x600.jpeg\" width=\"953\" height=\"600\" alt=\"\" loading=\"lazy\" \/>\n\t\t\t\t\t\t\t\t\t\t<\/div>\n\t\t\t\t\t\t\t\t\t\t\t\t\t\t\t\t\t\n\t\t\t\t\t\t\t\t<\/div>\n\t\t\t\t\t\t\t<\/div>\n\t\t\t\t\t\t\t<div class=\"splide__arrows d-none d-lg-block\">\n\t\t\t\t\t\t\t\t<button class=\"splide__arrow splide__arrow--prev px-lg-3 py-lg-4 px-xl-4 py-xl-5 px-xxl-5 py-xxl-7 position-absolute l-0 bg-white border-0\">\n\t\t\t\t\t\t\t\t\t<svg width=\"14\" height=\"27\" aria-hidden=\"true\">\n\t\t\t\t\t\t\t\t\t\t<use xlink:href=\"https:\/\/myallmeeting.com\/wp-content\/themes\/accor\/assets\/images\/sprite.svg#slider-prev\"><\/use>\n\t\t\t\t\t\t\t\t\t<\/svg>\n\t\t\t\t\t\t\t\t<\/button>\n\t\t\t\t\t\t\t\t<button class=\"splide__arrow splide__arrow--next px-lg-3 py-lg-4 px-xl-4 py-xl-5 px-xxl-5 py-xxl-7 position-absolute r-0 bg-white border-0\">\n\t\t\t\t\t\t\t\t\t<svg width=\"14\" height=\"27\" aria-hidden=\"true\">\n\t\t\t\t\t\t\t\t\t\t<use xlink:href=\"https:\/\/myallmeeting.com\/wp-content\/themes\/accor\/assets\/images\/sprite.svg#slider-prev\"><\/use>\n\t\t\t\t\t\t\t\t\t<\/svg>\n\t\t\t\t\t\t\t\t<\/button>\n\t\t\t\t\t\t\t<\/div>\n\t\t\t\t\t\t<\/div>\n\t\t\t\t\t<\/div>\n\t\t\t\t<\/div>\n\t\t\t\t\t\t\t\t<div class=\"col-lg-6\">\n\t\t\t\t\t<div class=\"t3icta__top_right mb-lg-14 px-2 py-9 px-lg-11 py-lg-0\">\n\t\t\t\t\t\t\t\n\t\t\t\t\t\t<h2 class=\"fs-20 fs-lg-23 fs-xl-27 fs-xxl-30 fw-semibold\">Le r\u00e9seau Accor \u00e0 Monaco<\/h2>\n\t\t\t\t\t\t\t\t\t\t\t\t\t\n\t\t\t\t\t\t<div class=\"fs-wysiwyg\">\n\t\t\t\t\t\t\t<p>\u00c0 Monaco, le r\u00e9seau Accor propose 4 h\u00f4tels\u00a0: 1 Fairmont, 1 Novotel et 2 Adagio.<\/p>\n<p>Dot\u00e9 d\u2019une enveloppe audacieuse, le <a href=\"https:\/\/myallmeeting.com\/fr\/hotel\/a598-fairmont-monte-carlo\/\" target=\"_blank\" rel=\"noopener\">Fairmont Monte-Carlo<\/a> est une adresse pris\u00e9e, qui propose des chambres aux vues exceptionnelles. On peut y admirer la M\u00e9diterran\u00e9e, bien s\u00fbr, mais aussi le c\u00e9l\u00e8bre virage en \u00e9pingle du circuit de Formule 1\u2026<\/p>\n<p>L\u2019espace MICE est \u00e0 la hauteur de la r\u00e9putation de l\u2019h\u00f4tel. La \u00ab\u00a0salle d\u2019or\u00a0\u00bb est tout simplement la plus grande salle de r\u00e9union du groupe Accor avec une capacit\u00e9 d\u2019accueil de 400 personnes et une surface de 1\u00a0400\u00a0m\u00b2.<\/p>\n<p>Une galerie en baie vitr\u00e9e pouvant abriter 240 personnes, un rooftop g\u00e9ant, 18 salles de r\u00e9union\u2026 le Fairmont Monte-Carlo voit les choses en grand\u00a0!<\/p>\n\t\t\t\t\t\t<\/div>\n\t\t\t\t\t\t\t\t\t\t\t<\/div>\n\t\t\t\t<\/div>\n\t\t\t<\/div>\n\t\t<\/div>\n\t<\/div>\n\t<div class=\"t3icta__bottom bg-beige\">\n\t\t<div class=\"container-fluid\" style=\"--bs-gutter-x: 0\">\n\t\t\t<div class=\"row\" style=\"--bs-gutter-x: 0\">\n\t\t\t\t<div class=\"col-lg-5 offset-lg-1\">\n\t\t\t\t\t<div class=\"t3icta__bottom__left\">\n\t\t\t\t\t\t\t\t\t\t\t\t<img decoding=\"async\" src=\"https:\/\/myallmeeting.com\/wp-content\/uploads\/2021\/09\/aja_p_6240-47__original-633x398.jpeg\" class=\"w-100 d-lg-none\" width=\"633\" height=\"398\" alt=\"\" loading=\"lazy\" \/> <!-- Ce sont les 2 m\u00eames images : ID 0 -->\n\t\t\t\t\t\t\t\t\t\t\t\t<div class=\"px-2 py-9 px-lg-0 py-lg-0\">\n\t\t\t\t\t\t\t\t\t\t\t\t\t\t\t\n\t\t\t\t\t\t\t<div class=\"fs-wysiwyg mb-lg-15\">\n\t\t\t\t\t\t\t\t<p>Pour plus d\u2019intimit\u00e9, vous pouvez vous rendre au <a href=\"https:\/\/myallmeeting.com\/fr\/hotel\/5275-novotel-monte-carlo\/\" target=\"_blank\" rel=\"noopener\">Novotel Monte-Carlo<\/a>. Design\u00e9 aux couleurs des rivieras du monde, cet h\u00f4tel trois \u00e9toiles joliment r\u00e9nov\u00e9 constitue un magnifique point de chute pour celles et ceux \u00e0 la recherche d\u2019un Monaco plus discret.<\/p>\n<p>Tout comme le Fairmont, le Novotel Monte-Carlo dispose d\u2019un tr\u00e8s bel \u00e9crin. Ses espaces professionnels, inond\u00e9s de lumi\u00e8res, sont \u00e9clectiques.<\/p>\n<p>Ils vous permettront de concevoir un \u00e9v\u00e8nement \u00e0 votre image. Cocktail sur le toit avec vue sur le palais princier, convention dans une salle grand format, ou encore brainstorming dans des salons modulables au caract\u00e8re plus informel, tout est imaginable\u00a0!<\/p>\n\t\t\t\t\t\t\t<\/div>\n\t\t\t\t\t\t\t\t\t\t\t\t\t<\/div>\n\t\t\t\t\t\t\t\t\t\t\t\t<div class=\"t3icta__bottom__img1 d-none d-lg-block text-end ms-lg-auto\">\n\t\t\t\t\t\t\t<img decoding=\"async\" src=\"https:\/\/myallmeeting.com\/wp-content\/uploads\/2021\/09\/aja_p_6240-47__original-633x398.jpeg\" width=\"633\" height=\"398\" alt=\"\" loading=\"lazy\" \/> <!-- Ce sont les 2 m\u00eames images : ID 1 -->\n\t\t\t\t\t\t<\/div>\n\t\t\t\t\t\t\t\t\t\t\t<\/div>\n\t\t\t\t<\/div>\n\t\t\t\t<div class=\"col-lg-5\">\n\t\t\t\t\t<div class=\"ps-lg-10\">\n\t\t\t\t\t\t\t\t\t\t\t\t<img decoding=\"async\" src=\"https:\/\/myallmeeting.com\/wp-content\/uploads\/2021\/09\/aja_p_6124-56__original-1-633x398.jpeg\" class=\"t3icta__bottom__img0 position-relative d-none d-lg-block mb-15\" width=\"633\" height=\"398\" alt=\"\" loading=\"lazy\" \/> <!-- Ce sont les 2 m\u00eames images : ID 0 -->\n\t\t\t\t\t\t\t\t\t\t\t\t<div class=\"px-2 px-lg-0 mb-9\">\n\t\t\t\t\t\t\t\t\n\t\t\t\t\t\t\t<h2 class=\"fs-20 fs-lg-23 fs-xl-27 fs-xxl-30 fw-semibold\">Id\u00e9es d\u2019incentives \u00e0 Monaco<\/h2>\n\t\t\t\t\t\t\t\t\t\t\t\t\t\t\t\t\t\t\t\t\t<div class=\"fs-wysiwyg\">\n\t\t\t\t\t\t\t\t<p>La ville de Monaco, \u00e9galement connue sous le nom du Rocher, est LA destination phare pour votre prochain \u00e9v\u00e8nement <strong>haut de gamme<\/strong> et en grandes pompes.<\/p>\n<p>Destination de r\u00eave, soleil, plages \u2026 mais pas seulement\u00a0! Vous aurez l\u2019occasion d\u2019y trouver des activit\u00e9s pour faire de votre \u00e9v\u00e8nement une r\u00e9ussite.<\/p>\n<p>Organisez une sortie en mer, partez \u00e0 la d\u00e9couverte de la mer M\u00e9diterran\u00e9e comme vous ne l\u2019avez jamais vue auparavant. Rien de tel que d\u2019organiser une sortie en r\u00e9gates avec vos \u00e9quipes. Partez de Monaco et longez la c\u00f4te pour rejoindre la ville de Nice. Une sortie m\u00e9morable que vos \u00e9quipes ne seront pas pr\u00e8s d\u2019oublier.<\/p>\n\t\t\t\t\t\t\t<\/div>\n\t\t\t\t\t\t\t\t\t\t\t\t\t<\/div>\n\t\t\t\t\t\t\t\t\t\t\t\t<div class=\"t3icta__bottom__img1 d-lg-none mx-auto\">\n\t\t\t\t\t\t\t<img decoding=\"async\" src=\"https:\/\/myallmeeting.com\/wp-content\/uploads\/2021\/09\/aja_p_6124-56__original-1-633x398.jpeg\" width=\"633\" height=\"398\" alt=\"\" loading=\"lazy\" \/> <!-- Ce sont les 2 m\u00eames images : ID 1 -->\n\t\t\t\t\t\t<\/div>\n\t\t\t\t\t\t\t\t\t\t\t<\/div>\n\t\t\t\t<\/div>\n\t\t\t<\/div>\n\t\t<\/div>\n\t<\/div>\n\t<\/div>\n<!-- END OF : Composant : block-periscope-theme-section-composant-26-textes-slider-cta.php -->\n","protected":false},"excerpt":{"rendered":"<p>Venez d\u00e9couvrir la principaut\u00e9 mon\u00e9gasque pour votre prochain \u00e9v\u00e8nement professionnel. <\/p>\n","protected":false},"featured_media":17011417,"menu_order":0,"template":"","ville":[],"periscope_lieu_tax":[],"class_list":["post-15227030","desti","type-desti","status-publish","has-post-thumbnail","hentry"],"acf":[],"yoast_head":"<title>Monaco : un s\u00e9minaire solaire ! - Accor MyAllMeeting.com<\/title>\n<meta name=\"robots\" content=\"index, follow, max-snippet:-1, max-image-preview:large, max-video-preview:-1\" \/>\n<link rel=\"canonical\" href=\"https:\/\/myallmeeting.com\/fr\/wp-json\/wp\/v2\/desti\/15227030\" \/>\n<meta property=\"og:locale\" content=\"fr_FR\" \/>\n<meta property=\"og:type\" content=\"article\" \/>\n<meta property=\"og:title\" content=\"Monaco : un s\u00e9minaire solaire ! - Accor MyAllMeeting.com\" \/>\n<meta property=\"og:description\" content=\"Venez d\u00e9couvrir la principaut\u00e9 mon\u00e9gasque pour votre prochain \u00e9v\u00e8nement professionnel.\" \/>\n<meta property=\"og:url\" content=\"https:\/\/myallmeeting.com\/fr\/destination\/monaco-un-seminaire-solaire\/\" \/>\n<meta property=\"og:site_name\" content=\"Accor MyAllMeeting.com\" \/>\n<meta property=\"article:modified_time\" content=\"2024-12-09T14:14:51+00:00\" \/>\n<meta property=\"og:image\" content=\"http:\/\/myallmeeting.com\/wp-content\/uploads\/2021\/09\/MAM-baner-1920x570-2024-12-09T150810.146-1024x304.png\" \/>\n\t<meta property=\"og:image:width\" content=\"1024\" \/>\n\t<meta property=\"og:image:height\" content=\"304\" \/>\n\t<meta property=\"og:image:type\" content=\"image\/png\" \/>\n<meta name=\"twitter:card\" content=\"summary_large_image\" \/>\n<meta name=\"twitter:label1\" content=\"Dur\u00e9e de lecture estim\u00e9e\" \/>\n\t<meta name=\"twitter:data1\" content=\"4 minutes\" \/>\n<script type=\"application\/ld+json\" class=\"yoast-schema-graph\">{\"@context\":\"https:\/\/schema.org\",\"@graph\":[{\"@type\":\"WebPage\",\"@id\":\"https:\/\/myallmeeting.com\/fr\/destination\/monaco-un-seminaire-solaire\/\",\"url\":\"https:\/\/myallmeeting.com\/fr\/destination\/monaco-un-seminaire-solaire\/\",\"name\":\"Monaco : un s\u00e9minaire solaire ! - Accor MyAllMeeting.com\",\"isPartOf\":{\"@id\":\"https:\/\/www.myallmeeting.com\/fr\/#website\"},\"primaryImageOfPage\":{\"@id\":\"https:\/\/myallmeeting.com\/fr\/destination\/monaco-un-seminaire-solaire\/#primaryimage\"},\"image\":{\"@id\":\"https:\/\/myallmeeting.com\/fr\/destination\/monaco-un-seminaire-solaire\/#primaryimage\"},\"thumbnailUrl\":\"https:\/\/myallmeeting.com\/wp-content\/uploads\/2021\/09\/MAM-baner-1920x570-2024-12-09T150810.146.png\",\"datePublished\":\"2021-09-30T13:19:58+00:00\",\"dateModified\":\"2024-12-09T14:14:51+00:00\",\"breadcrumb\":{\"@id\":\"https:\/\/myallmeeting.com\/fr\/destination\/monaco-un-seminaire-solaire\/#breadcrumb\"},\"inLanguage\":\"fr-FR\",\"potentialAction\":[{\"@type\":\"ReadAction\",\"target\":[\"https:\/\/myallmeeting.com\/fr\/destination\/monaco-un-seminaire-solaire\/\"]}]},{\"@type\":\"ImageObject\",\"inLanguage\":\"fr-FR\",\"@id\":\"https:\/\/myallmeeting.com\/fr\/destination\/monaco-un-seminaire-solaire\/#primaryimage\",\"url\":\"https:\/\/myallmeeting.com\/wp-content\/uploads\/2021\/09\/MAM-baner-1920x570-2024-12-09T150810.146.png\",\"contentUrl\":\"https:\/\/myallmeeting.com\/wp-content\/uploads\/2021\/09\/MAM-baner-1920x570-2024-12-09T150810.146.png\",\"width\":1920,\"height\":570},{\"@type\":\"BreadcrumbList\",\"@id\":\"https:\/\/myallmeeting.com\/fr\/destination\/monaco-un-seminaire-solaire\/#breadcrumb\",\"itemListElement\":[{\"@type\":\"ListItem\",\"position\":1,\"name\":\"Accueil\",\"item\":\"https:\/\/myallmeeting.com\/fr\/\"},{\"@type\":\"ListItem\",\"position\":2,\"name\":\"Destination\",\"item\":\"https:\/\/myallmeeting.com\/fr\/destination\/\"},{\"@type\":\"ListItem\",\"position\":3,\"name\":\"Monaco : un s\u00e9minaire solaire !\"}]},{\"@type\":\"WebSite\",\"@id\":\"https:\/\/www.myallmeeting.com\/fr\/#website\",\"url\":\"https:\/\/www.myallmeeting.com\/fr\/\",\"name\":\"Accor MyAllMeeting.com\",\"description\":\"Les Meilleurs lieux pour vos Ev\u00e9nements Professionnels\",\"publisher\":{\"@id\":\"https:\/\/www.myallmeeting.com\/fr\/#organization\"},\"potentialAction\":[{\"@type\":\"SearchAction\",\"target\":{\"@type\":\"EntryPoint\",\"urlTemplate\":\"https:\/\/www.myallmeeting.com\/fr\/?s={search_term_string}\"},\"query-input\":{\"@type\":\"PropertyValueSpecification\",\"valueRequired\":true,\"valueName\":\"search_term_string\"}}],\"inLanguage\":\"fr-FR\"},{\"@type\":\"Organization\",\"@id\":\"https:\/\/www.myallmeeting.com\/fr\/#organization\",\"name\":\"ACCOR\",\"url\":\"https:\/\/www.myallmeeting.com\/fr\/\",\"logo\":{\"@type\":\"ImageObject\",\"inLanguage\":\"fr-FR\",\"@id\":\"https:\/\/www.myallmeeting.com\/fr\/#\/schema\/logo\/image\/\",\"url\":\"\",\"contentUrl\":\"\",\"caption\":\"ACCOR\"},\"image\":{\"@id\":\"https:\/\/www.myallmeeting.com\/fr\/#\/schema\/logo\/image\/\"}}]}<\/script>","yoast_head_json":{"title":"Monaco : un s\u00e9minaire solaire ! - Accor MyAllMeeting.com","robots":{"index":"index","follow":"follow","max-snippet":"max-snippet:-1","max-image-preview":"max-image-preview:large","max-video-preview":"max-video-preview:-1"},"canonical":"https:\/\/myallmeeting.com\/fr\/wp-json\/wp\/v2\/desti\/15227030","og_locale":"fr_FR","og_type":"article","og_title":"Monaco : un s\u00e9minaire solaire ! - Accor MyAllMeeting.com","og_description":"Venez d\u00e9couvrir la principaut\u00e9 mon\u00e9gasque pour votre prochain \u00e9v\u00e8nement professionnel.","og_url":"https:\/\/myallmeeting.com\/fr\/destination\/monaco-un-seminaire-solaire\/","og_site_name":"Accor MyAllMeeting.com","article_modified_time":"2024-12-09T14:14:51+00:00","og_image":[{"width":1024,"height":304,"url":"http:\/\/myallmeeting.com\/wp-content\/uploads\/2021\/09\/MAM-baner-1920x570-2024-12-09T150810.146-1024x304.png","type":"image\/png"}],"twitter_card":"summary_large_image","twitter_misc":{"Dur\u00e9e de lecture estim\u00e9e":"4 minutes"},"schema":{"@context":"https:\/\/schema.org","@graph":[{"@type":"WebPage","@id":"https:\/\/myallmeeting.com\/fr\/destination\/monaco-un-seminaire-solaire\/","url":"https:\/\/myallmeeting.com\/fr\/destination\/monaco-un-seminaire-solaire\/","name":"Monaco : un s\u00e9minaire solaire ! - Accor MyAllMeeting.com","isPartOf":{"@id":"https:\/\/www.myallmeeting.com\/fr\/#website"},"primaryImageOfPage":{"@id":"https:\/\/myallmeeting.com\/fr\/destination\/monaco-un-seminaire-solaire\/#primaryimage"},"image":{"@id":"https:\/\/myallmeeting.com\/fr\/destination\/monaco-un-seminaire-solaire\/#primaryimage"},"thumbnailUrl":"https:\/\/myallmeeting.com\/wp-content\/uploads\/2021\/09\/MAM-baner-1920x570-2024-12-09T150810.146.png","datePublished":"2021-09-30T13:19:58+00:00","dateModified":"2024-12-09T14:14:51+00:00","breadcrumb":{"@id":"https:\/\/myallmeeting.com\/fr\/destination\/monaco-un-seminaire-solaire\/#breadcrumb"},"inLanguage":"fr-FR","potentialAction":[{"@type":"ReadAction","target":["https:\/\/myallmeeting.com\/fr\/destination\/monaco-un-seminaire-solaire\/"]}]},{"@type":"ImageObject","inLanguage":"fr-FR","@id":"https:\/\/myallmeeting.com\/fr\/destination\/monaco-un-seminaire-solaire\/#primaryimage","url":"https:\/\/myallmeeting.com\/wp-content\/uploads\/2021\/09\/MAM-baner-1920x570-2024-12-09T150810.146.png","contentUrl":"https:\/\/myallmeeting.com\/wp-content\/uploads\/2021\/09\/MAM-baner-1920x570-2024-12-09T150810.146.png","width":1920,"height":570},{"@type":"BreadcrumbList","@id":"https:\/\/myallmeeting.com\/fr\/destination\/monaco-un-seminaire-solaire\/#breadcrumb","itemListElement":[{"@type":"ListItem","position":1,"name":"Accueil","item":"https:\/\/myallmeeting.com\/fr\/"},{"@type":"ListItem","position":2,"name":"Destination","item":"https:\/\/myallmeeting.com\/fr\/destination\/"},{"@type":"ListItem","position":3,"name":"Monaco : un s\u00e9minaire solaire !"}]},{"@type":"WebSite","@id":"https:\/\/www.myallmeeting.com\/fr\/#website","url":"https:\/\/www.myallmeeting.com\/fr\/","name":"Accor MyAllMeeting.com","description":"Les Meilleurs lieux pour vos Ev\u00e9nements Professionnels","publisher":{"@id":"https:\/\/www.myallmeeting.com\/fr\/#organization"},"potentialAction":[{"@type":"SearchAction","target":{"@type":"EntryPoint","urlTemplate":"https:\/\/www.myallmeeting.com\/fr\/?s={search_term_string}"},"query-input":{"@type":"PropertyValueSpecification","valueRequired":true,"valueName":"search_term_string"}}],"inLanguage":"fr-FR"},{"@type":"Organization","@id":"https:\/\/www.myallmeeting.com\/fr\/#organization","name":"ACCOR","url":"https:\/\/www.myallmeeting.com\/fr\/","logo":{"@type":"ImageObject","inLanguage":"fr-FR","@id":"https:\/\/www.myallmeeting.com\/fr\/#\/schema\/logo\/image\/","url":"","contentUrl":"","caption":"ACCOR"},"image":{"@id":"https:\/\/www.myallmeeting.com\/fr\/#\/schema\/logo\/image\/"}}]}},"_links":{"self":[{"href":"https:\/\/myallmeeting.com\/fr\/wp-json\/wp\/v2\/desti\/15227030","targetHints":{"allow":["GET"]}}],"collection":[{"href":"https:\/\/myallmeeting.com\/fr\/wp-json\/wp\/v2\/desti"}],"about":[{"href":"https:\/\/myallmeeting.com\/fr\/wp-json\/wp\/v2\/types\/desti"}],"wp:featuredmedia":[{"embeddable":true,"href":"https:\/\/myallmeeting.com\/fr\/wp-json\/wp\/v2\/media\/17011417"}],"wp:attachment":[{"href":"https:\/\/myallmeeting.com\/fr\/wp-json\/wp\/v2\/media?parent=15227030"}],"wp:term":[{"taxonomy":"ville","embeddable":true,"href":"https:\/\/myallmeeting.com\/fr\/wp-json\/wp\/v2\/ville?post=15227030"},{"taxonomy":"periscope_lieu_tax","embeddable":true,"href":"https:\/\/myallmeeting.com\/fr\/wp-json\/wp\/v2\/periscope_lieu_tax?post=15227030"}],"curies":[{"name":"wp","href":"https:\/\/api.w.org\/{rel}","templated":true}]}}