{"id":15227029,"date":"2021-11-17T18:46:26","date_gmt":"2021-11-17T17:46:26","guid":{"rendered":"https:\/\/myallmeeting.com\/fr\/destination\/rouen-le-must-pour-un-seminaire-culturel\/"},"modified":"2024-12-13T13:02:08","modified_gmt":"2024-12-13T12:02:08","slug":"rouen-le-must-pour-un-seminaire-culturel","status":"publish","type":"desti","link":"https:\/\/myallmeeting.com\/fr\/destination\/rouen-le-must-pour-un-seminaire-culturel\/","title":{"rendered":"Rouen : le must pour un s\u00e9minaire culturel !"},"content":{"rendered":"<!-- START OF : Composant : block-periscope-theme-section-composant-25-texte-cta-2-images.php -->\n<div class=\"tcta2ia bg-white fs-wysiwyg mb-lg-12\" data-component=\"25-texte-cta-2-images\">\n\t<div class=\"tcta2ia__top\">\n\t\t<div class=\"container-fluid\" style=\"--bs-gutter-x: 0\">\n\t\t\t<div class=\"row\" style=\"--bs-gutter-x: 0\">\n\t\t\t\t<div class=\"col-lg-8\">\n\t\t\t\t\t\t\t\t\t\t<div class=\"bloc-mise-en-avant__top__left\">\n\t\t\t\t\t\t<img decoding=\"async\" src=\"https:\/\/myallmeeting.com\/wp-content\/uploads\/2021\/11\/aja_p_7011-22__original-1268x846.jpeg\" class=\"pe-2 pe-lg-0\" width=\"1268\" height=\"846\" alt=\"\" loading=\"lazy\" \/>\n\t\t\t\t\t<\/div>\n\t\t\t\t\t\t\t\t\t\t<div class=\"tcta2ia__bottom d-none d-lg-block pb-12 pt-lg-9 pb-lg-0 pe-lg-10\">\n\t\t\t\t\t\t\t\t\t\t\t\t<h2 class=\"fs-20 fs-lg-32 fw-semibold\">Accessibilit\u00e9 <\/h2>\n\t\t\t\t\t\t\t\t\t\t\t\t\t\t\t\t\t\t<div class=\"fs-wysiwyg\"><p>Train, bus, avion, voiture\u2026 Rouen est accessible par tous les moyens de transport. La ville se situe \u00e0 environ deux heures de Paris et de ses a\u00e9roports Orly et Charles-de-Gaulle, \u00e0 partir desquels il est possible de r\u00e9server des navettes.<\/p>\n<p>Et pour minimiser votre empreinte carbone, Rouen se rejoint facilement en train, en 1 h 30 \u00e0 partir de Paris\u00a0!<\/p>\n<\/div>\n\t\t\t\t\t\t\t\t\t\t\t\t<div class=\"d-flex flex-column flex-lg-row align-items-center gap-5 gap-lg-8 justify-content-between\">\n\t\t\t\t\t\t\t<div class=\"fs-20 fs-lg-26 fw-semibold lh-xs\"><\/div>\n\t\t\t\t\t\t\t\t\t\t\t\t\t<\/div>\n\t\t\t\t\t<\/div>\n\t\t\t\t<\/div>\n\t\t\t\t<div class=\"col-lg-4\">\n\t\t\t\t\t<div class=\"tcta2ia__top__right t-0 r-0 bg-primary text-white pt-4 pb-4 px-2 pt-lg-8 pb-lg-16 px-lg-11 pb-xl-30\">\n\t\t\t\t\t\t\t\t\t\t\t\t\t\t\t\t\t\t<h2 class=\"unna fs-36 fs-lg-51 fs-xl-75 fs-italic fw-normal text-secondary\">Rouen : le must pour un s\u00e9minaire culturel !<\/h2>\n\t\t\t\t\t\t\t\t\t\t\t\t\t\t\t\t\t\t<h3 class=\"text-white fs-18 fs-lg-20 fs-xl-28 text-original-case\">Capitale historique de la Normandie, Rouen a su allier tr\u00e9sors du pass\u00e9 et modernit\u00e9\u2026 <\/h3>\n\t\t\t\t\t\t\t\t\t\t\t\t\t\t\t\t\t\t<div class=\"fs-wysiwyg mb-4 fs-lg-16 fs-xl-20\"><p>Class\u00e9e \u00ab\u00a0Ville d\u2019Art et d\u2019Histoire\u00a0\u00bb,\u00a0Rouen\u00a0impressionne par les traces de son pass\u00e9 m\u00e9di\u00e9val et les fl\u00e8ches de la cath\u00e9drale\u00a0Notre-Dame, que le peintre impressionniste Claude Monet a repr\u00e9sent\u00e9es\u2026 une trentaine de fois\u00a0!<\/p>\n<p><strong>\u00c0 Rouen, il est agr\u00e9able de s\u2019installer en terrasse et de s\u2019imaginer hors du temps<\/strong><\/p>\n<p>Rouen s\u2019appr\u00e9cie en fl\u00e2nant, les yeux lev\u00e9s pour admirer ses nombreux \u00e9difices remarquables\u00a0: maisons \u00e0 pans de bois, l\u2019abbatiale\u00a0Saint-Ouen, le Palais de Justice, la cath\u00e9drale Notre-Dame ou encore l\u2019\u00e9glise Sainte-Jeanne d\u2019Arc \u2013 bien plus r\u00e9cente puisqu\u2019elle date des ann\u00e9es 1970 \u2013 construite sur la place m\u00eame o\u00f9 Jeanne d\u2019Arc a \u00e9t\u00e9 br\u00fbl\u00e9e.<\/p>\n<\/div>\n\t\t\t\t\t\t\t\t\t\t\t\t\t\t\t\t\t\t\t\t\t\t\t\t<p class=\"m-0\"><img decoding=\"async\" src=\"https:\/\/myallmeeting.com\/wp-content\/uploads\/2021\/11\/aja_p_1281-45__original-633x398.jpeg\" class=\"position-relative l-0\" width=\"633\" height=\"398\" alt=\"\" loading=\"lazy\" \/><\/p>\n\t\t\t\t\t\t\t\t\t\t\t<\/div>\n\t\t\t\t<\/div>\n\t\t\t<\/div>\n\t\t<\/div>\n\t<\/div>\n\t<div class=\"tcta2ia__bottom d-lg-none pb-12 py-lg-9 pe-lg-10\">\n\t\t\t\t<div class=\"h2 fs-20 fs-lg-32 fw-semibold\">Accessibilit\u00e9 <\/div>\n\t\t\t\t\t\t<div class=\"fs-wysiwyg\"><p>Train, bus, avion, voiture\u2026 Rouen est accessible par tous les moyens de transport. La ville se situe \u00e0 environ deux heures de Paris et de ses a\u00e9roports Orly et Charles-de-Gaulle, \u00e0 partir desquels il est possible de r\u00e9server des navettes.<\/p>\n<p>Et pour minimiser votre empreinte carbone, Rouen se rejoint facilement en train, en 1 h 30 \u00e0 partir de Paris\u00a0!<\/p>\n<\/div>\n\t\t\t\t<div class=\"d-flex flex-column flex-lg-row align-items-center gap-5 gap-lg-8 justify-content-between\">\n\t\t\t<div class=\"fs-20 fs-lg-26 fw-semibold lh-xs\"><\/div>\n\t\t\t\t\t<\/div>\n\t<\/div>\n<\/div>\n<!-- END OF : Composant : block-periscope-theme-section-composant-25-texte-cta-2-images.php -->\n\n\n<!-- START OF : Composant : block-periscope-theme-section-composant-26-textes-slider-cta.php -->\n<div class=\"t3icta bg-white pb-12 mb-9 fs-wysiwyg\" data-component=\"26-textes-3-images-cta\">\n\t<div class=\"t3icta__top position-relative\">\n\t\t<div class=\"container-fluid\" style=\"--bs-gutter-x: 0\">\n\t\t\t<div class=\"row\" style=\"--bs-gutter-x: 0\">\n\t\t\t\t\t\t\t\t<div class=\"col-lg-6\">\n\t\t\t\t\t<div class=\"t3icta__slider\">\n\t\t\t\t\t\t<div class=\"splide\">\n\t\t\t\t\t\t\t<div class=\"splide__track\">\n\t\t\t\t\t\t\t\t<div class=\"splide__list\">\n\t\t\t\t\t\t\t\t\t\t\t\t\t\t\t\t\t\t\t<div class=\"splide__slide\">\n\t\t\t\t\t\t\t\t\t\t\t<img decoding=\"async\" src=\"https:\/\/myallmeeting.com\/wp-content\/uploads\/2021\/11\/aja_p_6711-02__original-953x600.jpeg\" width=\"953\" height=\"600\" alt=\"\" loading=\"lazy\" \/>\n\t\t\t\t\t\t\t\t\t\t<\/div>\n\t\t\t\t\t\t\t\t\t\t\t\t\t\t\t\t\t\n\t\t\t\t\t\t\t\t<\/div>\n\t\t\t\t\t\t\t<\/div>\n\t\t\t\t\t\t\t<div class=\"splide__arrows d-none d-lg-block\">\n\t\t\t\t\t\t\t\t<button class=\"splide__arrow splide__arrow--prev px-lg-3 py-lg-4 px-xl-4 py-xl-5 px-xxl-5 py-xxl-7 position-absolute l-0 bg-white border-0\">\n\t\t\t\t\t\t\t\t\t<svg width=\"14\" height=\"27\" aria-hidden=\"true\">\n\t\t\t\t\t\t\t\t\t\t<use xlink:href=\"https:\/\/myallmeeting.com\/wp-content\/themes\/accor\/assets\/images\/sprite.svg#slider-prev\"><\/use>\n\t\t\t\t\t\t\t\t\t<\/svg>\n\t\t\t\t\t\t\t\t<\/button>\n\t\t\t\t\t\t\t\t<button class=\"splide__arrow splide__arrow--next px-lg-3 py-lg-4 px-xl-4 py-xl-5 px-xxl-5 py-xxl-7 position-absolute r-0 bg-white border-0\">\n\t\t\t\t\t\t\t\t\t<svg width=\"14\" height=\"27\" aria-hidden=\"true\">\n\t\t\t\t\t\t\t\t\t\t<use xlink:href=\"https:\/\/myallmeeting.com\/wp-content\/themes\/accor\/assets\/images\/sprite.svg#slider-prev\"><\/use>\n\t\t\t\t\t\t\t\t\t<\/svg>\n\t\t\t\t\t\t\t\t<\/button>\n\t\t\t\t\t\t\t<\/div>\n\t\t\t\t\t\t<\/div>\n\t\t\t\t\t<\/div>\n\t\t\t\t<\/div>\n\t\t\t\t\t\t\t\t<div class=\"col-lg-6\">\n\t\t\t\t\t<div class=\"t3icta__top_right mb-lg-14 px-2 py-9 px-lg-11 py-lg-0\">\n\t\t\t\t\t\t\t\n\t\t\t\t\t\t<h2 class=\"fs-20 fs-lg-23 fs-xl-27 fs-xxl-30 fw-semibold\">Le r\u00e9seau Accor \u00e0 Rouen<\/h2>\n\t\t\t\t\t\t\t\t\t\t\t\t\t\n\t\t\t\t\t\t<div class=\"fs-wysiwyg\">\n\t\t\t\t\t\t\t<p>Avec aujourd\u2019hui 17 adresses, le r\u00e9seau Accor vous propose une large gamme d\u2019h\u00f4tels et de prix. Pour la gamme <em>midscale<\/em>, Accor met \u00e0 votre disposition 3 Novotel, 2 Mercure et 1 Adagio. Pour les plus petits porte-monnaie 3 ibis, 3 ibis Styles, 4 ibis Budget et 1 HotelF1.<\/p>\n\t\t\t\t\t\t<\/div>\n\t\t\t\t\t\t\t\t\t\t\t<\/div>\n\t\t\t\t<\/div>\n\t\t\t<\/div>\n\t\t<\/div>\n\t<\/div>\n\t<div class=\"t3icta__bottom bg-beige\">\n\t\t<div class=\"container-fluid\" style=\"--bs-gutter-x: 0\">\n\t\t\t<div class=\"row\" style=\"--bs-gutter-x: 0\">\n\t\t\t\t<div class=\"col-lg-5 offset-lg-1\">\n\t\t\t\t\t<div class=\"t3icta__bottom__left\">\n\t\t\t\t\t\t\t\t\t\t\t\t<img decoding=\"async\" src=\"https:\/\/myallmeeting.com\/wp-content\/uploads\/2021\/11\/aja_p_1281-46__original-633x398.jpeg\" class=\"w-100 d-lg-none\" width=\"633\" height=\"398\" alt=\"\" loading=\"lazy\" \/> <!-- Ce sont les 2 m\u00eames images : ID 0 -->\n\t\t\t\t\t\t\t\t\t\t\t\t<div class=\"px-2 py-9 px-lg-0 py-lg-0\">\n\t\t\t\t\t\t\t\t\n\t\t\t\t\t\t\t<h2 class=\"fs-20 fs-lg-23 fs-xl-27 fs-xxl-30 fw-semibold\">Id\u00e9es d\u2019incentives \u00e0 Rouen<\/h2>\n\t\t\t\t\t\t\t\t\t\t\t\t\t\t\t\n\t\t\t\t\t\t\t<div class=\"fs-wysiwyg mb-lg-15\">\n\t\t\t\t\t\t\t\t<p>Fra\u00eechement arriv\u00e9, nous vous proposons de faire un premier arr\u00eat au\u00a0mus\u00e9e des Beaux-Arts. Difficile d\u2019arpenter la totalit\u00e9 des collections mais, s\u2019il faut choisir, nous vous conseillons la galerie Depeaux, la deuxi\u00e8me collection de France d\u2019\u0153uvres impressionnistes, derri\u00e8re celle du mus\u00e9e d\u2019Orsay, \u00e0 Paris.<\/p>\n<p>Apr\u00e8s avoir admir\u00e9 des chefs-d\u2019\u0153uvre de Claude Monet ou Camille Pissaro, direction les rues pi\u00e9tonnes du centre-ville, jusqu\u2019\u00e0 la rue Saint-Romain. Longeant la Cath\u00e9drale, elle accueille depuis 2015 l\u2019Historial Jeanne d\u2019Arc, le plus grand site consacr\u00e9 \u00e0 la m\u00e9moire de cette figure incontournable de la ville.<\/p>\n\t\t\t\t\t\t\t<\/div>\n\t\t\t\t\t\t\t\t\t\t\t\t\t<\/div>\n\t\t\t\t\t\t\t\t\t\t\t\t<div class=\"t3icta__bottom__img1 d-none d-lg-block text-end ms-lg-auto\">\n\t\t\t\t\t\t\t<img decoding=\"async\" src=\"https:\/\/myallmeeting.com\/wp-content\/uploads\/2021\/11\/aja_p_1281-46__original-633x398.jpeg\" width=\"633\" height=\"398\" alt=\"\" loading=\"lazy\" \/> <!-- Ce sont les 2 m\u00eames images : ID 1 -->\n\t\t\t\t\t\t<\/div>\n\t\t\t\t\t\t\t\t\t\t\t<\/div>\n\t\t\t\t<\/div>\n\t\t\t\t<div class=\"col-lg-5\">\n\t\t\t\t\t<div class=\"ps-lg-10\">\n\t\t\t\t\t\t\t\t\t\t\t\t<img decoding=\"async\" src=\"https:\/\/myallmeeting.com\/wp-content\/uploads\/2021\/11\/aja_p_3629-55__original-633x398.jpeg\" class=\"t3icta__bottom__img0 position-relative d-none d-lg-block mb-15\" width=\"633\" height=\"398\" alt=\"\" loading=\"lazy\" \/> <!-- Ce sont les 2 m\u00eames images : ID 0 -->\n\t\t\t\t\t\t\t\t\t\t\t\t<div class=\"px-2 px-lg-0 mb-9\">\n\t\t\t\t\t\t\t\t\n\t\t\t\t\t\t\t<h2 class=\"fs-20 fs-lg-23 fs-xl-27 fs-xxl-30 fw-semibold\">Des terrasses anim\u00e9es<\/h2>\n\t\t\t\t\t\t\t\t\t\t\t\t\t\t\t\t\t\t\t\t\t<div class=\"fs-wysiwyg\">\n\t\t\t\t\t\t\t\t<p>Profitez des nombreuses places aux terrasses anim\u00e9es du c\u0153ur historique de la m\u00e9tropole normande. La pause d\u00e9jeuner se terminant, vous d\u00e9couvrirez un autre visage de la ville en rejoignant \u00e0 pied les quais de la Seine\u00a0et son architecture industrielle.<br \/>\nSecteur tr\u00e8s appr\u00e9ci\u00e9 des Rouennais, les quais de Seine sont parfaits pour une longue promenade entre hangars r\u00e9habilit\u00e9s en salle de sport, restaurants ou caf\u00e9s et les bateaux de croisi\u00e8res et les p\u00e9niches qui sillonnent la Seine.<\/p>\n<p>Et si vous souhaitez faire vivre un moment d\u2019exception \u00e0 vos \u00e9quipes, rappelez-vous que Rouen voit d\u00e9barquer sur ses quais, environ tous les quatre ans, les plus beaux et les plus grands voiliers du monde pendant les quelques jours de la grande Armada\u2026 \u00c0 vos agendas\u00a0!<\/p>\n\t\t\t\t\t\t\t<\/div>\n\t\t\t\t\t\t\t\t\t\t\t\t\t<\/div>\n\t\t\t\t\t\t\t\t\t\t\t\t<div class=\"t3icta__bottom__img1 d-lg-none mx-auto\">\n\t\t\t\t\t\t\t<img decoding=\"async\" src=\"https:\/\/myallmeeting.com\/wp-content\/uploads\/2021\/11\/aja_p_3629-55__original-633x398.jpeg\" width=\"633\" height=\"398\" alt=\"\" loading=\"lazy\" \/> <!-- Ce sont les 2 m\u00eames images : ID 1 -->\n\t\t\t\t\t\t<\/div>\n\t\t\t\t\t\t\t\t\t\t\t<\/div>\n\t\t\t\t<\/div>\n\t\t\t<\/div>\n\t\t<\/div>\n\t<\/div>\n\t<\/div>\n<!-- END OF : Composant : block-periscope-theme-section-composant-26-textes-slider-cta.php -->\n","protected":false},"excerpt":{"rendered":"<p>D\u00e9couvrez Rouen, capitale historique de la Normandie pour votre prochain \u00e9v\u00e8nement<\/p>\n","protected":false},"featured_media":17137113,"menu_order":0,"template":"","ville":[],"periscope_lieu_tax":[],"class_list":["post-15227029","desti","type-desti","status-publish","has-post-thumbnail","hentry"],"acf":[],"yoast_head":"<title>Rouen : le must pour un s\u00e9minaire culturel ! - Accor MyAllMeeting.com<\/title>\n<meta name=\"robots\" content=\"index, follow, max-snippet:-1, max-image-preview:large, max-video-preview:-1\" \/>\n<link rel=\"canonical\" href=\"https:\/\/myallmeeting.com\/fr\/wp-json\/wp\/v2\/desti\/15227029\" \/>\n<meta property=\"og:locale\" content=\"fr_FR\" \/>\n<meta property=\"og:type\" content=\"article\" \/>\n<meta property=\"og:title\" content=\"Rouen : le must pour un s\u00e9minaire culturel ! - Accor MyAllMeeting.com\" \/>\n<meta property=\"og:description\" content=\"D\u00e9couvrez Rouen, capitale historique de la Normandie pour votre prochain \u00e9v\u00e8nement\" \/>\n<meta property=\"og:url\" content=\"https:\/\/myallmeeting.com\/fr\/destination\/rouen-le-must-pour-un-seminaire-culturel\/\" \/>\n<meta property=\"og:site_name\" content=\"Accor MyAllMeeting.com\" \/>\n<meta property=\"article:modified_time\" content=\"2024-12-13T12:02:08+00:00\" \/>\n<meta property=\"og:image\" content=\"https:\/\/myallmeeting.com\/wp-content\/uploads\/2021\/11\/MAM-baner-1920x570-2024-12-13T125411.906.png\" \/>\n\t<meta property=\"og:image:width\" content=\"1920\" \/>\n\t<meta property=\"og:image:height\" content=\"570\" \/>\n\t<meta property=\"og:image:type\" content=\"image\/png\" \/>\n<meta name=\"twitter:card\" content=\"summary_large_image\" \/>\n<meta name=\"twitter:label1\" content=\"Dur\u00e9e de lecture estim\u00e9e\" \/>\n\t<meta name=\"twitter:data1\" content=\"4 minutes\" \/>\n<script type=\"application\/ld+json\" class=\"yoast-schema-graph\">{\"@context\":\"https:\/\/schema.org\",\"@graph\":[{\"@type\":\"WebPage\",\"@id\":\"https:\/\/myallmeeting.com\/fr\/destination\/rouen-le-must-pour-un-seminaire-culturel\/\",\"url\":\"https:\/\/myallmeeting.com\/fr\/destination\/rouen-le-must-pour-un-seminaire-culturel\/\",\"name\":\"Rouen : le must pour un s\u00e9minaire culturel ! - Accor MyAllMeeting.com\",\"isPartOf\":{\"@id\":\"https:\/\/www.myallmeeting.com\/fr\/#website\"},\"primaryImageOfPage\":{\"@id\":\"https:\/\/myallmeeting.com\/fr\/destination\/rouen-le-must-pour-un-seminaire-culturel\/#primaryimage\"},\"image\":{\"@id\":\"https:\/\/myallmeeting.com\/fr\/destination\/rouen-le-must-pour-un-seminaire-culturel\/#primaryimage\"},\"thumbnailUrl\":\"https:\/\/myallmeeting.com\/wp-content\/uploads\/2021\/11\/MAM-baner-1920x570-2024-12-13T125411.906.png\",\"datePublished\":\"2021-11-17T17:46:26+00:00\",\"dateModified\":\"2024-12-13T12:02:08+00:00\",\"breadcrumb\":{\"@id\":\"https:\/\/myallmeeting.com\/fr\/destination\/rouen-le-must-pour-un-seminaire-culturel\/#breadcrumb\"},\"inLanguage\":\"fr-FR\",\"potentialAction\":[{\"@type\":\"ReadAction\",\"target\":[\"https:\/\/myallmeeting.com\/fr\/destination\/rouen-le-must-pour-un-seminaire-culturel\/\"]}]},{\"@type\":\"ImageObject\",\"inLanguage\":\"fr-FR\",\"@id\":\"https:\/\/myallmeeting.com\/fr\/destination\/rouen-le-must-pour-un-seminaire-culturel\/#primaryimage\",\"url\":\"https:\/\/myallmeeting.com\/wp-content\/uploads\/2021\/11\/MAM-baner-1920x570-2024-12-13T125411.906.png\",\"contentUrl\":\"https:\/\/myallmeeting.com\/wp-content\/uploads\/2021\/11\/MAM-baner-1920x570-2024-12-13T125411.906.png\",\"width\":1920,\"height\":570},{\"@type\":\"BreadcrumbList\",\"@id\":\"https:\/\/myallmeeting.com\/fr\/destination\/rouen-le-must-pour-un-seminaire-culturel\/#breadcrumb\",\"itemListElement\":[{\"@type\":\"ListItem\",\"position\":1,\"name\":\"Accueil\",\"item\":\"https:\/\/myallmeeting.com\/fr\/\"},{\"@type\":\"ListItem\",\"position\":2,\"name\":\"Destination\",\"item\":\"https:\/\/myallmeeting.com\/fr\/destination\/\"},{\"@type\":\"ListItem\",\"position\":3,\"name\":\"Rouen : le must pour un s\u00e9minaire culturel !\"}]},{\"@type\":\"WebSite\",\"@id\":\"https:\/\/www.myallmeeting.com\/fr\/#website\",\"url\":\"https:\/\/www.myallmeeting.com\/fr\/\",\"name\":\"Accor MyAllMeeting.com\",\"description\":\"Les Meilleurs lieux pour vos Ev\u00e9nements Professionnels\",\"publisher\":{\"@id\":\"https:\/\/www.myallmeeting.com\/fr\/#organization\"},\"potentialAction\":[{\"@type\":\"SearchAction\",\"target\":{\"@type\":\"EntryPoint\",\"urlTemplate\":\"https:\/\/www.myallmeeting.com\/fr\/?s={search_term_string}\"},\"query-input\":{\"@type\":\"PropertyValueSpecification\",\"valueRequired\":true,\"valueName\":\"search_term_string\"}}],\"inLanguage\":\"fr-FR\"},{\"@type\":\"Organization\",\"@id\":\"https:\/\/www.myallmeeting.com\/fr\/#organization\",\"name\":\"ACCOR\",\"url\":\"https:\/\/www.myallmeeting.com\/fr\/\",\"logo\":{\"@type\":\"ImageObject\",\"inLanguage\":\"fr-FR\",\"@id\":\"https:\/\/www.myallmeeting.com\/fr\/#\/schema\/logo\/image\/\",\"url\":\"\",\"contentUrl\":\"\",\"caption\":\"ACCOR\"},\"image\":{\"@id\":\"https:\/\/www.myallmeeting.com\/fr\/#\/schema\/logo\/image\/\"}}]}<\/script>","yoast_head_json":{"title":"Rouen : le must pour un s\u00e9minaire culturel ! - Accor MyAllMeeting.com","robots":{"index":"index","follow":"follow","max-snippet":"max-snippet:-1","max-image-preview":"max-image-preview:large","max-video-preview":"max-video-preview:-1"},"canonical":"https:\/\/myallmeeting.com\/fr\/wp-json\/wp\/v2\/desti\/15227029","og_locale":"fr_FR","og_type":"article","og_title":"Rouen : le must pour un s\u00e9minaire culturel ! - Accor MyAllMeeting.com","og_description":"D\u00e9couvrez Rouen, capitale historique de la Normandie pour votre prochain \u00e9v\u00e8nement","og_url":"https:\/\/myallmeeting.com\/fr\/destination\/rouen-le-must-pour-un-seminaire-culturel\/","og_site_name":"Accor MyAllMeeting.com","article_modified_time":"2024-12-13T12:02:08+00:00","og_image":[{"width":1920,"height":570,"url":"https:\/\/myallmeeting.com\/wp-content\/uploads\/2021\/11\/MAM-baner-1920x570-2024-12-13T125411.906.png","type":"image\/png"}],"twitter_card":"summary_large_image","twitter_misc":{"Dur\u00e9e de lecture estim\u00e9e":"4 minutes"},"schema":{"@context":"https:\/\/schema.org","@graph":[{"@type":"WebPage","@id":"https:\/\/myallmeeting.com\/fr\/destination\/rouen-le-must-pour-un-seminaire-culturel\/","url":"https:\/\/myallmeeting.com\/fr\/destination\/rouen-le-must-pour-un-seminaire-culturel\/","name":"Rouen : le must pour un s\u00e9minaire culturel ! - Accor MyAllMeeting.com","isPartOf":{"@id":"https:\/\/www.myallmeeting.com\/fr\/#website"},"primaryImageOfPage":{"@id":"https:\/\/myallmeeting.com\/fr\/destination\/rouen-le-must-pour-un-seminaire-culturel\/#primaryimage"},"image":{"@id":"https:\/\/myallmeeting.com\/fr\/destination\/rouen-le-must-pour-un-seminaire-culturel\/#primaryimage"},"thumbnailUrl":"https:\/\/myallmeeting.com\/wp-content\/uploads\/2021\/11\/MAM-baner-1920x570-2024-12-13T125411.906.png","datePublished":"2021-11-17T17:46:26+00:00","dateModified":"2024-12-13T12:02:08+00:00","breadcrumb":{"@id":"https:\/\/myallmeeting.com\/fr\/destination\/rouen-le-must-pour-un-seminaire-culturel\/#breadcrumb"},"inLanguage":"fr-FR","potentialAction":[{"@type":"ReadAction","target":["https:\/\/myallmeeting.com\/fr\/destination\/rouen-le-must-pour-un-seminaire-culturel\/"]}]},{"@type":"ImageObject","inLanguage":"fr-FR","@id":"https:\/\/myallmeeting.com\/fr\/destination\/rouen-le-must-pour-un-seminaire-culturel\/#primaryimage","url":"https:\/\/myallmeeting.com\/wp-content\/uploads\/2021\/11\/MAM-baner-1920x570-2024-12-13T125411.906.png","contentUrl":"https:\/\/myallmeeting.com\/wp-content\/uploads\/2021\/11\/MAM-baner-1920x570-2024-12-13T125411.906.png","width":1920,"height":570},{"@type":"BreadcrumbList","@id":"https:\/\/myallmeeting.com\/fr\/destination\/rouen-le-must-pour-un-seminaire-culturel\/#breadcrumb","itemListElement":[{"@type":"ListItem","position":1,"name":"Accueil","item":"https:\/\/myallmeeting.com\/fr\/"},{"@type":"ListItem","position":2,"name":"Destination","item":"https:\/\/myallmeeting.com\/fr\/destination\/"},{"@type":"ListItem","position":3,"name":"Rouen : le must pour un s\u00e9minaire culturel !"}]},{"@type":"WebSite","@id":"https:\/\/www.myallmeeting.com\/fr\/#website","url":"https:\/\/www.myallmeeting.com\/fr\/","name":"Accor MyAllMeeting.com","description":"Les Meilleurs lieux pour vos Ev\u00e9nements Professionnels","publisher":{"@id":"https:\/\/www.myallmeeting.com\/fr\/#organization"},"potentialAction":[{"@type":"SearchAction","target":{"@type":"EntryPoint","urlTemplate":"https:\/\/www.myallmeeting.com\/fr\/?s={search_term_string}"},"query-input":{"@type":"PropertyValueSpecification","valueRequired":true,"valueName":"search_term_string"}}],"inLanguage":"fr-FR"},{"@type":"Organization","@id":"https:\/\/www.myallmeeting.com\/fr\/#organization","name":"ACCOR","url":"https:\/\/www.myallmeeting.com\/fr\/","logo":{"@type":"ImageObject","inLanguage":"fr-FR","@id":"https:\/\/www.myallmeeting.com\/fr\/#\/schema\/logo\/image\/","url":"","contentUrl":"","caption":"ACCOR"},"image":{"@id":"https:\/\/www.myallmeeting.com\/fr\/#\/schema\/logo\/image\/"}}]}},"_links":{"self":[{"href":"https:\/\/myallmeeting.com\/fr\/wp-json\/wp\/v2\/desti\/15227029","targetHints":{"allow":["GET"]}}],"collection":[{"href":"https:\/\/myallmeeting.com\/fr\/wp-json\/wp\/v2\/desti"}],"about":[{"href":"https:\/\/myallmeeting.com\/fr\/wp-json\/wp\/v2\/types\/desti"}],"wp:featuredmedia":[{"embeddable":true,"href":"https:\/\/myallmeeting.com\/fr\/wp-json\/wp\/v2\/media\/17137113"}],"wp:attachment":[{"href":"https:\/\/myallmeeting.com\/fr\/wp-json\/wp\/v2\/media?parent=15227029"}],"wp:term":[{"taxonomy":"ville","embeddable":true,"href":"https:\/\/myallmeeting.com\/fr\/wp-json\/wp\/v2\/ville?post=15227029"},{"taxonomy":"periscope_lieu_tax","embeddable":true,"href":"https:\/\/myallmeeting.com\/fr\/wp-json\/wp\/v2\/periscope_lieu_tax?post=15227029"}],"curies":[{"name":"wp","href":"https:\/\/api.w.org\/{rel}","templated":true}]}}