{"id":15227028,"date":"2022-01-27T09:50:54","date_gmt":"2022-01-27T08:50:54","guid":{"rendered":"https:\/\/myallmeeting.com\/fr\/destination\/rome-seminaire-inoubliable-dans-la-ville-eternelle\/"},"modified":"2024-12-10T14:30:17","modified_gmt":"2024-12-10T13:30:17","slug":"rome-seminaire-inoubliable-dans-la-ville-eternelle","status":"publish","type":"desti","link":"https:\/\/myallmeeting.com\/fr\/destination\/rome-seminaire-inoubliable-dans-la-ville-eternelle\/","title":{"rendered":"Rome : S\u00e9minaire inoubliable dans la ville \u00e9ternelle"},"content":{"rendered":"<!-- START OF : Composant : block-periscope-theme-section-composant-25-texte-cta-2-images.php -->\n<div class=\"tcta2ia bg-white fs-wysiwyg mb-lg-12\" data-component=\"25-texte-cta-2-images\">\n\t<div class=\"tcta2ia__top\">\n\t\t<div class=\"container-fluid\" style=\"--bs-gutter-x: 0\">\n\t\t\t<div class=\"row\" style=\"--bs-gutter-x: 0\">\n\t\t\t\t<div class=\"col-lg-8\">\n\t\t\t\t\t\t\t\t\t\t<div class=\"bloc-mise-en-avant__top__left\">\n\t\t\t\t\t\t<img decoding=\"async\" src=\"https:\/\/myallmeeting.com\/wp-content\/uploads\/2022\/01\/aja_p_6838-58__original-1268x846.jpeg\" class=\"pe-2 pe-lg-0\" width=\"1268\" height=\"846\" alt=\"\" loading=\"lazy\" \/>\n\t\t\t\t\t<\/div>\n\t\t\t\t\t\t\t\t\t\t<div class=\"tcta2ia__bottom d-none d-lg-block pb-12 pt-lg-9 pb-lg-0 pe-lg-10\">\n\t\t\t\t\t\t\t\t\t\t\t\t<h2 class=\"fs-20 fs-lg-32 fw-semibold\">Accessibilit\u00e9 <\/h2>\n\t\t\t\t\t\t\t\t\t\t\t\t\t\t\t\t\t\t<div class=\"fs-wysiwyg\"><p><em>\u00ab\u00a0<strong>Tous les chemins m\u00e8nent \u00e0 Rome<\/strong>\u00a0\u00bb<\/em> gr\u00e2ce aux deux a\u00e9roports internationaux qui permettent sa connexion avec plus de 300 destinations europ\u00e9ennes\u00a0: Ciampino \u00e0 12 km du\u00a0centre-ville historique et Fiumicino (Leonardo Da Vinci) au sud-est \u00e0 32 km.<\/p>\n<p>Par voie terrestre, la gare centrale de Rome Termini accueille \u00e9galement des trains et des bus internationaux.<\/p>\n<\/div>\n\t\t\t\t\t\t\t\t\t\t\t\t<div class=\"d-flex flex-column flex-lg-row align-items-center gap-5 gap-lg-8 justify-content-between\">\n\t\t\t\t\t\t\t<div class=\"fs-20 fs-lg-26 fw-semibold lh-xs\"><\/div>\n\t\t\t\t\t\t\t\t\t\t\t\t\t<\/div>\n\t\t\t\t\t<\/div>\n\t\t\t\t<\/div>\n\t\t\t\t<div class=\"col-lg-4\">\n\t\t\t\t\t<div class=\"tcta2ia__top__right t-0 r-0 bg-primary text-white pt-4 pb-4 px-2 pt-lg-8 pb-lg-16 px-lg-11 pb-xl-30\">\n\t\t\t\t\t\t\t\t\t\t\t\t\t\t\t\t\t\t<h2 class=\"unna fs-36 fs-lg-51 fs-xl-75 fs-italic fw-normal text-secondary\">Rome : S\u00e9minaire inoubliable dans la ville \u00e9ternelle<\/h2>\n\t\t\t\t\t\t\t\t\t\t\t\t\t\t\t\t\t\t<h3 class=\"text-white fs-18 fs-lg-20 fs-xl-28 text-original-case\">Rome, \u00ab mus\u00e9e \u00e0 ciel ouvert \u00bb, compte des monuments exceptionnels parmi les plus remarquables au monde, vestiges du monde antique et joyaux de la Renaissance italienne.<\/h3>\n\t\t\t\t\t\t\t\t\t\t\t\t\t\t\t\t\t\t<div class=\"fs-wysiwyg mb-4 fs-lg-16 fs-xl-20\"><p>Le <strong>Colis\u00e9e<\/strong>, la <strong>chapelle Sixtine<\/strong>, la <strong>basilique Saint-Pierre<\/strong>, la <strong>fontaine de Tr\u00e9vi<\/strong>, la V<strong>illa Borghese&#8230;<\/strong> <strong>28 si\u00e8cles d\u2019histoire<\/strong> qui se c\u00f4toient et se m\u00ealent en parfaite harmonie, un art de vivre l\u00e9gendaire dans le d\u00e9dale de ces ruelles anim\u00e9es, au c\u0153ur de ces <em>piazzas<\/em> o\u00f9 il fait bon s\u2019attarder et profiter du soleil\u2026<\/p>\n<p>Pas de doute possible, la Cit\u00e9 \u00e9ternelle, berceau de la civilisation occidentale, est aussi id\u00e9ale ! Pour accueillir vos s\u00e9minaires professionnels, quel que soit leur format, la capitale italienne vous offre aussi une grande diversit\u00e9 de sites : des <em>palazzi<\/em> anciens nich\u00e9s au c\u0153ur de la ville historique au grand centre des congr\u00e8s La Nuvola (le nuage), ouvert en 2016. Ce b\u00e2timent c\u00e9l\u00e8bre sign\u00e9 par l\u2019architecte Massimilio Fuksas est situ\u00e9 dans l\u2019EUR <em>(Esposizione Universale di Roma),<\/em> quartier typique de l\u2019architecture mussolinienne futuriste des ann\u00e9es 30.<\/p>\n<\/div>\n\t\t\t\t\t\t\t\t\t\t\t\t\t\t\t\t\t\t\t\t\t\t\t\t<p class=\"m-0\"><img decoding=\"async\" src=\"https:\/\/myallmeeting.com\/wp-content\/uploads\/2022\/01\/aja_p_0785-48__original-633x398.jpeg\" class=\"position-relative l-0\" width=\"633\" height=\"398\" alt=\"\" loading=\"lazy\" \/><\/p>\n\t\t\t\t\t\t\t\t\t\t\t<\/div>\n\t\t\t\t<\/div>\n\t\t\t<\/div>\n\t\t<\/div>\n\t<\/div>\n\t<div class=\"tcta2ia__bottom d-lg-none pb-12 py-lg-9 pe-lg-10\">\n\t\t\t\t<div class=\"h2 fs-20 fs-lg-32 fw-semibold\">Accessibilit\u00e9 <\/div>\n\t\t\t\t\t\t<div class=\"fs-wysiwyg\"><p><em>\u00ab\u00a0<strong>Tous les chemins m\u00e8nent \u00e0 Rome<\/strong>\u00a0\u00bb<\/em> gr\u00e2ce aux deux a\u00e9roports internationaux qui permettent sa connexion avec plus de 300 destinations europ\u00e9ennes\u00a0: Ciampino \u00e0 12 km du\u00a0centre-ville historique et Fiumicino (Leonardo Da Vinci) au sud-est \u00e0 32 km.<\/p>\n<p>Par voie terrestre, la gare centrale de Rome Termini accueille \u00e9galement des trains et des bus internationaux.<\/p>\n<\/div>\n\t\t\t\t<div class=\"d-flex flex-column flex-lg-row align-items-center gap-5 gap-lg-8 justify-content-between\">\n\t\t\t<div class=\"fs-20 fs-lg-26 fw-semibold lh-xs\"><\/div>\n\t\t\t\t\t<\/div>\n\t<\/div>\n<\/div>\n<!-- END OF : Composant : block-periscope-theme-section-composant-25-texte-cta-2-images.php -->\n\n\n<!-- START OF : Composant : block-periscope-theme-section-composant-26-textes-slider-cta.php -->\n<div class=\"t3icta bg-white pb-12 mb-9 fs-wysiwyg\" data-component=\"26-textes-3-images-cta\">\n\t<div class=\"t3icta__top position-relative\">\n\t\t<div class=\"container-fluid\" style=\"--bs-gutter-x: 0\">\n\t\t\t<div class=\"row\" style=\"--bs-gutter-x: 0\">\n\t\t\t\t\t\t\t\t<div class=\"col-lg-6\">\n\t\t\t\t\t<div class=\"t3icta__slider\">\n\t\t\t\t\t\t<div class=\"splide\">\n\t\t\t\t\t\t\t<div class=\"splide__track\">\n\t\t\t\t\t\t\t\t<div class=\"splide__list\">\n\t\t\t\t\t\t\t\t\t\t\t\t\t\t\t\t\t\t\t<div class=\"splide__slide\">\n\t\t\t\t\t\t\t\t\t\t\t<img decoding=\"async\" src=\"https:\/\/myallmeeting.com\/wp-content\/uploads\/2022\/01\/6478-58__original-953x600.jpeg\" width=\"953\" height=\"600\" alt=\"\" loading=\"lazy\" \/>\n\t\t\t\t\t\t\t\t\t\t<\/div>\n\t\t\t\t\t\t\t\t\t\t\t\t\t\t\t\t\t\n\t\t\t\t\t\t\t\t<\/div>\n\t\t\t\t\t\t\t<\/div>\n\t\t\t\t\t\t\t<div class=\"splide__arrows d-none d-lg-block\">\n\t\t\t\t\t\t\t\t<button class=\"splide__arrow splide__arrow--prev px-lg-3 py-lg-4 px-xl-4 py-xl-5 px-xxl-5 py-xxl-7 position-absolute l-0 bg-white border-0\">\n\t\t\t\t\t\t\t\t\t<svg width=\"14\" height=\"27\" aria-hidden=\"true\">\n\t\t\t\t\t\t\t\t\t\t<use xlink:href=\"https:\/\/myallmeeting.com\/wp-content\/themes\/accor\/assets\/images\/sprite.svg#slider-prev\"><\/use>\n\t\t\t\t\t\t\t\t\t<\/svg>\n\t\t\t\t\t\t\t\t<\/button>\n\t\t\t\t\t\t\t\t<button class=\"splide__arrow splide__arrow--next px-lg-3 py-lg-4 px-xl-4 py-xl-5 px-xxl-5 py-xxl-7 position-absolute r-0 bg-white border-0\">\n\t\t\t\t\t\t\t\t\t<svg width=\"14\" height=\"27\" aria-hidden=\"true\">\n\t\t\t\t\t\t\t\t\t\t<use xlink:href=\"https:\/\/myallmeeting.com\/wp-content\/themes\/accor\/assets\/images\/sprite.svg#slider-prev\"><\/use>\n\t\t\t\t\t\t\t\t\t<\/svg>\n\t\t\t\t\t\t\t\t<\/button>\n\t\t\t\t\t\t\t<\/div>\n\t\t\t\t\t\t<\/div>\n\t\t\t\t\t<\/div>\n\t\t\t\t<\/div>\n\t\t\t\t\t\t\t\t<div class=\"col-lg-6\">\n\t\t\t\t\t<div class=\"t3icta__top_right mb-lg-14 px-2 py-9 px-lg-11 py-lg-0\">\n\t\t\t\t\t\t\t\n\t\t\t\t\t\t<h2 class=\"fs-20 fs-lg-23 fs-xl-27 fs-xxl-30 fw-semibold\">Le r\u00e9seau Accor \u00e0 Rome<\/h2>\n\t\t\t\t\t\t\t\t\t\t\t\t\t\n\t\t\t\t\t\t<div class=\"fs-wysiwyg\">\n\t\t\t\t\t\t\t<p>Toute la palette de nos h\u00f4tels vous est propos\u00e9e pour accueillir votre s\u00e9jour en s\u2019adaptant \u00e0 votre \u00e9v\u00e9nement et \u00e0 votre budget\u00a0: 1 Sofitel, 1 JO&amp;JOE, 2 Novotel, 7 Mercure, 1 Adagio, 1 ibis, 3 ibis Styles. Palette \u00e0 laquelle vient s\u2019ajouter un Mama Shelter, qui a ouvert ses portes en\u00a02021. Une adresse d\u2019exception, avec 277 chambres \u00e0 la literie 5 \u00e9toiles, un spa, une piscine et un hammam pour se d\u00e9tendre apr\u00e8s une r\u00e9union (3 ateliers pouvant accueillir jusqu\u2019\u00e0 50 personnes)\u2026 ou une journ\u00e9e \u00e0 arpenter les pav\u00e9s romains\u00a0!<\/p>\n\t\t\t\t\t\t<\/div>\n\t\t\t\t\t\t\t\t\t\t\t<\/div>\n\t\t\t\t<\/div>\n\t\t\t<\/div>\n\t\t<\/div>\n\t<\/div>\n\t<div class=\"t3icta__bottom bg-beige\">\n\t\t<div class=\"container-fluid\" style=\"--bs-gutter-x: 0\">\n\t\t\t<div class=\"row\" style=\"--bs-gutter-x: 0\">\n\t\t\t\t<div class=\"col-lg-5 offset-lg-1\">\n\t\t\t\t\t<div class=\"t3icta__bottom__left\">\n\t\t\t\t\t\t\t\t\t\t\t\t<img decoding=\"async\" src=\"https:\/\/myallmeeting.com\/wp-content\/uploads\/2022\/01\/aja_p_3216-44__original-633x398.jpeg\" class=\"w-100 d-lg-none\" width=\"633\" height=\"398\" alt=\"\" loading=\"lazy\" \/> <!-- Ce sont les 2 m\u00eames images : ID 0 -->\n\t\t\t\t\t\t\t\t\t\t\t\t<div class=\"px-2 py-9 px-lg-0 py-lg-0\">\n\t\t\t\t\t\t\t\t\n\t\t\t\t\t\t\t<h2 class=\"fs-20 fs-lg-23 fs-xl-27 fs-xxl-30 fw-semibold\">Id\u00e9e d\u2019incentives \u00e0 Rome<\/h2>\n\t\t\t\t\t\t\t\t\t\t\t\t\t\t\t\n\t\t\t\t\t\t\t<div class=\"fs-wysiwyg mb-lg-15\">\n\t\t\t\t\t\t\t\t<p>Sur le plan <strong>architectural<\/strong> comme sur le plan <strong>culinaire<\/strong>, Rome est un chef-d\u2019\u0153uvre. De place en place\u00a0(place du Parlement, place d\u2019Espagne, Navone\u2026),\u00a0des itin\u00e9raires de d\u00e9couvertes pittoresques et gourmands vous invitent \u00e0 vivre \u00e0 la romaine\u00a0en d\u00e9gustant les incontournables\u00a0<em>caff\u00e8<\/em>\u00a0<em>e gelati<\/em>. Sinon, les petits restaurants du\u00a0<strong>Trastevere<\/strong> sont les meilleures adresses pour savourer les sp\u00e9cialit\u00e9s locales.<\/p>\n<p>Autre option\u00a0: convier vos collaborateurs \u00e0 mettre la main \u00e0 la \u00ab\u00a0pasta\u00a0\u00bb \u00e0 l\u2019occasion d\u2019un cours de cuisine italienne, avec d\u00e9gustation \u00e0 la cl\u00e9. Id\u00e9al pour souder les \u00e9quipes !<\/p>\n\t\t\t\t\t\t\t<\/div>\n\t\t\t\t\t\t\t\t\t\t\t\t\t<\/div>\n\t\t\t\t\t\t\t\t\t\t\t\t<div class=\"t3icta__bottom__img1 d-none d-lg-block text-end ms-lg-auto\">\n\t\t\t\t\t\t\t<img decoding=\"async\" src=\"https:\/\/myallmeeting.com\/wp-content\/uploads\/2022\/01\/aja_p_3216-44__original-633x398.jpeg\" width=\"633\" height=\"398\" alt=\"\" loading=\"lazy\" \/> <!-- Ce sont les 2 m\u00eames images : ID 1 -->\n\t\t\t\t\t\t<\/div>\n\t\t\t\t\t\t\t\t\t\t\t<\/div>\n\t\t\t\t<\/div>\n\t\t\t\t<div class=\"col-lg-5\">\n\t\t\t\t\t<div class=\"ps-lg-10\">\n\t\t\t\t\t\t\t\t\t\t\t\t<img decoding=\"async\" src=\"https:\/\/myallmeeting.com\/wp-content\/uploads\/2022\/01\/aja_p_3216-46__original-633x398.jpeg\" class=\"t3icta__bottom__img0 position-relative d-none d-lg-block mb-15\" width=\"633\" height=\"398\" alt=\"\" loading=\"lazy\" \/> <!-- Ce sont les 2 m\u00eames images : ID 0 -->\n\t\t\t\t\t\t\t\t\t\t\t\t<div class=\"px-2 px-lg-0 mb-9\">\n\t\t\t\t\t\t\t\t\n\t\t\t\t\t\t\t<h2 class=\"fs-20 fs-lg-23 fs-xl-27 fs-xxl-30 fw-semibold\">Qui dit Italie dit vespa \u2026 <\/h2>\n\t\t\t\t\t\t\t\t\t\t\t\t\t\t\t\t\t\t\t\t\t<div class=\"fs-wysiwyg\">\n\t\t\t\t\t\t\t\t<p>Organisez une balade \u00e0 vespa afin de visiter les lieux les plus embl\u00e9matiques et d\u00e9couvrez les charmes de Rome sous un tout autre angle. En passant par les Thermes de Caracalla, Circo Massimo, le Colis\u00e9e ou encore le Forum Romain, profitez de cette sortie pour vous d\u00e9payser et appr\u00e9cier la richesse et l\u2019histoire de la ch\u00e8re ville de Rome, accompagn\u00e9s de chauffeurs et de guides locaux.<\/p>\n<p>Vous aurez \u00e9galement l\u2019occasion de d\u00e9couvrir le Domus Roma situ\u00e9 sous le Palais Valentini. Organisez sa visite, une exposition permanente vous ouvre les portes du palais. Profitez de cette exposition pour voyager dans le temps et offrir \u00e0 vos collaborateurs un aper\u00e7u historique de la Rome antique et m\u00e9di\u00e9vale comme ils ne l\u2019ont jamais vu.<\/p>\n\t\t\t\t\t\t\t<\/div>\n\t\t\t\t\t\t\t\t\t\t\t\t\t<\/div>\n\t\t\t\t\t\t\t\t\t\t\t\t<div class=\"t3icta__bottom__img1 d-lg-none mx-auto\">\n\t\t\t\t\t\t\t<img decoding=\"async\" src=\"https:\/\/myallmeeting.com\/wp-content\/uploads\/2022\/01\/aja_p_3216-46__original-633x398.jpeg\" width=\"633\" height=\"398\" alt=\"\" loading=\"lazy\" \/> <!-- Ce sont les 2 m\u00eames images : ID 1 -->\n\t\t\t\t\t\t<\/div>\n\t\t\t\t\t\t\t\t\t\t\t<\/div>\n\t\t\t\t<\/div>\n\t\t\t<\/div>\n\t\t<\/div>\n\t<\/div>\n\t<\/div>\n<!-- END OF : Composant : block-periscope-theme-section-composant-26-textes-slider-cta.php -->\n","protected":false},"excerpt":{"rendered":"<p>Venez d\u00e9couvrir Rome, mus\u00e9e \u00e0 ciel ouvert avec ses vestiges du monde antique pour votre prochain \u00e9v\u00e8nement<\/p>\n","protected":false},"featured_media":17049928,"menu_order":0,"template":"","ville":[],"periscope_lieu_tax":[],"class_list":["post-15227028","desti","type-desti","status-publish","has-post-thumbnail","hentry"],"acf":[],"yoast_head":"<title>Rome : S\u00e9minaire inoubliable dans la ville \u00e9ternelle - Accor MyAllMeeting.com<\/title>\n<meta name=\"robots\" content=\"index, follow, max-snippet:-1, max-image-preview:large, max-video-preview:-1\" \/>\n<link rel=\"canonical\" href=\"https:\/\/myallmeeting.com\/fr\/wp-json\/wp\/v2\/desti\/15227028\" \/>\n<meta property=\"og:locale\" content=\"fr_FR\" \/>\n<meta property=\"og:type\" content=\"article\" \/>\n<meta property=\"og:title\" content=\"Rome : S\u00e9minaire inoubliable dans la ville \u00e9ternelle - Accor MyAllMeeting.com\" \/>\n<meta property=\"og:description\" content=\"Venez d\u00e9couvrir Rome, mus\u00e9e \u00e0 ciel ouvert avec ses vestiges du monde antique pour votre prochain \u00e9v\u00e8nement\" \/>\n<meta property=\"og:url\" content=\"https:\/\/myallmeeting.com\/fr\/destination\/rome-seminaire-inoubliable-dans-la-ville-eternelle\/\" \/>\n<meta property=\"og:site_name\" content=\"Accor MyAllMeeting.com\" \/>\n<meta property=\"article:modified_time\" content=\"2024-12-10T13:30:17+00:00\" \/>\n<meta property=\"og:image\" content=\"https:\/\/myallmeeting.com\/wp-content\/uploads\/2022\/01\/MAM-baner-1920x570-2024-12-10T142447.170.png\" \/>\n\t<meta property=\"og:image:width\" content=\"1920\" \/>\n\t<meta property=\"og:image:height\" content=\"570\" \/>\n\t<meta property=\"og:image:type\" content=\"image\/png\" \/>\n<meta name=\"twitter:card\" content=\"summary_large_image\" \/>\n<meta name=\"twitter:label1\" content=\"Dur\u00e9e de lecture estim\u00e9e\" \/>\n\t<meta name=\"twitter:data1\" content=\"4 minutes\" \/>\n<script type=\"application\/ld+json\" class=\"yoast-schema-graph\">{\"@context\":\"https:\/\/schema.org\",\"@graph\":[{\"@type\":\"WebPage\",\"@id\":\"https:\/\/myallmeeting.com\/fr\/destination\/rome-seminaire-inoubliable-dans-la-ville-eternelle\/\",\"url\":\"https:\/\/myallmeeting.com\/fr\/destination\/rome-seminaire-inoubliable-dans-la-ville-eternelle\/\",\"name\":\"Rome : S\u00e9minaire inoubliable dans la ville \u00e9ternelle - Accor MyAllMeeting.com\",\"isPartOf\":{\"@id\":\"https:\/\/www.myallmeeting.com\/fr\/#website\"},\"primaryImageOfPage\":{\"@id\":\"https:\/\/myallmeeting.com\/fr\/destination\/rome-seminaire-inoubliable-dans-la-ville-eternelle\/#primaryimage\"},\"image\":{\"@id\":\"https:\/\/myallmeeting.com\/fr\/destination\/rome-seminaire-inoubliable-dans-la-ville-eternelle\/#primaryimage\"},\"thumbnailUrl\":\"https:\/\/myallmeeting.com\/wp-content\/uploads\/2022\/01\/MAM-baner-1920x570-2024-12-10T142447.170.png\",\"datePublished\":\"2022-01-27T08:50:54+00:00\",\"dateModified\":\"2024-12-10T13:30:17+00:00\",\"breadcrumb\":{\"@id\":\"https:\/\/myallmeeting.com\/fr\/destination\/rome-seminaire-inoubliable-dans-la-ville-eternelle\/#breadcrumb\"},\"inLanguage\":\"fr-FR\",\"potentialAction\":[{\"@type\":\"ReadAction\",\"target\":[\"https:\/\/myallmeeting.com\/fr\/destination\/rome-seminaire-inoubliable-dans-la-ville-eternelle\/\"]}]},{\"@type\":\"ImageObject\",\"inLanguage\":\"fr-FR\",\"@id\":\"https:\/\/myallmeeting.com\/fr\/destination\/rome-seminaire-inoubliable-dans-la-ville-eternelle\/#primaryimage\",\"url\":\"https:\/\/myallmeeting.com\/wp-content\/uploads\/2022\/01\/MAM-baner-1920x570-2024-12-10T142447.170.png\",\"contentUrl\":\"https:\/\/myallmeeting.com\/wp-content\/uploads\/2022\/01\/MAM-baner-1920x570-2024-12-10T142447.170.png\",\"width\":1920,\"height\":570},{\"@type\":\"BreadcrumbList\",\"@id\":\"https:\/\/myallmeeting.com\/fr\/destination\/rome-seminaire-inoubliable-dans-la-ville-eternelle\/#breadcrumb\",\"itemListElement\":[{\"@type\":\"ListItem\",\"position\":1,\"name\":\"Accueil\",\"item\":\"https:\/\/myallmeeting.com\/fr\/\"},{\"@type\":\"ListItem\",\"position\":2,\"name\":\"Destination\",\"item\":\"https:\/\/myallmeeting.com\/fr\/destination\/\"},{\"@type\":\"ListItem\",\"position\":3,\"name\":\"Rome : S\u00e9minaire inoubliable dans la ville \u00e9ternelle\"}]},{\"@type\":\"WebSite\",\"@id\":\"https:\/\/www.myallmeeting.com\/fr\/#website\",\"url\":\"https:\/\/www.myallmeeting.com\/fr\/\",\"name\":\"Accor MyAllMeeting.com\",\"description\":\"Les Meilleurs lieux pour vos Ev\u00e9nements Professionnels\",\"publisher\":{\"@id\":\"https:\/\/www.myallmeeting.com\/fr\/#organization\"},\"potentialAction\":[{\"@type\":\"SearchAction\",\"target\":{\"@type\":\"EntryPoint\",\"urlTemplate\":\"https:\/\/www.myallmeeting.com\/fr\/?s={search_term_string}\"},\"query-input\":{\"@type\":\"PropertyValueSpecification\",\"valueRequired\":true,\"valueName\":\"search_term_string\"}}],\"inLanguage\":\"fr-FR\"},{\"@type\":\"Organization\",\"@id\":\"https:\/\/www.myallmeeting.com\/fr\/#organization\",\"name\":\"ACCOR\",\"url\":\"https:\/\/www.myallmeeting.com\/fr\/\",\"logo\":{\"@type\":\"ImageObject\",\"inLanguage\":\"fr-FR\",\"@id\":\"https:\/\/www.myallmeeting.com\/fr\/#\/schema\/logo\/image\/\",\"url\":\"\",\"contentUrl\":\"\",\"caption\":\"ACCOR\"},\"image\":{\"@id\":\"https:\/\/www.myallmeeting.com\/fr\/#\/schema\/logo\/image\/\"}}]}<\/script>","yoast_head_json":{"title":"Rome : S\u00e9minaire inoubliable dans la ville \u00e9ternelle - Accor MyAllMeeting.com","robots":{"index":"index","follow":"follow","max-snippet":"max-snippet:-1","max-image-preview":"max-image-preview:large","max-video-preview":"max-video-preview:-1"},"canonical":"https:\/\/myallmeeting.com\/fr\/wp-json\/wp\/v2\/desti\/15227028","og_locale":"fr_FR","og_type":"article","og_title":"Rome : S\u00e9minaire inoubliable dans la ville \u00e9ternelle - Accor MyAllMeeting.com","og_description":"Venez d\u00e9couvrir Rome, mus\u00e9e \u00e0 ciel ouvert avec ses vestiges du monde antique pour votre prochain \u00e9v\u00e8nement","og_url":"https:\/\/myallmeeting.com\/fr\/destination\/rome-seminaire-inoubliable-dans-la-ville-eternelle\/","og_site_name":"Accor MyAllMeeting.com","article_modified_time":"2024-12-10T13:30:17+00:00","og_image":[{"width":1920,"height":570,"url":"https:\/\/myallmeeting.com\/wp-content\/uploads\/2022\/01\/MAM-baner-1920x570-2024-12-10T142447.170.png","type":"image\/png"}],"twitter_card":"summary_large_image","twitter_misc":{"Dur\u00e9e de lecture estim\u00e9e":"4 minutes"},"schema":{"@context":"https:\/\/schema.org","@graph":[{"@type":"WebPage","@id":"https:\/\/myallmeeting.com\/fr\/destination\/rome-seminaire-inoubliable-dans-la-ville-eternelle\/","url":"https:\/\/myallmeeting.com\/fr\/destination\/rome-seminaire-inoubliable-dans-la-ville-eternelle\/","name":"Rome : S\u00e9minaire inoubliable dans la ville \u00e9ternelle - Accor MyAllMeeting.com","isPartOf":{"@id":"https:\/\/www.myallmeeting.com\/fr\/#website"},"primaryImageOfPage":{"@id":"https:\/\/myallmeeting.com\/fr\/destination\/rome-seminaire-inoubliable-dans-la-ville-eternelle\/#primaryimage"},"image":{"@id":"https:\/\/myallmeeting.com\/fr\/destination\/rome-seminaire-inoubliable-dans-la-ville-eternelle\/#primaryimage"},"thumbnailUrl":"https:\/\/myallmeeting.com\/wp-content\/uploads\/2022\/01\/MAM-baner-1920x570-2024-12-10T142447.170.png","datePublished":"2022-01-27T08:50:54+00:00","dateModified":"2024-12-10T13:30:17+00:00","breadcrumb":{"@id":"https:\/\/myallmeeting.com\/fr\/destination\/rome-seminaire-inoubliable-dans-la-ville-eternelle\/#breadcrumb"},"inLanguage":"fr-FR","potentialAction":[{"@type":"ReadAction","target":["https:\/\/myallmeeting.com\/fr\/destination\/rome-seminaire-inoubliable-dans-la-ville-eternelle\/"]}]},{"@type":"ImageObject","inLanguage":"fr-FR","@id":"https:\/\/myallmeeting.com\/fr\/destination\/rome-seminaire-inoubliable-dans-la-ville-eternelle\/#primaryimage","url":"https:\/\/myallmeeting.com\/wp-content\/uploads\/2022\/01\/MAM-baner-1920x570-2024-12-10T142447.170.png","contentUrl":"https:\/\/myallmeeting.com\/wp-content\/uploads\/2022\/01\/MAM-baner-1920x570-2024-12-10T142447.170.png","width":1920,"height":570},{"@type":"BreadcrumbList","@id":"https:\/\/myallmeeting.com\/fr\/destination\/rome-seminaire-inoubliable-dans-la-ville-eternelle\/#breadcrumb","itemListElement":[{"@type":"ListItem","position":1,"name":"Accueil","item":"https:\/\/myallmeeting.com\/fr\/"},{"@type":"ListItem","position":2,"name":"Destination","item":"https:\/\/myallmeeting.com\/fr\/destination\/"},{"@type":"ListItem","position":3,"name":"Rome : S\u00e9minaire inoubliable dans la ville \u00e9ternelle"}]},{"@type":"WebSite","@id":"https:\/\/www.myallmeeting.com\/fr\/#website","url":"https:\/\/www.myallmeeting.com\/fr\/","name":"Accor MyAllMeeting.com","description":"Les Meilleurs lieux pour vos Ev\u00e9nements Professionnels","publisher":{"@id":"https:\/\/www.myallmeeting.com\/fr\/#organization"},"potentialAction":[{"@type":"SearchAction","target":{"@type":"EntryPoint","urlTemplate":"https:\/\/www.myallmeeting.com\/fr\/?s={search_term_string}"},"query-input":{"@type":"PropertyValueSpecification","valueRequired":true,"valueName":"search_term_string"}}],"inLanguage":"fr-FR"},{"@type":"Organization","@id":"https:\/\/www.myallmeeting.com\/fr\/#organization","name":"ACCOR","url":"https:\/\/www.myallmeeting.com\/fr\/","logo":{"@type":"ImageObject","inLanguage":"fr-FR","@id":"https:\/\/www.myallmeeting.com\/fr\/#\/schema\/logo\/image\/","url":"","contentUrl":"","caption":"ACCOR"},"image":{"@id":"https:\/\/www.myallmeeting.com\/fr\/#\/schema\/logo\/image\/"}}]}},"_links":{"self":[{"href":"https:\/\/myallmeeting.com\/fr\/wp-json\/wp\/v2\/desti\/15227028","targetHints":{"allow":["GET"]}}],"collection":[{"href":"https:\/\/myallmeeting.com\/fr\/wp-json\/wp\/v2\/desti"}],"about":[{"href":"https:\/\/myallmeeting.com\/fr\/wp-json\/wp\/v2\/types\/desti"}],"wp:featuredmedia":[{"embeddable":true,"href":"https:\/\/myallmeeting.com\/fr\/wp-json\/wp\/v2\/media\/17049928"}],"wp:attachment":[{"href":"https:\/\/myallmeeting.com\/fr\/wp-json\/wp\/v2\/media?parent=15227028"}],"wp:term":[{"taxonomy":"ville","embeddable":true,"href":"https:\/\/myallmeeting.com\/fr\/wp-json\/wp\/v2\/ville?post=15227028"},{"taxonomy":"periscope_lieu_tax","embeddable":true,"href":"https:\/\/myallmeeting.com\/fr\/wp-json\/wp\/v2\/periscope_lieu_tax?post=15227028"}],"curies":[{"name":"wp","href":"https:\/\/api.w.org\/{rel}","templated":true}]}}