{"id":15227027,"date":"2022-02-23T16:53:11","date_gmt":"2022-02-23T15:53:11","guid":{"rendered":"https:\/\/myallmeeting.com\/fr\/destination\/madrid-pour-un-evenement-en-capitale\/"},"modified":"2024-11-27T16:13:05","modified_gmt":"2024-11-27T15:13:05","slug":"madrid-pour-un-evenement-en-capitale","status":"publish","type":"desti","link":"https:\/\/myallmeeting.com\/fr\/destination\/madrid-pour-un-evenement-en-capitale\/","title":{"rendered":"Madrid : Pour un \u00e9v\u00e8nement en capitale"},"content":{"rendered":"<!-- START OF : Composant : block-periscope-theme-section-composant-25-texte-cta-2-images.php -->\n<div class=\"tcta2ia bg-white fs-wysiwyg mb-lg-12\" data-component=\"25-texte-cta-2-images\">\n\t<div class=\"tcta2ia__top\">\n\t\t<div class=\"container-fluid\" style=\"--bs-gutter-x: 0\">\n\t\t\t<div class=\"row\" style=\"--bs-gutter-x: 0\">\n\t\t\t\t<div class=\"col-lg-8\">\n\t\t\t\t\t\t\t\t\t\t<div class=\"bloc-mise-en-avant__top__left\">\n\t\t\t\t\t\t<img decoding=\"async\" src=\"https:\/\/myallmeeting.com\/wp-content\/uploads\/2022\/02\/aja_p_6985-63__original-1268x846.jpeg\" class=\"pe-2 pe-lg-0\" width=\"1268\" height=\"846\" alt=\"\" loading=\"lazy\" \/>\n\t\t\t\t\t<\/div>\n\t\t\t\t\t\t\t\t\t\t<div class=\"tcta2ia__bottom d-none d-lg-block pb-12 pt-lg-9 pb-lg-0 pe-lg-10\">\n\t\t\t\t\t\t\t\t\t\t\t\t<h2 class=\"fs-20 fs-lg-32 fw-semibold\">Madrid est aussi le poumon \u00e9conomique de l\u2019Espagne<\/h2>\n\t\t\t\t\t\t\t\t\t\t\t\t\t\t\t\t\t\t<div class=\"fs-wysiwyg\"><p><span style=\"font-weight: 400;\">Elle accueille les si\u00e8ges sociaux des plus grandes entreprises du pays, avec pour embl\u00e8mes les deux\u00a0<\/span><b>tours Puerta de Europa<\/b><span style=\"font-weight: 400;\">\u00a0qui culminent \u00e0 une hauteur de 115 m\u00e8tres.<\/span><\/p>\n<p><span style=\"font-weight: 400;\">Tous les ans, plusieurs milliers d\u2019\u00e9v\u00e9nements professionnels, dont certains de port\u00e9e internationale<\/span><span style=\"font-weight: 400;\">1<\/span><span style=\"font-weight: 400;\">, se d\u00e9roulent dans la capitale madril\u00e8ne qui a re\u00e7u le titre de meilleure destination mondiale pour les r\u00e9unions et les congr\u00e8s en 2019 et 2020<\/span><span style=\"font-weight: 400;\">2<\/span><span style=\"font-weight: 400;\">. Pas vraiment \u00e9tonnant pour une cit\u00e9 historiquement ouverte, accueillante et cosmopolite.<\/span><\/p>\n<\/div>\n\t\t\t\t\t\t\t\t\t\t\t\t<div class=\"d-flex flex-column flex-lg-row align-items-center gap-5 gap-lg-8 justify-content-between\">\n\t\t\t\t\t\t\t<div class=\"fs-20 fs-lg-26 fw-semibold lh-xs\"><\/div>\n\t\t\t\t\t\t\t\t\t\t\t\t\t<\/div>\n\t\t\t\t\t<\/div>\n\t\t\t\t<\/div>\n\t\t\t\t<div class=\"col-lg-4\">\n\t\t\t\t\t<div class=\"tcta2ia__top__right t-0 r-0 bg-primary text-white pt-4 pb-4 px-2 pt-lg-8 pb-lg-16 px-lg-11 pb-xl-30\">\n\t\t\t\t\t\t\t\t\t\t\t\t\t\t\t\t\t\t<h2 class=\"unna fs-36 fs-lg-51 fs-xl-75 fs-italic fw-normal text-secondary\">Madrid : Pour un \u00e9v\u00e8nement en capitale<\/h2>\n\t\t\t\t\t\t\t\t\t\t\t\t\t\t\t\t\t\t<h3 class=\"text-white fs-18 fs-lg-20 fs-xl-28 text-original-case\">Bienvenido a Madrid ! Patrimoine culturel, loisirs de jour comme de nuit\u2026 La 1re ville d\u2019Espagne voit la vie en grand et vous accueille pour un s\u00e9minaire inspirant. Au programme : authenticit\u00e9 et convivialit\u00e9 !<\/h3>\n\t\t\t\t\t\t\t\t\t\t\t\t\t\t\t\t\t\t<div class=\"fs-wysiwyg mb-4 fs-lg-16 fs-xl-20\"><p><span style=\"font-weight: 400;\">Centrale sur le plan g\u00e9ographique, la capitale historique de l\u2019\u00c9tat espagnol au c\u0153ur de la\u00a0<\/span><b>Castille<\/b><span style=\"font-weight: 400;\">\u00a0est une valeur s\u00fbre en termes de tourisme et de s\u00e9jours d\u2019affaires. Du\u00a0<\/span><b>mus\u00e9e du Prado<\/b><span style=\"font-weight: 400;\">\u00a0aux\u00a0<\/span><b>plaza Mayor<\/b><span style=\"font-weight: 400;\">\u00a0et\u00a0<\/span><b>Puerta del Sol,<\/b><span style=\"font-weight: 400;\">\u00a0du\u00a0<\/span><b>parc du Retiro<\/b><span style=\"font-weight: 400;\">\u00a0au\u00a0<\/span><b>Palacio Real,<\/b><span style=\"font-weight: 400;\">\u00a0l\u2019art y est omnipr\u00e9sent avec des joyaux du patrimoine institutionnel et culturel, mondialement connus.<\/span><\/p>\n<\/div>\n\t\t\t\t\t\t\t\t\t\t\t\t\t\t\t\t\t\t\t\t\t\t\t\t<p class=\"m-0\"><img decoding=\"async\" src=\"https:\/\/myallmeeting.com\/wp-content\/uploads\/2022\/02\/aja_p_6839-26__original-633x398.jpeg\" class=\"position-relative l-0\" width=\"633\" height=\"398\" alt=\"\" loading=\"lazy\" \/><\/p>\n\t\t\t\t\t\t\t\t\t\t\t<\/div>\n\t\t\t\t<\/div>\n\t\t\t<\/div>\n\t\t<\/div>\n\t<\/div>\n\t<div class=\"tcta2ia__bottom d-lg-none pb-12 py-lg-9 pe-lg-10\">\n\t\t\t\t<div class=\"h2 fs-20 fs-lg-32 fw-semibold\">Madrid est aussi le poumon \u00e9conomique de l\u2019Espagne<\/div>\n\t\t\t\t\t\t<div class=\"fs-wysiwyg\"><p><span style=\"font-weight: 400;\">Elle accueille les si\u00e8ges sociaux des plus grandes entreprises du pays, avec pour embl\u00e8mes les deux\u00a0<\/span><b>tours Puerta de Europa<\/b><span style=\"font-weight: 400;\">\u00a0qui culminent \u00e0 une hauteur de 115 m\u00e8tres.<\/span><\/p>\n<p><span style=\"font-weight: 400;\">Tous les ans, plusieurs milliers d\u2019\u00e9v\u00e9nements professionnels, dont certains de port\u00e9e internationale<\/span><span style=\"font-weight: 400;\">1<\/span><span style=\"font-weight: 400;\">, se d\u00e9roulent dans la capitale madril\u00e8ne qui a re\u00e7u le titre de meilleure destination mondiale pour les r\u00e9unions et les congr\u00e8s en 2019 et 2020<\/span><span style=\"font-weight: 400;\">2<\/span><span style=\"font-weight: 400;\">. Pas vraiment \u00e9tonnant pour une cit\u00e9 historiquement ouverte, accueillante et cosmopolite.<\/span><\/p>\n<\/div>\n\t\t\t\t<div class=\"d-flex flex-column flex-lg-row align-items-center gap-5 gap-lg-8 justify-content-between\">\n\t\t\t<div class=\"fs-20 fs-lg-26 fw-semibold lh-xs\"><\/div>\n\t\t\t\t\t<\/div>\n\t<\/div>\n<\/div>\n<!-- END OF : Composant : block-periscope-theme-section-composant-25-texte-cta-2-images.php -->\n\n\n<!-- START OF : Composant : block-periscope-theme-section-composant-26-textes-slider-cta.php -->\n<div class=\"t3icta bg-white pb-12 mb-9 fs-wysiwyg\" data-component=\"26-textes-3-images-cta\">\n\t<div class=\"t3icta__top position-relative\">\n\t\t<div class=\"container-fluid\" style=\"--bs-gutter-x: 0\">\n\t\t\t<div class=\"row\" style=\"--bs-gutter-x: 0\">\n\t\t\t\t\t\t\t\t<div class=\"col-lg-6\">\n\t\t\t\t\t<div class=\"t3icta__slider\">\n\t\t\t\t\t\t<div class=\"splide\">\n\t\t\t\t\t\t\t<div class=\"splide__track\">\n\t\t\t\t\t\t\t\t<div class=\"splide__list\">\n\t\t\t\t\t\t\t\t\t\t\t\t\t\t\t\t\t\t\t<div class=\"splide__slide\">\n\t\t\t\t\t\t\t\t\t\t\t<img decoding=\"async\" src=\"https:\/\/myallmeeting.com\/wp-content\/uploads\/2022\/02\/6478-54__original-953x600.jpeg\" width=\"953\" height=\"600\" alt=\"\" loading=\"lazy\" \/>\n\t\t\t\t\t\t\t\t\t\t<\/div>\n\t\t\t\t\t\t\t\t\t\t\t\t\t\t\t\t\t\n\t\t\t\t\t\t\t\t<\/div>\n\t\t\t\t\t\t\t<\/div>\n\t\t\t\t\t\t\t<div class=\"splide__arrows d-none d-lg-block\">\n\t\t\t\t\t\t\t\t<button class=\"splide__arrow splide__arrow--prev px-lg-3 py-lg-4 px-xl-4 py-xl-5 px-xxl-5 py-xxl-7 position-absolute l-0 bg-white border-0\">\n\t\t\t\t\t\t\t\t\t<svg width=\"14\" height=\"27\" aria-hidden=\"true\">\n\t\t\t\t\t\t\t\t\t\t<use xlink:href=\"https:\/\/myallmeeting.com\/wp-content\/themes\/accor\/assets\/images\/sprite.svg#slider-prev\"><\/use>\n\t\t\t\t\t\t\t\t\t<\/svg>\n\t\t\t\t\t\t\t\t<\/button>\n\t\t\t\t\t\t\t\t<button class=\"splide__arrow splide__arrow--next px-lg-3 py-lg-4 px-xl-4 py-xl-5 px-xxl-5 py-xxl-7 position-absolute r-0 bg-white border-0\">\n\t\t\t\t\t\t\t\t\t<svg width=\"14\" height=\"27\" aria-hidden=\"true\">\n\t\t\t\t\t\t\t\t\t\t<use xlink:href=\"https:\/\/myallmeeting.com\/wp-content\/themes\/accor\/assets\/images\/sprite.svg#slider-prev\"><\/use>\n\t\t\t\t\t\t\t\t\t<\/svg>\n\t\t\t\t\t\t\t\t<\/button>\n\t\t\t\t\t\t\t<\/div>\n\t\t\t\t\t\t<\/div>\n\t\t\t\t\t<\/div>\n\t\t\t\t<\/div>\n\t\t\t\t\t\t\t\t<div class=\"col-lg-6\">\n\t\t\t\t\t<div class=\"t3icta__top_right mb-lg-14 px-2 py-9 px-lg-11 py-lg-0\">\n\t\t\t\t\t\t\t\n\t\t\t\t\t\t<h2 class=\"fs-20 fs-lg-23 fs-xl-27 fs-xxl-30 fw-semibold\">Accessibilit\u00e9<\/h2>\n\t\t\t\t\t\t\t\t\t\t\t\t\t\n\t\t\t\t\t\t<div class=\"fs-wysiwyg\">\n\t\t\t\t\t\t\t<p><b>Ville capitale, Madrid b\u00e9n\u00e9ficie de la proximit\u00e9 de\u00a0l\u2019a\u00e9roport international Adolfo Su\u00e1rez Madrid-Barajas\u00a0(\u00e0 seulement 12 kilom\u00e8tres).<\/b><span style=\"font-weight: 400;\">\u00a0Desservi par une centaine de compagnies a\u00e9riennes de nombreux pays, celui-ci compte parmi les premiers d\u2019Europe. Madrid est \u00e9galement centrale en mati\u00e8re de r\u00e9seau routier, reli\u00e9e \u00e0 de tr\u00e8s nombreuses destinations. Quant \u00e0 l\u2019AVE (le TGV espagnol), il vous permettra de joindre l\u2019utile \u00e0 l\u2019agr\u00e9able, en\u00a0<\/span><b>d\u00e9barquant gare d\u2019Atocha<\/b><span style=\"font-weight: 400;\">. Fleuron de l\u2019architecture du XIX<\/span><span style=\"font-weight: 400;\">e<\/span><span style=\"font-weight: 400;\">\u00a0si\u00e8cle, elle abrite aujourd\u2019hui sous sa toiture m\u00e9tallique un jardin tropical de 400 esp\u00e8ces diff\u00e9rentes de plantes.<\/span><\/p>\n\t\t\t\t\t\t<\/div>\n\t\t\t\t\t\t\t\t\t\t\t<\/div>\n\t\t\t\t<\/div>\n\t\t\t<\/div>\n\t\t<\/div>\n\t<\/div>\n\t<div class=\"t3icta__bottom bg-beige\">\n\t\t<div class=\"container-fluid\" style=\"--bs-gutter-x: 0\">\n\t\t\t<div class=\"row\" style=\"--bs-gutter-x: 0\">\n\t\t\t\t<div class=\"col-lg-5 offset-lg-1\">\n\t\t\t\t\t<div class=\"t3icta__bottom__left\">\n\t\t\t\t\t\t\t\t\t\t\t\t<img decoding=\"async\" src=\"https:\/\/myallmeeting.com\/wp-content\/uploads\/2022\/02\/aja_p_0132-95__original-633x398.jpeg\" class=\"w-100 d-lg-none\" width=\"633\" height=\"398\" alt=\"\" loading=\"lazy\" \/> <!-- Ce sont les 2 m\u00eames images : ID 0 -->\n\t\t\t\t\t\t\t\t\t\t\t\t<div class=\"px-2 py-9 px-lg-0 py-lg-0\">\n\t\t\t\t\t\t\t\t\n\t\t\t\t\t\t\t<h2 class=\"fs-20 fs-lg-23 fs-xl-27 fs-xxl-30 fw-semibold\">Le r\u00e9seau Accor \u00e0 Madrid<\/h2>\n\t\t\t\t\t\t\t\t\t\t\t\t\t\t\t\n\t\t\t\t\t\t\t<div class=\"fs-wysiwyg mb-lg-15\">\n\t\t\t\t\t\t\t\t<p><b>25 adresses<\/b><span style=\"font-weight: 400;\"> (pas moins !) sont \u00e0 votre disposition selon le format de votre s\u00e9minaire et le style que vous souhaitez lui donner : un\u00a0<\/span><b>Pullman<\/b><span style=\"font-weight: 400;\">\u00a0(gamme <\/span><i><span style=\"font-weight: 400;\">Premium<\/span><\/i><span style=\"font-weight: 400;\">),\u00a0<\/span><b>3 Novotel\u00a0<\/b><span style=\"font-weight: 400;\">et\u00a0<\/span><b>1 Mercure<\/b><span style=\"font-weight: 400;\">\u00a0(<\/span><i><span style=\"font-weight: 400;\">Midscale<\/span><\/i><span style=\"font-weight: 400;\">),\u00a0<\/span><b>8 Ibis<\/b><span style=\"font-weight: 400;\">,\u00a0<\/span><b> 3 Ibis Styles<\/b><span style=\"font-weight: 400;\">\u00a0et\u00a0<\/span><b>9 Ibis Budget<\/b><span style=\"font-weight: 400;\">\u00a0pour la gamme <\/span><i><span style=\"font-weight: 400;\">Economy<\/span><\/i><span style=\"font-weight: 400;\">.<\/span><\/p>\n\t\t\t\t\t\t\t<\/div>\n\t\t\t\t\t\t\t\t\t\t\t\t\t<\/div>\n\t\t\t\t\t\t\t\t\t\t\t\t<div class=\"t3icta__bottom__img1 d-none d-lg-block text-end ms-lg-auto\">\n\t\t\t\t\t\t\t<img decoding=\"async\" src=\"https:\/\/myallmeeting.com\/wp-content\/uploads\/2022\/02\/aja_p_0132-95__original-633x398.jpeg\" width=\"633\" height=\"398\" alt=\"\" loading=\"lazy\" \/> <!-- Ce sont les 2 m\u00eames images : ID 1 -->\n\t\t\t\t\t\t<\/div>\n\t\t\t\t\t\t\t\t\t\t\t<\/div>\n\t\t\t\t<\/div>\n\t\t\t\t<div class=\"col-lg-5\">\n\t\t\t\t\t<div class=\"ps-lg-10\">\n\t\t\t\t\t\t\t\t\t\t\t\t<img decoding=\"async\" src=\"https:\/\/myallmeeting.com\/wp-content\/uploads\/2022\/02\/aja_p_0132-97__original-633x398.jpeg\" class=\"t3icta__bottom__img0 position-relative d-none d-lg-block mb-15\" width=\"633\" height=\"398\" alt=\"\" loading=\"lazy\" \/> <!-- Ce sont les 2 m\u00eames images : ID 0 -->\n\t\t\t\t\t\t\t\t\t\t\t\t<div class=\"px-2 px-lg-0 mb-9\">\n\t\t\t\t\t\t\t\t\n\t\t\t\t\t\t\t<h2 class=\"fs-20 fs-lg-23 fs-xl-27 fs-xxl-30 fw-semibold\">Id\u00e9e d\u2019incentives \u00e0 Madrid<\/h2>\n\t\t\t\t\t\t\t\t\t\t\t\t\t\t\t\t\t\t\t\t\t<div class=\"fs-wysiwyg\">\n\t\t\t\t\t\t\t\t<p><span style=\"font-weight: 400;\">Booster l\u2019inspiration de vos collaborateurs ? Facile \u00e0 Madrid !<\/span><\/p>\n<p><span style=\"font-weight: 400;\">Les bistros traditionnels de la vieille ville sont un cadre id\u00e9al pour d\u00e9couvrir la v\u00e9ritable ambiance \u00ab\u00a0castiza\u00a0\u00bb (authentique) et d\u00e9guster les fameuses\u00a0<\/span><b>tapas<\/b><span style=\"font-weight: 400;\">. Un v\u00e9ritable art de vivre \u00e0 toute heure du jour et de la nuit qui garantit la convivialit\u00e9 au sein de vos \u00e9quipes.<\/span><\/p>\n<p><span style=\"font-weight: 400;\">Autre formule typique\u00a0: la d\u00e9couverte de la\u00a0<\/span><b>\u00ab\u00a0zarzuela\u00a0\u00bb,<\/b><span style=\"font-weight: 400;\">\u00a0un type de musique th\u00e9\u00e2trale proche de l\u2019op\u00e9ra. Accompagn\u00e9s d\u2019acteurs qui incarnent des figures historiques de Madrid, vous traverserez le c\u0153ur de la cit\u00e9 pour un voyage unique \u00e0 travers le temps et la culture populaire locale.<\/span><\/p>\n<p><span style=\"font-weight: 400;\">Version cin\u00e9phile de cette d\u00e9couverte de la ville\u00a0: un itin\u00e9raire insolite sur les pas du c\u00e9l\u00e8bre r\u00e9alisateur\u00a0<\/span><b>Pedro Almodovar<\/b><span style=\"font-weight: 400;\">. Pour conjuguer esprit d\u2019\u00e9quipe et aptitude \u00e0 sortir des sentiers battus !<\/span><\/p>\n<p>&nbsp;<\/p>\n\t\t\t\t\t\t\t<\/div>\n\t\t\t\t\t\t\t\t\t\t\t\t\t<\/div>\n\t\t\t\t\t\t\t\t\t\t\t\t<div class=\"t3icta__bottom__img1 d-lg-none mx-auto\">\n\t\t\t\t\t\t\t<img decoding=\"async\" src=\"https:\/\/myallmeeting.com\/wp-content\/uploads\/2022\/02\/aja_p_0132-97__original-633x398.jpeg\" width=\"633\" height=\"398\" alt=\"\" loading=\"lazy\" \/> <!-- Ce sont les 2 m\u00eames images : ID 1 -->\n\t\t\t\t\t\t<\/div>\n\t\t\t\t\t\t\t\t\t\t\t<\/div>\n\t\t\t\t<\/div>\n\t\t\t<\/div>\n\t\t<\/div>\n\t<\/div>\n\t<\/div>\n<!-- END OF : Composant : block-periscope-theme-section-composant-26-textes-slider-cta.php -->\n","protected":false},"excerpt":{"rendered":"<p>Bienvenido a Madrid ! Patrimoine culturel, loisirs de jour comme de nuit\u2026 la 1\u00e8re ville d\u2019Espagne voit la vie en grand et vous accueille pour un s\u00e9minaire inspirant. Au programme : authenticit\u00e9 et convivialit\u00e9 !<\/p>\n","protected":false},"featured_media":16738016,"menu_order":0,"template":"","ville":[],"periscope_lieu_tax":[],"class_list":["post-15227027","desti","type-desti","status-publish","has-post-thumbnail","hentry"],"acf":[],"yoast_head":"<title>Madrid : Pour un \u00e9v\u00e8nement en capitale - Accor MyAllMeeting.com<\/title>\n<meta name=\"robots\" content=\"index, follow, max-snippet:-1, max-image-preview:large, max-video-preview:-1\" \/>\n<link rel=\"canonical\" href=\"https:\/\/myallmeeting.com\/fr\/wp-json\/wp\/v2\/desti\/15227027\" \/>\n<meta property=\"og:locale\" content=\"fr_FR\" \/>\n<meta property=\"og:type\" content=\"article\" \/>\n<meta property=\"og:title\" content=\"Madrid : Pour un \u00e9v\u00e8nement en capitale - Accor MyAllMeeting.com\" \/>\n<meta property=\"og:description\" content=\"Bienvenido a Madrid ! Patrimoine culturel, loisirs de jour comme de nuit\u2026 la 1\u00e8re ville d\u2019Espagne voit la vie en grand et vous accueille pour un s\u00e9minaire inspirant. Au programme : authenticit\u00e9 et convivialit\u00e9 !\" \/>\n<meta property=\"og:url\" content=\"https:\/\/myallmeeting.com\/fr\/destination\/madrid-pour-un-evenement-en-capitale\/\" \/>\n<meta property=\"og:site_name\" content=\"Accor MyAllMeeting.com\" \/>\n<meta property=\"article:modified_time\" content=\"2024-11-27T15:13:05+00:00\" \/>\n<meta property=\"og:image\" content=\"http:\/\/myallmeeting.com\/wp-content\/uploads\/2022\/02\/MAM-baner-1920x570-48.png\" \/>\n\t<meta property=\"og:image:width\" content=\"1920\" \/>\n\t<meta property=\"og:image:height\" content=\"570\" \/>\n\t<meta property=\"og:image:type\" content=\"image\/png\" \/>\n<meta name=\"twitter:card\" content=\"summary_large_image\" \/>\n<meta name=\"twitter:label1\" content=\"Dur\u00e9e de lecture estim\u00e9e\" \/>\n\t<meta name=\"twitter:data1\" content=\"4 minutes\" \/>\n<script type=\"application\/ld+json\" class=\"yoast-schema-graph\">{\"@context\":\"https:\/\/schema.org\",\"@graph\":[{\"@type\":\"WebPage\",\"@id\":\"https:\/\/myallmeeting.com\/fr\/destination\/madrid-pour-un-evenement-en-capitale\/\",\"url\":\"https:\/\/myallmeeting.com\/fr\/destination\/madrid-pour-un-evenement-en-capitale\/\",\"name\":\"Madrid : Pour un \u00e9v\u00e8nement en capitale - Accor MyAllMeeting.com\",\"isPartOf\":{\"@id\":\"https:\/\/www.myallmeeting.com\/fr\/#website\"},\"primaryImageOfPage\":{\"@id\":\"https:\/\/myallmeeting.com\/fr\/destination\/madrid-pour-un-evenement-en-capitale\/#primaryimage\"},\"image\":{\"@id\":\"https:\/\/myallmeeting.com\/fr\/destination\/madrid-pour-un-evenement-en-capitale\/#primaryimage\"},\"thumbnailUrl\":\"https:\/\/myallmeeting.com\/wp-content\/uploads\/2022\/02\/MAM-baner-1920x570-48.png\",\"datePublished\":\"2022-02-23T15:53:11+00:00\",\"dateModified\":\"2024-11-27T15:13:05+00:00\",\"breadcrumb\":{\"@id\":\"https:\/\/myallmeeting.com\/fr\/destination\/madrid-pour-un-evenement-en-capitale\/#breadcrumb\"},\"inLanguage\":\"fr-FR\",\"potentialAction\":[{\"@type\":\"ReadAction\",\"target\":[\"https:\/\/myallmeeting.com\/fr\/destination\/madrid-pour-un-evenement-en-capitale\/\"]}]},{\"@type\":\"ImageObject\",\"inLanguage\":\"fr-FR\",\"@id\":\"https:\/\/myallmeeting.com\/fr\/destination\/madrid-pour-un-evenement-en-capitale\/#primaryimage\",\"url\":\"https:\/\/myallmeeting.com\/wp-content\/uploads\/2022\/02\/MAM-baner-1920x570-48.png\",\"contentUrl\":\"https:\/\/myallmeeting.com\/wp-content\/uploads\/2022\/02\/MAM-baner-1920x570-48.png\",\"width\":1920,\"height\":570},{\"@type\":\"BreadcrumbList\",\"@id\":\"https:\/\/myallmeeting.com\/fr\/destination\/madrid-pour-un-evenement-en-capitale\/#breadcrumb\",\"itemListElement\":[{\"@type\":\"ListItem\",\"position\":1,\"name\":\"Accueil\",\"item\":\"https:\/\/myallmeeting.com\/fr\/\"},{\"@type\":\"ListItem\",\"position\":2,\"name\":\"Destination\",\"item\":\"https:\/\/myallmeeting.com\/fr\/destination\/\"},{\"@type\":\"ListItem\",\"position\":3,\"name\":\"Madrid : Pour un \u00e9v\u00e8nement en capitale\"}]},{\"@type\":\"WebSite\",\"@id\":\"https:\/\/www.myallmeeting.com\/fr\/#website\",\"url\":\"https:\/\/www.myallmeeting.com\/fr\/\",\"name\":\"Accor MyAllMeeting.com\",\"description\":\"Les Meilleurs lieux pour vos Ev\u00e9nements Professionnels\",\"publisher\":{\"@id\":\"https:\/\/www.myallmeeting.com\/fr\/#organization\"},\"potentialAction\":[{\"@type\":\"SearchAction\",\"target\":{\"@type\":\"EntryPoint\",\"urlTemplate\":\"https:\/\/www.myallmeeting.com\/fr\/?s={search_term_string}\"},\"query-input\":{\"@type\":\"PropertyValueSpecification\",\"valueRequired\":true,\"valueName\":\"search_term_string\"}}],\"inLanguage\":\"fr-FR\"},{\"@type\":\"Organization\",\"@id\":\"https:\/\/www.myallmeeting.com\/fr\/#organization\",\"name\":\"ACCOR\",\"url\":\"https:\/\/www.myallmeeting.com\/fr\/\",\"logo\":{\"@type\":\"ImageObject\",\"inLanguage\":\"fr-FR\",\"@id\":\"https:\/\/www.myallmeeting.com\/fr\/#\/schema\/logo\/image\/\",\"url\":\"\",\"contentUrl\":\"\",\"caption\":\"ACCOR\"},\"image\":{\"@id\":\"https:\/\/www.myallmeeting.com\/fr\/#\/schema\/logo\/image\/\"}}]}<\/script>","yoast_head_json":{"title":"Madrid : Pour un \u00e9v\u00e8nement en capitale - Accor MyAllMeeting.com","robots":{"index":"index","follow":"follow","max-snippet":"max-snippet:-1","max-image-preview":"max-image-preview:large","max-video-preview":"max-video-preview:-1"},"canonical":"https:\/\/myallmeeting.com\/fr\/wp-json\/wp\/v2\/desti\/15227027","og_locale":"fr_FR","og_type":"article","og_title":"Madrid : Pour un \u00e9v\u00e8nement en capitale - Accor MyAllMeeting.com","og_description":"Bienvenido a Madrid ! Patrimoine culturel, loisirs de jour comme de nuit\u2026 la 1\u00e8re ville d\u2019Espagne voit la vie en grand et vous accueille pour un s\u00e9minaire inspirant. Au programme : authenticit\u00e9 et convivialit\u00e9 !","og_url":"https:\/\/myallmeeting.com\/fr\/destination\/madrid-pour-un-evenement-en-capitale\/","og_site_name":"Accor MyAllMeeting.com","article_modified_time":"2024-11-27T15:13:05+00:00","og_image":[{"width":1920,"height":570,"url":"http:\/\/myallmeeting.com\/wp-content\/uploads\/2022\/02\/MAM-baner-1920x570-48.png","type":"image\/png"}],"twitter_card":"summary_large_image","twitter_misc":{"Dur\u00e9e de lecture estim\u00e9e":"4 minutes"},"schema":{"@context":"https:\/\/schema.org","@graph":[{"@type":"WebPage","@id":"https:\/\/myallmeeting.com\/fr\/destination\/madrid-pour-un-evenement-en-capitale\/","url":"https:\/\/myallmeeting.com\/fr\/destination\/madrid-pour-un-evenement-en-capitale\/","name":"Madrid : Pour un \u00e9v\u00e8nement en capitale - Accor MyAllMeeting.com","isPartOf":{"@id":"https:\/\/www.myallmeeting.com\/fr\/#website"},"primaryImageOfPage":{"@id":"https:\/\/myallmeeting.com\/fr\/destination\/madrid-pour-un-evenement-en-capitale\/#primaryimage"},"image":{"@id":"https:\/\/myallmeeting.com\/fr\/destination\/madrid-pour-un-evenement-en-capitale\/#primaryimage"},"thumbnailUrl":"https:\/\/myallmeeting.com\/wp-content\/uploads\/2022\/02\/MAM-baner-1920x570-48.png","datePublished":"2022-02-23T15:53:11+00:00","dateModified":"2024-11-27T15:13:05+00:00","breadcrumb":{"@id":"https:\/\/myallmeeting.com\/fr\/destination\/madrid-pour-un-evenement-en-capitale\/#breadcrumb"},"inLanguage":"fr-FR","potentialAction":[{"@type":"ReadAction","target":["https:\/\/myallmeeting.com\/fr\/destination\/madrid-pour-un-evenement-en-capitale\/"]}]},{"@type":"ImageObject","inLanguage":"fr-FR","@id":"https:\/\/myallmeeting.com\/fr\/destination\/madrid-pour-un-evenement-en-capitale\/#primaryimage","url":"https:\/\/myallmeeting.com\/wp-content\/uploads\/2022\/02\/MAM-baner-1920x570-48.png","contentUrl":"https:\/\/myallmeeting.com\/wp-content\/uploads\/2022\/02\/MAM-baner-1920x570-48.png","width":1920,"height":570},{"@type":"BreadcrumbList","@id":"https:\/\/myallmeeting.com\/fr\/destination\/madrid-pour-un-evenement-en-capitale\/#breadcrumb","itemListElement":[{"@type":"ListItem","position":1,"name":"Accueil","item":"https:\/\/myallmeeting.com\/fr\/"},{"@type":"ListItem","position":2,"name":"Destination","item":"https:\/\/myallmeeting.com\/fr\/destination\/"},{"@type":"ListItem","position":3,"name":"Madrid : Pour un \u00e9v\u00e8nement en capitale"}]},{"@type":"WebSite","@id":"https:\/\/www.myallmeeting.com\/fr\/#website","url":"https:\/\/www.myallmeeting.com\/fr\/","name":"Accor MyAllMeeting.com","description":"Les Meilleurs lieux pour vos Ev\u00e9nements Professionnels","publisher":{"@id":"https:\/\/www.myallmeeting.com\/fr\/#organization"},"potentialAction":[{"@type":"SearchAction","target":{"@type":"EntryPoint","urlTemplate":"https:\/\/www.myallmeeting.com\/fr\/?s={search_term_string}"},"query-input":{"@type":"PropertyValueSpecification","valueRequired":true,"valueName":"search_term_string"}}],"inLanguage":"fr-FR"},{"@type":"Organization","@id":"https:\/\/www.myallmeeting.com\/fr\/#organization","name":"ACCOR","url":"https:\/\/www.myallmeeting.com\/fr\/","logo":{"@type":"ImageObject","inLanguage":"fr-FR","@id":"https:\/\/www.myallmeeting.com\/fr\/#\/schema\/logo\/image\/","url":"","contentUrl":"","caption":"ACCOR"},"image":{"@id":"https:\/\/www.myallmeeting.com\/fr\/#\/schema\/logo\/image\/"}}]}},"_links":{"self":[{"href":"https:\/\/myallmeeting.com\/fr\/wp-json\/wp\/v2\/desti\/15227027","targetHints":{"allow":["GET"]}}],"collection":[{"href":"https:\/\/myallmeeting.com\/fr\/wp-json\/wp\/v2\/desti"}],"about":[{"href":"https:\/\/myallmeeting.com\/fr\/wp-json\/wp\/v2\/types\/desti"}],"wp:featuredmedia":[{"embeddable":true,"href":"https:\/\/myallmeeting.com\/fr\/wp-json\/wp\/v2\/media\/16738016"}],"wp:attachment":[{"href":"https:\/\/myallmeeting.com\/fr\/wp-json\/wp\/v2\/media?parent=15227027"}],"wp:term":[{"taxonomy":"ville","embeddable":true,"href":"https:\/\/myallmeeting.com\/fr\/wp-json\/wp\/v2\/ville?post=15227027"},{"taxonomy":"periscope_lieu_tax","embeddable":true,"href":"https:\/\/myallmeeting.com\/fr\/wp-json\/wp\/v2\/periscope_lieu_tax?post=15227027"}],"curies":[{"name":"wp","href":"https:\/\/api.w.org\/{rel}","templated":true}]}}