{"id":15227025,"date":"2022-05-31T17:24:27","date_gmt":"2022-05-31T15:24:27","guid":{"rendered":"https:\/\/myallmeeting.com\/fr\/destination\/la-montagne-oxygenez-vos-evenements-professionnels-en-montagne\/"},"modified":"2024-11-28T14:06:33","modified_gmt":"2024-11-28T13:06:33","slug":"la-montagne-oxygenez-vos-evenements-professionnels-en-montagne","status":"publish","type":"desti","link":"https:\/\/myallmeeting.com\/fr\/destination\/la-montagne-oxygenez-vos-evenements-professionnels-en-montagne\/","title":{"rendered":"La Montagne : Oxyg\u00e9nez vos \u00e9v\u00e8nements professionnels en montagne"},"content":{"rendered":"<!-- START OF : Composant : block-periscope-theme-section-composant-25-texte-cta-2-images.php -->\n<div class=\"tcta2ia bg-white fs-wysiwyg mb-lg-12\" data-component=\"25-texte-cta-2-images\">\n\t<div class=\"tcta2ia__top\">\n\t\t<div class=\"container-fluid\" style=\"--bs-gutter-x: 0\">\n\t\t\t<div class=\"row\" style=\"--bs-gutter-x: 0\">\n\t\t\t\t<div class=\"col-lg-8\">\n\t\t\t\t\t\t\t\t\t\t<div class=\"bloc-mise-en-avant__top__left\">\n\t\t\t\t\t\t<img decoding=\"async\" src=\"https:\/\/myallmeeting.com\/wp-content\/uploads\/2022\/05\/aja_p_0095-22__original-1-1268x846.jpeg\" class=\"pe-2 pe-lg-0\" width=\"1268\" height=\"846\" alt=\"\" loading=\"lazy\" \/>\n\t\t\t\t\t<\/div>\n\t\t\t\t\t\t\t\t\t\t<div class=\"tcta2ia__bottom d-none d-lg-block pb-12 pt-lg-9 pb-lg-0 pe-lg-10\">\n\t\t\t\t\t\t\t\t\t\t\t\t<h2 class=\"fs-20 fs-lg-32 fw-semibold\">Accessibilit\u00e9<\/h2>\n\t\t\t\t\t\t\t\t\t\t\t\t\t\t\t\t\t\t<div class=\"fs-wysiwyg\"><p>Certaines villes des Alpes sont \u00e0 moins de 3 heures de TGV depuis Paris, et encore plus proches de Lyon\u00a0! Le\u00a0<strong>train de nuit<\/strong>,\u00a0au d\u00e9part de Paris, a aussi fait son grand retour, pour peu que vous vous rendiez non loin de Brian\u00e7on.<\/p>\n<p>Ainsi, vous atteindrez\u00a0<strong>Les Arcs<\/strong>\u00a0et leurs 425 km de pistes en 5\u00a0heures en TGV depuis Paris\u00a0! Situ\u00e9e au c\u0153ur du massif du Mont-Blanc, la \u201cchiquissime\u201d <strong>Meg\u00e8ve<\/strong>\u00a0b\u00e9n\u00e9ficie d\u2019une situation id\u00e9ale \u00e0 seulement une heure de l\u2019a\u00e9roport de Gen\u00e8ve, et 12 km de la gare de Sallanches.<\/p>\n<p>La mythique station de\u00a0<strong>Chamonix<\/strong>, quant \u00e0 elle, est desservie par le\u00a0<strong>Mont-Blanc Express<\/strong>\u00a0et le r\u00e9seau transfrontalier <strong>L\u00e9man Express<\/strong>.<\/p>\n<p>Si vous pr\u00e9f\u00e9rez des stations plus familiales, vous vous laisserez tenter par les\u00a0<strong>Pyr\u00e9n\u00e9es<\/strong>, facilement accessibles en train, en voiture ou m\u00eame en avion, gr\u00e2ce aux\u00a0<strong>a\u00e9roports internationaux de Tarbes-Lourdes-Pyr\u00e9n\u00e9es (TLP),\u00a0Biarritz-Pays Basque\u00a0et\u00a0Toulouse-Blagnac.<\/strong><\/p>\n<\/div>\n\t\t\t\t\t\t\t\t\t\t\t\t<div class=\"d-flex flex-column flex-lg-row align-items-center gap-5 gap-lg-8 justify-content-between\">\n\t\t\t\t\t\t\t<div class=\"fs-20 fs-lg-26 fw-semibold lh-xs\"><\/div>\n\t\t\t\t\t\t\t\t\t\t\t\t\t<\/div>\n\t\t\t\t\t<\/div>\n\t\t\t\t<\/div>\n\t\t\t\t<div class=\"col-lg-4\">\n\t\t\t\t\t<div class=\"tcta2ia__top__right t-0 r-0 bg-primary text-white pt-4 pb-4 px-2 pt-lg-8 pb-lg-16 px-lg-11 pb-xl-30\">\n\t\t\t\t\t\t\t\t\t\t\t\t\t\t\t\t\t\t<h2 class=\"unna fs-36 fs-lg-51 fs-xl-75 fs-italic fw-normal text-secondary\">La Montagne : Oxyg\u00e9nez vos \u00e9v\u00e8nements professionnels en montagne<\/h2>\n\t\t\t\t\t\t\t\t\t\t\t\t\t\t\t\t\t\t<h3 class=\"text-white fs-18 fs-lg-20 fs-xl-28 text-original-case\">Bord\u00e9e par 3 000 km de c\u00f4tes, la France n\u2019est pas seulement un pays de plages\u2026 Elle est aussi r\u00e9put\u00e9e pour ses splendides massifs montagneux ! <\/h3>\n\t\t\t\t\t\t\t\t\t\t\t\t\t\t\t\t\t\t<div class=\"fs-wysiwyg mb-4 fs-lg-16 fs-xl-20\"><p>Les Alpes et les Pyr\u00e9n\u00e9es abritent des stations mythiques et authentiques, nich\u00e9es sur quelques-unes des plus belles pentes du monde. Rien de tel qu\u2019un s\u00e9jour en montagne pour vous \u00e9vader de votre quotidien du bureau et vous reconnecter \u00e0 la nature. Au milieu des grands espaces, mariez le plaisir d\u2019un moment de d\u00e9tente aux \u00e9motions fortes de la glisse ou des sports de montagne, partag\u00e9es entre coll\u00e8gues.<\/p>\n<\/div>\n\t\t\t\t\t\t\t\t\t\t\t\t\t\t\t\t\t\t\t\t\t\t\t\t<p class=\"m-0\"><img decoding=\"async\" src=\"https:\/\/myallmeeting.com\/wp-content\/uploads\/2022\/05\/aja_p_1358-35__original-633x398.jpeg\" class=\"position-relative l-0\" width=\"633\" height=\"398\" alt=\"\" loading=\"lazy\" \/><\/p>\n\t\t\t\t\t\t\t\t\t\t\t<\/div>\n\t\t\t\t<\/div>\n\t\t\t<\/div>\n\t\t<\/div>\n\t<\/div>\n\t<div class=\"tcta2ia__bottom d-lg-none pb-12 py-lg-9 pe-lg-10\">\n\t\t\t\t<div class=\"h2 fs-20 fs-lg-32 fw-semibold\">Accessibilit\u00e9<\/div>\n\t\t\t\t\t\t<div class=\"fs-wysiwyg\"><p>Certaines villes des Alpes sont \u00e0 moins de 3 heures de TGV depuis Paris, et encore plus proches de Lyon\u00a0! Le\u00a0<strong>train de nuit<\/strong>,\u00a0au d\u00e9part de Paris, a aussi fait son grand retour, pour peu que vous vous rendiez non loin de Brian\u00e7on.<\/p>\n<p>Ainsi, vous atteindrez\u00a0<strong>Les Arcs<\/strong>\u00a0et leurs 425 km de pistes en 5\u00a0heures en TGV depuis Paris\u00a0! Situ\u00e9e au c\u0153ur du massif du Mont-Blanc, la \u201cchiquissime\u201d <strong>Meg\u00e8ve<\/strong>\u00a0b\u00e9n\u00e9ficie d\u2019une situation id\u00e9ale \u00e0 seulement une heure de l\u2019a\u00e9roport de Gen\u00e8ve, et 12 km de la gare de Sallanches.<\/p>\n<p>La mythique station de\u00a0<strong>Chamonix<\/strong>, quant \u00e0 elle, est desservie par le\u00a0<strong>Mont-Blanc Express<\/strong>\u00a0et le r\u00e9seau transfrontalier <strong>L\u00e9man Express<\/strong>.<\/p>\n<p>Si vous pr\u00e9f\u00e9rez des stations plus familiales, vous vous laisserez tenter par les\u00a0<strong>Pyr\u00e9n\u00e9es<\/strong>, facilement accessibles en train, en voiture ou m\u00eame en avion, gr\u00e2ce aux\u00a0<strong>a\u00e9roports internationaux de Tarbes-Lourdes-Pyr\u00e9n\u00e9es (TLP),\u00a0Biarritz-Pays Basque\u00a0et\u00a0Toulouse-Blagnac.<\/strong><\/p>\n<\/div>\n\t\t\t\t<div class=\"d-flex flex-column flex-lg-row align-items-center gap-5 gap-lg-8 justify-content-between\">\n\t\t\t<div class=\"fs-20 fs-lg-26 fw-semibold lh-xs\"><\/div>\n\t\t\t\t\t<\/div>\n\t<\/div>\n<\/div>\n<!-- END OF : Composant : block-periscope-theme-section-composant-25-texte-cta-2-images.php -->\n\n\n<!-- START OF : Composant : block-periscope-theme-section-composant-26-textes-slider-cta.php -->\n<div class=\"t3icta bg-white pb-12 mb-9 fs-wysiwyg\" data-component=\"26-textes-3-images-cta\">\n\t<div class=\"t3icta__top position-relative\">\n\t\t<div class=\"container-fluid\" style=\"--bs-gutter-x: 0\">\n\t\t\t<div class=\"row\" style=\"--bs-gutter-x: 0\">\n\t\t\t\t\t\t\t\t<div class=\"col-lg-6\">\n\t\t\t\t\t<div class=\"t3icta__slider\">\n\t\t\t\t\t\t<div class=\"splide\">\n\t\t\t\t\t\t\t<div class=\"splide__track\">\n\t\t\t\t\t\t\t\t<div class=\"splide__list\">\n\t\t\t\t\t\t\t\t\t\t\t\t\t\t\t\t\t\t\t<div class=\"splide__slide\">\n\t\t\t\t\t\t\t\t\t\t\t<img decoding=\"async\" src=\"https:\/\/myallmeeting.com\/wp-content\/uploads\/2022\/05\/met_p_a040-71__original-953x600.jpeg\" width=\"953\" height=\"600\" alt=\"\" loading=\"lazy\" \/>\n\t\t\t\t\t\t\t\t\t\t<\/div>\n\t\t\t\t\t\t\t\t\t\t\t\t\t\t\t\t\t\n\t\t\t\t\t\t\t\t<\/div>\n\t\t\t\t\t\t\t<\/div>\n\t\t\t\t\t\t\t<div class=\"splide__arrows d-none d-lg-block\">\n\t\t\t\t\t\t\t\t<button class=\"splide__arrow splide__arrow--prev px-lg-3 py-lg-4 px-xl-4 py-xl-5 px-xxl-5 py-xxl-7 position-absolute l-0 bg-white border-0\">\n\t\t\t\t\t\t\t\t\t<svg width=\"14\" height=\"27\" aria-hidden=\"true\">\n\t\t\t\t\t\t\t\t\t\t<use xlink:href=\"https:\/\/myallmeeting.com\/wp-content\/themes\/accor\/assets\/images\/sprite.svg#slider-prev\"><\/use>\n\t\t\t\t\t\t\t\t\t<\/svg>\n\t\t\t\t\t\t\t\t<\/button>\n\t\t\t\t\t\t\t\t<button class=\"splide__arrow splide__arrow--next px-lg-3 py-lg-4 px-xl-4 py-xl-5 px-xxl-5 py-xxl-7 position-absolute r-0 bg-white border-0\">\n\t\t\t\t\t\t\t\t\t<svg width=\"14\" height=\"27\" aria-hidden=\"true\">\n\t\t\t\t\t\t\t\t\t\t<use xlink:href=\"https:\/\/myallmeeting.com\/wp-content\/themes\/accor\/assets\/images\/sprite.svg#slider-prev\"><\/use>\n\t\t\t\t\t\t\t\t\t<\/svg>\n\t\t\t\t\t\t\t\t<\/button>\n\t\t\t\t\t\t\t<\/div>\n\t\t\t\t\t\t<\/div>\n\t\t\t\t\t<\/div>\n\t\t\t\t<\/div>\n\t\t\t\t\t\t\t\t<div class=\"col-lg-6\">\n\t\t\t\t\t<div class=\"t3icta__top_right mb-lg-14 px-2 py-9 px-lg-11 py-lg-0\">\n\t\t\t\t\t\t\t\n\t\t\t\t\t\t<h2 class=\"fs-20 fs-lg-23 fs-xl-27 fs-xxl-30 fw-semibold\">Le r\u00e9seau Accor en montagne<\/h2>\n\t\t\t\t\t\t\t\t\t\t\t\t\t\n\t\t\t\t\t\t<div class=\"fs-wysiwyg\">\n\t\t\t\t\t\t\t<p>Que ce soit dans les Alpes ou dans les Pyr\u00e9n\u00e9es, Accor met \u00e0 votre disposition un r\u00e9seau d\u2019h\u00f4tels bien implant\u00e9s et dot\u00e9s de belles capacit\u00e9s MICE.<\/p>\n<p>\u00c0\u00a0<strong>Chamonix<\/strong>, <a href=\"https:\/\/myallmeeting.com\/fr\/hotel\/b9p8-ibis-styles-les-houches-chamonix\/\"><strong>l\u2019ibis Styles Les Houches<\/strong><\/a> vous attend avec sa salle de r\u00e9union permettant d\u2019accueillir 15 personnes.<\/p>\n<p>\u00c0\u00a0<strong>Meg\u00e8ve<\/strong>, le\u00a0<a href=\"https:\/\/myallmeeting.com\/fr\/hotel\/b5i0-novotel-megeve-mont-blanc\/\"><strong>Novotel Meg\u00e8ve Mont-Blanc<\/strong><\/a>, chalet en c\u0153ur de ville, donnera \u00e0 votre s\u00e9minaire une note chaleureuse et intime.<\/p>\n<p>Dans les <strong>Pyr\u00e9n\u00e9es<\/strong>, deux Mercure, le <a href=\"https:\/\/myallmeeting.com\/fr\/hotel\/2904-hotel-mercure-de-saint-lary\/\"><strong>Mercure de Saint-Lary<\/strong><\/a>,\u00a0non loin de Lourdes, et le\u00a0<a href=\"https:\/\/myallmeeting.com\/fr\/hotel\/b803-mercure-peyragudes-loudenvielle-pyrenees\/\"><strong>Mercure Peyragudes Loudenvielle<\/strong><\/a>, dans la vall\u00e9e du Louron, vous feront appr\u00e9cier l\u2019authenticit\u00e9 des charmants petits villages qui les abritent.<\/p>\n\t\t\t\t\t\t<\/div>\n\t\t\t\t\t\t\t\t\t\t\t<\/div>\n\t\t\t\t<\/div>\n\t\t\t<\/div>\n\t\t<\/div>\n\t<\/div>\n\t<div class=\"t3icta__bottom bg-beige\">\n\t\t<div class=\"container-fluid\" style=\"--bs-gutter-x: 0\">\n\t\t\t<div class=\"row\" style=\"--bs-gutter-x: 0\">\n\t\t\t\t<div class=\"col-lg-5 offset-lg-1\">\n\t\t\t\t\t<div class=\"t3icta__bottom__left\">\n\t\t\t\t\t\t\t\t\t\t\t\t<img decoding=\"async\" src=\"https:\/\/myallmeeting.com\/wp-content\/uploads\/2022\/05\/aja_p_0357-37__original-633x398.jpeg\" class=\"w-100 d-lg-none\" width=\"633\" height=\"398\" alt=\"\" loading=\"lazy\" \/> <!-- Ce sont les 2 m\u00eames images : ID 0 -->\n\t\t\t\t\t\t\t\t\t\t\t\t<div class=\"px-2 py-9 px-lg-0 py-lg-0\">\n\t\t\t\t\t\t\t\t\n\t\t\t\t\t\t\t<h2 class=\"fs-20 fs-lg-23 fs-xl-27 fs-xxl-30 fw-semibold\">Id\u00e9e d\u2019incentives en montagne en hiver\u2026<\/h2>\n\t\t\t\t\t\t\t\t\t\t\t\t\t\t\t\n\t\t\t\t\t\t\t<div class=\"fs-wysiwyg mb-lg-15\">\n\t\t\t\t\t\t\t\t<p>Quoi de mieux pour briser la glace qu\u2019un s\u00e9jour \u00e0 la neige\u00a0? Vous l\u2019aurez compris, pour un s\u00e9minaire ou un s\u00e9jour team building r\u00e9ussis, le grand air et les activit\u00e9s physiques sont toujours gagnants. Ski, ski de fond, randonn\u00e9e en raquette offrent des moments inoubliables, dans des panoramas grandioses. Pour vivre de nouvelles d\u00e9couvertes, vous pouvez tester l\u2019initiation au\u00a0<strong>biathlon,\u00a0l\u2019alpinisme sur cascade de glace<\/strong>, un apr\u00e8s-midi avec les\u00a0<strong>chiens de tra\u00eeneau<\/strong>,\u00a0une randonn\u00e9e en VTT \u00e9lectrique sur neige, et m\u00eame de la\u00a0<strong>plong\u00e9e sous glace<\/strong>\u2026<\/p>\n\t\t\t\t\t\t\t<\/div>\n\t\t\t\t\t\t\t\t\t\t\t\t\t<\/div>\n\t\t\t\t\t\t\t\t\t\t\t\t<div class=\"t3icta__bottom__img1 d-none d-lg-block text-end ms-lg-auto\">\n\t\t\t\t\t\t\t<img decoding=\"async\" src=\"https:\/\/myallmeeting.com\/wp-content\/uploads\/2022\/05\/aja_p_0357-37__original-633x398.jpeg\" width=\"633\" height=\"398\" alt=\"\" loading=\"lazy\" \/> <!-- Ce sont les 2 m\u00eames images : ID 1 -->\n\t\t\t\t\t\t<\/div>\n\t\t\t\t\t\t\t\t\t\t\t<\/div>\n\t\t\t\t<\/div>\n\t\t\t\t<div class=\"col-lg-5\">\n\t\t\t\t\t<div class=\"ps-lg-10\">\n\t\t\t\t\t\t\t\t\t\t\t\t<img decoding=\"async\" src=\"https:\/\/myallmeeting.com\/wp-content\/uploads\/2022\/05\/aja_p_0358-39__original-633x398.jpeg\" class=\"t3icta__bottom__img0 position-relative d-none d-lg-block mb-15\" width=\"633\" height=\"398\" alt=\"\" loading=\"lazy\" \/> <!-- Ce sont les 2 m\u00eames images : ID 0 -->\n\t\t\t\t\t\t\t\t\t\t\t\t<div class=\"px-2 px-lg-0 mb-9\">\n\t\t\t\t\t\t\t\t\n\t\t\t\t\t\t\t<h2 class=\"fs-20 fs-lg-23 fs-xl-27 fs-xxl-30 fw-semibold\">\u2026et en \u00e9t\u00e9<\/h2>\n\t\t\t\t\t\t\t\t\t\t\t\t\t\t\t\t\t\t\t\t\t<div class=\"fs-wysiwyg\">\n\t\t\t\t\t\t\t\t<p>Aux beaux jours, c\u2019est le moment de tenter l\u2019escalade ou une descente en\u00a0<strong>canyoning<\/strong>\u00a0ou\u00a0<strong>rafting<\/strong>. Les grandes randonn\u00e9es, les visites et d\u00e9couvertes gastronomiques ou\u00a0<strong>l\u2019\u00e9quitation<\/strong>\u00a0s\u2019organisent facilement en groupe. Amateurs de sensations fortes, le\u00a0<strong>parapente<\/strong>\u00a0vous tend les bras\u00a0! Et si ces activit\u00e9s extr\u00eames peuvent faire peur \u00e0 certains, que diriez-vous d\u2019un d\u00eener ou d\u2019une nuit\u2026 en\u00a0<strong>igloo<\/strong>\u00a0? Certaines stations, dans les Pyr\u00e9n\u00e9es par exemple, le proposent et nul doute que cette id\u00e9e sera \u00e0 m\u00eame de s\u00e9duire le plus grand nombre\u00a0!<\/p>\n\t\t\t\t\t\t\t<\/div>\n\t\t\t\t\t\t\t\t\t\t\t\t\t<\/div>\n\t\t\t\t\t\t\t\t\t\t\t\t<div class=\"t3icta__bottom__img1 d-lg-none mx-auto\">\n\t\t\t\t\t\t\t<img decoding=\"async\" src=\"https:\/\/myallmeeting.com\/wp-content\/uploads\/2022\/05\/aja_p_0358-39__original-633x398.jpeg\" width=\"633\" height=\"398\" alt=\"\" loading=\"lazy\" \/> <!-- Ce sont les 2 m\u00eames images : ID 1 -->\n\t\t\t\t\t\t<\/div>\n\t\t\t\t\t\t\t\t\t\t\t<\/div>\n\t\t\t\t<\/div>\n\t\t\t<\/div>\n\t\t<\/div>\n\t<\/div>\n\t<\/div>\n<!-- END OF : Composant : block-periscope-theme-section-composant-26-textes-slider-cta.php -->\n","protected":false},"excerpt":{"rendered":"<p>Et si vous partiez au grand air pour votre prochain \u00e9v\u00e8nement en choisissant un h\u00f4tel \u00e0 la montagne ? Accor vous propose quelques-unes de ses meilleures destinations pour un bon bol d\u2019air frais.<\/p>\n","protected":false},"featured_media":16761194,"menu_order":0,"template":"","ville":[],"periscope_lieu_tax":[],"class_list":["post-15227025","desti","type-desti","status-publish","has-post-thumbnail","hentry"],"acf":[],"yoast_head":"<title>La Montagne : Oxyg\u00e9nez vos \u00e9v\u00e8nements professionnels en montagne - Accor MyAllMeeting.com<\/title>\n<meta name=\"robots\" content=\"index, follow, max-snippet:-1, max-image-preview:large, max-video-preview:-1\" \/>\n<link rel=\"canonical\" href=\"https:\/\/myallmeeting.com\/fr\/wp-json\/wp\/v2\/desti\/15227025\" \/>\n<meta property=\"og:locale\" content=\"fr_FR\" \/>\n<meta property=\"og:type\" content=\"article\" \/>\n<meta property=\"og:title\" content=\"La Montagne : Oxyg\u00e9nez vos \u00e9v\u00e8nements professionnels en montagne - Accor MyAllMeeting.com\" \/>\n<meta property=\"og:description\" content=\"Et si vous partiez au grand air pour votre prochain \u00e9v\u00e8nement en choisissant un h\u00f4tel \u00e0 la montagne ? Accor vous propose quelques-unes de ses meilleures destinations pour un bon bol d\u2019air frais.\" \/>\n<meta property=\"og:url\" content=\"https:\/\/myallmeeting.com\/fr\/destination\/la-montagne-oxygenez-vos-evenements-professionnels-en-montagne\/\" \/>\n<meta property=\"og:site_name\" content=\"Accor MyAllMeeting.com\" \/>\n<meta property=\"article:modified_time\" content=\"2024-11-28T13:06:33+00:00\" \/>\n<meta property=\"og:image\" content=\"https:\/\/myallmeeting.com\/wp-content\/uploads\/2022\/05\/MAM-baner-1920x570-58.png\" \/>\n\t<meta property=\"og:image:width\" content=\"1920\" \/>\n\t<meta property=\"og:image:height\" content=\"570\" \/>\n\t<meta property=\"og:image:type\" content=\"image\/png\" \/>\n<meta name=\"twitter:card\" content=\"summary_large_image\" \/>\n<meta name=\"twitter:label1\" content=\"Dur\u00e9e de lecture estim\u00e9e\" \/>\n\t<meta name=\"twitter:data1\" content=\"4 minutes\" \/>\n<script type=\"application\/ld+json\" class=\"yoast-schema-graph\">{\"@context\":\"https:\/\/schema.org\",\"@graph\":[{\"@type\":\"WebPage\",\"@id\":\"https:\/\/myallmeeting.com\/fr\/destination\/la-montagne-oxygenez-vos-evenements-professionnels-en-montagne\/\",\"url\":\"https:\/\/myallmeeting.com\/fr\/destination\/la-montagne-oxygenez-vos-evenements-professionnels-en-montagne\/\",\"name\":\"La Montagne : Oxyg\u00e9nez vos \u00e9v\u00e8nements professionnels en montagne - Accor MyAllMeeting.com\",\"isPartOf\":{\"@id\":\"https:\/\/www.myallmeeting.com\/fr\/#website\"},\"primaryImageOfPage\":{\"@id\":\"https:\/\/myallmeeting.com\/fr\/destination\/la-montagne-oxygenez-vos-evenements-professionnels-en-montagne\/#primaryimage\"},\"image\":{\"@id\":\"https:\/\/myallmeeting.com\/fr\/destination\/la-montagne-oxygenez-vos-evenements-professionnels-en-montagne\/#primaryimage\"},\"thumbnailUrl\":\"https:\/\/myallmeeting.com\/wp-content\/uploads\/2022\/05\/MAM-baner-1920x570-58.png\",\"datePublished\":\"2022-05-31T15:24:27+00:00\",\"dateModified\":\"2024-11-28T13:06:33+00:00\",\"breadcrumb\":{\"@id\":\"https:\/\/myallmeeting.com\/fr\/destination\/la-montagne-oxygenez-vos-evenements-professionnels-en-montagne\/#breadcrumb\"},\"inLanguage\":\"fr-FR\",\"potentialAction\":[{\"@type\":\"ReadAction\",\"target\":[\"https:\/\/myallmeeting.com\/fr\/destination\/la-montagne-oxygenez-vos-evenements-professionnels-en-montagne\/\"]}]},{\"@type\":\"ImageObject\",\"inLanguage\":\"fr-FR\",\"@id\":\"https:\/\/myallmeeting.com\/fr\/destination\/la-montagne-oxygenez-vos-evenements-professionnels-en-montagne\/#primaryimage\",\"url\":\"https:\/\/myallmeeting.com\/wp-content\/uploads\/2022\/05\/MAM-baner-1920x570-58.png\",\"contentUrl\":\"https:\/\/myallmeeting.com\/wp-content\/uploads\/2022\/05\/MAM-baner-1920x570-58.png\",\"width\":1920,\"height\":570},{\"@type\":\"BreadcrumbList\",\"@id\":\"https:\/\/myallmeeting.com\/fr\/destination\/la-montagne-oxygenez-vos-evenements-professionnels-en-montagne\/#breadcrumb\",\"itemListElement\":[{\"@type\":\"ListItem\",\"position\":1,\"name\":\"Accueil\",\"item\":\"https:\/\/myallmeeting.com\/fr\/\"},{\"@type\":\"ListItem\",\"position\":2,\"name\":\"Destination\",\"item\":\"https:\/\/myallmeeting.com\/fr\/destination\/\"},{\"@type\":\"ListItem\",\"position\":3,\"name\":\"La Montagne : Oxyg\u00e9nez vos \u00e9v\u00e8nements professionnels en montagne\"}]},{\"@type\":\"WebSite\",\"@id\":\"https:\/\/www.myallmeeting.com\/fr\/#website\",\"url\":\"https:\/\/www.myallmeeting.com\/fr\/\",\"name\":\"Accor MyAllMeeting.com\",\"description\":\"Les Meilleurs lieux pour vos Ev\u00e9nements Professionnels\",\"publisher\":{\"@id\":\"https:\/\/www.myallmeeting.com\/fr\/#organization\"},\"potentialAction\":[{\"@type\":\"SearchAction\",\"target\":{\"@type\":\"EntryPoint\",\"urlTemplate\":\"https:\/\/www.myallmeeting.com\/fr\/?s={search_term_string}\"},\"query-input\":{\"@type\":\"PropertyValueSpecification\",\"valueRequired\":true,\"valueName\":\"search_term_string\"}}],\"inLanguage\":\"fr-FR\"},{\"@type\":\"Organization\",\"@id\":\"https:\/\/www.myallmeeting.com\/fr\/#organization\",\"name\":\"ACCOR\",\"url\":\"https:\/\/www.myallmeeting.com\/fr\/\",\"logo\":{\"@type\":\"ImageObject\",\"inLanguage\":\"fr-FR\",\"@id\":\"https:\/\/www.myallmeeting.com\/fr\/#\/schema\/logo\/image\/\",\"url\":\"\",\"contentUrl\":\"\",\"caption\":\"ACCOR\"},\"image\":{\"@id\":\"https:\/\/www.myallmeeting.com\/fr\/#\/schema\/logo\/image\/\"}}]}<\/script>","yoast_head_json":{"title":"La Montagne : Oxyg\u00e9nez vos \u00e9v\u00e8nements professionnels en montagne - Accor MyAllMeeting.com","robots":{"index":"index","follow":"follow","max-snippet":"max-snippet:-1","max-image-preview":"max-image-preview:large","max-video-preview":"max-video-preview:-1"},"canonical":"https:\/\/myallmeeting.com\/fr\/wp-json\/wp\/v2\/desti\/15227025","og_locale":"fr_FR","og_type":"article","og_title":"La Montagne : Oxyg\u00e9nez vos \u00e9v\u00e8nements professionnels en montagne - Accor MyAllMeeting.com","og_description":"Et si vous partiez au grand air pour votre prochain \u00e9v\u00e8nement en choisissant un h\u00f4tel \u00e0 la montagne ? Accor vous propose quelques-unes de ses meilleures destinations pour un bon bol d\u2019air frais.","og_url":"https:\/\/myallmeeting.com\/fr\/destination\/la-montagne-oxygenez-vos-evenements-professionnels-en-montagne\/","og_site_name":"Accor MyAllMeeting.com","article_modified_time":"2024-11-28T13:06:33+00:00","og_image":[{"width":1920,"height":570,"url":"https:\/\/myallmeeting.com\/wp-content\/uploads\/2022\/05\/MAM-baner-1920x570-58.png","type":"image\/png"}],"twitter_card":"summary_large_image","twitter_misc":{"Dur\u00e9e de lecture estim\u00e9e":"4 minutes"},"schema":{"@context":"https:\/\/schema.org","@graph":[{"@type":"WebPage","@id":"https:\/\/myallmeeting.com\/fr\/destination\/la-montagne-oxygenez-vos-evenements-professionnels-en-montagne\/","url":"https:\/\/myallmeeting.com\/fr\/destination\/la-montagne-oxygenez-vos-evenements-professionnels-en-montagne\/","name":"La Montagne : Oxyg\u00e9nez vos \u00e9v\u00e8nements professionnels en montagne - Accor MyAllMeeting.com","isPartOf":{"@id":"https:\/\/www.myallmeeting.com\/fr\/#website"},"primaryImageOfPage":{"@id":"https:\/\/myallmeeting.com\/fr\/destination\/la-montagne-oxygenez-vos-evenements-professionnels-en-montagne\/#primaryimage"},"image":{"@id":"https:\/\/myallmeeting.com\/fr\/destination\/la-montagne-oxygenez-vos-evenements-professionnels-en-montagne\/#primaryimage"},"thumbnailUrl":"https:\/\/myallmeeting.com\/wp-content\/uploads\/2022\/05\/MAM-baner-1920x570-58.png","datePublished":"2022-05-31T15:24:27+00:00","dateModified":"2024-11-28T13:06:33+00:00","breadcrumb":{"@id":"https:\/\/myallmeeting.com\/fr\/destination\/la-montagne-oxygenez-vos-evenements-professionnels-en-montagne\/#breadcrumb"},"inLanguage":"fr-FR","potentialAction":[{"@type":"ReadAction","target":["https:\/\/myallmeeting.com\/fr\/destination\/la-montagne-oxygenez-vos-evenements-professionnels-en-montagne\/"]}]},{"@type":"ImageObject","inLanguage":"fr-FR","@id":"https:\/\/myallmeeting.com\/fr\/destination\/la-montagne-oxygenez-vos-evenements-professionnels-en-montagne\/#primaryimage","url":"https:\/\/myallmeeting.com\/wp-content\/uploads\/2022\/05\/MAM-baner-1920x570-58.png","contentUrl":"https:\/\/myallmeeting.com\/wp-content\/uploads\/2022\/05\/MAM-baner-1920x570-58.png","width":1920,"height":570},{"@type":"BreadcrumbList","@id":"https:\/\/myallmeeting.com\/fr\/destination\/la-montagne-oxygenez-vos-evenements-professionnels-en-montagne\/#breadcrumb","itemListElement":[{"@type":"ListItem","position":1,"name":"Accueil","item":"https:\/\/myallmeeting.com\/fr\/"},{"@type":"ListItem","position":2,"name":"Destination","item":"https:\/\/myallmeeting.com\/fr\/destination\/"},{"@type":"ListItem","position":3,"name":"La Montagne : Oxyg\u00e9nez vos \u00e9v\u00e8nements professionnels en montagne"}]},{"@type":"WebSite","@id":"https:\/\/www.myallmeeting.com\/fr\/#website","url":"https:\/\/www.myallmeeting.com\/fr\/","name":"Accor MyAllMeeting.com","description":"Les Meilleurs lieux pour vos Ev\u00e9nements Professionnels","publisher":{"@id":"https:\/\/www.myallmeeting.com\/fr\/#organization"},"potentialAction":[{"@type":"SearchAction","target":{"@type":"EntryPoint","urlTemplate":"https:\/\/www.myallmeeting.com\/fr\/?s={search_term_string}"},"query-input":{"@type":"PropertyValueSpecification","valueRequired":true,"valueName":"search_term_string"}}],"inLanguage":"fr-FR"},{"@type":"Organization","@id":"https:\/\/www.myallmeeting.com\/fr\/#organization","name":"ACCOR","url":"https:\/\/www.myallmeeting.com\/fr\/","logo":{"@type":"ImageObject","inLanguage":"fr-FR","@id":"https:\/\/www.myallmeeting.com\/fr\/#\/schema\/logo\/image\/","url":"","contentUrl":"","caption":"ACCOR"},"image":{"@id":"https:\/\/www.myallmeeting.com\/fr\/#\/schema\/logo\/image\/"}}]}},"_links":{"self":[{"href":"https:\/\/myallmeeting.com\/fr\/wp-json\/wp\/v2\/desti\/15227025","targetHints":{"allow":["GET"]}}],"collection":[{"href":"https:\/\/myallmeeting.com\/fr\/wp-json\/wp\/v2\/desti"}],"about":[{"href":"https:\/\/myallmeeting.com\/fr\/wp-json\/wp\/v2\/types\/desti"}],"wp:featuredmedia":[{"embeddable":true,"href":"https:\/\/myallmeeting.com\/fr\/wp-json\/wp\/v2\/media\/16761194"}],"wp:attachment":[{"href":"https:\/\/myallmeeting.com\/fr\/wp-json\/wp\/v2\/media?parent=15227025"}],"wp:term":[{"taxonomy":"ville","embeddable":true,"href":"https:\/\/myallmeeting.com\/fr\/wp-json\/wp\/v2\/ville?post=15227025"},{"taxonomy":"periscope_lieu_tax","embeddable":true,"href":"https:\/\/myallmeeting.com\/fr\/wp-json\/wp\/v2\/periscope_lieu_tax?post=15227025"}],"curies":[{"name":"wp","href":"https:\/\/api.w.org\/{rel}","templated":true}]}}