{"id":15227022,"date":"2022-06-07T17:39:32","date_gmt":"2022-06-07T15:39:32","guid":{"rendered":"https:\/\/myallmeeting.com\/fr\/destination\/malte-un-seminaire-riche-et-ensoleille-avec-la-perle-de-la-mediterranee\/"},"modified":"2024-12-09T14:36:57","modified_gmt":"2024-12-09T13:36:57","slug":"malte-un-seminaire-riche-et-ensoleille-avec-la-perle-de-la-mediterranee","status":"publish","type":"desti","link":"https:\/\/myallmeeting.com\/fr\/destination\/malte-un-seminaire-riche-et-ensoleille-avec-la-perle-de-la-mediterranee\/","title":{"rendered":"Malte : un s\u00e9minaire riche et ensoleill\u00e9 avec la Perle de la M\u00e9diterran\u00e9e"},"content":{"rendered":"<!-- START OF : Composant : block-periscope-theme-section-composant-25-texte-cta-2-images.php -->\n<div class=\"tcta2ia bg-white fs-wysiwyg mb-lg-12\" data-component=\"25-texte-cta-2-images\">\n\t<div class=\"tcta2ia__top\">\n\t\t<div class=\"container-fluid\" style=\"--bs-gutter-x: 0\">\n\t\t\t<div class=\"row\" style=\"--bs-gutter-x: 0\">\n\t\t\t\t<div class=\"col-lg-8\">\n\t\t\t\t\t\t\t\t\t\t<div class=\"bloc-mise-en-avant__top__left\">\n\t\t\t\t\t\t<img decoding=\"async\" src=\"https:\/\/myallmeeting.com\/wp-content\/uploads\/2022\/06\/aja_p_7026-19__original-1268x846.jpeg\" class=\"pe-2 pe-lg-0\" width=\"1268\" height=\"846\" alt=\"\" loading=\"lazy\" \/>\n\t\t\t\t\t<\/div>\n\t\t\t\t\t\t\t\t\t\t<div class=\"tcta2ia__bottom d-none d-lg-block pb-12 pt-lg-9 pb-lg-0 pe-lg-10\">\n\t\t\t\t\t\t\t\t\t\t\t\t<h2 class=\"fs-20 fs-lg-32 fw-semibold\">Une \u00eele inspirante<\/h2>\n\t\t\t\t\t\t\t\t\t\t\t\t\t\t\t\t\t\t<div class=\"fs-wysiwyg\"><p>Sa capitale, <strong>La Valette<\/strong>, se dresse sur une colline cern\u00e9e de murailles, qui renferment des petites rues \u00e9troites et des centaines de b\u00e2timents historiques. L\u2019int\u00e9rieur de la Cath\u00e9drale, \u00e9rig\u00e9e en hommage \u00e0 Saint Jean, est si baroque et ornement\u00e9 qu\u2019il s\u2019agit d\u2019une sc\u00e8ne unique pour des chasses au tr\u00e9sor ou des \u00e9v\u00e8nements li\u00e9s au pass\u00e9 historique de l\u2019\u00eele. <strong>Gr\u00e2ce \u00e0 ses paysages, ses monuments et ses villages parfaitement conserv\u00e9s<\/strong>, Malte a servi de d\u00e9cor \u00e0 certains des plus grands succ\u00e8s du cin\u00e9ma. Le Fort Ricasoli, l\u2019un des lieux les plus anciens de la civilisation, vous rappellera sans doute des sc\u00e8nes inoubliables de Troie et Gladiator. Si vous souhaitez organiser une activit\u00e9 sur le th\u00e8me du cin\u00e9ma, il fait partie des visites incontournables !<\/p>\n<\/div>\n\t\t\t\t\t\t\t\t\t\t\t\t<div class=\"d-flex flex-column flex-lg-row align-items-center gap-5 gap-lg-8 justify-content-between\">\n\t\t\t\t\t\t\t<div class=\"fs-20 fs-lg-26 fw-semibold lh-xs\"><\/div>\n\t\t\t\t\t\t\t\t\t\t\t\t\t<\/div>\n\t\t\t\t\t<\/div>\n\t\t\t\t<\/div>\n\t\t\t\t<div class=\"col-lg-4\">\n\t\t\t\t\t<div class=\"tcta2ia__top__right t-0 r-0 bg-primary text-white pt-4 pb-4 px-2 pt-lg-8 pb-lg-16 px-lg-11 pb-xl-30\">\n\t\t\t\t\t\t\t\t\t\t\t\t\t\t\t\t\t\t<h2 class=\"unna fs-36 fs-lg-51 fs-xl-75 fs-italic fw-normal text-secondary\">Malte : un s\u00e9minaire riche et ensoleill\u00e9 avec la Perle de la M\u00e9diterran\u00e9e<\/h2>\n\t\t\t\t\t\t\t\t\t\t\t\t\t\t\t\t\t\t<h3 class=\"text-white fs-18 fs-lg-20 fs-xl-28 text-original-case\">Outre son climat et sa proximit\u00e9 avec l\u2019Europe continentale, elle se d\u00e9marque aussi par une histoire riche et myst\u00e9rieuse, \u00e9troitement li\u00e9e aux Chevaliers de l\u2019ordre de Malte. <\/h3>\n\t\t\t\t\t\t\t\t\t\t\t\t\t\t\t\t\t\t<div class=\"fs-wysiwyg mb-4 fs-lg-16 fs-xl-20\"><p>Il en r\u00e9sulte un vaste patrimoine de sites arch\u00e9ologiques class\u00e9s \u00e0 l\u2019UNESCO, comme les temples de Ggantija, plus anciens encore que les pyramides d\u2019\u00c9gypte. Enfin, elle offre une foule d\u2019espaces atypiques o\u00f9 organiser des \u00e9v\u00e8nements th\u00e9matiques, comme l\u2019Hypog\u00e9e de Hal Saflieni, l\u2019architecture la plus ancienne au monde, si exclusive que seules 100 personnes par jour sont autoris\u00e9es \u00e0 la visiter.<\/p>\n<\/div>\n\t\t\t\t\t\t\t\t\t\t\t\t\t\t\t\t\t\t\t\t\t\t\t\t<p class=\"m-0\"><img decoding=\"async\" src=\"https:\/\/myallmeeting.com\/wp-content\/uploads\/2022\/06\/aja_p_0082-34__original-633x398.jpeg\" class=\"position-relative l-0\" width=\"633\" height=\"398\" alt=\"\" loading=\"lazy\" \/><\/p>\n\t\t\t\t\t\t\t\t\t\t\t<\/div>\n\t\t\t\t<\/div>\n\t\t\t<\/div>\n\t\t<\/div>\n\t<\/div>\n\t<div class=\"tcta2ia__bottom d-lg-none pb-12 py-lg-9 pe-lg-10\">\n\t\t\t\t<div class=\"h2 fs-20 fs-lg-32 fw-semibold\">Une \u00eele inspirante<\/div>\n\t\t\t\t\t\t<div class=\"fs-wysiwyg\"><p>Sa capitale, <strong>La Valette<\/strong>, se dresse sur une colline cern\u00e9e de murailles, qui renferment des petites rues \u00e9troites et des centaines de b\u00e2timents historiques. L\u2019int\u00e9rieur de la Cath\u00e9drale, \u00e9rig\u00e9e en hommage \u00e0 Saint Jean, est si baroque et ornement\u00e9 qu\u2019il s\u2019agit d\u2019une sc\u00e8ne unique pour des chasses au tr\u00e9sor ou des \u00e9v\u00e8nements li\u00e9s au pass\u00e9 historique de l\u2019\u00eele. <strong>Gr\u00e2ce \u00e0 ses paysages, ses monuments et ses villages parfaitement conserv\u00e9s<\/strong>, Malte a servi de d\u00e9cor \u00e0 certains des plus grands succ\u00e8s du cin\u00e9ma. Le Fort Ricasoli, l\u2019un des lieux les plus anciens de la civilisation, vous rappellera sans doute des sc\u00e8nes inoubliables de Troie et Gladiator. Si vous souhaitez organiser une activit\u00e9 sur le th\u00e8me du cin\u00e9ma, il fait partie des visites incontournables !<\/p>\n<\/div>\n\t\t\t\t<div class=\"d-flex flex-column flex-lg-row align-items-center gap-5 gap-lg-8 justify-content-between\">\n\t\t\t<div class=\"fs-20 fs-lg-26 fw-semibold lh-xs\"><\/div>\n\t\t\t\t\t<\/div>\n\t<\/div>\n<\/div>\n<!-- END OF : Composant : block-periscope-theme-section-composant-25-texte-cta-2-images.php -->\n\n\n<!-- START OF : Composant : block-periscope-theme-section-composant-26-textes-slider-cta.php -->\n<div class=\"t3icta bg-white pb-12 mb-9 fs-wysiwyg\" data-component=\"26-textes-3-images-cta\">\n\t<div class=\"t3icta__top position-relative\">\n\t\t<div class=\"container-fluid\" style=\"--bs-gutter-x: 0\">\n\t\t\t<div class=\"row\" style=\"--bs-gutter-x: 0\">\n\t\t\t\t\t\t\t\t<div class=\"col-lg-6\">\n\t\t\t\t\t<div class=\"t3icta__slider\">\n\t\t\t\t\t\t<div class=\"splide\">\n\t\t\t\t\t\t\t<div class=\"splide__track\">\n\t\t\t\t\t\t\t\t<div class=\"splide__list\">\n\t\t\t\t\t\t\t\t\t\t\t\t\t\t\t\t\t\t\t<div class=\"splide__slide\">\n\t\t\t\t\t\t\t\t\t\t\t<img decoding=\"async\" src=\"https:\/\/myallmeeting.com\/wp-content\/uploads\/2022\/06\/aja_p_0419-39__original-953x600.jpeg\" width=\"953\" height=\"600\" alt=\"\" loading=\"lazy\" \/>\n\t\t\t\t\t\t\t\t\t\t<\/div>\n\t\t\t\t\t\t\t\t\t\t\t\t\t\t\t\t\t\n\t\t\t\t\t\t\t\t<\/div>\n\t\t\t\t\t\t\t<\/div>\n\t\t\t\t\t\t\t<div class=\"splide__arrows d-none d-lg-block\">\n\t\t\t\t\t\t\t\t<button class=\"splide__arrow splide__arrow--prev px-lg-3 py-lg-4 px-xl-4 py-xl-5 px-xxl-5 py-xxl-7 position-absolute l-0 bg-white border-0\">\n\t\t\t\t\t\t\t\t\t<svg width=\"14\" height=\"27\" aria-hidden=\"true\">\n\t\t\t\t\t\t\t\t\t\t<use xlink:href=\"https:\/\/myallmeeting.com\/wp-content\/themes\/accor\/assets\/images\/sprite.svg#slider-prev\"><\/use>\n\t\t\t\t\t\t\t\t\t<\/svg>\n\t\t\t\t\t\t\t\t<\/button>\n\t\t\t\t\t\t\t\t<button class=\"splide__arrow splide__arrow--next px-lg-3 py-lg-4 px-xl-4 py-xl-5 px-xxl-5 py-xxl-7 position-absolute r-0 bg-white border-0\">\n\t\t\t\t\t\t\t\t\t<svg width=\"14\" height=\"27\" aria-hidden=\"true\">\n\t\t\t\t\t\t\t\t\t\t<use xlink:href=\"https:\/\/myallmeeting.com\/wp-content\/themes\/accor\/assets\/images\/sprite.svg#slider-prev\"><\/use>\n\t\t\t\t\t\t\t\t\t<\/svg>\n\t\t\t\t\t\t\t\t<\/button>\n\t\t\t\t\t\t\t<\/div>\n\t\t\t\t\t\t<\/div>\n\t\t\t\t\t<\/div>\n\t\t\t\t<\/div>\n\t\t\t\t\t\t\t\t<div class=\"col-lg-6\">\n\t\t\t\t\t<div class=\"t3icta__top_right mb-lg-14 px-2 py-9 px-lg-11 py-lg-0\">\n\t\t\t\t\t\t\t\n\t\t\t\t\t\t<h2 class=\"fs-20 fs-lg-23 fs-xl-27 fs-xxl-30 fw-semibold\">Le r\u00e9seau Accor \u00e0 Malte<\/h2>\n\t\t\t\t\t\t\t\t\t\t\t\t\t\n\t\t\t\t\t\t<div class=\"fs-wysiwyg\">\n\t\t\t\t\t\t\t<p>Notre r\u00e9seau propose\u00a04<strong> \u00e9tablissements<\/strong>\u00a0de la cat\u00e9gorie\u00a0<em>midscale<\/em>\u00a0\u00e0\u00a0<em>\u00e9conomique <\/em>: \u00a01 Handwritten Collection, 1 Mercure, 1 Adagio et 1 ibis Styles.<\/p>\n\t\t\t\t\t\t<\/div>\n\t\t\t\t\t\t\t\t\t\t\t<\/div>\n\t\t\t\t<\/div>\n\t\t\t<\/div>\n\t\t<\/div>\n\t<\/div>\n\t<div class=\"t3icta__bottom bg-beige\">\n\t\t<div class=\"container-fluid\" style=\"--bs-gutter-x: 0\">\n\t\t\t<div class=\"row\" style=\"--bs-gutter-x: 0\">\n\t\t\t\t<div class=\"col-lg-5 offset-lg-1\">\n\t\t\t\t\t<div class=\"t3icta__bottom__left\">\n\t\t\t\t\t\t\t\t\t\t\t\t<img decoding=\"async\" src=\"https:\/\/myallmeeting.com\/wp-content\/uploads\/2022\/06\/aja_p_0082-23__original-633x398.jpeg\" class=\"w-100 d-lg-none\" width=\"633\" height=\"398\" alt=\"\" loading=\"lazy\" \/> <!-- Ce sont les 2 m\u00eames images : ID 0 -->\n\t\t\t\t\t\t\t\t\t\t\t\t<div class=\"px-2 py-9 px-lg-0 py-lg-0\">\n\t\t\t\t\t\t\t\t\n\t\t\t\t\t\t\t<h2 class=\"fs-20 fs-lg-23 fs-xl-27 fs-xxl-30 fw-semibold\">Accessibilit\u00e9<\/h2>\n\t\t\t\t\t\t\t\t\t\t\t\t\t\t\t\n\t\t\t\t\t\t\t<div class=\"fs-wysiwyg mb-lg-15\">\n\t\t\t\t\t\t\t\t<p>L\u2019avion est le moyen de transport le plus rapide pour se rendre \u00e0 Malte. Les compagnies qui op\u00e8rent depuis la France, l\u2019Espagne, la Gr\u00e8ce, le Royaume-Uni, l\u2019Irlande ou l\u2019Italie vous permettent de\u00a0rejoindre l\u2019\u00eele en moins de 2 ou 3 heures, pour laisser le froid et la pluie derri\u00e8re vous et profiter de belles journ\u00e9es ensoleill\u00e9es au c\u0153ur de la M\u00e9diterran\u00e9e.\u00a0L\u2019a\u00e9roport de Malte\u00a0se trouve \u00e0\u00a06 kilom\u00e8tres du centre de La Valette. Bien que l\u2019avion soit le moyen de transport le plus fr\u00e9quemment utilis\u00e9 pour acc\u00e9der \u00e0 l\u2019\u00eele, Malte est aussi un arr\u00eat incontournable pour les bateaux de croisi\u00e8re qui sillonnent la M\u00e9diterran\u00e9e. Des ferrys relient aussi l\u2019\u00eele au sud de l\u2019Italie, \u00e0 la Sicile, \u00e0 G\u00eanes et \u00e0 Marseille. De plus, les courtes distances permettent d\u2019organiser des \u00e9v\u00e8nements \u00e0 diff\u00e9rents endroits de Malte, sans que les transports ne posent probl\u00e8me.<\/p>\n\t\t\t\t\t\t\t<\/div>\n\t\t\t\t\t\t\t\t\t\t\t\t\t<\/div>\n\t\t\t\t\t\t\t\t\t\t\t\t<div class=\"t3icta__bottom__img1 d-none d-lg-block text-end ms-lg-auto\">\n\t\t\t\t\t\t\t<img decoding=\"async\" src=\"https:\/\/myallmeeting.com\/wp-content\/uploads\/2022\/06\/aja_p_0082-23__original-633x398.jpeg\" width=\"633\" height=\"398\" alt=\"\" loading=\"lazy\" \/> <!-- Ce sont les 2 m\u00eames images : ID 1 -->\n\t\t\t\t\t\t<\/div>\n\t\t\t\t\t\t\t\t\t\t\t<\/div>\n\t\t\t\t<\/div>\n\t\t\t\t<div class=\"col-lg-5\">\n\t\t\t\t\t<div class=\"ps-lg-10\">\n\t\t\t\t\t\t\t\t\t\t\t\t<img decoding=\"async\" src=\"https:\/\/myallmeeting.com\/wp-content\/uploads\/2022\/06\/aja_p_0094-62__original-633x398.jpeg\" class=\"t3icta__bottom__img0 position-relative d-none d-lg-block mb-15\" width=\"633\" height=\"398\" alt=\"\" loading=\"lazy\" \/> <!-- Ce sont les 2 m\u00eames images : ID 0 -->\n\t\t\t\t\t\t\t\t\t\t\t\t<div class=\"px-2 px-lg-0 mb-9\">\n\t\t\t\t\t\t\t\t\n\t\t\t\t\t\t\t<h2 class=\"fs-20 fs-lg-23 fs-xl-27 fs-xxl-30 fw-semibold\">Id\u00e9e d\u2019incentives \u00e0 Malte<\/h2>\n\t\t\t\t\t\t\t\t\t\t\t\t\t\t\t\t\t\t\t\t\t<div class=\"fs-wysiwyg\">\n\t\t\t\t\t\t\t\t<p>Difficile de trouver une activit\u00e9 plus agr\u00e9able et relaxante que de\u00a0<strong>naviguer dans la baie de Xlendi ou Dwejra<\/strong>\u00a0en profitant d\u2019un massage ou en sirotant un cocktail. Si vous cherchez \u00e0 vivre des exp\u00e9riences plus intenses, vous pouvez organiser une simulation de bataille entre des bateaux pirates et des chevaliers.<\/p>\n<p>Au th\u00e9\u00e2tre Manoel, le groupe pourra apprendre les techniques basiques du chant enseign\u00e9es par une soprano ou assister \u00e0 un monologue hilarant. Pouvant accueillir jusqu\u2019\u00e0 300\u00a0personnes, l\u2019espace accueille aussi un restaurant gourmet, ce qui permet de conjuguer l\u2019activit\u00e9 \u00e0 un d\u00eener.<\/p>\n<p>Go\u00fbtez et cuisinez en groupe certaines des\u00a0<strong>sp\u00e9cialit\u00e9s de la gastronomie locale<\/strong>, comme\u00a0le <strong>lapin \u00e0 la maltaise<\/strong>, marin\u00e9 dans du vin et saut\u00e9 \u00e0 l\u2019ail. La\u00a0<strong>\u00ab\u00a0soupe de la veuve\u00a0\u00bb<\/strong>\u00a0est un plat typique en hiver compos\u00e9 d\u2019\u0153ufs, de l\u00e9gumes, de nouilles et de fromage, tandis que le\u00a0<strong><em>lampuki<\/em><\/strong>, une esp\u00e8ce locale de poisson, se d\u00e9guste toute l\u2019ann\u00e9e. Immergez-vous dans la culture locale le temps d\u2019une\u00a0<strong>visite \u00e0 Marsaxlokk<\/strong>, l\u2019un des villages les plus pittoresques de l\u2019\u00eele, avec ses bateaux de p\u00eacheur traditionnels, nomm\u00e9s\u00a0<strong><em>luzzus<\/em><\/strong>, et son march\u00e9 hebdomadaire.<\/p>\n<p>Terminez par une promenade au coucher du soleil en\u00a0<em>dghajsa<\/em>, l\u2019embarcation typiquement maltaise rappelant les gondoles. Puis, passez la soir\u00e9e \u00e0 La Valette pour profiter de la vie nocturne tr\u00e9pidante.<\/p>\n\t\t\t\t\t\t\t<\/div>\n\t\t\t\t\t\t\t\t\t\t\t\t\t<\/div>\n\t\t\t\t\t\t\t\t\t\t\t\t<div class=\"t3icta__bottom__img1 d-lg-none mx-auto\">\n\t\t\t\t\t\t\t<img decoding=\"async\" src=\"https:\/\/myallmeeting.com\/wp-content\/uploads\/2022\/06\/aja_p_0094-62__original-633x398.jpeg\" width=\"633\" height=\"398\" alt=\"\" loading=\"lazy\" \/> <!-- Ce sont les 2 m\u00eames images : ID 1 -->\n\t\t\t\t\t\t<\/div>\n\t\t\t\t\t\t\t\t\t\t\t<\/div>\n\t\t\t\t<\/div>\n\t\t\t<\/div>\n\t\t<\/div>\n\t<\/div>\n\t<\/div>\n<!-- END OF : Composant : block-periscope-theme-section-composant-26-textes-slider-cta.php -->\n","protected":false},"excerpt":{"rendered":"<p>Venez d\u00e9couvrir l\u2019ile de Malte pour un \u00e9v\u00e8nement original<\/p>\n","protected":false},"featured_media":17010369,"menu_order":0,"template":"","ville":[],"periscope_lieu_tax":[],"class_list":["post-15227022","desti","type-desti","status-publish","has-post-thumbnail","hentry"],"acf":[],"yoast_head":"<title>Malte : un s\u00e9minaire riche et ensoleill\u00e9 avec la Perle de la M\u00e9diterran\u00e9e - Accor MyAllMeeting.com<\/title>\n<meta name=\"robots\" content=\"index, follow, max-snippet:-1, max-image-preview:large, max-video-preview:-1\" \/>\n<link rel=\"canonical\" href=\"https:\/\/myallmeeting.com\/fr\/wp-json\/wp\/v2\/desti\/15227022\" \/>\n<meta property=\"og:locale\" content=\"fr_FR\" \/>\n<meta property=\"og:type\" content=\"article\" \/>\n<meta property=\"og:title\" content=\"Malte : un s\u00e9minaire riche et ensoleill\u00e9 avec la Perle de la M\u00e9diterran\u00e9e - Accor MyAllMeeting.com\" \/>\n<meta property=\"og:description\" content=\"Venez d\u00e9couvrir l\u2019ile de Malte pour un \u00e9v\u00e8nement original\" \/>\n<meta property=\"og:url\" content=\"https:\/\/myallmeeting.com\/fr\/destination\/malte-un-seminaire-riche-et-ensoleille-avec-la-perle-de-la-mediterranee\/\" \/>\n<meta property=\"og:site_name\" content=\"Accor MyAllMeeting.com\" \/>\n<meta property=\"article:modified_time\" content=\"2024-12-09T13:36:57+00:00\" \/>\n<meta property=\"og:image\" content=\"https:\/\/myallmeeting.com\/wp-content\/uploads\/2022\/06\/MAM-baner-1920x570-2024-12-09T143025.213.png\" \/>\n\t<meta property=\"og:image:width\" content=\"1920\" \/>\n\t<meta property=\"og:image:height\" content=\"570\" \/>\n\t<meta property=\"og:image:type\" content=\"image\/png\" \/>\n<meta name=\"twitter:card\" content=\"summary_large_image\" \/>\n<meta name=\"twitter:label1\" content=\"Dur\u00e9e de lecture estim\u00e9e\" \/>\n\t<meta name=\"twitter:data1\" content=\"5 minutes\" \/>\n<script type=\"application\/ld+json\" class=\"yoast-schema-graph\">{\"@context\":\"https:\/\/schema.org\",\"@graph\":[{\"@type\":\"WebPage\",\"@id\":\"https:\/\/myallmeeting.com\/fr\/destination\/malte-un-seminaire-riche-et-ensoleille-avec-la-perle-de-la-mediterranee\/\",\"url\":\"https:\/\/myallmeeting.com\/fr\/destination\/malte-un-seminaire-riche-et-ensoleille-avec-la-perle-de-la-mediterranee\/\",\"name\":\"Malte : un s\u00e9minaire riche et ensoleill\u00e9 avec la Perle de la M\u00e9diterran\u00e9e - Accor MyAllMeeting.com\",\"isPartOf\":{\"@id\":\"https:\/\/www.myallmeeting.com\/fr\/#website\"},\"primaryImageOfPage\":{\"@id\":\"https:\/\/myallmeeting.com\/fr\/destination\/malte-un-seminaire-riche-et-ensoleille-avec-la-perle-de-la-mediterranee\/#primaryimage\"},\"image\":{\"@id\":\"https:\/\/myallmeeting.com\/fr\/destination\/malte-un-seminaire-riche-et-ensoleille-avec-la-perle-de-la-mediterranee\/#primaryimage\"},\"thumbnailUrl\":\"https:\/\/myallmeeting.com\/wp-content\/uploads\/2022\/06\/MAM-baner-1920x570-2024-12-09T143025.213.png\",\"datePublished\":\"2022-06-07T15:39:32+00:00\",\"dateModified\":\"2024-12-09T13:36:57+00:00\",\"breadcrumb\":{\"@id\":\"https:\/\/myallmeeting.com\/fr\/destination\/malte-un-seminaire-riche-et-ensoleille-avec-la-perle-de-la-mediterranee\/#breadcrumb\"},\"inLanguage\":\"fr-FR\",\"potentialAction\":[{\"@type\":\"ReadAction\",\"target\":[\"https:\/\/myallmeeting.com\/fr\/destination\/malte-un-seminaire-riche-et-ensoleille-avec-la-perle-de-la-mediterranee\/\"]}]},{\"@type\":\"ImageObject\",\"inLanguage\":\"fr-FR\",\"@id\":\"https:\/\/myallmeeting.com\/fr\/destination\/malte-un-seminaire-riche-et-ensoleille-avec-la-perle-de-la-mediterranee\/#primaryimage\",\"url\":\"https:\/\/myallmeeting.com\/wp-content\/uploads\/2022\/06\/MAM-baner-1920x570-2024-12-09T143025.213.png\",\"contentUrl\":\"https:\/\/myallmeeting.com\/wp-content\/uploads\/2022\/06\/MAM-baner-1920x570-2024-12-09T143025.213.png\",\"width\":1920,\"height\":570},{\"@type\":\"BreadcrumbList\",\"@id\":\"https:\/\/myallmeeting.com\/fr\/destination\/malte-un-seminaire-riche-et-ensoleille-avec-la-perle-de-la-mediterranee\/#breadcrumb\",\"itemListElement\":[{\"@type\":\"ListItem\",\"position\":1,\"name\":\"Accueil\",\"item\":\"https:\/\/myallmeeting.com\/fr\/\"},{\"@type\":\"ListItem\",\"position\":2,\"name\":\"Destination\",\"item\":\"https:\/\/myallmeeting.com\/fr\/destination\/\"},{\"@type\":\"ListItem\",\"position\":3,\"name\":\"Malte : un s\u00e9minaire riche et ensoleill\u00e9 avec la Perle de la M\u00e9diterran\u00e9e\"}]},{\"@type\":\"WebSite\",\"@id\":\"https:\/\/www.myallmeeting.com\/fr\/#website\",\"url\":\"https:\/\/www.myallmeeting.com\/fr\/\",\"name\":\"Accor MyAllMeeting.com\",\"description\":\"Les Meilleurs lieux pour vos Ev\u00e9nements Professionnels\",\"publisher\":{\"@id\":\"https:\/\/www.myallmeeting.com\/fr\/#organization\"},\"potentialAction\":[{\"@type\":\"SearchAction\",\"target\":{\"@type\":\"EntryPoint\",\"urlTemplate\":\"https:\/\/www.myallmeeting.com\/fr\/?s={search_term_string}\"},\"query-input\":{\"@type\":\"PropertyValueSpecification\",\"valueRequired\":true,\"valueName\":\"search_term_string\"}}],\"inLanguage\":\"fr-FR\"},{\"@type\":\"Organization\",\"@id\":\"https:\/\/www.myallmeeting.com\/fr\/#organization\",\"name\":\"ACCOR\",\"url\":\"https:\/\/www.myallmeeting.com\/fr\/\",\"logo\":{\"@type\":\"ImageObject\",\"inLanguage\":\"fr-FR\",\"@id\":\"https:\/\/www.myallmeeting.com\/fr\/#\/schema\/logo\/image\/\",\"url\":\"\",\"contentUrl\":\"\",\"caption\":\"ACCOR\"},\"image\":{\"@id\":\"https:\/\/www.myallmeeting.com\/fr\/#\/schema\/logo\/image\/\"}}]}<\/script>","yoast_head_json":{"title":"Malte : un s\u00e9minaire riche et ensoleill\u00e9 avec la Perle de la M\u00e9diterran\u00e9e - Accor MyAllMeeting.com","robots":{"index":"index","follow":"follow","max-snippet":"max-snippet:-1","max-image-preview":"max-image-preview:large","max-video-preview":"max-video-preview:-1"},"canonical":"https:\/\/myallmeeting.com\/fr\/wp-json\/wp\/v2\/desti\/15227022","og_locale":"fr_FR","og_type":"article","og_title":"Malte : un s\u00e9minaire riche et ensoleill\u00e9 avec la Perle de la M\u00e9diterran\u00e9e - Accor MyAllMeeting.com","og_description":"Venez d\u00e9couvrir l\u2019ile de Malte pour un \u00e9v\u00e8nement original","og_url":"https:\/\/myallmeeting.com\/fr\/destination\/malte-un-seminaire-riche-et-ensoleille-avec-la-perle-de-la-mediterranee\/","og_site_name":"Accor MyAllMeeting.com","article_modified_time":"2024-12-09T13:36:57+00:00","og_image":[{"width":1920,"height":570,"url":"https:\/\/myallmeeting.com\/wp-content\/uploads\/2022\/06\/MAM-baner-1920x570-2024-12-09T143025.213.png","type":"image\/png"}],"twitter_card":"summary_large_image","twitter_misc":{"Dur\u00e9e de lecture estim\u00e9e":"5 minutes"},"schema":{"@context":"https:\/\/schema.org","@graph":[{"@type":"WebPage","@id":"https:\/\/myallmeeting.com\/fr\/destination\/malte-un-seminaire-riche-et-ensoleille-avec-la-perle-de-la-mediterranee\/","url":"https:\/\/myallmeeting.com\/fr\/destination\/malte-un-seminaire-riche-et-ensoleille-avec-la-perle-de-la-mediterranee\/","name":"Malte : un s\u00e9minaire riche et ensoleill\u00e9 avec la Perle de la M\u00e9diterran\u00e9e - Accor MyAllMeeting.com","isPartOf":{"@id":"https:\/\/www.myallmeeting.com\/fr\/#website"},"primaryImageOfPage":{"@id":"https:\/\/myallmeeting.com\/fr\/destination\/malte-un-seminaire-riche-et-ensoleille-avec-la-perle-de-la-mediterranee\/#primaryimage"},"image":{"@id":"https:\/\/myallmeeting.com\/fr\/destination\/malte-un-seminaire-riche-et-ensoleille-avec-la-perle-de-la-mediterranee\/#primaryimage"},"thumbnailUrl":"https:\/\/myallmeeting.com\/wp-content\/uploads\/2022\/06\/MAM-baner-1920x570-2024-12-09T143025.213.png","datePublished":"2022-06-07T15:39:32+00:00","dateModified":"2024-12-09T13:36:57+00:00","breadcrumb":{"@id":"https:\/\/myallmeeting.com\/fr\/destination\/malte-un-seminaire-riche-et-ensoleille-avec-la-perle-de-la-mediterranee\/#breadcrumb"},"inLanguage":"fr-FR","potentialAction":[{"@type":"ReadAction","target":["https:\/\/myallmeeting.com\/fr\/destination\/malte-un-seminaire-riche-et-ensoleille-avec-la-perle-de-la-mediterranee\/"]}]},{"@type":"ImageObject","inLanguage":"fr-FR","@id":"https:\/\/myallmeeting.com\/fr\/destination\/malte-un-seminaire-riche-et-ensoleille-avec-la-perle-de-la-mediterranee\/#primaryimage","url":"https:\/\/myallmeeting.com\/wp-content\/uploads\/2022\/06\/MAM-baner-1920x570-2024-12-09T143025.213.png","contentUrl":"https:\/\/myallmeeting.com\/wp-content\/uploads\/2022\/06\/MAM-baner-1920x570-2024-12-09T143025.213.png","width":1920,"height":570},{"@type":"BreadcrumbList","@id":"https:\/\/myallmeeting.com\/fr\/destination\/malte-un-seminaire-riche-et-ensoleille-avec-la-perle-de-la-mediterranee\/#breadcrumb","itemListElement":[{"@type":"ListItem","position":1,"name":"Accueil","item":"https:\/\/myallmeeting.com\/fr\/"},{"@type":"ListItem","position":2,"name":"Destination","item":"https:\/\/myallmeeting.com\/fr\/destination\/"},{"@type":"ListItem","position":3,"name":"Malte : un s\u00e9minaire riche et ensoleill\u00e9 avec la Perle de la M\u00e9diterran\u00e9e"}]},{"@type":"WebSite","@id":"https:\/\/www.myallmeeting.com\/fr\/#website","url":"https:\/\/www.myallmeeting.com\/fr\/","name":"Accor MyAllMeeting.com","description":"Les Meilleurs lieux pour vos Ev\u00e9nements Professionnels","publisher":{"@id":"https:\/\/www.myallmeeting.com\/fr\/#organization"},"potentialAction":[{"@type":"SearchAction","target":{"@type":"EntryPoint","urlTemplate":"https:\/\/www.myallmeeting.com\/fr\/?s={search_term_string}"},"query-input":{"@type":"PropertyValueSpecification","valueRequired":true,"valueName":"search_term_string"}}],"inLanguage":"fr-FR"},{"@type":"Organization","@id":"https:\/\/www.myallmeeting.com\/fr\/#organization","name":"ACCOR","url":"https:\/\/www.myallmeeting.com\/fr\/","logo":{"@type":"ImageObject","inLanguage":"fr-FR","@id":"https:\/\/www.myallmeeting.com\/fr\/#\/schema\/logo\/image\/","url":"","contentUrl":"","caption":"ACCOR"},"image":{"@id":"https:\/\/www.myallmeeting.com\/fr\/#\/schema\/logo\/image\/"}}]}},"_links":{"self":[{"href":"https:\/\/myallmeeting.com\/fr\/wp-json\/wp\/v2\/desti\/15227022","targetHints":{"allow":["GET"]}}],"collection":[{"href":"https:\/\/myallmeeting.com\/fr\/wp-json\/wp\/v2\/desti"}],"about":[{"href":"https:\/\/myallmeeting.com\/fr\/wp-json\/wp\/v2\/types\/desti"}],"wp:featuredmedia":[{"embeddable":true,"href":"https:\/\/myallmeeting.com\/fr\/wp-json\/wp\/v2\/media\/17010369"}],"wp:attachment":[{"href":"https:\/\/myallmeeting.com\/fr\/wp-json\/wp\/v2\/media?parent=15227022"}],"wp:term":[{"taxonomy":"ville","embeddable":true,"href":"https:\/\/myallmeeting.com\/fr\/wp-json\/wp\/v2\/ville?post=15227022"},{"taxonomy":"periscope_lieu_tax","embeddable":true,"href":"https:\/\/myallmeeting.com\/fr\/wp-json\/wp\/v2\/periscope_lieu_tax?post=15227022"}],"curies":[{"name":"wp","href":"https:\/\/api.w.org\/{rel}","templated":true}]}}