{"id":15227020,"date":"2022-06-15T10:42:38","date_gmt":"2022-06-15T08:42:38","guid":{"rendered":"https:\/\/myallmeeting.com\/fr\/destination\/seville-la-capitale-de-landalousie-tres-en-vogue-pour-vos-evenements\/"},"modified":"2024-11-27T17:21:29","modified_gmt":"2024-11-27T16:21:29","slug":"seville-la-capitale-de-landalousie-tres-en-vogue-pour-vos-evenements","status":"publish","type":"desti","link":"https:\/\/myallmeeting.com\/fr\/destination\/seville-la-capitale-de-landalousie-tres-en-vogue-pour-vos-evenements\/","title":{"rendered":"S\u00e9ville : la capitale de l&rsquo;Andalousie tr\u00e8s en vogue pour vos \u00e9v\u00e8nements"},"content":{"rendered":"<!-- START OF : Composant : block-periscope-theme-section-composant-25-texte-cta-2-images.php -->\n<div class=\"tcta2ia bg-white fs-wysiwyg mb-lg-12\" data-component=\"25-texte-cta-2-images\">\n\t<div class=\"tcta2ia__top\">\n\t\t<div class=\"container-fluid\" style=\"--bs-gutter-x: 0\">\n\t\t\t<div class=\"row\" style=\"--bs-gutter-x: 0\">\n\t\t\t\t<div class=\"col-lg-8\">\n\t\t\t\t\t\t\t\t\t\t<div class=\"bloc-mise-en-avant__top__left\">\n\t\t\t\t\t\t<img decoding=\"async\" src=\"https:\/\/myallmeeting.com\/wp-content\/uploads\/2022\/06\/b7h3_de_05_p_1024x768.jpg\" class=\"pe-2 pe-lg-0\" width=\"1268\" height=\"846\" alt=\"\" loading=\"lazy\" \/>\n\t\t\t\t\t<\/div>\n\t\t\t\t\t\t\t\t\t\t<div class=\"tcta2ia__bottom d-none d-lg-block pb-12 pt-lg-9 pb-lg-0 pe-lg-10\">\n\t\t\t\t\t\t\t\t\t\t\t\t<h2 class=\"fs-20 fs-lg-32 fw-semibold\">Une ville anim\u00e9e<\/h2>\n\t\t\t\t\t\t\t\t\t\t\t\t\t\t\t\t\t\t<div class=\"fs-wysiwyg\"><p><span style=\"font-weight: 400;\">Vous avez sans doute d\u00e9j\u00e0 entendu parler de ses b\u00e2timents historiques, tels que\u00a0<\/span><b>le Palais des rois et la Tour de l\u2019Or<\/b><span style=\"font-weight: 400;\">, ainsi que du TIS (Tourism Innovation Summit). Il s\u2019agit du principal \u00e9v\u00e8nement en mati\u00e8re d\u2019innovation et de technologie dans le secteur du tourisme. Il se tient \u00e0 S\u00e9ville et rassemble chaque ann\u00e9e plus de 5 000 participants de 37 pays.\u00a0<\/span><\/p>\n<p><span style=\"font-weight: 400;\">De nombreux \u00e9v\u00e9nements professionnels choisissent S\u00e9ville pour sa capacit\u00e9 h\u00f4teli\u00e8re et sa vari\u00e9t\u00e9 de lieux de r\u00e9ception.\u00a0<\/span><b>Le centre de conf\u00e9rence et d\u2019exposition de S\u00e9ville\u00a0<\/b><span style=\"font-weight: 400;\">(FIBES) poss\u00e8de le plus grand auditorium couvert d\u2019Espagne avec 3 577 places ! Dans le Parc Technologique de Cartuja se trouve le Cartuja Center CITE avec une surface de plus de 33 000 m\u00b2 pouvant accueillir des concerts, des pi\u00e8ces de th\u00e9\u00e2tre ou des com\u00e9dies musicales.<\/span><\/p>\n<p><b>Les Champignons de S\u00e9ville<\/b><span style=\"font-weight: 400;\">\u00a0constituent la plus grande structure en bois du monde. Elles sont devenues l\u2019une des ic\u00f4nes de la ville avec plusieurs lieux comme la Plaza Mayor, un espace ouvert et multifonctionnel de 3 500 m\u00b2. Vous avez m\u00eame un espace durable au port. Le Mude Market a \u00e9t\u00e9 cr\u00e9\u00e9 avec 46 conteneurs recycl\u00e9s \u00e0 partir de ceux utilis\u00e9s pour charger les navires.<\/span><\/p>\n<\/div>\n\t\t\t\t\t\t\t\t\t\t\t\t<div class=\"d-flex flex-column flex-lg-row align-items-center gap-5 gap-lg-8 justify-content-between\">\n\t\t\t\t\t\t\t<div class=\"fs-20 fs-lg-26 fw-semibold lh-xs\"><\/div>\n\t\t\t\t\t\t\t\t\t\t\t\t\t<\/div>\n\t\t\t\t\t<\/div>\n\t\t\t\t<\/div>\n\t\t\t\t<div class=\"col-lg-4\">\n\t\t\t\t\t<div class=\"tcta2ia__top__right t-0 r-0 bg-primary text-white pt-4 pb-4 px-2 pt-lg-8 pb-lg-16 px-lg-11 pb-xl-30\">\n\t\t\t\t\t\t\t\t\t\t\t\t\t\t\t\t\t\t<h2 class=\"unna fs-36 fs-lg-51 fs-xl-75 fs-italic fw-normal text-secondary\">S\u00e9ville : la capitale de l\u2019Andalousie tr\u00e8s en vogue pour vos \u00e9v\u00e8nements<\/h2>\n\t\t\t\t\t\t\t\t\t\t\t\t\t\t\t\t\t\t<h3 class=\"text-white fs-18 fs-lg-20 fs-xl-28 text-original-case\">Bienvenue dans la ville espagnole au parfum d&#039;orange.<\/h3>\n\t\t\t\t\t\t\t\t\t\t\t\t\t\t\t\t\t\t<div class=\"fs-wysiwyg mb-4 fs-lg-16 fs-xl-20\"><p><span style=\"font-weight: 400;\">Au programme\u00a0: d\u00e9guster les meilleurs poissons frits sur les rives du fleuve Guadalquivir et danser sur les plus beaux flamencos. La capitale de l&rsquo;Andalousie, tr\u00e8s en vogue, est \u00e9galement en plein essor pour les \u00e9v\u00e8nements et les congr\u00e8s.<\/span><\/p>\n<p><span style=\"font-weight: 400;\">Saviez-vous que dans les derniers classements mondiaux de l\u2019ICCA, S\u00e9ville est r\u00e9guli\u00e8rement class\u00e9e dans les cent meilleures villes d\u2019accueil de congr\u00e8s internationaux ? Et ce n\u2019est pas seulement en raison de son climat agr\u00e9able tout au long de l\u2019ann\u00e9e\u2026<\/span><\/p>\n<\/div>\n\t\t\t\t\t\t\t\t\t\t\t\t\t\t\t\t\t\t\t\t\t\t\t\t<p class=\"m-0\"><img decoding=\"async\" src=\"https:\/\/myallmeeting.com\/wp-content\/uploads\/2022\/06\/aja_p_6839-33__original-633x398.jpeg\" class=\"position-relative l-0\" width=\"633\" height=\"398\" alt=\"\" loading=\"lazy\" \/><\/p>\n\t\t\t\t\t\t\t\t\t\t\t<\/div>\n\t\t\t\t<\/div>\n\t\t\t<\/div>\n\t\t<\/div>\n\t<\/div>\n\t<div class=\"tcta2ia__bottom d-lg-none pb-12 py-lg-9 pe-lg-10\">\n\t\t\t\t<div class=\"h2 fs-20 fs-lg-32 fw-semibold\">Une ville anim\u00e9e<\/div>\n\t\t\t\t\t\t<div class=\"fs-wysiwyg\"><p><span style=\"font-weight: 400;\">Vous avez sans doute d\u00e9j\u00e0 entendu parler de ses b\u00e2timents historiques, tels que\u00a0<\/span><b>le Palais des rois et la Tour de l\u2019Or<\/b><span style=\"font-weight: 400;\">, ainsi que du TIS (Tourism Innovation Summit). Il s\u2019agit du principal \u00e9v\u00e8nement en mati\u00e8re d\u2019innovation et de technologie dans le secteur du tourisme. Il se tient \u00e0 S\u00e9ville et rassemble chaque ann\u00e9e plus de 5 000 participants de 37 pays.\u00a0<\/span><\/p>\n<p><span style=\"font-weight: 400;\">De nombreux \u00e9v\u00e9nements professionnels choisissent S\u00e9ville pour sa capacit\u00e9 h\u00f4teli\u00e8re et sa vari\u00e9t\u00e9 de lieux de r\u00e9ception.\u00a0<\/span><b>Le centre de conf\u00e9rence et d\u2019exposition de S\u00e9ville\u00a0<\/b><span style=\"font-weight: 400;\">(FIBES) poss\u00e8de le plus grand auditorium couvert d\u2019Espagne avec 3 577 places ! Dans le Parc Technologique de Cartuja se trouve le Cartuja Center CITE avec une surface de plus de 33 000 m\u00b2 pouvant accueillir des concerts, des pi\u00e8ces de th\u00e9\u00e2tre ou des com\u00e9dies musicales.<\/span><\/p>\n<p><b>Les Champignons de S\u00e9ville<\/b><span style=\"font-weight: 400;\">\u00a0constituent la plus grande structure en bois du monde. Elles sont devenues l\u2019une des ic\u00f4nes de la ville avec plusieurs lieux comme la Plaza Mayor, un espace ouvert et multifonctionnel de 3 500 m\u00b2. Vous avez m\u00eame un espace durable au port. Le Mude Market a \u00e9t\u00e9 cr\u00e9\u00e9 avec 46 conteneurs recycl\u00e9s \u00e0 partir de ceux utilis\u00e9s pour charger les navires.<\/span><\/p>\n<\/div>\n\t\t\t\t<div class=\"d-flex flex-column flex-lg-row align-items-center gap-5 gap-lg-8 justify-content-between\">\n\t\t\t<div class=\"fs-20 fs-lg-26 fw-semibold lh-xs\"><\/div>\n\t\t\t\t\t<\/div>\n\t<\/div>\n<\/div>\n<!-- END OF : Composant : block-periscope-theme-section-composant-25-texte-cta-2-images.php -->\n\n\n<!-- START OF : Composant : block-periscope-theme-section-composant-26-textes-slider-cta.php -->\n<div class=\"t3icta bg-white pb-12 mb-9 fs-wysiwyg\" data-component=\"26-textes-3-images-cta\">\n\t<div class=\"t3icta__top position-relative\">\n\t\t<div class=\"container-fluid\" style=\"--bs-gutter-x: 0\">\n\t\t\t<div class=\"row\" style=\"--bs-gutter-x: 0\">\n\t\t\t\t\t\t\t\t<div class=\"col-lg-6\">\n\t\t\t\t\t<div class=\"t3icta__slider\">\n\t\t\t\t\t\t<div class=\"splide\">\n\t\t\t\t\t\t\t<div class=\"splide__track\">\n\t\t\t\t\t\t\t\t<div class=\"splide__list\">\n\t\t\t\t\t\t\t\t\t\t\t\t\t\t\t\t\t\t\t<div class=\"splide__slide\">\n\t\t\t\t\t\t\t\t\t\t\t<img decoding=\"async\" src=\"https:\/\/myallmeeting.com\/wp-content\/uploads\/2022\/06\/b7h3_de_02_p_1024x768-953x600.jpg\" width=\"953\" height=\"600\" alt=\"\" loading=\"lazy\" \/>\n\t\t\t\t\t\t\t\t\t\t<\/div>\n\t\t\t\t\t\t\t\t\t\t\t\t\t\t\t\t\t\n\t\t\t\t\t\t\t\t<\/div>\n\t\t\t\t\t\t\t<\/div>\n\t\t\t\t\t\t\t<div class=\"splide__arrows d-none d-lg-block\">\n\t\t\t\t\t\t\t\t<button class=\"splide__arrow splide__arrow--prev px-lg-3 py-lg-4 px-xl-4 py-xl-5 px-xxl-5 py-xxl-7 position-absolute l-0 bg-white border-0\">\n\t\t\t\t\t\t\t\t\t<svg width=\"14\" height=\"27\" aria-hidden=\"true\">\n\t\t\t\t\t\t\t\t\t\t<use xlink:href=\"https:\/\/myallmeeting.com\/wp-content\/themes\/accor\/assets\/images\/sprite.svg#slider-prev\"><\/use>\n\t\t\t\t\t\t\t\t\t<\/svg>\n\t\t\t\t\t\t\t\t<\/button>\n\t\t\t\t\t\t\t\t<button class=\"splide__arrow splide__arrow--next px-lg-3 py-lg-4 px-xl-4 py-xl-5 px-xxl-5 py-xxl-7 position-absolute r-0 bg-white border-0\">\n\t\t\t\t\t\t\t\t\t<svg width=\"14\" height=\"27\" aria-hidden=\"true\">\n\t\t\t\t\t\t\t\t\t\t<use xlink:href=\"https:\/\/myallmeeting.com\/wp-content\/themes\/accor\/assets\/images\/sprite.svg#slider-prev\"><\/use>\n\t\t\t\t\t\t\t\t\t<\/svg>\n\t\t\t\t\t\t\t\t<\/button>\n\t\t\t\t\t\t\t<\/div>\n\t\t\t\t\t\t<\/div>\n\t\t\t\t\t<\/div>\n\t\t\t\t<\/div>\n\t\t\t\t\t\t\t\t<div class=\"col-lg-6\">\n\t\t\t\t\t<div class=\"t3icta__top_right mb-lg-14 px-2 py-9 px-lg-11 py-lg-0\">\n\t\t\t\t\t\t\t\n\t\t\t\t\t\t<h2 class=\"fs-20 fs-lg-23 fs-xl-27 fs-xxl-30 fw-semibold\">Accessibilit\u00e9<\/h2>\n\t\t\t\t\t\t\t\t\t\t\t\t\t\n\t\t\t\t\t\t<div class=\"fs-wysiwyg\">\n\t\t\t\t\t\t\t<p><span style=\"font-weight: 400;\">S\u00e9ville est bien desservie au niveau national et international. Les trains \u00e0 grande vitesse (<\/span><b>AVE<\/b><span style=\"font-weight: 400;\">) au d\u00e9part de Madrid, Barcelone et Valence desservent la ville. De plus, son a\u00e9roport international (l\u2019Aeropuerto de San Pablo) est situ\u00e9 \u00e0 seulement 10 kilom\u00e8tres du centre-ville. Depuis Madrid, il faut compter moins d\u2019une heure d\u2019avion, et deux heures et demie si vous voyagez depuis Paris ou Londres.<\/span><\/p>\n<p><span style=\"font-weight: 400;\">Il est \u00e9galement possible de rejoindre S\u00e9ville par la mer. En effet, la ville dispose du\u00a0<\/span><b>seul port fluvial de la p\u00e9ninsule ib\u00e9rique<\/b><span style=\"font-weight: 400;\">\u00a0 susceptible d\u2019accueillir des bateaux de croisi\u00e8re pouvant accueillir jusqu\u2019\u00e0 2 000 personnes. D\u2019autre part, de nouveaux embarcad\u00e8res ont \u00e9t\u00e9 am\u00e9nag\u00e9s sur le Guadalquivir pour les activit\u00e9s nautiques.<\/span><\/p>\n\t\t\t\t\t\t<\/div>\n\t\t\t\t\t\t\t\t\t\t\t<\/div>\n\t\t\t\t<\/div>\n\t\t\t<\/div>\n\t\t<\/div>\n\t<\/div>\n\t<div class=\"t3icta__bottom bg-beige\">\n\t\t<div class=\"container-fluid\" style=\"--bs-gutter-x: 0\">\n\t\t\t<div class=\"row\" style=\"--bs-gutter-x: 0\">\n\t\t\t\t<div class=\"col-lg-5 offset-lg-1\">\n\t\t\t\t\t<div class=\"t3icta__bottom__left\">\n\t\t\t\t\t\t\t\t\t\t\t\t<img decoding=\"async\" src=\"https:\/\/myallmeeting.com\/wp-content\/uploads\/2022\/06\/b7h3_de_01_p_1024x768-633x398.jpg\" class=\"w-100 d-lg-none\" width=\"633\" height=\"398\" alt=\"\" loading=\"lazy\" \/> <!-- Ce sont les 2 m\u00eames images : ID 0 -->\n\t\t\t\t\t\t\t\t\t\t\t\t<div class=\"px-2 py-9 px-lg-0 py-lg-0\">\n\t\t\t\t\t\t\t\t\n\t\t\t\t\t\t\t<h2 class=\"fs-20 fs-lg-23 fs-xl-27 fs-xxl-30 fw-semibold\">Le r\u00e9seau Accor \u00e0 S\u00e9ville<\/h2>\n\t\t\t\t\t\t\t\t\t\t\t\t\t\t\t\n\t\t\t\t\t\t\t<div class=\"fs-wysiwyg mb-lg-15\">\n\t\t\t\t\t\t\t\t<p><span style=\"font-weight: 400;\">Notre r\u00e9seau compte\u00a0<\/span><b>4 \u00e9tablissements :<\/b><span style=\"font-weight: 400;\">\u00a01 Novotel, 1 Ibis, 1 Ibis Styles et 1 Ibis Budget. Au total, nous disposons de <\/span><b>8 salles de r\u00e9union spacieuses<\/b><span style=\"font-weight: 400;\"> pour vos \u00e9v\u00e8nements !\u00a0<\/span><\/p>\n\t\t\t\t\t\t\t<\/div>\n\t\t\t\t\t\t\t\t\t\t\t\t\t<\/div>\n\t\t\t\t\t\t\t\t\t\t\t\t<div class=\"t3icta__bottom__img1 d-none d-lg-block text-end ms-lg-auto\">\n\t\t\t\t\t\t\t<img decoding=\"async\" src=\"https:\/\/myallmeeting.com\/wp-content\/uploads\/2022\/06\/b7h3_de_01_p_1024x768-633x398.jpg\" width=\"633\" height=\"398\" alt=\"\" loading=\"lazy\" \/> <!-- Ce sont les 2 m\u00eames images : ID 1 -->\n\t\t\t\t\t\t<\/div>\n\t\t\t\t\t\t\t\t\t\t\t<\/div>\n\t\t\t\t<\/div>\n\t\t\t\t<div class=\"col-lg-5\">\n\t\t\t\t\t<div class=\"ps-lg-10\">\n\t\t\t\t\t\t\t\t\t\t\t\t<img decoding=\"async\" src=\"https:\/\/myallmeeting.com\/wp-content\/uploads\/2022\/06\/b7h3_de_00_p_1024x768-633x398.jpg\" class=\"t3icta__bottom__img0 position-relative d-none d-lg-block mb-15\" width=\"633\" height=\"398\" alt=\"\" loading=\"lazy\" \/> <!-- Ce sont les 2 m\u00eames images : ID 0 -->\n\t\t\t\t\t\t\t\t\t\t\t\t<div class=\"px-2 px-lg-0 mb-9\">\n\t\t\t\t\t\t\t\t\n\t\t\t\t\t\t\t<h2 class=\"fs-20 fs-lg-23 fs-xl-27 fs-xxl-30 fw-semibold\">Id\u00e9e d\u2019incentives \u00e0 S\u00e9ville<\/h2>\n\t\t\t\t\t\t\t\t\t\t\t\t\t\t\t\t\t\t\t\t\t<div class=\"fs-wysiwyg\">\n\t\t\t\t\t\t\t\t<p><b>Flamenco<\/b><span style=\"font-weight: 400;\">\u00a0: l\u2019une des marques distinctives de la ville et de la culture espagnole. \u00c0 S\u00e9ville, vous trouverez les centres de flamenco les plus c\u00e9l\u00e8bres du monde. La Casa de la Guitarra, qui date du XVIIIe si\u00e8cle, abrite \u00e9galement le Centro Cultural del Flamenco, o\u00f9 vous pourrez passer une heure \u00e0 parcourir les principaux styles de flamenco \u00e0 travers ses trois disciplines : la danse, le chant et la guitare.<\/span><\/p>\n<p><b>Visite d\u2019\u00e9levage<\/b><span style=\"font-weight: 400;\">\u00a0: plongez dans la magie d\u2019une exp\u00e9rience en pleine nature sauvage en d\u00e9couvrant de pr\u00e8s une prairie andalouse avec la possibilit\u00e9 de participer \u00e0 une authentique \u00ab capea \u00bb, en observant les taureaux dans leur environnement naturel et en assistant \u00e0 des spectacles \u00e9questres.<\/span><\/p>\n<p><b>Un jeu de polo andalou, le\u00a0<\/b><b><i>donkey polo<\/i><\/b><b>\u00a0:<\/b><span style=\"font-weight: 400;\">\u00a0une variante amusante du polo pour les groupes \u00e0 la recherche d\u2019activit\u00e9s cr\u00e9atives de <\/span><i><span style=\"font-weight: 400;\">teambuilding<\/span><\/i><span style=\"font-weight: 400;\">. Tout ce dont vous avez besoin pour l\u2019organiser est l\u2019ar\u00e8ne de n\u2019importe quelle ferme, 10 \u00e2nes, des balais, un ballon et un arbitre.<\/span><\/p>\n<p><b>D\u00e9gustations sensorielles sur le Guadalquivir<\/b><span style=\"font-weight: 400;\">\u00a0: d\u00e9gustation de vins et exp\u00e9rience gastronomique \u00e0 bord d\u2019un bateau sur le fleuve, au son des guitares et violons flamenco.<\/span><\/p>\n<p><b>\u00c9v\u00e8nements en plein air, sports et activit\u00e9s \u00e9questres<\/b><span style=\"font-weight: 400;\">\u00a0: le Parque Natural de Do\u00f1ana, class\u00e9 au patrimoine mondial de l\u2019Unesco et faisant partie du r\u00e9seau mondial de r\u00e9serves de biosph\u00e8re, est le cadre id\u00e9al. Vous avez le choix entre des promenades \u00e0 cheval dans la for\u00eat, sur la plage ou sur les dunes de Do\u00f1ana pour les plus aventureux, ou des promenades tranquilles en cal\u00e8ches dans les rues d\u2019El Roc\u00edo ou le long des <\/span><i><span style=\"font-weight: 400;\">caminos rocieros<\/span><\/i><span style=\"font-weight: 400;\">.<\/span><\/p>\n<p><span style=\"font-weight: 400;\">Un \u00e9v\u00e9nement \u00e0 ne pas manquer \u00e0 S\u00e9ville<\/span><b>\u00a0: une d\u00e9gustation de tapas dans plusieurs bars et une promenade dans le centre historique et ses quartiers fleuris<\/b><span style=\"font-weight: 400;\">\u00a0pour clore cette immersion dans la culture s\u00e9villane.<\/span><\/p>\n\t\t\t\t\t\t\t<\/div>\n\t\t\t\t\t\t\t\t\t\t\t\t\t<\/div>\n\t\t\t\t\t\t\t\t\t\t\t\t<div class=\"t3icta__bottom__img1 d-lg-none mx-auto\">\n\t\t\t\t\t\t\t<img decoding=\"async\" src=\"https:\/\/myallmeeting.com\/wp-content\/uploads\/2022\/06\/b7h3_de_00_p_1024x768-633x398.jpg\" width=\"633\" height=\"398\" alt=\"\" loading=\"lazy\" \/> <!-- Ce sont les 2 m\u00eames images : ID 1 -->\n\t\t\t\t\t\t<\/div>\n\t\t\t\t\t\t\t\t\t\t\t<\/div>\n\t\t\t\t<\/div>\n\t\t\t<\/div>\n\t\t<\/div>\n\t<\/div>\n\t<\/div>\n<!-- END OF : Composant : block-periscope-theme-section-composant-26-textes-slider-cta.php -->\n","protected":false},"excerpt":{"rendered":"<p>Bienvenue dans la ville espagnole au parfum d&rsquo;orange o\u00f9 d\u00e9guster les meilleurs poissons frits sur les rives du fleuve Guadalquivir et danser le plus beau flamenco. La capitale de l&rsquo;Andalousie, tr\u00e8s en vogue, est \u00e9galement en plein essor pour les \u00e9v\u00e8nements et les congr\u00e8s.<\/p>\n","protected":false},"featured_media":16739394,"menu_order":0,"template":"","ville":[],"periscope_lieu_tax":[],"class_list":["post-15227020","desti","type-desti","status-publish","has-post-thumbnail","hentry"],"acf":[],"yoast_head":"<title>S\u00e9ville : la capitale de l&rsquo;Andalousie tr\u00e8s en vogue pour vos \u00e9v\u00e8nements - Accor MyAllMeeting.com<\/title>\n<meta name=\"robots\" content=\"index, follow, max-snippet:-1, max-image-preview:large, max-video-preview:-1\" \/>\n<link rel=\"canonical\" href=\"https:\/\/myallmeeting.com\/fr\/wp-json\/wp\/v2\/desti\/15227020\" \/>\n<meta property=\"og:locale\" content=\"fr_FR\" \/>\n<meta property=\"og:type\" content=\"article\" \/>\n<meta property=\"og:title\" content=\"S\u00e9ville : la capitale de l&rsquo;Andalousie tr\u00e8s en vogue pour vos \u00e9v\u00e8nements - Accor MyAllMeeting.com\" \/>\n<meta property=\"og:description\" content=\"Bienvenue dans la ville espagnole au parfum d&#039;orange o\u00f9 d\u00e9guster les meilleurs poissons frits sur les rives du fleuve Guadalquivir et danser le plus beau flamenco. La capitale de l&#039;Andalousie, tr\u00e8s en vogue, est \u00e9galement en plein essor pour les \u00e9v\u00e8nements et les congr\u00e8s.\" \/>\n<meta property=\"og:url\" content=\"https:\/\/myallmeeting.com\/fr\/destination\/seville-la-capitale-de-landalousie-tres-en-vogue-pour-vos-evenements\/\" \/>\n<meta property=\"og:site_name\" content=\"Accor MyAllMeeting.com\" \/>\n<meta property=\"article:modified_time\" content=\"2024-11-27T16:21:29+00:00\" \/>\n<meta property=\"og:image\" content=\"https:\/\/myallmeeting.com\/wp-content\/uploads\/2022\/06\/MAM-baner-1920x570-53-1024x304.png\" \/>\n\t<meta property=\"og:image:width\" content=\"1024\" \/>\n\t<meta property=\"og:image:height\" content=\"304\" \/>\n\t<meta property=\"og:image:type\" content=\"image\/png\" \/>\n<meta name=\"twitter:card\" content=\"summary_large_image\" \/>\n<meta name=\"twitter:label1\" content=\"Dur\u00e9e de lecture estim\u00e9e\" \/>\n\t<meta name=\"twitter:data1\" content=\"5 minutes\" \/>\n<script type=\"application\/ld+json\" class=\"yoast-schema-graph\">{\"@context\":\"https:\/\/schema.org\",\"@graph\":[{\"@type\":\"WebPage\",\"@id\":\"https:\/\/myallmeeting.com\/fr\/destination\/seville-la-capitale-de-landalousie-tres-en-vogue-pour-vos-evenements\/\",\"url\":\"https:\/\/myallmeeting.com\/fr\/destination\/seville-la-capitale-de-landalousie-tres-en-vogue-pour-vos-evenements\/\",\"name\":\"S\u00e9ville : la capitale de l&rsquo;Andalousie tr\u00e8s en vogue pour vos \u00e9v\u00e8nements - Accor MyAllMeeting.com\",\"isPartOf\":{\"@id\":\"https:\/\/www.myallmeeting.com\/fr\/#website\"},\"primaryImageOfPage\":{\"@id\":\"https:\/\/myallmeeting.com\/fr\/destination\/seville-la-capitale-de-landalousie-tres-en-vogue-pour-vos-evenements\/#primaryimage\"},\"image\":{\"@id\":\"https:\/\/myallmeeting.com\/fr\/destination\/seville-la-capitale-de-landalousie-tres-en-vogue-pour-vos-evenements\/#primaryimage\"},\"thumbnailUrl\":\"https:\/\/myallmeeting.com\/wp-content\/uploads\/2022\/06\/MAM-baner-1920x570-53.png\",\"datePublished\":\"2022-06-15T08:42:38+00:00\",\"dateModified\":\"2024-11-27T16:21:29+00:00\",\"breadcrumb\":{\"@id\":\"https:\/\/myallmeeting.com\/fr\/destination\/seville-la-capitale-de-landalousie-tres-en-vogue-pour-vos-evenements\/#breadcrumb\"},\"inLanguage\":\"fr-FR\",\"potentialAction\":[{\"@type\":\"ReadAction\",\"target\":[\"https:\/\/myallmeeting.com\/fr\/destination\/seville-la-capitale-de-landalousie-tres-en-vogue-pour-vos-evenements\/\"]}]},{\"@type\":\"ImageObject\",\"inLanguage\":\"fr-FR\",\"@id\":\"https:\/\/myallmeeting.com\/fr\/destination\/seville-la-capitale-de-landalousie-tres-en-vogue-pour-vos-evenements\/#primaryimage\",\"url\":\"https:\/\/myallmeeting.com\/wp-content\/uploads\/2022\/06\/MAM-baner-1920x570-53.png\",\"contentUrl\":\"https:\/\/myallmeeting.com\/wp-content\/uploads\/2022\/06\/MAM-baner-1920x570-53.png\",\"width\":1920,\"height\":570},{\"@type\":\"BreadcrumbList\",\"@id\":\"https:\/\/myallmeeting.com\/fr\/destination\/seville-la-capitale-de-landalousie-tres-en-vogue-pour-vos-evenements\/#breadcrumb\",\"itemListElement\":[{\"@type\":\"ListItem\",\"position\":1,\"name\":\"Accueil\",\"item\":\"https:\/\/myallmeeting.com\/fr\/\"},{\"@type\":\"ListItem\",\"position\":2,\"name\":\"Destination\",\"item\":\"https:\/\/myallmeeting.com\/fr\/destination\/\"},{\"@type\":\"ListItem\",\"position\":3,\"name\":\"S\u00e9ville : la capitale de l&rsquo;Andalousie tr\u00e8s en vogue pour vos \u00e9v\u00e8nements\"}]},{\"@type\":\"WebSite\",\"@id\":\"https:\/\/www.myallmeeting.com\/fr\/#website\",\"url\":\"https:\/\/www.myallmeeting.com\/fr\/\",\"name\":\"Accor MyAllMeeting.com\",\"description\":\"Les Meilleurs lieux pour vos Ev\u00e9nements Professionnels\",\"publisher\":{\"@id\":\"https:\/\/www.myallmeeting.com\/fr\/#organization\"},\"potentialAction\":[{\"@type\":\"SearchAction\",\"target\":{\"@type\":\"EntryPoint\",\"urlTemplate\":\"https:\/\/www.myallmeeting.com\/fr\/?s={search_term_string}\"},\"query-input\":{\"@type\":\"PropertyValueSpecification\",\"valueRequired\":true,\"valueName\":\"search_term_string\"}}],\"inLanguage\":\"fr-FR\"},{\"@type\":\"Organization\",\"@id\":\"https:\/\/www.myallmeeting.com\/fr\/#organization\",\"name\":\"ACCOR\",\"url\":\"https:\/\/www.myallmeeting.com\/fr\/\",\"logo\":{\"@type\":\"ImageObject\",\"inLanguage\":\"fr-FR\",\"@id\":\"https:\/\/www.myallmeeting.com\/fr\/#\/schema\/logo\/image\/\",\"url\":\"\",\"contentUrl\":\"\",\"caption\":\"ACCOR\"},\"image\":{\"@id\":\"https:\/\/www.myallmeeting.com\/fr\/#\/schema\/logo\/image\/\"}}]}<\/script>","yoast_head_json":{"title":"S\u00e9ville : la capitale de l&rsquo;Andalousie tr\u00e8s en vogue pour vos \u00e9v\u00e8nements - Accor MyAllMeeting.com","robots":{"index":"index","follow":"follow","max-snippet":"max-snippet:-1","max-image-preview":"max-image-preview:large","max-video-preview":"max-video-preview:-1"},"canonical":"https:\/\/myallmeeting.com\/fr\/wp-json\/wp\/v2\/desti\/15227020","og_locale":"fr_FR","og_type":"article","og_title":"S\u00e9ville : la capitale de l&rsquo;Andalousie tr\u00e8s en vogue pour vos \u00e9v\u00e8nements - Accor MyAllMeeting.com","og_description":"Bienvenue dans la ville espagnole au parfum d'orange o\u00f9 d\u00e9guster les meilleurs poissons frits sur les rives du fleuve Guadalquivir et danser le plus beau flamenco. La capitale de l'Andalousie, tr\u00e8s en vogue, est \u00e9galement en plein essor pour les \u00e9v\u00e8nements et les congr\u00e8s.","og_url":"https:\/\/myallmeeting.com\/fr\/destination\/seville-la-capitale-de-landalousie-tres-en-vogue-pour-vos-evenements\/","og_site_name":"Accor MyAllMeeting.com","article_modified_time":"2024-11-27T16:21:29+00:00","og_image":[{"width":1024,"height":304,"url":"https:\/\/myallmeeting.com\/wp-content\/uploads\/2022\/06\/MAM-baner-1920x570-53-1024x304.png","type":"image\/png"}],"twitter_card":"summary_large_image","twitter_misc":{"Dur\u00e9e de lecture estim\u00e9e":"5 minutes"},"schema":{"@context":"https:\/\/schema.org","@graph":[{"@type":"WebPage","@id":"https:\/\/myallmeeting.com\/fr\/destination\/seville-la-capitale-de-landalousie-tres-en-vogue-pour-vos-evenements\/","url":"https:\/\/myallmeeting.com\/fr\/destination\/seville-la-capitale-de-landalousie-tres-en-vogue-pour-vos-evenements\/","name":"S\u00e9ville : la capitale de l&rsquo;Andalousie tr\u00e8s en vogue pour vos \u00e9v\u00e8nements - Accor MyAllMeeting.com","isPartOf":{"@id":"https:\/\/www.myallmeeting.com\/fr\/#website"},"primaryImageOfPage":{"@id":"https:\/\/myallmeeting.com\/fr\/destination\/seville-la-capitale-de-landalousie-tres-en-vogue-pour-vos-evenements\/#primaryimage"},"image":{"@id":"https:\/\/myallmeeting.com\/fr\/destination\/seville-la-capitale-de-landalousie-tres-en-vogue-pour-vos-evenements\/#primaryimage"},"thumbnailUrl":"https:\/\/myallmeeting.com\/wp-content\/uploads\/2022\/06\/MAM-baner-1920x570-53.png","datePublished":"2022-06-15T08:42:38+00:00","dateModified":"2024-11-27T16:21:29+00:00","breadcrumb":{"@id":"https:\/\/myallmeeting.com\/fr\/destination\/seville-la-capitale-de-landalousie-tres-en-vogue-pour-vos-evenements\/#breadcrumb"},"inLanguage":"fr-FR","potentialAction":[{"@type":"ReadAction","target":["https:\/\/myallmeeting.com\/fr\/destination\/seville-la-capitale-de-landalousie-tres-en-vogue-pour-vos-evenements\/"]}]},{"@type":"ImageObject","inLanguage":"fr-FR","@id":"https:\/\/myallmeeting.com\/fr\/destination\/seville-la-capitale-de-landalousie-tres-en-vogue-pour-vos-evenements\/#primaryimage","url":"https:\/\/myallmeeting.com\/wp-content\/uploads\/2022\/06\/MAM-baner-1920x570-53.png","contentUrl":"https:\/\/myallmeeting.com\/wp-content\/uploads\/2022\/06\/MAM-baner-1920x570-53.png","width":1920,"height":570},{"@type":"BreadcrumbList","@id":"https:\/\/myallmeeting.com\/fr\/destination\/seville-la-capitale-de-landalousie-tres-en-vogue-pour-vos-evenements\/#breadcrumb","itemListElement":[{"@type":"ListItem","position":1,"name":"Accueil","item":"https:\/\/myallmeeting.com\/fr\/"},{"@type":"ListItem","position":2,"name":"Destination","item":"https:\/\/myallmeeting.com\/fr\/destination\/"},{"@type":"ListItem","position":3,"name":"S\u00e9ville : la capitale de l&rsquo;Andalousie tr\u00e8s en vogue pour vos \u00e9v\u00e8nements"}]},{"@type":"WebSite","@id":"https:\/\/www.myallmeeting.com\/fr\/#website","url":"https:\/\/www.myallmeeting.com\/fr\/","name":"Accor MyAllMeeting.com","description":"Les Meilleurs lieux pour vos Ev\u00e9nements Professionnels","publisher":{"@id":"https:\/\/www.myallmeeting.com\/fr\/#organization"},"potentialAction":[{"@type":"SearchAction","target":{"@type":"EntryPoint","urlTemplate":"https:\/\/www.myallmeeting.com\/fr\/?s={search_term_string}"},"query-input":{"@type":"PropertyValueSpecification","valueRequired":true,"valueName":"search_term_string"}}],"inLanguage":"fr-FR"},{"@type":"Organization","@id":"https:\/\/www.myallmeeting.com\/fr\/#organization","name":"ACCOR","url":"https:\/\/www.myallmeeting.com\/fr\/","logo":{"@type":"ImageObject","inLanguage":"fr-FR","@id":"https:\/\/www.myallmeeting.com\/fr\/#\/schema\/logo\/image\/","url":"","contentUrl":"","caption":"ACCOR"},"image":{"@id":"https:\/\/www.myallmeeting.com\/fr\/#\/schema\/logo\/image\/"}}]}},"_links":{"self":[{"href":"https:\/\/myallmeeting.com\/fr\/wp-json\/wp\/v2\/desti\/15227020","targetHints":{"allow":["GET"]}}],"collection":[{"href":"https:\/\/myallmeeting.com\/fr\/wp-json\/wp\/v2\/desti"}],"about":[{"href":"https:\/\/myallmeeting.com\/fr\/wp-json\/wp\/v2\/types\/desti"}],"wp:featuredmedia":[{"embeddable":true,"href":"https:\/\/myallmeeting.com\/fr\/wp-json\/wp\/v2\/media\/16739394"}],"wp:attachment":[{"href":"https:\/\/myallmeeting.com\/fr\/wp-json\/wp\/v2\/media?parent=15227020"}],"wp:term":[{"taxonomy":"ville","embeddable":true,"href":"https:\/\/myallmeeting.com\/fr\/wp-json\/wp\/v2\/ville?post=15227020"},{"taxonomy":"periscope_lieu_tax","embeddable":true,"href":"https:\/\/myallmeeting.com\/fr\/wp-json\/wp\/v2\/periscope_lieu_tax?post=15227020"}],"curies":[{"name":"wp","href":"https:\/\/api.w.org\/{rel}","templated":true}]}}