{"id":15227018,"date":"2023-02-08T09:27:36","date_gmt":"2023-02-08T08:27:36","guid":{"rendered":"https:\/\/myallmeeting.com\/fr\/destination\/annecy-un-nouveau-souffle-pour-vos-equipes\/"},"modified":"2024-12-09T12:27:57","modified_gmt":"2024-12-09T11:27:57","slug":"annecy-un-nouveau-souffle-pour-vos-equipes","status":"publish","type":"desti","link":"https:\/\/myallmeeting.com\/fr\/destination\/annecy-un-nouveau-souffle-pour-vos-equipes\/","title":{"rendered":"Annecy : un nouveau souffle pour vos \u00e9quipes !"},"content":{"rendered":"<!-- START OF : Composant : block-periscope-theme-section-composant-25-texte-cta-2-images.php -->\n<div class=\"tcta2ia bg-white fs-wysiwyg mb-lg-12\" data-component=\"25-texte-cta-2-images\">\n\t<div class=\"tcta2ia__top\">\n\t\t<div class=\"container-fluid\" style=\"--bs-gutter-x: 0\">\n\t\t\t<div class=\"row\" style=\"--bs-gutter-x: 0\">\n\t\t\t\t<div class=\"col-lg-8\">\n\t\t\t\t\t\t\t\t\t\t<div class=\"bloc-mise-en-avant__top__left\">\n\t\t\t\t\t\t<img decoding=\"async\" src=\"https:\/\/myallmeeting.com\/wp-content\/uploads\/2023\/02\/aja_p_6771-45__original-1268x846.jpeg\" class=\"pe-2 pe-lg-0\" width=\"1268\" height=\"846\" alt=\"\" loading=\"lazy\" \/>\n\t\t\t\t\t<\/div>\n\t\t\t\t\t\t\t\t\t\t<div class=\"tcta2ia__bottom d-none d-lg-block pb-12 pt-lg-9 pb-lg-0 pe-lg-10\">\n\t\t\t\t\t\t\t\t\t\t\t\t<h2 class=\"fs-20 fs-lg-32 fw-semibold\">Il fait bon y vivre<\/h2>\n\t\t\t\t\t\t\t\t\t\t\t\t\t\t\t\t\t\t<div class=\"fs-wysiwyg\"><p>Les atouts exceptionnels d\u2019Annecy, <strong>r\u00e9guli\u00e8rement <\/strong>, la rendent particuli\u00e8rement attractive. Son lac mondialement r\u00e9put\u00e9, \u00e0 deux pas des massifs alpins, est enchanteur et propice \u00e0 un grand nombre d\u2019activit\u00e9s sportives et de loisirs. <strong>L\u2019air y est pur et revigorant<\/strong>. La cit\u00e9 historique poss\u00e8de un charme pittoresque qui n\u2019appartient qu\u2019\u00e0 elle : ses canaux, ses ponts (d\u2019o\u00f9 son surnom de \u00ab <strong>Venise des Alpes<\/strong> \u00bb), l\u2019enchev\u00eatrement de ses ruelles commer\u00e7antes.<\/p>\n<p>De longue tradition industrielle, Annecy est aussi r\u00e9put\u00e9e pour son <strong>dynamisme \u00e9conomique<\/strong>. Elle affiche aujourd\u2019hui plusieurs fili\u00e8res d\u2019excellence, notamment dans les secteurs du sport et de l\u2019<em>outdoor<\/em>.<\/p>\n<\/div>\n\t\t\t\t\t\t\t\t\t\t\t\t<div class=\"d-flex flex-column flex-lg-row align-items-center gap-5 gap-lg-8 justify-content-between\">\n\t\t\t\t\t\t\t<div class=\"fs-20 fs-lg-26 fw-semibold lh-xs\"><\/div>\n\t\t\t\t\t\t\t\t\t\t\t\t\t<\/div>\n\t\t\t\t\t<\/div>\n\t\t\t\t<\/div>\n\t\t\t\t<div class=\"col-lg-4\">\n\t\t\t\t\t<div class=\"tcta2ia__top__right t-0 r-0 bg-primary text-white pt-4 pb-4 px-2 pt-lg-8 pb-lg-16 px-lg-11 pb-xl-30\">\n\t\t\t\t\t\t\t\t\t\t\t\t\t\t\t\t\t\t<h2 class=\"unna fs-36 fs-lg-51 fs-xl-75 fs-italic fw-normal text-secondary\">Annecy : un nouveau souffle pour vos \u00e9quipes !<\/h2>\n\t\t\t\t\t\t\t\t\t\t\t\t\t\t\t\t\t\t<h3 class=\"text-white fs-18 fs-lg-20 fs-xl-28 text-original-case\">Beaut\u00e9, authenticit\u00e9, dynamisme, qualit\u00e9 des infrastructures touristiques\u2026 <\/h3>\n\t\t\t\t\t\t\t\t\t\t\t\t\t\t\t\t\t\t<div class=\"fs-wysiwyg mb-4 fs-lg-16 fs-xl-20\"><p>Entre lac bleu et montagnes \u00e9tincelantes, Annecy, la capitale savoyarde, coche toutes les cases. Une destination phare, id\u00e9ale pour renforcer les liens entre vos \u00e9quipes et ressourcer vos collaborateurs, gr\u00e2ce \u00e0 un large choix d\u2019<em>incentives <\/em>ou de team building, hiver comme \u00e9t\u00e9 !<\/p>\n<\/div>\n\t\t\t\t\t\t\t\t\t\t\t\t\t\t\t\t\t\t\t\t\t\t\t\t<p class=\"m-0\"><img decoding=\"async\" src=\"https:\/\/myallmeeting.com\/wp-content\/uploads\/2023\/02\/aja_p_3988-43__original-633x398.jpeg\" class=\"position-relative l-0\" width=\"633\" height=\"398\" alt=\"\" loading=\"lazy\" \/><\/p>\n\t\t\t\t\t\t\t\t\t\t\t<\/div>\n\t\t\t\t<\/div>\n\t\t\t<\/div>\n\t\t<\/div>\n\t<\/div>\n\t<div class=\"tcta2ia__bottom d-lg-none pb-12 py-lg-9 pe-lg-10\">\n\t\t\t\t<div class=\"h2 fs-20 fs-lg-32 fw-semibold\">Il fait bon y vivre<\/div>\n\t\t\t\t\t\t<div class=\"fs-wysiwyg\"><p>Les atouts exceptionnels d\u2019Annecy, <strong>r\u00e9guli\u00e8rement <\/strong>, la rendent particuli\u00e8rement attractive. Son lac mondialement r\u00e9put\u00e9, \u00e0 deux pas des massifs alpins, est enchanteur et propice \u00e0 un grand nombre d\u2019activit\u00e9s sportives et de loisirs. <strong>L\u2019air y est pur et revigorant<\/strong>. La cit\u00e9 historique poss\u00e8de un charme pittoresque qui n\u2019appartient qu\u2019\u00e0 elle : ses canaux, ses ponts (d\u2019o\u00f9 son surnom de \u00ab <strong>Venise des Alpes<\/strong> \u00bb), l\u2019enchev\u00eatrement de ses ruelles commer\u00e7antes.<\/p>\n<p>De longue tradition industrielle, Annecy est aussi r\u00e9put\u00e9e pour son <strong>dynamisme \u00e9conomique<\/strong>. Elle affiche aujourd\u2019hui plusieurs fili\u00e8res d\u2019excellence, notamment dans les secteurs du sport et de l\u2019<em>outdoor<\/em>.<\/p>\n<\/div>\n\t\t\t\t<div class=\"d-flex flex-column flex-lg-row align-items-center gap-5 gap-lg-8 justify-content-between\">\n\t\t\t<div class=\"fs-20 fs-lg-26 fw-semibold lh-xs\"><\/div>\n\t\t\t\t\t<\/div>\n\t<\/div>\n<\/div>\n<!-- END OF : Composant : block-periscope-theme-section-composant-25-texte-cta-2-images.php -->\n\n\n<!-- START OF : Composant : block-periscope-theme-section-composant-26-textes-slider-cta.php -->\n<div class=\"t3icta bg-white pb-12 mb-9 fs-wysiwyg\" data-component=\"26-textes-3-images-cta\">\n\t<div class=\"t3icta__top position-relative\">\n\t\t<div class=\"container-fluid\" style=\"--bs-gutter-x: 0\">\n\t\t\t<div class=\"row\" style=\"--bs-gutter-x: 0\">\n\t\t\t\t\t\t\t\t<div class=\"col-lg-6\">\n\t\t\t\t\t<div class=\"t3icta__slider\">\n\t\t\t\t\t\t<div class=\"splide\">\n\t\t\t\t\t\t\t<div class=\"splide__track\">\n\t\t\t\t\t\t\t\t<div class=\"splide__list\">\n\t\t\t\t\t\t\t\t\t\t\t\t\t\t\t\t\t\t\t<div class=\"splide__slide\">\n\t\t\t\t\t\t\t\t\t\t\t<img decoding=\"async\" src=\"https:\/\/myallmeeting.com\/wp-content\/uploads\/2023\/02\/aja_p_3054-22__original-953x600.jpeg\" width=\"953\" height=\"600\" alt=\"\" loading=\"lazy\" \/>\n\t\t\t\t\t\t\t\t\t\t<\/div>\n\t\t\t\t\t\t\t\t\t\t\t\t\t\t\t\t\t\n\t\t\t\t\t\t\t\t<\/div>\n\t\t\t\t\t\t\t<\/div>\n\t\t\t\t\t\t\t<div class=\"splide__arrows d-none d-lg-block\">\n\t\t\t\t\t\t\t\t<button class=\"splide__arrow splide__arrow--prev px-lg-3 py-lg-4 px-xl-4 py-xl-5 px-xxl-5 py-xxl-7 position-absolute l-0 bg-white border-0\">\n\t\t\t\t\t\t\t\t\t<svg width=\"14\" height=\"27\" aria-hidden=\"true\">\n\t\t\t\t\t\t\t\t\t\t<use xlink:href=\"https:\/\/myallmeeting.com\/wp-content\/themes\/accor\/assets\/images\/sprite.svg#slider-prev\"><\/use>\n\t\t\t\t\t\t\t\t\t<\/svg>\n\t\t\t\t\t\t\t\t<\/button>\n\t\t\t\t\t\t\t\t<button class=\"splide__arrow splide__arrow--next px-lg-3 py-lg-4 px-xl-4 py-xl-5 px-xxl-5 py-xxl-7 position-absolute r-0 bg-white border-0\">\n\t\t\t\t\t\t\t\t\t<svg width=\"14\" height=\"27\" aria-hidden=\"true\">\n\t\t\t\t\t\t\t\t\t\t<use xlink:href=\"https:\/\/myallmeeting.com\/wp-content\/themes\/accor\/assets\/images\/sprite.svg#slider-prev\"><\/use>\n\t\t\t\t\t\t\t\t\t<\/svg>\n\t\t\t\t\t\t\t\t<\/button>\n\t\t\t\t\t\t\t<\/div>\n\t\t\t\t\t\t<\/div>\n\t\t\t\t\t<\/div>\n\t\t\t\t<\/div>\n\t\t\t\t\t\t\t\t<div class=\"col-lg-6\">\n\t\t\t\t\t<div class=\"t3icta__top_right mb-lg-14 px-2 py-9 px-lg-11 py-lg-0\">\n\t\t\t\t\t\t\t\n\t\t\t\t\t\t<h2 class=\"fs-20 fs-lg-23 fs-xl-27 fs-xxl-30 fw-semibold\">Accessibilit\u00e9<\/h2>\n\t\t\t\t\t\t\t\t\t\t\t\t\t\n\t\t\t\t\t\t<div class=\"fs-wysiwyg\">\n\t\t\t\t\t\t\t<p>Gr\u00e2ce \u00e0 sa situation g\u00e9ographique exceptionnelle et \u00e0 des infrastructures d\u00e9velopp\u00e9es, Annecy est <strong>facilement accessible<\/strong> pour les visiteurs en provenance d\u2019autres villes fran\u00e7aises et europ\u00e9ennes.<\/p>\n<p>Au c\u0153ur d\u2019un r\u00e9seau autoroutier dense, elle est \u00e9galement desservie par les a\u00e9roports de <strong>Gen\u00e8ve<\/strong> (\u00e0 35 min) et <strong>Lyon-Saint-Exup\u00e9ry<\/strong> (\u00e0 1h10).<\/p>\n\t\t\t\t\t\t<\/div>\n\t\t\t\t\t\t\t\t\t\t\t<\/div>\n\t\t\t\t<\/div>\n\t\t\t<\/div>\n\t\t<\/div>\n\t<\/div>\n\t<div class=\"t3icta__bottom bg-beige\">\n\t\t<div class=\"container-fluid\" style=\"--bs-gutter-x: 0\">\n\t\t\t<div class=\"row\" style=\"--bs-gutter-x: 0\">\n\t\t\t\t<div class=\"col-lg-5 offset-lg-1\">\n\t\t\t\t\t<div class=\"t3icta__bottom__left\">\n\t\t\t\t\t\t\t\t\t\t\t\t<img decoding=\"async\" src=\"https:\/\/myallmeeting.com\/wp-content\/uploads\/2023\/02\/aja_p_2700-33__original-633x398.jpeg\" class=\"w-100 d-lg-none\" width=\"633\" height=\"398\" alt=\"\" loading=\"lazy\" \/> <!-- Ce sont les 2 m\u00eames images : ID 0 -->\n\t\t\t\t\t\t\t\t\t\t\t\t<div class=\"px-2 py-9 px-lg-0 py-lg-0\">\n\t\t\t\t\t\t\t\t\n\t\t\t\t\t\t\t<h2 class=\"fs-20 fs-lg-23 fs-xl-27 fs-xxl-30 fw-semibold\">Le r\u00e9seau Accor \u00e0 Annecy<\/h2>\n\t\t\t\t\t\t\t\t\t\t\t\t\t\t\t\n\t\t\t\t\t\t\t<div class=\"fs-wysiwyg mb-lg-15\">\n\t\t\t\t\t\t\t\t<p>Quel que soit votre budget, Accor vous propose un choix d\u2019h\u00e9bergements adapt\u00e9s \u00e0 votre \u00e9v\u00e9nement et \u00e0 votre budget.<\/p>\n<p>Fleuron de la nouvelle gamme Handwritten Collection, le Splendid Hotel Lac d\u2019Annecy, am\u00e9nag\u00e9 par le designer Thierry D\u2019Istria, a ouvert printemps 2023. Deux Mercure et un Novotel vous permettent de choisir votre emplacement id\u00e9al : au c\u0153ur de la vieille ville ou plus au calme, dans un cadre champ\u00eatre. Pour une ambiance d\u00e9contract\u00e9e et conviviale, d\u00e9couvrez le greet hotel Annecy et son concept de seconde chance aux lieux, aux objets et aux personnes pour cr\u00e9er un mouvement d\u2019hospitalit\u00e9 positive. Enfin, un adagio, deux ibis, un ibis Styles, un ibis budget et un hotelF1 compl\u00e8tent l\u2019offre Accor.<\/p>\n\t\t\t\t\t\t\t<\/div>\n\t\t\t\t\t\t\t\t\t\t\t\t\t<\/div>\n\t\t\t\t\t\t\t\t\t\t\t\t<div class=\"t3icta__bottom__img1 d-none d-lg-block text-end ms-lg-auto\">\n\t\t\t\t\t\t\t<img decoding=\"async\" src=\"https:\/\/myallmeeting.com\/wp-content\/uploads\/2023\/02\/aja_p_2700-33__original-633x398.jpeg\" width=\"633\" height=\"398\" alt=\"\" loading=\"lazy\" \/> <!-- Ce sont les 2 m\u00eames images : ID 1 -->\n\t\t\t\t\t\t<\/div>\n\t\t\t\t\t\t\t\t\t\t\t<\/div>\n\t\t\t\t<\/div>\n\t\t\t\t<div class=\"col-lg-5\">\n\t\t\t\t\t<div class=\"ps-lg-10\">\n\t\t\t\t\t\t\t\t\t\t\t\t<img decoding=\"async\" src=\"https:\/\/myallmeeting.com\/wp-content\/uploads\/2023\/02\/aja_p_3054-18__original-633x398.jpeg\" class=\"t3icta__bottom__img0 position-relative d-none d-lg-block mb-15\" width=\"633\" height=\"398\" alt=\"\" loading=\"lazy\" \/> <!-- Ce sont les 2 m\u00eames images : ID 0 -->\n\t\t\t\t\t\t\t\t\t\t\t\t<div class=\"px-2 px-lg-0 mb-9\">\n\t\t\t\t\t\t\t\t\n\t\t\t\t\t\t\t<h2 class=\"fs-20 fs-lg-23 fs-xl-27 fs-xxl-30 fw-semibold\">Id\u00e9es d\u2019incentives \u00e0 Annecy<\/h2>\n\t\t\t\t\t\t\t\t\t\t\t\t\t\t\t\t\t\t\t\t\t<div class=\"fs-wysiwyg\">\n\t\t\t\t\t\t\t\t<p>La belle Savoyarde est\u00a0une\u00a0<strong>source in\u00e9puisable d\u2019activit\u00e9s sportives<\/strong>\u00a0au grand air.<\/p>\n<p>Version hiver\u00a0: cap sur les hauteurs d\u2019Annecy ou dans le massif des Aravis.\u00a0Une <strong>randonn\u00e9e en raquettes ou un team building en mode trappeur<\/strong>\u00a0sera une bonne occasion de challenger vos \u00e9quipes. Surtout avec une d\u00e9gustation de produits r\u00e9gionaux \u00e0 la cl\u00e9\u00a0!<\/p>\n<p>Version \u00e9t\u00e9\u00a0: les eaux du lac se pr\u00eatent \u00e0\u00a0<strong>tous les sports nautiques<\/strong>,\u00a0entre paddle, kayak, catamaran, voilier\u2026 Le tour du lac \u00e0 v\u00e9lo \u00e0 assistance \u00e9lectrique est une activit\u00e9 appr\u00e9ci\u00e9e et accessible \u00e0 tous.\u00a0<strong>Vous voulez sortir des sentiers battus\u00a0?<\/strong>\u00a0Offrez le top \u00e0 vos collaborateurs avec un vol en parapente, un moyen garanti pour faire le plein de sensations et prendre de la hauteur !<\/p>\n<p>Ne faites pas l\u2019impasse sur la cit\u00e9 historique et ses canaux\u00a0: le terrain id\u00e9al pour un escape game qui laissera \u00e0 tous des souvenirs m\u00e9morables.<\/p>\n\t\t\t\t\t\t\t<\/div>\n\t\t\t\t\t\t\t\t\t\t\t\t\t<\/div>\n\t\t\t\t\t\t\t\t\t\t\t\t<div class=\"t3icta__bottom__img1 d-lg-none mx-auto\">\n\t\t\t\t\t\t\t<img decoding=\"async\" src=\"https:\/\/myallmeeting.com\/wp-content\/uploads\/2023\/02\/aja_p_3054-18__original-633x398.jpeg\" width=\"633\" height=\"398\" alt=\"\" loading=\"lazy\" \/> <!-- Ce sont les 2 m\u00eames images : ID 1 -->\n\t\t\t\t\t\t<\/div>\n\t\t\t\t\t\t\t\t\t\t\t<\/div>\n\t\t\t\t<\/div>\n\t\t\t<\/div>\n\t\t<\/div>\n\t<\/div>\n\t<\/div>\n<!-- END OF : Composant : block-periscope-theme-section-composant-26-textes-slider-cta.php -->\n","protected":false},"excerpt":{"rendered":"<p>Insufflez un vent d\u2019air frais \u00e0 votre prochain \u00e9v\u00e9nement en venant d\u00e9couvrir la Venise des Alpes.<\/p>\n","protected":false},"featured_media":17008026,"menu_order":0,"template":"","ville":[],"periscope_lieu_tax":[],"class_list":["post-15227018","desti","type-desti","status-publish","has-post-thumbnail","hentry"],"acf":[],"yoast_head":"<title>Annecy : un nouveau souffle pour vos \u00e9quipes ! - Accor MyAllMeeting.com<\/title>\n<meta name=\"robots\" content=\"index, follow, max-snippet:-1, max-image-preview:large, max-video-preview:-1\" \/>\n<link rel=\"canonical\" href=\"https:\/\/myallmeeting.com\/fr\/wp-json\/wp\/v2\/desti\/15227018\" \/>\n<meta property=\"og:locale\" content=\"fr_FR\" \/>\n<meta property=\"og:type\" content=\"article\" \/>\n<meta property=\"og:title\" content=\"Annecy : un nouveau souffle pour vos \u00e9quipes ! - Accor MyAllMeeting.com\" \/>\n<meta property=\"og:description\" content=\"Insufflez un vent d\u2019air frais \u00e0 votre prochain \u00e9v\u00e9nement en venant d\u00e9couvrir la Venise des Alpes.\" \/>\n<meta property=\"og:url\" content=\"https:\/\/myallmeeting.com\/fr\/destination\/annecy-un-nouveau-souffle-pour-vos-equipes\/\" \/>\n<meta property=\"og:site_name\" content=\"Accor MyAllMeeting.com\" \/>\n<meta property=\"article:modified_time\" content=\"2024-12-09T11:27:57+00:00\" \/>\n<meta property=\"og:image\" content=\"https:\/\/myallmeeting.com\/wp-content\/uploads\/2023\/02\/MAM-baner-1920x570-2024-12-09T121849.147-1024x304.png\" \/>\n\t<meta property=\"og:image:width\" content=\"1024\" \/>\n\t<meta property=\"og:image:height\" content=\"304\" \/>\n\t<meta property=\"og:image:type\" content=\"image\/png\" \/>\n<meta name=\"twitter:card\" content=\"summary_large_image\" \/>\n<meta name=\"twitter:label1\" content=\"Dur\u00e9e de lecture estim\u00e9e\" \/>\n\t<meta name=\"twitter:data1\" content=\"4 minutes\" \/>\n<script type=\"application\/ld+json\" class=\"yoast-schema-graph\">{\"@context\":\"https:\/\/schema.org\",\"@graph\":[{\"@type\":\"WebPage\",\"@id\":\"https:\/\/myallmeeting.com\/fr\/destination\/annecy-un-nouveau-souffle-pour-vos-equipes\/\",\"url\":\"https:\/\/myallmeeting.com\/fr\/destination\/annecy-un-nouveau-souffle-pour-vos-equipes\/\",\"name\":\"Annecy : un nouveau souffle pour vos \u00e9quipes ! - Accor MyAllMeeting.com\",\"isPartOf\":{\"@id\":\"https:\/\/www.myallmeeting.com\/fr\/#website\"},\"primaryImageOfPage\":{\"@id\":\"https:\/\/myallmeeting.com\/fr\/destination\/annecy-un-nouveau-souffle-pour-vos-equipes\/#primaryimage\"},\"image\":{\"@id\":\"https:\/\/myallmeeting.com\/fr\/destination\/annecy-un-nouveau-souffle-pour-vos-equipes\/#primaryimage\"},\"thumbnailUrl\":\"https:\/\/myallmeeting.com\/wp-content\/uploads\/2023\/02\/MAM-baner-1920x570-2024-12-09T121849.147.png\",\"datePublished\":\"2023-02-08T08:27:36+00:00\",\"dateModified\":\"2024-12-09T11:27:57+00:00\",\"breadcrumb\":{\"@id\":\"https:\/\/myallmeeting.com\/fr\/destination\/annecy-un-nouveau-souffle-pour-vos-equipes\/#breadcrumb\"},\"inLanguage\":\"fr-FR\",\"potentialAction\":[{\"@type\":\"ReadAction\",\"target\":[\"https:\/\/myallmeeting.com\/fr\/destination\/annecy-un-nouveau-souffle-pour-vos-equipes\/\"]}]},{\"@type\":\"ImageObject\",\"inLanguage\":\"fr-FR\",\"@id\":\"https:\/\/myallmeeting.com\/fr\/destination\/annecy-un-nouveau-souffle-pour-vos-equipes\/#primaryimage\",\"url\":\"https:\/\/myallmeeting.com\/wp-content\/uploads\/2023\/02\/MAM-baner-1920x570-2024-12-09T121849.147.png\",\"contentUrl\":\"https:\/\/myallmeeting.com\/wp-content\/uploads\/2023\/02\/MAM-baner-1920x570-2024-12-09T121849.147.png\",\"width\":1920,\"height\":570},{\"@type\":\"BreadcrumbList\",\"@id\":\"https:\/\/myallmeeting.com\/fr\/destination\/annecy-un-nouveau-souffle-pour-vos-equipes\/#breadcrumb\",\"itemListElement\":[{\"@type\":\"ListItem\",\"position\":1,\"name\":\"Accueil\",\"item\":\"https:\/\/myallmeeting.com\/fr\/\"},{\"@type\":\"ListItem\",\"position\":2,\"name\":\"Destination\",\"item\":\"https:\/\/myallmeeting.com\/fr\/destination\/\"},{\"@type\":\"ListItem\",\"position\":3,\"name\":\"Annecy : un nouveau souffle pour vos \u00e9quipes !\"}]},{\"@type\":\"WebSite\",\"@id\":\"https:\/\/www.myallmeeting.com\/fr\/#website\",\"url\":\"https:\/\/www.myallmeeting.com\/fr\/\",\"name\":\"Accor MyAllMeeting.com\",\"description\":\"Les Meilleurs lieux pour vos Ev\u00e9nements Professionnels\",\"publisher\":{\"@id\":\"https:\/\/www.myallmeeting.com\/fr\/#organization\"},\"potentialAction\":[{\"@type\":\"SearchAction\",\"target\":{\"@type\":\"EntryPoint\",\"urlTemplate\":\"https:\/\/www.myallmeeting.com\/fr\/?s={search_term_string}\"},\"query-input\":{\"@type\":\"PropertyValueSpecification\",\"valueRequired\":true,\"valueName\":\"search_term_string\"}}],\"inLanguage\":\"fr-FR\"},{\"@type\":\"Organization\",\"@id\":\"https:\/\/www.myallmeeting.com\/fr\/#organization\",\"name\":\"ACCOR\",\"url\":\"https:\/\/www.myallmeeting.com\/fr\/\",\"logo\":{\"@type\":\"ImageObject\",\"inLanguage\":\"fr-FR\",\"@id\":\"https:\/\/www.myallmeeting.com\/fr\/#\/schema\/logo\/image\/\",\"url\":\"\",\"contentUrl\":\"\",\"caption\":\"ACCOR\"},\"image\":{\"@id\":\"https:\/\/www.myallmeeting.com\/fr\/#\/schema\/logo\/image\/\"}}]}<\/script>","yoast_head_json":{"title":"Annecy : un nouveau souffle pour vos \u00e9quipes ! - Accor MyAllMeeting.com","robots":{"index":"index","follow":"follow","max-snippet":"max-snippet:-1","max-image-preview":"max-image-preview:large","max-video-preview":"max-video-preview:-1"},"canonical":"https:\/\/myallmeeting.com\/fr\/wp-json\/wp\/v2\/desti\/15227018","og_locale":"fr_FR","og_type":"article","og_title":"Annecy : un nouveau souffle pour vos \u00e9quipes ! - Accor MyAllMeeting.com","og_description":"Insufflez un vent d\u2019air frais \u00e0 votre prochain \u00e9v\u00e9nement en venant d\u00e9couvrir la Venise des Alpes.","og_url":"https:\/\/myallmeeting.com\/fr\/destination\/annecy-un-nouveau-souffle-pour-vos-equipes\/","og_site_name":"Accor MyAllMeeting.com","article_modified_time":"2024-12-09T11:27:57+00:00","og_image":[{"width":1024,"height":304,"url":"https:\/\/myallmeeting.com\/wp-content\/uploads\/2023\/02\/MAM-baner-1920x570-2024-12-09T121849.147-1024x304.png","type":"image\/png"}],"twitter_card":"summary_large_image","twitter_misc":{"Dur\u00e9e de lecture estim\u00e9e":"4 minutes"},"schema":{"@context":"https:\/\/schema.org","@graph":[{"@type":"WebPage","@id":"https:\/\/myallmeeting.com\/fr\/destination\/annecy-un-nouveau-souffle-pour-vos-equipes\/","url":"https:\/\/myallmeeting.com\/fr\/destination\/annecy-un-nouveau-souffle-pour-vos-equipes\/","name":"Annecy : un nouveau souffle pour vos \u00e9quipes ! - Accor MyAllMeeting.com","isPartOf":{"@id":"https:\/\/www.myallmeeting.com\/fr\/#website"},"primaryImageOfPage":{"@id":"https:\/\/myallmeeting.com\/fr\/destination\/annecy-un-nouveau-souffle-pour-vos-equipes\/#primaryimage"},"image":{"@id":"https:\/\/myallmeeting.com\/fr\/destination\/annecy-un-nouveau-souffle-pour-vos-equipes\/#primaryimage"},"thumbnailUrl":"https:\/\/myallmeeting.com\/wp-content\/uploads\/2023\/02\/MAM-baner-1920x570-2024-12-09T121849.147.png","datePublished":"2023-02-08T08:27:36+00:00","dateModified":"2024-12-09T11:27:57+00:00","breadcrumb":{"@id":"https:\/\/myallmeeting.com\/fr\/destination\/annecy-un-nouveau-souffle-pour-vos-equipes\/#breadcrumb"},"inLanguage":"fr-FR","potentialAction":[{"@type":"ReadAction","target":["https:\/\/myallmeeting.com\/fr\/destination\/annecy-un-nouveau-souffle-pour-vos-equipes\/"]}]},{"@type":"ImageObject","inLanguage":"fr-FR","@id":"https:\/\/myallmeeting.com\/fr\/destination\/annecy-un-nouveau-souffle-pour-vos-equipes\/#primaryimage","url":"https:\/\/myallmeeting.com\/wp-content\/uploads\/2023\/02\/MAM-baner-1920x570-2024-12-09T121849.147.png","contentUrl":"https:\/\/myallmeeting.com\/wp-content\/uploads\/2023\/02\/MAM-baner-1920x570-2024-12-09T121849.147.png","width":1920,"height":570},{"@type":"BreadcrumbList","@id":"https:\/\/myallmeeting.com\/fr\/destination\/annecy-un-nouveau-souffle-pour-vos-equipes\/#breadcrumb","itemListElement":[{"@type":"ListItem","position":1,"name":"Accueil","item":"https:\/\/myallmeeting.com\/fr\/"},{"@type":"ListItem","position":2,"name":"Destination","item":"https:\/\/myallmeeting.com\/fr\/destination\/"},{"@type":"ListItem","position":3,"name":"Annecy : un nouveau souffle pour vos \u00e9quipes !"}]},{"@type":"WebSite","@id":"https:\/\/www.myallmeeting.com\/fr\/#website","url":"https:\/\/www.myallmeeting.com\/fr\/","name":"Accor MyAllMeeting.com","description":"Les Meilleurs lieux pour vos Ev\u00e9nements Professionnels","publisher":{"@id":"https:\/\/www.myallmeeting.com\/fr\/#organization"},"potentialAction":[{"@type":"SearchAction","target":{"@type":"EntryPoint","urlTemplate":"https:\/\/www.myallmeeting.com\/fr\/?s={search_term_string}"},"query-input":{"@type":"PropertyValueSpecification","valueRequired":true,"valueName":"search_term_string"}}],"inLanguage":"fr-FR"},{"@type":"Organization","@id":"https:\/\/www.myallmeeting.com\/fr\/#organization","name":"ACCOR","url":"https:\/\/www.myallmeeting.com\/fr\/","logo":{"@type":"ImageObject","inLanguage":"fr-FR","@id":"https:\/\/www.myallmeeting.com\/fr\/#\/schema\/logo\/image\/","url":"","contentUrl":"","caption":"ACCOR"},"image":{"@id":"https:\/\/www.myallmeeting.com\/fr\/#\/schema\/logo\/image\/"}}]}},"_links":{"self":[{"href":"https:\/\/myallmeeting.com\/fr\/wp-json\/wp\/v2\/desti\/15227018","targetHints":{"allow":["GET"]}}],"collection":[{"href":"https:\/\/myallmeeting.com\/fr\/wp-json\/wp\/v2\/desti"}],"about":[{"href":"https:\/\/myallmeeting.com\/fr\/wp-json\/wp\/v2\/types\/desti"}],"wp:featuredmedia":[{"embeddable":true,"href":"https:\/\/myallmeeting.com\/fr\/wp-json\/wp\/v2\/media\/17008026"}],"wp:attachment":[{"href":"https:\/\/myallmeeting.com\/fr\/wp-json\/wp\/v2\/media?parent=15227018"}],"wp:term":[{"taxonomy":"ville","embeddable":true,"href":"https:\/\/myallmeeting.com\/fr\/wp-json\/wp\/v2\/ville?post=15227018"},{"taxonomy":"periscope_lieu_tax","embeddable":true,"href":"https:\/\/myallmeeting.com\/fr\/wp-json\/wp\/v2\/periscope_lieu_tax?post=15227018"}],"curies":[{"name":"wp","href":"https:\/\/api.w.org\/{rel}","templated":true}]}}