{"id":15227017,"date":"2023-08-24T14:36:20","date_gmt":"2023-08-24T12:36:20","guid":{"rendered":"https:\/\/myallmeeting.com\/fr\/destination\/orleans-haut-lieu-de-lhistoire-de-france-pour-un-seminaire-de-qualite\/"},"modified":"2024-12-13T12:35:26","modified_gmt":"2024-12-13T11:35:26","slug":"orleans-haut-lieu-de-lhistoire-de-france-pour-un-seminaire-de-qualite","status":"publish","type":"desti","link":"https:\/\/myallmeeting.com\/fr\/destination\/orleans-haut-lieu-de-lhistoire-de-france-pour-un-seminaire-de-qualite\/","title":{"rendered":"Orl\u00e9ans : haut-lieu de l\u2019Histoire de France pour un s\u00e9minaire de qualit\u00e9"},"content":{"rendered":"<!-- START OF : Composant : block-periscope-theme-section-composant-25-texte-cta-2-images.php -->\n<div class=\"tcta2ia bg-white fs-wysiwyg mb-lg-12\" data-component=\"25-texte-cta-2-images\">\n\t<div class=\"tcta2ia__top\">\n\t\t<div class=\"container-fluid\" style=\"--bs-gutter-x: 0\">\n\t\t\t<div class=\"row\" style=\"--bs-gutter-x: 0\">\n\t\t\t\t<div class=\"col-lg-8\">\n\t\t\t\t\t\t\t\t\t\t<div class=\"bloc-mise-en-avant__top__left\">\n\t\t\t\t\t\t<img decoding=\"async\" src=\"https:\/\/myallmeeting.com\/wp-content\/uploads\/2023\/08\/aja_p_2175-19__original-1268x846.jpeg\" class=\"pe-2 pe-lg-0\" width=\"1268\" height=\"846\" alt=\"\" loading=\"lazy\" \/>\n\t\t\t\t\t<\/div>\n\t\t\t\t\t\t\t\t\t\t<div class=\"tcta2ia__bottom d-none d-lg-block pb-12 pt-lg-9 pb-lg-0 pe-lg-10\">\n\t\t\t\t\t\t\t\t\t\t\t\t<h2 class=\"fs-20 fs-lg-32 fw-semibold\">Situ\u00e9e \u00e0 deux pas des ch\u00e2teaux de la Loire<\/h2>\n\t\t\t\t\t\t\t\t\t\t\t\t\t\t\t\t\t\t<div class=\"fs-wysiwyg\"><p>Orl\u00e9ans offre un s\u00e9duisant voyage \u00e0 remonter le temps, avec son impressionnante cath\u00e9drale, ses rues pav\u00e9es qui virent passer la fine fleur de nos rois de France et bien s\u00fbr Jeanne d\u2019Arc, lib\u00e9ratrice et h\u00e9ro\u00efne de la ville. <strong>La nature est aussi l\u2019ADN de cette cit\u00e9 verte et douce \u00e0 vivre<\/strong>. Bord\u00e9e par la Loire, fleuve mythique, aux confins de la Sologne, de la Beauce et de la plus vaste for\u00eat domaniale de France, <strong>c\u2019est une ville-jardin et le berceau de l\u2019horticulture<\/strong>.<\/p>\n<p>Mais pas question pour la belle Lig\u00e9rienne de \u00ab\u00a0se reposer sur ses lauriers\u00a0\u00bb\u00a0! Sur ce territoire dynamique sont concentr\u00e9s <strong>des p\u00f4les d\u2019excellence\u00a0o\u00f9 industrie et recherche scientifique vont de pair.<\/strong> Pour organiser r\u00e9unions d\u2019affaires, s\u00e9minaires ou congr\u00e8s, les possibilit\u00e9s sont vari\u00e9es et qualitatives, notamment un centre de conf\u00e9rences en plein centre-ville. <strong>Si vous \u00eates en qu\u00eate d\u2019insolite, le mus\u00e9e des Beaux-Arts et la Serre du Jardin des Plantes vous ouvriront volontiers leurs portes\u2026<\/strong><\/p>\n<\/div>\n\t\t\t\t\t\t\t\t\t\t\t\t<div class=\"d-flex flex-column flex-lg-row align-items-center gap-5 gap-lg-8 justify-content-between\">\n\t\t\t\t\t\t\t<div class=\"fs-20 fs-lg-26 fw-semibold lh-xs\"><\/div>\n\t\t\t\t\t\t\t\t\t\t\t\t\t<\/div>\n\t\t\t\t\t<\/div>\n\t\t\t\t<\/div>\n\t\t\t\t<div class=\"col-lg-4\">\n\t\t\t\t\t<div class=\"tcta2ia__top__right t-0 r-0 bg-primary text-white pt-4 pb-4 px-2 pt-lg-8 pb-lg-16 px-lg-11 pb-xl-30\">\n\t\t\t\t\t\t\t\t\t\t\t\t\t\t\t\t\t\t<h2 class=\"unna fs-36 fs-lg-51 fs-xl-75 fs-italic fw-normal text-secondary\">Orl\u00e9ans : haut-lieu de l\u2019Histoire de France pour un s\u00e9minaire de qualit\u00e9<\/h2>\n\t\t\t\t\t\t\t\t\t\t\t\t\t\t\t\t\t\t<h3 class=\"text-white fs-18 fs-lg-20 fs-xl-28 text-original-case\">\u00c0 une heure de Paris, cette capitale r\u00e9gionale pas comme les autres est embl\u00e9matique de l\u2019Histoire de France avec de nombreux atouts \u00e0 faire valoir<\/h3>\n\t\t\t\t\t\t\t\t\t\t\t\t\t\t\t\t\t\t<div class=\"fs-wysiwyg mb-4 fs-lg-16 fs-xl-20\"><p>Conjuguant depuis des si\u00e8cles beaut\u00e9 du patrimoine architectural, nature omnipr\u00e9sente et douceur de vivre, elle vous garantit un s\u00e9minaire de qualit\u00e9, dont tous vos collaborateurs se souviendront.<\/p>\n<\/div>\n\t\t\t\t\t\t\t\t\t\t\t\t\t\t\t\t\t\t\t\t\t\t\t\t<p class=\"m-0\"><img decoding=\"async\" src=\"https:\/\/myallmeeting.com\/wp-content\/uploads\/2023\/08\/aja_p_1936-01__original-633x398.jpeg\" class=\"position-relative l-0\" width=\"633\" height=\"398\" alt=\"\" loading=\"lazy\" \/><\/p>\n\t\t\t\t\t\t\t\t\t\t\t<\/div>\n\t\t\t\t<\/div>\n\t\t\t<\/div>\n\t\t<\/div>\n\t<\/div>\n\t<div class=\"tcta2ia__bottom d-lg-none pb-12 py-lg-9 pe-lg-10\">\n\t\t\t\t<div class=\"h2 fs-20 fs-lg-32 fw-semibold\">Situ\u00e9e \u00e0 deux pas des ch\u00e2teaux de la Loire<\/div>\n\t\t\t\t\t\t<div class=\"fs-wysiwyg\"><p>Orl\u00e9ans offre un s\u00e9duisant voyage \u00e0 remonter le temps, avec son impressionnante cath\u00e9drale, ses rues pav\u00e9es qui virent passer la fine fleur de nos rois de France et bien s\u00fbr Jeanne d\u2019Arc, lib\u00e9ratrice et h\u00e9ro\u00efne de la ville. <strong>La nature est aussi l\u2019ADN de cette cit\u00e9 verte et douce \u00e0 vivre<\/strong>. Bord\u00e9e par la Loire, fleuve mythique, aux confins de la Sologne, de la Beauce et de la plus vaste for\u00eat domaniale de France, <strong>c\u2019est une ville-jardin et le berceau de l\u2019horticulture<\/strong>.<\/p>\n<p>Mais pas question pour la belle Lig\u00e9rienne de \u00ab\u00a0se reposer sur ses lauriers\u00a0\u00bb\u00a0! Sur ce territoire dynamique sont concentr\u00e9s <strong>des p\u00f4les d\u2019excellence\u00a0o\u00f9 industrie et recherche scientifique vont de pair.<\/strong> Pour organiser r\u00e9unions d\u2019affaires, s\u00e9minaires ou congr\u00e8s, les possibilit\u00e9s sont vari\u00e9es et qualitatives, notamment un centre de conf\u00e9rences en plein centre-ville. <strong>Si vous \u00eates en qu\u00eate d\u2019insolite, le mus\u00e9e des Beaux-Arts et la Serre du Jardin des Plantes vous ouvriront volontiers leurs portes\u2026<\/strong><\/p>\n<\/div>\n\t\t\t\t<div class=\"d-flex flex-column flex-lg-row align-items-center gap-5 gap-lg-8 justify-content-between\">\n\t\t\t<div class=\"fs-20 fs-lg-26 fw-semibold lh-xs\"><\/div>\n\t\t\t\t\t<\/div>\n\t<\/div>\n<\/div>\n<!-- END OF : Composant : block-periscope-theme-section-composant-25-texte-cta-2-images.php -->\n\n\n<!-- START OF : Composant : block-periscope-theme-section-composant-26-textes-slider-cta.php -->\n<div class=\"t3icta bg-white pb-12 mb-9 fs-wysiwyg\" data-component=\"26-textes-3-images-cta\">\n\t<div class=\"t3icta__top position-relative\">\n\t\t<div class=\"container-fluid\" style=\"--bs-gutter-x: 0\">\n\t\t\t<div class=\"row\" style=\"--bs-gutter-x: 0\">\n\t\t\t\t\t\t\t\t<div class=\"col-lg-6\">\n\t\t\t\t\t<div class=\"t3icta__slider\">\n\t\t\t\t\t\t<div class=\"splide\">\n\t\t\t\t\t\t\t<div class=\"splide__track\">\n\t\t\t\t\t\t\t\t<div class=\"splide__list\">\n\t\t\t\t\t\t\t\t\t\t\t\t\t\t\t\t\t\t\t<div class=\"splide__slide\">\n\t\t\t\t\t\t\t\t\t\t\t<img decoding=\"async\" src=\"https:\/\/myallmeeting.com\/wp-content\/uploads\/2023\/08\/aja_p_2175-18__original-1-953x600.jpeg\" width=\"953\" height=\"600\" alt=\"\" loading=\"lazy\" \/>\n\t\t\t\t\t\t\t\t\t\t<\/div>\n\t\t\t\t\t\t\t\t\t\t\t\t\t\t\t\t\t\n\t\t\t\t\t\t\t\t<\/div>\n\t\t\t\t\t\t\t<\/div>\n\t\t\t\t\t\t\t<div class=\"splide__arrows d-none d-lg-block\">\n\t\t\t\t\t\t\t\t<button class=\"splide__arrow splide__arrow--prev px-lg-3 py-lg-4 px-xl-4 py-xl-5 px-xxl-5 py-xxl-7 position-absolute l-0 bg-white border-0\">\n\t\t\t\t\t\t\t\t\t<svg width=\"14\" height=\"27\" aria-hidden=\"true\">\n\t\t\t\t\t\t\t\t\t\t<use xlink:href=\"https:\/\/myallmeeting.com\/wp-content\/themes\/accor\/assets\/images\/sprite.svg#slider-prev\"><\/use>\n\t\t\t\t\t\t\t\t\t<\/svg>\n\t\t\t\t\t\t\t\t<\/button>\n\t\t\t\t\t\t\t\t<button class=\"splide__arrow splide__arrow--next px-lg-3 py-lg-4 px-xl-4 py-xl-5 px-xxl-5 py-xxl-7 position-absolute r-0 bg-white border-0\">\n\t\t\t\t\t\t\t\t\t<svg width=\"14\" height=\"27\" aria-hidden=\"true\">\n\t\t\t\t\t\t\t\t\t\t<use xlink:href=\"https:\/\/myallmeeting.com\/wp-content\/themes\/accor\/assets\/images\/sprite.svg#slider-prev\"><\/use>\n\t\t\t\t\t\t\t\t\t<\/svg>\n\t\t\t\t\t\t\t\t<\/button>\n\t\t\t\t\t\t\t<\/div>\n\t\t\t\t\t\t<\/div>\n\t\t\t\t\t<\/div>\n\t\t\t\t<\/div>\n\t\t\t\t\t\t\t\t<div class=\"col-lg-6\">\n\t\t\t\t\t<div class=\"t3icta__top_right mb-lg-14 px-2 py-9 px-lg-11 py-lg-0\">\n\t\t\t\t\t\t\t\n\t\t\t\t\t\t<h2 class=\"fs-20 fs-lg-23 fs-xl-27 fs-xxl-30 fw-semibold\">Accessibilit\u00e9<\/h2>\n\t\t\t\t\t\t\t\t\t\t\t\t\t\n\t\t\t\t\t\t<div class=\"fs-wysiwyg\">\n\t\t\t\t\t\t\t<p><strong>Orl\u00e9ans offre d\u2019ind\u00e9niables facilit\u00e9s d\u2019acc\u00e8s aux visiteurs<\/strong>. Capitale r\u00e9gionale la plus proche de Paris, elle n\u2019est qu\u2019\u00e0 une heure en train (Intercit\u00e9s ou TER). Situ\u00e9e au carrefour de trois autoroutes (A10, A71, A19), elle permet de rallier l\u2019a\u00e9roport de Paris-Orly en 90 minutes.<\/p>\n<p>Une fois sur place, le centre-ville offrant toutes les facilit\u00e9s, <strong>les d\u00e9placements se font \u00e0 pied, en tram ou \u00e0 v\u00e9lo<\/strong>. Histoire de mettre la p\u00e9dale douce et de profiter de la s\u00e9r\u00e9nit\u00e9 du site !<\/p>\n\t\t\t\t\t\t<\/div>\n\t\t\t\t\t\t\t\t\t\t\t<\/div>\n\t\t\t\t<\/div>\n\t\t\t<\/div>\n\t\t<\/div>\n\t<\/div>\n\t<div class=\"t3icta__bottom bg-beige\">\n\t\t<div class=\"container-fluid\" style=\"--bs-gutter-x: 0\">\n\t\t\t<div class=\"row\" style=\"--bs-gutter-x: 0\">\n\t\t\t\t<div class=\"col-lg-5 offset-lg-1\">\n\t\t\t\t\t<div class=\"t3icta__bottom__left\">\n\t\t\t\t\t\t\t\t\t\t\t\t<img decoding=\"async\" src=\"https:\/\/myallmeeting.com\/wp-content\/uploads\/2023\/08\/aja_p_2175-20__original-633x398.jpeg\" class=\"w-100 d-lg-none\" width=\"633\" height=\"398\" alt=\"\" loading=\"lazy\" \/> <!-- Ce sont les 2 m\u00eames images : ID 0 -->\n\t\t\t\t\t\t\t\t\t\t\t\t<div class=\"px-2 py-9 px-lg-0 py-lg-0\">\n\t\t\t\t\t\t\t\t\n\t\t\t\t\t\t\t<h2 class=\"fs-20 fs-lg-23 fs-xl-27 fs-xxl-30 fw-semibold\">Le r\u00e9seau Accor \u00e0 Orl\u00e9ans<\/h2>\n\t\t\t\t\t\t\t\t\t\t\t\t\t\t\t\n\t\t\t\t\t\t\t<div class=\"fs-wysiwyg mb-lg-15\">\n\t\t\t\t\t\t\t\t<p>Deux cat\u00e9gories d\u2019h\u00f4tels vous sont propos\u00e9es afin de r\u00e9pondre \u00e0 vos attentes et fournir \u00e0 votre \u00e9v\u00e9nement un cadre sur mesure. <strong>Parmi les \u00e9tablissements \u00ab midscale \u00bb<\/strong> : 3 h\u00f4tels Novotel, 2 Mercure, 1 Adagio. Si vous <strong>pr\u00e9f\u00e9rez un mode \u00ab \u00c9co \u00bb<\/strong> : 3 h\u00f4tels ibis, 1 ibis Styles, et 2 ibis Budget.<\/p>\n<p>En plein centre historique, \u00e0 proximit\u00e9 imm\u00e9diate de la cath\u00e9drale et de la gare, ou situ\u00e9s \u00e0 une dizaine de minutes sur la route des ch\u00e2teaux : vous avez aussi le choix de l\u2019emplacement !<\/p>\n\t\t\t\t\t\t\t<\/div>\n\t\t\t\t\t\t\t\t\t\t\t\t\t<\/div>\n\t\t\t\t\t\t\t\t\t\t\t\t<div class=\"t3icta__bottom__img1 d-none d-lg-block text-end ms-lg-auto\">\n\t\t\t\t\t\t\t<img decoding=\"async\" src=\"https:\/\/myallmeeting.com\/wp-content\/uploads\/2023\/08\/aja_p_2175-20__original-633x398.jpeg\" width=\"633\" height=\"398\" alt=\"\" loading=\"lazy\" \/> <!-- Ce sont les 2 m\u00eames images : ID 1 -->\n\t\t\t\t\t\t<\/div>\n\t\t\t\t\t\t\t\t\t\t\t<\/div>\n\t\t\t\t<\/div>\n\t\t\t\t<div class=\"col-lg-5\">\n\t\t\t\t\t<div class=\"ps-lg-10\">\n\t\t\t\t\t\t\t\t\t\t\t\t<img decoding=\"async\" src=\"https:\/\/myallmeeting.com\/wp-content\/uploads\/2023\/08\/aja_p_6930-06__original-633x398.jpeg\" class=\"t3icta__bottom__img0 position-relative d-none d-lg-block mb-15\" width=\"633\" height=\"398\" alt=\"\" loading=\"lazy\" \/> <!-- Ce sont les 2 m\u00eames images : ID 0 -->\n\t\t\t\t\t\t\t\t\t\t\t\t<div class=\"px-2 px-lg-0 mb-9\">\n\t\t\t\t\t\t\t\t\n\t\t\t\t\t\t\t<h2 class=\"fs-20 fs-lg-23 fs-xl-27 fs-xxl-30 fw-semibold\">Id\u00e9es d\u2019incentives \u00e0 Orl\u00e9ans<\/h2>\n\t\t\t\t\t\t\t\t\t\t\t\t\t\t\t\t\t\t\t\t\t<div class=\"fs-wysiwyg\">\n\t\t\t\t\t\t\t\t<p><strong>Pour faire profiter vos \u00e9quipes de tous les tr\u00e9sors d\u2019Orl\u00e9ans<\/strong>,\u00a0les activit\u00e9s ne manquent pas.<\/p>\n<p>La vieille ville et les quais de Loire se pr\u00eatent \u00e0 merveille aux visites, en mode v\u00e9lo ou gyroway, l\u2019occasion de partager\u00a0<strong>une balade d\u00e9tente riche en d\u00e9couvertes<\/strong>.<\/p>\n<p>Vous pouvez aussi convier vos collaborateurs \u00e0 larguer les amarres, en montant \u00e0 bord d\u2019un bateau-lavoir.\u00a0<strong>Au programme, d\u00eener-concert ou soir\u00e9e casino au fil de l\u2019eau pour un moment convivial et inspirant<\/strong>.<\/p>\n<p>En for\u00eat, l\u2019ambiance sera \u00e0 la m\u00e9ditation et \u00e0 la pause bien-\u00eatre de vos \u00e9quipes\u00a0<strong>gr\u00e2ce \u00e0 une s\u00e9ance de sylvoth\u00e9rapie.<\/strong>\u00a0Rien de tel pour se ressourcer, se reconnecter \u00e0 ses sens et revenir au bureau 100% zen\u00a0!<\/p>\n\t\t\t\t\t\t\t<\/div>\n\t\t\t\t\t\t\t\t\t\t\t\t\t<\/div>\n\t\t\t\t\t\t\t\t\t\t\t\t<div class=\"t3icta__bottom__img1 d-lg-none mx-auto\">\n\t\t\t\t\t\t\t<img decoding=\"async\" src=\"https:\/\/myallmeeting.com\/wp-content\/uploads\/2023\/08\/aja_p_6930-06__original-633x398.jpeg\" width=\"633\" height=\"398\" alt=\"\" loading=\"lazy\" \/> <!-- Ce sont les 2 m\u00eames images : ID 1 -->\n\t\t\t\t\t\t<\/div>\n\t\t\t\t\t\t\t\t\t\t\t<\/div>\n\t\t\t\t<\/div>\n\t\t\t<\/div>\n\t\t<\/div>\n\t<\/div>\n\t<\/div>\n<!-- END OF : Composant : block-periscope-theme-section-composant-26-textes-slider-cta.php -->\n","protected":false},"excerpt":{"rendered":"<p>Venez d\u00e9couvrir la ville d\u2019Orl\u00e9ans pour vos prochains \u00e9v\u00e8nements professionnels. \u00c0 une heure de Paris.<\/p>\n","protected":false},"featured_media":13404599,"menu_order":0,"template":"","ville":[],"periscope_lieu_tax":[],"class_list":["post-15227017","desti","type-desti","status-publish","has-post-thumbnail","hentry"],"acf":[],"yoast_head":"<title>Orl\u00e9ans : haut-lieu de l\u2019Histoire de France pour un s\u00e9minaire de qualit\u00e9 - Accor MyAllMeeting.com<\/title>\n<meta name=\"robots\" content=\"index, follow, max-snippet:-1, max-image-preview:large, max-video-preview:-1\" \/>\n<link rel=\"canonical\" href=\"https:\/\/myallmeeting.com\/fr\/wp-json\/wp\/v2\/desti\/15227017\" \/>\n<meta property=\"og:locale\" content=\"fr_FR\" \/>\n<meta property=\"og:type\" content=\"article\" \/>\n<meta property=\"og:title\" content=\"Orl\u00e9ans : haut-lieu de l\u2019Histoire de France pour un s\u00e9minaire de qualit\u00e9 - Accor MyAllMeeting.com\" \/>\n<meta property=\"og:description\" content=\"Venez d\u00e9couvrir la ville d\u2019Orl\u00e9ans pour vos prochains \u00e9v\u00e8nements professionnels. \u00c0 une heure de Paris.\" \/>\n<meta property=\"og:url\" content=\"https:\/\/myallmeeting.com\/fr\/destination\/orleans-haut-lieu-de-lhistoire-de-france-pour-un-seminaire-de-qualite\/\" \/>\n<meta property=\"og:site_name\" content=\"Accor MyAllMeeting.com\" \/>\n<meta property=\"article:modified_time\" content=\"2024-12-13T11:35:26+00:00\" \/>\n<meta property=\"og:image\" content=\"http:\/\/myallmeeting.com\/wp-content\/uploads\/2023\/08\/Desti-orleans-2-scaled.jpg\" \/>\n\t<meta property=\"og:image:width\" content=\"2560\" \/>\n\t<meta property=\"og:image:height\" content=\"1706\" \/>\n\t<meta property=\"og:image:type\" content=\"image\/jpeg\" \/>\n<meta name=\"twitter:card\" content=\"summary_large_image\" \/>\n<meta name=\"twitter:label1\" content=\"Dur\u00e9e de lecture estim\u00e9e\" \/>\n\t<meta name=\"twitter:data1\" content=\"4 minutes\" \/>\n<script type=\"application\/ld+json\" class=\"yoast-schema-graph\">{\"@context\":\"https:\/\/schema.org\",\"@graph\":[{\"@type\":\"WebPage\",\"@id\":\"https:\/\/myallmeeting.com\/fr\/destination\/orleans-haut-lieu-de-lhistoire-de-france-pour-un-seminaire-de-qualite\/\",\"url\":\"https:\/\/myallmeeting.com\/fr\/destination\/orleans-haut-lieu-de-lhistoire-de-france-pour-un-seminaire-de-qualite\/\",\"name\":\"Orl\u00e9ans : haut-lieu de l\u2019Histoire de France pour un s\u00e9minaire de qualit\u00e9 - Accor MyAllMeeting.com\",\"isPartOf\":{\"@id\":\"https:\/\/www.myallmeeting.com\/fr\/#website\"},\"primaryImageOfPage\":{\"@id\":\"https:\/\/myallmeeting.com\/fr\/destination\/orleans-haut-lieu-de-lhistoire-de-france-pour-un-seminaire-de-qualite\/#primaryimage\"},\"image\":{\"@id\":\"https:\/\/myallmeeting.com\/fr\/destination\/orleans-haut-lieu-de-lhistoire-de-france-pour-un-seminaire-de-qualite\/#primaryimage\"},\"thumbnailUrl\":\"https:\/\/myallmeeting.com\/wp-content\/uploads\/2023\/08\/Desti-orleans-2-scaled.jpg\",\"datePublished\":\"2023-08-24T12:36:20+00:00\",\"dateModified\":\"2024-12-13T11:35:26+00:00\",\"breadcrumb\":{\"@id\":\"https:\/\/myallmeeting.com\/fr\/destination\/orleans-haut-lieu-de-lhistoire-de-france-pour-un-seminaire-de-qualite\/#breadcrumb\"},\"inLanguage\":\"fr-FR\",\"potentialAction\":[{\"@type\":\"ReadAction\",\"target\":[\"https:\/\/myallmeeting.com\/fr\/destination\/orleans-haut-lieu-de-lhistoire-de-france-pour-un-seminaire-de-qualite\/\"]}]},{\"@type\":\"ImageObject\",\"inLanguage\":\"fr-FR\",\"@id\":\"https:\/\/myallmeeting.com\/fr\/destination\/orleans-haut-lieu-de-lhistoire-de-france-pour-un-seminaire-de-qualite\/#primaryimage\",\"url\":\"https:\/\/myallmeeting.com\/wp-content\/uploads\/2023\/08\/Desti-orleans-2-scaled.jpg\",\"contentUrl\":\"https:\/\/myallmeeting.com\/wp-content\/uploads\/2023\/08\/Desti-orleans-2-scaled.jpg\",\"width\":2560,\"height\":1706,\"caption\":\"Visuel Destination Orl\u00e9ans\"},{\"@type\":\"BreadcrumbList\",\"@id\":\"https:\/\/myallmeeting.com\/fr\/destination\/orleans-haut-lieu-de-lhistoire-de-france-pour-un-seminaire-de-qualite\/#breadcrumb\",\"itemListElement\":[{\"@type\":\"ListItem\",\"position\":1,\"name\":\"Accueil\",\"item\":\"https:\/\/myallmeeting.com\/fr\/\"},{\"@type\":\"ListItem\",\"position\":2,\"name\":\"Destination\",\"item\":\"https:\/\/myallmeeting.com\/fr\/destination\/\"},{\"@type\":\"ListItem\",\"position\":3,\"name\":\"Orl\u00e9ans : haut-lieu de l\u2019Histoire de France pour un s\u00e9minaire de qualit\u00e9\"}]},{\"@type\":\"WebSite\",\"@id\":\"https:\/\/www.myallmeeting.com\/fr\/#website\",\"url\":\"https:\/\/www.myallmeeting.com\/fr\/\",\"name\":\"Accor MyAllMeeting.com\",\"description\":\"Les Meilleurs lieux pour vos Ev\u00e9nements Professionnels\",\"publisher\":{\"@id\":\"https:\/\/www.myallmeeting.com\/fr\/#organization\"},\"potentialAction\":[{\"@type\":\"SearchAction\",\"target\":{\"@type\":\"EntryPoint\",\"urlTemplate\":\"https:\/\/www.myallmeeting.com\/fr\/?s={search_term_string}\"},\"query-input\":{\"@type\":\"PropertyValueSpecification\",\"valueRequired\":true,\"valueName\":\"search_term_string\"}}],\"inLanguage\":\"fr-FR\"},{\"@type\":\"Organization\",\"@id\":\"https:\/\/www.myallmeeting.com\/fr\/#organization\",\"name\":\"ACCOR\",\"url\":\"https:\/\/www.myallmeeting.com\/fr\/\",\"logo\":{\"@type\":\"ImageObject\",\"inLanguage\":\"fr-FR\",\"@id\":\"https:\/\/www.myallmeeting.com\/fr\/#\/schema\/logo\/image\/\",\"url\":\"\",\"contentUrl\":\"\",\"caption\":\"ACCOR\"},\"image\":{\"@id\":\"https:\/\/www.myallmeeting.com\/fr\/#\/schema\/logo\/image\/\"}}]}<\/script>","yoast_head_json":{"title":"Orl\u00e9ans : haut-lieu de l\u2019Histoire de France pour un s\u00e9minaire de qualit\u00e9 - Accor MyAllMeeting.com","robots":{"index":"index","follow":"follow","max-snippet":"max-snippet:-1","max-image-preview":"max-image-preview:large","max-video-preview":"max-video-preview:-1"},"canonical":"https:\/\/myallmeeting.com\/fr\/wp-json\/wp\/v2\/desti\/15227017","og_locale":"fr_FR","og_type":"article","og_title":"Orl\u00e9ans : haut-lieu de l\u2019Histoire de France pour un s\u00e9minaire de qualit\u00e9 - Accor MyAllMeeting.com","og_description":"Venez d\u00e9couvrir la ville d\u2019Orl\u00e9ans pour vos prochains \u00e9v\u00e8nements professionnels. \u00c0 une heure de Paris.","og_url":"https:\/\/myallmeeting.com\/fr\/destination\/orleans-haut-lieu-de-lhistoire-de-france-pour-un-seminaire-de-qualite\/","og_site_name":"Accor MyAllMeeting.com","article_modified_time":"2024-12-13T11:35:26+00:00","og_image":[{"width":2560,"height":1706,"url":"http:\/\/myallmeeting.com\/wp-content\/uploads\/2023\/08\/Desti-orleans-2-scaled.jpg","type":"image\/jpeg"}],"twitter_card":"summary_large_image","twitter_misc":{"Dur\u00e9e de lecture estim\u00e9e":"4 minutes"},"schema":{"@context":"https:\/\/schema.org","@graph":[{"@type":"WebPage","@id":"https:\/\/myallmeeting.com\/fr\/destination\/orleans-haut-lieu-de-lhistoire-de-france-pour-un-seminaire-de-qualite\/","url":"https:\/\/myallmeeting.com\/fr\/destination\/orleans-haut-lieu-de-lhistoire-de-france-pour-un-seminaire-de-qualite\/","name":"Orl\u00e9ans : haut-lieu de l\u2019Histoire de France pour un s\u00e9minaire de qualit\u00e9 - Accor MyAllMeeting.com","isPartOf":{"@id":"https:\/\/www.myallmeeting.com\/fr\/#website"},"primaryImageOfPage":{"@id":"https:\/\/myallmeeting.com\/fr\/destination\/orleans-haut-lieu-de-lhistoire-de-france-pour-un-seminaire-de-qualite\/#primaryimage"},"image":{"@id":"https:\/\/myallmeeting.com\/fr\/destination\/orleans-haut-lieu-de-lhistoire-de-france-pour-un-seminaire-de-qualite\/#primaryimage"},"thumbnailUrl":"https:\/\/myallmeeting.com\/wp-content\/uploads\/2023\/08\/Desti-orleans-2-scaled.jpg","datePublished":"2023-08-24T12:36:20+00:00","dateModified":"2024-12-13T11:35:26+00:00","breadcrumb":{"@id":"https:\/\/myallmeeting.com\/fr\/destination\/orleans-haut-lieu-de-lhistoire-de-france-pour-un-seminaire-de-qualite\/#breadcrumb"},"inLanguage":"fr-FR","potentialAction":[{"@type":"ReadAction","target":["https:\/\/myallmeeting.com\/fr\/destination\/orleans-haut-lieu-de-lhistoire-de-france-pour-un-seminaire-de-qualite\/"]}]},{"@type":"ImageObject","inLanguage":"fr-FR","@id":"https:\/\/myallmeeting.com\/fr\/destination\/orleans-haut-lieu-de-lhistoire-de-france-pour-un-seminaire-de-qualite\/#primaryimage","url":"https:\/\/myallmeeting.com\/wp-content\/uploads\/2023\/08\/Desti-orleans-2-scaled.jpg","contentUrl":"https:\/\/myallmeeting.com\/wp-content\/uploads\/2023\/08\/Desti-orleans-2-scaled.jpg","width":2560,"height":1706,"caption":"Visuel Destination Orl\u00e9ans"},{"@type":"BreadcrumbList","@id":"https:\/\/myallmeeting.com\/fr\/destination\/orleans-haut-lieu-de-lhistoire-de-france-pour-un-seminaire-de-qualite\/#breadcrumb","itemListElement":[{"@type":"ListItem","position":1,"name":"Accueil","item":"https:\/\/myallmeeting.com\/fr\/"},{"@type":"ListItem","position":2,"name":"Destination","item":"https:\/\/myallmeeting.com\/fr\/destination\/"},{"@type":"ListItem","position":3,"name":"Orl\u00e9ans : haut-lieu de l\u2019Histoire de France pour un s\u00e9minaire de qualit\u00e9"}]},{"@type":"WebSite","@id":"https:\/\/www.myallmeeting.com\/fr\/#website","url":"https:\/\/www.myallmeeting.com\/fr\/","name":"Accor MyAllMeeting.com","description":"Les Meilleurs lieux pour vos Ev\u00e9nements Professionnels","publisher":{"@id":"https:\/\/www.myallmeeting.com\/fr\/#organization"},"potentialAction":[{"@type":"SearchAction","target":{"@type":"EntryPoint","urlTemplate":"https:\/\/www.myallmeeting.com\/fr\/?s={search_term_string}"},"query-input":{"@type":"PropertyValueSpecification","valueRequired":true,"valueName":"search_term_string"}}],"inLanguage":"fr-FR"},{"@type":"Organization","@id":"https:\/\/www.myallmeeting.com\/fr\/#organization","name":"ACCOR","url":"https:\/\/www.myallmeeting.com\/fr\/","logo":{"@type":"ImageObject","inLanguage":"fr-FR","@id":"https:\/\/www.myallmeeting.com\/fr\/#\/schema\/logo\/image\/","url":"","contentUrl":"","caption":"ACCOR"},"image":{"@id":"https:\/\/www.myallmeeting.com\/fr\/#\/schema\/logo\/image\/"}}]}},"_links":{"self":[{"href":"https:\/\/myallmeeting.com\/fr\/wp-json\/wp\/v2\/desti\/15227017","targetHints":{"allow":["GET"]}}],"collection":[{"href":"https:\/\/myallmeeting.com\/fr\/wp-json\/wp\/v2\/desti"}],"about":[{"href":"https:\/\/myallmeeting.com\/fr\/wp-json\/wp\/v2\/types\/desti"}],"wp:featuredmedia":[{"embeddable":true,"href":"https:\/\/myallmeeting.com\/fr\/wp-json\/wp\/v2\/media\/13404599"}],"wp:attachment":[{"href":"https:\/\/myallmeeting.com\/fr\/wp-json\/wp\/v2\/media?parent=15227017"}],"wp:term":[{"taxonomy":"ville","embeddable":true,"href":"https:\/\/myallmeeting.com\/fr\/wp-json\/wp\/v2\/ville?post=15227017"},{"taxonomy":"periscope_lieu_tax","embeddable":true,"href":"https:\/\/myallmeeting.com\/fr\/wp-json\/wp\/v2\/periscope_lieu_tax?post=15227017"}],"curies":[{"name":"wp","href":"https:\/\/api.w.org\/{rel}","templated":true}]}}