{"id":3851,"date":"2016-03-16T13:50:34","date_gmt":"2016-03-16T12:50:34","guid":{"rendered":"https:\/\/myallmeeting.com\/?page_id=3851"},"modified":"2025-10-28T10:17:33","modified_gmt":"2025-10-28T09:17:33","slug":"hebergement-de-groupes-professionnels-a-paris","status":"publish","type":"page","link":"https:\/\/myallmeeting.com\/es\/hebergement-de-groupes-professionnels-a-paris\/","title":{"rendered":"Votre h\u00e9bergement de groupes professionnels \u00e0 Paris"},"content":{"rendered":"<!-- START OF : Composant : block-periscope-theme-section-composant-30-texte-image-citation.php -->\n<div class=\"tic position-relative fs-wysiwyg pt-9 mb-5 mb-lg-22\" data-component=\"30-texte-image-citation\">\n\t<div class=\"container-fluid\" style=\"--bs-gutter-x: 0\">\n\t\t<div class=\"row\" style=\"--bs-gutter-x: 0\">\n\t\t\t<div class=\"col-lg-6 offset-lg-1\"> \n\t\t\t\t<div class=\"tic__top__img position-relative me-2 me-lg-0\">\n\t\t\t\t\t\t\t\t\t\t<img decoding=\"async\" src=\"https:\/\/myallmeeting.com\/wp-content\/uploads\/2025\/10\/Untitled-design-63-3-932x645.png\" alt=\"\" width=\"932\" height=\"562\" loading=\"lazy\" class=\"w-100\" \/>\n\t\t\t\t\t\t\t\t\t\t<div class=\"position-absolute text-white z-1 text-center t-0 l-0 w-100 p-4 pt-lg-8 pe-lg-20\">\n\t\t\t\t\t\t\t\t\t\t\t\t\t\t\t\t\t<\/div>\n\t\t\t\t<\/div>\n\t\t\t<\/div>\n\t\t\t<div class=\"col-lg-4\">\n\t\t\t\t<div class=\"tic__content position-relative bg-white pt-2 pb-0 px-2 py-lg-7 py-xl-9 px-lg-5 px-xl-10 pt-lg-9\">\n\t\t\t\t\t\t\t\t\t\t\t\t\t\t\t<div class=\"tic__content__titre unna fs-32 fs-xl-60 text-primary lh-xs mb-2 mb-lg-3 mb-xl-5\">Paris, la capitale id\u00e9ale pour vos h\u00e9bergements de groupe <\/div>\n\t\t\t\t\t\t\t\t\t\t\t\t\t\t\t<div class=\"fs-lg-13 fs-xl-18 mb-4 mb-xl-7 lh-sm\"><p>Accueillir un groupe \u00e0 Paris, c\u2019est b\u00e9n\u00e9ficier d\u2019une offre d\u2019h\u00e9bergement vari\u00e9e et de qualit\u00e9, gr\u00e2ce au r\u00e9seau d\u2019h\u00f4tels Accor. Que ce soit pour un groupe professionnel, un voyage d\u2019affaires ou un \u00e9v\u00e9nement corporatif, nos \u00e9tablissements proposent des solutions adapt\u00e9es \u00e0 chaque besoin et \u00e0 chaque budget, dans des quartiers embl\u00e9matiques comme Montmartre, le Quartier Latin ou les Champs-\u00c9lys\u00e9es.<\/p>\n<\/div>\n\t\t\t\t\t\t\t\t\t\t\t\t\t\t<\/div>\n\t\t\t<\/div>\n\t\t<\/div>\n\t<\/div>\n\t<div class=\"tic__blank bg-white pt-8 pt-lg-0\">\t\t\n\t\t<div class=\"container-fluid\" style=\"--bs-gutter-x: 0\">\n\t\t\t<div class=\"row\" style=\"--bs-gutter-x: 0\">\n\t\t\t\t<div class=\"col-lg-6\">\n\t\t\t\t\t<div class=\"tic__bottom position-relative bg-primary text-secondary pt-4 pb-5\">\n\t\t\t\t\t\t<div class=\"d-flex gap-1 gap-md-4\">\n\t\t\t\t\t\t\t<div class=\"tic__bottom__imgs d-flex flex-shrink-0 align-items-center\">\n\t\t\t\t\t\t\t\t\t\t\t\t\t\t\t\t<img decoding=\"async\" src=\"https:\/\/myallmeeting.com\/wp-content\/uploads\/2025\/10\/Untitled-design-64-4.png\" class=\"tic__bottom__img tic__bottom__img--1 of-cover rounded-3 opacity-50\" alt=\"\" width=\"192\" height=\"346\" loading=\"lazy\" \/>\n\t\t\t\t\t\t\t\t\t\t\t\t\t\t\t\t\t\t\t\t\t\t\t\t<img decoding=\"async\" src=\"https:\/\/myallmeeting.com\/wp-content\/uploads\/2025\/10\/Untitled-design-65-4.png\" class=\"tic__bottom__img tic__bottom__img--2 of-cover rounded-3 z-1\" alt=\"\" width=\"192\" height=\"346\" loading=\"lazy\" \/>\n\t\t\t\t\t\t\t\t\t\t\t\t\t\t\t<\/div>\n\t\t\t\t\t\t\t<div class=\"tic__bottom__quote text-secondary lh-xs\">\n\t\t\t\t\t\t\t\t\t\t\t\t\t\t\t\t<div class=\"unna fs-18 fs-lg-19 fs-xl-30 mb-2 mb-xl-3\">Des lieux embl\u00e9matiques pour des \u00e9changes productifs<\/div>\n\t\t\t\t\t\t\t\t\t\t\t\t\t\t\t\t\t\t\t\t\t\t\t\t\t\t\t\t\t\t\t<\/div>\n\t\t\t\t\t\t<\/div>\n\t\t\t\t\t\t\t\t\t\t\t<\/div>\n\t\t\t\t<\/div>\n\t\t\t<\/div>\n\t\t<\/div>\n\t<\/div>\n<\/div>\n<!-- END OF : Composant : block-periscope-theme-section-composant-30-texte-image-citation.php -->\n\n\n<!-- START OF : Composant : block-periscope-theme-section-composant-31-bloc-image-cta.php -->\n\t<div class=\"icta position-relative fs-wysiwyg icta--reverse\" data-component=\"31-bloc-image-cta\" data-reverse=\"oui\">\n\t\t<div class=\"container-fluid\">\n\t\t\t<div class=\"row\">\n\t\t\t\t<div class=\"col-lg-5 offset-lg-1 d-lg-flex\"> \n\t\t\t\t\t<div class=\"icta__content position-relative bg-white pt-2 pb-2 px-2 pb-lg-0 pt-lg-7 pt-xl-9 px-lg-7 px-xl-10 mt-lg-9 z-1\">\n\t\t\t\t\t\t\t\t\t\t\t\t\t\t\t\t\t\t<div class=\"unna fs-32 fs-lg-39 fs-xl-60 text-primary lh-xs mb-2 mb-xl-5\">Des h\u00f4tels strat\u00e9giquement situ\u00e9s pour un s\u00e9jour optimal<\/div>\n\t\t\t\t\t\t\t\t\t\t\t\t\t\t\t\t\t\t\t<div class=\"fs-lg-15 fs-xl-18 lh-sm \"><p>Nos h\u00f4tels Accor \u00e0 Paris sont r\u00e9partis dans des quartiers cl\u00e9s, offrant un acc\u00e8s facile aux transports en commun, aux sites touristiques et aux lieux d\u2019affaires.<\/p>\n<p>Logez vos \u00e9quipes pr\u00e8s de la Gare Montparnasse pour un acc\u00e8s direct aux trains grande vitesse, ou dans le quartier de Bercy pour profiter de la proximit\u00e9 avec le Palais Omnisports. Chaque h\u00e9bergement est con\u00e7u pour garantir confort, praticit\u00e9 et services sur mesure, avec des espaces d\u00e9di\u00e9s aux groupes et des tarifs n\u00e9goci\u00e9s.<\/p>\n<\/div>\n\t\t\t\t\t\t\t\t\t\t\t\t\t\t\t\t\t<\/div>\n\t\t\t\t<\/div>\n\t\t\t\t\t\t\t\t<div class=\"col-lg-5 order-first order-lg-last\">\n\t\t\t\t\t<div class=\"icta__top__img h-100 position-relative me-2 me-lg-0\">\n\t\t\t\t\t\t<img decoding=\"async\" src=\"https:\/\/myallmeeting.com\/wp-content\/uploads\/2025\/10\/Untitled-design-70-4-932x645.png\" alt=\"\" width=\"932\" height=\"562\" loading=\"lazy\" \/>\n\t\t\t\t\t\t<div class=\"position-absolute text-white z-1 text-center t-0 l-0 w-100 pt-4 pt-lg-8\">\n\t\t\t\t\t\t\t\t\t\t\t\t\t\t\t\t\t\t<\/div>\n\t\t\t\t\t<\/div>\n\t\t\t\t<\/div>\n\t\t\t\t\t\t\t<\/div>\n\t\t<\/div>\n\t<\/div>\n<!-- END OF : Composant : block-periscope-theme-section-composant-31-bloc-image-cta.php -->\n\n\n<!-- START OF : Composant : block-periscope-theme-section-composant-31-bloc-image-cta.php -->\n\t<div class=\"icta position-relative fs-wysiwyg\" data-component=\"31-bloc-image-cta\" data-reverse=\"non\">\n\t\t<div class=\"container-fluid\">\n\t\t\t<div class=\"row\">\n\t\t\t\t\t\t\t\t<div class=\"col-lg-6 offset-lg-1\"> \n\t\t\t\t\t<div class=\"icta__top__img h-100 position-relative me-2 me-lg-0\">\n\t\t\t\t\t\t<img decoding=\"async\" src=\"https:\/\/myallmeeting.com\/wp-content\/uploads\/2025\/10\/Untitled-design-74-932x645.png\" alt=\"\" width=\"932\" height=\"562\" loading=\"lazy\" \/>\n\t\t\t\t\t\t<div class=\"position-absolute text-white z-1 text-center t-0 l-0 w-100 pt-4 pt-lg-8\">\n\t\t\t\t\t\t\t\t\t\t\t\t\t\t\t\t\t\t<\/div>\n\t\t\t\t\t<\/div>\n\t\t\t\t<\/div>\n\t\t\t\t\t\t\t\t<div class=\"col-lg-4 d-lg-flex\">\n\t\t\t\t\t<div class=\"icta__content position-relative bg-white pt-2 pb-2 px-2 pb-lg-0 pt-lg-7 pt-xl-9 px-lg-7 px-xl-10 mt-lg-9\">\n\t\t\t\t\t\t\t\t\t\t\t\t\t\t\t\t\t\t<div class=\"unna fs-32 fs-lg-39 fs-xl-60 text-primary lh-xs mb-2 mb-xl-5\">Une r\u00e9servation simplifi\u00e9e avec My All Meeting<\/div>\n\t\t\t\t\t\t\t\t\t\t\t\t\t\t\t\t\t\t<div class=\"fs-lg-15 fs-xl-18 lh-sm \"><p>My All Meeting facilite la r\u00e9servation et la gestion des h\u00e9bergements de groupe \u00e0 Paris. B\u00e9n\u00e9ficiez de notre expertise pour organiser votre s\u00e9jour dans la capitale.<\/p>\n<p>Profitez d\u2019un accompagnement personnalis\u00e9 pour un s\u00e9jour sans souci, o\u00f9 chaque d\u00e9tail est pens\u00e9 pour r\u00e9pondre \u00e0 vos attentes et celles de vos invit\u00e9s.<\/p>\n<\/div>\n\t\t\t\t\t\t\t\t\t\t\t\t\t\t\t\t\t<\/div>\n\t\t\t\t<\/div>\n\t\t\t<\/div>\n\t\t<\/div>\n\t<\/div>\n<!-- END OF : Composant : block-periscope-theme-section-composant-31-bloc-image-cta.php -->\n\n\n<!-- START OF : Composant : block-periscope-theme-section-composant-05-moteur.php -->\n\n\n<input type=\"hidden\" id=\"search-engine.search_url\" value=\"https:\/\/myallmeeting.com\/es\/su-proyecto\/#search-engine\" \/>\n<input type=\"hidden\" id=\"search-engine.anchor\" value=\"search-engine\" \/>\n<input type=\"hidden\" id=\"search-engine.gmaps_token\" value=\"AIzaSyDB40FZ7x-OURCjwxt35ll3WogU24K_hyE\" \/>\n<input type=\"hidden\" id=\"search-engine.language_code\" value=\"es,en\" \/>\n<input type=\"hidden\" id=\"search-engine.language_code_2\" value=\"es\" \/>\n<input type=\"hidden\" id=\"search-engine.filter_ids\" value=\"B385,B625,B2U6,B1C3,B6S4,B5D8,B7S9,B2R6,B8G7,B8G5,B6W6,B8H6,B9H3,B2Q8,B9M1,C2L2,C0T4,C099,2192,B6F9,B431,B870,B8R1,0912,2897,A7L5,1803,2076,3197,7402,0697,0803,1401,0771,0923,1875,1937,9292,8643,2023,0900,1936,2189,1743,3577,5543,A013,0959,2953,1823,0863,3211,B4F3,A0X1,A7L6,5091,2597,4982,8189,2559,A5D5,A4A6,A8R1,A9V3,B045,B1P0,A6S7,0663,A064,9375,2789,9400,A0Y0,2816,8368,8984,8364,9104,1399,6786,6790,6988,6792,6793,6791,6789,2730,7308,0941,8282,8078,7976,7941,0751,9525,9586,A028,9733,2753,7952,9921,0934,0905,1978,5060,3086,2539,5010,1295,1296,0747,3546,1735,1834,4987,3239,0935,0785,7229,7326,1913,9734,9685,2217,8816,A025,7847,0903,9688,2053,0372,1598,1191,0981,1614,1131,2955,2175,0351,0373,5302,1400,0694,2012,5038,3267,3223,B8E8,3295\" \/>\n<input type=\"hidden\" id=\"search-engine.display_mode\" value=\"pre-filtered-button-only\" \/>\n\n<input type=\"hidden\" id=\"search-engine.aid\" value=\"\" \/>\n<input type=\"hidden\" id=\"search-engine.address\" value=\"\" \/>\n<input type=\"hidden\" id=\"search-engine.distance\" value=\"\" \/>\n<input type=\"hidden\" id=\"search-engine.nb_persons\" value=\"\" \/>\n<input type=\"hidden\" id=\"search-engine.nb_meeting\" value=\"\" \/>\n<input type=\"hidden\" id=\"search-engine.nb_rooms\" value=\"\" \/>\n<input type=\"hidden\" id=\"search-engine.date\" value=\"\" \/>\n<input type=\"hidden\" id=\"search-engine.duration\" value=\"\" \/>\n\n<div id=\"search\" class=\"eventsearch\" data-component=\"05-moteur-recherche-event\">\n\t<div class=\"container\">\n\t\t<div class=\"row\">\n\t\t\t<div class=\"px-0 ms-auto me-auto\" style=\"max-width:1546px\">\n\t\t\t\t<div class=\"bg-transparent mb-0 rounded-5 py-2 px-3 p-lg-4\">\n\t\t\t\t\t<div id=\"search-engine\" class =\"pre-filtered-button-only\"><\/div>\n\t\t\t\t<\/div>\n\t\t\t<\/div>\n\t\t<\/div>\n\t<\/div>\n<\/div>\n<!--<div>PHP processing Time: 0.029380083084106<\/div>!-->\n<!-- END OF : Composant : block-periscope-theme-section-composant-05-moteur.php -->\n\n\n<!-- START OF : Composant : block-periscope-theme-section-composant-14-carte-resultats.php -->\n<input type=\"hidden\" id=\"map.data-map-key\" value=\"AIzaSyDB40FZ7x-OURCjwxt35ll3WogU24K_hyE\">\n<input type=\"hidden\" id=\"map.data-map-language\" value=\"es,en\">\n<div id=\"search-map-results\" data-load-mode=\"synchronous\"><\/div>\n<div class=\"modal fade\" id=\"hotel-popin\">\n\t<div class=\"modal-dialog\">\n\t\t<div class=\"modal-inner\">\n\t\t\t<div class=\"modal-header\">\n\t\t\t\t<button type=\"button\" class=\"close\" data-bs-dismiss=\"modal\">\n\t\t\t\t\t<svg width=\"16\" height=\"16\" aria-hidden=\"true\">\n\t\t\t\t\t\t<use xlink:href=\"https:\/\/myallmeeting.com\/wp-content\/themes\/accor\/assets\/images\/sprite.svg#btn-close-white\"><\/use>\n\t\t\t\t\t<\/svg>\n\t\t\t\t\t<span>Fermer<\/span>\n\t\t\t\t<\/button>\n\t\t\t<\/div>\n\t\t\t<div class=\"modal-body\"><\/div>\n\t\t<\/div>\n\t<\/div>\n<\/div>\n<!-- END OF : Composant : block-periscope-theme-section-composant-14-carte-resultats.php -->\n","protected":false},"excerpt":{"rendered":"","protected":false},"author":2,"featured_media":24570173,"parent":0,"menu_order":0,"comment_status":"closed","ping_status":"closed","template":"","meta":{"_acf_changed":false,"footnotes":""},"class_list":["post-3851","page","type-page","status-publish","has-post-thumbnail","hentry"],"acf":[],"yoast_head":"<title>Votre h\u00e9bergement de groupes professionnels \u00e0 Paris - Accor MyAllMeeting.com<\/title>\n<meta name=\"description\" content=\"\u00c0 Paris, plus de 150 adresses Accor Hotels de l&#039;\u00e9conomique au luxe pour assurer la r\u00e9ussite de vos h\u00e9bergements de groupe.\" \/>\n<meta name=\"robots\" content=\"noindex, follow\" \/>\n<meta property=\"og:locale\" content=\"es_ES\" \/>\n<meta property=\"og:type\" content=\"article\" \/>\n<meta property=\"og:title\" content=\"Votre h\u00e9bergement de groupes professionnels \u00e0 Paris - Accor MyAllMeeting.com\" \/>\n<meta property=\"og:description\" content=\"\u00c0 Paris, plus de 150 adresses Accor Hotels de l&#039;\u00e9conomique au luxe pour assurer la r\u00e9ussite de vos h\u00e9bergements de groupe.\" \/>\n<meta property=\"og:url\" content=\"https:\/\/myallmeeting.com\/es\/hebergement-de-groupes-professionnels-a-paris\/\" \/>\n<meta property=\"og:site_name\" content=\"Accor MyAllMeeting.com\" \/>\n<meta property=\"article:modified_time\" content=\"2025-10-28T09:17:33+00:00\" \/>\n<meta property=\"og:image\" content=\"https:\/\/myallmeeting.com\/wp-content\/uploads\/2025\/10\/Image-banniere-10-5.png\" \/>\n\t<meta property=\"og:image:width\" content=\"1920\" \/>\n\t<meta property=\"og:image:height\" content=\"570\" \/>\n\t<meta property=\"og:image:type\" content=\"image\/png\" \/>\n<meta name=\"twitter:card\" content=\"summary_large_image\" \/>\n<meta name=\"twitter:label1\" content=\"Est. reading time\" \/>\n\t<meta name=\"twitter:data1\" content=\"3 minutes\" \/>\n<script type=\"application\/ld+json\" class=\"yoast-schema-graph\">{\"@context\":\"https:\/\/schema.org\",\"@graph\":[{\"@type\":\"WebPage\",\"@id\":\"https:\/\/myallmeeting.com\/es\/hebergement-de-groupes-professionnels-a-paris\/\",\"url\":\"https:\/\/myallmeeting.com\/es\/hebergement-de-groupes-professionnels-a-paris\/\",\"name\":\"Votre h\u00e9bergement de groupes professionnels \u00e0 Paris - Accor MyAllMeeting.com\",\"isPartOf\":{\"@id\":\"https:\/\/www.myallmeeting.com\/es\/#website\"},\"primaryImageOfPage\":{\"@id\":\"https:\/\/myallmeeting.com\/es\/hebergement-de-groupes-professionnels-a-paris\/#primaryimage\"},\"image\":{\"@id\":\"https:\/\/myallmeeting.com\/es\/hebergement-de-groupes-professionnels-a-paris\/#primaryimage\"},\"thumbnailUrl\":\"https:\/\/myallmeeting.com\/wp-content\/uploads\/2025\/10\/Image-banniere-10-5.png\",\"datePublished\":\"2016-03-16T12:50:34+00:00\",\"dateModified\":\"2025-10-28T09:17:33+00:00\",\"description\":\"\u00c0 Paris, plus de 150 adresses Accor Hotels de l'\u00e9conomique au luxe pour assurer la r\u00e9ussite de vos h\u00e9bergements de groupe.\",\"breadcrumb\":{\"@id\":\"https:\/\/myallmeeting.com\/es\/hebergement-de-groupes-professionnels-a-paris\/#breadcrumb\"},\"inLanguage\":\"es-ES\",\"potentialAction\":[{\"@type\":\"ReadAction\",\"target\":[\"https:\/\/myallmeeting.com\/es\/hebergement-de-groupes-professionnels-a-paris\/\"]}]},{\"@type\":\"ImageObject\",\"inLanguage\":\"es-ES\",\"@id\":\"https:\/\/myallmeeting.com\/es\/hebergement-de-groupes-professionnels-a-paris\/#primaryimage\",\"url\":\"https:\/\/myallmeeting.com\/wp-content\/uploads\/2025\/10\/Image-banniere-10-5.png\",\"contentUrl\":\"https:\/\/myallmeeting.com\/wp-content\/uploads\/2025\/10\/Image-banniere-10-5.png\",\"width\":1920,\"height\":570,\"caption\":\"Paris \u00e0 360\u00b0 : entre monuments embl\u00e9matiques et dynamisme urbain, le cadre id\u00e9al pour vos \u00e9v\u00e9nements professionnels\"},{\"@type\":\"BreadcrumbList\",\"@id\":\"https:\/\/myallmeeting.com\/es\/hebergement-de-groupes-professionnels-a-paris\/#breadcrumb\",\"itemListElement\":[{\"@type\":\"ListItem\",\"position\":1,\"name\":\"P\u00e1gina principal\",\"item\":\"https:\/\/myallmeeting.com\/es\/\"},{\"@type\":\"ListItem\",\"position\":2,\"name\":\"Votre h\u00e9bergement de groupes professionnels \u00e0 Paris\"}]},{\"@type\":\"WebSite\",\"@id\":\"https:\/\/www.myallmeeting.com\/es\/#website\",\"url\":\"https:\/\/www.myallmeeting.com\/es\/\",\"name\":\"Accor MyAllMeeting.com\",\"description\":\"Les Meilleurs lieux pour vos Ev\u00e9nements Professionnels\",\"publisher\":{\"@id\":\"https:\/\/www.myallmeeting.com\/es\/#organization\"},\"potentialAction\":[{\"@type\":\"SearchAction\",\"target\":{\"@type\":\"EntryPoint\",\"urlTemplate\":\"https:\/\/www.myallmeeting.com\/es\/?s={search_term_string}\"},\"query-input\":{\"@type\":\"PropertyValueSpecification\",\"valueRequired\":true,\"valueName\":\"search_term_string\"}}],\"inLanguage\":\"es-ES\"},{\"@type\":\"Organization\",\"@id\":\"https:\/\/www.myallmeeting.com\/es\/#organization\",\"name\":\"ACCOR\",\"url\":\"https:\/\/www.myallmeeting.com\/es\/\",\"logo\":{\"@type\":\"ImageObject\",\"inLanguage\":\"es-ES\",\"@id\":\"https:\/\/www.myallmeeting.com\/es\/#\/schema\/logo\/image\/\",\"url\":\"\",\"contentUrl\":\"\",\"caption\":\"ACCOR\"},\"image\":{\"@id\":\"https:\/\/www.myallmeeting.com\/es\/#\/schema\/logo\/image\/\"}}]}<\/script>","yoast_head_json":{"title":"Votre h\u00e9bergement de groupes professionnels \u00e0 Paris - Accor MyAllMeeting.com","description":"\u00c0 Paris, plus de 150 adresses Accor Hotels de l'\u00e9conomique au luxe pour assurer la r\u00e9ussite de vos h\u00e9bergements de groupe.","robots":{"index":"noindex","follow":"follow"},"og_locale":"es_ES","og_type":"article","og_title":"Votre h\u00e9bergement de groupes professionnels \u00e0 Paris - Accor MyAllMeeting.com","og_description":"\u00c0 Paris, plus de 150 adresses Accor Hotels de l'\u00e9conomique au luxe pour assurer la r\u00e9ussite de vos h\u00e9bergements de groupe.","og_url":"https:\/\/myallmeeting.com\/es\/hebergement-de-groupes-professionnels-a-paris\/","og_site_name":"Accor MyAllMeeting.com","article_modified_time":"2025-10-28T09:17:33+00:00","og_image":[{"width":1920,"height":570,"url":"https:\/\/myallmeeting.com\/wp-content\/uploads\/2025\/10\/Image-banniere-10-5.png","type":"image\/png"}],"twitter_card":"summary_large_image","twitter_misc":{"Est. reading time":"3 minutes"},"schema":{"@context":"https:\/\/schema.org","@graph":[{"@type":"WebPage","@id":"https:\/\/myallmeeting.com\/es\/hebergement-de-groupes-professionnels-a-paris\/","url":"https:\/\/myallmeeting.com\/es\/hebergement-de-groupes-professionnels-a-paris\/","name":"Votre h\u00e9bergement de groupes professionnels \u00e0 Paris - Accor MyAllMeeting.com","isPartOf":{"@id":"https:\/\/www.myallmeeting.com\/es\/#website"},"primaryImageOfPage":{"@id":"https:\/\/myallmeeting.com\/es\/hebergement-de-groupes-professionnels-a-paris\/#primaryimage"},"image":{"@id":"https:\/\/myallmeeting.com\/es\/hebergement-de-groupes-professionnels-a-paris\/#primaryimage"},"thumbnailUrl":"https:\/\/myallmeeting.com\/wp-content\/uploads\/2025\/10\/Image-banniere-10-5.png","datePublished":"2016-03-16T12:50:34+00:00","dateModified":"2025-10-28T09:17:33+00:00","description":"\u00c0 Paris, plus de 150 adresses Accor Hotels de l'\u00e9conomique au luxe pour assurer la r\u00e9ussite de vos h\u00e9bergements de groupe.","breadcrumb":{"@id":"https:\/\/myallmeeting.com\/es\/hebergement-de-groupes-professionnels-a-paris\/#breadcrumb"},"inLanguage":"es-ES","potentialAction":[{"@type":"ReadAction","target":["https:\/\/myallmeeting.com\/es\/hebergement-de-groupes-professionnels-a-paris\/"]}]},{"@type":"ImageObject","inLanguage":"es-ES","@id":"https:\/\/myallmeeting.com\/es\/hebergement-de-groupes-professionnels-a-paris\/#primaryimage","url":"https:\/\/myallmeeting.com\/wp-content\/uploads\/2025\/10\/Image-banniere-10-5.png","contentUrl":"https:\/\/myallmeeting.com\/wp-content\/uploads\/2025\/10\/Image-banniere-10-5.png","width":1920,"height":570,"caption":"Paris \u00e0 360\u00b0 : entre monuments embl\u00e9matiques et dynamisme urbain, le cadre id\u00e9al pour vos \u00e9v\u00e9nements professionnels"},{"@type":"BreadcrumbList","@id":"https:\/\/myallmeeting.com\/es\/hebergement-de-groupes-professionnels-a-paris\/#breadcrumb","itemListElement":[{"@type":"ListItem","position":1,"name":"P\u00e1gina principal","item":"https:\/\/myallmeeting.com\/es\/"},{"@type":"ListItem","position":2,"name":"Votre h\u00e9bergement de groupes professionnels \u00e0 Paris"}]},{"@type":"WebSite","@id":"https:\/\/www.myallmeeting.com\/es\/#website","url":"https:\/\/www.myallmeeting.com\/es\/","name":"Accor MyAllMeeting.com","description":"Les Meilleurs lieux pour vos Ev\u00e9nements Professionnels","publisher":{"@id":"https:\/\/www.myallmeeting.com\/es\/#organization"},"potentialAction":[{"@type":"SearchAction","target":{"@type":"EntryPoint","urlTemplate":"https:\/\/www.myallmeeting.com\/es\/?s={search_term_string}"},"query-input":{"@type":"PropertyValueSpecification","valueRequired":true,"valueName":"search_term_string"}}],"inLanguage":"es-ES"},{"@type":"Organization","@id":"https:\/\/www.myallmeeting.com\/es\/#organization","name":"ACCOR","url":"https:\/\/www.myallmeeting.com\/es\/","logo":{"@type":"ImageObject","inLanguage":"es-ES","@id":"https:\/\/www.myallmeeting.com\/es\/#\/schema\/logo\/image\/","url":"","contentUrl":"","caption":"ACCOR"},"image":{"@id":"https:\/\/www.myallmeeting.com\/es\/#\/schema\/logo\/image\/"}}]}},"_links":{"self":[{"href":"https:\/\/myallmeeting.com\/es\/wp-json\/wp\/v2\/pages\/3851","targetHints":{"allow":["GET"]}}],"collection":[{"href":"https:\/\/myallmeeting.com\/es\/wp-json\/wp\/v2\/pages"}],"about":[{"href":"https:\/\/myallmeeting.com\/es\/wp-json\/wp\/v2\/types\/page"}],"author":[{"embeddable":true,"href":"https:\/\/myallmeeting.com\/es\/wp-json\/wp\/v2\/users\/2"}],"replies":[{"embeddable":true,"href":"https:\/\/myallmeeting.com\/es\/wp-json\/wp\/v2\/comments?post=3851"}],"version-history":[{"count":0,"href":"https:\/\/myallmeeting.com\/es\/wp-json\/wp\/v2\/pages\/3851\/revisions"}],"wp:featuredmedia":[{"embeddable":true,"href":"https:\/\/myallmeeting.com\/es\/wp-json\/wp\/v2\/media\/24570173"}],"wp:attachment":[{"href":"https:\/\/myallmeeting.com\/es\/wp-json\/wp\/v2\/media?parent=3851"}],"curies":[{"name":"wp","href":"https:\/\/api.w.org\/{rel}","templated":true}]}}